{"id":130,"date":"2016-11-16T19:37:59","date_gmt":"2016-11-16T19:37:59","guid":{"rendered":"https:\/\/www2.iepcjalisco.org.mx\/iepc-en-la-fil\/?page_id=130"},"modified":"2016-11-18T19:27:04","modified_gmt":"2016-11-18T19:27:04","slug":"actividades-en-el-stand","status":"publish","type":"page","link":"https:\/\/www2.iepcjalisco.org.mx\/iepc-en-la-fil\/?page_id=130","title":{"rendered":"Actividades en el STAND"},"content":{"rendered":"<p><img loading=\"lazy\" decoding=\"async\" class=\"alignnone size-full wp-image-28\" src=\"https:\/\/www2.iepcjalisco.org.mx\/iepc-en-la-fil\/wp-content\/uploads\/2016\/11\/Recurso-6@2x.png\" alt=\"recurso-62x\" width=\"69\" height=\"83\" \/><\/p>\n<p><span style=\"color: #7f4672; font-size: 25px;\"><strong>PRESENTACIONES DE LIBROS EN EL STAND<\/strong><\/span><\/p>\n<p><span style=\"color: #ac4d74; font-size: 20px;\"><strong>16:00 hrs<\/strong>.<\/span> | stand I-16<br \/>\n<em>El comportamiento electoral mexicano en las elecciones de 2012<br \/>\n<\/em>Instituto Electoral del Estado de Oaxaca<\/p>\n<p><span style=\"color: #ac4d74; font-size: 20px;\"><strong>17:00 hrs<\/strong>.<\/span> | stand I-16<br \/>\n<em>Todos diferentes, todos \u00fanicos<br \/>\n<\/em><strong>AUTORES:<\/strong> Vanesa Robles y Guillo Castellanos Libro para j\u00f3venes de la Serie Utop\u00eda, Colecci\u00f3n Futuros (e)lectores IEPC y C\u00e1tedra UNESCO Igualdad y No Discriminaci\u00f3n<\/p>\n<p><strong>PRESENTAN:<\/strong> Teresa Gonz\u00e1lez Luna Corvera, Tessie Solin\u00eds y los autores<\/p>\n<p><span style=\"color: #ac4d74; font-size: 20px;\"><strong>18:00 hrs.<\/strong><\/span> | stand I-16<br \/>\n<em>Democracia, derechos humanos y derechos ind\u00edgenas en municipios de usos y costumbres, resultados de una encuesta<br \/>\n<\/em>Instituto Electoral del Estado de Oaxaca<\/p>\n<p><img loading=\"lazy\" decoding=\"async\" class=\"alignnone size-full wp-image-29\" src=\"https:\/\/www2.iepcjalisco.org.mx\/iepc-en-la-fil\/wp-content\/uploads\/2016\/11\/Recurso-7@2x.png\" alt=\"recurso-72x\" width=\"69\" height=\"84\" \/><\/p>\n<p><span style=\"color: #7f4672; font-size: 25px;\"><strong>PRESENTACIONES DE LIBROS EN EL STAND<\/strong><\/span><\/p>\n<p><span style=\"color: #ac4d74; font-size: 20px;\"><strong>16:00 hrs<\/strong>.<\/span> | stand I-16<br \/>\n<em>Revista Colima Resultados Electorales 2015<br \/>\n<\/em>Instituto Electoral del Estado de Colima<\/p>\n<p><span style=\"color: #ac4d74; font-size: 20px;\"><strong>17:00 hrs<\/strong>.<\/span> | stand I-16<br \/>\n<em>Foro la Reelecci\u00f3n<br \/>\n<\/em>Instituto Electoral de Michoac\u00e1n<\/p>\n<p><img loading=\"lazy\" decoding=\"async\" class=\"alignnone size-full wp-image-31\" src=\"https:\/\/www2.iepcjalisco.org.mx\/iepc-en-la-fil\/wp-content\/uploads\/2016\/11\/Recurso-8@2x.png\" alt=\"recurso-82x\" width=\"64\" height=\"81\" \/><\/p>\n<p><span style=\"color: #7f4672; font-size: 25px;\"><strong>PRESENTACIONES DE LIBROS EN EL STAND<\/strong><\/span><\/p>\n<p><span style=\"color: #ac4d74; font-size: 20px;\"><strong>16:00 hrs<\/strong>.<\/span> | stand I-16<br \/>\n<em>Participaci\u00f3n de las Mujeres en la vida Pol\u00edtica e Institucional del Estado de Zacatecas<br \/>\n<\/em>Instituto Electoral del Estado de Zacatecas<\/p>\n<p><span style=\"color: #ac4d74; font-size: 20px;\"><strong>17:00 hrs<\/strong>.<\/span> | stand I-16<br \/>\n<em>Revista Folios 31 \u201cMujeres y participaci\u00f3n pol\u00edtica\u201d<br \/>\n<\/em>Instituto Electoral y de Participaci\u00f3n Ciudadana del Estado de Jalisco<em><br \/>\n<\/em><\/p>\n<p><strong>PRESENTAN:<\/strong> M\u00f3nica Maccise, \u00c9rika Loyo y Mariana Espeleta<br \/>\n<strong>MODERA:<\/strong> Sayani Mozka<\/p>\n<p>&nbsp;<\/p>\n<p>___________________________________________________________________________________<\/p>\n<p><span style=\"color: #ac4d74;\"><strong>Por vez primera <\/strong><\/span>nos acompa\u00f1an organismos de participaci\u00f3n locales de distintos estados, te invitamos a que conozcas la informaci\u00f3n detallada de sus actividades en nuestro stand.<\/p>\n<p><span style=\"color: #ac4d74;\"><strong>Cuentacuentos\u00a0<\/strong><\/span>Asiste a nuestras sesiones de cuentacuentos de nuestros libros Martha, el valor de la tolerancia y Sara, el valor de la pluralidad. Todos los d\u00edas, en los distintos horarios: 13.00, 14:00, 15:00 y 16:00 hrs.<\/p>\n<p><span style=\"color: #ac4d74;\"><strong>Concurso \u201c#Yo te incluyo, #Yo me incluyo\u201d<\/strong> <\/span>Participa en nuestro concurso y gana hasta $2,500 pesos en vales para libros. Acude a nuestro stand y aprende a decir \u201c#Yo te incluyo, #Yo me incluyo\u201d en Lengua de Se\u00f1as Mexicana. Sube tu video a nuestra p\u00e1gina de Facebook (IEPC Jalisco) y los tres videos con el mayor n\u00famero de likes ser\u00e1n los ganadores. Todos los d\u00edas de la FIL en nuestro stand.<\/p>\n<p><span style=\"color: #ac4d74;\"><strong>Actividades de Educaci\u00f3n C\u00edvica <\/strong><\/span>Aprende conceptos de democracia y participaci\u00f3n mientras juegas en nuestro stand, actividad para toda la familia. Todos los d\u00edas en distintos horarios, revisa la programaci\u00f3n en las pantallas de nuestro stand.<\/p>\n<p><img loading=\"lazy\" decoding=\"async\" class=\"alignnone wp-image-20\" src=\"https:\/\/www2.iepcjalisco.org.mx\/iepc-en-la-fil\/wp-content\/uploads\/2016\/11\/cropped-Recurso-2@2x-150x150.png\" alt=\"cropped-Recurso-2@2x.png\" width=\"94\" height=\"91\" \/><\/p>\n","protected":false},"excerpt":{"rendered":"<p>PRESENTACIONES DE LIBROS EN EL STAND 16:00 hrs. | stand I-16 El comportamiento electoral mexicano en las elecciones de 2012 Instituto Electoral del Estado de Oaxaca 17:00 hrs. | stand I-16 Todos diferentes, todos \u00fanicos AUTORES: Vanesa Robles y Guillo Castellanos Libro para j\u00f3venes de la Serie Utop\u00eda, Colecci\u00f3n Futuros&#8230;<\/p>\n","protected":false},"author":1,"featured_media":0,"parent":0,"menu_order":0,"comment_status":"closed","ping_status":"closed","template":"","meta":{"footnotes":""},"class_list":["post-130","page","type-page","status-publish","hentry"],"_links":{"self":[{"href":"https:\/\/www2.iepcjalisco.org.mx\/iepc-en-la-fil\/index.php?rest_route=\/wp\/v2\/pages\/130","targetHints":{"allow":["GET"]}}],"collection":[{"href":"https:\/\/www2.iepcjalisco.org.mx\/iepc-en-la-fil\/index.php?rest_route=\/wp\/v2\/pages"}],"about":[{"href":"https:\/\/www2.iepcjalisco.org.mx\/iepc-en-la-fil\/index.php?rest_route=\/wp\/v2\/types\/page"}],"author":[{"embeddable":true,"href":"https:\/\/www2.iepcjalisco.org.mx\/iepc-en-la-fil\/index.php?rest_route=\/wp\/v2\/users\/1"}],"replies":[{"embeddable":true,"href":"https:\/\/www2.iepcjalisco.org.mx\/iepc-en-la-fil\/index.php?rest_route=%2Fwp%2Fv2%2Fcomments&post=130"}],"version-history":[{"count":4,"href":"https:\/\/www2.iepcjalisco.org.mx\/iepc-en-la-fil\/index.php?rest_route=\/wp\/v2\/pages\/130\/revisions"}],"predecessor-version":[{"id":233,"href":"https:\/\/www2.iepcjalisco.org.mx\/iepc-en-la-fil\/index.php?rest_route=\/wp\/v2\/pages\/130\/revisions\/233"}],"wp:attachment":[{"href":"https:\/\/www2.iepcjalisco.org.mx\/iepc-en-la-fil\/index.php?rest_route=%2Fwp%2Fv2%2Fmedia&parent=130"}],"curies":[{"name":"wp","href":"https:\/\/api.w.org\/{rel}","templated":true}]}}