{"id":166,"date":"2016-11-17T22:02:53","date_gmt":"2016-11-17T22:02:53","guid":{"rendered":"https:\/\/www2.iepcjalisco.org.mx\/iepc-en-la-fil\/?page_id=166"},"modified":"2016-11-18T19:28:57","modified_gmt":"2016-11-18T19:28:57","slug":"166-2","status":"publish","type":"page","link":"https:\/\/www2.iepcjalisco.org.mx\/iepc-en-la-fil\/?page_id=166","title":{"rendered":"XVI Encuentro Internacional"},"content":{"rendered":"<p><img loading=\"lazy\" decoding=\"async\" class=\" wp-image-182 alignright\" src=\"https:\/\/www2.iepcjalisco.org.mx\/iepc-en-la-fil\/wp-content\/uploads\/2016\/11\/logo.png\" alt=\"logo\" width=\"409\" height=\"390\" srcset=\"https:\/\/www2.iepcjalisco.org.mx\/iepc-en-la-fil\/wp-content\/uploads\/2016\/11\/logo.png 660w, https:\/\/www2.iepcjalisco.org.mx\/iepc-en-la-fil\/wp-content\/uploads\/2016\/11\/logo-300x286.png 300w\" sizes=\"auto, (max-width: 409px) 100vw, 409px\" \/><br \/>\n<span style=\"color: #7f4672; font-size: 25px;\"><strong>XVI Encuentro Internacional sobre Cultura Democr\u00e1tica<\/strong><\/span><br \/>\nFeria Internacional del Libro de Guadalajara<br \/>\nInstituto de Investigaciones en Innovaci\u00f3n y Gobernanza<br \/>\nCUCSH \u2013 Universidad de Guadalajara<br \/>\nInstituto Electoral y de Participaci\u00f3n Ciudadana de Jalisco<br \/>\ny C\u00e1tedra <em>Jorge Alonso<br \/>\n<\/em><br \/>\n<strong>Las Encrucijadas Democr\u00e1ticas de Am\u00e9rica Latina<br \/>\n<\/strong><br \/>\nLas coyunturas por las que atraviesan los pa\u00edses y sociedades latinoamericanas, con sus flujos y reflujos pol\u00edticos, constituyen un punto de partida para reflexionar sobre el presente y el futuro de la democracia en esta regi\u00f3n del mundo. Los dilemas no son pocos, recorren la econom\u00eda, la pol\u00edtica y la cultura de conglomerados caracterizados por historias espec\u00edficas, por la diversidad, la polarizaci\u00f3n social y la b\u00fasqueda de alternativas pol\u00edticas de naturaleza democr\u00e1tica.<\/p>\n<p>Con la participaci\u00f3n de connotados acad\u00e9micos latinoamericanos, este Encuentro tiene por objeto ahondar en el an\u00e1lisis de las tendencias prevalecientes y de los derroteros posibles para la vida democr\u00e1tica en nuestro continente.<\/p>\n<p>&nbsp;<\/p>\n<p><span style=\"color: #7f4672; font-size: 25px;\"><strong>Primera sesi\u00f3n<\/strong><em><br \/>\n<\/em><\/span>Martes 29 de noviembre<br \/>\n9:30 hrs.<\/p>\n<p>Conferencia Magistral<br \/>\n<strong>Dr. Gerardo Caetano<br \/>\n<\/strong>Historiador y Polit\u00f3logo.<br \/>\nConsejo Latinoamericano de Ciencias Sociales (CLACSO)<\/p>\n<p>Comenta<br \/>\n<strong>Dr. Jaime Preciado Coronado<br \/>\n<\/strong>Profesor-Investigador del Departamento de Estudios Pol\u00edticos<br \/>\nCUCSH. Universidad de Guadalajara<\/p>\n<p><span style=\"color: #7f4672; font-size: 25px;\"><strong>Segunda sesi\u00f3n<\/strong><\/span><em><br \/>\n<\/em>Martes 29 de noviembre<br \/>\n12:00 hrs.<\/p>\n<p>Conferencia Magistral<br \/>\n<strong>Dr. \u00c1lvaro M\u00e1rquez Fern\u00e1ndez<br \/>\n<\/strong>Director de la revista <em>Utop\u00eda y Praxis Latinoamericana<br \/>\n<\/em>Universidad de Zulia, Maracaibo, Venezuela<\/p>\n<p>Comenta<br \/>\n<strong>Dr. Jorge Alonso S\u00e1nchez<br \/>\n<\/strong>Coordinador de la C\u00e1tedra Jorge Alonso<br \/>\nUniversidad de Guadalajara &#8211; CIESAS<\/p>\n<p>&nbsp;<\/p>\n<p><span style=\"color: #7f4672; font-size: 25px;\"><strong>Tercera sesi\u00f3n<\/strong><\/span><em><br \/>\n<\/em>Mi\u00e9rcoles 30 de noviembre<br \/>\n10:00 hrs.<\/p>\n<p>Conferencia Magistral<br \/>\n<strong>Dr. Guillermo de la Pe\u00f1a Topete<br \/>\n<\/strong>Profesor &#8211; Investigador<br \/>\nCentro de Investigaciones y Estudios Superiores en Antropolog\u00eda Social<br \/>\nCIESAS-Occidente<\/p>\n<p>Comenta<br \/>\n<strong>Dr. Carlos Barba Solano<br \/>\n<\/strong>CUCSH &#8211;\u00a0 Universidad de Guadalajara<\/p>\n<p>&nbsp;<\/p>\n<p><span style=\"color: #7f4672; font-size: 25px;\"><strong>Cuarta sesi\u00f3n<\/strong><\/span><em><br \/>\n<\/em>Mi\u00e9rcoles 30 de noviembre<br \/>\n12:00 hrs.<\/p>\n<p>Presentaci\u00f3n del libro:<br \/>\n<strong>Ayotzinapa: La incansable lucha por la verdad, la justicia y la vida.<br \/>\n<\/strong>Autores: Carlos Alonso Reynoso y Jorge Alonso<\/p>\n<p>Participan:<br \/>\n<strong>Dra. Zulay D\u00edaz<br \/>\n<\/strong>Centro de Estudios Sociol\u00f3gicos y Antropol\u00f3gicos de la Universidad del Zulia. Venezuela<\/p>\n<p><strong>Dra. Miriam C\u00e1rdenas<br \/>\n<\/strong>Universidad de Guadalajara<\/p>\n<p><strong>Dra. Rossana Reguillo<br \/>\n<\/strong>Iteso &#8211; Guadalajara<\/p>\n<p><strong>Dr. David Velasco<br \/>\n<\/strong>Iteso &#8211; Guadalajara<\/p>\n<p style=\"text-align: center;\"><span style=\"color: #7f4672; font-size: 25px;\"><strong>ENTRADA LIBRE<\/strong><\/span><\/p>\n<p><img loading=\"lazy\" decoding=\"async\" class=\"alignnone size-full wp-image-217\" src=\"https:\/\/www2.iepcjalisco.org.mx\/iepc-en-la-fil\/wp-content\/uploads\/2016\/11\/colaboradores_.png\" alt=\"colaboradores_\" width=\"668\" height=\"115\" srcset=\"https:\/\/www2.iepcjalisco.org.mx\/iepc-en-la-fil\/wp-content\/uploads\/2016\/11\/colaboradores_.png 668w, https:\/\/www2.iepcjalisco.org.mx\/iepc-en-la-fil\/wp-content\/uploads\/2016\/11\/colaboradores_-300x52.png 300w\" sizes=\"auto, (max-width: 668px) 100vw, 668px\" \/><\/p>\n<p>&nbsp;<\/p>\n<p>__________________________________________________________________________________<\/p>\n<p>Lugar: Auditorio del Hotel Hilton frente a Expo-Guadalajara<br \/>\nFecha: 29 y 30 de noviembre de 2016<\/p>\n<p>Feria Internacional<\/p>\n<p>&nbsp;<\/p>\n","protected":false},"excerpt":{"rendered":"<p>XVI Encuentro Internacional sobre Cultura Democr\u00e1tica Feria Internacional del Libro de Guadalajara Instituto de Investigaciones en Innovaci\u00f3n y Gobernanza CUCSH \u2013 Universidad de Guadalajara Instituto Electoral y de Participaci\u00f3n Ciudadana de Jalisco y C\u00e1tedra Jorge Alonso Las Encrucijadas Democr\u00e1ticas de Am\u00e9rica Latina Las coyunturas por las que atraviesan los pa\u00edses&#8230;<\/p>\n","protected":false},"author":1,"featured_media":0,"parent":0,"menu_order":0,"comment_status":"closed","ping_status":"closed","template":"","meta":{"footnotes":""},"class_list":["post-166","page","type-page","status-publish","hentry"],"_links":{"self":[{"href":"https:\/\/www2.iepcjalisco.org.mx\/iepc-en-la-fil\/index.php?rest_route=\/wp\/v2\/pages\/166","targetHints":{"allow":["GET"]}}],"collection":[{"href":"https:\/\/www2.iepcjalisco.org.mx\/iepc-en-la-fil\/index.php?rest_route=\/wp\/v2\/pages"}],"about":[{"href":"https:\/\/www2.iepcjalisco.org.mx\/iepc-en-la-fil\/index.php?rest_route=\/wp\/v2\/types\/page"}],"author":[{"embeddable":true,"href":"https:\/\/www2.iepcjalisco.org.mx\/iepc-en-la-fil\/index.php?rest_route=\/wp\/v2\/users\/1"}],"replies":[{"embeddable":true,"href":"https:\/\/www2.iepcjalisco.org.mx\/iepc-en-la-fil\/index.php?rest_route=%2Fwp%2Fv2%2Fcomments&post=166"}],"version-history":[{"count":35,"href":"https:\/\/www2.iepcjalisco.org.mx\/iepc-en-la-fil\/index.php?rest_route=\/wp\/v2\/pages\/166\/revisions"}],"predecessor-version":[{"id":219,"href":"https:\/\/www2.iepcjalisco.org.mx\/iepc-en-la-fil\/index.php?rest_route=\/wp\/v2\/pages\/166\/revisions\/219"}],"wp:attachment":[{"href":"https:\/\/www2.iepcjalisco.org.mx\/iepc-en-la-fil\/index.php?rest_route=%2Fwp%2Fv2%2Fmedia&parent=166"}],"curies":[{"name":"wp","href":"https:\/\/api.w.org\/{rel}","templated":true}]}}