{"id":251,"date":"2016-11-22T21:54:18","date_gmt":"2016-11-22T21:54:18","guid":{"rendered":"https:\/\/www2.iepcjalisco.org.mx\/iepc-en-la-fil\/?page_id=251"},"modified":"2016-11-29T18:16:21","modified_gmt":"2016-11-29T18:16:21","slug":"genero-y-no-discriminacion","status":"publish","type":"page","link":"https:\/\/www2.iepcjalisco.org.mx\/iepc-en-la-fil\/?page_id=251","title":{"rendered":"G\u00e9nero y no discriminaci\u00f3n"},"content":{"rendered":"<p><img loading=\"lazy\" decoding=\"async\" class=\"alignnone size-full wp-image-28\" src=\"https:\/\/www2.iepcjalisco.org.mx\/iepc-en-la-fil\/wp-content\/uploads\/2016\/11\/Recurso-6@2x.png\" alt=\"recurso-62x\" width=\"69\" height=\"83\" \/><\/p>\n<p><span style=\"color: #7f4672; font-size: 25px;\"><strong>Tema: PERSONAS CON DISCAPACIDAD POR TRASTORNO MENTAL<\/strong><\/span><\/p>\n<p><span style=\"color: #ac4d74; font-size: 20px;\"><strong>19:00 hrs<\/strong>.<\/span> | stand I-16<br \/>\nPl\u00e1tica de 30 minutos con<br \/>\nIMELDA BARAJAS MALDONADO<br \/>\nSALME SSJ<\/p>\n<p><img loading=\"lazy\" decoding=\"async\" class=\"alignnone size-full wp-image-29\" src=\"https:\/\/www2.iepcjalisco.org.mx\/iepc-en-la-fil\/wp-content\/uploads\/2016\/11\/Recurso-7@2x.png\" alt=\"recurso-72x\" width=\"69\" height=\"84\" \/><\/p>\n<p><span style=\"color: #7f4672; font-size: 25px;\"><strong>Tema: Personas de Talla Baja<\/strong><\/span><\/p>\n<p><span style=\"color: #ac4d74; font-size: 20px;\"><strong>12:00 hrs<\/strong>.<\/span> | stand I-16<br \/>\nPl\u00e1tica de 30 minutos con<br \/>\nMA. ISABEL ORTEGA<br \/>\nDIF GUADALAJARA<\/p>\n<p><img loading=\"lazy\" decoding=\"async\" class=\"alignnone size-full wp-image-252\" src=\"https:\/\/www2.iepcjalisco.org.mx\/iepc-en-la-fil\/wp-content\/uploads\/2016\/11\/Recurso-1@2x.png\" alt=\"recurso-12x\" width=\"70\" height=\"83\" \/><\/p>\n<p><span style=\"color: #7f4672; font-size: 25px;\"><strong>Tema: Discapacidad Motora<\/strong><\/span><\/p>\n<p><span style=\"color: #ac4d74; font-size: 20px;\"><strong>12:00 hrs<\/strong>.<\/span> | stand I-16<br \/>\nPl\u00e1tica de 30 minutos con<br \/>\nDIEGO HERN\u00c1NDEZ<br \/>\nSIN L\u00cdMITES, A.C.<\/p>\n<p><span style=\"color: #7f4672; font-size: 25px;\"><strong>Tema: Personas Transg\u00e9nero<\/strong><\/span><\/p>\n<p><span style=\"color: #ac4d74; font-size: 20px;\"><strong>12:30 hrs<\/strong>.<\/span> | stand I-16<br \/>\nPl\u00e1tica de 30 minutos con<br \/>\nMARINA FERNANDA ESPEJO E<br \/>\nIZACK ALBERTO ZACAR\u00cdAS<br \/>\nIMPULSO TRANS A.C.,<\/p>\n<p><span style=\"color: #7f4672; font-size: 25px;\"><strong>Tema: DISCAPACIDAD MOTORA<\/strong><\/span><\/p>\n<p><span style=\"color: #ac4d74; font-size: 20px;\"><strong>19:00 hrs<\/strong>.<\/span> | stand I-16<br \/>\nPl\u00e1tica de 30 minutos con<br \/>\nDIEGO HERN\u00c1NDEZ<br \/>\nSIN L\u00cdMITES, A.C.<\/p>\n<p><span style=\"color: #7f4672; font-size: 25px;\"><strong>Tema: PERSONAS TRANSG\u00c9NERO<\/strong><\/span><\/p>\n<p><span style=\"color: #ac4d74; font-size: 20px;\"><strong>19:30 hrs<\/strong>.<\/span> | stand I-16<br \/>\nPl\u00e1tica de 30 minutos con<br \/>\nMARINA FERNANDA ESPEJO E IZACK ALBERTO ZACAR\u00cdAS<br \/>\nIMPULSO TRANS, A.C.<\/p>\n<p><img loading=\"lazy\" decoding=\"async\" class=\"alignnone size-full wp-image-30\" src=\"https:\/\/www2.iepcjalisco.org.mx\/iepc-en-la-fil\/wp-content\/uploads\/2016\/11\/Recurso-9@2x.png\" alt=\"recurso-92x\" width=\"64\" height=\"84\" \/><\/p>\n<p><span style=\"color: #7f4672; font-size: 25px;\"><strong>Tema: No Discriminaci\u00f3n<\/strong><\/span><\/p>\n<p><span style=\"color: #ac4d74; font-size: 20px;\"><strong>12:00 hrs<\/strong>.<\/span> | stand I-16<br \/>\nPl\u00e1tica de 30 minutos con<br \/>\nVIOLETA MAGDALENA AZCONA REYES<br \/>\nPRESIDENTA DEL COPIIJAL<\/p>\n<p><span style=\"color: #7f4672; font-size: 25px;\"><strong>Tema: ESCRITURA BRAILLE<\/strong><\/span><\/p>\n<p><span style=\"color: #ac4d74; font-size: 20px;\"><strong>19:00 hrs<\/strong>.<\/span> | stand I-16<br \/>\nPl\u00e1tica de 30 minutos con<br \/>\nALMA ACEVEDO<br \/>\nCAPACIDAD PARA INCLUIR\/ITESO<\/p>\n<p><img loading=\"lazy\" decoding=\"async\" class=\"alignnone size-full wp-image-31\" src=\"https:\/\/www2.iepcjalisco.org.mx\/iepc-en-la-fil\/wp-content\/uploads\/2016\/11\/Recurso-8@2x.png\" alt=\"recurso-82x\" width=\"64\" height=\"81\" \/><\/p>\n<p><span style=\"color: #7f4672; font-size: 25px;\"><strong>Tema: Discapacidad Visual<\/strong><\/span><\/p>\n<p><span style=\"color: #ac4d74; font-size: 20px;\"><strong>12:00 hrs<\/strong>.<\/span> | stand I-16<br \/>\nLUIS TOUSSAINT GALLARDO<br \/>\nESCUELA PARA NI\u00d1AS CIEGAS DE GDL,<\/p>\n<p><img loading=\"lazy\" decoding=\"async\" class=\"alignnone size-full wp-image-32\" src=\"https:\/\/www2.iepcjalisco.org.mx\/iepc-en-la-fil\/wp-content\/uploads\/2016\/11\/Recurso-10@2x.png\" alt=\"recurso-102x\" width=\"64\" height=\"81\" \/><\/p>\n<p><span style=\"color: #7f4672; font-size: 25px;\"><strong>Tema: Personas Adultas Mayores<\/strong><\/span><\/p>\n<p><span style=\"color: #ac4d74; font-size: 20px;\"><strong>12:00 hrs<\/strong>.<\/span> | stand I-16<br \/>\nANA ELENA MAC\u00cdAS AMEZCUA<br \/>\nINAPAM,<\/p>\n<p><span style=\"color: #7f4672; font-size: 25px;\"><strong>Tema: Personas con Discapacidad Intelectual<\/strong><\/span><\/p>\n<p><span style=\"color: #ac4d74; font-size: 20px;\"><strong>19:00 hrs<\/strong>.<\/span> | stand I-16<br \/>\nRODRIGO LEAL LANDAGARAY<br \/>\nFORMACI\u00d3N LABORAL SAN JOS\u00c9<\/p>\n<p><img loading=\"lazy\" decoding=\"async\" class=\"alignnone size-full wp-image-113\" src=\"https:\/\/www2.iepcjalisco.org.mx\/iepc-en-la-fil\/wp-content\/uploads\/2016\/11\/Recurso-11@2x.png\" alt=\"recurso-112x\" width=\"67\" height=\"81\" \/><\/p>\n<p><span style=\"color: #7f4672; font-size: 25px;\"><strong>Tema: \u00a0Capacitaci\u00f3n Incluyente<\/strong><\/span><\/p>\n<p><span style=\"color: #ac4d74; font-size: 20px;\"><strong>12:00 hrs<\/strong>.<\/span> | stand I-16<br \/>\nIMELDA D\u00cdAZ<br \/>\nIDEFT<\/p>\n<p><span style=\"color: #7f4672; font-size: 25px;\"><strong>Tema: LENGUA DE SE\u00d1AS MEXICANA<\/strong><\/span><\/p>\n<p><span style=\"color: #ac4d74; font-size: 20px;\"><strong>19:00 hrs<\/strong>.<\/span> | stand I-16<br \/>\nANA KARINA ALFARO S.<br \/>\nMANOS QUE INCLUYEN<\/p>\n<p>___________________________________________________________________________________<\/p>\n<p><span style=\"color: #ac4d74;\"><strong>Por vez primera <\/strong><\/span>nos acompa\u00f1an organismos de participaci\u00f3n locales de distintos estados, te invitamos a que conozcas la informaci\u00f3n detallada de sus actividades en nuestro stand.<\/p>\n<p><span style=\"color: #ac4d74;\"><strong>Cuentacuentos\u00a0<\/strong><\/span>Asiste a nuestras sesiones de cuentacuentos de nuestros libros Martha, el valor de la tolerancia y Sara, el valor de la pluralidad. Todos los d\u00edas, en los distintos horarios: 13.00, 14:00, 15:00 y 16:00 hrs.<\/p>\n<p><span style=\"color: #ac4d74;\"><strong>Concurso \u201c#Yo te incluyo, #Yo me incluyo\u201d<\/strong> <\/span>Participa en nuestro concurso y gana hasta $2,500 pesos en vales para libros. Acude a nuestro stand y aprende a decir \u201c#Yo te incluyo, #Yo me incluyo\u201d en Lengua de Se\u00f1as Mexicana. Sube tu video a nuestra p\u00e1gina de Facebook (IEPC Jalisco) y los tres videos con el mayor n\u00famero de likes ser\u00e1n los ganadores. Todos los d\u00edas de la FIL en nuestro stand.<\/p>\n<p><span style=\"color: #ac4d74;\"><strong>Actividades de Educaci\u00f3n C\u00edvica <\/strong><\/span>Aprende conceptos de democracia y participaci\u00f3n mientras juegas en nuestro stand, actividad para toda la familia. Todos los d\u00edas en distintos horarios, revisa la programaci\u00f3n en las pantallas de nuestro stand.<\/p>\n<p><img loading=\"lazy\" decoding=\"async\" class=\"alignnone wp-image-20\" src=\"https:\/\/www2.iepcjalisco.org.mx\/iepc-en-la-fil\/wp-content\/uploads\/2016\/11\/cropped-Recurso-2@2x-150x150.png\" alt=\"cropped-Recurso-2@2x.png\" width=\"94\" height=\"91\" \/><\/p>\n","protected":false},"excerpt":{"rendered":"<p>Tema: PERSONAS CON DISCAPACIDAD POR TRASTORNO MENTAL 19:00 hrs. | stand I-16 Pl\u00e1tica de 30 minutos con IMELDA BARAJAS MALDONADO SALME SSJ Tema: Personas de Talla Baja 12:00 hrs. | stand I-16 Pl\u00e1tica de 30 minutos con MA. ISABEL ORTEGA DIF GUADALAJARA Tema: Discapacidad Motora 12:00 hrs. | stand I-16&#8230;<\/p>\n","protected":false},"author":1,"featured_media":0,"parent":130,"menu_order":0,"comment_status":"closed","ping_status":"closed","template":"","meta":{"footnotes":""},"class_list":["post-251","page","type-page","status-publish","hentry"],"_links":{"self":[{"href":"https:\/\/www2.iepcjalisco.org.mx\/iepc-en-la-fil\/index.php?rest_route=\/wp\/v2\/pages\/251","targetHints":{"allow":["GET"]}}],"collection":[{"href":"https:\/\/www2.iepcjalisco.org.mx\/iepc-en-la-fil\/index.php?rest_route=\/wp\/v2\/pages"}],"about":[{"href":"https:\/\/www2.iepcjalisco.org.mx\/iepc-en-la-fil\/index.php?rest_route=\/wp\/v2\/types\/page"}],"author":[{"embeddable":true,"href":"https:\/\/www2.iepcjalisco.org.mx\/iepc-en-la-fil\/index.php?rest_route=\/wp\/v2\/users\/1"}],"replies":[{"embeddable":true,"href":"https:\/\/www2.iepcjalisco.org.mx\/iepc-en-la-fil\/index.php?rest_route=%2Fwp%2Fv2%2Fcomments&post=251"}],"version-history":[{"count":4,"href":"https:\/\/www2.iepcjalisco.org.mx\/iepc-en-la-fil\/index.php?rest_route=\/wp\/v2\/pages\/251\/revisions"}],"predecessor-version":[{"id":275,"href":"https:\/\/www2.iepcjalisco.org.mx\/iepc-en-la-fil\/index.php?rest_route=\/wp\/v2\/pages\/251\/revisions\/275"}],"up":[{"embeddable":true,"href":"https:\/\/www2.iepcjalisco.org.mx\/iepc-en-la-fil\/index.php?rest_route=\/wp\/v2\/pages\/130"}],"wp:attachment":[{"href":"https:\/\/www2.iepcjalisco.org.mx\/iepc-en-la-fil\/index.php?rest_route=%2Fwp%2Fv2%2Fmedia&parent=251"}],"curies":[{"name":"wp","href":"https:\/\/api.w.org\/{rel}","templated":true}]}}