{"id":68,"date":"2016-11-16T16:08:05","date_gmt":"2016-11-16T16:08:05","guid":{"rendered":"https:\/\/www2.iepcjalisco.org.mx\/iepc-en-la-fil\/?page_id=68"},"modified":"2016-11-18T19:27:29","modified_gmt":"2016-11-18T19:27:29","slug":"sabado-26-de-noviembre","status":"publish","type":"page","link":"https:\/\/www2.iepcjalisco.org.mx\/iepc-en-la-fil\/?page_id=68","title":{"rendered":"D\u00eda 1: S\u00e1bado 26 de Noviembre"},"content":{"rendered":"<p><img loading=\"lazy\" decoding=\"async\" class=\"alignnone size-full wp-image-28\" src=\"https:\/\/www2.iepcjalisco.org.mx\/iepc-en-la-fil\/wp-content\/uploads\/2016\/11\/Recurso-6@2x.png\" alt=\"recurso-62x\" width=\"69\" height=\"83\" \/><\/p>\n<p><span style=\"color: #7f4672; font-size: 25px;\"><strong>PRESENTACIONES DE LIBROS EN EL STAND<\/strong><\/span><\/p>\n<p><span style=\"color: #ac4d74; font-size: 20px;\"><strong>16:00 hrs<\/strong>.<\/span> | stand I-16<br \/>\n<em>El comportamiento electoral mexicano en las elecciones de 2012<br \/>\n<\/em>Instituto Electoral del Estado de Oaxaca<\/p>\n<p><span style=\"color: #ac4d74; font-size: 20px;\"><strong>17:00 hrs<\/strong>.<\/span> | stand I-16<br \/>\n<em>Todos diferentes, todos \u00fanicos<br \/>\n<\/em><strong>AUTORES:<\/strong> Vanesa Robles y Guillo Castellanos Libro para j\u00f3venes de la Serie Utop\u00eda, Colecci\u00f3n Futuros (e)lectores IEPC y C\u00e1tedra UNESCO Igualdad y No Discriminaci\u00f3n<\/p>\n<p><strong>PRESENTAN:<\/strong> Teresa Gonz\u00e1lez Luna Corvera, Tessie Solin\u00eds y los autores<\/p>\n<p><span style=\"color: #ac4d74; font-size: 20px;\"><strong>18:00 hrs.<\/strong><\/span> | stand I-16<br \/>\n<em>Democracia, derechos humanos y derechos ind\u00edgenas en municipios de usos y costumbres, resultados de una encuesta<br \/>\n<\/em>Instituto Electoral del Estado de Oaxaca<\/p>\n<p>___________________________________________________________________________________<\/p>\n<p><span style=\"color: #ac4d74;\"><strong>Por vez primera <\/strong><\/span>nos acompa\u00f1an organismos de participaci\u00f3n locales de distintos estados, te invitamos a que conozcas la informaci\u00f3n detallada de sus actividades en nuestro stand.<\/p>\n<p><img loading=\"lazy\" decoding=\"async\" class=\"alignnone wp-image-20\" src=\"https:\/\/www2.iepcjalisco.org.mx\/iepc-en-la-fil\/wp-content\/uploads\/2016\/11\/cropped-Recurso-2@2x-150x150.png\" alt=\"cropped-Recurso-2@2x.png\" width=\"94\" height=\"91\" \/><\/p>\n","protected":false},"excerpt":{"rendered":"<p>PRESENTACIONES DE LIBROS EN EL STAND 16:00 hrs. | stand I-16 El comportamiento electoral mexicano en las elecciones de 2012 Instituto Electoral del Estado de Oaxaca 17:00 hrs. | stand I-16 Todos diferentes, todos \u00fanicos AUTORES: Vanesa Robles y Guillo Castellanos Libro para j\u00f3venes de la Serie Utop\u00eda, Colecci\u00f3n Futuros&#8230;<\/p>\n","protected":false},"author":1,"featured_media":0,"parent":0,"menu_order":0,"comment_status":"closed","ping_status":"closed","template":"","meta":{"footnotes":""},"class_list":["post-68","page","type-page","status-publish","hentry"],"_links":{"self":[{"href":"https:\/\/www2.iepcjalisco.org.mx\/iepc-en-la-fil\/index.php?rest_route=\/wp\/v2\/pages\/68","targetHints":{"allow":["GET"]}}],"collection":[{"href":"https:\/\/www2.iepcjalisco.org.mx\/iepc-en-la-fil\/index.php?rest_route=\/wp\/v2\/pages"}],"about":[{"href":"https:\/\/www2.iepcjalisco.org.mx\/iepc-en-la-fil\/index.php?rest_route=\/wp\/v2\/types\/page"}],"author":[{"embeddable":true,"href":"https:\/\/www2.iepcjalisco.org.mx\/iepc-en-la-fil\/index.php?rest_route=\/wp\/v2\/users\/1"}],"replies":[{"embeddable":true,"href":"https:\/\/www2.iepcjalisco.org.mx\/iepc-en-la-fil\/index.php?rest_route=%2Fwp%2Fv2%2Fcomments&post=68"}],"version-history":[{"count":22,"href":"https:\/\/www2.iepcjalisco.org.mx\/iepc-en-la-fil\/index.php?rest_route=\/wp\/v2\/pages\/68\/revisions"}],"predecessor-version":[{"id":136,"href":"https:\/\/www2.iepcjalisco.org.mx\/iepc-en-la-fil\/index.php?rest_route=\/wp\/v2\/pages\/68\/revisions\/136"}],"wp:attachment":[{"href":"https:\/\/www2.iepcjalisco.org.mx\/iepc-en-la-fil\/index.php?rest_route=%2Fwp%2Fv2%2Fmedia&parent=68"}],"curies":[{"name":"wp","href":"https:\/\/api.w.org\/{rel}","templated":true}]}}