{"id":158,"date":"2018-03-07T18:16:07","date_gmt":"2018-03-08T00:16:07","guid":{"rendered":"https:\/\/www2.iepcjalisco.org.mx\/igualdaddegenero\/?page_id=158"},"modified":"2021-10-07T12:14:35","modified_gmt":"2021-10-07T18:14:35","slug":"mediateca","status":"publish","type":"page","link":"https:\/\/www2.iepcjalisco.org.mx\/igualdaddegenero\/mediateca\/","title":{"rendered":"Mediateca"},"content":{"rendered":"\t\t<div data-elementor-type=\"wp-page\" data-elementor-id=\"158\" class=\"elementor elementor-158 elementor-bc-flex-widget\">\n\t\t\t\t\t\t<section class=\"elementor-section elementor-top-section elementor-element elementor-element-2a575e2 elementor-section-boxed elementor-section-height-default elementor-section-height-default\" data-id=\"2a575e2\" data-element_type=\"section\">\n\t\t\t\t\t\t<div class=\"elementor-container elementor-column-gap-default\">\n\t\t\t\t\t<div class=\"elementor-column elementor-col-100 elementor-top-column elementor-element elementor-element-7bf95bd\" data-id=\"7bf95bd\" data-element_type=\"column\" data-settings=\"{&quot;background_background&quot;:&quot;classic&quot;}\">\n\t\t\t<div class=\"elementor-widget-wrap elementor-element-populated\">\n\t\t\t\t\t\t<section class=\"elementor-section elementor-inner-section elementor-element elementor-element-46ab217 elementor-section-boxed elementor-section-height-default elementor-section-height-default\" data-id=\"46ab217\" data-element_type=\"section\">\n\t\t\t\t\t\t<div class=\"elementor-container elementor-column-gap-default\">\n\t\t\t\t\t<div class=\"elementor-column elementor-col-33 elementor-inner-column elementor-element elementor-element-9b82717\" data-id=\"9b82717\" data-element_type=\"column\">\n\t\t\t<div class=\"elementor-widget-wrap elementor-element-populated\">\n\t\t\t\t\t\t<div class=\"elementor-element elementor-element-fe918da elementor-position-top elementor-widget elementor-widget-image-box\" data-id=\"fe918da\" data-element_type=\"widget\" data-widget_type=\"image-box.default\">\n\t\t\t\t<div class=\"elementor-widget-container\">\n\t\t\t\t\t<div class=\"elementor-image-box-wrapper\"><figure class=\"elementor-image-box-img\"><a href=\"https:\/\/www2.iepcjalisco.org.mx\/igualdaddegenero\/\" tabindex=\"-1\"><img fetchpriority=\"high\" decoding=\"async\" width=\"500\" height=\"250\" src=\"https:\/\/www2.iepcjalisco.org.mx\/igualdaddegenero\/wp-content\/uploads\/2018\/03\/cropped-logo.png\" class=\"attachment-full size-full wp-image-9\" alt=\"\" srcset=\"https:\/\/www2.iepcjalisco.org.mx\/igualdaddegenero\/wp-content\/uploads\/2018\/03\/cropped-logo.png 500w, https:\/\/www2.iepcjalisco.org.mx\/igualdaddegenero\/wp-content\/uploads\/2018\/03\/cropped-logo-300x150.png 300w\" sizes=\"(max-width: 500px) 100vw, 500px\" \/><\/a><\/figure><div class=\"elementor-image-box-content\"><h1 class=\"elementor-image-box-title\"><a href=\"https:\/\/www2.iepcjalisco.org.mx\/igualdaddegenero\/\">Igualdad de G\u00e9nero y No Discriminaci\u00f3n<\/a><\/h1><\/div><\/div>\t\t\t\t<\/div>\n\t\t\t\t<\/div>\n\t\t\t\t\t<\/div>\n\t\t<\/div>\n\t\t\t\t<div class=\"elementor-column elementor-col-66 elementor-inner-column elementor-element elementor-element-1eae024\" data-id=\"1eae024\" data-element_type=\"column\">\n\t\t\t<div class=\"elementor-widget-wrap elementor-element-populated\">\n\t\t\t\t\t\t<div class=\"elementor-element elementor-element-31cb298 elementor-widget elementor-widget-html\" data-id=\"31cb298\" data-element_type=\"widget\" data-widget_type=\"html.default\">\n\t\t\t\t<div class=\"elementor-widget-container\">\n\t\t\t\t\t<style>\n    .nav-top{\n        position: relative;\n        margin-top:30px; \n    }\n    .bg-mnu{\n        position: absolute;\n        top: 15px;\n        width: 100%;\n        height: 50px;\n        background: #8231a7;\n        background-size: contain;\n        margin: 0;\n        padding: 0;\n        -webkit-box-shadow: 0px 0px 5px 1px rgba(0,0,0,0.4);\n        -moz-box-shadow: 0px 0px 5px 1px rgba(0,0,0,0.4);\n        box-shadow: 0px 0px 5px 1px rgba(0,0,0,0.4);\n    }\n    .mnu-top{\n        list-style: none;\n        margin: 0;\n        margin-left: 20px;\n        padding: 0;\n        position: relative;\n    }\n    .mnu-top li{\n        float: left;\n        margin-right: 4px;\n    }\n    .mnu-top li a{\n        color: #fff;\n        font-size: 9px;\n    }\n    .mnu-top li a img{\n        width: 80px;\n    }\n    .mnu-top li a:hover{\n        color: #BED13B;\n    }\n<\/style>\n<nav class=\"col-lg-12 nav-top\">\n    <div class=\"bg-mnu\"><\/div>\n    <ul class=\"mnu-top\">\n        <li>\n            <a href=\"participacion-politica\">\n                <img decoding=\"async\" src=\"..\/wp-content\/uploads\/2018\/03\/boton1-1.png\"\/>\n                <span>Participaci\u00f3n pol\u00edtica de las mujeres<\/span>\n            <\/a>\n        <\/li>\n        <li>\n            <a href=\"inclusion\">\n                <img decoding=\"async\" src=\"..\/wp-content\/uploads\/2018\/04\/4Recurso-1.png\"\/>\n                <span>Inclusi\u00f3n y no discriminaci\u00f3n<\/span>\n            <\/a>\n        <\/li>\n        <li>\n            <a href=\"politicas-internas\">\n                <img decoding=\"async\" src=\"..\/wp-content\/uploads\/2018\/03\/boton3.png\"\/>\n                <span>Pol\u00edticas internas<\/span>\n            <\/a>\n        <\/li>\n        <li>\n            <a href=\"mediateca\">\n                <img decoding=\"async\" src=\"..\/wp-content\/uploads\/2018\/03\/mediateca_.png\"\/><span>Mediateca<\/span>\n            <\/a>\n        <\/li>\n    <\/ul>\n    \n<\/nav>\t\t\t\t<\/div>\n\t\t\t\t<\/div>\n\t\t\t\t\t<\/div>\n\t\t<\/div>\n\t\t\t\t\t<\/div>\n\t\t<\/section>\n\t\t\t\t\t<\/div>\n\t\t<\/div>\n\t\t\t\t\t<\/div>\n\t\t<\/section>\n\t\t\t\t<section class=\"elementor-section elementor-top-section elementor-element elementor-element-f594c84 elementor-section-boxed elementor-section-height-default elementor-section-height-default\" data-id=\"f594c84\" data-element_type=\"section\">\n\t\t\t\t\t\t<div class=\"elementor-container elementor-column-gap-default\">\n\t\t\t\t\t<div class=\"elementor-column elementor-col-100 elementor-top-column elementor-element elementor-element-3a44032\" data-id=\"3a44032\" data-element_type=\"column\" data-settings=\"{&quot;background_background&quot;:&quot;classic&quot;}\">\n\t\t\t<div class=\"elementor-widget-wrap elementor-element-populated\">\n\t\t\t\t\t\t<section class=\"elementor-section elementor-inner-section elementor-element elementor-element-20e4bb8 elementor-section-boxed elementor-section-height-default elementor-section-height-default\" data-id=\"20e4bb8\" data-element_type=\"section\">\n\t\t\t\t\t\t<div class=\"elementor-container elementor-column-gap-default\">\n\t\t\t\t\t<div class=\"elementor-column elementor-col-33 elementor-inner-column elementor-element elementor-element-5658e85\" data-id=\"5658e85\" data-element_type=\"column\">\n\t\t\t<div class=\"elementor-widget-wrap elementor-element-populated\">\n\t\t\t\t\t\t<div class=\"elementor-element elementor-element-7858f5d elementor-widget elementor-widget-image\" data-id=\"7858f5d\" data-element_type=\"widget\" data-widget_type=\"image.default\">\n\t\t\t\t<div class=\"elementor-widget-container\">\n\t\t\t\t\t\t\t\t\t\t\t\t\t\t\t<img decoding=\"async\" width=\"150\" height=\"150\" src=\"https:\/\/www2.iepcjalisco.org.mx\/igualdaddegenero\/wp-content\/uploads\/2018\/03\/mediateca_-150x150.png\" class=\"attachment-thumbnail size-thumbnail wp-image-169\" alt=\"\" srcset=\"https:\/\/www2.iepcjalisco.org.mx\/igualdaddegenero\/wp-content\/uploads\/2018\/03\/mediateca_-150x150.png 150w, https:\/\/www2.iepcjalisco.org.mx\/igualdaddegenero\/wp-content\/uploads\/2018\/03\/mediateca_-300x300.png 300w, https:\/\/www2.iepcjalisco.org.mx\/igualdaddegenero\/wp-content\/uploads\/2018\/03\/mediateca_-768x768.png 768w, https:\/\/www2.iepcjalisco.org.mx\/igualdaddegenero\/wp-content\/uploads\/2018\/03\/mediateca_-1024x1024.png 1024w, https:\/\/www2.iepcjalisco.org.mx\/igualdaddegenero\/wp-content\/uploads\/2018\/03\/mediateca_.png 1182w\" sizes=\"(max-width: 150px) 100vw, 150px\" \/>\t\t\t\t\t\t\t\t\t\t\t\t\t\t\t<\/div>\n\t\t\t\t<\/div>\n\t\t\t\t\t<\/div>\n\t\t<\/div>\n\t\t\t\t<div class=\"elementor-column elementor-col-66 elementor-inner-column elementor-element elementor-element-e3835c8\" data-id=\"e3835c8\" data-element_type=\"column\">\n\t\t\t<div class=\"elementor-widget-wrap elementor-element-populated\">\n\t\t\t\t\t\t<div class=\"elementor-element elementor-element-e09b926 elementor-widget elementor-widget-html\" data-id=\"e09b926\" data-element_type=\"widget\" data-widget_type=\"html.default\">\n\t\t\t\t<div class=\"elementor-widget-container\">\n\t\t\t\t\t<style>\n    .mnu-interiores{\n        list-style: none;\n        margin: 0;\n        padding: 0;\n    }\n    .mnu-interiores li{\n        font-size: 14px;\n        font-family: \"Roboto\", Sans-serif;\n        margin-bottom: 5px;\n        cursor: pointer;\n    }\n    .mnu-interiores li i{\n        color: #C269A4;\n    }\n    .mnu-interiores li span{\n        margin-left: 5px;\n    }\n    \n    \n<\/style>\n<ul class=\"mnu-interiores\">\n    <li class=\"li-tab-link\" data-tab-id=\"1\"><i class=\"fa fa-chevron-circle-right\" aria-hidden=\"true\"><\/i> <span>Marco normativo<\/span><\/li>\n    <li class=\"li-tab-link\" data-tab-id=\"2\"><i class=\"fa fa-chevron-circle-right\" aria-hidden=\"true\"><\/i> <span>Memorias de actividades<\/span><\/li>\n    <li class=\"li-tab-link\" data-tab-id=\"3\"><i class=\"fa fa-chevron-circle-right\" aria-hidden=\"true\"><\/i> <span>Publicaciones<\/span><\/li>\n    <li class=\"li-tab-link\" data-tab-id=\"4\"><i class=\"fa fa-chevron-circle-right\" aria-hidden=\"true\"><\/i> <span>Sitios de inter\u00e9s<\/span><\/li>\n<\/ul>\n\n<script type=\"text\/javascript\">\n\tjQuery(document).ready(function($){\n\t    $(\".galeria\").hide();\n\n\t\t$('.li-tab-link').click(function(){\n\t\t    var idTab = $(this).attr('data-tab-id');\n\t\t\t$('.elementor-tab-title').removeClass('elementor-active');\n\t\t\t$('.elementor-tab-title[data-tab=\"'+idTab+'\"]').addClass('elementor-active');\n\t\t\t$('.elementor-tab-content').hide();\n\t\t\t$('.elementor-tab-content[data-tab=\"'+idTab+'\"]').show();\n\t\t\t\n\t\t\tif(idTab!=3){\n\t\t\t    $(\".galeria\").hide();\n\t\t\t}else{\n\t\t\t    $(\".galeria\").show();\n\t\t\t}\n\t\t});\n\t\t\n\t\t$('.elementor-tab-title').click(function(){\n\t\t    var idTab = $(this).attr('data-tab');\n\t\t\tif(idTab!=3){\n\t\t\t    $(\".galeria\").hide();\n\t\t\t}else{\n\t\t\t    $(\".galeria\").show();\n\t\t\t}\n\t\t});\n\t\t\n\t\t\n\t})\t\n<\/script>\t\t\t\t<\/div>\n\t\t\t\t<\/div>\n\t\t\t\t\t<\/div>\n\t\t<\/div>\n\t\t\t\t\t<\/div>\n\t\t<\/section>\n\t\t\t\t\t<\/div>\n\t\t<\/div>\n\t\t\t\t\t<\/div>\n\t\t<\/section>\n\t\t\t\t<section class=\"elementor-section elementor-top-section elementor-element elementor-element-985e74b elementor-section-boxed elementor-section-height-default elementor-section-height-default\" data-id=\"985e74b\" data-element_type=\"section\">\n\t\t\t\t\t\t<div class=\"elementor-container elementor-column-gap-default\">\n\t\t\t\t\t<div class=\"elementor-column elementor-col-100 elementor-top-column elementor-element elementor-element-4414cbf\" data-id=\"4414cbf\" data-element_type=\"column\" data-settings=\"{&quot;background_background&quot;:&quot;classic&quot;}\">\n\t\t\t<div class=\"elementor-widget-wrap elementor-element-populated\">\n\t\t\t\t\t\t<section class=\"elementor-section elementor-inner-section elementor-element elementor-element-c6509d4 elementor-section-boxed elementor-section-height-default elementor-section-height-default\" data-id=\"c6509d4\" data-element_type=\"section\">\n\t\t\t\t\t\t<div class=\"elementor-container elementor-column-gap-default\">\n\t\t\t\t\t<div class=\"elementor-column elementor-col-100 elementor-inner-column elementor-element elementor-element-2dd8257\" data-id=\"2dd8257\" data-element_type=\"column\">\n\t\t\t<div class=\"elementor-widget-wrap elementor-element-populated\">\n\t\t\t\t\t\t<div class=\"elementor-element elementor-element-2724ba0 elementor-tab-current elementor-tabs-view-horizontal elementor-widget elementor-widget-tabs\" data-id=\"2724ba0\" data-element_type=\"widget\" data-widget_type=\"tabs.default\">\n\t\t\t\t<div class=\"elementor-widget-container\">\n\t\t\t\t\t\t\t<div class=\"elementor-tabs\">\n\t\t\t<div class=\"elementor-tabs-wrapper\" role=\"tablist\" >\n\t\t\t\t\t\t\t\t\t<div id=\"elementor-tab-title-4101\" class=\"elementor-tab-title elementor-tab-desktop-title\" aria-selected=\"true\" data-tab=\"1\" role=\"tab\" tabindex=\"0\" aria-controls=\"elementor-tab-content-4101\" aria-expanded=\"false\">Marco normativo<\/div>\n\t\t\t\t\t\t\t\t\t<div id=\"elementor-tab-title-4102\" class=\"elementor-tab-title elementor-tab-desktop-title\" aria-selected=\"false\" data-tab=\"2\" role=\"tab\" tabindex=\"-1\" aria-controls=\"elementor-tab-content-4102\" aria-expanded=\"false\">Memoria de actividades<\/div>\n\t\t\t\t\t\t\t\t\t<div id=\"elementor-tab-title-4103\" class=\"elementor-tab-title elementor-tab-desktop-title\" aria-selected=\"false\" data-tab=\"3\" role=\"tab\" tabindex=\"-1\" aria-controls=\"elementor-tab-content-4103\" aria-expanded=\"false\">Publicaciones<\/div>\n\t\t\t\t\t\t\t\t\t<div id=\"elementor-tab-title-4104\" class=\"elementor-tab-title elementor-tab-desktop-title\" aria-selected=\"false\" data-tab=\"4\" role=\"tab\" tabindex=\"-1\" aria-controls=\"elementor-tab-content-4104\" aria-expanded=\"false\">Sitios de Inter\u00e9s<\/div>\n\t\t\t\t\t\t\t<\/div>\n\t\t\t<div class=\"elementor-tabs-content-wrapper\" role=\"tablist\" aria-orientation=\"vertical\">\n\t\t\t\t\t\t\t\t\t<div class=\"elementor-tab-title elementor-tab-mobile-title\" aria-selected=\"true\" data-tab=\"1\" role=\"tab\" tabindex=\"0\" aria-controls=\"elementor-tab-content-4101\" aria-expanded=\"false\">Marco normativo<\/div>\n\t\t\t\t\t<div id=\"elementor-tab-content-4101\" class=\"elementor-tab-content elementor-clearfix\" data-tab=\"1\" role=\"tabpanel\" aria-labelledby=\"elementor-tab-title-4101\" tabindex=\"0\" hidden=\"false\"><h2 style=\"text-align: center;\"><span style=\"color: #8031a7;\">Legislaci\u00f3n local (Jalisco)<\/span><\/h2><p><img decoding=\"async\" class=\"alignnone wp-image-1251\" src=\"https:\/\/www2.iepcjalisco.org.mx\/igualdaddegenero\/wp-content\/uploads\/2018\/04\/4Recurso-2.png\" alt=\"\" width=\"15\" height=\"19\" \/>\u00a0<a href=\"https:\/\/www2.iepcjalisco.org.mx\/igualdaddegenero\/wp-content\/uploads\/2021\/08\/Ley-de-Acceso-de-las-Mujeres-a-una-Vida-Libre-de-Violencia-del-Estado-de-Jalisco-210721.doc\" target=\"_blank\" rel=\"noopener\">Ley de Acceso de las Mujeres a una Vida Libre de Violencia del Estado de Jalisco<\/a><\/p><p><img decoding=\"async\" class=\"alignnone wp-image-1251\" src=\"https:\/\/www2.iepcjalisco.org.mx\/igualdaddegenero\/wp-content\/uploads\/2018\/04\/4Recurso-2.png\" alt=\"\" width=\"15\" height=\"19\" \/>\u00a0<a href=\"https:\/\/www2.iepcjalisco.org.mx\/igualdaddegenero\/wp-content\/uploads\/2021\/08\/Ley-Estatal-para-la-Igualdad-entre-Mujeres-y-Hombres-170521.doc\" target=\"_blank\" rel=\"noopener\">Ley Estatal para La igualdad entre Mujeres y Hombres<\/a><\/p><p><img decoding=\"async\" class=\"alignnone wp-image-1251\" src=\"https:\/\/www2.iepcjalisco.org.mx\/igualdaddegenero\/wp-content\/uploads\/2018\/04\/4Recurso-2.png\" alt=\"\" width=\"15\" height=\"19\" \/>\u00a0<a href=\"https:\/\/www2.iepcjalisco.org.mx\/igualdaddegenero\/wp-content\/uploads\/2021\/08\/Ley-Estatal-para-Promover-la-Igualdad-Prevenir-y-Eliminar-la-Discriminaci\u00f3n-en-el-Estado-de-Jalisco-190721.doc\" target=\"_blank\" rel=\"noopener\">Ley Estatal para Promover la Igualdad, Prevenir y Eliminar la Discriminaci\u00f3n en el Estado de Jalisco<\/a><\/p><p><img decoding=\"async\" class=\"alignnone wp-image-1251\" src=\"https:\/\/www2.iepcjalisco.org.mx\/igualdaddegenero\/wp-content\/uploads\/2018\/04\/4Recurso-2.png\" alt=\"\" width=\"15\" height=\"19\" \/>\u00a0<a href=\"https:\/\/www2.iepcjalisco.org.mx\/igualdaddegenero\/wp-content\/uploads\/2021\/08\/Ley-para-la-Inclusi\u00f3n-y-Desarrollo-Integral-de-las-personas-con-Discapacidad-del-Estado-de-Jalisco-080621.doc\" target=\"_blank\" rel=\"noopener\">Ley para la Atenci\u00f3n y Desarrollo Integral de Personas con Discapacidad<\/a><\/p><h2 style=\"text-align: center;\"><span style=\"color: #8031a7;\">Legislaci\u00f3n nacional<\/span><\/h2><h2 style=\"text-align: left;\"><img decoding=\"async\" class=\"alignnone wp-image-1251\" src=\"https:\/\/www2.iepcjalisco.org.mx\/igualdaddegenero\/wp-content\/uploads\/2018\/04\/4Recurso-2.png\" alt=\"\" width=\"15\" height=\"19\" \/>\u00a0<a style=\"text-align: left; font-weight: 400; background-color: #ffffff; font-size: 1rem;\" href=\"https:\/\/www2.iepcjalisco.org.mx\/igualdaddegenero\/wp-content\/uploads\/2021\/08\/Ley-Federal-para-Prevenir-y-Eliminar-la-Discriminaci\u00f3n-200521.doc\" target=\"_blank\" rel=\"noopener\">Ley Federal para Prevenir y Eliminar la Discriminaci\u00f3n<\/a><\/h2><div>\u00a0<\/div><p style=\"text-align: left;\"><img decoding=\"async\" class=\"alignnone wp-image-1251\" src=\"https:\/\/www2.iepcjalisco.org.mx\/igualdaddegenero\/wp-content\/uploads\/2018\/04\/4Recurso-2.png\" alt=\"\" width=\"15\" height=\"19\" \/>\u00a0<a href=\"https:\/\/www2.iepcjalisco.org.mx\/igualdaddegenero\/wp-content\/uploads\/2021\/08\/LGAMVLV_010621.doc\" target=\"_blank\" rel=\"noopener\">Ley General de Acceso a las Mujeres a una Vida Libre de Violencia<\/a><\/p><p style=\"text-align: left;\"><img decoding=\"async\" class=\"alignnone wp-image-1251\" src=\"https:\/\/www2.iepcjalisco.org.mx\/igualdaddegenero\/wp-content\/uploads\/2018\/04\/4Recurso-2.png\" alt=\"\" width=\"15\" height=\"19\" \/>\u00a0<a href=\"https:\/\/www2.iepcjalisco.org.mx\/igualdaddegenero\/wp-content\/uploads\/2021\/08\/LGIMH_140618.doc\" target=\"_blank\" rel=\"noopener\">Ley General para la Igualdad Entre Mujeres y Hombres<\/a><\/p><p style=\"text-align: left;\"><img decoding=\"async\" class=\"alignnone wp-image-1251\" src=\"https:\/\/www2.iepcjalisco.org.mx\/igualdaddegenero\/wp-content\/uploads\/2018\/04\/4Recurso-2.png\" alt=\"\" width=\"15\" height=\"19\" \/>\u00a0<a href=\"https:\/\/www2.iepcjalisco.org.mx\/igualdaddegenero\/wp-content\/uploads\/2021\/08\/LGIPD_120718.doc\" target=\"_blank\" rel=\"noopener\">Ley General para la Inclusi\u00f3n de las Personas con Discapacidad<\/a><\/p><div>\u00a0<\/div><h2 style=\"text-align: center;\"><span style=\"color: #8031a7;\">Instrumentos internacionales ratificados por M\u00e9xico<\/span><\/h2><div style=\"text-align: left;\"><img decoding=\"async\" class=\"alignnone wp-image-1251\" src=\"https:\/\/www2.iepcjalisco.org.mx\/igualdaddegenero\/wp-content\/uploads\/2018\/04\/4Recurso-2.png\" alt=\"\" width=\"15\" height=\"19\" \/>\u00a0<a href=\"\/igualdaddegenero\/wp-content\/uploads\/2018\/03\/11.-Agenda-2030-y-los-Objetivos.pdf\" target=\"_blank\" rel=\"noopener\">Agenda 2030 y los Objetivos de Desarrollo Sostenible<\/a><\/div><div>\u00a0<\/div><div style=\"text-align: left;\"><img decoding=\"async\" class=\"alignnone wp-image-1251\" src=\"https:\/\/www2.iepcjalisco.org.mx\/igualdaddegenero\/wp-content\/uploads\/2018\/04\/4Recurso-2.png\" alt=\"\" width=\"15\" height=\"19\" \/>\u00a0<a href=\"\/igualdaddegenero\/wp-content\/uploads\/2018\/03\/9.-49\u00b0-Per\u00edodo-de-sesiones.pdf\">Beijing+10 (2005) (49\u00b0 periodo de sesiones)<\/a><\/div><div>\u00a0<\/div><div style=\"text-align: left;\"><img decoding=\"async\" class=\"alignnone wp-image-1251\" src=\"https:\/\/www2.iepcjalisco.org.mx\/igualdaddegenero\/wp-content\/uploads\/2018\/04\/4Recurso-2.png\" alt=\"\" width=\"15\" height=\"19\" \/>\u00a0<a href=\"\/igualdaddegenero\/wp-content\/uploads\/2018\/03\/3.-CONVENCION-INTERAMERICANA-SOBRE-CONCESION-DE-LOS-DERECHOS-CIVILES-A-LA.pdf\" target=\"_blank\" rel=\"noopener\">Convenci\u00f3n Interamericana sobre Concesi\u00f3n de los Derechos Civiles a las Mujeres<\/a><\/div><div>\u00a0<\/div><div style=\"text-align: left;\"><img decoding=\"async\" class=\"alignnone wp-image-1251\" src=\"https:\/\/www2.iepcjalisco.org.mx\/igualdaddegenero\/wp-content\/uploads\/2018\/04\/4Recurso-2.png\" alt=\"\" width=\"15\" height=\"19\" \/>\u00a0<a href=\"\/igualdaddegenero\/wp-content\/uploads\/2018\/03\/13.-CONVENCI\u00d3N-INTERAMERICANA-PARA-LA-ELIMINACI\u00d3N-DE-TODAS-LAS-FORMAS-DE-DISCRIMINACI\u00d3N-CONTRA-LAS-PERSONAS-CON-DISCAPACIDAD.pdf\" target=\"_blank\" rel=\"noopener\">Convenci\u00f3n Interamericana para la Eliminaci\u00f3n de Todas las Formas de Discriminaci\u00f3n Contra las Personas con Discapacidad<\/a><\/div><div>\u00a0<\/div><div style=\"text-align: left;\"><img decoding=\"async\" class=\"alignnone wp-image-1251\" src=\"https:\/\/www2.iepcjalisco.org.mx\/igualdaddegenero\/wp-content\/uploads\/2018\/04\/4Recurso-2.png\" alt=\"\" width=\"15\" height=\"19\" \/>\u00a0<a href=\"\/igualdaddegenero\/wp-content\/uploads\/2018\/03\/6.-Convenci\u00f3n-Interamericana-para-prevenir-sancionar-y-erradicar-la-violencia-contra-la-mujer.pdf\" target=\"_blank\" rel=\"noopener\">Convenci\u00f3n Interamericana para Prevenir, Sancionar y Erradicar la Violencia Contra la Mujer. (Convenci\u00f3n de Belem Do Par\u00e1)<\/a><\/div><div>\u00a0<\/div><div style=\"text-align: left;\"><img decoding=\"async\" class=\"alignnone wp-image-1251\" src=\"https:\/\/www2.iepcjalisco.org.mx\/igualdaddegenero\/wp-content\/uploads\/2018\/04\/4Recurso-2.png\" alt=\"\" width=\"15\" height=\"19\" \/>\u00a0<a href=\"\/igualdaddegenero\/wp-content\/uploads\/2018\/03\/2.-CONVENCION-INTERAMERICANA-SOBRE-CONCESION-DE-LOS-DERECHOS-POLITICOS-A.pdf\" target=\"_blank\" rel=\"noopener\">Convenci\u00f3n Interamericana sobre la Concesi\u00f3n de los Derechos Pol\u00edticos a la Mujer<\/a><\/div><div>\u00a0<\/div><div style=\"text-align: left;\"><div><img decoding=\"async\" class=\"alignnone wp-image-1251\" src=\"https:\/\/www2.iepcjalisco.org.mx\/igualdaddegenero\/wp-content\/uploads\/2018\/04\/4Recurso-2.png\" alt=\"\" width=\"15\" height=\"19\" \/>\u00a0<a href=\"\/igualdaddegenero\/wp-content\/uploads\/2018\/03\/4.-CONVENCI\u00d3N-SOBRE-LA-ELIMINACI\u00d3N-DE-TODAS-LAS-FORMAS-DE-DISCRIMINACI\u00d3N-CONTRA-LA.pdf\" target=\"_blank\" rel=\"noopener\">Convenci\u00f3n sobre la Eliminaci\u00f3n de Todas las Formas de Discriminaci\u00f3n Contra la Mujer, (CEDAW)\u00a0<\/a><\/div><div>\u00a0<\/div><\/div><div style=\"text-align: left;\"><div><img decoding=\"async\" class=\"alignnone wp-image-1251\" src=\"https:\/\/www2.iepcjalisco.org.mx\/igualdaddegenero\/wp-content\/uploads\/2018\/04\/4Recurso-2.png\" alt=\"\" width=\"15\" height=\"19\" \/>\u00a0<a href=\"\/igualdaddegenero\/wp-content\/uploads\/2018\/03\/14.-CONVENCI\u00d3N-SOBRE-LOS-DERECHOS-DE-LAS-PERSONAS-CON-DISCAPACIDAD.pdf\" target=\"_blank\" rel=\"noopener\">Convenci\u00f3n Sobre los Derechos de las Personas con Discapacidad y Protocolo Facultativo<\/a><\/div><\/div><div>\u00a0<\/div><div style=\"text-align: left;\"><img decoding=\"async\" class=\"alignnone wp-image-1251\" src=\"https:\/\/www2.iepcjalisco.org.mx\/igualdaddegenero\/wp-content\/uploads\/2018\/04\/4Recurso-2.png\" alt=\"\" width=\"15\" height=\"19\" \/>\u00a0<a href=\"\/igualdaddegenero\/wp-content\/uploads\/2018\/03\/5.-CONVENCION-SOBRE-LOS-DERECHOS-POLITICOS-DE-LA-MUJER.pdf\" target=\"_blank\" rel=\"noopener\">Convenci\u00f3n Sobre los Derechos Pol\u00edticos de la Mujer<\/a><\/div><div>\u00a0<\/div><div style=\"text-align: left;\"><img decoding=\"async\" class=\"alignnone wp-image-1251\" src=\"https:\/\/www2.iepcjalisco.org.mx\/igualdaddegenero\/wp-content\/uploads\/2018\/04\/4Recurso-2.png\" alt=\"\" width=\"15\" height=\"19\" \/>\u00a0<a href=\"\/igualdaddegenero\/wp-content\/uploads\/2018\/03\/10.-TRIG\u00c9SIMO-SEGUNDO-PERIODO-DE-SESIONES-DE-LA-COMISI\u00d3N-ECON\u00d3MICA-PARA-AM\u00c9RICA-LATINA-Y-EL-CARIBE..pdf\" target=\"_blank\" rel=\"noopener\">D\u00e9cima Conferencia Regional sobre la Mujer de Am\u00e9rica Latina y el Caribe<\/a><\/div><div>\u00a0<\/div><div style=\"text-align: left;\"><img decoding=\"async\" class=\"alignnone wp-image-1251\" src=\"https:\/\/www2.iepcjalisco.org.mx\/igualdaddegenero\/wp-content\/uploads\/2018\/04\/4Recurso-2.png\" alt=\"\" width=\"15\" height=\"19\" \/>\u00a0<a href=\"\/igualdaddegenero\/wp-content\/uploads\/2018\/03\/1.-Declaraci\u00f3n-Universal-de-Derechos-Humanos.pdf\" target=\"_blank\" rel=\"noopener\">Declaraci\u00f3n Universal de Derechos Humanos<\/a><\/div><div>\u00a0<\/div><div style=\"text-align: left;\"><img decoding=\"async\" class=\"alignnone wp-image-1251\" src=\"https:\/\/www2.iepcjalisco.org.mx\/igualdaddegenero\/wp-content\/uploads\/2018\/04\/4Recurso-2.png\" alt=\"\" width=\"15\" height=\"19\" \/>\u00a0<a href=\"\/igualdaddegenero\/wp-content\/uploads\/2018\/03\/8.-Declaraci\u00f3n-y-Plataforma-de-Acci\u00f3n-de-Beijing.pdf\" target=\"_blank\" rel=\"noopener\">Declaraci\u00f3n y Plataforma de Acci\u00f3n de Beijing<\/a><\/div><div>\u00a0<\/div><div style=\"text-align: left;\"><img decoding=\"async\" class=\"alignnone wp-image-1251\" src=\"https:\/\/www2.iepcjalisco.org.mx\/igualdaddegenero\/wp-content\/uploads\/2018\/04\/4Recurso-2.png\" alt=\"\" width=\"15\" height=\"19\" \/>\u00a0<a href=\"\/igualdaddegenero\/wp-content\/uploads\/2018\/03\/12.-Norma-Marco-para-consolidar-la-Democracia-Paritaria.pdf\" target=\"_blank\" rel=\"noopener\">Norma Marco para Consolidar la Democracia Paritaria<\/a><\/div><div>\u00a0<\/div><div style=\"text-align: left;\"><img decoding=\"async\" class=\"alignnone wp-image-1251\" src=\"https:\/\/www2.iepcjalisco.org.mx\/igualdaddegenero\/wp-content\/uploads\/2018\/04\/4Recurso-2.png\" alt=\"\" width=\"15\" height=\"19\" \/>\u00a0<a href=\"\/igualdaddegenero\/wp-content\/uploads\/2018\/03\/7.-PROTOCOLO-FACULTATIVO-DE-LA-CONVENCI\u00d3N-SOBRE-LA-ELIMINACI\u00d3N-DE-TODAS-LAS-FORMAS-DE-DISCRIMINACI\u00d3N-CONTRA-LA-MUJER.pdf\" target=\"_blank\" rel=\"noopener\">Protocolo Facultativo de la Convenci\u00f3n Sobre la Eliminaci\u00f3n de Todas las Formas de Discriminaci\u00f3n Contra la Mujer<\/a><\/div><div>\u00a0\u00a0<\/div><\/div>\n\t\t\t\t\t\t\t\t\t<div class=\"elementor-tab-title elementor-tab-mobile-title\" aria-selected=\"false\" data-tab=\"2\" role=\"tab\" tabindex=\"-1\" aria-controls=\"elementor-tab-content-4102\" aria-expanded=\"false\">Memoria de actividades<\/div>\n\t\t\t\t\t<div id=\"elementor-tab-content-4102\" class=\"elementor-tab-content elementor-clearfix\" data-tab=\"2\" role=\"tabpanel\" aria-labelledby=\"elementor-tab-title-4102\" tabindex=\"0\" hidden=\"hidden\"><h2 style=\"text-align: center;\"><span style=\"color: #8031a7;\">Octubre 2021<\/span><\/h2>\n<table width=\"662\">\n<tbody>\n<tr>\n<td style=\"text-align: center;\" width=\"217\"><img decoding=\"async\" style=\"height: 300px;\" src=\"\/igualdaddegenero\/wp-content\/uploads\/2021\/10\/4-oct-conmemoracion-sufragio.jpeg\" \/><\/td>\n<td style=\"text-align: center;\" width=\"444\"><iframe width=\"560\" height=\"315\" src=\"https:\/\/www.youtube.com\/embed\/fCd_hvd2M2E\" title=\"YouTube video player\" frameborder=\"0\" allow=\"accelerometer; autoplay; clipboard-write; encrypted-media; gyroscope; picture-in-picture\" allowfullscreen><\/iframe><\/td>\n<\/tr>\n<\/tbody>\n<\/table>\n<h2 style=\"text-align: center;\"><span style=\"color: #8031a7;\">Septiembre 2021<\/span><\/h2>\n<table width=\"662\">\n<tbody>\n<tr>\n<td style=\"text-align: center;\" width=\"217\"><img decoding=\"async\" style=\"height: 300px;\" src=\"\/igualdaddegenero\/wp-content\/uploads\/2021\/10\/25-sep-las-configuraciones-soc.jpeg\"><\/td>\n<td style=\"text-align: center;\" width=\"444\"><iframe width=\"560\" height=\"315\" src=\"https:\/\/www.youtube.com\/embed\/1FfbJ5ZZ3P8\" title=\"YouTube video player\" frameborder=\"0\" allow=\"accelerometer; autoplay; clipboard-write; encrypted-media; gyroscope; picture-in-picture\" allowfullscreen><\/iframe><\/td>\n<\/tr>\n<\/tbody>\n<\/table>\n<h2 style=\"text-align: center;\"><span style=\"color: #8031a7;\">Agosto 2021<\/span><\/h2>\n<table width=\"662\">\n<tbody>\n<tr>\n<td style=\"text-align: center;\" width=\"217\"><img decoding=\"async\" style=\"height: 300px;\" src=\"\/igualdaddegenero\/wp-content\/uploads\/2021\/10\/30-ago-protocolo-para-la-participacion.jpeg\" \/><\/td>\n<td style=\"text-align: center;\" width=\"444\"><iframe width=\"560\" height=\"315\" src=\"https:\/\/www.youtube.com\/embed\/HX2cmik5b8g\" title=\"YouTube video player\" frameborder=\"0\" allow=\"accelerometer; autoplay; clipboard-write; encrypted-media; gyroscope; picture-in-picture\" allowfullscreen><\/iframe><\/td>\n<\/tr>\n<tr>\n<td style=\"text-align: center;\" width=\"217\"><img decoding=\"async\" style=\"height: 300px;\" src=\"\/igualdaddegenero\/wp-content\/uploads\/2021\/09\/charla-25-ago.jpeg\" \/><\/td>\n<td style=\"text-align: center;\" width=\"444\"><iframe title=\"YouTube video player\" src=\"https:\/\/www.youtube.com\/embed\/hcj1HP86yoQ\" width=\"560\" height=\"315\" frameborder=\"0\" allowfullscreen=\"allowfullscreen\"><\/iframe><\/td>\n<\/tr>\n<\/tbody>\n<\/table>\n<h2 style=\"text-align: center;\"><span style=\"color: #8031a7;\">Julio 2021<\/span><\/h2>\n<table width=\"662\">\n<tbody>\n<tr>\n<td style=\"text-align: center;\" width=\"217\"><img decoding=\"async\" style=\"height: 300px;\" src=\"\/igualdaddegenero\/wp-content\/uploads\/2021\/08\/img-27.jpeg\" \/><\/td>\n<td style=\"text-align: center;\" width=\"444\"><iframe title=\"YouTube video player\" src=\"https:\/\/www.youtube.com\/embed\/fXN07uwMnes\" width=\"560\" height=\"315\" frameborder=\"0\" allowfullscreen=\"allowfullscreen\"><\/iframe><\/td>\n<\/tr>\n<\/tbody>\n<\/table>\n<h2 style=\"text-align: center;\"><span style=\"color: #8031a7;\">Mayo 2021<\/span><\/h2>\n<table width=\"662\">\n<tbody>\n<tr>\n<td style=\"text-align: center;\" width=\"217\"><img decoding=\"async\" style=\"height: 300px;\" src=\"\/igualdaddegenero\/wp-content\/uploads\/2021\/08\/25-de-mayo.jpg\" \/><\/td>\n<td style=\"text-align: center;\" width=\"444\"><iframe title=\"YouTube video player\" src=\"https:\/\/www.youtube.com\/embed\/brVgErbOs6E\" width=\"560\" height=\"315\" frameborder=\"0\" allowfullscreen=\"allowfullscreen\"><\/iframe><\/td>\n<\/tr>\n<tr>\n<td style=\"text-align: center;\" width=\"217\"><img decoding=\"async\" style=\"height: 300px;\" src=\"\/igualdaddegenero\/wp-content\/uploads\/2021\/08\/20-de-mayo.jpg\" \/><\/td>\n<td style=\"text-align: center;\" width=\"444\"><iframe title=\"YouTube video player\" src=\"https:\/\/www.youtube.com\/embed\/dteEp3MeHJA\" width=\"560\" height=\"315\" frameborder=\"0\" allowfullscreen=\"allowfullscreen\"><\/iframe><\/td>\n<\/tr>\n<tr>\n<td style=\"text-align: center;\" width=\"217\"><img decoding=\"async\" style=\"height: 300px;\" src=\"\/igualdaddegenero\/wp-content\/uploads\/2021\/08\/13-mayo.jpg\" \/><\/td>\n<td style=\"text-align: center;\" width=\"444\"><iframe title=\"YouTube video player\" src=\"https:\/\/www.youtube.com\/embed\/4FXAjUgkWN8\" width=\"560\" height=\"315\" frameborder=\"0\" allowfullscreen=\"allowfullscreen\"><\/iframe><\/td>\n<\/tr>\n<tr>\n<td style=\"text-align: center;\" width=\"217\"><img loading=\"lazy\" decoding=\"async\" class=\"alignnone size-medium wp-image-1101\" src=\"\/igualdaddegenero\/wp-content\/uploads\/2021\/08\/3-demayo.jpg\" alt=\"\" width=\"213\" height=\"300\" \/><\/td>\n<td style=\"text-align: center;\" width=\"444\"><iframe title=\"YouTube video player\" src=\"https:\/\/www.youtube.com\/embed\/o4Py6wonXb8\" width=\"560\" height=\"315\" frameborder=\"0\" allowfullscreen=\"allowfullscreen\"><\/iframe><\/td>\n<\/tr>\n<tr>\n<td style=\"text-align: center;\" width=\"217\"><img decoding=\"async\" style=\"height: 300px;\" src=\"\/igualdaddegenero\/wp-content\/uploads\/2021\/08\/5-de-mayo.jpg\" \/><\/td>\n<td style=\"text-align: center;\" width=\"444\"><iframe title=\"YouTube video player\" src=\"https:\/\/www.youtube.com\/embed\/dteEp3MeHJA\" width=\"560\" height=\"315\" frameborder=\"0\" allowfullscreen=\"allowfullscreen\"><\/iframe><\/td>\n<\/tr>\n<tr>\n<td style=\"text-align: center;\" width=\"217\"><img loading=\"lazy\" decoding=\"async\" class=\"alignnone size-medium wp-image-1101\" src=\"\/igualdaddegenero\/wp-content\/uploads\/2021\/08\/3-demayo.jpg\" alt=\"\" width=\"213\" height=\"300\" \/><\/td>\n<td style=\"text-align: center;\" width=\"444\"><iframe title=\"YouTube video player\" src=\"https:\/\/www.youtube.com\/embed\/zdYtTCoQbr0\" width=\"560\" height=\"315\" frameborder=\"0\" allowfullscreen=\"allowfullscreen\"><\/iframe><\/td>\n<\/tr>\n<\/tbody>\n<\/table>\n<h2 style=\"text-align: center;\"><span style=\"color: #8031a7;\">Abril 2021<\/span><\/h2>\n<table width=\"662\">\n<tbody>\n<tr>\n<td style=\"text-align: center;\" width=\"217\"><img loading=\"lazy\" decoding=\"async\" class=\"alignnone size-medium wp-image-1101\" src=\"\/igualdaddegenero\/wp-content\/uploads\/2021\/08\/30-de-abril.jpg\" alt=\"\" width=\"213\" height=\"300\" \/><\/td>\n<td style=\"text-align: center;\" width=\"444\"><iframe title=\"YouTube video player\" src=\"https:\/\/www.youtube.com\/embed\/dtaumCHzQXs\" width=\"560\" height=\"315\" frameborder=\"0\" allowfullscreen=\"allowfullscreen\"><\/iframe><\/td>\n<\/tr>\n<\/tbody>\n<\/table>\n<h2 style=\"text-align: center;\"><span style=\"color: #8031a7;\">Marzo 2021<\/span><\/h2>\n<table width=\"662\">\n<tbody>\n<tr>\n<td style=\"text-align: center;\" width=\"217\"><img decoding=\"async\" style=\"height: 300px;\" src=\"\/igualdaddegenero\/wp-content\/uploads\/2021\/08\/WhatsApp-Image-2021-08-09-at-2.01.18-PM.jpeg\" \/><\/td>\n<td style=\"text-align: center;\" width=\"444\"><iframe title=\"YouTube video player\" src=\"https:\/\/www.youtube.com\/embed\/Jd5eWBcTv_M\" width=\"560\" height=\"315\" frameborder=\"0\" allowfullscreen=\"allowfullscreen\"><\/iframe><\/td>\n<\/tr>\n<\/tbody>\n<\/table>\n<h2 style=\"text-align: center;\"><span style=\"color: #8031a7;\">Febrero 2021<\/span><\/h2>\n<table width=\"662\">\n<tbody>\n<tr>\n<td style=\"text-align: center;\" width=\"217\"><img decoding=\"async\" style=\"height: 300px;\" src=\"\/igualdaddegenero\/wp-content\/uploads\/2021\/08\/10-febrero.jpg\" \/><\/td>\n<td style=\"text-align: center;\" width=\"444\"><iframe title=\"YouTube video player\" src=\"https:\/\/www.youtube.com\/embed\/CMqNjj2I0XQ\" width=\"560\" height=\"315\" frameborder=\"0\" allowfullscreen=\"allowfullscreen\"><\/iframe><\/td>\n<\/tr>\n<tr>\n<td style=\"text-align: center;\" width=\"217\"><img decoding=\"async\" style=\"height: 300px;\" src=\"\/igualdaddegenero\/wp-content\/uploads\/2021\/08\/10-febrero.jpg\" \/><\/td>\n<td style=\"text-align: center;\" width=\"444\"><iframe title=\"YouTube video player\" src=\"https:\/\/www.youtube.com\/embed\/F9IgjjJmHxI\" width=\"560\" height=\"315\" frameborder=\"0\" allowfullscreen=\"allowfullscreen\"><\/iframe><\/td>\n<\/tr>\n<\/tbody>\n<\/table><\/div>\n\t\t\t\t\t\t\t\t\t<div class=\"elementor-tab-title elementor-tab-mobile-title\" aria-selected=\"false\" data-tab=\"3\" role=\"tab\" tabindex=\"-1\" aria-controls=\"elementor-tab-content-4103\" aria-expanded=\"false\">Publicaciones<\/div>\n\t\t\t\t\t<div id=\"elementor-tab-content-4103\" class=\"elementor-tab-content elementor-clearfix\" data-tab=\"3\" role=\"tabpanel\" aria-labelledby=\"elementor-tab-title-4103\" tabindex=\"0\" hidden=\"hidden\"><\/div>\n\t\t\t\t\t\t\t\t\t<div class=\"elementor-tab-title elementor-tab-mobile-title\" aria-selected=\"false\" data-tab=\"4\" role=\"tab\" tabindex=\"-1\" aria-controls=\"elementor-tab-content-4104\" aria-expanded=\"false\">Sitios de Inter\u00e9s<\/div>\n\t\t\t\t\t<div id=\"elementor-tab-content-4104\" class=\"elementor-tab-content elementor-clearfix\" data-tab=\"4\" role=\"tabpanel\" aria-labelledby=\"elementor-tab-title-4104\" tabindex=\"0\" hidden=\"hidden\"><h2 style=\"text-align: center;\"><span style=\"color: #8031a7;\">Estatal<\/span><\/h2><p><a href=\"http:\/\/www.triejal.gob.mx\/\">\u00a0 \u00a0 \u00a0 \u00a0 \u00a0 \u00a0 \u00a0 \u00a0 \u00a0 \u00a0 \u00a0 \u00a0 \u00a0 \u00a0 \u00a0 \u00a0 \u00a0 \u00a0 \u00a0 \u00a0 \u00a0 \u00a0<img loading=\"lazy\" decoding=\"async\" class=\"alignnone wp-image-459 \" src=\"https:\/\/www2.iepcjalisco.org.mx\/igualdaddegenero\/wp-content\/uploads\/2018\/03\/tribunal.png\" alt=\"\" width=\"112\" height=\"121\" \/><\/a>\u00a0 \u00a0 \u00a0 \u00a0 \u00a0 \u00a0 \u00a0 \u00a0 \u00a0 \u00a0 \u00a0 \u00a0 \u00a0 \u00a0 \u00a0\u00a0<a href=\"http:\/\/ijm.gob.mx\/\"><img loading=\"lazy\" decoding=\"async\" class=\"wp-image-452 size-full alignnone\" src=\"https:\/\/www2.iepcjalisco.org.mx\/igualdaddegenero\/wp-content\/uploads\/2018\/03\/ijm.png\" alt=\"\" width=\"220\" height=\"69\" \/>\u00a0 \u00a0 \u00a0 \u00a0 \u00a0 \u00a0 \u00a0 \u00a0 \u00a0\u00a0<\/a><a href=\"http:\/\/observatorioppm-jalisco.gob.mx\/\"><img loading=\"lazy\" decoding=\"async\" class=\"alignnone wp-image-457 \" src=\"https:\/\/www2.iepcjalisco.org.mx\/igualdaddegenero\/wp-content\/uploads\/2018\/03\/observatorio-300x102.png\" alt=\"\" width=\"235\" height=\"80\" srcset=\"https:\/\/www2.iepcjalisco.org.mx\/igualdaddegenero\/wp-content\/uploads\/2018\/03\/observatorio-300x102.png 300w, https:\/\/www2.iepcjalisco.org.mx\/igualdaddegenero\/wp-content\/uploads\/2018\/03\/observatorio.png 332w\" sizes=\"(max-width: 235px) 100vw, 235px\" \/><\/a><\/p><p><a href=\"http:\/\/coedis.jalisco.gob.mx\/\">\u00a0 \u00a0 \u00a0 \u00a0 \u00a0 \u00a0 \u00a0 \u00a0 \u00a0 \u00a0 \u00a0 \u00a0 \u00a0 \u00a0 \u00a0 \u00a0 \u00a0 \u00a0<img loading=\"lazy\" decoding=\"async\" class=\"alignnone wp-image-450 size-medium\" src=\"https:\/\/www2.iepcjalisco.org.mx\/igualdaddegenero\/wp-content\/uploads\/2018\/03\/coedis-300x71.png\" alt=\"\" width=\"300\" height=\"71\" srcset=\"https:\/\/www2.iepcjalisco.org.mx\/igualdaddegenero\/wp-content\/uploads\/2018\/03\/coedis-300x71.png 300w, https:\/\/www2.iepcjalisco.org.mx\/igualdaddegenero\/wp-content\/uploads\/2018\/03\/coedis.png 365w\" sizes=\"(max-width: 300px) 100vw, 300px\" \/><\/a><a href=\"http:\/\/cedhj.org.mx\/\"><img loading=\"lazy\" decoding=\"async\" class=\"alignnone wp-image-446\" src=\"https:\/\/www2.iepcjalisco.org.mx\/igualdaddegenero\/wp-content\/uploads\/2018\/03\/cedhj.png\" alt=\"\" width=\"205\" height=\"88\" \/><\/a>\u00a0 \u00a0 \u00a0 \u00a0 \u00a0 \u00a0 \u00a0 \u00a0 <a href=\"http:\/\/cei.jalisco.gob.mx\/\"><img loading=\"lazy\" decoding=\"async\" class=\"alignnone wp-image-447 size-medium\" src=\"https:\/\/www2.iepcjalisco.org.mx\/igualdaddegenero\/wp-content\/uploads\/2018\/03\/cei-300x71.png\" alt=\"\" width=\"300\" height=\"71\" srcset=\"https:\/\/www2.iepcjalisco.org.mx\/igualdaddegenero\/wp-content\/uploads\/2018\/03\/cei-300x71.png 300w, https:\/\/www2.iepcjalisco.org.mx\/igualdaddegenero\/wp-content\/uploads\/2018\/03\/cei.png 365w\" sizes=\"(max-width: 300px) 100vw, 300px\" \/><\/a><\/p><h2>\u00a0<\/h2><h2 style=\"text-align: center;\"><span style=\"color: #8031a7;\">Nacional\u00a0<\/span><\/h2><p>\u00a0 \u00a0 \u00a0 \u00a0 \u00a0 \u00a0 \u00a0 \u00a0 \u00a0 \u00a0 \u00a0\u00a0<a href=\"https:\/\/www.ine.mx\/category\/utignd\/\"><img loading=\"lazy\" decoding=\"async\" class=\"alignnone wp-image-463\" src=\"https:\/\/www2.iepcjalisco.org.mx\/igualdaddegenero\/wp-content\/uploads\/2018\/03\/ine2-300x122.jpg\" alt=\"\" width=\"248\" height=\"101\" srcset=\"https:\/\/www2.iepcjalisco.org.mx\/igualdaddegenero\/wp-content\/uploads\/2018\/03\/ine2-300x122.jpg 300w, https:\/\/www2.iepcjalisco.org.mx\/igualdaddegenero\/wp-content\/uploads\/2018\/03\/ine2-768x312.jpg 768w, https:\/\/www2.iepcjalisco.org.mx\/igualdaddegenero\/wp-content\/uploads\/2018\/03\/ine2.jpg 870w\" sizes=\"(max-width: 248px) 100vw, 248px\" \/>\u00a0 \u00a0 \u00a0 \u00a0 \u00a0 \u00a0 \u00a0 \u00a0<\/a><a href=\"http:\/\/portal.te.gob.mx\/category\/sala\/sala-regional-guadalajara\"><img loading=\"lazy\" decoding=\"async\" class=\"alignnone wp-image-693\" src=\"https:\/\/www2.iepcjalisco.org.mx\/igualdaddegenero\/wp-content\/uploads\/2018\/03\/tribunal-federal-300x57.jpg\" alt=\"\" width=\"279\" height=\"53\" srcset=\"https:\/\/www2.iepcjalisco.org.mx\/igualdaddegenero\/wp-content\/uploads\/2018\/03\/tribunal-federal-300x57.jpg 300w, https:\/\/www2.iepcjalisco.org.mx\/igualdaddegenero\/wp-content\/uploads\/2018\/03\/tribunal-federal.jpg 363w\" sizes=\"(max-width: 279px) 100vw, 279px\" \/><\/a>\u00a0 \u00a0 \u00a0 \u00a0 \u00a0 \u00a0<a href=\"https:\/\/www.gob.mx\/inmujeres\/\"><img loading=\"lazy\" decoding=\"async\" class=\"alignnone wp-image-454\" src=\"https:\/\/www2.iepcjalisco.org.mx\/igualdaddegenero\/wp-content\/uploads\/2018\/03\/inmu.png\" alt=\"\" width=\"231\" height=\"76\" \/><\/a><\/p><p>\u00a0 \u00a0 \u00a0 \u00a0 \u00a0 \u00a0 \u00a0 \u00a0\u00a0<a href=\"http:\/\/www.conapred.org.mx\/\"><img loading=\"lazy\" decoding=\"async\" class=\"alignnone wp-image-695\" src=\"https:\/\/www2.iepcjalisco.org.mx\/igualdaddegenero\/wp-content\/uploads\/2018\/03\/cnpd.jpg\" alt=\"\" width=\"261\" height=\"116\" \/><\/a>\u00a0 \u00a0 \u00a0 \u00a0 \u00a0 \u00a0 \u00a0 \u00a0 \u00a0 \u00a0 \u00a0<a href=\"http:\/\/observatorio.inmujeres.gob.mx\/\"><img loading=\"lazy\" decoding=\"async\" class=\"alignnone wp-image-456\" src=\"https:\/\/www2.iepcjalisco.org.mx\/igualdaddegenero\/wp-content\/uploads\/2018\/03\/observatorio-nac.png\" alt=\"\" width=\"207\" height=\"83\" \/><\/a>\u00a0 \u00a0 \u00a0 \u00a0 \u00a0 \u00a0 \u00a0 \u00a0 \u00a0\u00a0<a href=\"http:\/\/www.cndh.org.mx\/\"><img loading=\"lazy\" decoding=\"async\" class=\"alignnone wp-image-449 size-medium\" src=\"https:\/\/www2.iepcjalisco.org.mx\/igualdaddegenero\/wp-content\/uploads\/2018\/03\/cndh-300x57.png\" alt=\"\" width=\"300\" height=\"57\" srcset=\"https:\/\/www2.iepcjalisco.org.mx\/igualdaddegenero\/wp-content\/uploads\/2018\/03\/cndh-300x57.png 300w, https:\/\/www2.iepcjalisco.org.mx\/igualdaddegenero\/wp-content\/uploads\/2018\/03\/cndh.png 444w\" sizes=\"(max-width: 300px) 100vw, 300px\" \/><\/a><\/p><h2>\u00a0<\/h2><h2 style=\"text-align: center;\"><span style=\"color: #8031a7;\">Internacional\u00a0\u00a0<\/span><\/h2><p>\u00a0 \u00a0 \u00a0 \u00a0 \u00a0 \u00a0 \u00a0 \u00a0 \u00a0 \u00a0 \u00a0 \u00a0 \u00a0\u00a0<a href=\"http:\/\/www.unwomen.org\/es\"><img loading=\"lazy\" decoding=\"async\" class=\"alignnone wp-image-458\" src=\"https:\/\/www2.iepcjalisco.org.mx\/igualdaddegenero\/wp-content\/uploads\/2018\/03\/onu.png\" alt=\"\" width=\"213\" height=\"55\" \/><\/a>\u00a0 \u00a0 \u00a0 \u00a0 \u00a0 \u00a0 \u00a0 \u00a0 \u00a0 \u00a0 \u00a0 \u00a0\u00a0<a href=\"https:\/\/www.cepal.org\/es\/areas-de-trabajo\/asuntos-de-genero\"><img loading=\"lazy\" decoding=\"async\" class=\"alignnone wp-image-448\" src=\"https:\/\/www2.iepcjalisco.org.mx\/igualdaddegenero\/wp-content\/uploads\/2018\/03\/cepal-300x150.png\" alt=\"\" width=\"208\" height=\"104\" srcset=\"https:\/\/www2.iepcjalisco.org.mx\/igualdaddegenero\/wp-content\/uploads\/2018\/03\/cepal-300x150.png 300w, https:\/\/www2.iepcjalisco.org.mx\/igualdaddegenero\/wp-content\/uploads\/2018\/03\/cepal.png 400w\" sizes=\"(max-width: 208px) 100vw, 208px\" \/><\/a>\u00a0 \u00a0 \u00a0 \u00a0 \u00a0 \u00a0 \u00a0 \u00a0 \u00a0 \u00a0 \u00a0 \u00a0 \u00a0 \u00a0 <a href=\"https:\/\/oig.cepal.org\/es\"><img loading=\"lazy\" decoding=\"async\" class=\"alignnone wp-image-698\" src=\"https:\/\/www2.iepcjalisco.org.mx\/igualdaddegenero\/wp-content\/uploads\/2018\/03\/5415.png\" alt=\"\" width=\"128\" height=\"128\" srcset=\"https:\/\/www2.iepcjalisco.org.mx\/igualdaddegenero\/wp-content\/uploads\/2018\/03\/5415.png 240w, https:\/\/www2.iepcjalisco.org.mx\/igualdaddegenero\/wp-content\/uploads\/2018\/03\/5415-150x150.png 150w\" sizes=\"(max-width: 128px) 100vw, 128px\" \/><\/a><\/p><p>\u00a0 \u00a0 \u00a0 \u00a0 \u00a0 \u00a0 \u00a0\u00a0<a href=\"http:\/\/www.oas.org\/es\/cidh\/\"><img loading=\"lazy\" decoding=\"async\" class=\"alignnone wp-image-699\" src=\"https:\/\/www2.iepcjalisco.org.mx\/igualdaddegenero\/wp-content\/uploads\/2018\/03\/cidh-300x201.jpg\" alt=\"\" width=\"275\" height=\"184\" srcset=\"https:\/\/www2.iepcjalisco.org.mx\/igualdaddegenero\/wp-content\/uploads\/2018\/03\/cidh-300x201.jpg 300w, https:\/\/www2.iepcjalisco.org.mx\/igualdaddegenero\/wp-content\/uploads\/2018\/03\/cidh.jpg 365w\" sizes=\"(max-width: 275px) 100vw, 275px\" \/><\/a>\u00a0 \u00a0 \u00a0 \u00a0 \u00a0 \u00a0 \u00a0 \u00a0 \u00a0 \u00a0 \u00a0 \u00a0<a href=\"http:\/\/iknowpolitics.org\/es\"><img loading=\"lazy\" decoding=\"async\" class=\"alignnone wp-image-700\" src=\"https:\/\/www2.iepcjalisco.org.mx\/igualdaddegenero\/wp-content\/uploads\/2018\/03\/iknow.jpg\" alt=\"\" width=\"160\" height=\"95\" \/><\/a><\/p><\/div>\n\t\t\t\t\t\t\t<\/div>\n\t\t<\/div>\n\t\t\t\t\t\t<\/div>\n\t\t\t\t<\/div>\n\t\t\t\t<div class=\"elementor-element elementor-element-a94ce0c galeria elementor-widget elementor-widget-text-editor\" data-id=\"a94ce0c\" data-element_type=\"widget\" data-widget_type=\"text-editor.default\">\n\t\t\t\t<div class=\"elementor-widget-container\">\n\t\t\t\t\t\t\t\t\t<h2 style=\"text-align: center;\"><span style=\"color: #8031a7;\">Publicaciones especializadas<\/span><\/h2>\t\t\t\t\t\t\t\t<\/div>\n\t\t\t\t<\/div>\n\t\t\t\t\t<\/div>\n\t\t<\/div>\n\t\t\t\t\t<\/div>\n\t\t<\/section>\n\t\t\t\t<section class=\"elementor-section elementor-inner-section elementor-element elementor-element-72a364d elementor-section-boxed elementor-section-height-default elementor-section-height-default\" data-id=\"72a364d\" data-element_type=\"section\">\n\t\t\t\t\t\t<div class=\"elementor-container elementor-column-gap-default\">\n\t\t\t\t\t<div class=\"elementor-column elementor-col-33 elementor-inner-column elementor-element elementor-element-72e74d9\" data-id=\"72e74d9\" data-element_type=\"column\">\n\t\t\t<div class=\"elementor-widget-wrap elementor-element-populated\">\n\t\t\t\t\t\t<div class=\"elementor-element elementor-element-18ee7a0 galeria elementor-widget elementor-widget-image\" data-id=\"18ee7a0\" data-element_type=\"widget\" data-widget_type=\"image.default\">\n\t\t\t\t<div class=\"elementor-widget-container\">\n\t\t\t\t\t\t\t\t\t\t\t\t\t\t\t\t<a href=\"https:\/\/www2.iepcjalisco.org.mx\/igualdaddegenero\/wp-content\/uploads\/2018\/03\/Elecciones-y-Paridad-de-genero-Jalisco-2015.pdf\" target=\"_blank\">\n\t\t\t\t\t\t\t<img loading=\"lazy\" decoding=\"async\" width=\"186\" height=\"300\" src=\"https:\/\/www2.iepcjalisco.org.mx\/igualdaddegenero\/wp-content\/uploads\/2018\/03\/elecciones-y-paridad-186x300.png\" class=\"attachment-medium size-medium wp-image-423\" alt=\"\" srcset=\"https:\/\/www2.iepcjalisco.org.mx\/igualdaddegenero\/wp-content\/uploads\/2018\/03\/elecciones-y-paridad-186x300.png 186w, https:\/\/www2.iepcjalisco.org.mx\/igualdaddegenero\/wp-content\/uploads\/2018\/03\/elecciones-y-paridad-636x1024.png 636w, https:\/\/www2.iepcjalisco.org.mx\/igualdaddegenero\/wp-content\/uploads\/2018\/03\/elecciones-y-paridad.png 759w\" sizes=\"(max-width: 186px) 100vw, 186px\" \/>\t\t\t\t\t\t\t\t<\/a>\n\t\t\t\t\t\t\t\t\t\t\t\t\t\t\t<\/div>\n\t\t\t\t<\/div>\n\t\t\t\t\t<\/div>\n\t\t<\/div>\n\t\t\t\t<div class=\"elementor-column elementor-col-33 elementor-inner-column elementor-element elementor-element-f7a32f5\" data-id=\"f7a32f5\" data-element_type=\"column\">\n\t\t\t<div class=\"elementor-widget-wrap elementor-element-populated\">\n\t\t\t\t\t\t<div class=\"elementor-element elementor-element-1ee641e galeria elementor-widget elementor-widget-image\" data-id=\"1ee641e\" data-element_type=\"widget\" data-widget_type=\"image.default\">\n\t\t\t\t<div class=\"elementor-widget-container\">\n\t\t\t\t\t\t\t\t\t\t\t\t\t\t\t\t<a href=\"https:\/\/www2.iepcjalisco.org.mx\/igualdaddegenero\/wp-content\/uploads\/2018\/03\/DE-LAS-CUOTAS-A-LA-PARIDAD-\u00bfQUE-GANAMOS.pdf\" target=\"_blank\">\n\t\t\t\t\t\t\t<img loading=\"lazy\" decoding=\"async\" width=\"203\" height=\"300\" src=\"https:\/\/www2.iepcjalisco.org.mx\/igualdaddegenero\/wp-content\/uploads\/2018\/03\/de-las-cuotas-a-la-paridad-203x300.jpg\" class=\"attachment-medium size-medium wp-image-783\" alt=\"\" srcset=\"https:\/\/www2.iepcjalisco.org.mx\/igualdaddegenero\/wp-content\/uploads\/2018\/03\/de-las-cuotas-a-la-paridad-203x300.jpg 203w, https:\/\/www2.iepcjalisco.org.mx\/igualdaddegenero\/wp-content\/uploads\/2018\/03\/de-las-cuotas-a-la-paridad.jpg 210w\" sizes=\"(max-width: 203px) 100vw, 203px\" \/>\t\t\t\t\t\t\t\t<\/a>\n\t\t\t\t\t\t\t\t\t\t\t\t\t\t\t<\/div>\n\t\t\t\t<\/div>\n\t\t\t\t\t<\/div>\n\t\t<\/div>\n\t\t\t\t<div class=\"elementor-column elementor-col-33 elementor-inner-column elementor-element elementor-element-eb69c26\" data-id=\"eb69c26\" data-element_type=\"column\">\n\t\t\t<div class=\"elementor-widget-wrap elementor-element-populated\">\n\t\t\t\t\t\t<div class=\"elementor-element elementor-element-70fafba galeria elementor-widget elementor-widget-image\" data-id=\"70fafba\" data-element_type=\"widget\" data-widget_type=\"image.default\">\n\t\t\t\t<div class=\"elementor-widget-container\">\n\t\t\t\t\t\t\t\t\t\t\t\t\t\t\t\t<a href=\"http:\/\/www.iepcjalisco.org.mx\/sites\/default\/files\/unidad-editorial\/publicaciones\/cuota_de_genero._una_sentencia_historica.pdf\">\n\t\t\t\t\t\t\t<img loading=\"lazy\" decoding=\"async\" width=\"200\" height=\"300\" src=\"https:\/\/www2.iepcjalisco.org.mx\/igualdaddegenero\/wp-content\/uploads\/2018\/03\/cuota-de-g\u00e9nero-200x300.png\" class=\"attachment-medium size-medium wp-image-415\" alt=\"\" \/>\t\t\t\t\t\t\t\t<\/a>\n\t\t\t\t\t\t\t\t\t\t\t\t\t\t\t<\/div>\n\t\t\t\t<\/div>\n\t\t\t\t\t<\/div>\n\t\t<\/div>\n\t\t\t\t\t<\/div>\n\t\t<\/section>\n\t\t\t\t<section class=\"elementor-section elementor-inner-section elementor-element elementor-element-a84c7ed elementor-section-boxed elementor-section-height-default elementor-section-height-default\" data-id=\"a84c7ed\" data-element_type=\"section\">\n\t\t\t\t\t\t<div class=\"elementor-container elementor-column-gap-default\">\n\t\t\t\t\t<div class=\"elementor-column elementor-col-50 elementor-inner-column elementor-element elementor-element-a4dd304\" data-id=\"a4dd304\" data-element_type=\"column\">\n\t\t\t<div class=\"elementor-widget-wrap elementor-element-populated\">\n\t\t\t\t\t\t<div class=\"elementor-element elementor-element-4be76a3 galeria elementor-widget elementor-widget-image\" data-id=\"4be76a3\" data-element_type=\"widget\" data-widget_type=\"image.default\">\n\t\t\t\t<div class=\"elementor-widget-container\">\n\t\t\t\t\t\t\t\t\t\t\t\t\t\t\t\t<a href=\"https:\/\/www2.iepcjalisco.org.mx\/igualdaddegenero\/wp-content\/uploads\/2018\/03\/la_representacion_politica_de_las_mujeres_en_mex.pdf\">\n\t\t\t\t\t\t\t<img loading=\"lazy\" decoding=\"async\" width=\"204\" height=\"300\" src=\"https:\/\/www2.iepcjalisco.org.mx\/igualdaddegenero\/wp-content\/uploads\/2018\/03\/la-representaci\u00f3n-1-204x300.jpg\" class=\"attachment-medium size-medium wp-image-883\" alt=\"\" srcset=\"https:\/\/www2.iepcjalisco.org.mx\/igualdaddegenero\/wp-content\/uploads\/2018\/03\/la-representaci\u00f3n-1-204x300.jpg 204w, https:\/\/www2.iepcjalisco.org.mx\/igualdaddegenero\/wp-content\/uploads\/2018\/03\/la-representaci\u00f3n-1.jpg 560w\" sizes=\"(max-width: 204px) 100vw, 204px\" \/>\t\t\t\t\t\t\t\t<\/a>\n\t\t\t\t\t\t\t\t\t\t\t\t\t\t\t<\/div>\n\t\t\t\t<\/div>\n\t\t\t\t\t<\/div>\n\t\t<\/div>\n\t\t\t\t<div class=\"elementor-column elementor-col-50 elementor-inner-column elementor-element elementor-element-c55adb5\" data-id=\"c55adb5\" data-element_type=\"column\">\n\t\t\t<div class=\"elementor-widget-wrap elementor-element-populated\">\n\t\t\t\t\t\t<div class=\"elementor-element elementor-element-a98bf4e galeria elementor-widget elementor-widget-image\" data-id=\"a98bf4e\" data-element_type=\"widget\" data-widget_type=\"image.default\">\n\t\t\t\t<div class=\"elementor-widget-container\">\n\t\t\t\t\t\t\t\t\t\t\t\t\t\t\t\t<a href=\"https:\/\/www2.iepcjalisco.org.mx\/igualdaddegenero\/wp-content\/uploads\/2018\/03\/cuando-hacer-politica-te-cuesta-la-vida-1.pdf\">\n\t\t\t\t\t\t\t<img loading=\"lazy\" decoding=\"async\" width=\"208\" height=\"300\" src=\"https:\/\/www2.iepcjalisco.org.mx\/igualdaddegenero\/wp-content\/uploads\/2018\/03\/cuando-hacer-politica-208x300.jpg\" class=\"attachment-medium size-medium wp-image-836\" alt=\"\" srcset=\"https:\/\/www2.iepcjalisco.org.mx\/igualdaddegenero\/wp-content\/uploads\/2018\/03\/cuando-hacer-politica-208x300.jpg 208w, https:\/\/www2.iepcjalisco.org.mx\/igualdaddegenero\/wp-content\/uploads\/2018\/03\/cuando-hacer-politica.jpg 603w\" sizes=\"(max-width: 208px) 100vw, 208px\" \/>\t\t\t\t\t\t\t\t<\/a>\n\t\t\t\t\t\t\t\t\t\t\t\t\t\t\t<\/div>\n\t\t\t\t<\/div>\n\t\t\t\t\t<\/div>\n\t\t<\/div>\n\t\t\t\t\t<\/div>\n\t\t<\/section>\n\t\t\t\t<section class=\"elementor-section elementor-inner-section elementor-element elementor-element-f27056b elementor-section-boxed elementor-section-height-default elementor-section-height-default\" data-id=\"f27056b\" data-element_type=\"section\">\n\t\t\t\t\t\t<div class=\"elementor-container elementor-column-gap-default\">\n\t\t\t\t\t<div class=\"elementor-column elementor-col-50 elementor-inner-column elementor-element elementor-element-0a67c6a\" data-id=\"0a67c6a\" data-element_type=\"column\">\n\t\t\t<div class=\"elementor-widget-wrap elementor-element-populated\">\n\t\t\t\t\t\t<div class=\"elementor-element elementor-element-1868d72 galeria elementor-widget elementor-widget-image\" data-id=\"1868d72\" data-element_type=\"widget\" data-widget_type=\"image.default\">\n\t\t\t\t<div class=\"elementor-widget-container\">\n\t\t\t\t\t\t\t\t\t\t\t\t\t\t\t\t<a href=\"https:\/\/www2.iepcjalisco.org.mx\/igualdaddegenero\/wp-content\/uploads\/2018\/03\/DEMOCRACIA-PARITARIA_.pdf\">\n\t\t\t\t\t\t\t<img loading=\"lazy\" decoding=\"async\" width=\"204\" height=\"300\" src=\"https:\/\/www2.iepcjalisco.org.mx\/igualdaddegenero\/wp-content\/uploads\/2018\/03\/la-democracia-paritaria-en-america-latina-204x300.jpg\" class=\"attachment-medium size-medium wp-image-879\" alt=\"\" srcset=\"https:\/\/www2.iepcjalisco.org.mx\/igualdaddegenero\/wp-content\/uploads\/2018\/03\/la-democracia-paritaria-en-america-latina-204x300.jpg 204w, https:\/\/www2.iepcjalisco.org.mx\/igualdaddegenero\/wp-content\/uploads\/2018\/03\/la-democracia-paritaria-en-america-latina.jpg 560w\" sizes=\"(max-width: 204px) 100vw, 204px\" \/>\t\t\t\t\t\t\t\t<\/a>\n\t\t\t\t\t\t\t\t\t\t\t\t\t\t\t<\/div>\n\t\t\t\t<\/div>\n\t\t\t\t\t<\/div>\n\t\t<\/div>\n\t\t\t\t<div class=\"elementor-column elementor-col-50 elementor-inner-column elementor-element elementor-element-34ecb1e\" data-id=\"34ecb1e\" data-element_type=\"column\">\n\t\t\t<div class=\"elementor-widget-wrap elementor-element-populated\">\n\t\t\t\t\t\t<div class=\"elementor-element elementor-element-ce7bd68 galeria elementor-widget elementor-widget-image\" data-id=\"ce7bd68\" data-element_type=\"widget\" data-widget_type=\"image.default\">\n\t\t\t\t<div class=\"elementor-widget-container\">\n\t\t\t\t\t\t\t\t\t\t\t\t\t\t\t\t<a href=\"https:\/\/www2.iepcjalisco.org.mx\/igualdaddegenero\/wp-content\/uploads\/2018\/03\/consolidar-democracia-paritaria-pma-27-nov-2015.pdf\">\n\t\t\t\t\t\t\t<img loading=\"lazy\" decoding=\"async\" width=\"204\" height=\"300\" src=\"https:\/\/www2.iepcjalisco.org.mx\/igualdaddegenero\/wp-content\/uploads\/2018\/03\/escanear0027-1-204x300.jpg\" class=\"attachment-medium size-medium wp-image-877\" alt=\"\" srcset=\"https:\/\/www2.iepcjalisco.org.mx\/igualdaddegenero\/wp-content\/uploads\/2018\/03\/escanear0027-1-204x300.jpg 204w, https:\/\/www2.iepcjalisco.org.mx\/igualdaddegenero\/wp-content\/uploads\/2018\/03\/escanear0027-1.jpg 560w\" sizes=\"(max-width: 204px) 100vw, 204px\" \/>\t\t\t\t\t\t\t\t<\/a>\n\t\t\t\t\t\t\t\t\t\t\t\t\t\t\t<\/div>\n\t\t\t\t<\/div>\n\t\t\t\t\t<\/div>\n\t\t<\/div>\n\t\t\t\t\t<\/div>\n\t\t<\/section>\n\t\t\t\t<section class=\"elementor-section elementor-inner-section elementor-element elementor-element-e05381c elementor-section-boxed elementor-section-height-default elementor-section-height-default\" data-id=\"e05381c\" data-element_type=\"section\">\n\t\t\t\t\t\t<div class=\"elementor-container elementor-column-gap-default\">\n\t\t\t\t\t<div class=\"elementor-column elementor-col-50 elementor-inner-column elementor-element elementor-element-4d7dd3e\" data-id=\"4d7dd3e\" data-element_type=\"column\">\n\t\t\t<div class=\"elementor-widget-wrap elementor-element-populated\">\n\t\t\t\t\t\t<div class=\"elementor-element elementor-element-2b2db03 galeria elementor-widget elementor-widget-image\" data-id=\"2b2db03\" data-element_type=\"widget\" data-widget_type=\"image.default\">\n\t\t\t\t<div class=\"elementor-widget-container\">\n\t\t\t\t\t\t\t\t\t\t\t\t\t\t\t\t<a href=\"https:\/\/www2.iepcjalisco.org.mx\/igualdaddegenero\/wp-content\/uploads\/2018\/03\/vol-2-Democracia-Procesos-y-circunstancias.pdf\">\n\t\t\t\t\t\t\t<img loading=\"lazy\" decoding=\"async\" width=\"184\" height=\"300\" src=\"https:\/\/www2.iepcjalisco.org.mx\/igualdaddegenero\/wp-content\/uploads\/2018\/03\/para_discutir_la_accion_afirmativa_vol.2-184x300.jpg\" class=\"attachment-medium size-medium wp-image-796\" alt=\"\" srcset=\"https:\/\/www2.iepcjalisco.org.mx\/igualdaddegenero\/wp-content\/uploads\/2018\/03\/para_discutir_la_accion_afirmativa_vol.2-184x300.jpg 184w, https:\/\/www2.iepcjalisco.org.mx\/igualdaddegenero\/wp-content\/uploads\/2018\/03\/para_discutir_la_accion_afirmativa_vol.2-768x1255.jpg 768w, https:\/\/www2.iepcjalisco.org.mx\/igualdaddegenero\/wp-content\/uploads\/2018\/03\/para_discutir_la_accion_afirmativa_vol.2-627x1024.jpg 627w, https:\/\/www2.iepcjalisco.org.mx\/igualdaddegenero\/wp-content\/uploads\/2018\/03\/para_discutir_la_accion_afirmativa_vol.2.jpg 850w\" sizes=\"(max-width: 184px) 100vw, 184px\" \/>\t\t\t\t\t\t\t\t<\/a>\n\t\t\t\t\t\t\t\t\t\t\t\t\t\t\t<\/div>\n\t\t\t\t<\/div>\n\t\t\t\t\t<\/div>\n\t\t<\/div>\n\t\t\t\t<div class=\"elementor-column elementor-col-50 elementor-inner-column elementor-element elementor-element-97849fd\" data-id=\"97849fd\" data-element_type=\"column\">\n\t\t\t<div class=\"elementor-widget-wrap elementor-element-populated\">\n\t\t\t\t\t\t<div class=\"elementor-element elementor-element-06be49c galeria elementor-widget elementor-widget-image\" data-id=\"06be49c\" data-element_type=\"widget\" data-widget_type=\"image.default\">\n\t\t\t\t<div class=\"elementor-widget-container\">\n\t\t\t\t\t\t\t\t\t\t\t\t\t\t\t\t<a href=\"https:\/\/www2.iepcjalisco.org.mx\/igualdaddegenero\/wp-content\/uploads\/2018\/03\/para_discutir_la_accion_afirmativa_vol._1.pdf\">\n\t\t\t\t\t\t\t<img loading=\"lazy\" decoding=\"async\" width=\"184\" height=\"300\" src=\"https:\/\/www2.iepcjalisco.org.mx\/igualdaddegenero\/wp-content\/uploads\/2018\/03\/para_discutir_la_accion_afirmativa_vol.1-184x300.jpg\" class=\"attachment-medium size-medium wp-image-795\" alt=\"\" srcset=\"https:\/\/www2.iepcjalisco.org.mx\/igualdaddegenero\/wp-content\/uploads\/2018\/03\/para_discutir_la_accion_afirmativa_vol.1-184x300.jpg 184w, https:\/\/www2.iepcjalisco.org.mx\/igualdaddegenero\/wp-content\/uploads\/2018\/03\/para_discutir_la_accion_afirmativa_vol.1-768x1255.jpg 768w, https:\/\/www2.iepcjalisco.org.mx\/igualdaddegenero\/wp-content\/uploads\/2018\/03\/para_discutir_la_accion_afirmativa_vol.1-627x1024.jpg 627w, https:\/\/www2.iepcjalisco.org.mx\/igualdaddegenero\/wp-content\/uploads\/2018\/03\/para_discutir_la_accion_afirmativa_vol.1.jpg 850w\" sizes=\"(max-width: 184px) 100vw, 184px\" \/>\t\t\t\t\t\t\t\t<\/a>\n\t\t\t\t\t\t\t\t\t\t\t\t\t\t\t<\/div>\n\t\t\t\t<\/div>\n\t\t\t\t\t<\/div>\n\t\t<\/div>\n\t\t\t\t\t<\/div>\n\t\t<\/section>\n\t\t\t\t<section class=\"elementor-section elementor-inner-section elementor-element elementor-element-5a27e4d elementor-section-boxed elementor-section-height-default elementor-section-height-default\" data-id=\"5a27e4d\" data-element_type=\"section\">\n\t\t\t\t\t\t<div class=\"elementor-container elementor-column-gap-default\">\n\t\t\t\t\t<div class=\"elementor-column elementor-col-50 elementor-inner-column elementor-element elementor-element-5afac7d\" data-id=\"5afac7d\" data-element_type=\"column\">\n\t\t\t<div class=\"elementor-widget-wrap elementor-element-populated\">\n\t\t\t\t\t\t<div class=\"elementor-element elementor-element-36ade16 galeria elementor-widget elementor-widget-image\" data-id=\"36ade16\" data-element_type=\"widget\" data-widget_type=\"image.default\">\n\t\t\t\t<div class=\"elementor-widget-container\">\n\t\t\t\t\t\t\t\t\t\t\t\t\t\t\t\t<a href=\"https:\/\/www2.iepcjalisco.org.mx\/igualdaddegenero\/wp-content\/uploads\/2018\/03\/catedra_2015_-_obstaculos_merino_web_inaccss.pdf\" target=\"_blank\">\n\t\t\t\t\t\t\t<img loading=\"lazy\" decoding=\"async\" width=\"203\" height=\"300\" src=\"https:\/\/www2.iepcjalisco.org.mx\/igualdaddegenero\/wp-content\/uploads\/2018\/03\/obstaculos-203x300.jpg\" class=\"attachment-medium size-medium wp-image-793\" alt=\"\" srcset=\"https:\/\/www2.iepcjalisco.org.mx\/igualdaddegenero\/wp-content\/uploads\/2018\/03\/obstaculos-203x300.jpg 203w, https:\/\/www2.iepcjalisco.org.mx\/igualdaddegenero\/wp-content\/uploads\/2018\/03\/obstaculos.jpg 210w\" sizes=\"(max-width: 203px) 100vw, 203px\" \/>\t\t\t\t\t\t\t\t<\/a>\n\t\t\t\t\t\t\t\t\t\t\t\t\t\t\t<\/div>\n\t\t\t\t<\/div>\n\t\t\t\t\t<\/div>\n\t\t<\/div>\n\t\t\t\t<div class=\"elementor-column elementor-col-50 elementor-inner-column elementor-element elementor-element-f080bb3\" data-id=\"f080bb3\" data-element_type=\"column\">\n\t\t\t<div class=\"elementor-widget-wrap elementor-element-populated\">\n\t\t\t\t\t\t<div class=\"elementor-element elementor-element-b74c8eb galeria elementor-widget elementor-widget-image\" data-id=\"b74c8eb\" data-element_type=\"widget\" data-widget_type=\"image.default\">\n\t\t\t\t<div class=\"elementor-widget-container\">\n\t\t\t\t\t\t\t\t\t\t\t\t\t\t\t\t<a href=\"https:\/\/www2.iepcjalisco.org.mx\/igualdaddegenero\/wp-content\/uploads\/2018\/03\/Igualdad-no-discriminacion-y-derechos-sociales-Ax-1.pdf\" target=\"_blank\">\n\t\t\t\t\t\t\t<img loading=\"lazy\" decoding=\"async\" width=\"187\" height=\"300\" src=\"https:\/\/www2.iepcjalisco.org.mx\/igualdaddegenero\/wp-content\/uploads\/2018\/03\/156782-187x300.jpg\" class=\"attachment-medium size-medium wp-image-785\" alt=\"\" srcset=\"https:\/\/www2.iepcjalisco.org.mx\/igualdaddegenero\/wp-content\/uploads\/2018\/03\/156782-187x300.jpg 187w, https:\/\/www2.iepcjalisco.org.mx\/igualdaddegenero\/wp-content\/uploads\/2018\/03\/156782.jpg 296w\" sizes=\"(max-width: 187px) 100vw, 187px\" \/>\t\t\t\t\t\t\t\t<\/a>\n\t\t\t\t\t\t\t\t\t\t\t\t\t\t\t<\/div>\n\t\t\t\t<\/div>\n\t\t\t\t\t<\/div>\n\t\t<\/div>\n\t\t\t\t\t<\/div>\n\t\t<\/section>\n\t\t\t\t<section class=\"elementor-section elementor-inner-section elementor-element elementor-element-89b33e8 elementor-section-boxed elementor-section-height-default elementor-section-height-default\" data-id=\"89b33e8\" data-element_type=\"section\">\n\t\t\t\t\t\t<div class=\"elementor-container elementor-column-gap-default\">\n\t\t\t\t\t<div class=\"elementor-column elementor-col-50 elementor-inner-column elementor-element elementor-element-cc5b0be\" data-id=\"cc5b0be\" data-element_type=\"column\">\n\t\t\t<div class=\"elementor-widget-wrap elementor-element-populated\">\n\t\t\t\t\t\t<div class=\"elementor-element elementor-element-617c564 galeria elementor-widget elementor-widget-image\" data-id=\"617c564\" data-element_type=\"widget\" data-widget_type=\"image.default\">\n\t\t\t\t<div class=\"elementor-widget-container\">\n\t\t\t\t\t\t\t\t\t\t\t\t\t\t\t\t<a href=\"https:\/\/www2.iepcjalisco.org.mx\/igualdaddegenero\/wp-content\/uploads\/2018\/03\/Hacia-una-democracia-paritaria.pdf\">\n\t\t\t\t\t\t\t<img loading=\"lazy\" decoding=\"async\" width=\"218\" height=\"300\" src=\"https:\/\/www2.iepcjalisco.org.mx\/igualdaddegenero\/wp-content\/uploads\/2018\/03\/hacia-una-democracia-218x300.png\" class=\"attachment-medium size-medium wp-image-427\" alt=\"\" srcset=\"https:\/\/www2.iepcjalisco.org.mx\/igualdaddegenero\/wp-content\/uploads\/2018\/03\/hacia-una-democracia-218x300.png 218w, https:\/\/www2.iepcjalisco.org.mx\/igualdaddegenero\/wp-content\/uploads\/2018\/03\/hacia-una-democracia.png 504w\" sizes=\"(max-width: 218px) 100vw, 218px\" \/>\t\t\t\t\t\t\t\t<\/a>\n\t\t\t\t\t\t\t\t\t\t\t\t\t\t\t<\/div>\n\t\t\t\t<\/div>\n\t\t\t\t\t<\/div>\n\t\t<\/div>\n\t\t\t\t<div class=\"elementor-column elementor-col-50 elementor-inner-column elementor-element elementor-element-c70ba3b\" data-id=\"c70ba3b\" data-element_type=\"column\">\n\t\t\t<div class=\"elementor-widget-wrap elementor-element-populated\">\n\t\t\t\t\t\t<div class=\"elementor-element elementor-element-93941e6 galeria elementor-widget elementor-widget-image\" data-id=\"93941e6\" data-element_type=\"widget\" data-widget_type=\"image.default\">\n\t\t\t\t<div class=\"elementor-widget-container\">\n\t\t\t\t\t\t\t\t\t\t\t\t\t\t\t\t<a href=\"https:\/\/www2.iepcjalisco.org.mx\/igualdaddegenero\/wp-content\/uploads\/2018\/03\/Mujeres-juntas.pdf\" target=\"_blank\">\n\t\t\t\t\t\t\t<img loading=\"lazy\" decoding=\"async\" width=\"219\" height=\"300\" src=\"https:\/\/www2.iepcjalisco.org.mx\/igualdaddegenero\/wp-content\/uploads\/2018\/03\/mujeres-juntas-219x300.jpg\" class=\"attachment-medium size-medium wp-image-432\" alt=\"\" srcset=\"https:\/\/www2.iepcjalisco.org.mx\/igualdaddegenero\/wp-content\/uploads\/2018\/03\/mujeres-juntas-219x300.jpg 219w, https:\/\/www2.iepcjalisco.org.mx\/igualdaddegenero\/wp-content\/uploads\/2018\/03\/mujeres-juntas.jpg 320w\" sizes=\"(max-width: 219px) 100vw, 219px\" \/>\t\t\t\t\t\t\t\t<\/a>\n\t\t\t\t\t\t\t\t\t\t\t\t\t\t\t<\/div>\n\t\t\t\t<\/div>\n\t\t\t\t\t<\/div>\n\t\t<\/div>\n\t\t\t\t\t<\/div>\n\t\t<\/section>\n\t\t\t\t<div class=\"elementor-element elementor-element-90fcf1e galeria elementor-widget elementor-widget-text-editor\" data-id=\"90fcf1e\" data-element_type=\"widget\" data-widget_type=\"text-editor.default\">\n\t\t\t\t<div class=\"elementor-widget-container\">\n\t\t\t\t\t\t\t\t\t<h2 style=\"text-align: center;\"><span style=\"color: #8031a7;\">Revistas<\/span><\/h2>\t\t\t\t\t\t\t\t<\/div>\n\t\t\t\t<\/div>\n\t\t\t\t<section class=\"elementor-section elementor-inner-section elementor-element elementor-element-845acc4 elementor-section-boxed elementor-section-height-default elementor-section-height-default\" data-id=\"845acc4\" data-element_type=\"section\">\n\t\t\t\t\t\t<div class=\"elementor-container elementor-column-gap-default\">\n\t\t\t\t\t<div class=\"elementor-column elementor-col-33 elementor-inner-column elementor-element elementor-element-d6b9b62\" data-id=\"d6b9b62\" data-element_type=\"column\">\n\t\t\t<div class=\"elementor-widget-wrap elementor-element-populated\">\n\t\t\t\t\t\t<div class=\"elementor-element elementor-element-2ee4c3f galeria elementor-widget elementor-widget-image\" data-id=\"2ee4c3f\" data-element_type=\"widget\" data-widget_type=\"image.default\">\n\t\t\t\t<div class=\"elementor-widget-container\">\n\t\t\t\t\t\t\t\t\t\t\t\t\t\t\t\t<a href=\"https:\/\/www2.iepcjalisco.org.mx\/igualdaddegenero\/wp-content\/uploads\/2018\/03\/folios31.pdf\">\n\t\t\t\t\t\t\t<img loading=\"lazy\" decoding=\"async\" width=\"203\" height=\"300\" src=\"https:\/\/www2.iepcjalisco.org.mx\/igualdaddegenero\/wp-content\/uploads\/2018\/03\/folios-31-203x300.png\" class=\"attachment-medium size-medium wp-image-426\" alt=\"\" srcset=\"https:\/\/www2.iepcjalisco.org.mx\/igualdaddegenero\/wp-content\/uploads\/2018\/03\/folios-31-203x300.png 203w, https:\/\/www2.iepcjalisco.org.mx\/igualdaddegenero\/wp-content\/uploads\/2018\/03\/folios-31.png 210w\" sizes=\"(max-width: 203px) 100vw, 203px\" \/>\t\t\t\t\t\t\t\t<\/a>\n\t\t\t\t\t\t\t\t\t\t\t\t\t\t\t<\/div>\n\t\t\t\t<\/div>\n\t\t\t\t\t<\/div>\n\t\t<\/div>\n\t\t\t\t<div class=\"elementor-column elementor-col-33 elementor-inner-column elementor-element elementor-element-a68286c\" data-id=\"a68286c\" data-element_type=\"column\">\n\t\t\t<div class=\"elementor-widget-wrap elementor-element-populated\">\n\t\t\t\t\t\t<div class=\"elementor-element elementor-element-a404a20 galeria elementor-widget elementor-widget-image\" data-id=\"a404a20\" data-element_type=\"widget\" data-widget_type=\"image.default\">\n\t\t\t\t<div class=\"elementor-widget-container\">\n\t\t\t\t\t\t\t\t\t\t\t\t\t\t\t\t<a href=\"https:\/\/www2.iepcjalisco.org.mx\/igualdaddegenero\/wp-content\/uploads\/2018\/03\/folios25.pdf\">\n\t\t\t\t\t\t\t<img loading=\"lazy\" decoding=\"async\" width=\"203\" height=\"300\" src=\"https:\/\/www2.iepcjalisco.org.mx\/igualdaddegenero\/wp-content\/uploads\/2018\/03\/folios-25-203x300.png\" class=\"attachment-medium size-medium wp-image-425\" alt=\"\" srcset=\"https:\/\/www2.iepcjalisco.org.mx\/igualdaddegenero\/wp-content\/uploads\/2018\/03\/folios-25-203x300.png 203w, https:\/\/www2.iepcjalisco.org.mx\/igualdaddegenero\/wp-content\/uploads\/2018\/03\/folios-25.png 210w\" sizes=\"(max-width: 203px) 100vw, 203px\" \/>\t\t\t\t\t\t\t\t<\/a>\n\t\t\t\t\t\t\t\t\t\t\t\t\t\t\t<\/div>\n\t\t\t\t<\/div>\n\t\t\t\t\t<\/div>\n\t\t<\/div>\n\t\t\t\t<div class=\"elementor-column elementor-col-33 elementor-inner-column elementor-element elementor-element-c41c80c\" data-id=\"c41c80c\" data-element_type=\"column\">\n\t\t\t<div class=\"elementor-widget-wrap elementor-element-populated\">\n\t\t\t\t\t\t<div class=\"elementor-element elementor-element-254fd49 galeria elementor-widget elementor-widget-image\" data-id=\"254fd49\" data-element_type=\"widget\" data-widget_type=\"image.default\">\n\t\t\t\t<div class=\"elementor-widget-container\">\n\t\t\t\t\t\t\t\t\t\t\t\t\t\t\t\t<a href=\"http:\/\/www.iepcjalisco.org.mx\/sites\/default\/files\/unidad-editorial\/publicaciones\/igualdad_democratica_y_no_discriminacion_una_relacion_intrinseca.pdf\">\n\t\t\t\t\t\t\t<img loading=\"lazy\" decoding=\"async\" width=\"200\" height=\"300\" src=\"https:\/\/www2.iepcjalisco.org.mx\/igualdaddegenero\/wp-content\/uploads\/2018\/03\/igualdad-demodr\u00e1tica-200x300.png\" class=\"attachment-medium size-medium wp-image-428\" alt=\"\" \/>\t\t\t\t\t\t\t\t<\/a>\n\t\t\t\t\t\t\t\t\t\t\t\t\t\t\t<\/div>\n\t\t\t\t<\/div>\n\t\t\t\t\t<\/div>\n\t\t<\/div>\n\t\t\t\t\t<\/div>\n\t\t<\/section>\n\t\t\t\t<div class=\"elementor-element elementor-element-8ff283b galeria elementor-widget elementor-widget-text-editor\" data-id=\"8ff283b\" data-element_type=\"widget\" data-widget_type=\"text-editor.default\">\n\t\t\t\t<div class=\"elementor-widget-container\">\n\t\t\t\t\t\t\t\t\t<h2 style=\"text-align: center;\"><span style=\"color: #8031a7;\">Cuentos<\/span><\/h2>\t\t\t\t\t\t\t\t<\/div>\n\t\t\t\t<\/div>\n\t\t\t\t<section class=\"elementor-section elementor-inner-section elementor-element elementor-element-586c0cb galeria elementor-section-boxed elementor-section-height-default elementor-section-height-default\" data-id=\"586c0cb\" data-element_type=\"section\">\n\t\t\t\t\t\t<div class=\"elementor-container elementor-column-gap-default\">\n\t\t\t\t\t<div class=\"elementor-column elementor-col-25 elementor-inner-column elementor-element elementor-element-6a0e204\" data-id=\"6a0e204\" data-element_type=\"column\">\n\t\t\t<div class=\"elementor-widget-wrap elementor-element-populated\">\n\t\t\t\t\t\t<div class=\"elementor-element elementor-element-07c78b5 elementor-widget elementor-widget-image\" data-id=\"07c78b5\" data-element_type=\"widget\" data-widget_type=\"image.default\">\n\t\t\t\t<div class=\"elementor-widget-container\">\n\t\t\t\t\t\t\t\t\t\t\t\t\t\t\t\t<a href=\"https:\/\/www2.iepcjalisco.org.mx\/igualdaddegenero\/wp-content\/uploads\/2018\/03\/sara._el_valor_de_la_pluralidad.pdf\">\n\t\t\t\t\t\t\t<img loading=\"lazy\" decoding=\"async\" width=\"814\" height=\"825\" src=\"https:\/\/www2.iepcjalisco.org.mx\/igualdaddegenero\/wp-content\/uploads\/2018\/03\/sara.jpg\" class=\"attachment-large size-large wp-image-803\" alt=\"\" srcset=\"https:\/\/www2.iepcjalisco.org.mx\/igualdaddegenero\/wp-content\/uploads\/2018\/03\/sara.jpg 814w, https:\/\/www2.iepcjalisco.org.mx\/igualdaddegenero\/wp-content\/uploads\/2018\/03\/sara-296x300.jpg 296w, https:\/\/www2.iepcjalisco.org.mx\/igualdaddegenero\/wp-content\/uploads\/2018\/03\/sara-768x778.jpg 768w\" sizes=\"(max-width: 814px) 100vw, 814px\" \/>\t\t\t\t\t\t\t\t<\/a>\n\t\t\t\t\t\t\t\t\t\t\t\t\t\t\t<\/div>\n\t\t\t\t<\/div>\n\t\t\t\t\t<\/div>\n\t\t<\/div>\n\t\t\t\t<div class=\"elementor-column elementor-col-25 elementor-inner-column elementor-element elementor-element-863bf4d\" data-id=\"863bf4d\" data-element_type=\"column\">\n\t\t\t<div class=\"elementor-widget-wrap elementor-element-populated\">\n\t\t\t\t\t\t<div class=\"elementor-element elementor-element-4ad4547 elementor-widget elementor-widget-image\" data-id=\"4ad4547\" data-element_type=\"widget\" data-widget_type=\"image.default\">\n\t\t\t\t<div class=\"elementor-widget-container\">\n\t\t\t\t\t\t\t\t\t\t\t\t\t\t\t\t<a href=\"https:\/\/www2.iepcjalisco.org.mx\/igualdaddegenero\/wp-content\/uploads\/2018\/03\/martha._el_valor_de_la_tolerancia.pdf\">\n\t\t\t\t\t\t\t<img loading=\"lazy\" decoding=\"async\" width=\"814\" height=\"825\" src=\"https:\/\/www2.iepcjalisco.org.mx\/igualdaddegenero\/wp-content\/uploads\/2018\/03\/martha.jpg\" class=\"attachment-large size-large wp-image-801\" alt=\"\" srcset=\"https:\/\/www2.iepcjalisco.org.mx\/igualdaddegenero\/wp-content\/uploads\/2018\/03\/martha.jpg 814w, https:\/\/www2.iepcjalisco.org.mx\/igualdaddegenero\/wp-content\/uploads\/2018\/03\/martha-296x300.jpg 296w, https:\/\/www2.iepcjalisco.org.mx\/igualdaddegenero\/wp-content\/uploads\/2018\/03\/martha-768x778.jpg 768w\" sizes=\"(max-width: 814px) 100vw, 814px\" \/>\t\t\t\t\t\t\t\t<\/a>\n\t\t\t\t\t\t\t\t\t\t\t\t\t\t\t<\/div>\n\t\t\t\t<\/div>\n\t\t\t\t\t<\/div>\n\t\t<\/div>\n\t\t\t\t<div class=\"elementor-column elementor-col-25 elementor-inner-column elementor-element elementor-element-e847171\" data-id=\"e847171\" data-element_type=\"column\">\n\t\t\t<div class=\"elementor-widget-wrap elementor-element-populated\">\n\t\t\t\t\t\t<div class=\"elementor-element elementor-element-13a64e6 elementor-widget elementor-widget-image\" data-id=\"13a64e6\" data-element_type=\"widget\" data-widget_type=\"image.default\">\n\t\t\t\t<div class=\"elementor-widget-container\">\n\t\t\t\t\t\t\t\t\t\t\t\t\t\t\t\t<a href=\"https:\/\/www2.iepcjalisco.org.mx\/igualdaddegenero\/wp-content\/uploads\/2018\/03\/bruno._el_valor_del_respeto.pdf\">\n\t\t\t\t\t\t\t<img loading=\"lazy\" decoding=\"async\" width=\"814\" height=\"825\" src=\"https:\/\/www2.iepcjalisco.org.mx\/igualdaddegenero\/wp-content\/uploads\/2018\/03\/bruno.jpg\" class=\"attachment-large size-large wp-image-800\" alt=\"\" srcset=\"https:\/\/www2.iepcjalisco.org.mx\/igualdaddegenero\/wp-content\/uploads\/2018\/03\/bruno.jpg 814w, https:\/\/www2.iepcjalisco.org.mx\/igualdaddegenero\/wp-content\/uploads\/2018\/03\/bruno-296x300.jpg 296w, https:\/\/www2.iepcjalisco.org.mx\/igualdaddegenero\/wp-content\/uploads\/2018\/03\/bruno-768x778.jpg 768w\" sizes=\"(max-width: 814px) 100vw, 814px\" \/>\t\t\t\t\t\t\t\t<\/a>\n\t\t\t\t\t\t\t\t\t\t\t\t\t\t\t<\/div>\n\t\t\t\t<\/div>\n\t\t\t\t\t<\/div>\n\t\t<\/div>\n\t\t\t\t<div class=\"elementor-column elementor-col-25 elementor-inner-column elementor-element elementor-element-e624e3a\" data-id=\"e624e3a\" data-element_type=\"column\">\n\t\t\t<div class=\"elementor-widget-wrap elementor-element-populated\">\n\t\t\t\t\t\t<div class=\"elementor-element elementor-element-128e358 elementor-widget elementor-widget-image\" data-id=\"128e358\" data-element_type=\"widget\" data-widget_type=\"image.default\">\n\t\t\t\t<div class=\"elementor-widget-container\">\n\t\t\t\t\t\t\t\t\t\t\t\t\t\t\t\t<a href=\"https:\/\/www2.iepcjalisco.org.mx\/igualdaddegenero\/wp-content\/uploads\/2018\/03\/nestor._el_valor_de_la_honestidad.pdf\">\n\t\t\t\t\t\t\t<img loading=\"lazy\" decoding=\"async\" width=\"814\" height=\"825\" src=\"https:\/\/www2.iepcjalisco.org.mx\/igualdaddegenero\/wp-content\/uploads\/2018\/03\/nestior.jpg\" class=\"attachment-large size-large wp-image-802\" alt=\"\" srcset=\"https:\/\/www2.iepcjalisco.org.mx\/igualdaddegenero\/wp-content\/uploads\/2018\/03\/nestior.jpg 814w, https:\/\/www2.iepcjalisco.org.mx\/igualdaddegenero\/wp-content\/uploads\/2018\/03\/nestior-296x300.jpg 296w, https:\/\/www2.iepcjalisco.org.mx\/igualdaddegenero\/wp-content\/uploads\/2018\/03\/nestior-768x778.jpg 768w\" sizes=\"(max-width: 814px) 100vw, 814px\" \/>\t\t\t\t\t\t\t\t<\/a>\n\t\t\t\t\t\t\t\t\t\t\t\t\t\t\t<\/div>\n\t\t\t\t<\/div>\n\t\t\t\t\t<\/div>\n\t\t<\/div>\n\t\t\t\t\t<\/div>\n\t\t<\/section>\n\t\t\t\t\t<\/div>\n\t\t<\/div>\n\t\t\t\t\t<\/div>\n\t\t<\/section>\n\t\t\t\t<section class=\"elementor-section elementor-top-section elementor-element elementor-element-2fdef838 elementor-section-boxed elementor-section-height-default elementor-section-height-default\" data-id=\"2fdef838\" data-element_type=\"section\">\n\t\t\t\t\t\t<div class=\"elementor-container elementor-column-gap-default\">\n\t\t\t\t\t<div class=\"elementor-column elementor-col-100 elementor-top-column elementor-element elementor-element-5479f2a0\" data-id=\"5479f2a0\" data-element_type=\"column\" data-settings=\"{&quot;background_background&quot;:&quot;classic&quot;}\">\n\t\t\t<div class=\"elementor-widget-wrap elementor-element-populated\">\n\t\t\t\t\t\t<section class=\"elementor-section elementor-inner-section elementor-element elementor-element-31d908ae elementor-section-boxed elementor-section-height-default elementor-section-height-default\" data-id=\"31d908ae\" data-element_type=\"section\">\n\t\t\t\t\t\t<div class=\"elementor-container elementor-column-gap-default\">\n\t\t\t\t\t<div class=\"elementor-column elementor-col-20 elementor-inner-column elementor-element elementor-element-6be6b7f3\" data-id=\"6be6b7f3\" data-element_type=\"column\">\n\t\t\t<div class=\"elementor-widget-wrap elementor-element-populated\">\n\t\t\t\t\t\t<div class=\"elementor-element elementor-element-cfcc31b elementor-widget elementor-widget-text-editor\" data-id=\"cfcc31b\" data-element_type=\"widget\" data-widget_type=\"text-editor.default\">\n\t\t\t\t<div class=\"elementor-widget-container\">\n\t\t\t\t\t\t\t\t\t<p>Igualdad de G\u00e9nero y No Discriminaci\u00f3n<\/p>\t\t\t\t\t\t\t\t<\/div>\n\t\t\t\t<\/div>\n\t\t\t\t\t<\/div>\n\t\t<\/div>\n\t\t\t\t<div class=\"elementor-column elementor-col-20 elementor-inner-column elementor-element elementor-element-5c69d98e\" data-id=\"5c69d98e\" data-element_type=\"column\">\n\t\t\t<div class=\"elementor-widget-wrap elementor-element-populated\">\n\t\t\t\t\t\t<div class=\"elementor-element elementor-element-4217bd3 elementor-widget elementor-widget-text-editor\" data-id=\"4217bd3\" data-element_type=\"widget\" data-widget_type=\"text-editor.default\">\n\t\t\t\t<div class=\"elementor-widget-container\">\n\t\t\t\t\t\t\t\t\t<p><img loading=\"lazy\" decoding=\"async\" class=\"wp-image-1421 alignnone\" src=\"https:\/\/www2.iepcjalisco.org.mx\/igualdaddegenero\/wp-content\/uploads\/2018\/04\/icon-157358_960_720-222x300.png\" alt=\"\" width=\"11\" height=\"15\" srcset=\"https:\/\/www2.iepcjalisco.org.mx\/igualdaddegenero\/wp-content\/uploads\/2018\/04\/icon-157358_960_720-222x300.png 222w, https:\/\/www2.iepcjalisco.org.mx\/igualdaddegenero\/wp-content\/uploads\/2018\/04\/icon-157358_960_720.png 533w\" sizes=\"(max-width: 11px) 100vw, 11px\" \/>\u00a0Ll\u00e1manos: 3344458450 ext. 3760<\/p>\t\t\t\t\t\t\t\t<\/div>\n\t\t\t\t<\/div>\n\t\t\t\t\t<\/div>\n\t\t<\/div>\n\t\t\t\t<div class=\"elementor-column elementor-col-20 elementor-inner-column elementor-element elementor-element-61b7db8e\" data-id=\"61b7db8e\" data-element_type=\"column\">\n\t\t\t<div class=\"elementor-widget-wrap elementor-element-populated\">\n\t\t\t\t\t\t<div class=\"elementor-element elementor-element-aac2354 elementor-widget elementor-widget-text-editor\" data-id=\"aac2354\" data-element_type=\"widget\" data-widget_type=\"text-editor.default\">\n\t\t\t\t<div class=\"elementor-widget-container\">\n\t\t\t\t\t\t\t\t\t<p><a href=\"mailto:unidad.genero@www2.iepcjalisco.org.mx\"><img loading=\"lazy\" decoding=\"async\" class=\"alignnone wp-image-1424\" src=\"https:\/\/www2.iepcjalisco.org.mx\/igualdaddegenero\/wp-content\/uploads\/2018\/04\/closeenvelope_87357-300x300.png\" alt=\"\" width=\"14\" height=\"14\" srcset=\"https:\/\/www2.iepcjalisco.org.mx\/igualdaddegenero\/wp-content\/uploads\/2018\/04\/closeenvelope_87357-300x300.png 300w, https:\/\/www2.iepcjalisco.org.mx\/igualdaddegenero\/wp-content\/uploads\/2018\/04\/closeenvelope_87357-150x150.png 150w, https:\/\/www2.iepcjalisco.org.mx\/igualdaddegenero\/wp-content\/uploads\/2018\/04\/closeenvelope_87357.png 512w\" sizes=\"(max-width: 14px) 100vw, 14px\" \/>\u00a0unidad.genero@www2.iepcjalisco.org.mx<\/a><\/p>\t\t\t\t\t\t\t\t<\/div>\n\t\t\t\t<\/div>\n\t\t\t\t\t<\/div>\n\t\t<\/div>\n\t\t\t\t<div class=\"elementor-column elementor-col-20 elementor-inner-column elementor-element elementor-element-4257f0db\" data-id=\"4257f0db\" data-element_type=\"column\">\n\t\t\t<div class=\"elementor-widget-wrap elementor-element-populated\">\n\t\t\t\t\t\t<div class=\"elementor-element elementor-element-2c2fe29a elementor-widget elementor-widget-text-editor\" data-id=\"2c2fe29a\" data-element_type=\"widget\" data-widget_type=\"text-editor.default\">\n\t\t\t\t<div class=\"elementor-widget-container\">\n\t\t\t\t\t\t\t\t\t<p><a href=\"https:\/\/www2.iepcjalisco.org.mx\/igualdaddegenero\/formulario-contacto\/\">Cont\u00e1ctanos<\/a><\/p>\t\t\t\t\t\t\t\t<\/div>\n\t\t\t\t<\/div>\n\t\t\t\t\t<\/div>\n\t\t<\/div>\n\t\t\t\t<div class=\"elementor-column elementor-col-20 elementor-inner-column elementor-element elementor-element-262d13df\" data-id=\"262d13df\" data-element_type=\"column\">\n\t\t\t<div class=\"elementor-widget-wrap elementor-element-populated\">\n\t\t\t\t\t\t<div class=\"elementor-element elementor-element-daec042 e-grid-align-right elementor-shape-rounded elementor-grid-0 elementor-widget elementor-widget-social-icons\" data-id=\"daec042\" data-element_type=\"widget\" data-widget_type=\"social-icons.default\">\n\t\t\t\t<div class=\"elementor-widget-container\">\n\t\t\t\t\t\t\t<div class=\"elementor-social-icons-wrapper elementor-grid\">\n\t\t\t\t\t\t\t<span class=\"elementor-grid-item\">\n\t\t\t\t\t<a class=\"elementor-icon elementor-social-icon elementor-social-icon-facebook elementor-repeater-item-2b51eab\" href=\"https:\/\/www.facebook.com\/iepcjalisco\/\" target=\"_blank\">\n\t\t\t\t\t\t<span class=\"elementor-screen-only\">Facebook<\/span>\n\t\t\t\t\t\t\t\t\t\t\t\t\t<i class=\"fa fa-facebook\"><\/i>\n\t\t\t\t\t\t\t\t\t\t\t<\/a>\n\t\t\t\t<\/span>\n\t\t\t\t\t\t\t<span class=\"elementor-grid-item\">\n\t\t\t\t\t<a class=\"elementor-icon elementor-social-icon elementor-social-icon-twitter elementor-repeater-item-3a64dcd\" href=\"https:\/\/twitter.com\/iepcjalisco?lang=es\" target=\"_blank\">\n\t\t\t\t\t\t<span class=\"elementor-screen-only\">Twitter<\/span>\n\t\t\t\t\t\t\t\t\t\t\t\t\t<i class=\"fa fa-twitter\"><\/i>\n\t\t\t\t\t\t\t\t\t\t\t<\/a>\n\t\t\t\t<\/span>\n\t\t\t\t\t\t\t<span class=\"elementor-grid-item\">\n\t\t\t\t\t<a class=\"elementor-icon elementor-social-icon elementor-social-icon-youtube elementor-repeater-item-ab0ed92\" href=\"https:\/\/www.youtube.com\/user\/iepcjalisco\" target=\"_blank\">\n\t\t\t\t\t\t<span class=\"elementor-screen-only\">Youtube<\/span>\n\t\t\t\t\t\t\t\t\t\t\t\t\t<i class=\"fa fa-youtube\"><\/i>\n\t\t\t\t\t\t\t\t\t\t\t<\/a>\n\t\t\t\t<\/span>\n\t\t\t\t\t<\/div>\n\t\t\t\t\t\t<\/div>\n\t\t\t\t<\/div>\n\t\t\t\t\t<\/div>\n\t\t<\/div>\n\t\t\t\t\t<\/div>\n\t\t<\/section>\n\t\t\t\t\t<\/div>\n\t\t<\/div>\n\t\t\t\t\t<\/div>\n\t\t<\/section>\n\t\t\t\t<\/div>\n\t\t","protected":false},"excerpt":{"rendered":"<p>Igualdad de G\u00e9nero y No Discriminaci\u00f3n Participaci\u00f3n pol\u00edtica de las mujeres Inclusi\u00f3n y no discriminaci\u00f3n Pol\u00edticas internas Mediateca Marco normativo Memorias de actividades Publicaciones Sitios de inter\u00e9s Marco normativo Memoria de actividades Publicaciones Sitios de Inter\u00e9s Marco normativo Legislaci\u00f3n local (Jalisco) \u00a0Ley de Acceso de las Mujeres a una Vida Libre de Violencia del Estado [&hellip;]<\/p>\n","protected":false},"author":1,"featured_media":0,"parent":0,"menu_order":0,"comment_status":"closed","ping_status":"open","template":"elementor_canvas","meta":{"footnotes":""},"class_list":["post-158","page","type-page","status-publish","hentry"],"_links":{"self":[{"href":"https:\/\/www2.iepcjalisco.org.mx\/igualdaddegenero\/wp-json\/wp\/v2\/pages\/158","targetHints":{"allow":["GET"]}}],"collection":[{"href":"https:\/\/www2.iepcjalisco.org.mx\/igualdaddegenero\/wp-json\/wp\/v2\/pages"}],"about":[{"href":"https:\/\/www2.iepcjalisco.org.mx\/igualdaddegenero\/wp-json\/wp\/v2\/types\/page"}],"author":[{"embeddable":true,"href":"https:\/\/www2.iepcjalisco.org.mx\/igualdaddegenero\/wp-json\/wp\/v2\/users\/1"}],"replies":[{"embeddable":true,"href":"https:\/\/www2.iepcjalisco.org.mx\/igualdaddegenero\/wp-json\/wp\/v2\/comments?post=158"}],"version-history":[{"count":138,"href":"https:\/\/www2.iepcjalisco.org.mx\/igualdaddegenero\/wp-json\/wp\/v2\/pages\/158\/revisions"}],"predecessor-version":[{"id":2117,"href":"https:\/\/www2.iepcjalisco.org.mx\/igualdaddegenero\/wp-json\/wp\/v2\/pages\/158\/revisions\/2117"}],"wp:attachment":[{"href":"https:\/\/www2.iepcjalisco.org.mx\/igualdaddegenero\/wp-json\/wp\/v2\/media?parent=158"}],"curies":[{"name":"wp","href":"https:\/\/api.w.org\/{rel}","templated":true}]}}