{"id":173,"date":"2018-03-07T18:23:41","date_gmt":"2018-03-08T00:23:41","guid":{"rendered":"https:\/\/www2.iepcjalisco.org.mx\/igualdaddegenero\/?page_id=173"},"modified":"2018-07-13T10:46:17","modified_gmt":"2018-07-13T16:46:17","slug":"blog-presidente","status":"publish","type":"page","link":"https:\/\/www2.iepcjalisco.org.mx\/igualdaddegenero\/blog-presidente\/","title":{"rendered":"Blog Presidente"},"content":{"rendered":"\t\t<div data-elementor-type=\"wp-page\" data-elementor-id=\"173\" class=\"elementor elementor-173 elementor-bc-flex-widget\">\n\t\t\t\t\t\t<section class=\"elementor-section elementor-top-section elementor-element elementor-element-2a575e2 elementor-section-boxed elementor-section-height-default elementor-section-height-default\" data-id=\"2a575e2\" data-element_type=\"section\" data-settings=\"{&quot;background_background&quot;:&quot;classic&quot;}\">\n\t\t\t\t\t\t<div class=\"elementor-container elementor-column-gap-default\">\n\t\t\t\t\t<div class=\"elementor-column elementor-col-100 elementor-top-column elementor-element elementor-element-7bf95bd\" data-id=\"7bf95bd\" data-element_type=\"column\" data-settings=\"{&quot;background_background&quot;:&quot;classic&quot;}\">\n\t\t\t<div class=\"elementor-widget-wrap elementor-element-populated\">\n\t\t\t\t\t\t<section class=\"elementor-section elementor-inner-section elementor-element elementor-element-46ab217 elementor-section-boxed elementor-section-height-default elementor-section-height-default\" data-id=\"46ab217\" data-element_type=\"section\">\n\t\t\t\t\t\t<div class=\"elementor-container elementor-column-gap-default\">\n\t\t\t\t\t<div class=\"elementor-column elementor-col-33 elementor-inner-column elementor-element elementor-element-9b82717\" data-id=\"9b82717\" data-element_type=\"column\">\n\t\t\t<div class=\"elementor-widget-wrap elementor-element-populated\">\n\t\t\t\t\t\t<div class=\"elementor-element elementor-element-fe918da elementor-position-top elementor-widget elementor-widget-image-box\" data-id=\"fe918da\" data-element_type=\"widget\" data-widget_type=\"image-box.default\">\n\t\t\t\t<div class=\"elementor-widget-container\">\n\t\t\t\t\t<div class=\"elementor-image-box-wrapper\"><figure class=\"elementor-image-box-img\"><a href=\"https:\/\/www2.iepcjalisco.org.mx\/igualdaddegenero\/\" tabindex=\"-1\"><img fetchpriority=\"high\" decoding=\"async\" width=\"500\" height=\"250\" src=\"https:\/\/www2.iepcjalisco.org.mx\/igualdaddegenero\/wp-content\/uploads\/2018\/03\/cropped-logo.png\" class=\"attachment-full size-full wp-image-9\" alt=\"\" srcset=\"https:\/\/www2.iepcjalisco.org.mx\/igualdaddegenero\/wp-content\/uploads\/2018\/03\/cropped-logo.png 500w, https:\/\/www2.iepcjalisco.org.mx\/igualdaddegenero\/wp-content\/uploads\/2018\/03\/cropped-logo-300x150.png 300w\" sizes=\"(max-width: 500px) 100vw, 500px\" \/><\/a><\/figure><div class=\"elementor-image-box-content\"><h1 class=\"elementor-image-box-title\"><a href=\"https:\/\/www2.iepcjalisco.org.mx\/igualdaddegenero\/\">Igualdad de G\u00e9nero y No Discriminaci\u00f3n<\/a><\/h1><\/div><\/div>\t\t\t\t<\/div>\n\t\t\t\t<\/div>\n\t\t\t\t\t<\/div>\n\t\t<\/div>\n\t\t\t\t<div class=\"elementor-column elementor-col-66 elementor-inner-column elementor-element elementor-element-1eae024\" data-id=\"1eae024\" data-element_type=\"column\">\n\t\t\t<div class=\"elementor-widget-wrap elementor-element-populated\">\n\t\t\t\t\t\t<div class=\"elementor-element elementor-element-ff568cc elementor-widget elementor-widget-html\" data-id=\"ff568cc\" data-element_type=\"widget\" data-widget_type=\"html.default\">\n\t\t\t\t<div class=\"elementor-widget-container\">\n\t\t\t\t\t<style>\n    .nav-top{\n        position: relative;\n        margin-top:20px; \n    }\n    .bg-mnu{\n        position: absolute;\n        top: 15px;\n        width: 100%;\n        height: 50px;\n        background: #BED13B;\n        background-size: contain;\n        margin: 0;\n        padding: 0;\n        -webkit-box-shadow: 0px 0px 5px 1px rgba(0,0,0,0.4);\n        -moz-box-shadow: 0px 0px 5px 1px rgba(0,0,0,0.4);\n        box-shadow: 0px 0px 5px 1px rgba(0,0,0,0.4);\n    }\n    .mnu-top{\n        list-style: none;\n        margin: 0;\n        margin-left: 20px;\n        padding: 0;\n        position: relative;\n    }\n    .mnu-top li{\n        float: left;\n        margin-right: 4px;\n    }\n    .mnu-top li a{\n        color: #000;\n        font-size: 9px;\n    }\n    .mnu-top li a img{\n        width: 80px;\n    }\n    .mnu-top li a:hover{\n        color: #fff;\n    }\n<\/style>\n<nav class=\"col-lg-12 nav-top\">\n    <div class=\"bg-mnu\"><\/div>\n    <ul class=\"mnu-top\">\n        <li>\n            <a href=\"participacion-politica\">\n                <img decoding=\"async\" src=\"..\/wp-content\/uploads\/2018\/03\/boton1-1.png\"\/>\n                <span>Participaci\u00f3n pol\u00edtica de las mujeres<\/span>\n            <\/a>\n        <\/li>\n        <li>\n            <a href=\"inclusion\">\n                <img decoding=\"async\" src=\"..\/wp-content\/uploads\/2018\/04\/4Recurso-1.png\"\/>\n                <span>Inclusi\u00f3n y no discriminaci\u00f3n<\/span>\n            <\/a>\n        <\/li>\n        <li>\n            <a href=\"politicas-internas\">\n                <img decoding=\"async\" src=\"..\/wp-content\/uploads\/2018\/03\/boton3.png\"\/>\n                <span>Pol\u00edticas internas<\/span>\n            <\/a>\n        <\/li>\n        <li>\n            <a href=\"mediateca\">\n                <img decoding=\"async\" src=\"..\/wp-content\/uploads\/2018\/03\/mediateca_.png\"\/><span>Mediateca<\/span>\n            <\/a>\n        <\/li>\n    <\/ul>\n    \n<\/nav>\n   \t\t\t\t<\/div>\n\t\t\t\t<\/div>\n\t\t\t\t\t<\/div>\n\t\t<\/div>\n\t\t\t\t\t<\/div>\n\t\t<\/section>\n\t\t\t\t\t<\/div>\n\t\t<\/div>\n\t\t\t\t\t<\/div>\n\t\t<\/section>\n\t\t\t\t<section class=\"elementor-section elementor-top-section elementor-element elementor-element-985e74b elementor-section-boxed elementor-section-height-default elementor-section-height-default\" data-id=\"985e74b\" data-element_type=\"section\">\n\t\t\t\t\t\t<div class=\"elementor-container elementor-column-gap-default\">\n\t\t\t\t\t<div class=\"elementor-column elementor-col-100 elementor-top-column elementor-element elementor-element-4414cbf\" data-id=\"4414cbf\" data-element_type=\"column\" data-settings=\"{&quot;background_background&quot;:&quot;classic&quot;}\">\n\t\t\t<div class=\"elementor-widget-wrap elementor-element-populated\">\n\t\t\t\t\t\t<section class=\"elementor-section elementor-inner-section elementor-element elementor-element-c6509d4 elementor-section-boxed elementor-section-height-default elementor-section-height-default\" data-id=\"c6509d4\" data-element_type=\"section\">\n\t\t\t\t\t\t<div class=\"elementor-container elementor-column-gap-default\">\n\t\t\t\t\t<div class=\"elementor-column elementor-col-100 elementor-inner-column elementor-element elementor-element-16691de\" data-id=\"16691de\" data-element_type=\"column\">\n\t\t\t<div class=\"elementor-widget-wrap elementor-element-populated\">\n\t\t\t\t\t\t<div class=\"elementor-element elementor-element-0fa8e07 elementor-widget elementor-widget-text-editor\" data-id=\"0fa8e07\" data-element_type=\"widget\" data-widget_type=\"text-editor.default\">\n\t\t\t\t<div class=\"elementor-widget-container\">\n\t\t\t\t\t\t\t\t\t<h2 style=\"text-align: center;\"><span style=\"color: #8031a7;\"><strong><img decoding=\"async\" class=\"wp-image-1562 alignleft\" src=\"https:\/\/www2.iepcjalisco.org.mx\/igualdaddegenero\/wp-content\/uploads\/2018\/06\/infoP-214x300.png\" alt=\"\" width=\"150\" height=\"210\" srcset=\"https:\/\/www2.iepcjalisco.org.mx\/igualdaddegenero\/wp-content\/uploads\/2018\/06\/infoP-214x300.png 214w, https:\/\/www2.iepcjalisco.org.mx\/igualdaddegenero\/wp-content\/uploads\/2018\/06\/infoP.png 295w\" sizes=\"(max-width: 150px) 100vw, 150px\" \/>La ruta hacia la paridad: entre conquistas y tensiones <\/strong><\/span><\/h2><p style=\"text-align: justify;\">Con gusto presento este espacio de opini\u00f3n a la ciudadan\u00eda para acercar a los debates actuales en torno a la construcci\u00f3n de alternativas para la participaci\u00f3n pol\u00edtica de las mujeres y de grupos sociales con derechos vulnerados. Nuestro prop\u00f3sito es generar recursos y herramientas que posibiliten una sociedad m\u00e1s incluyente en donde diferentes especialistas, acad\u00e9micos, autoridades electorales y l\u00edderes sociales compartan sus reflexiones.<\/p><p style=\"text-align: justify;\">Indiscutiblemente, la paridad representa el camino m\u00e1s consolidado en la construcci\u00f3n de un Estado democr\u00e1tico que reconoce y garantiza por igual los derechos pol\u00edtico electorales de mujeres y hombres; sin embargo las normas por s\u00ed solas, no eliminan las barreras sociales y culturales que han limitado la participaci\u00f3n pol\u00edtica de las mujeres y su integraci\u00f3n al ejercicio de las funci\u00f3n p\u00fablica.<\/p><p style=\"text-align: justify;\">En este contexto, resulta oportuno dedicar esta primera columna a la paridad de g\u00e9nero en el marco del actual Proceso Electoral Local 2017-2018.<\/p><p style=\"text-align: justify;\">Es importante concebir a la paridad como el paradigma de la inclusi\u00f3n en el marco del ejercicio de la pol\u00edtica formal y los procedimientos pol\u00edtico-electorales.<\/p><p style=\"text-align: justify;\">En el Instituto Electoral se han aprobado los acuerdos sobre paridad que establecen el reparto igualitario de candidaturas entre ambos g\u00e9neros e incluyen disposiciones encaminadas a generar las condiciones necesarias de igualdad en la contienda electoral para el impulso efectivo del acceso de las mujeres al ejercicio del poder p\u00fablico, y con ellos surgen nuevos retos.<\/p><p style=\"text-align: justify;\">El compromiso de quienes nos encontramos inmersos en el impulso de la paridad como la pr\u00e1ctica inclusiva por excelencia, no podemos limitarnos a la construcci\u00f3n de acuerdos, debemos llevar nuestra actividad a su cumplimiento sustantivo y evaluaci\u00f3n permanente.<\/p><p style=\"text-align: justify;\">La paridad, como cualquier transformaci\u00f3n cultural, se acompa\u00f1a tensiones, de ah\u00ed la importancia de prevenir y atender a su oposici\u00f3n m\u00e1s perturbadora: la violencia pol\u00edtica en raz\u00f3n de g\u00e9nero.<\/p><p style=\"text-align: justify;\">Debemos aceptar que las conquistas paritarias no constituyen concesiones graciosas. Su reconocimiento lleg\u00f3 con el mayor retraso y con un rechazo contranatural en tanto un derecho originario e intr\u00ednseco de la sociedad integrada por ambos g\u00e9neros. Reivindicarlas implica comprender que las mujeres, pudieron, pueden y podr\u00e1n ocupar los espacios de representaci\u00f3n en la misma medida que los hombres, y eliminar los obst\u00e1culos que les imped\u00edan participar en la vida pol\u00edtica significa el cumplimiento de una obligaci\u00f3n que ten\u00edamos con la democracia.<\/p><p style=\"text-align: justify;\">Hemos optado por asumir una postura firme ante el reto de la paridad, sin embargo esto no basta para asegurar el desvanecimiento permanente de la brecha de desigualdad \u00bfa qui\u00e9n corresponde reflexionar y afrontar los retos y tensiones futuras?, \u00bfc\u00f3mo construir una nueva cultura pol\u00edtica que respete y garantice los avances logrados con la paridad?, \u00bfqui\u00e9nes deben defender las conquistas alcanzadas?, \u00bfc\u00f3mo crear nuevos marcos de entendimiento en la vida pol\u00edtica de nuestra sociedad?, debemos dar respuesta a las interrogantes, pues ellas conforman la carta de navegaci\u00f3n.<\/p><p><img decoding=\"async\" class=\"alignright wp-image-1565\" src=\"https:\/\/www2.iepcjalisco.org.mx\/igualdaddegenero\/wp-content\/uploads\/2018\/06\/infoAlc-300x75.png\" alt=\"\" width=\"200\" height=\"50\" srcset=\"https:\/\/www2.iepcjalisco.org.mx\/igualdaddegenero\/wp-content\/uploads\/2018\/06\/infoAlc-300x75.png 300w, https:\/\/www2.iepcjalisco.org.mx\/igualdaddegenero\/wp-content\/uploads\/2018\/06\/infoAlc.png 472w\" sizes=\"(max-width: 200px) 100vw, 200px\" \/><\/p>\t\t\t\t\t\t\t\t<\/div>\n\t\t\t\t<\/div>\n\t\t\t\t\t<\/div>\n\t\t<\/div>\n\t\t\t\t\t<\/div>\n\t\t<\/section>\n\t\t\t\t\t<\/div>\n\t\t<\/div>\n\t\t\t\t\t<\/div>\n\t\t<\/section>\n\t\t\t\t<section class=\"elementor-section elementor-top-section elementor-element elementor-element-54fbbe0f elementor-section-boxed elementor-section-height-default elementor-section-height-default\" data-id=\"54fbbe0f\" data-element_type=\"section\">\n\t\t\t\t\t\t<div class=\"elementor-container elementor-column-gap-default\">\n\t\t\t\t\t<div class=\"elementor-column elementor-col-100 elementor-top-column elementor-element elementor-element-71b3034\" data-id=\"71b3034\" data-element_type=\"column\" data-settings=\"{&quot;background_background&quot;:&quot;classic&quot;}\">\n\t\t\t<div class=\"elementor-widget-wrap elementor-element-populated\">\n\t\t\t\t\t\t<section class=\"elementor-section elementor-inner-section elementor-element elementor-element-796ef5f5 elementor-section-boxed elementor-section-height-default elementor-section-height-default\" data-id=\"796ef5f5\" data-element_type=\"section\">\n\t\t\t\t\t\t<div class=\"elementor-container elementor-column-gap-default\">\n\t\t\t\t\t<div class=\"elementor-column elementor-col-20 elementor-inner-column elementor-element elementor-element-3dae151b\" data-id=\"3dae151b\" data-element_type=\"column\">\n\t\t\t<div class=\"elementor-widget-wrap elementor-element-populated\">\n\t\t\t\t\t\t<div class=\"elementor-element elementor-element-107d6526 elementor-widget elementor-widget-text-editor\" data-id=\"107d6526\" data-element_type=\"widget\" data-widget_type=\"text-editor.default\">\n\t\t\t\t<div class=\"elementor-widget-container\">\n\t\t\t\t\t\t\t\t\t<p>Igualdad de G\u00e9nero y No Discriminaci\u00f3n<\/p>\t\t\t\t\t\t\t\t<\/div>\n\t\t\t\t<\/div>\n\t\t\t\t\t<\/div>\n\t\t<\/div>\n\t\t\t\t<div class=\"elementor-column elementor-col-20 elementor-inner-column elementor-element elementor-element-7aab157a\" data-id=\"7aab157a\" data-element_type=\"column\">\n\t\t\t<div class=\"elementor-widget-wrap elementor-element-populated\">\n\t\t\t\t\t\t<div class=\"elementor-element elementor-element-22e97be0 elementor-widget elementor-widget-text-editor\" data-id=\"22e97be0\" data-element_type=\"widget\" data-widget_type=\"text-editor.default\">\n\t\t\t\t<div class=\"elementor-widget-container\">\n\t\t\t\t\t\t\t\t\t<p><img loading=\"lazy\" decoding=\"async\" class=\"wp-image-1421 alignnone\" src=\"https:\/\/www2.iepcjalisco.org.mx\/igualdaddegenero\/wp-content\/uploads\/2018\/04\/icon-157358_960_720-222x300.png\" alt=\"\" width=\"11\" height=\"15\" srcset=\"https:\/\/www2.iepcjalisco.org.mx\/igualdaddegenero\/wp-content\/uploads\/2018\/04\/icon-157358_960_720-222x300.png 222w, https:\/\/www2.iepcjalisco.org.mx\/igualdaddegenero\/wp-content\/uploads\/2018\/04\/icon-157358_960_720.png 533w\" sizes=\"(max-width: 11px) 100vw, 11px\" \/>\u00a0Ll\u00e1manos: 01(33)3642 7169 ext.124<\/p>\t\t\t\t\t\t\t\t<\/div>\n\t\t\t\t<\/div>\n\t\t\t\t\t<\/div>\n\t\t<\/div>\n\t\t\t\t<div class=\"elementor-column elementor-col-20 elementor-inner-column elementor-element elementor-element-63afe183\" data-id=\"63afe183\" data-element_type=\"column\">\n\t\t\t<div class=\"elementor-widget-wrap elementor-element-populated\">\n\t\t\t\t\t\t<div class=\"elementor-element elementor-element-3377e4b5 elementor-widget elementor-widget-text-editor\" data-id=\"3377e4b5\" data-element_type=\"widget\" data-widget_type=\"text-editor.default\">\n\t\t\t\t<div class=\"elementor-widget-container\">\n\t\t\t\t\t\t\t\t\t<p><a href=\"mailto:unidad.genero@www2.iepcjalisco.org.mx\"><img loading=\"lazy\" decoding=\"async\" class=\"alignnone wp-image-1424\" src=\"https:\/\/www2.iepcjalisco.org.mx\/igualdaddegenero\/wp-content\/uploads\/2018\/04\/closeenvelope_87357-300x300.png\" alt=\"\" width=\"14\" height=\"14\" srcset=\"https:\/\/www2.iepcjalisco.org.mx\/igualdaddegenero\/wp-content\/uploads\/2018\/04\/closeenvelope_87357-300x300.png 300w, https:\/\/www2.iepcjalisco.org.mx\/igualdaddegenero\/wp-content\/uploads\/2018\/04\/closeenvelope_87357-150x150.png 150w, https:\/\/www2.iepcjalisco.org.mx\/igualdaddegenero\/wp-content\/uploads\/2018\/04\/closeenvelope_87357.png 512w\" sizes=\"(max-width: 14px) 100vw, 14px\" \/>\u00a0unidad.genero@www2.iepcjalisco.org.mx<\/a><\/p>\t\t\t\t\t\t\t\t<\/div>\n\t\t\t\t<\/div>\n\t\t\t\t\t<\/div>\n\t\t<\/div>\n\t\t\t\t<div class=\"elementor-column elementor-col-20 elementor-inner-column elementor-element elementor-element-751b47a3\" data-id=\"751b47a3\" data-element_type=\"column\">\n\t\t\t<div class=\"elementor-widget-wrap elementor-element-populated\">\n\t\t\t\t\t\t<div class=\"elementor-element elementor-element-61f0f534 elementor-widget elementor-widget-text-editor\" data-id=\"61f0f534\" data-element_type=\"widget\" data-widget_type=\"text-editor.default\">\n\t\t\t\t<div class=\"elementor-widget-container\">\n\t\t\t\t\t\t\t\t\t<p><a href=\"https:\/\/www2.iepcjalisco.org.mx\/igualdaddegenero\/formulario-contacto\/\">Cont\u00e1ctanos<\/a><\/p>\t\t\t\t\t\t\t\t<\/div>\n\t\t\t\t<\/div>\n\t\t\t\t\t<\/div>\n\t\t<\/div>\n\t\t\t\t<div class=\"elementor-column elementor-col-20 elementor-inner-column elementor-element elementor-element-49cc5ca2\" data-id=\"49cc5ca2\" data-element_type=\"column\">\n\t\t\t<div class=\"elementor-widget-wrap elementor-element-populated\">\n\t\t\t\t\t\t<div class=\"elementor-element elementor-element-4f767913 e-grid-align-right elementor-shape-rounded elementor-grid-0 elementor-widget elementor-widget-social-icons\" data-id=\"4f767913\" data-element_type=\"widget\" data-widget_type=\"social-icons.default\">\n\t\t\t\t<div class=\"elementor-widget-container\">\n\t\t\t\t\t\t\t<div class=\"elementor-social-icons-wrapper elementor-grid\">\n\t\t\t\t\t\t\t<span class=\"elementor-grid-item\">\n\t\t\t\t\t<a class=\"elementor-icon elementor-social-icon elementor-social-icon-facebook elementor-repeater-item-2b51eab\" href=\"https:\/\/www.facebook.com\/iepcjalisco\/\" target=\"_blank\">\n\t\t\t\t\t\t<span class=\"elementor-screen-only\">Facebook<\/span>\n\t\t\t\t\t\t\t\t\t\t\t\t\t<i class=\"fa fa-facebook\"><\/i>\n\t\t\t\t\t\t\t\t\t\t\t<\/a>\n\t\t\t\t<\/span>\n\t\t\t\t\t\t\t<span class=\"elementor-grid-item\">\n\t\t\t\t\t<a class=\"elementor-icon elementor-social-icon elementor-social-icon-twitter elementor-repeater-item-3a64dcd\" href=\"https:\/\/twitter.com\/iepcjalisco?lang=es\" target=\"_blank\">\n\t\t\t\t\t\t<span class=\"elementor-screen-only\">Twitter<\/span>\n\t\t\t\t\t\t\t\t\t\t\t\t\t<i class=\"fa fa-twitter\"><\/i>\n\t\t\t\t\t\t\t\t\t\t\t<\/a>\n\t\t\t\t<\/span>\n\t\t\t\t\t\t\t<span class=\"elementor-grid-item\">\n\t\t\t\t\t<a class=\"elementor-icon elementor-social-icon elementor-social-icon-youtube elementor-repeater-item-ab0ed92\" href=\"https:\/\/www.youtube.com\/user\/iepcjalisco\" target=\"_blank\">\n\t\t\t\t\t\t<span class=\"elementor-screen-only\">Youtube<\/span>\n\t\t\t\t\t\t\t\t\t\t\t\t\t<i class=\"fa fa-youtube\"><\/i>\n\t\t\t\t\t\t\t\t\t\t\t<\/a>\n\t\t\t\t<\/span>\n\t\t\t\t\t<\/div>\n\t\t\t\t\t\t<\/div>\n\t\t\t\t<\/div>\n\t\t\t\t\t<\/div>\n\t\t<\/div>\n\t\t\t\t\t<\/div>\n\t\t<\/section>\n\t\t\t\t\t<\/div>\n\t\t<\/div>\n\t\t\t\t\t<\/div>\n\t\t<\/section>\n\t\t\t\t<\/div>\n\t\t","protected":false},"excerpt":{"rendered":"<p>Igualdad de G\u00e9nero y No Discriminaci\u00f3n Participaci\u00f3n pol\u00edtica de las mujeres Inclusi\u00f3n y no discriminaci\u00f3n Pol\u00edticas internas Mediateca La ruta hacia la paridad: entre conquistas y tensiones Con gusto presento este espacio de opini\u00f3n a la ciudadan\u00eda para acercar a los debates actuales en torno a la construcci\u00f3n de alternativas para la participaci\u00f3n pol\u00edtica de [&hellip;]<\/p>\n","protected":false},"author":1,"featured_media":0,"parent":0,"menu_order":0,"comment_status":"closed","ping_status":"closed","template":"elementor_canvas","meta":{"footnotes":""},"class_list":["post-173","page","type-page","status-publish","hentry"],"_links":{"self":[{"href":"https:\/\/www2.iepcjalisco.org.mx\/igualdaddegenero\/wp-json\/wp\/v2\/pages\/173","targetHints":{"allow":["GET"]}}],"collection":[{"href":"https:\/\/www2.iepcjalisco.org.mx\/igualdaddegenero\/wp-json\/wp\/v2\/pages"}],"about":[{"href":"https:\/\/www2.iepcjalisco.org.mx\/igualdaddegenero\/wp-json\/wp\/v2\/types\/page"}],"author":[{"embeddable":true,"href":"https:\/\/www2.iepcjalisco.org.mx\/igualdaddegenero\/wp-json\/wp\/v2\/users\/1"}],"replies":[{"embeddable":true,"href":"https:\/\/www2.iepcjalisco.org.mx\/igualdaddegenero\/wp-json\/wp\/v2\/comments?post=173"}],"version-history":[{"count":123,"href":"https:\/\/www2.iepcjalisco.org.mx\/igualdaddegenero\/wp-json\/wp\/v2\/pages\/173\/revisions"}],"predecessor-version":[{"id":2119,"href":"https:\/\/www2.iepcjalisco.org.mx\/igualdaddegenero\/wp-json\/wp\/v2\/pages\/173\/revisions\/2119"}],"wp:attachment":[{"href":"https:\/\/www2.iepcjalisco.org.mx\/igualdaddegenero\/wp-json\/wp\/v2\/media?parent=173"}],"curies":[{"name":"wp","href":"https:\/\/api.w.org\/{rel}","templated":true}]}}