{"id":49,"date":"2021-02-22T08:56:46","date_gmt":"2021-02-22T08:56:46","guid":{"rendered":"https:\/\/www2.iepcjalisco.org.mx\/tablero-electoral-2021\/?page_id=49"},"modified":"2021-11-05T15:44:31","modified_gmt":"2021-11-05T15:44:31","slug":"plataformas-electorales","status":"publish","type":"page","link":"https:\/\/www2.iepcjalisco.org.mx\/tablero-electoral-2021\/?page_id=49","title":{"rendered":"Plataformas Electorales"},"content":{"rendered":"\r\n\r\n<p><\/p>\n<p>[hurrytimer id=&#8221;98&#8243;]<\/p>\n<p><\/p><h4>\u00bfQue est\u00e1n proponiendo los diversos actores pol\u00edticos?<\/h4>\n<p>En esta secci\u00f3n te ayudaremos a conocer sus plataformas.<\/p>\n<p>El Consejo General del IEPC a trav\u00e9s del acuerdo\u00a0<a href=\"https:\/\/www2.iepcjalisco.org.mx\/tablero-electoral-2021\/wp-content\/uploads\/2021\/03\/plataformas_iepc_acg_016_2021.pdf\" target=\"_blank\" rel=\"noreferrer noopener\">IEPC-ACG-016\/2021\u00a0<\/a>aprueba el registro de las plataformas electorales.<\/p>\t\t\n\t\t\t\t\t\t\t\t\t\t\t<a href=\"https:\/\/www2.iepcjalisco.org.mx\/tablero-electoral-2021\/wp-content\/uploads\/2021\/03\/PAN.-Proyecto-Plataforma-Electoral-final-acta-IImod.docx\" target=\"_blank\" rel=\"noopener\">\n\t\t\t\t\t\t\t<img width=\"300\" height=\"300\" src=\"https:\/\/www2.iepcjalisco.org.mx\/tablero-electoral-2021\/wp-content\/uploads\/2021\/03\/01-PAN-1.png\" alt=\"\" loading=\"lazy\" \/>\t\t\t\t\t\t\t\t<\/a>\n\t\t\t\t\t\t\t\t\t\t\t\t<a href=\"\">PARTIDO ACCION NACIONAL<\/a>\n\t\t\t\t\t<p><a href=\"https:\/\/www2.iepcjalisco.org.mx\/tablero-electoral-2021\/wp-content\/uploads\/2021\/03\/PAN.-Proyecto-Plataforma-Electoral-final-acta-IImod.docx\">Descagar Plataforma Electoral<\/a><\/p>\n<p>Dirigente estatal del partido: Mar\u00eda del Pilar P\u00e9rez Chavira<\/p>\n<p>Redes sociales oficiales del Partido:<\/p>\n<p><a href=\"https:\/\/www.facebook.com\/PANJalisco\" target=\"_blank\" rel=\"noopener\">https:\/\/www.facebook.com\/PANJalisco<\/a> ; @PANJALOFICIAL<\/p>\n<p><a href=\"https:\/\/www.instagram.com\/pan_jalisco\/\" target=\"_blank\" rel=\"noopener\">https:\/\/www.instagram.com\/pan_jalisco\/<\/a><\/p>\n\t\t\t\t\t\t\t\t\t\t\t\t<a href=\"\">\u2022 Gobernabilidad y Seguridad<\/a>\n\t\t\t\t\t<h4><b>Seguridad, justicia y Estado de Derecho<\/b><\/h4>\n<p>La problem\u00e1tica que en materia de Seguridad, Procuraci\u00f3n y Administraci\u00f3n de Justicia que se presenta en Jalisco y en el resto del pa\u00eds es uno de los grandes retos a los que debe hacer frente Acci\u00f3n Nacional, donde lo fundamental es responder a las necesidades de las y los jaliscienses con el objetivo de garantizar el respeto a sus derechos humanos.<\/p>\n<p>Por ello, es necesario que los legisladores locales, alcaldes y regidores emanados del Partido hagan suyo el compromiso de contribuir en la mejora sustantiva del marco legal penal aplicable para el estado de Jalisco, buscando su actualizaci\u00f3n y adecuaci\u00f3n con el marco federal penal, sin perder de vista que esto requiere de un estudio profundo sobre la violencia en el estado, que esta correlacionada con lo que sucede en el \u00e1mbito nacional<\/p>\n<p>Para impulsar una revisi\u00f3n profunda de las modificaciones que se requieren para mejorar la seguridad en el estado, el Partido Acci\u00f3n Nacional en Jalisco est\u00e1 obligado a intercambiar puntos de vista con la sociedad civil organizada, universidades, organismos empresariales, c\u00e1maras, asociaciones vecinales, grupos representativos, colectivos sociales, asociaciones religiosas, entre otras.\u00a0<\/p>\n<p>Las iniciativas que presentar\u00e1n las y los diputados panistas, en las que se contemplar\u00e1n las acciones propuestas por la sociedad civil, estar\u00e1n encaminadas a fortalecer los esquemas de protecci\u00f3n a las y los ciudadanos de Jalisco, para asegurar la paz p\u00fablica, recuperar los espacios p\u00fablicos, brindar seguridad en la libertad, otorgando protecci\u00f3n a los m\u00e1s grandes valores del ser humano como lo son: la vida, la honra, la integridad de las personas y de su patrimonio, as\u00ed como prevenir las conductas antisociales, el respeto a los derechos humanos, a sus garant\u00edas individuales entre otras.<\/p>\n<p>Por lo que en concordancia con la Plataforma Electoral 2021 de Acci\u00f3n Nacional en lo respectivo al eje tem\u00e1tico: Construcci\u00f3n del Estado de Derecho, en Paz, con Justicia y Seguridad, nuestro partido ofrece a las y los jaliscienses:<\/p>\n<p>Rescate del Espacio P\u00fablico para la Seguridad<\/p>\n<ul>\n<li style=\"font-weight: 400;\" aria-level=\"1\">Realizar las adecuaciones necesarias para la homologaci\u00f3n de las leyes en materia de seguridad, prevenci\u00f3n del delito y readaptaci\u00f3n social.<\/li>\n<\/ul>\n<p>\u00a0<\/p>\n<ul>\n<li style=\"font-weight: 400;\" aria-level=\"1\">Impulsar los esquemas de capacitaci\u00f3n para los cuerpos policiales, con el fin de que respondan a requerimientos de\u00a0 la Sociedad, considerando que son la primera autoridad a quien se recurre en caso de un delito. En materia jur\u00eddica y de derechos humanos se buscar\u00e1 garantizar la debida elaboraci\u00f3n del IPH (Informe Policial Homologado).<\/li>\n<\/ul>\n<p>\u00a0<\/p>\n<ul>\n<li style=\"font-weight: 400;\" aria-level=\"1\">Promover que los Ayuntamientos y el Gobierno del estado generen las previsiones necesarias para mejorar las prestaciones sociales y econ\u00f3micas de sus elementos.<\/li>\n<\/ul>\n<p>\u00a0<\/p>\n<ul>\n<li style=\"font-weight: 400;\" aria-level=\"1\">Gestionar recursos para que los elementos cuenten con mejor equipamiento para realizar su labor y estar en aptitud de enfrentar a la delincuencia.<\/li>\n<\/ul>\n<p>\u00a0<\/p>\n<ul>\n<li style=\"font-weight: 400;\" aria-level=\"1\">Implementar el funcionamiento de comisiones internas de honor y justicia para que los elementos cuenten con instancias que velen por sus derechos, promociones, ascensos, reconocimientos y en caso de\u00a0 ser necesario, procedimientos administrativos justos y apegados a la ley.<\/li>\n<\/ul>\n<p>\u00a0<\/p>\n<ul>\n<li style=\"font-weight: 400;\" aria-level=\"1\">Generar acercamiento permanente entre las instancias municipales, estatales y federales para realizar operativos conjuntos mediante sistemas de coordinaci\u00f3n y colaboraci\u00f3n, sin que esto implique sumisi\u00f3n al mando, y en su caso proponer y analizar la implementaci\u00f3n del mando mixto en el Estado.\u00a0<\/li>\n<\/ul>\n<p>\u00a0<\/p>\n<ul>\n<li style=\"font-weight: 400;\" aria-level=\"1\">Promover eficientar los esfuerzos coordinados entre instancias estatales y municipales, respetando las atribuciones de cada uno, analizando la implementaci\u00f3n del mando mixto en el Estado.<\/li>\n<\/ul>\n<p>\u00a0<\/p>\n<ul>\n<li style=\"font-weight: 400;\" aria-level=\"1\">Restablecer el funcionamiento y operaci\u00f3n de los Consejos Regionales de Seguridad los cuales permitir\u00edan agrupar equipos por regiones para enfrentar a la delincuencia en forma ordenada y aumentando el estado de fuerza.<\/li>\n<\/ul>\n<p>\u00a0<\/p>\n<ul>\n<li style=\"font-weight: 400;\" aria-level=\"1\">Promover acciones legislativas para restablecer los apoyos de fondos federales para el fortalecimiento de las corporaciones estatales y municipales en materia de Seguridad.\u00a0\u00a0<\/li>\n<\/ul>\n<p>\u00a0<\/p>\n<ul>\n<li style=\"font-weight: 400;\" aria-level=\"1\">Impulsar una agenda legislativa que formalice y d\u00e9 sustento legal a la participaci\u00f3n y colaboraci\u00f3n ciudadana con las autoridades locales, con el prop\u00f3sito de contribuir a reducir los indicies de delitos del fuero com\u00fan.<\/li>\n<\/ul>\n<p>\u00a0<\/p>\n<ul>\n<li style=\"font-weight: 400;\" aria-level=\"1\">Fortalecer el funcionamiento de la polic\u00eda cibern\u00e9tica, en virtud del crecimiento de delitos que se cometen por las redes sociales y medios tecnol\u00f3gicos.<\/li>\n<\/ul>\n<p>\u00a0<\/p>\n<ul>\n<li style=\"font-weight: 400;\" aria-level=\"1\">Promover la participaci\u00f3n de las Universidades para que junto con el gobierno se revisen y\u00a0 analicen los mapas crimin\u00f3genos.<\/li>\n<\/ul>\n<p>\u00a0<\/p>\n<ul>\n<li style=\"font-weight: 400;\" aria-level=\"1\">Promover el uso de las tecnolog\u00edas de la informaci\u00f3n y comunicaci\u00f3n en la soluci\u00f3n del fen\u00f3meno delincuencial y dotar de dichas herramientas a los elementos para que sus trabajos sean m\u00e1s cient\u00edficos que f\u00edsicos.\u00a0<\/li>\n<\/ul>\n<p>\u00a0<\/p>\n<ul>\n<li style=\"font-weight: 400;\" aria-level=\"1\">Revisar el actual modelo de readaptaci\u00f3n social en el Estado para que cumpla con su misi\u00f3n.<\/li>\n<\/ul>\n<p>\u00a0<\/p>\n<ul>\n<li style=\"font-weight: 400;\" aria-level=\"1\">Ofrecer alternativas jur\u00eddicas a las personas privadas de su libertad, las cuales prev\u00e9 la legislaci\u00f3n, pero que por cuestiones econ\u00f3micas, de educaci\u00f3n o falta de oportunidades no acceden a estos mecanismos de soluci\u00f3n durante sus procesos.<\/li>\n<\/ul>\n<p>\u00a0<\/p>\n<ul>\n<li style=\"font-weight: 400;\" aria-level=\"1\">Promover que se gestione en comodato ante el Gobierno Federal, el inmueble que funcion\u00f3 como Centro Federal de Readaptaci\u00f3n Social N\u00famero 2 \u201cOccidente\u201d, para que sea utilizado por el Gobierno estatal como Reclusorio, donde se podr\u00eda albergar a internos de alta peligrosidad, con la finalidad de inhibir el autogobierno en los centros de readaptaci\u00f3n social estatales y disminuir la corrupci\u00f3n en los mismos.<\/li>\n<\/ul>\n<p>Procuraci\u00f3n de Justicia<\/p>\n<ul>\n<li style=\"font-weight: 400;\" aria-level=\"1\">Legislar para dotar de mayor autonom\u00eda a la Fiscal\u00eda del estado, sin perder el control de la misma por parte del Ejecutivo estatal.<\/li>\n<\/ul>\n<p>\u00a0<\/p>\n<ul>\n<li style=\"font-weight: 400;\" aria-level=\"1\">Promover mejoras en las instalaciones de la Fiscal\u00eda del estado con la finalidad de mejorar las \u00e1reas de trabajo de las y los servidores p\u00fablicos, as\u00ed como las de atenci\u00f3n a las\u00a0 los ciudadanos.<\/li>\n<\/ul>\n<p>\u00a0<\/p>\n<ul>\n<li style=\"font-weight: 400;\" aria-level=\"1\">Fomentar la capacitaci\u00f3n a las y los servidores p\u00fablicos para que su trabajo lo desempe\u00f1en con estricto apego a la ley, buscando en todo momento que las carpetas integradas y consignadas no tengan ninguna deficiencia procedimental o legal. Asimismo, que los jueces que conocen de las mismas no se justifiquen se\u00f1alando que sus resoluciones no pueden ser ajustadas a derecho por una mala integraci\u00f3n o no haber respetado el debido proceso.<\/li>\n<\/ul>\n<p>\u00a0<\/p>\n<ul>\n<li style=\"font-weight: 400;\" aria-level=\"1\">Crear Unidades de Investigaci\u00f3n Especializadas en las materias m\u00e1s recurrentes de los delitos que se\u00a0 est\u00e1n presentando en el estado como lo son: desaparici\u00f3n forzada, feminicidio, homicidios dolosos, robo de identidad, delitos contra las mujeres, violencia intrafamiliar, delitos contra menores, trata de personas, delitos cibern\u00e9ticos, violencia de g\u00e9nero, delincuencia organizada, desaparecidos, fraudes y delitos patrimoniales, entre otros.\u00a0<\/li>\n<\/ul>\n<p>\u00a0<\/p>\n<ul>\n<li style=\"font-weight: 400;\" aria-level=\"1\">Garantizar salarios y prestaciones dignas para las y los servidores p\u00fablicos que laboren en la Fiscal\u00eda.<\/li>\n<\/ul>\n<p>\u00a0<\/p>\n<ul>\n<li style=\"font-weight: 400;\" aria-level=\"1\">Fortalecer y transparentar el servicio civil y profesional de carrera para el personal de la Fiscal\u00eda del estado.\u00a0<\/li>\n<\/ul>\n<p>\u00a0<\/p>\n<ul>\n<li style=\"font-weight: 400;\" aria-level=\"1\">Hacer obligatorio para todas las personas servidores p\u00fablicos, la presentaci\u00f3n de sus declaraciones 3 de 3: patrimonial, de intereses y fiscal.<\/li>\n<\/ul>\n<p>\u00a0<\/p>\n<ul>\n<li style=\"font-weight: 400;\" aria-level=\"1\">Dotar de instrumentos de investigaci\u00f3n necesarios para el desempe\u00f1o de sus funciones.<\/li>\n<\/ul>\n<p>\u00a0<\/p>\n<ul>\n<li style=\"font-weight: 400;\" aria-level=\"1\">Fomentar la utilizaci\u00f3n de los medios alternos de soluci\u00f3n de conflictos o justicia alternativa a todos los ciudadanos lo que permitir\u00eda a la Fiscal\u00eda resolver s\u00f3lo aquellos casos en donde no haya otro mecanismo que el sistema penal acusatorio.<\/li>\n<\/ul>\n<p>\u00a0<\/p>\n<ul>\n<li style=\"font-weight: 400;\" aria-level=\"1\">Brindar apoyo para la adquisici\u00f3n de tecnolog\u00eda para la investigaci\u00f3n y soluci\u00f3n de denuncias, para que \u00e9stas sean m\u00e1s cient\u00edficas.<\/li>\n<\/ul>\n<p>\u00a0<\/p>\n<ul>\n<li style=\"font-weight: 400;\" aria-level=\"1\">Fortalecer al Instituto de Ciencias Forenses, en todo lo relativo a su funcionamiento, pues requiere de m\u00e1s apoyo de personal especializado, mejores instalaciones y equipamiento.<\/li>\n<\/ul>\n<p>\u00a0<\/p>\n<ul>\n<li style=\"font-weight: 400;\" aria-level=\"1\">Consolidar la construcci\u00f3n de un cementerio forense con todos los est\u00e1ndares internacionales para garantizar un dep\u00f3sito digno a las v\u00edctimas no identificadas.\u00a0\u00a0<\/li>\n<\/ul>\n<p>\u00a0<\/p>\n<ul>\n<li style=\"font-weight: 400;\" aria-level=\"1\">Hacer realidad una base de datos consolidada utilizando todas las herramientas humanas y tecnol\u00f3gicas parta facilitar la identificaci\u00f3n de personas desaparecidas o no identificadas en virtud de un hecho violento.<\/li>\n<\/ul>\n<p>\u00a0<\/p>\n<ul>\n<li style=\"font-weight: 400;\" aria-level=\"1\">Dise\u00f1ar, implementar y fortalecer programas y pol\u00edticas de cero tolerancia hacia cualquier forma de violencia de g\u00e9nero y que promuevan relaciones igualitarias entre mujeres y hombres.<\/li>\n<\/ul>\n<p>\u00a0<\/p>\n<p>Impartici\u00f3n de Justicia<\/p>\n<ul>\n<li style=\"font-weight: 400;\" aria-level=\"1\">Destinar los recursos suficientes para alcanzar una verdadera capacitaci\u00f3n y profesionalizaci\u00f3n de las y los empleados del Poder Judicial en todos los niveles.<\/li>\n<\/ul>\n<p>\u00a0<\/p>\n<ul>\n<li style=\"font-weight: 400;\" aria-level=\"1\">Fortalecer y transparentar al servicio civil y profesional de carrera del Poder Judicial del Estado.\u00a0<\/li>\n<\/ul>\n<p>\u00a0<\/p>\n<ul>\n<li style=\"font-weight: 400;\" aria-level=\"1\">Impulsar los mecanismos de transparencia y rendici\u00f3n de cuentas en la operaci\u00f3n e impartici\u00f3n de Justicia en el Poder Judicial y de sus integrantes, con la finalidad de cumplir con los principios de m\u00e1xima publicidad, accesibilidad, completitud y oportunidad.\u00a0<\/li>\n<\/ul>\n<p>\u00a0<\/p>\n<ul>\n<li style=\"font-weight: 400;\" aria-level=\"1\">Realizar las reformas legislativas tendientes a iniciar con la transformaci\u00f3n paulatina del Poder Judicial, implementando sistemas de digitalizaci\u00f3n, que optimicen los procesos y permitan a los empleados del Poder Judicial contar con mayores elementos para agilizar su labor jurisdiccional. Teniendo como finalidad la operaci\u00f3n a corto plazo de un sistema judicial electr\u00f3nico.<\/li>\n<\/ul>\n<p>\u00a0<\/p>\n<ul>\n<li style=\"font-weight: 400;\" aria-level=\"1\">Promover la autonom\u00eda financiera al Poder Judicial, con el objetivo de analizar, simplificar y hacer m\u00e1s efectiva la impartici\u00f3n de justicia en el estado.<\/li>\n<\/ul>\n<p>\u00a0<\/p>\n<ul>\n<li style=\"font-weight: 400;\" aria-level=\"1\">Impulsar un Poder Judicial cercano a los ciudadanos, que ofrezca certeza y seguridad jur\u00eddica en las necesidades de los justiciables.<\/li>\n<\/ul>\n<p>\u00a0<\/p>\n<ul>\n<li style=\"font-weight: 400;\" aria-level=\"1\">Impulsar reformas legislativas que fortalezcan la implementaci\u00f3n del Sistema Penal Acusatorio.<\/li>\n<\/ul>\n<p>\u00a0<\/p>\n<ul>\n<li style=\"font-weight: 400;\" aria-level=\"1\">Fomentar acciones de capacitaci\u00f3n para que las y los juzgadores cuenten con las herramientas necesarias para aplicar la justicia con perspectiva de g\u00e9nero.<\/li>\n<\/ul>\n<p>\u00a0Seguridad para ti y tu familia<\/p>\n<ul>\n<li style=\"font-weight: 400;\" aria-level=\"1\">Implementar acciones de gobierno que fortalezcan el tejido social desde la familia como respuesta a la violencia y para la promoci\u00f3n de la paz y la participaci\u00f3n ciudadana.<\/li>\n<\/ul>\n<p>\u00a0<\/p>\n<ul>\n<li style=\"font-weight: 400;\" aria-level=\"1\">Impulsar planes y programas estrat\u00e9gicos para garantizar la seguridad y combatir la impunidad en beneficio de las familias.<\/li>\n<\/ul>\n<p>\u00a0<\/p>\n<ul>\n<li style=\"font-weight: 400;\" aria-level=\"1\">Implementar una pol\u00edtica p\u00fablica integral, solida, transversal, eficaz y con perspectiva de g\u00e9nero con el fin de garantizar la protecci\u00f3n de los derechos humanos de ni\u00f1as, ni\u00f1os y adolescentes.<\/li>\n<\/ul>\n<p>\u00a0<\/p>\n<ul>\n<li style=\"font-weight: 400;\" aria-level=\"1\">Simplificar y armonizar los procedimientos de activaci\u00f3n de la alerta Amber.<\/li>\n<\/ul>\n<p>\u00a0<\/p>\n<ul>\n<li style=\"font-weight: 400;\" aria-level=\"1\">Garantizar los derechos de las mujeres ind\u00edgenas atendiendo y sancionando cualquier tipo de violencia.<\/li>\n<\/ul>\n<p>\u00a0<\/p>\n<ul>\n<li style=\"font-weight: 400;\" aria-level=\"1\">Combatir la Violencia Intrafamiliar a trav\u00e9s de campa\u00f1as de sensibilizaci\u00f3n.<\/li>\n<\/ul>\n<p>\u00a0<\/p>\n<ul>\n<li style=\"font-weight: 400;\" aria-level=\"1\">Legislar a efecto de considerar con prisi\u00f3n preventiva oficiosa a quien cometa el delito de Violencia Intrafamiliar.<\/li>\n<\/ul>\n<p>\u00a0<\/p>\n<ul>\n<li style=\"font-weight: 400;\" aria-level=\"1\">Implementar pol\u00edticas p\u00fablicas que garanticen la seguridad de la vida e integridad de las mujeres.<\/li>\n<\/ul>\n<p>\u00a0<\/p>\n<ul>\n<li style=\"font-weight: 400;\" aria-level=\"1\">Fortalecer el funcionamiento de la Procuradur\u00eda de Protecci\u00f3n de ni\u00f1as, ni\u00f1as y adolescentes del estado de Jalisco.<\/li>\n<\/ul>\n<p>\u00a0<\/p>\n<ul>\n<li style=\"font-weight: 400;\" aria-level=\"1\">Legislar sobre la imprescriptibilidad de los delitos sexuales contra ni\u00f1as, ni\u00f1os y adolescentes.<\/li>\n<\/ul>\n<p>\u00a0<\/p>\n<ul>\n<li style=\"font-weight: 400;\" aria-level=\"1\">Fortalecer a las organizaciones que ponen al centro de la acci\u00f3n social y pol\u00edtica el cuidado y protecci\u00f3n del derecho a la vida, la dignidad de la persona humana y el respeto a sus derechos, con especial \u00e9nfasis en ofrecer atenci\u00f3n a mujeres violentadas y\/o en situaciones de dificultad para hacer frente a periodo de gestaci\u00f3n ante embarazo inesperado, de manera que puedan evitar riesgos de salud y proteger la vida de ambos: madre e hijo, recuperando condiciones de vida digna.<\/li>\n<\/ul>\n<p>Por ello, es fundamental que el Partido cuente con candidatas y candidatos que se comprometan cumplir con los principios y doctrina de Acci\u00f3n Nacional, respaldando e impulsando las propuestas que nacen de esta plataforma pol\u00edtica en la materia que nos ocupa.<\/p>\n\t\t\t\t\t\t\t\t\t\t\t\t<a href=\"\">\u2022 Movilidad<\/a>\n\t\t\t\t\t<p>Promover la inversi\u00f3n y gesti\u00f3n de obra de transporte p\u00fablico y movilidad no motorizada con el fin de mejorar la accesibilidad de las personas a los bienes, servicios, equipamientos y espacios de recreaci\u00f3n.<\/p>\n<p>Mejorar la infraestructura de ciclov\u00edas y que el \u201ccarril del autob\u00fas\u201d sea ciclo v\u00eda, adem\u00e1s de que existan nodos de acercamiento y ramales de ciclo puertos, de origen y destino.<\/p>\n<p>Ordenar el trasporte p\u00fablico de la ZMG y de las ciudades medias del Estado, donde el carril del autob\u00fas sea el \u00fanico para la circulaci\u00f3n de los mismos y se tenga una redistribuci\u00f3n y cronometraci\u00f3n de rutas.\u00a0<\/p>\n<p>Programa: Ciudad Vial Infantil, permite reducci\u00f3n de muertes por accidentes a ra\u00edz de esta pol\u00edtica p\u00fablica \/ pol\u00edticas p\u00fablicas intersecretariales exitosas. <\/p>\n\t\t\t\t\t\t\t\t\t\t\t\t<a href=\"\">\u2022 Desarrollo Econ\u00f3mico, Empleo y Salario<\/a>\n\t\t\t\t\t<p><b>Empleo, reactivaci\u00f3n econ\u00f3mica y desarrollo de las personas<\/b><\/p>\n<p>Libre Competencia econ\u00f3mica\u00a0<\/p>\n<p>A casi un tercio (28.80%) de la poblaci\u00f3n evaluada de la Zona Metropolitana de Guadalajara, no les alcanza el ingreso y tienen dificultad o grandes dificultades para cubrir sus necesidades b\u00e1sicas, ello a pesar de sumar el total de su ingreso familiar. Esos son los datos que arroj\u00f3 la \u201cSexta Encuesta de Percepci\u00f3n Ciudadana Sobre Calidad de Vida 2018\u201d de la organizaci\u00f3n <i>Jalisco Como Vamos<\/i>.\u00a0<\/p>\n<p>\u00a0<\/p>\n<p>Apenas la mitad de los consultados (50.20%) est\u00e1n satisfechos con su situaci\u00f3n econ\u00f3mica actual, es decir, a\u00fan hay mucho por hacer en materia de fomento econ\u00f3mico para efecto de que, m\u00e1s habitantes de nuestro estado, alcancen el valor de bienestar econ\u00f3mico-social que sus familias se merecen.\u00a0<\/p>\n<p>\u00a0<\/p>\n<p>Acci\u00f3n Nacional Jalisco entiende que la inversi\u00f3n privada, ya sea nacional o extranjera, es uno de los principales pilares econ\u00f3micos del desarrollo de los estados de la Rep\u00fablica. Cuando se combinan la libertad econ\u00f3mica, un clima adecuado para invertir, el respeto a las leyes y buenas pol\u00edticas p\u00fablicas, es decir, cuando hay certeza en nuestro sistema social, se generan condiciones para la inversi\u00f3n privada \u2013nacional y extranjera\u2013. Desde el m\u00e1s alto nivel empresarial, pasando por el mediano y hasta llegar a la familia, profesionistas con ahorros, peque\u00f1os comerciantes o a la juventud emprendedora, quienes deciden invertir y generar empleos, ingresos y al final, riqueza.<\/p>\n<p>\u00a0<\/p>\n<p>Acci\u00f3n Nacional sostiene, como lo ha aplicado en sus gobiernos, que el modelo econ\u00f3mico que mejor conviene a M\u00e9xico es la econom\u00eda social de mercado, la cual combina la libre competencia, la libre iniciativa y el progreso social. Con base en dicha filosof\u00eda econ\u00f3mica, considera que el Estado debe ser garante de la inversi\u00f3n privada, sin la cual es imposible generar riqueza, ni desarrollo, en beneficio de las personas. No se puede pensar en combatir con \u00e9xito la pobreza y la desigualdad sin pensar primero en promover la inversi\u00f3n privada, pues \u00e9sta detona el crecimiento econ\u00f3mico, y se traduce a la vez en creaci\u00f3n de empleos.\u00a0<\/p>\n<p>\u00a0<\/p>\n<p>Las medidas que impongan desde el Gobierno tendientes a inhibir o frenar la inversi\u00f3n privada afectan a las personas y su desarrollo, particularmente a los sectores m\u00e1s pobres, a los menos favorecidos y les impide salir de esa condici\u00f3n.<\/p>\n<p>\u00a0<\/p>\n<p>El Gobierno Federal y el del estado de Jalisco han fincado parte de su pol\u00edtica de desarrollo econ\u00f3mico en la d\u00e1diva social, en la f\u00e1cil rentabilidad pol\u00edtica, que resulta del regalo de dinero, uniformes y\/o \u00fatiles escolares, argumentando que con dichas compensaciones, se disminuir\u00e1 la desigualdad social y las necesidades econ\u00f3micas de la poblaci\u00f3n en condici\u00f3n de pobreza.\u00a0<\/p>\n<p>\u00a0<\/p>\n<p>Hay perversidad en las d\u00e1divas gubernamentales porque lo que buscan es retener el inter\u00e9s electoral del beneficiado, no promover condiciones que generen el desarrollo de los sectores a los que se apoya con \u201cprogramas sociales paternalistas\u201d. A los gobiernos en turno, por mucho que pregonen lo contrario, no le interesa el progreso de los beneficiados, ya que su utilidad est\u00e1 fincada en cada proceso electoral, pues para ellos, el reto es mantenerlos cautivos del apoyo por el mayor tiempo posible.<\/p>\n<p>\u00a0<\/p>\n<p>La f\u00f3rmula de los populistas-autoritarios es muy sencilla: entregar dinero o bienes a las personas m\u00e1s desfavorecidas en el Sistema Social, gente que ordinariamente est\u00e1 inconforme, resentida, frustrada o con agravio hacia su propia comunidad, por entenderse limitada en su condici\u00f3n econ\u00f3mica o material; personas que se asumen disminuidas, rechazadas y por tanto agredidas por quienes ellos suponen, tienen un desarrollo econ\u00f3mico y personal superior al de ellos mismos.\u00a0<\/p>\n<p>\u00a0<\/p>\n<p>La autoridad sin escr\u00fapulos, lo sabe y aprovecha esa condici\u00f3n para culpar, de su inconforme circunstancia. El populista se inmola argumentando que la mejor condici\u00f3n personal y material de aquellos es gracias a que han abusado de otras personas igual a ellos para escalar socialmente o son simples privilegiados del, antes corrupto sistema social en el que viven. El autoritario insiste, con el c\u00ednico y temerario argumento \u201creivindicatorio hacia los que menos tienen\u201d, para legitimar sus agresiones sobre las personas e instituciones, que se\u00f1ala como ventajosas, oportunistas y deshumanas.\u00a0<\/p>\n<p>\u00a0<\/p>\n<p>As\u00ed limita o interrumpe las actividades que generan riqueza, para que intencionalmente, en el sistema social disminuyan las oportunidades reales de empleo y desarrollo. Con ello, los beneficiados de programas sociales, al enfrentar un escenario con menos oportunidades de crecimiento, m\u00e1s adverso, justificar\u00e1 el pernicioso argumento de populista e incrementar\u00e1 m\u00e1s su encono y odio de su entorno social y fortalecer\u00e1 a la autoridad en su discurso divisionista.\u00a0<\/p>\n<p>\u00a0<\/p>\n<p>En un acto de justicia social equivocada, se aferrar\u00e1n m\u00e1s a la d\u00e1diva gubernamental, comenzando as\u00ed, un c\u00edrculo vicioso perverso como eje econ\u00f3mico de dichos Gobiernos. Por ello, el PAN es consciente del grave momento que enfrenta la relaci\u00f3n entre el sector privado y los gobiernos actuales, derivado de medidas oficiales que han desmantelado la participaci\u00f3n empresarial y la han sustituido por modelos estatistas y populistas, propios de los a\u00f1os 70, que ya demostraron su fracaso, en M\u00e9xico y en el mundo.\u00a0<\/p>\n<p>\u00a0<\/p>\n<p>Para Acci\u00f3n Nacional es urgente recomponer la relaci\u00f3n entre los inversionistas privados, nacionales e internacionales y el sector p\u00fablico con el prop\u00f3sito de enviar se\u00f1ales de certeza y confianza para incentivar, de forma inmediata, el consumo en el mercado interno y posteriormente convencer mercados y calificadoras internacionales. Acci\u00f3n Nacional tiene un mensaje claro para los mexicanos: s\u00ed es posible enmendar el rumbo del crecimiento, para generar bienestar para todas las personas.<\/p>\n<p>\u00a0<\/p>\n<p>A\u00fan estamos lejos de conocer las consecuencias que dejar\u00e1 en la econom\u00eda jalisciense, la emergencia sanitaria que afecta al mundo por COVID19. Lo que s\u00ed es posible identificar, como lo manifiesta Antonio S\u00e1nchez Bernal, investigador del Sistema Nacional de Investigadores, Conacyt, son los efectos y los sectores econ\u00f3micos m\u00e1s sensibles a la contingencia. \u201cEl contexto econ\u00f3mico global y nacional que antecede a la llegada del virus a Jalisco no era halagador\u201d, se\u00f1al\u00f3 el Investigador, quien adem\u00e1s agrega en su art\u00edculo sobre la econom\u00eda en Jalisco:<\/p>\n<p>\u00a0<\/p>\n<p>\u201cEl comercio al por menor y la informalidad tienen una relaci\u00f3n fuerte; en Jalisco la tasa de informalidad rondaba en 2017, el 53% de la poblaci\u00f3n. Adicionalmente, el promedio de ingreso mensual de los trabajadores en el estado en ese mismo a\u00f1o estaba alrededor de 6,721 pesos y son trabajadores que en general no cuentan con ahorros. En s\u00edntesis, Jalisco tiene un n\u00famero relevante de trabajadores vulnerables ante la ausencia temporal de su actividad. Por otra parte, es importante se\u00f1alar las afectaciones en las actividades gubernamentales derivadas del impacto de la pandemia en las finanzas p\u00fablicas locales. Los costos de los servicios de salud en Jalisco se incrementar\u00e1n de manera significativa por la pandemia y se requerir\u00e1n inversiones inmediatas para solventar la atenci\u00f3n a la poblaci\u00f3n contagiada, ya que la entidad, seg\u00fan datos de la Secretar\u00eda de Salud de M\u00e9xico, Jalisco presenta niveles de gasto p\u00fablico en salud (2.5% del PIB de la entidad), por debajo del realizado por el Gobierno Federal\u00a0(2.8% con respecto al PIB del pa\u00eds) y muy alejado del promedio de los pa\u00edses de la OCDE (6.3% con respecto al PIB)\u201d.\u00a0<\/p>\n<p>\u00a0<\/p>\n<p><b>Para el Partido Acci\u00f3n Nacional, el desarrollo humano es uno de los fines de la pol\u00edtica.<\/b> La creaci\u00f3n de un piso parejo y de oportunidades para todos los mexicanos es una lucha hist\u00f3rica de Acci\u00f3n Nacional. No cabe duda, nuestros gobiernos fueron exitosos en mejorar las oportunidades y en contener y en abatir la pobreza, ah\u00ed est\u00e1n las cifras del Banco Mundial relativas al periodo 2000-2005 y la manera como sorteamos la Gran Recesi\u00f3n de 2008-2009.\u00a0<\/p>\n<p>\u00a0<\/p>\n<p>S\u00ed, es posible combatir la pobreza y empezar a revertirla. Acci\u00f3n Nacional considera hoy, al igual que hace tres a\u00f1os, que es una prioridad el proteger el ingreso de las familias y de las personas. Por ello proponemos nuevamente y de manera urgente, que <b>se garantice el derecho de las y los mexicanos a tener un ingreso b\u00e1sico universal<\/b>, que los proteja frente a las dif\u00edciles consecuencias econ\u00f3micas que se avizoran en el corto plazo.<\/p>\n<p>\u00a0<\/p>\n<p>El Instituto de Informaci\u00f3n Estad\u00edstica y Geogr\u00e1fica de Jalisco realiz\u00f3 la Encuesta sobre afectaciones y reactivaci\u00f3n econ\u00f3mica gradual de las unidades econ\u00f3micas de Jalisco. El cuestionario, lo respondieron 1,721 unidades econ\u00f3micas de Jalisco; en \u00e9stas, 3.7% son del sector construcci\u00f3n, 12.5% son de manufactura, 33.6% de comercio y 50.3% de servicios.<\/p>\n<p>\u00a0<\/p>\n<p>De acuerdo con los resultados, 60.2% actualmente trabaja bajo condiciones especiales, 20.7% est\u00e1 en cierre temporal, 16.3% operando con normalidad y 2.8% en cierre definitivo. Es decir, 1,673 establecimientos siguen en operaci\u00f3n, a\u00fan con cierre temporal y 48 ya cerraron de manera definitiva.<a href=\"https:\/\/iieg.gob.mx\/strategos\/wp-content\/uploads\/2020\/07\/participantes.jpg\">\u00a0<\/a><\/p>\n<p>\u00a0<\/p>\n<p>El 26.6% de los establecimientos que siguen operando ha considerado cerrar de manera definitiva. De \u00e9stos, 44.9% se\u00f1ala que lo hace por falta de fondos o liquidez, 35.1% es por la incertidumbre sobre la duraci\u00f3n de la ca\u00edda en las ventas y 20.1% dijo que los gastos elevados, los problemas de cobranza, las multas o porque dependen del turismo, entre otras.<\/p>\n<p>\u00a0<\/p>\n<p>De los 1,721 establecimientos que se encuestaron, 68.1% mencionaron que no se han visto en la necesidad de despedir personal por la coyuntura actual, 18.7% s\u00ed se vieron en la necesidad de prescindir cierto personal y 11.3% no cuenta con personal.<\/p>\n<p>\u00a0<\/p>\n<p>De los 313 establecimientos que respondieron que s\u00ed despidieron personal, 43.8% mencionaron que est\u00e1n considerando recortar m\u00e1s plazas laborales. Por otro lado, 99 unidades econ\u00f3micas o 31.6% no piensan despedir m\u00e1s personal. La mayor\u00eda de las unidades que cerraron eran microempresas, (45 de ellas) de \u00e9stas 21 eran del sector comercio, 19 de servicios y 5 manufactura.\u00a0<\/p>\n<p>\u00a0<\/p>\n<p>De estas empresas que cerraron de manera definitiva, s\u00f3lo una unidad ten\u00eda una antig\u00fcedad menor a un a\u00f1o; cuatro, de uno a dos a\u00f1os; 20 de tres a cinco a\u00f1os, 7 de seis a diez a\u00f1os y 16 unidades llevaban operando por m\u00e1s de diez a\u00f1os.<\/p>\n<p>\u00a0<\/p>\n<p>La principal raz\u00f3n que se manifest\u00f3 es la falta de fondos o liquidez, 22 unidades lo mencionan como principal factor, 8 unidades mencionaron que la incertidumbre sobre la duraci\u00f3n de la ca\u00edda de las ventas, 5 por multas del gobierno por la emergencia sanitaria, 3 por gastos elevados y solo una unidad por problemas de cobranza.<\/p>\n<p>\u00a0<\/p>\n<p>Ante este escenario en el PAN Jalisco promoveremos:<\/p>\n<p>Atender a las personas y sus familias<\/p>\n<ul>\n<li style=\"font-weight: 400;\" aria-level=\"1\">Promover el aumento a los sueldos y salarios de las y los jaliscienses con perspectiva de g\u00e9nero, para disminuir las brechas de desigualdad.<\/li>\n<\/ul>\n<p>\u00a0<\/p>\n<ul>\n<li style=\"font-weight: 400;\" aria-level=\"1\">Impulsar el consumo interno con la creaci\u00f3n de un Ingreso B\u00e1sico Universal (IBU) para las y los jaliscienses, a efecto de mejorar sus condiciones de vida y contribuya a combatir la pobreza extrema.<\/li>\n<\/ul>\n<p>\u00a0<\/p>\n<ul>\n<li style=\"font-weight: 400;\" aria-level=\"1\">Lograr que se establezca un fondo emergente para la poblaci\u00f3n m\u00e1s vulnerable, incluidas personas de la tercera edad, ante contingencias econ\u00f3micas o sanitarias que pongan en riesgo sus ingresos de subsistencia.<\/li>\n<\/ul>\n<p>\u00a0<\/p>\n<ul>\n<li style=\"font-weight: 400;\" aria-level=\"1\">Ampliar en la legislaci\u00f3n laboral los permisos para periodo de lactancia a un a\u00f1o.<\/li>\n<\/ul>\n<p>\u00a0<\/p>\n<ul>\n<li style=\"font-weight: 400;\" aria-level=\"1\">Proponer reformas legales y pol\u00edticas institucionales con el prop\u00f3sito de flexibilizar y armonizar la actividad laboral con la vida familiar y cuidado de los hijos.<\/li>\n<\/ul>\n<p>\u00a0<\/p>\n<ul>\n<li style=\"font-weight: 400;\" aria-level=\"1\">Mantener una postura responsable en torno a la discusi\u00f3n del Presupuesto Estatal 2022, 2023 y 2024,\u00a0 en un contexto de crisis econ\u00f3mica y escasez de recursos p\u00fablicos, a fin de lograr leyes de Ingresos que prioricen el equilibrio de las finanzas p\u00fablicas sanas, adem\u00e1s de integrar incentivos y est\u00edmulos fiscales que apoyen a las empresas y a las familias jaliscienses.\u00a0<\/li>\n<\/ul>\n<p>\u00a0<\/p>\n<ul>\n<li style=\"font-weight: 400;\" aria-level=\"1\">Pugnar por un Presupuesto de Egresos que est\u00e9 comprometido con la atenci\u00f3n de la pandemia, la inversi\u00f3n p\u00fablica en infraestructura y comunicaciones, la generaci\u00f3n de empleo y el ingreso de las familias, que reduzca las brechas de desigualdad, dinamice el mercado interno y fomente la competitividad de los sectores estrat\u00e9gicos para lograr crecimiento econ\u00f3mico y bienestar social; impulsaremos para el siguiente ejercicio fiscal mayores recursos para salvaguardar los derechos humanos de quienes m\u00e1s lo necesitan y vigilaremos el ejercicio eficiente y eficaz de las asignaciones presupuestarias para atender estas necesidades.<\/li>\n<\/ul>\n<p>\u00a0<\/p>\n<ul>\n<li style=\"font-weight: 400;\" aria-level=\"1\">Apoyar y subsidiar estancias infantiles seguras y accesibles.<\/li>\n<\/ul>\n<p>\u00a0<\/p>\n<ul>\n<li style=\"font-weight: 400;\" aria-level=\"1\">Generar pol\u00edticas p\u00fablicas que garanticen las mismas oportunidades de desarrollo a las ni\u00f1as, ni\u00f1os y adolescentes, teniendo en cuenta las distintas realidades en las que estos grupos poblacionales se desenvuelven.<\/li>\n<\/ul>\n<p>\u00a0<\/p>\n<ul>\n<li style=\"font-weight: 400;\" aria-level=\"1\">Pol\u00edticas p\u00fablicas que puedan fomentar el acceso de personas con discapacidad al ejercicio pleno de sus derechos sociales, as\u00ed como pol\u00edticas de fomento al empleo de este grupo poblacional.<\/li>\n<\/ul>\n<p>\u00a0<\/p>\n<ul>\n<li style=\"font-weight: 400;\" aria-level=\"1\">Legislar en materia de mi primer empleo, para impulsar el desarrollo integral de los j\u00f3venes y mejorar las v\u00edas para su inserci\u00f3n en el mercado de trabajo, permitiendo, cuando es el caso, que ello no les impida terminar sus estudios y que \u00e9sta se d\u00e9 en el sector formal.<\/li>\n<\/ul>\n<p>Proteger el empleo formal, tanto a empleados como a empleadores<\/p>\n<p>\u00a0<\/p>\n<ul>\n<li style=\"font-weight: 400;\" aria-level=\"1\">Impulsar una Ley de Recuperaci\u00f3n Econ\u00f3mica, y promover en virtud de la misma, medidas de emergencia a nivel estatal en favor de la recuperaci\u00f3n y\/o la protecci\u00f3n del empleo, de los negocios y de la inversi\u00f3n.\u00a0<\/li>\n<\/ul>\n<p>\u00a0<\/p>\n<ul>\n<li style=\"font-weight: 400;\" aria-level=\"1\">Lograr por mandato de ley un fondo permanente de apoyo para las Micro, Peque\u00f1as y Medianas Empresas (MIPYMES), ante contingencias econ\u00f3micas, pol\u00edticas y sanitarias, de modo que lo mismo el negocio familiar, las personas peque\u00f1o comerciantes, y las empresas en general, no tengan que frenar ni cerrar, y proteger con ello el ingreso de las familias y el empleo.<\/li>\n<\/ul>\n<p>\u00a0<\/p>\n<ul>\n<li style=\"font-weight: 400;\" aria-level=\"1\">Impulsar medidas legislativas, presupuestales y tributarias para recuperar la confianza en los inversionistas privados, nacionales y extranjeros.<\/li>\n<\/ul>\n<p>\u00a0<\/p>\n<ul>\n<li style=\"font-weight: 400;\" aria-level=\"1\">Impulsar programas para incentivar a las empresas que promuevan y garanticen un trabajo digno con sus trabajadores, otorgando beneficios econ\u00f3micos y fiscales.<\/li>\n<\/ul>\n<p>\u00a0<\/p>\n<ul>\n<li style=\"font-weight: 400;\" aria-level=\"1\">Promover el establecimiento, en las oficinas de Gobierno de todo el estado, de ventanillas \u00fanicas de atenci\u00f3n para las personas con discapacidad permanente, a efecto de simplificar los tr\u00e1mites de atenci\u00f3n en materia de salud, de programas sociales, laboral y recreativa, y establecer la obligaci\u00f3n de que los portales y p\u00e1ginas de internet de los municipios tengan la misma caracter\u00edstica de accesibilidad.<\/li>\n<\/ul>\n<p>\u00a0<\/p>\n<ul>\n<li style=\"font-weight: 400;\" aria-level=\"1\">Establecer espacios que promuevan la venta y comercio legal de piezas artesanales end\u00e9micas de diversas regiones del pa\u00eds, en lugares tur\u00edsticamente estrat\u00e9gicos, otorgando est\u00edmulos econ\u00f3micos para promover la participaci\u00f3n de los pueblos originarios en la econom\u00eda estatal.<\/li>\n<\/ul>\n<p>\u00a0<\/p>\n<ul>\n<li style=\"font-weight: 400;\" aria-level=\"1\">Enfocar apoyos y programas a la atracci\u00f3n de inversiones, diversificaci\u00f3n de exportaciones, fortalecimiento de peque\u00f1as y medianas empresas, sustituci\u00f3n de importaciones, desarrollo regional y creaci\u00f3n de nuevas empresas.<\/li>\n<\/ul>\n<p>\u00a0<\/p>\n<ul>\n<li style=\"font-weight: 400;\" aria-level=\"1\">Impulsar reformas laborales que contemple sanciones de tipo econ\u00f3mico, a empresas que incurran o toleren pr\u00e1cticas de acoso laboral y sexual.<\/li>\n<\/ul>\n<p>\u00a0<\/p>\n<ul>\n<li style=\"font-weight: 400;\" aria-level=\"1\">Promover plataformas p\u00fablico-privadas de promoci\u00f3n laboral para las mujeres.<\/li>\n<\/ul>\n<p>\u00a0<\/p>\n<ul>\n<li style=\"font-weight: 400;\" aria-level=\"1\">Combatir la desigualdad en el ejercicio de los derechos laborales y el acceso a la seguridad social.<\/li>\n<\/ul>\n<p>\u00a0<\/p>\n<ul>\n<li style=\"font-weight: 400;\" aria-level=\"1\">Promover el ejercicio de derechos salariales para las actividades dom\u00e9sticas que actualmente no est\u00e1n remuneradas.<\/li>\n<\/ul>\n<p>\u00a0<\/p>\n<ul>\n<li style=\"font-weight: 400;\" aria-level=\"1\">Impulsar el dise\u00f1o de pol\u00edticas p\u00fablicas que fortalezcan la cultura y el impulso al emprendimiento con cr\u00e9ditos a tasa cero y sin garant\u00edas excesivas, y que favorezcan las condiciones actuales de las micro, peque\u00f1as y medianas empresas, buscando recortar la brecha de la desigualdad competitiva.<\/li>\n<\/ul>\n<p>Promover el crecimiento econ\u00f3mico desde lo local<\/p>\n<ul>\n<li style=\"font-weight: 400;\" aria-level=\"1\">Reforzar los programas de regionalizaci\u00f3n econ\u00f3mica con el fin de alentar el desarrollo de los municipios y sus pobladores a partir de sus propias potencialidades, aprovechando la vocaci\u00f3n hist\u00f3rica, natural y geogr\u00e1fica de cada localidad. De esta forma continuar\u00e1 la generaci\u00f3n de polos de desarrollo econ\u00f3mico en cada regi\u00f3n, fortaleciendo las instancias de coordinaci\u00f3n regional, que procuren la participaci\u00f3n protag\u00f3nica de los ciudadanos, que se traduzcan en oportunidades y calidad de vida para las y los jaliscienses.<\/li>\n<\/ul>\n<p>\u00a0<\/p>\n<ul>\n<li style=\"font-weight: 400;\" aria-level=\"1\">Atender a las Peque\u00f1as y Medianas Empresas (PYMES) urbanas y del campo en tres \u00e1reas fundamentales: mejorar el ambiente econ\u00f3mico para los negocios, dotar a las empresas de las herramientas para mejorar su competitividad, elevar sus ventas y consolidar su rentabilidad, sin olvidar aspectos tan importantes como el costo de financiamiento, las garant\u00edas y la disposici\u00f3n de los bancos para atender a las PYMES.\u00a0<\/li>\n<\/ul>\n<p>\u00a0<\/p>\n<p>Ello sentar\u00e1 las bases para impulsar un estilo de crecimiento incluyente, con mayor valor agregado para Jalisco y la capacidad para generar m\u00e1s y mejores oportunidades de desarrollo a escala sectorial y regionalmente. Ya que el cr\u00e9dito que la banca comercial otorga al sector privado crece, pero s\u00f3lo el que se dirige a las grandes empresas, nuestro Gobierno deber\u00e1 generar el\u00a0financiamiento adecuado a las micro, peque\u00f1as y medianas empresas para generar un crecimiento incluyente.<\/p>\n<p>\u00a0<\/p>\n<ul>\n<li style=\"font-weight: 400;\" aria-level=\"1\">Impulsar un nuevo modelo de distribuci\u00f3n de participaciones municipales, que incentive, desde los municipios, la disposici\u00f3n de dinero para las familias, los trabajadores y las empresas. En el caso de las empresas, lograr una mejora regulatoria estatal y municipal lo cual lograr\u00e1 expandir su capacidad productiva y crear y sostener empleos.<\/li>\n<\/ul>\n<p>\u00a0<\/p>\n<ul>\n<li style=\"font-weight: 400;\" aria-level=\"1\">Impulsar acciones para aprovechar las oportunidades del proceso de globalizaci\u00f3n, apoyando a las MIPYMES en sus actividades comerciales internacionales, con el prop\u00f3sito de reactivar la econom\u00eda del Estado.<\/li>\n<\/ul>\n<p>\u00a0<\/p>\n<ul>\n<li style=\"font-weight: 400;\" aria-level=\"1\">Lograr que se establezcan candados en la Constituci\u00f3n, para que el Presupuesto de Egresos del estado sea elaborado con criterios que respondan a los intereses de la entidad y no al grupo o partido gobernante con prop\u00f3sitos electorales.<\/li>\n<\/ul>\n<p>\u00a0<\/p>\n<ul>\n<li style=\"font-weight: 400;\" aria-level=\"1\">Impulsar el incremento de los montos y los conceptos de participaciones y de aportaciones del estado a los municipios de Jalisco.<\/li>\n<\/ul>\n<p>\u00a0<\/p>\n<ul>\n<li style=\"font-weight: 400;\" aria-level=\"1\">Legislar en materia de incentivos a las actividades productivas en el campo, agr\u00edcolas o pecuarias, que les permitan a quienes las ejercen en el campo, desarrollar sus habilidades y aplicar sus conocimientos \u2013por ciencia o por experiencia- en su propia regi\u00f3n; respetando la vocaci\u00f3n productiva de la tierra en que se despierte su propia iniciativa.<\/li>\n<\/ul>\n<p>\u00a0<\/p>\n<ul>\n<li style=\"font-weight: 400;\" aria-level=\"1\">Crear unidades de inteligencia de mercado con el objeto de darle mayor esperanza de vida a las peque\u00f1as y medianas empresas de reciente creaci\u00f3n.<\/li>\n<\/ul>\n<p>\u00a0<\/p>\n<ul>\n<li style=\"font-weight: 400;\" aria-level=\"1\">Impulsar el desarrollo econ\u00f3mico de todos los municipios del estado por medio de obra p\u00fablica productiva.<\/li>\n<\/ul>\n<p>\u00a0<\/p>\n<ul>\n<li style=\"font-weight: 400;\" aria-level=\"1\">Promover mecanismo o programas de fomento para que las peque\u00f1as y medianas empresas tengan mayor participaci\u00f3n en las cadenas de valor con la entrada en vigor del nuevo tratado entre M\u00e9xico, Estados Unidos y Canad\u00e1 (T-MEC).<\/li>\n<\/ul>\n<p>\u00a0<\/p>\n<ul>\n<li style=\"font-weight: 400;\" aria-level=\"1\">Fortalecer la imagen del Estado de Jalisco a trav\u00e9s de las embajadas, consulados y representaciones de nuestro pa\u00eds ante organismos internacionales, as\u00ed como en los foros internacionales.<\/li>\n<\/ul>\n<p>\u00a0<\/p>\n<ul>\n<li style=\"font-weight: 400;\" aria-level=\"1\">Impulsar las relaciones p\u00fablicas y la presencia comercial, cultural y tur\u00edstica de Jalisco en los medios de comunicaci\u00f3n de los estados y municipios del pa\u00eds.<\/li>\n<\/ul>\n<p>\u00a0<\/p>\n<ul>\n<li style=\"font-weight: 400;\" aria-level=\"1\">Establecer al turismo como actividad prioritaria para la econom\u00eda del Estado, con el objeto de que exista una pol\u00edtica estatal para el desarrollo tur\u00edstico que promueva la asignaci\u00f3n de recursos para la inversi\u00f3n en infraestructura tur\u00edstica y los programas necesarios para fortalecer la competitividad del sector.\u00a0<\/li>\n<\/ul>\n<p>\u00a0<\/p>\n<ul>\n<li style=\"font-weight: 400;\" aria-level=\"1\">Promover la reapertura de los destinos tur\u00edsticos del Estado, en orden y con todas las medidas de prevenci\u00f3n, para incentivar la visita de las y los turistas nacionales y extranjeros.<\/li>\n<\/ul>\n<p>\u00a0<\/p>\n<ul>\n<li style=\"font-weight: 400;\" aria-level=\"1\">Impulsar la creaci\u00f3n de un fondo emergente para el apoyo a las empresas tur\u00edsticas bajo dos enfoques: uno para la adquisici\u00f3n de material sanitario que sirva para la reapertura de negocios y, dos para garantizar el empleo en el sector ante la contingencia.\u00a0\u00a0<\/li>\n<\/ul>\n<p>\u00a0<\/p>\n<ul>\n<li style=\"font-weight: 400;\" aria-level=\"1\">Impulsar un fondo estatal que impulse las modalidades de turismo, campa\u00f1as de promoci\u00f3n tur\u00edstica, incentive la inversi\u00f3n en infraestructura y genere fuentes de empleo e ingresos a nivel local para la reactivaci\u00f3n econ\u00f3mica del estado y en apoyo a las familias que laboran en el sector tur\u00edstico.\u00a0<\/li>\n<\/ul>\n<p>\u00a0<\/p>\n<ul>\n<li style=\"font-weight: 400;\" aria-level=\"1\">Apoyar el fortalecimiento del turismo sustentable con el prop\u00f3sito de reconocer y ampliar a mayores empresas las buenas pr\u00e1cticas en el ramo tur\u00edstico con el objetivo de atraer a los paseantes internacionales j\u00f3venes, que hoy determinan sus destinos en base al potencial ambiental y sustentable.<\/li>\n<\/ul>\n<p>\u00a0<\/p>\n<ul>\n<li style=\"font-weight: 400;\" aria-level=\"1\">Promover programas y acciones de gobierno que privilegien el consumo local responsable.<\/li>\n<\/ul>\n<p>\u00a0<\/p>\n<ul>\n<li style=\"font-weight: 400;\" aria-level=\"1\">Implementar pol\u00edticas p\u00fablicas que incentive la creaci\u00f3n y el acompa\u00f1amiento de una red estatal de empresas socialmente responsables de impacto popular.<\/li>\n<\/ul>\n<p>\u00a0<\/p>\n<ul>\n<li style=\"font-weight: 400;\" aria-level=\"1\">Impulsar acciones para fortalecer las econom\u00edas ind\u00edgenas.<\/li>\n<\/ul>\n<p>La educaci\u00f3n como eje para impulsar el desarrollo econ\u00f3mico del estado<\/p>\n<p>\u00a0<\/p>\n<ul>\n<li style=\"font-weight: 400;\" aria-level=\"1\">Lograr una mejor conexi\u00f3n entre los aprendizajes de salida de las escuelas y el ingreso a los mercados de trabajo. Relacionar la oferta educativa con las necesidades o expectativas de los empleadores en el estado. Hay que desarrollar a las y los jaliscienses en edad productiva para que incrementen su capacidad de resoluci\u00f3n de problemas, de forma innovadora y creativa, para generar soluciones que abaraten costos y tiempos a la industria en sus procesos productivos y de transformaci\u00f3n o que vuelvan m\u00e1s efectivas a las empresas del sector comercial y de servicios para obtener mayores utilidades y por tanto lograr una mayor riqueza para Jalisco.<\/li>\n<\/ul>\n<p>\u00a0<\/p>\n<ul>\n<li style=\"font-weight: 400;\" aria-level=\"1\">Legislar en materia de investigaci\u00f3n cient\u00edfica y tecnol\u00f3gica de aplicaci\u00f3n agr\u00edcola y pecuaria para dotar a las personas trabajadoras y empresarias del campo, de las herramientas y avances que les ayuden a ser productivas, en beneficio de la regi\u00f3n y del pa\u00eds. Asimismo, promover el servicio social universitario en las \u00e1reas del conocimiento agropecuario, para generar sinergia y fomentar la solidaridad entre las personas de la ciudad y del campo.<\/li>\n<\/ul>\n<p>\u00a0<\/p>\n<ul>\n<li style=\"font-weight: 400;\" aria-level=\"1\">Lograr que se legisle en materia de investigaci\u00f3n cient\u00edfica y tecnol\u00f3gica de aplicaci\u00f3n m\u00e9dica y de sanidad p\u00fablica, para dotar a nuestro sistema de salud de las herramientas y avances que les ayuden a ser efectivas productivas, en beneficio de la regi\u00f3n y del pa\u00eds.<\/li>\n<\/ul>\n<p>\u00a0<\/p>\n<ul>\n<li style=\"font-weight: 400;\" aria-level=\"1\">Promover la ley los bonos educativo, para que los ni\u00f1os y los j\u00f3venes puedan decidir en qu\u00e9 escuela o Universidad, p\u00fablica o privada, quieren estudiar, y que sea financiada por el Estado, quien perder\u00e1 el monopolio de impartici\u00f3n de la educaci\u00f3n p\u00fablica.<\/li>\n<\/ul>\n<p>\u00a0<\/p>\n<ul>\n<li style=\"font-weight: 400;\" aria-level=\"1\">Implementar una estrategia de actualizaci\u00f3n e impulso hacia la nueva era del conocimiento, dando prioridad a las tecnolog\u00edas digitales y su aplicaci\u00f3n y aprovechamiento en la econom\u00eda.<\/li>\n<\/ul>\n<p>\u00a0<\/p>\n<ul>\n<li style=\"font-weight: 400;\" aria-level=\"1\">Promover cursos de formaci\u00f3n y capacitaci\u00f3n espec\u00edficos para mujeres en nuevas tecnolog\u00edas aplicadas al empleo y emprendimiento. Adem\u00e1s, buscaremos el intercambio de experiencias entre mujeres emprendedoras y empresarias.<\/li>\n<\/ul>\n<p>\u00a0<\/p>\n<ul>\n<li style=\"font-weight: 400;\" aria-level=\"1\">Promover un Programa Especial de capacitaci\u00f3n continua, a los emprendedores y sus trabajadores, a trav\u00e9s de convenios firmados por la SEJ y las universidades del Estado.<\/li>\n<\/ul>\n<p>\u00a0<\/p>\n<ul>\n<li style=\"font-weight: 400;\" aria-level=\"1\">Los pueblos ind\u00edgenas son comunidades de nuestra naci\u00f3n que se encuentran afectadas por la injusticia, la desigualdad y la exclusi\u00f3n. Impulsaremos pol\u00edticas p\u00fablicas integrales que mejoren sustancialmente sus condiciones de nutrici\u00f3n, salud y de educaci\u00f3n, a fin de incorporarlas plenamente al desarrollo del Estado, respetando la libertad y autonom\u00eda de quienes las integran.<\/li>\n<\/ul>\n<p>\u00a0<\/p>\n<ul>\n<li style=\"font-weight: 400;\" aria-level=\"1\">Crear pol\u00edticas p\u00fablicas que beneficien a los emprendedores y privilegien el desarrollo de la persona mediante formaci\u00f3n especializada para crear ventajas competitivas dentro de la industria y las empresas.<\/li>\n<\/ul>\n\t\t\t\t\t\t\t\t\t\t\t\t<a href=\"\">\u2022 Medio Ambiente<\/a>\n\t\t\t\t\t<p><b>Responsabilidad medioambiental<\/b><\/p>\n<p>La principal convicci\u00f3n de Acci\u00f3n Nacional se finca en el respeto a la dignidad de la persona humana. Esta premisa es el motor que impulsa los retos que el partido enfrenta, en esa tesitura y fiel a su vocaci\u00f3n humanista, el PAN plantea en el Bien Com\u00fan, la manera de servir al Ser Humano en lo individual y dentro de su comunidad.\u00a0<\/p>\n<p>\u00a0<\/p>\n<p>Para que se pueda materializar ese bien com\u00fan, nuestro proyecto de Naci\u00f3n se finca en los postulados del humanismo pol\u00edtico y est\u00e1 motivado en las necesidades humanas m\u00e1s sentidas, en aquello que les interesa a los ciudadanos, donde el cuidado del entorno es fundamental para el sano desarrollo y crecimiento de los seres humanos.<\/p>\n<p>\u00a0<\/p>\n<p>Y es a partir del municipio, donde se desarrolla la vida de la persona de forma individual y colectiva; en el municipio es donde se desarrollan los anhelos humanos, es donde la persona cumple su destino; es el municipio la unidad pol\u00edtica concreta, con territorio y legado, el espacio donde se desarrolla la vida de las personas y lo que a ellos importa.\u00a0<\/p>\n<p>\u00a0<\/p>\n<p>De esta forma, el Partido Acci\u00f3n Nacional fiel y congruente a su vocaci\u00f3n observa la importancia de impulsar y ejecutar pol\u00edticas p\u00fablicas viables para la soluci\u00f3n de las necesidades de la comunidad, a partir del municipio, y de ah\u00ed partir para dar respuesta en diferentes escalas: regional, estatal y federal.\u00a0<\/p>\n<p>\u00a0<\/p>\n<p>Es por ello que la apuesta es por el desarrollo con una perspectiva de sustentabilidad, donde la base medioambiental juega un papel preponderante, como se plantea en nuestra Proyecci\u00f3n de Principios de Doctrina de 2002, que sostiene:<\/p>\n<p>\u00a0<\/p>\n<p>\u201cEl desarrollo debe ser sustentable, lo que implica que los intereses de las generaciones futuras reciban la misma atenci\u00f3n que los de la presente. El deber de proteger a las generaciones futuras no puede pasar por alto las apremiantes necesidades de la poblaci\u00f3n en general y de los m\u00e1s vulnerables en particular. La b\u00fasqueda de un desarrollo sustentable debe tener dentro de sus m\u00e1s altas prioridades la eliminaci\u00f3n de la pobreza de la generaci\u00f3n actual, cuidando de no hipotecar el futuro, es el reto que nuestro pa\u00eds enfrenta actualmente y es preciso atender dichas demandas\u201d.<\/p>\n<p>\u00a0<\/p>\n<p>En este sentido, no podemos dejar de lado, el impacto que generan las actividades productivas de las comunidades en la naturaleza. De esta forma es necesario considerar el efecto, a veces negativo, que la interacci\u00f3n de la comunidad tiene sobre los recursos naturales de un determinado territorio, que puede generar desequilibrios y efectos que resultan perjudiciales para el entorno, modificando e incluso agotando, los recursos bi\u00f3ticos y abi\u00f3ticos, que inciden en detrimento de la calidad de vida de la poblaci\u00f3n.\u00a0<\/p>\n<p>\u00a0<\/p>\n<p>Al amparo de lo anteriormente expuesto, esta plataforma pol\u00edtica posee una \u00f3ptica de la \u00e9tica solidaria y plantea la responsabilidad medioambiental con el objetivo de generar una convivencia arm\u00f3nica entre los seres humanos y su entorno, por medio de la gesti\u00f3n del territorio.\u00a0<\/p>\n<p>\u00a0<\/p>\n<p>La problem\u00e1tica que nos aqueja como estado requiere de la acci\u00f3n decidida y oportuna de cada una de las personas desde su \u00e1mbito particular de desenvolvimiento tanto individual como colectivo. La acci\u00f3n conjunta de las medidas a implementar necesita la intervenci\u00f3n del \u00e1mbito local-municipal con perspectiva global.\u00a0<\/p>\n<p>\u00a0<\/p>\n<p>En palabras de Lerner (citado en Garc\u00eda y P\u00e9rez, 2009) tenemos que un territorio \u201cque evoluciona en su calidad de vida, es un lugar que evoluciona en su sostenibilidad\u201d. Llevando a la aplicaci\u00f3n de acciones que combaten los efectos adversos al entorno y sus recursos y con ello a la din\u00e1mica social, econ\u00f3mica y de oportunidades para las personas.\u00a0<\/p>\n<p>\u00a0<\/p>\n<p>En ese sentido, la presente Plataforma Pol\u00edtica en materia de sustentabilidad pone de manifiesto como eje vertebral el enfrentar el desequilibrio ambiental que se sufre en los asentamientos humanos de Jalisco, para que se generen en los municipios, acciones integrales tomadas con responsabilidad medioambiental, donde las administraciones locales detonen procesos de sustentabilidad, que brinden una mejor calidad de vida a las personas y al medio ambiente con el que se interact\u00faa.\u00a0<\/p>\n<p>\u00a0<\/p>\n<p>Para ello, es necesario impulsar acciones desde tres agendas b\u00e1sicas:\u00a0<\/p>\n<p>\u00a0<\/p>\n<ol>\n<li style=\"font-weight: 400;\" aria-level=\"1\"><b>La Agenda Verde<\/b>: concerniente a los recursos bi\u00f3ticos y abi\u00f3ticos con los que cuentan los territorios y su reconocimiento gracias a acciones encaminadas al aprovechamiento de la riqueza biocultural de las diversas localidades.\u00a0<\/li>\n<li style=\"font-weight: 400;\" aria-level=\"1\"><b>La Agenda Gris<\/b>: referente al manejo y gesti\u00f3n de los residuos.\u00a0<\/li>\n<li style=\"font-weight: 400;\" aria-level=\"1\">\u00a0Y <b>la Agenda Azul<\/b>: haciendo especial \u00e9nfasis en el manejo y gesti\u00f3n del agua.\u00a0<\/li>\n<\/ol>\n<p>\u00a0<\/p>\n<p>Estos elementos son detonadores del Desarrollo Humano Sustentable desde los diversos municipios y regiones de Jalisco.<\/p>\n<p>\u00a0<\/p>\n<p>Municipios y regiones sustentables.<\/p>\n<p>Los gobiernos panistas han promovido un desarrollo equitativo entre las diferentes regiones del estado. Actualmente, gracias a las actuaciones de las administraciones de Acci\u00f3n Nacional existen polos de desarrollo regional. En esta propuesta, planteamos:<\/p>\n<p>\u00a0<\/p>\n<ol>\n<li style=\"font-weight: 400;\" aria-level=\"1\">Transitar a una regionalizaci\u00f3n que reconozca la riqueza cultural y ambiental de los municipios, en particular de las regiones en general para apostarle a los gobiernos del PAN, ya que es una apuesta que propicia condiciones para el desarrollo humano sustentable en cada rinc\u00f3n del estado.\u00a0<\/li>\n<\/ol>\n<p>Es por ello que planteamos que el tema ambiental deber\u00e1 revestir un car\u00e1cter transversal.<\/p>\n<p>Agenda verde<\/p>\n<ul>\n<li style=\"font-weight: 400;\" aria-level=\"1\">Transversalidad del tema ambiental en el orden municipal. Simplificaci\u00f3n y armonizaci\u00f3n de la legislaci\u00f3n y reglamentaci\u00f3n.<\/li>\n<\/ul>\n<p>\u00a0<\/p>\n<ul>\n<li style=\"font-weight: 400;\" aria-level=\"1\">Los usos de suelo considerados en el Plan Municipal de Desarrollo deber\u00e1n observar la aplicaci\u00f3n de los dict\u00e1menes de vocacionamiento y en su caso realizar las adecuaciones en pro de revertir da\u00f1os ambientales que van en detrimento de la poblaci\u00f3n.<\/li>\n<\/ul>\n<p>\u00a0<\/p>\n<ul>\n<li style=\"font-weight: 400;\" aria-level=\"1\">Impulsar desde el Congreso local una gran reforma a nuestro marco legal que favorezca la inclusi\u00f3n social, la equidad y el combate a la pobreza, de tal manera que garantice en todo momento el derecho que tenemos todos los jaliscienses al desarrollo humano sustentable. Asimismo, se impulsar\u00e1 la creaci\u00f3n de la Ley de Desarrollo Regional que establezca reglas definidas para los fondos de regionalizaci\u00f3n, los que deber\u00e1n ser dirigidos a obras de impacto regional y municipal.\u00a0<\/li>\n<\/ul>\n<p>\u00a0<\/p>\n<ul>\n<li style=\"font-weight: 400;\" aria-level=\"1\">Reforzar los programas de regionalizaci\u00f3n con el fin de alentar el desarrollo de los municipios y sus pobladores a partir de sus propias potencialidades, aprovechando el vocacionamiento natural y cultural de cada localidad, pues de esta forma continuar\u00e1 la generaci\u00f3n de polos de desarrollo econ\u00f3mico en cada regi\u00f3n, fortaleciendo las instancias de coordinaci\u00f3n regional, que procuren la participaci\u00f3n protag\u00f3nica de los ciudadanos, que se traduzcan en oportunidades y calidad de vida para los jaliscienses.<\/li>\n<\/ul>\n<p>\u00a0<\/p>\n<ul>\n<li style=\"font-weight: 400;\" aria-level=\"1\">La regionalizaci\u00f3n productiva la incorporaremos en la econom\u00eda para un mayor n\u00famero de empleos y negocios, que se promover\u00e1 sean sustentables, articulando las estrategias productivas de los agentes econ\u00f3micos locales y facilitando la reubicaci\u00f3n de capital y de tecnolog\u00eda hacia estas actividades. Adem\u00e1s de promover en el mercado a los servicios ambientales, como detonador de crecimiento econ\u00f3mico y de desarrollo humano.<\/li>\n<\/ul>\n<p>\u00a0<\/p>\n<ul>\n<li style=\"font-weight: 400;\" aria-level=\"1\">Ubicaci\u00f3n biogeogr\u00e1fica de Jalisco. Aprovecharemos los conocimientos de mujeres y pueblos originarios respecto a la estrecha relaci\u00f3n que tienen con el medio ambiente en toda la cadena de producci\u00f3n y no s\u00f3lo en la extracci\u00f3n de recursos naturales, aprovechando los conocimientos sobre su entorno en las zonas rurales y periurbanas de las ciudades, para as\u00ed empoderar a estas personas para que tengan acceso igualitario en el uso, transformaci\u00f3n y comercializaci\u00f3n de recursos naturales en funci\u00f3n de sus saberes, promoviendo as\u00ed el desarrollo local.<\/li>\n<\/ul>\n<p>\u00a0<\/p>\n<ul>\n<li style=\"font-weight: 400;\" aria-level=\"1\">La formaci\u00f3n de conciencia en la sociedad para la conservaci\u00f3n del medio ambiente, implica una gran participaci\u00f3n de la sociedad y un compromiso de todos los niveles de gobierno de forma tal que se garantice la sustentabilidad, en el \u00e1mbito municipal se pueden materializar acciones contundentes y oportunas para la conservaci\u00f3n del entorno, se promover\u00e1n programas de sensibilizaci\u00f3n de la poblaci\u00f3n, especialmente dise\u00f1ado y establecido con un sentido profundo y constante, utilizando todos los medios y canales de comunicaci\u00f3n posibles. Campa\u00f1a contin\u00faa sobre la situaci\u00f3n ambiental: \u00bfC\u00f3mo estamos?, \u00bfqu\u00e9 hacemos?, \u00bfa d\u00f3nde vamos a llegar? y sus efectos y consecuencias si no observamos y actuamos en prevenci\u00f3n y atenci\u00f3n al medio ambiente.<\/li>\n<\/ul>\n<p>\u00a0<\/p>\n<ul>\n<li style=\"font-weight: 400;\" aria-level=\"1\">Programa de educaci\u00f3n ambiental: establecer programas de educaci\u00f3n ambiental en la curr\u00edcula de las escuelas p\u00fablicas y privadas en todos los niveles educativos, desde pre-escolar hasta educaci\u00f3n media (teor\u00eda, pr\u00e1ctica e investigaci\u00f3n), de acuerdo a lo establecido en la legislaci\u00f3n federal y local correspondientes y a la armonizaci\u00f3n reglamentaria que sea necesario realizar.\u00a0<\/li>\n<\/ul>\n<p>\u00a0<\/p>\n<ul>\n<li style=\"font-weight: 400;\" aria-level=\"1\">Proyectos para ZMG: Programa comunitario &#8220;VAGOS&#8221; (Vigilantes Ambientales Guadalajara Organizaci\u00f3n Social). Es urgente involucrar a la sociedad empoder\u00e1ndola para que asuman su responsabilidad social y comunitaria en pro del &#8220;bien com\u00fan&#8221;, &#8220;bien ser&#8221; y &#8220;bien estar&#8221;, a trav\u00e9s de organizar a los j\u00f3venes y ni\u00f1os principalmente, con el respaldo y apoyo de las autoridades de los tres \u00f3rdenes de gobierno, para que trabajen en atenci\u00f3n de todos los problemas y necesidades de su comunidad. Generando sentido de pertenencia, liderazgo, desarrollo personal, preparaci\u00f3n, competencia, creando conciencia de grupo y comunidad, formando comunidades sustentables.<\/li>\n<\/ul>\n<p>\u00a0<\/p>\n<ul>\n<li style=\"font-weight: 400;\" aria-level=\"1\">Generar las condiciones para que se d\u00e9 seguimiento a los proyectos. Consejo Ciudadano de Seguimiento a Proyectos, empoderamiento ciudadano, generaci\u00f3n de tejido social. Proyectos y programas como el Ordenamiento Ecol\u00f3gico Territorial, tenemos que las principales fortalezas de Jalisco son: riqueza de recursos naturales, potencial de conservaci\u00f3n y desarrollo de los bosques, inter\u00e9s de la sociedad por un desarrollo forestal sustentable, y apoyo de los diferentes niveles de gobierno. Las debilidades son: falta de ordenamiento de la actividad forestal, cadena forestal poco integrada, mala imagen del sector forestal en la sociedad y falta de investigaci\u00f3n silv\u00edcola. las principales oportunidades son: potencial de contribuci\u00f3n al desarrollo econ\u00f3mico y social; mercado forestal insatisfecho, ventajas naturales, pol\u00edticas de fomento para el sector forestal. Las principales amenazas son: pobreza de la poblaci\u00f3n de las zonas forestales, baja competitividad de la cadena productiva, cambios de uso del suelo, poca cultura forestal en la poblaci\u00f3n.\u00a0<\/li>\n<\/ul>\n<p>\u00a0<\/p>\n<ul>\n<li style=\"font-weight: 400;\" aria-level=\"1\">El \u00e1mbito municipal es donde se pueden materializar acciones contundentes y oportunas para la conservaci\u00f3n del entorno, la agenda verde es una plataforma que pretende b\u00e1sicamente sumar \u00e1reas verdes, que den viabilidad ambiental al municipio y sus espacios. Nuestras comunidades requieren con urgencia de mayores espacios para el esparcimiento, la conservaci\u00f3n del entorno y la generaci\u00f3n de \u00e1reas que permitan reducir el impacto de emisiones contaminantes y garanticen la viabilidad del crecimiento urbano en todas las regiones del Estado, impulsaremos acciones y programas para la consolidaci\u00f3n de un patrimonio ecol\u00f3gico para los municipios; que garantice la conservaci\u00f3n del entorno y la constituci\u00f3n de paisajes antroponaturales, en el que las familias puedan disfrutar de esparcimiento e interactuar con la naturaleza representar\u00e1n una prioridad de la pol\u00edtica ecol\u00f3gica de nuestros gobiernos municipales.<\/li>\n<\/ul>\n<p>\u00a0<\/p>\n<ul>\n<li style=\"font-weight: 400;\" aria-level=\"1\">En el caso de la Zona Metropolita de Guadalajara ser\u00e1n abordados de la misma manera los temas ambientales, donde se pondere el protocolo de manejo del fuego (Reglamentos Municipales) y participaci\u00f3n ciudadana en la manera de generar pol\u00edtica ambiental; derivado de los hechos ocurridos a\u00f1o con a\u00f1o en la temporada de estiaje en las \u00e1reas naturales circundantes a la zona metropolitana que tanto requiere de los servicios eco sist\u00e9micos que estas \u00e1reas brindan. Se buscar\u00e1 que los lugares siniestrados sean restaurados y rescatados, ya que son espacios de inter\u00e9s p\u00fablico. Implementaci\u00f3n de programas y cuotas de pago por la compensaci\u00f3n ambiental, que va migrando a la justicia socioambiental y a la vez se forma conciencia social.\u00a0<\/li>\n<\/ul>\n<p>\u00a0<\/p>\n<ul>\n<li style=\"font-weight: 400;\" aria-level=\"1\">El bosque urbano es un bien importante que requiere cuidado y mantenimiento al igual que otras propiedades p\u00fablicas. Los \u00e1rboles trabajan para nosotros las 24 horas del d\u00eda para mejorar el ambiente y la calidad de vida. Sin \u00e1rboles, la ciudad es un paisaje est\u00e9ril, de concreto, ladrillo, acero y asfalto. Los \u00e1rboles hacen a las comunidades habitables para los ciudadanos ya que a\u00f1aden belleza y crean un ambiente \u00f3ptimo para la salud. Los \u00e1rboles a\u00f1aden un car\u00e1cter natural a la ciudad, dan colorido y propician paisajes antroponaturales, que impactan profundamente nuestro estado de salud. Un \u00e1rea natural, un \u00e1rea verde, saludable, que crece en un sitio inmediatamente colindante con la zona urbana y dentro de ella, es un elemento esencial para la salud f\u00edsica y mental de cualquier individuo, creando sensaciones de relajaci\u00f3n y bienestar.\u00a0<\/li>\n<\/ul>\n<p>\u00a0<\/p>\n<ul>\n<li style=\"font-weight: 400;\" aria-level=\"1\">As\u00ed la Agenda Verde postula conservar y restaurar los espacios con vocaci\u00f3n natural y la creaci\u00f3n de paisajes antroponaturales, por medio de rescatar el espacio p\u00fablico, reforestando en los asentamientos humanos y en los bosques con plantas nativas.\u00a0<\/li>\n<\/ul>\n<p>\u00a0<\/p>\n<ul>\n<li style=\"font-weight: 400;\" aria-level=\"1\">Que el tema ambiental sea educativo y no solamente sancionatorio: Se debe de dar una capacitaci\u00f3n al momento de sancionar. Que el refrendo se vea traducido en servicios y no en gravar m\u00e1s a la sociedad.\u00a0<\/li>\n<\/ul>\n<p>\u00a0<\/p>\n<ul>\n<li style=\"font-weight: 400;\" aria-level=\"1\">Los incendios, aunque sean de orden federal, se debe de tomar en cuenta la participaci\u00f3n del municipio y el estado para el levantamiento de los pol\u00edgonos. Para evitar los cambios de Uso de Suelo es necesario, si bien la legislaci\u00f3n prev\u00e9 que no haya cambios, es necesario generar un sistema intergubernamental que permita hacer del conocimiento oportunamente la restricci\u00f3n sobre los pol\u00edgonos siniestrados y susceptibles de alg\u00fan cambio por encontrarse en estado vulnerable. Asimismo, se procurara que los pol\u00edgonos tengan un per\u00edmetro de 200 metros de amortiguamiento, como medida preventiva, para que no se vaya cambiando el uso poco a poco por invasiones.\u00a0<\/li>\n<\/ul>\n<p>\u00a0<\/p>\n<ul>\n<li style=\"font-weight: 400;\" aria-level=\"1\">Impulsar fuertemente el sector forestal de la entidad: el estado de Jalisco ha sido una de las entidades m\u00e1s importantes en el sector forestal de M\u00e9xico. Ha sido pionero en muchas actividades relacionadas con el manejo sustentable de los bosques, y m\u00e1s recientemente en experiencias de plantaciones forestales comerciales, y de conservaci\u00f3n, como las de pagos por la generaci\u00f3n de servicios ambientales. Sin embargo, el Estado a\u00fan dista mucho de alcanzar una situaci\u00f3n de conservaci\u00f3n y desarrollo forestal sustentables, de acuerdo con las potencialidades que tiene de generaci\u00f3n de diversos bienes y servicios necesarios para la sociedad local y global.\u00a0<\/li>\n<\/ul>\n<p>\u00a0<\/p>\n<ul>\n<li style=\"font-weight: 400;\" aria-level=\"1\">Jalisco cuenta con una Ley de Desarrollo Forestal Sustentable. Esta Ley aborda entre otros aspectos lo relacionado con: competencias estatales y municipales; el programa estatal forestal; sanidad forestal; manejo y aprovechamiento sustentable de los recursos forestales; restauraci\u00f3n de \u00e1reas forestales; investigaci\u00f3n y formaci\u00f3n forestal; fomento del desarrollo forestal sustentable; incendios; participaci\u00f3n ciudadana y aspectos de inspecci\u00f3n. La principal \u00e1rea responsable del sector en el estado es la Secretar\u00eda de Desarrollo Rural por conducto de la Direcci\u00f3n General Forestal y Sustentabilidad. Un apoyo importante lo constituye el FIPRODEFO, que interviene en aspectos de fomento de plantaciones comerciales, manejo de bosques naturales, industrias forestales, y m\u00e1s recientemente en el inventario forestal estatal.<\/li>\n<\/ul>\n<p>Es pertinente observar la importancia de los recursos de Jalisco y los principales usos del suelo son: agricultura 26.6%; pastizal (9.3%); bosque (31.1%); matorral (9.0%); selva (24.5%); y otros (22.2%). Hay registradas 92 especies de plantas y animales en alguna categor\u00eda de riesgo. Seg\u00fan el inventario forestal realizado por el FIPRODEFO, la superficie arbolada de Jalisco es de 3.5 millones de hect\u00e1reas, de las cuales el 51% es de bosques y el 49% restante es de selvas.\u00a0<\/p>\n<p>\u00a0<\/p>\n<p>El aprovechamiento sustentable de los recursos es un propulsor del desarrollo humano, por medio de una econom\u00eda sana y a la vez cuida de los recursos naturales. Tenemos que el volumen total de madera en pie se estima en alrededor de 202 millones de m3 en rollo, 87% en bosques y 13% en selvas. El incremento corriente anual de con\u00edferas se estima en 1.7 millones de m3 en rollo por a\u00f1o.\u00a0<\/p>\n<p>\u00a0<\/p>\n<p>En las autorizaciones de cambio de uso de suelo en terrenos forestales, la autoridad deber\u00e1 dar respuesta debidamente fundada y motivada a las propuestas y observaciones planteadas por los miembros del Consejo Estatal Forestal. Tomando en cuenta que no se podr\u00e1 otorgar autorizaci\u00f3n de cambio de uso de suelo en un terreno incendiado sin que hayan pasado 20 a\u00f1os, a menos que se acredite fehacientemente a la secretar\u00eda que el ecosistema se ha regenerado totalmente, mediante los mecanismos que para tal efecto se establezcan en el reglamento correspondiente.\u00a0<\/p>\n<p>\u00a0<\/p>\n<p>Las autorizaciones que se emitan deber\u00e1n integrar un programa de rescate y reubicaci\u00f3n de especies de la vegetaci\u00f3n forestal afectadas y su adaptaci\u00f3n al nuevo h\u00e1bitat. Dichas autorizaciones deber\u00e1n atender lo que, en su caso, dispongan los programas de ordenamiento ecol\u00f3gico correspondiente, las normas oficiales mexicanas y dem\u00e1s disposiciones legales y reglamentarias aplicables.\u00a0<\/p>\n<p>\u00a0<\/p>\n<p>El Art\u00edculo 119 del Reglamento de la Ley General de Desarrollo Forestal Sustentable expone textualmente:<\/p>\n<p>\u00a0<\/p>\n<p>\u201cLos terrenos forestales seguir\u00e1n consider\u00e1ndose como tales, aunque pierdan su cubierta forestal por acciones il\u00edcitas, plagas, enfermedades, incendios, deslaves, huracanes o cualquier otra causa\u201d. Para acreditar la regeneraci\u00f3n total de los ecosistemas forestales en terrenos que se hayan incendiado, en t\u00e9rminos del art\u00edculo 117 de la ley, se deber\u00e1 presentar un estudio t\u00e9cnico, de conformidad con el acuerdo que emita el titular de la secretar\u00eda, el cual ser\u00e1 publicado en el <i>Diario Oficial de la Federaci\u00f3n <\/i>(DOF)\u201d.\u00a0<\/p>\n<p>\u00a0<\/p>\n<p>La meta es que cada sitio siniestrado se publique en el DOF con el prop\u00f3sito de tomarlo como instrumento de regulaci\u00f3n ambiental; para aplicar s\u00f3lidamente la normatividad mismo que textualmente menciona 20 a\u00f1os sin actividad y\/o cambio de uso de suelo en los mismos.<\/p>\n<p>\u00a0<\/p>\n<ul>\n<li style=\"font-weight: 400;\" aria-level=\"1\">Impulsar la econom\u00eda verde, facilitar la generaci\u00f3n de microempresas que apoyen el manejo de residuos org\u00e1nicos y desechos de construcci\u00f3n. Recicladoras, agro productos eficientes en manejo de agua.<\/li>\n<\/ul>\n<p>\u00a0<\/p>\n<ul>\n<li style=\"font-weight: 400;\" aria-level=\"1\">Que el gobierno municipal sea un acompa\u00f1ante y orientador en los proyectos agro productivos que tengan un manejo eficiente del agua, optimizando el recurso h\u00eddrico, (agua para t\u00faneles, micro t\u00faneles, acolchados, invernaderos, y otras tecnolog\u00edas), uso de energ\u00edas limpias, para propiciar una agricultura sustentable, que genere oportunidades laborales para la poblaci\u00f3n.<\/li>\n<\/ul>\n<p>\u00a0<\/p>\n<ul>\n<li style=\"font-weight: 400;\" aria-level=\"1\">Acompa\u00f1amiento a emprendedores ante proyectos productivos que impulsen las energ\u00edas renovables.<\/li>\n<\/ul>\n<p>\u00a0<\/p>\n<ul>\n<li style=\"font-weight: 400;\" aria-level=\"1\">Impulsar programas de aprovechamiento del metano y gases que se generan en establos, granjas, basureros municipales, lodos de las plantas de tratamiento de aguas, entre otras fuentes, para la captura y aprovechamiento al m\u00e1ximo posible de estos gases de efecto invernadero.<\/li>\n<\/ul>\n<p>Agenda Gris<\/p>\n<p>\u00a0<\/p>\n<p>El \u00e1mbito municipal es donde se pueden materializar acciones contundentes y oportunas para la conservaci\u00f3n del entorno, garantizando el adecuado confinamiento y manejo de los residuos s\u00f3lidos que se generan en las diversas localidades, adem\u00e1s del tratamiento de suelos, atmosfera y cuerpos de agua contaminados. As\u00ed que respecto a estas cuestiones proponemos.<\/p>\n<p>\u00a0<\/p>\n<ul>\n<li style=\"font-weight: 400;\" aria-level=\"1\">Programa de verificaci\u00f3n: vehicular, de emisiones por diversas actividades econ\u00f3micas y\/o de inter\u00e9s social que generen emisiones a la atmosfera y con ello afectaciones en la calidad del aire por emisi\u00f3n de contaminantes provenientes de la quema de materiales inadecuados. Garantizar un sistema eficiente de verificaci\u00f3n, revisi\u00f3n de las emisiones.\u00a0<\/li>\n<\/ul>\n<p>\u00a0<\/p>\n<p>Que las verificaciones de automotores particulares sean \u201cgratuitas\u201d, como un servicio del estado y que sea de car\u00e1cter vinculante con la capacitaci\u00f3n en materia ambiental y de trabajo con la comunidad la verificaci\u00f3n del automotor. Que las infracciones sean con descuento v\u00eda educaci\u00f3n ambiental y trabajo comunitario.\u00a0 Descuento hasta del 15% en refrendo de autom\u00f3viles de uso familiar, si est\u00e1 debidamente afinado el veh\u00edculo y\/o en el tr\u00e1mite de la licencia de conducir.\u00a0<\/p>\n<p>\u00a0<\/p>\n<ul>\n<li style=\"font-weight: 400;\" aria-level=\"1\">Movilidad: mejorar la infraestructura de ciclov\u00edas y que el \u201ccarril del autob\u00fas\u201d sea ciclo v\u00eda, adem\u00e1s de que existan nodos de acercamiento y ramales de ciclo puertos, de origen y destino.<\/li>\n<\/ul>\n<p>\u00a0<\/p>\n<ul>\n<li style=\"font-weight: 400;\" aria-level=\"1\">Ordenar el trasporte p\u00fablico de la ZMG y de las ciudades medias del Estado, donde el carril del autob\u00fas sea el \u00fanico para la circulaci\u00f3n de los mismos y se tenga una redistribuci\u00f3n y cronometraci\u00f3n de rutas.\u00a0<\/li>\n<\/ul>\n<p>\u00a0<\/p>\n<ul>\n<li style=\"font-weight: 400;\" aria-level=\"1\">Programa: Ciudad Vial Infantil, permite reducci\u00f3n de muertes por accidentes a ra\u00edz de esta pol\u00edtica p\u00fablica \/ pol\u00edticas p\u00fablicas intersecretariales exitosas.\u00a0<\/li>\n<\/ul>\n<p>\u00a0<\/p>\n<ul>\n<li style=\"font-weight: 400;\" aria-level=\"1\">Contaminaci\u00f3n ac\u00fastica: vigilancia de la compatibilidad de zonas comerciales-giros inapropiados y habitacionales por decibeles que rebasan los grados permitidos, adem\u00e1s de publicidad comercial fija y perifoneo movible en zonas comerciales-habitacionales. Adem\u00e1s de la contaminaci\u00f3n visual, por anuncios inapropiados en su forma y contenido.<\/li>\n<\/ul>\n<p>Disposici\u00f3n y manejo de residuos s\u00f3lidos de manera eficiente. Derivado de la necesidad del tratamiento o transferencia en la recolecci\u00f3n de residuos dom\u00e9sticos y de dif\u00edcil tratamiento, encontramos que la filtraci\u00f3n de lixiviados generan contaminaci\u00f3n en suelos y en mantos fre\u00e1ticos. Adem\u00e1s de vigilar se cumpla con lo dispuesto en el C\u00f3digo Urbano y en las leyes en la materia, como la: Ley General para la Prevenci\u00f3n y Gesti\u00f3n Integral de los residuos, la ley de Gesti\u00f3n Integral de los Residuos del estado de Jalisco.\u00a0<\/p>\n<p>\u00a0<\/p>\n<p>Respecto a los residuos de la industria de la construcci\u00f3n que se prevea el manejo apropiado de los mismos. De igual forma observar la operaci\u00f3n de rastros y el manejo de los residuos que all\u00ed se generan derivados de la matanza.\u00a0<\/p>\n<p>\u00a0<\/p>\n<ul>\n<li style=\"font-weight: 400;\" aria-level=\"1\">Preparaci\u00f3n de suelos para reconversi\u00f3n productiva, vigilando el vocacionamiento del mismo. Detonando la Regionalizaci\u00f3n Productiva, acompa\u00f1ada de la capacitaci\u00f3n y asesor\u00eda para el uso eficiente de las tierras.\u00a0<\/li>\n<\/ul>\n<p>\u00a0<\/p>\n<ul>\n<li style=\"font-weight: 400;\" aria-level=\"1\">Promover la Agenda Municipal Cero Emisiones (AMCE) para hacer de los ayuntamientos y de los municipios de Jalisco de los m\u00e1s limpios y reductores de huella ecol\u00f3gica en su operatividad. Encaminado a generar bonos positivos en pro del medio ambiente y en combate frontal al cambio clim\u00e1tico.\u00a0\u00a0<\/li>\n<\/ul>\n<p>Agenda Azul<\/p>\n<p>\u00a0<\/p>\n<ul>\n<li style=\"font-weight: 400;\" aria-level=\"1\">Gesti\u00f3n adecuada del vital l\u00edquido, programa de tratamiento de aguas residuales municipales, para un uso adecuado que no esquilme m\u00e1s el recurso para consumo humano. Con recursos, municipales, estatales y federales, se instalaran y operaran\u00a0 las plantas de tratamiento de aguas residuales de los municipios y se recuperaran de las participaciones federales correspondientes en un porcentaje adecuado, con el compromiso de operarlas con eficiencia, si no es posible, la autoridad estatal o federal operara estas con cargo a sus participaciones federales, la responsabilidad de que estas plantas municipales operen y viertan a los afluentes naturales de consumo humano para una actividad productiva sin riesgo, ser\u00e1 de los tres \u00f3rdenes de gobierno tal como marca la legislaci\u00f3n correspondiente. Innovar en el funcionamiento de las plantas de tratamiento para poder garantizar el adecuado aprovechamiento del agua que se busca recuperar.<\/li>\n<\/ul>\n<p>\u00a0<\/p>\n<ul>\n<li style=\"font-weight: 400;\" aria-level=\"1\">Fortalecer la posici\u00f3n de Jalisco en el organismo operador de la cuenca Lerma-Chapala-Santiago-Pacifico y generar acciones y programas que permitan a los municipios de Jalisco contar con m\u00e1s agua y de mejor calidad, garantizando el saneamiento de estas. Se gestionar\u00e1 ante la Comisi\u00f3n Nacional del Agua (CONAGUA) aquellas obras que resultan urgentes para garantizar el agua para consumo humano en las comunidades.\u00a0<\/li>\n<\/ul>\n<p>\u00a0<\/p>\n<p>Asimismo, se impulsar\u00e1n las acciones que permitan la captaci\u00f3n de mayores vol\u00famenes en aquellas regiones en las que la sequ\u00eda ha generado una afectaci\u00f3n social y econ\u00f3mica.<\/p>\n<p>\u00a0<\/p>\n<ul>\n<li style=\"font-weight: 400;\" aria-level=\"1\">Diagn\u00f3sticos realistas sobre la definici\u00f3n de presas, embalses, pozos, norias etc. Que deber\u00e1n de propiciar el acceso al recurso, pero preponderando la satisfacci\u00f3n de las necesidades humanas desde el punto de partida socioambiental, para ver que s\u00ed y que no es pertinente y adecuado a mediano y largo plazo, derivado del costo de las necesidades humanas y del alto costo material de las obras, que deben ser bien planeadas y ejecutadas, adem\u00e1s de ir acompa\u00f1adas de un plan integral de operaci\u00f3n. Que prevean proyectos como el de separaci\u00f3n de aguas pluviales de las aguas residuales. Adem\u00e1s de la bioremediaci\u00f3n de mantos acu\u00edferos y cuerpos de agua.<\/li>\n<\/ul>\n\t\t\t\t\t\t\t\t\t\t\t\t<a href=\"\">\u2022 Desarrollo Humano<\/a>\n\t\t\t\t\t<p><b>Para el Partido Acci\u00f3n Nacional, el desarrollo humano es uno de los fines de la pol\u00edtica.<\/b><\/p>\n<p>La creaci\u00f3n de un piso parejo y de oportunidades para todos los mexicanos es una lucha hist\u00f3rica de Acci\u00f3n Nacional. No cabe duda, nuestros gobiernos fueron exitosos en mejorar las oportunidades y en contener y en abatir la pobreza, ah\u00ed est\u00e1n las cifras del Banco Mundial relativas al periodo 2000-2005 y la manera como sorteamos la Gran Recesi\u00f3n de 2008-2009.\u00a0<\/p>\n<p>Transitar a una regionalizaci\u00f3n que reconozca la riqueza cultural y ambiental de los municipios, en particular de las regiones en general para apostarle a los gobiernos del PAN, ya que es una apuesta que propicia condiciones para el desarrollo humano sustentable en cada rinc\u00f3n del estado.\u00a0<\/p>\n<p>&nbsp;<\/p>\n<p>Impulsar desde el Congreso local una gran reforma a nuestro marco legal que favorezca la inclusi\u00f3n social, la equidad y el combate a la pobreza, de tal manera que garantice en todo momento el derecho que tenemos todos los jaliscienses al desarrollo humano sustentable. Asimismo, se impulsar\u00e1 la creaci\u00f3n de la Ley de Desarrollo Regional que establezca reglas definidas para los fondos de regionalizaci\u00f3n, los que deber\u00e1n ser dirigidos a obras de impacto regional y municipal.\u00a0<\/p>\n<p>&nbsp;<\/p>\n<p>La regionalizaci\u00f3n productiva la incorporaremos en la econom\u00eda para un mayor n\u00famero de empleos y negocios, que se promover\u00e1 sean sustentables, articulando las estrategias productivas de los agentes econ\u00f3micos locales y facilitando la reubicaci\u00f3n de capital y de tecnolog\u00eda hacia estas actividades. Adem\u00e1s de promover en el mercado a los servicios ambientales, como detonador de crecimiento econ\u00f3mico y de desarrollo humano.<\/p>\n<p>El aprovechamiento sustentable de los recursos es un propulsor del desarrollo humano, por medio de una econom\u00eda sana y a la vez cuida de los recursos naturales. Tenemos que el volumen total de madera en pie se estima en alrededor de 202 millones de m3 en rollo, 87% en bosques y 13% en selvas. El incremento corriente anual de con\u00edferas se estima en 1.7 millones de m3 en rollo por a\u00f1o.\n<\/p>\n<p>P\u00e1ginas 18, 39 y 43<\/p>\n\t\t\t\t\t\t\t\t\t\t\t\t<a href=\"\">\u2022 Educaci\u00f3n e Innovaci\u00f3n<\/a>\n\t\t\t\t\t<p><b>Educaci\u00f3n y cultura para una vida digna y en paz<\/b><\/p>\n<p>La educaci\u00f3n para los seres humanos es algo que va m\u00e1s all\u00e1 de una simple adquisici\u00f3n de t\u00e9cnicas y conocimiento para el desarrollo de determinadas actividades. La educaci\u00f3n es un agente socializador al que las personas tienen acceso despu\u00e9s de la familia, les permite generar comunidades, conocer y trasmitir su cultura, crea identidad y se constituye como un elemento de movilidad social cuando le confiere a los educandos la posibilidad de transformar su realidad por medio de est\u00e1.\u00a0<\/p>\n<p>La educaci\u00f3n es uno de los elementos de desarrollo de todo individuo ya que le permite, adem\u00e1s de su desarrollo intelectual, las primeras formas de integraci\u00f3n social y le transfiere los valores socialmente aceptados por la comunidad. En esencia es una parte indisoluble de la formaci\u00f3n de ciudadan\u00eda.<\/p>\n<p>Para Acci\u00f3n Nacional, desde sus or\u00edgenes, la educaci\u00f3n es una de las partes primarias, trascendentales y transversales del ejercicio p\u00fablico del gobierno, es un eje de atenci\u00f3n inmediata y constante de toda pol\u00edtica p\u00fablica. Pero hablar de esta actividad humana conlleva conocer a fondo todo lo que implica y lo que explica en la sociedad su impacto, es saber que la educaci\u00f3n en s\u00ed misma, es una instituci\u00f3n a la que se debe fortalecer, reforzar y perfeccionar d\u00eda a d\u00eda.<\/p>\n<p>Lamentablemente las realidades sociales, pol\u00edticas y de gobierno se han concentrado m\u00e1s en culpar a la educaci\u00f3n de los males que aquejan a M\u00e9xico, que en reconocer el gran motor que ha significado para el pa\u00eds. Para nosotros como partido pol\u00edtico, no escapa a nuestra realidad, que mientras se habla de refundaciones o transformaciones deficientes, no se atienden los problemas de fondo que enfrenta la instituci\u00f3n educativa.\u00a0<\/p>\n<p>La falta de construcci\u00f3n de espacios escolares, el nulo equipamiento de los planteles, la desvalorizaci\u00f3n social de los docentes al ser expuestos, de mala manera, como los responsables directos de las carencias educativas, el abandono escolar y el rezago educativo existentes en el estado, la inexistencia de pol\u00edticas p\u00fablicas encaminadas a reducir las brechas educativas en todos sus sentidos; entre otros puntos, no pueden seguir siendo olvidados o ignorados en las propuestas de gobierno en la elecci\u00f3n venidera.<\/p>\n<p>As\u00ed, la propuesta educativa de Acci\u00f3n Nacional, se encamina a dar certeza a los ciudadanos con respecto a las necesidades educativas tanto de alumnos en edad escolar de educaci\u00f3n b\u00e1sica, media superior y universitaria, as\u00ed como aquellos en edad extra escolar o que tuvieron que abandonar sus estudios por diversas causas, pero tambi\u00e9n contempla una mayor y mejor atenci\u00f3n a la educaci\u00f3n especial, pues hablar de la inclusi\u00f3n educativa parte, en esencia, de atender aquellos estudiantes con discapacidad, en un entorno de equidad e integraci\u00f3n.\u00a0<\/p>\n<p>La propuesta tambi\u00e9n considera situaciones extraordinarias a las que se puede enfrentar la educaci\u00f3n, como es el caso de la actual pandemia generada por el virus del COVID-19.\u00a0<\/p>\n<p>\u00a0<\/p>\n<h5>El Impacto social del abandono escolar y rezago educativo<\/h5>\n<p>De esta forma, Acci\u00f3n Nacional propone:<\/p>\n<ul>\n<li style=\"font-weight: 400;\" aria-level=\"1\">Que todos los jaliscienses tengan acceso a la educaci\u00f3n y permanezcan en ella. Desarrollar pol\u00edticas p\u00fablicas que se centren en abatir las diferencias educativas, as\u00ed como la brecha digital de los estudiantes en el estado, dichas pol\u00edticas deben contar con presupuesto establecido y etiquetado para atender las causas del abandono escolar.<\/li>\n<li style=\"font-weight: 400;\" aria-level=\"1\">Modificar la Ley General de Educaci\u00f3n en el Estado para crear el Sistema Estatal de Educaci\u00f3n para la Vida y el Trabajo, que contemple la fusi\u00f3n de todas las opciones existentes en la actualidad en una sola pol\u00edtica p\u00fablica.<\/li>\n<\/ul>\n<p>\u00a0<\/p>\n<h5>Impulso a la educaci\u00f3n tecnol\u00f3gica, la investigaci\u00f3n e innovaci\u00f3n educativa<\/h5>\n<p>Acci\u00f3n Nacional propone:<\/p>\n<ul>\n<li style=\"font-weight: 400;\" aria-level=\"1\">Desarrollo de nuevas tecnolog\u00edas a partir de la educaci\u00f3n t\u00e9cnica. Impulsar, desde el Presupuesto de Egresos, apoyos para el desarrollo de las instituciones de educaci\u00f3n media superior y superior tecnol\u00f3gica para el desarrollo y creaci\u00f3n de tecnolog\u00eda local, becas para alumnos sobresalientes e intercambios educativos nacionales e internacionales.<\/li>\n<li style=\"font-weight: 400;\" aria-level=\"1\">Establecer la investigaci\u00f3n educativa, social y aplicada como una prioridad en el estado. Creaci\u00f3n de un subsidio estatal para combatir la brecha digital y garantizar que tanto alumnos como docentes puedan tener acceso a medios digitales y conexi\u00f3n a internet que les faciliten la educaci\u00f3n a distancia y virtual.<\/li>\n<li style=\"font-weight: 400;\" aria-level=\"1\">Establecer, por ley, que la Secretaria de Innovaci\u00f3n Ciencia y Tecnolog\u00eda establezca mecanismos de financiamiento a proyectos de estudiantes de nivel medio o superior que est\u00e9n relacionados a la creaci\u00f3n, modificaci\u00f3n o mejora de tecnolog\u00eda, dando prioridad a las instituciones de p\u00fablicas con las que cuenta el estado.<\/li>\n<li style=\"font-weight: 400;\" aria-level=\"1\">Tomar los resultados de la investigaci\u00f3n como elemento para la innovaci\u00f3n educativa. Modificar la Ley General de Educaci\u00f3n en el estado, con la intenci\u00f3n de que se dedique, por lo menos, un 5% del presupuesto total asignado a la Secretaria de Educaci\u00f3n Jalisco para financiar proyecto de investigaci\u00f3n en las distintas \u00e1reas del conocimiento.\u00a0<\/li>\n<\/ul>\n<p>Esta misma modificaci\u00f3n debe incluir la obligatoriedad de tomar en cuenta los resultados de la investigaci\u00f3n, tanto para la creaci\u00f3n de presupuestos como para la modificaci\u00f3n de la pol\u00edtica p\u00fablica educativa, adem\u00e1s de establecer que cualquier cancelaci\u00f3n de programas, modificaciones a la ley y transferencias presupuestales debe estar avalada y sujeta a los resultados de investigaciones hechas al respecto.\u00a0<\/p>\n<h5>\u00a0<\/h5>\n<h5>Preparaci\u00f3n a los docentes y capacitaci\u00f3n contin\u00faa del magisterio<\/h5>\n<p>Acci\u00f3n Nacional propone:<\/p>\n<ul>\n<li style=\"font-weight: 400;\" aria-level=\"1\">Revisar los actuales planes y programas de las escuelas normales para una correcta actualizaci\u00f3n de los mismos. Establecer en la Ley General de Educaci\u00f3n un periodo determinado de actualizaci\u00f3n de los planes y programas de educaci\u00f3n inicial docente que este centrado en los contenidos educativos que se brindan a los futuros profesores. Desarrollar un proyecto legislativo que incluya la formaci\u00f3n continua como un elemento de actualizaci\u00f3n y profesionalizaci\u00f3n magisterial.<\/li>\n<li style=\"font-weight: 400;\" aria-level=\"1\">Generar capacitaci\u00f3n espec\u00edfica para los docentes que acceden a cargos directivos y de supervisi\u00f3n escolar. Establecer con car\u00e1cter de obligatorio a trav\u00e9s de la Ley General de Educaci\u00f3n, cursos especializados para los profesionales de la educaci\u00f3n que acceden a cargos de direcci\u00f3n y supervisi\u00f3n, adem\u00e1s de que se establezca mecanismos de acompa\u00f1amiento o tutor\u00eda, por un periodo de al menos dos a\u00f1os, para facilitar el desarrollo y la transici\u00f3n en el nuevo cargo.<\/li>\n<li style=\"font-weight: 400;\" aria-level=\"1\">Crear un cat\u00e1logo de cursos de formaci\u00f3n continua para docentes enfocados en las necesidades reales de capacitaci\u00f3n y actualizaci\u00f3n.<\/li>\n<\/ul>\n<h5>\u00a0<\/h5>\n<h5>Vinculaci\u00f3n familia y escuelas<\/h5>\n<p>Acci\u00f3n Nacional propone:<\/p>\n<ul>\n<li style=\"font-weight: 400;\" aria-level=\"1\">Fortalecer la participaci\u00f3n de las familias en la educaci\u00f3n formal de sus hijos, as\u00ed como su papel como colaboradores en las estrategias de las escuelas. Modificar el reglamento de Participaci\u00f3n Social en la Educaci\u00f3n para generar un mayor nivel de autonom\u00eda en las escuelas que les permita crear mecanismos, de acuerdo a cada uno de sus contextos, que les ayuden a incentivar la participaci\u00f3n de las familias, tanto en la educaci\u00f3n de los alumnos, como en la participaci\u00f3n con los proyectos de la escuela.\u00a0<\/li>\n<\/ul>\n<p>Dichas modificaciones deben tambi\u00e9n considerar el intercambio de escuelas exitosas como un elemento que puede ayudar en la gesti\u00f3n escolar, as\u00ed como la idea de transformar los planteles educativos en espacios democratizadores del ejercicio de convivencia comunitario.<\/p>\n<ul>\n<li style=\"font-weight: 400;\" aria-level=\"1\">Desarrollar en las familias una cultura democr\u00e1tica que impulse el reparto equitativo de las acciones y responsabilidades que est\u00e9 libre de estereotipos, fomentar un mayor involucramiento de las actividades escolares de sus hijos y una conciencia c\u00edvica m\u00e1s profunda en los miembros que las componen.<\/li>\n<li style=\"font-weight: 400;\" aria-level=\"1\">Generar nuevos procesos de participaci\u00f3n de la sociedad en el quehacer educativo. Impulsar, desde el Congreso de la Uni\u00f3n y el propio del estado, la implantaci\u00f3n, de manera obligatoria, de proyectos de involucramiento social en la educaci\u00f3n, particularmente que se fomente la creaci\u00f3n de Ciudades Educadoras como un nuevo elemento que permita una reingenier\u00eda en la forma en que la sociedad accede y participa en la educaci\u00f3n.<\/li>\n<li style=\"font-weight: 400;\" aria-level=\"1\">Establecer mecanismos de denuncia de violencia contra ni\u00f1as, ni\u00f1os y adolescentes en los espacios escolares.\u00a0<\/li>\n<li style=\"font-weight: 400;\" aria-level=\"1\">Fomentar la cultura de valores en el estado con programas trasversales peri\u00f3dicos culturales, deportivos, musicales y sociales que promuevan e impulsen la vivencia de valores en la sociedad.<\/li>\n<li style=\"font-weight: 400;\" aria-level=\"1\">Los padres de familia tienen el derecho preferencial para determinar el tipo de educaci\u00f3n que deben de recibir sus hijas e hijos. La educaci\u00f3n que imparta el estado debe salvaguardar el inter\u00e9s superior del menor y buscar que ni\u00f1as, ni\u00f1os y adolescentes sean capaces de construir un criterio propio, libre de ideolog\u00edas que impidan su pleno acceso al conocimiento. La funci\u00f3n subsidiaria entre familia y estado contribuye a que los valores individuales y c\u00edvicos formen parte de una educaci\u00f3n integral. Proponer elevar a rango constitucional, as\u00ed como realizar las reformas correspondientes en la ley de educaci\u00f3n del estado de Jalisco y en la Ley de ni\u00f1os, ni\u00f1as y adolescentes, el salvaguardar el derecho humano de los padres a educar a los hijos.<\/li>\n<\/ul>\n<h5>\u00a0<\/h5>\n<h5>Atenci\u00f3n a grupos vulnerables<\/h5>\n<p>Datos del 2010, sin resultados actualizados por parte del <a href=\"https:\/\/www.inegi.org.mx\/app\/saladeprensa\/noticia.html?id=5413)(https:\/\/iieg.gob.mx\/contenido\/PoblacionVivienda\/notacoepo201111.pdf\">INEGI<\/a> nos arroja una poblaci\u00f3n total de 290,656 personas con discapacidad en Jalisco, personas que por su condici\u00f3n son vulneradas en varios sectores y el sector educaci\u00f3n no es la excepci\u00f3n.<\/p>\n<p>Uno de los indicadores b\u00e1sicos de la situaci\u00f3n social del estado y su potencialidad para avanzar hacia mejores condiciones es el nivel de escolaridad de su poblaci\u00f3n. Esto se vuelve particularmente cr\u00edtico en la poblaci\u00f3n con discapacidad. En referencia a lo anterior, se evidencia en el nivel de escolaridad de discapacitados con 3 a\u00f1os y m\u00e1s de edad: 48.7% tiene primaria, lo que representa a 140 mil 369 personas y s\u00f3lo 10.6% tiene educaci\u00f3n posb\u00e1sica. Es importante resaltar que 25.1% no tiene escolaridad, lo que significa que hay 72 mil 411 habitantes con estas condiciones de escolaridad. Para m\u00e1s informaci\u00f3n consulta los datos <a href=\"http:\/\/edu.jalisco.gob.mx\/educacion-especial\/cobertura1\">aqu\u00ed<\/a>.<\/p>\n<p>Simplemente en nuestro estado tenemos un total de Centros de Trabajo para ellos, que atienden a 38,675 alumnos que rondan las edades de 45 d\u00edas de nacidos hasta los 15 a\u00f1os, donde aprenden, los capacitan y apoyan a sus familias para buscar un nivel de independencia e incluso un trabajo estable. Es ah\u00ed mismo donde acompa\u00f1an al alumno en el proceso de inclusi\u00f3n en una escuela regular. Todas estas actividades ayudan en el proceso a una familia con un integrante con discapacidad.<\/p>\n<p>Sin duda todos tenemos los mismos derechos y hacerlos valer con acciones que beneficien a familias completas para el desarrollo de cualquier entidad, comenzando por los m\u00e1s vulnerables.\u00a0<\/p>\n<p>Es por ello que se necesita impulsar en la poblaci\u00f3n en general y particularmente en los j\u00f3venes, una educaci\u00f3n en valores que les permita ser m\u00e1s emp\u00e1ticos, con una mayor conciencia en las habilidades sociales y cognitivas<\/p>\n<p>De esta forma, Acci\u00f3n Nacional propone:<\/p>\n<ul>\n<li style=\"font-weight: 400;\" aria-level=\"1\">Crear un padr\u00f3n actualizado por municipio de personas con discapacidad, con la finalidad de brindarle educaci\u00f3n principalmente entre otras necesidades b\u00e1sicas a ellos y a sus familias.<\/li>\n<li style=\"font-weight: 400;\" aria-level=\"1\">Crear un fondo para los Centros de Atenci\u00f3n M\u00faltiple ya que est\u00e1n completamente abandonados por parte de los 3 niveles de gobierno.<\/li>\n<li style=\"font-weight: 400;\" aria-level=\"1\">Desarrollar actividades en conjunto con los padres de familia que ayuden a sobrellevar la discapacidad.<\/li>\n<\/ul>\n<h5>\u00a0<\/h5>\n<h5>Respuesta a contingencias<\/h5>\n<p>Acci\u00f3n Nacional propone:<\/p>\n<ul>\n<li style=\"font-weight: 400;\" aria-level=\"1\">Crear un fondo de atenci\u00f3n a contingencias educativas. Establecer en el Presupuesto de Egresos un fondo espec\u00edfico para atenci\u00f3n a contingencias en las escuelas que permita una r\u00e1pida acci\u00f3n e intervenci\u00f3n que no limite la prestaci\u00f3n del servicio educativo. El Congreso del estado deber\u00e1 exigir al Ejecutivo que este fondo se acompa\u00f1e de un plan de acci\u00f3n espec\u00edfico para cada una de las diferentes contingencias que se puedan presentar, ya sea climatol\u00f3gicas, accidentales o de car\u00e1cter epidemiol\u00f3gico.<\/li>\n<li style=\"font-weight: 400;\" aria-level=\"1\">Desarrollar un plan espec\u00edfico de atenci\u00f3n a las escuelas y alumnos en caso de una contingencia. Para el caso de atenci\u00f3n a situaciones como las que se viven actualmente con el COVID-19 o algunas del pasado como la influenza AH1N1, que comprometan la asistencia de los educandos a las clases presenciales, sea de car\u00e1cter obligatorio la suspensi\u00f3n de programas relacionados a esta condici\u00f3n (la de que los alumnos acudan a los planteles) como la dotaci\u00f3n de \u00fatiles escolares, uniformes o zapatos; por equipamiento para los alumnos que les ayuden a superar la brecha digital en la que est\u00e1n inmersos, como la dotaci\u00f3n de tabletas electr\u00f3nicas, acceso a internet de manera constante y permanente entre otros.<\/li>\n<\/ul>\n<p>Determinar planes y programas que atiendan a los alumnos que presenten situaciones de contingencia relacionados con problemas de salud mental. La Secretaria de Educaci\u00f3n Jalisco debe de construir un protocolo de atenci\u00f3n que derive en la creaci\u00f3n de planes y programas encaminados a la atenci\u00f3n de alumnos con problemas de salud mental, que consider\u00e9 la correcta canalizaci\u00f3n de dichos alumnos a las instancias de atenci\u00f3n adecuadas y establezca los criterios de atenci\u00f3n y apoyo para los mismos, que brinde capacitaci\u00f3n a los docentes para que puedan atender a estos estudiantes.<\/p>\n\t\t\t\t\t\t\t\t\t\t\t\t<a href=\"\">\u2022 Cultura, salud y deporte<\/a>\n\t\t\t\t\t<p>Pugnar por un Presupuesto de Egresos que est\u00e9 comprometido con la atenci\u00f3n de la pandemia, la inversi\u00f3n p\u00fablica en infraestructura y comunicaciones, la generaci\u00f3n de empleo y el ingreso de las familias, que reduzca las brechas de desigualdad, dinamice el mercado interno y fomente la competitividad de los sectores estrat\u00e9gicos para lograr crecimiento econ\u00f3mico y bienestar social; impulsaremos para el siguiente ejercicio fiscal mayores recursos para salvaguardar los derechos humanos de quienes m\u00e1s lo necesitan y vigilaremos el ejercicio eficiente y eficaz de las asignaciones presupuestarias para atender estas necesidades.<\/p>\n<p>Establecer al turismo como actividad prioritaria para la econom\u00eda del Estado, con el objeto de que exista una pol\u00edtica estatal para el desarrollo tur\u00edstico que promueva la asignaci\u00f3n de recursos para la inversi\u00f3n en infraestructura tur\u00edstica y los programas necesarios para fortalecer la competitividad del sector.\u00a0<\/p>\n<p>Impulsar un fondo estatal que impulse las modalidades de turismo, campa\u00f1as de promoci\u00f3n tur\u00edstica, incentive la inversi\u00f3n en infraestructura y genere fuentes de empleo e ingresos a nivel local para la reactivaci\u00f3n econ\u00f3mica del estado y en apoyo a las familias que laboran en el sector tur\u00edstico.\u00a0<\/p>\n<p>Impulsar la dotaci\u00f3n de mayores recursos p\u00fablicos a los municipios del estado ampliando los destinos de gasto para la Infraestructura Social Municipal, con la finalidad de que los gobiernos municipales ejerzan los recursos de manera libre en los proyectos prioritarios y garantizando la inversi\u00f3n en infraestructura social de calidad en \u00e1reas como servicios de salud, seguridad p\u00fablica, agua, pavimentaci\u00f3n de calles, as\u00ed como la construcci\u00f3n y reparaci\u00f3n de tramos carreteros.<\/p>\n<p>Movilidad: mejorar la infraestructura de ciclov\u00edas y que el \u201ccarril del autob\u00fas\u201d sea ciclo v\u00eda, adem\u00e1s de que existan nodos de acercamiento y ramales de ciclo puertos, de origen y destino.<\/p>\n\t\t\t\t\t\t\t\t\t\t\t\t<a href=\"\">\u2022 Finanzas y Obra P\u00fablica<\/a>\n\t\t\t\t\t<p><b>Empleo, reactivaci\u00f3n econ\u00f3mica y desarrollo de las personas<\/b><\/p>\n<p>Libre Competencia econ\u00f3mica\u00a0<\/p>\n<p>A casi un tercio (28.80%) de la poblaci\u00f3n evaluada de la Zona Metropolitana de Guadalajara, no les alcanza el ingreso y tienen dificultad o grandes dificultades para cubrir sus necesidades b\u00e1sicas, ello a pesar de sumar el total de su ingreso familiar. Esos son los datos que arroj\u00f3 la \u201cSexta Encuesta de Percepci\u00f3n Ciudadana Sobre Calidad de Vida 2018\u201d de la organizaci\u00f3n <i>Jalisco Como Vamos<\/i>.\u00a0<\/p>\n<h5>\u00a0<\/h5>\n<p>Apenas la mitad de los consultados (50.20%) est\u00e1n satisfechos con su situaci\u00f3n econ\u00f3mica actual, es decir, a\u00fan hay mucho por hacer en materia de fomento econ\u00f3mico para efecto de que, m\u00e1s habitantes de nuestro estado, alcancen el valor de bienestar econ\u00f3mico-social que sus familias se merecen.\u00a0<\/p>\n<h5>\u00a0<\/h5>\n<p>Acci\u00f3n Nacional Jalisco entiende que la inversi\u00f3n privada, ya sea nacional o extranjera, es uno de los principales pilares econ\u00f3micos del desarrollo de los estados de la Rep\u00fablica. Cuando se combinan la libertad econ\u00f3mica, un clima adecuado para invertir, el respeto a las leyes y buenas pol\u00edticas p\u00fablicas, es decir, cuando hay certeza en nuestro sistema social, se generan condiciones para la inversi\u00f3n privada \u2013nacional y extranjera\u2013. Desde el m\u00e1s alto nivel empresarial, pasando por el mediano y hasta llegar a la familia, profesionistas con ahorros, peque\u00f1os comerciantes o a la juventud emprendedora, quienes deciden invertir y generar empleos, ingresos y al final, riqueza.<\/p>\n<h5>\u00a0<\/h5>\n<p>Acci\u00f3n Nacional sostiene, como lo ha aplicado en sus gobiernos, que el modelo econ\u00f3mico que mejor conviene a M\u00e9xico es la econom\u00eda social de mercado, la cual combina la libre competencia, la libre iniciativa y el progreso social. Con base en dicha filosof\u00eda econ\u00f3mica, considera que el Estado debe ser garante de la inversi\u00f3n privada, sin la cual es imposible generar riqueza, ni desarrollo, en beneficio de las personas. No se puede pensar en combatir con \u00e9xito la pobreza y la desigualdad sin pensar primero en promover la inversi\u00f3n privada, pues \u00e9sta detona el crecimiento econ\u00f3mico, y se traduce a la vez en creaci\u00f3n de empleos.\u00a0<\/p>\n<h5>\u00a0<\/h5>\n<p>Las medidas que impongan desde el Gobierno tendientes a inhibir o frenar la inversi\u00f3n privada afectan a las personas y su desarrollo, particularmente a los sectores m\u00e1s pobres, a los menos favorecidos y les impide salir de esa condici\u00f3n.<\/p>\n<h5>\u00a0<\/h5>\n<p>El Gobierno Federal y el del estado de Jalisco han fincado parte de su pol\u00edtica de desarrollo econ\u00f3mico en la d\u00e1diva social, en la f\u00e1cil rentabilidad pol\u00edtica, que resulta del regalo de dinero, uniformes y\/o \u00fatiles escolares, argumentando que con dichas compensaciones, se disminuir\u00e1 la desigualdad social y las necesidades econ\u00f3micas de la poblaci\u00f3n en condici\u00f3n de pobreza.\u00a0<\/p>\n<h5>\u00a0<\/h5>\n<p>Hay perversidad en las d\u00e1divas gubernamentales porque lo que buscan es retener el inter\u00e9s electoral del beneficiado, no promover condiciones que generen el desarrollo de los sectores a los que se apoya con \u201cprogramas sociales paternalistas\u201d. A los gobiernos en turno, por mucho que pregonen lo contrario, no le interesa el progreso de los beneficiados, ya que su utilidad est\u00e1 fincada en cada proceso electoral, pues para ellos, el reto es mantenerlos cautivos del apoyo por el mayor tiempo posible.<\/p>\n<h5>\u00a0<\/h5>\n<p>La f\u00f3rmula de los populistas-autoritarios es muy sencilla: entregar dinero o bienes a las personas m\u00e1s desfavorecidas en el Sistema Social, gente que ordinariamente est\u00e1 inconforme, resentida, frustrada o con agravio hacia su propia comunidad, por entenderse limitada en su condici\u00f3n econ\u00f3mica o material; personas que se asumen disminuidas, rechazadas y por tanto agredidas por quienes ellos suponen, tienen un desarrollo econ\u00f3mico y personal superior al de ellos mismos.\u00a0<\/p>\n<h5>\u00a0<\/h5>\n<p>La autoridad sin escr\u00fapulos, lo sabe y aprovecha esa condici\u00f3n para culpar, de su inconforme circunstancia. El populista se inmola argumentando que la mejor condici\u00f3n personal y material de aquellos es gracias a que han abusado de otras personas igual a ellos para escalar socialmente o son simples privilegiados del, antes corrupto sistema social en el que viven. El autoritario insiste, con el c\u00ednico y temerario argumento \u201creivindicatorio hacia los que menos tienen\u201d, para legitimar sus agresiones sobre las personas e instituciones, que se\u00f1ala como ventajosas, oportunistas y deshumanas.\u00a0<\/p>\n<h5>\u00a0<\/h5>\n<p>As\u00ed limita o interrumpe las actividades que generan riqueza, para que intencionalmente, en el sistema social disminuyan las oportunidades reales de empleo y desarrollo. Con ello, los beneficiados de programas sociales, al enfrentar un escenario con menos oportunidades de crecimiento, m\u00e1s adverso, justificar\u00e1 el pernicioso argumento de populista e incrementar\u00e1 m\u00e1s su encono y odio de su entorno social y fortalecer\u00e1 a la autoridad en su discurso divisionista.\u00a0<\/p>\n<h5>\u00a0<\/h5>\n<p>En un acto de justicia social equivocada, se aferrar\u00e1n m\u00e1s a la d\u00e1diva gubernamental, comenzando as\u00ed, un c\u00edrculo vicioso perverso como eje econ\u00f3mico de dichos Gobiernos. Por ello, el PAN es consciente del grave momento que enfrenta la relaci\u00f3n entre el sector privado y los gobiernos actuales, derivado de medidas oficiales que han desmantelado la participaci\u00f3n empresarial y la han sustituido por modelos estatistas y populistas, propios de los a\u00f1os 70, que ya demostraron su fracaso, en M\u00e9xico y en el mundo.\u00a0<\/p>\n<h5>\u00a0<\/h5>\n<p>Para Acci\u00f3n Nacional es urgente recomponer la relaci\u00f3n entre los inversionistas privados, nacionales e internacionales y el sector p\u00fablico con el prop\u00f3sito de enviar se\u00f1ales de certeza y confianza para incentivar, de forma inmediata, el consumo en el mercado interno y posteriormente convencer mercados y calificadoras internacionales. Acci\u00f3n Nacional tiene un mensaje claro para los mexicanos: s\u00ed es posible enmendar el rumbo del crecimiento, para generar bienestar para todas las personas.<\/p>\n<h5>\u00a0<\/h5>\n<p>A\u00fan estamos lejos de conocer las consecuencias que dejar\u00e1 en la econom\u00eda jalisciense, la emergencia sanitaria que afecta al mundo por COVID19. Lo que s\u00ed es posible identificar, como lo manifiesta Antonio S\u00e1nchez Bernal, investigador del Sistema Nacional de Investigadores, Conacyt, son los efectos y los sectores econ\u00f3micos m\u00e1s sensibles a la contingencia. \u201cEl contexto econ\u00f3mico global y nacional que antecede a la llegada del virus a Jalisco no era halagador\u201d, se\u00f1al\u00f3 el Investigador, quien adem\u00e1s agrega en su art\u00edculo sobre la econom\u00eda en Jalisco:<\/p>\n<h5>\u00a0<\/h5>\n<p>\u201cEl comercio al por menor y la informalidad tienen una relaci\u00f3n fuerte; en Jalisco la tasa de informalidad rondaba en 2017, el 53% de la poblaci\u00f3n. Adicionalmente, el promedio de ingreso mensual de los trabajadores en el estado en ese mismo a\u00f1o estaba alrededor de 6,721 pesos y son trabajadores que en general no cuentan con ahorros. En s\u00edntesis, Jalisco tiene un n\u00famero relevante de trabajadores vulnerables ante la ausencia temporal de su actividad. Por otra parte, es importante se\u00f1alar las afectaciones en las actividades gubernamentales derivadas del impacto de la pandemia en las finanzas p\u00fablicas locales. Los costos de los servicios de salud en Jalisco se incrementar\u00e1n de manera significativa por la pandemia y se requerir\u00e1n inversiones inmediatas para solventar la atenci\u00f3n a la poblaci\u00f3n contagiada, ya que la entidad, seg\u00fan datos de la Secretar\u00eda de Salud de M\u00e9xico, Jalisco presenta niveles de gasto p\u00fablico en salud (2.5% del PIB de la entidad), por debajo del realizado por el Gobierno Federal\u00a0(2.8% con respecto al PIB del pa\u00eds) y muy alejado del promedio de los pa\u00edses de la OCDE (6.3% con respecto al PIB)\u201d.\u00a0<\/p>\n<h5>\u00a0<\/h5>\n<p><b>Para el Partido Acci\u00f3n Nacional, el desarrollo humano es uno de los fines de la pol\u00edtica.<\/b> La creaci\u00f3n de un piso parejo y de oportunidades para todos los mexicanos es una lucha hist\u00f3rica de Acci\u00f3n Nacional. No cabe duda, nuestros gobiernos fueron exitosos en mejorar las oportunidades y en contener y en abatir la pobreza, ah\u00ed est\u00e1n las cifras del Banco Mundial relativas al periodo 2000-2005 y la manera como sorteamos la Gran Recesi\u00f3n de 2008-2009.\u00a0<\/p>\n<h5>\u00a0<\/h5>\n<p>S\u00ed, es posible combatir la pobreza y empezar a revertirla. Acci\u00f3n Nacional considera hoy, al igual que hace tres a\u00f1os, que es una prioridad el proteger el ingreso de las familias y de las personas. Por ello proponemos nuevamente y de manera urgente, que <b>se garantice el derecho de las y los mexicanos a tener un ingreso b\u00e1sico universal<\/b>, que los proteja frente a las dif\u00edciles consecuencias econ\u00f3micas que se avizoran en el corto plazo.<\/p>\n<h5>\u00a0<\/h5>\n<p>El Instituto de Informaci\u00f3n Estad\u00edstica y Geogr\u00e1fica de Jalisco realiz\u00f3 la Encuesta sobre afectaciones y reactivaci\u00f3n econ\u00f3mica gradual de las unidades econ\u00f3micas de Jalisco. El cuestionario, lo respondieron 1,721 unidades econ\u00f3micas de Jalisco; en \u00e9stas, 3.7% son del sector construcci\u00f3n, 12.5% son de manufactura, 33.6% de comercio y 50.3% de servicios.<\/p>\n<h5>\u00a0<\/h5>\n<p>De acuerdo con los resultados, 60.2% actualmente trabaja bajo condiciones especiales, 20.7% est\u00e1 en cierre temporal, 16.3% operando con normalidad y 2.8% en cierre definitivo. Es decir, 1,673 establecimientos siguen en operaci\u00f3n, a\u00fan con cierre temporal y 48 ya cerraron de manera definitiva.<a href=\"https:\/\/iieg.gob.mx\/strategos\/wp-content\/uploads\/2020\/07\/participantes.jpg\">\u00a0<\/a><\/p>\n<h5>\u00a0<\/h5>\n<p>El 26.6% de los establecimientos que siguen operando ha considerado cerrar de manera definitiva. De \u00e9stos, 44.9% se\u00f1ala que lo hace por falta de fondos o liquidez, 35.1% es por la incertidumbre sobre la duraci\u00f3n de la ca\u00edda en las ventas y 20.1% dijo que los gastos elevados, los problemas de cobranza, las multas o porque dependen del turismo, entre otras.<\/p>\n<h5>\u00a0<\/h5>\n<p>De los 1,721 establecimientos que se encuestaron, 68.1% mencionaron que no se han visto en la necesidad de despedir personal por la coyuntura actual, 18.7% s\u00ed se vieron en la necesidad de prescindir cierto personal y 11.3% no cuenta con personal.<\/p>\n<h5>\u00a0<\/h5>\n<p>De los 313 establecimientos que respondieron que s\u00ed despidieron personal, 43.8% mencionaron que est\u00e1n considerando recortar m\u00e1s plazas laborales. Por otro lado, 99 unidades econ\u00f3micas o 31.6% no piensan despedir m\u00e1s personal. La mayor\u00eda de las unidades que cerraron eran microempresas, (45 de ellas) de \u00e9stas 21 eran del sector comercio, 19 de servicios y 5 manufactura.\u00a0<\/p>\n<h5>\u00a0<\/h5>\n<p>De estas empresas que cerraron de manera definitiva, s\u00f3lo una unidad ten\u00eda una antig\u00fcedad menor a un a\u00f1o; cuatro, de uno a dos a\u00f1os; 20 de tres a cinco a\u00f1os, 7 de seis a diez a\u00f1os y 16 unidades llevaban operando por m\u00e1s de diez a\u00f1os.<\/p>\n<h5>\u00a0<\/h5>\n<p>La principal raz\u00f3n que se manifest\u00f3 es la falta de fondos o liquidez, 22 unidades lo mencionan como principal factor, 8 unidades mencionaron que la incertidumbre sobre la duraci\u00f3n de la ca\u00edda de las ventas, 5 por multas del gobierno por la emergencia sanitaria, 3 por gastos elevados y solo una unidad por problemas de cobranza.<\/p>\n<h5>\u00a0<\/h5>\n<p>Ante este escenario en el PAN Jalisco promoveremos:<\/p>\n<p>Atender a las personas y sus familias<\/p>\n<ul>\n<li style=\"font-weight: 400;\" aria-level=\"1\">Promover el aumento a los sueldos y salarios de las y los jaliscienses con perspectiva de g\u00e9nero, para disminuir las brechas de desigualdad.<\/li>\n<\/ul>\n<h5>\u00a0<\/h5>\n<ul>\n<li style=\"font-weight: 400;\" aria-level=\"1\">Impulsar el consumo interno con la creaci\u00f3n de un Ingreso B\u00e1sico Universal (IBU) para las y los jaliscienses, a efecto de mejorar sus condiciones de vida y contribuya a combatir la pobreza extrema.<\/li>\n<\/ul>\n<h5>\u00a0<\/h5>\n<ul>\n<li style=\"font-weight: 400;\" aria-level=\"1\">Lograr que se establezca un fondo emergente para la poblaci\u00f3n m\u00e1s vulnerable, incluidas personas de la tercera edad, ante contingencias econ\u00f3micas o sanitarias que pongan en riesgo sus ingresos de subsistencia.<\/li>\n<\/ul>\n<h5>\u00a0<\/h5>\n<ul>\n<li style=\"font-weight: 400;\" aria-level=\"1\">Ampliar en la legislaci\u00f3n laboral los permisos para periodo de lactancia a un a\u00f1o.<\/li>\n<\/ul>\n<h5>\u00a0<\/h5>\n<ul>\n<li style=\"font-weight: 400;\" aria-level=\"1\">Proponer reformas legales y pol\u00edticas institucionales con el prop\u00f3sito de flexibilizar y armonizar la actividad laboral con la vida familiar y cuidado de los hijos.<\/li>\n<\/ul>\n<h5>\u00a0<\/h5>\n<ul>\n<li style=\"font-weight: 400;\" aria-level=\"1\">Mantener una postura responsable en torno a la discusi\u00f3n del Presupuesto Estatal 2022, 2023 y 2024,\u00a0 en un contexto de crisis econ\u00f3mica y escasez de recursos p\u00fablicos, a fin de lograr leyes de Ingresos que prioricen el equilibrio de las finanzas p\u00fablicas sanas, adem\u00e1s de integrar incentivos y est\u00edmulos fiscales que apoyen a las empresas y a las familias jaliscienses.\u00a0<\/li>\n<\/ul>\n<h5>\u00a0<\/h5>\n<ul>\n<li style=\"font-weight: 400;\" aria-level=\"1\">Pugnar por un Presupuesto de Egresos que est\u00e9 comprometido con la atenci\u00f3n de la pandemia, la inversi\u00f3n p\u00fablica en infraestructura y comunicaciones, la generaci\u00f3n de empleo y el ingreso de las familias, que reduzca las brechas de desigualdad, dinamice el mercado interno y fomente la competitividad de los sectores estrat\u00e9gicos para lograr crecimiento econ\u00f3mico y bienestar social; impulsaremos para el siguiente ejercicio fiscal mayores recursos para salvaguardar los derechos humanos de quienes m\u00e1s lo necesitan y vigilaremos el ejercicio eficiente y eficaz de las asignaciones presupuestarias para atender estas necesidades.<\/li>\n<\/ul>\n<h5>\u00a0<\/h5>\n<ul>\n<li style=\"font-weight: 400;\" aria-level=\"1\">Apoyar y subsidiar estancias infantiles seguras y accesibles.<\/li>\n<\/ul>\n<h5>\u00a0<\/h5>\n<ul>\n<li style=\"font-weight: 400;\" aria-level=\"1\">Generar pol\u00edticas p\u00fablicas que garanticen las mismas oportunidades de desarrollo a las ni\u00f1as, ni\u00f1os y adolescentes, teniendo en cuenta las distintas realidades en las que estos grupos poblacionales se desenvuelven.<\/li>\n<\/ul>\n<h5>\u00a0<\/h5>\n<ul>\n<li style=\"font-weight: 400;\" aria-level=\"1\">Pol\u00edticas p\u00fablicas que puedan fomentar el acceso de personas con discapacidad al ejercicio pleno de sus derechos sociales, as\u00ed como pol\u00edticas de fomento al empleo de este grupo poblacional.<\/li>\n<\/ul>\n<h5>\u00a0<\/h5>\n<ul>\n<li style=\"font-weight: 400;\" aria-level=\"1\">Legislar en materia de mi primer empleo, para impulsar el desarrollo integral de los j\u00f3venes y mejorar las v\u00edas para su inserci\u00f3n en el mercado de trabajo, permitiendo, cuando es el caso, que ello no les impida terminar sus estudios y que \u00e9sta se d\u00e9 en el sector formal.<\/li>\n<\/ul>\n<p>Proteger el empleo formal, tanto a empleados como a empleadores<\/p>\n<h5>\u00a0<\/h5>\n<ul>\n<li style=\"font-weight: 400;\" aria-level=\"1\">Impulsar una Ley de Recuperaci\u00f3n Econ\u00f3mica, y promover en virtud de la misma, medidas de emergencia a nivel estatal en favor de la recuperaci\u00f3n y\/o la protecci\u00f3n del empleo, de los negocios y de la inversi\u00f3n.\u00a0<\/li>\n<\/ul>\n<h5>\u00a0<\/h5>\n<ul>\n<li style=\"font-weight: 400;\" aria-level=\"1\">Lograr por mandato de ley un fondo permanente de apoyo para las Micro, Peque\u00f1as y Medianas Empresas (MIPYMES), ante contingencias econ\u00f3micas, pol\u00edticas y sanitarias, de modo que lo mismo el negocio familiar, las personas peque\u00f1o comerciantes, y las empresas en general, no tengan que frenar ni cerrar, y proteger con ello el ingreso de las familias y el empleo.<\/li>\n<\/ul>\n<h5>\u00a0<\/h5>\n<ul>\n<li style=\"font-weight: 400;\" aria-level=\"1\">Impulsar medidas legislativas, presupuestales y tributarias para recuperar la confianza en los inversionistas privados, nacionales y extranjeros.<\/li>\n<\/ul>\n<h5>\u00a0<\/h5>\n<ul>\n<li style=\"font-weight: 400;\" aria-level=\"1\">Impulsar programas para incentivar a las empresas que promuevan y garanticen un trabajo digno con sus trabajadores, otorgando beneficios econ\u00f3micos y fiscales.<\/li>\n<\/ul>\n<h5>\u00a0<\/h5>\n<ul>\n<li style=\"font-weight: 400;\" aria-level=\"1\">Promover el establecimiento, en las oficinas de Gobierno de todo el estado, de ventanillas \u00fanicas de atenci\u00f3n para las personas con discapacidad permanente, a efecto de simplificar los tr\u00e1mites de atenci\u00f3n en materia de salud, de programas sociales, laboral y recreativa, y establecer la obligaci\u00f3n de que los portales y p\u00e1ginas de internet de los municipios tengan la misma caracter\u00edstica de accesibilidad.<\/li>\n<\/ul>\n<h5>\u00a0<\/h5>\n<ul>\n<li style=\"font-weight: 400;\" aria-level=\"1\">Establecer espacios que promuevan la venta y comercio legal de piezas artesanales end\u00e9micas de diversas regiones del pa\u00eds, en lugares tur\u00edsticamente estrat\u00e9gicos, otorgando est\u00edmulos econ\u00f3micos para promover la participaci\u00f3n de los pueblos originarios en la econom\u00eda estatal.<\/li>\n<\/ul>\n<h5>\u00a0<\/h5>\n<ul>\n<li style=\"font-weight: 400;\" aria-level=\"1\">Enfocar apoyos y programas a la atracci\u00f3n de inversiones, diversificaci\u00f3n de exportaciones, fortalecimiento de peque\u00f1as y medianas empresas, sustituci\u00f3n de importaciones, desarrollo regional y creaci\u00f3n de nuevas empresas.<\/li>\n<\/ul>\n<h5>\u00a0<\/h5>\n<ul>\n<li style=\"font-weight: 400;\" aria-level=\"1\">Impulsar reformas laborales que contemple sanciones de tipo econ\u00f3mico, a empresas que incurran o toleren pr\u00e1cticas de acoso laboral y sexual.<\/li>\n<\/ul>\n<h5>\u00a0<\/h5>\n<ul>\n<li style=\"font-weight: 400;\" aria-level=\"1\">Promover plataformas p\u00fablico-privadas de promoci\u00f3n laboral para las mujeres.<\/li>\n<\/ul>\n<h5>\u00a0<\/h5>\n<ul>\n<li style=\"font-weight: 400;\" aria-level=\"1\">Combatir la desigualdad en el ejercicio de los derechos laborales y el acceso a la seguridad social.<\/li>\n<\/ul>\n<h5>\u00a0<\/h5>\n<ul>\n<li style=\"font-weight: 400;\" aria-level=\"1\">Promover el ejercicio de derechos salariales para las actividades dom\u00e9sticas que actualmente no est\u00e1n remuneradas.<\/li>\n<\/ul>\n<h5>\u00a0<\/h5>\n<ul>\n<li style=\"font-weight: 400;\" aria-level=\"1\">Impulsar el dise\u00f1o de pol\u00edticas p\u00fablicas que fortalezcan la cultura y el impulso al emprendimiento con cr\u00e9ditos a tasa cero y sin garant\u00edas excesivas, y que favorezcan las condiciones actuales de las micro, peque\u00f1as y medianas empresas, buscando recortar la brecha de la desigualdad competitiva.<\/li>\n<\/ul>\n<p>Promover el crecimiento econ\u00f3mico desde lo local<\/p>\n<ul>\n<li style=\"font-weight: 400;\" aria-level=\"1\">Reforzar los programas de regionalizaci\u00f3n econ\u00f3mica con el fin de alentar el desarrollo de los municipios y sus pobladores a partir de sus propias potencialidades, aprovechando la vocaci\u00f3n hist\u00f3rica, natural y geogr\u00e1fica de cada localidad. De esta forma continuar\u00e1 la generaci\u00f3n de polos de desarrollo econ\u00f3mico en cada regi\u00f3n, fortaleciendo las instancias de coordinaci\u00f3n regional, que procuren la participaci\u00f3n protag\u00f3nica de los ciudadanos, que se traduzcan en oportunidades y calidad de vida para las y los jaliscienses.<\/li>\n<\/ul>\n<h5>\u00a0<\/h5>\n<ul>\n<li style=\"font-weight: 400;\" aria-level=\"1\">Atender a las Peque\u00f1as y Medianas Empresas (PYMES) urbanas y del campo en tres \u00e1reas fundamentales: mejorar el ambiente econ\u00f3mico para los negocios, dotar a las empresas de las herramientas para mejorar su competitividad, elevar sus ventas y consolidar su rentabilidad, sin olvidar aspectos tan importantes como el costo de financiamiento, las garant\u00edas y la disposici\u00f3n de los bancos para atender a las PYMES.\u00a0<\/li>\n<\/ul>\n<h5>\u00a0<\/h5>\n<p>Ello sentar\u00e1 las bases para impulsar un estilo de crecimiento incluyente, con mayor valor agregado para Jalisco y la capacidad para generar m\u00e1s y mejores oportunidades de desarrollo a escala sectorial y regionalmente. Ya que el cr\u00e9dito que la banca comercial otorga al sector privado crece, pero s\u00f3lo el que se dirige a las grandes empresas, nuestro Gobierno deber\u00e1 generar el\u00a0financiamiento adecuado a las micro, peque\u00f1as y medianas empresas para generar un crecimiento incluyente.<\/p>\n<h5>\u00a0<\/h5>\n<ul>\n<li style=\"font-weight: 400;\" aria-level=\"1\">Impulsar un nuevo modelo de distribuci\u00f3n de participaciones municipales, que incentive, desde los municipios, la disposici\u00f3n de dinero para las familias, los trabajadores y las empresas. En el caso de las empresas, lograr una mejora regulatoria estatal y municipal lo cual lograr\u00e1 expandir su capacidad productiva y crear y sostener empleos.<\/li>\n<\/ul>\n<h5>\u00a0<\/h5>\n<ul>\n<li style=\"font-weight: 400;\" aria-level=\"1\">Impulsar acciones para aprovechar las oportunidades del proceso de globalizaci\u00f3n, apoyando a las MIPYMES en sus actividades comerciales internacionales, con el prop\u00f3sito de reactivar la econom\u00eda del Estado.<\/li>\n<\/ul>\n<h5>\u00a0<\/h5>\n<ul>\n<li style=\"font-weight: 400;\" aria-level=\"1\">Lograr que se establezcan candados en la Constituci\u00f3n, para que el Presupuesto de Egresos del estado sea elaborado con criterios que respondan a los intereses de la entidad y no al grupo o partido gobernante con prop\u00f3sitos electorales.<\/li>\n<\/ul>\n<h5>\u00a0<\/h5>\n<ul>\n<li style=\"font-weight: 400;\" aria-level=\"1\">Impulsar el incremento de los montos y los conceptos de participaciones y de aportaciones del estado a los municipios de Jalisco.<\/li>\n<\/ul>\n<h5>\u00a0<\/h5>\n<ul>\n<li style=\"font-weight: 400;\" aria-level=\"1\">Legislar en materia de incentivos a las actividades productivas en el campo, agr\u00edcolas o pecuarias, que les permitan a quienes las ejercen en el campo, desarrollar sus habilidades y aplicar sus conocimientos \u2013por ciencia o por experiencia- en su propia regi\u00f3n; respetando la vocaci\u00f3n productiva de la tierra en que se despierte su propia iniciativa.<\/li>\n<\/ul>\n<h5>\u00a0<\/h5>\n<ul>\n<li style=\"font-weight: 400;\" aria-level=\"1\">Crear unidades de inteligencia de mercado con el objeto de darle mayor esperanza de vida a las peque\u00f1as y medianas empresas de reciente creaci\u00f3n.<\/li>\n<\/ul>\n<h5>\u00a0<\/h5>\n<ul>\n<li style=\"font-weight: 400;\" aria-level=\"1\">Impulsar el desarrollo econ\u00f3mico de todos los municipios del estado por medio de obra p\u00fablica productiva.<\/li>\n<\/ul>\n<h5>\u00a0<\/h5>\n<ul>\n<li style=\"font-weight: 400;\" aria-level=\"1\">Promover mecanismo o programas de fomento para que las peque\u00f1as y medianas empresas tengan mayor participaci\u00f3n en las cadenas de valor con la entrada en vigor del nuevo tratado entre M\u00e9xico, Estados Unidos y Canad\u00e1 (T-MEC).<\/li>\n<\/ul>\n<h5>\u00a0<\/h5>\n<ul>\n<li style=\"font-weight: 400;\" aria-level=\"1\">Fortalecer la imagen del Estado de Jalisco a trav\u00e9s de las embajadas, consulados y representaciones de nuestro pa\u00eds ante organismos internacionales, as\u00ed como en los foros internacionales.<\/li>\n<\/ul>\n<h5>\u00a0<\/h5>\n<ul>\n<li style=\"font-weight: 400;\" aria-level=\"1\">Impulsar las relaciones p\u00fablicas y la presencia comercial, cultural y tur\u00edstica de Jalisco en los medios de comunicaci\u00f3n de los estados y municipios del pa\u00eds.<\/li>\n<\/ul>\n<h5>\u00a0<\/h5>\n<ul>\n<li style=\"font-weight: 400;\" aria-level=\"1\">Establecer al turismo como actividad prioritaria para la econom\u00eda del Estado, con el objeto de que exista una pol\u00edtica estatal para el desarrollo tur\u00edstico que promueva la asignaci\u00f3n de recursos para la inversi\u00f3n en infraestructura tur\u00edstica y los programas necesarios para fortalecer la competitividad del sector.\u00a0<\/li>\n<\/ul>\n<h5>\u00a0<\/h5>\n<ul>\n<li style=\"font-weight: 400;\" aria-level=\"1\">Promover la reapertura de los destinos tur\u00edsticos del Estado, en orden y con todas las medidas de prevenci\u00f3n, para incentivar la visita de las y los turistas nacionales y extranjeros.<\/li>\n<\/ul>\n<h5>\u00a0<\/h5>\n<ul>\n<li style=\"font-weight: 400;\" aria-level=\"1\">Impulsar la creaci\u00f3n de un fondo emergente para el apoyo a las empresas tur\u00edsticas bajo dos enfoques: uno para la adquisici\u00f3n de material sanitario que sirva para la reapertura de negocios y, dos para garantizar el empleo en el sector ante la contingencia.\u00a0\u00a0<\/li>\n<\/ul>\n<h5>\u00a0<\/h5>\n<ul>\n<li style=\"font-weight: 400;\" aria-level=\"1\">Impulsar un fondo estatal que impulse las modalidades de turismo, campa\u00f1as de promoci\u00f3n tur\u00edstica, incentive la inversi\u00f3n en infraestructura y genere fuentes de empleo e ingresos a nivel local para la reactivaci\u00f3n econ\u00f3mica del estado y en apoyo a las familias que laboran en el sector tur\u00edstico.\u00a0<\/li>\n<\/ul>\n<h5>\u00a0<\/h5>\n<ul>\n<li style=\"font-weight: 400;\" aria-level=\"1\">Apoyar el fortalecimiento del turismo sustentable con el prop\u00f3sito de reconocer y ampliar a mayores empresas las buenas pr\u00e1cticas en el ramo tur\u00edstico con el objetivo de atraer a los paseantes internacionales j\u00f3venes, que hoy determinan sus destinos en base al potencial ambiental y sustentable.<\/li>\n<\/ul>\n<h5>\u00a0<\/h5>\n<ul>\n<li style=\"font-weight: 400;\" aria-level=\"1\">Promover programas y acciones de gobierno que privilegien el consumo local responsable.<\/li>\n<\/ul>\n<h5>\u00a0<\/h5>\n<ul>\n<li style=\"font-weight: 400;\" aria-level=\"1\">Implementar pol\u00edticas p\u00fablicas que incentive la creaci\u00f3n y el acompa\u00f1amiento de una red estatal de empresas socialmente responsables de impacto popular.<\/li>\n<\/ul>\n<h5>\u00a0<\/h5>\n<ul>\n<li style=\"font-weight: 400;\" aria-level=\"1\">Impulsar acciones para fortalecer las econom\u00edas ind\u00edgenas.<\/li>\n<\/ul>\n<p>La educaci\u00f3n como eje para impulsar el desarrollo econ\u00f3mico del estado<\/p>\n<h5>\u00a0<\/h5>\n<ul>\n<li style=\"font-weight: 400;\" aria-level=\"1\">Lograr una mejor conexi\u00f3n entre los aprendizajes de salida de las escuelas y el ingreso a los mercados de trabajo. Relacionar la oferta educativa con las necesidades o expectativas de los empleadores en el estado. Hay que desarrollar a las y los jaliscienses en edad productiva para que incrementen su capacidad de resoluci\u00f3n de problemas, de forma innovadora y creativa, para generar soluciones que abaraten costos y tiempos a la industria en sus procesos productivos y de transformaci\u00f3n o que vuelvan m\u00e1s efectivas a las empresas del sector comercial y de servicios para obtener mayores utilidades y por tanto lograr una mayor riqueza para Jalisco.<\/li>\n<\/ul>\n<h5>\u00a0<\/h5>\n<ul>\n<li style=\"font-weight: 400;\" aria-level=\"1\">Legislar en materia de investigaci\u00f3n cient\u00edfica y tecnol\u00f3gica de aplicaci\u00f3n agr\u00edcola y pecuaria para dotar a las personas trabajadoras y empresarias del campo, de las herramientas y avances que les ayuden a ser productivas, en beneficio de la regi\u00f3n y del pa\u00eds. Asimismo, promover el servicio social universitario en las \u00e1reas del conocimiento agropecuario, para generar sinergia y fomentar la solidaridad entre las personas de la ciudad y del campo.<\/li>\n<\/ul>\n<h5>\u00a0<\/h5>\n<ul>\n<li style=\"font-weight: 400;\" aria-level=\"1\">Lograr que se legisle en materia de investigaci\u00f3n cient\u00edfica y tecnol\u00f3gica de aplicaci\u00f3n m\u00e9dica y de sanidad p\u00fablica, para dotar a nuestro sistema de salud de las herramientas y avances que les ayuden a ser efectivas productivas, en beneficio de la regi\u00f3n y del pa\u00eds.<\/li>\n<\/ul>\n<h5>\u00a0<\/h5>\n<ul>\n<li style=\"font-weight: 400;\" aria-level=\"1\">Promover la ley los bonos educativo, para que los ni\u00f1os y los j\u00f3venes puedan decidir en qu\u00e9 escuela o Universidad, p\u00fablica o privada, quieren estudiar, y que sea financiada por el Estado, quien perder\u00e1 el monopolio de impartici\u00f3n de la educaci\u00f3n p\u00fablica.<\/li>\n<\/ul>\n<h5>\u00a0<\/h5>\n<ul>\n<li style=\"font-weight: 400;\" aria-level=\"1\">Implementar una estrategia de actualizaci\u00f3n e impulso hacia la nueva era del conocimiento, dando prioridad a las tecnolog\u00edas digitales y su aplicaci\u00f3n y aprovechamiento en la econom\u00eda.<\/li>\n<\/ul>\n<h5>\u00a0<\/h5>\n<ul>\n<li style=\"font-weight: 400;\" aria-level=\"1\">Promover cursos de formaci\u00f3n y capacitaci\u00f3n espec\u00edficos para mujeres en nuevas tecnolog\u00edas aplicadas al empleo y emprendimiento. Adem\u00e1s, buscaremos el intercambio de experiencias entre mujeres emprendedoras y empresarias.<\/li>\n<\/ul>\n<h5>\u00a0<\/h5>\n<ul>\n<li style=\"font-weight: 400;\" aria-level=\"1\">Promover un Programa Especial de capacitaci\u00f3n continua, a los emprendedores y sus trabajadores, a trav\u00e9s de convenios firmados por la SEJ y las universidades del Estado.<\/li>\n<\/ul>\n<h5>\u00a0<\/h5>\n<ul>\n<li style=\"font-weight: 400;\" aria-level=\"1\">Los pueblos ind\u00edgenas son comunidades de nuestra naci\u00f3n que se encuentran afectadas por la injusticia, la desigualdad y la exclusi\u00f3n. Impulsaremos pol\u00edticas p\u00fablicas integrales que mejoren sustancialmente sus condiciones de nutrici\u00f3n, salud y de educaci\u00f3n, a fin de incorporarlas plenamente al desarrollo del Estado, respetando la libertad y autonom\u00eda de quienes las integran.<\/li>\n<\/ul>\n<h5>\u00a0<\/h5>\n<ul>\n<li style=\"font-weight: 400;\" aria-level=\"1\">Crear pol\u00edticas p\u00fablicas que beneficien a los emprendedores y privilegien el desarrollo de la persona mediante formaci\u00f3n especializada para crear ventajas competitivas dentro de la industria y las empresas.<\/li>\n<\/ul>\n\t\t\t\t\t\t\t\t\t\t\t\t<a href=\"\">\u2022 Transparencia, Rendici\u00f3n de Cuentas y Combate a la Corrupci\u00f3n<\/a>\n\t\t\t\t\t<p><b>Gobiernos honestos y orientados a las personas<\/b><\/p>\n<p>Uno de los m\u00e1s grandes problemas que enfrenta la sociedad y las instituciones del estado, es la corrupci\u00f3n y los niveles de impunidad que hist\u00f3ricamente han existido en la materia en nuestro pa\u00eds. Si bien es cierto que resulta pr\u00e1cticamente imposible medir con exactitud los niveles de corrupci\u00f3n, ya que dichos actos se realizan de manera no visible, estas acciones no han cesado, ello a pesar de la narrativa del Gobierno de la Rep\u00fablica sobre el presunto combate a este problema. Sin embargo, la percepci\u00f3n de la ciudadan\u00eda est\u00e1 muy alejada de dicha narrativa y arroja n\u00fameros preocupantes.<\/p>\n<p>\u00a0<\/p>\n<p>De acuerdo a la encuesta <i>Mexicanos Frente a la Corrupci\u00f3n y la Impunidad 2020<\/i> levantada por Mexicanos contra la Corrupci\u00f3n y la Impunidad y Datolog\u00eda <i>Reforma<\/i>, 90% de los mexicanos consideran que la corrupci\u00f3n es muy frecuente, mientras que 70% de las personas que han interpuesto una denuncia por actos de corrupci\u00f3n no han visto resultados.<\/p>\n<p>\u00a0<\/p>\n<p>El estado de Jalisco desde 2017 cuenta con un Sistema Estatal Anticorrupci\u00f3n compuesto por varios organismos, en los cuales existe una participaci\u00f3n directa de la sociedad; sin embargo, a la fecha no ha dado resultados contundentes y efectivos como se esperaba.\u00a0<\/p>\n<p>\u00a0<\/p>\n<p>Por un lado, una Fiscal\u00eda Anticorrupci\u00f3n especializada e independiente que desde su creaci\u00f3n en 2018 ha recibido m\u00e1s de mil denuncias, de las cuales ninguna ha derivado en sanci\u00f3n; por otra parte, \u00f3rganos de participaci\u00f3n social que se involucran en agendas medi\u00e1ticas y de confrontaci\u00f3n p\u00fablica que descuida su trabajo y que siembra dudas acerca de la necesidad de su existencia, su imparcialidad y su profesionalismo.<\/p>\n<p>\u00a0<\/p>\n<p>El ejercicio de gobiernos honestos, transparentes y cercanos a la ciudadan\u00eda ha sido un eje fundamental en los m\u00e1s de 80 a\u00f1os de existencia de Acci\u00f3n Nacional. Por ello, el desaf\u00edo en una sociedad cada vez m\u00e1s participativa e informada del correcto ejercicio del gobierno y el debido uso de los recursos, requiere dotar de un andamiaje institucional y normativo que d\u00e9 certeza y garantice la honestidad y confianza en quienes tengan alguna encomienda en el servicio p\u00fablico.<\/p>\n<p>\u00a0<\/p>\n<p>Por lo antes expuesto, en Acci\u00f3n Nacional promoveremos:<\/p>\n<ul>\n<li style=\"font-weight: 400;\" aria-level=\"1\">Establecer el derecho a la vida, la dignidad de la persona humana y sus derechos al centro de la acci\u00f3n pol\u00edtica.<\/li>\n<\/ul>\n<p>\u00a0<\/p>\n<ul>\n<li style=\"font-weight: 400;\" aria-level=\"1\">Establecer en los municipios del estado la digitalizaci\u00f3n de los procesos de compras gubernamentales a trav\u00e9s de las plataformas que permitan dar mayor transparencia y publicidad de estos procesos en los municipios.<\/li>\n<\/ul>\n<p>\u00a0<\/p>\n<ul>\n<li style=\"font-weight: 400;\" aria-level=\"1\">Implementar en los municipios mecanismos que faciliten e impulsen la denuncia ciudadana de actos de corrupci\u00f3n.<\/li>\n<\/ul>\n<p>\u00a0<\/p>\n<ul>\n<li style=\"font-weight: 400;\" aria-level=\"1\">Buscar que en los Comit\u00e9s de Adquisiciones estatal y municipales una mayor participaci\u00f3n de integrantes de la sociedad, a trav\u00e9s de la reforma a la Ley de Compras Gubernamentales para tal efecto.<\/li>\n<\/ul>\n<p>\u00a0<\/p>\n<ul>\n<li style=\"font-weight: 400;\" aria-level=\"1\">Regular en la normativa aplicable la transparencia y rendici\u00f3n de cuentas de la utilizaci\u00f3n de las redes y medios digitales por parte de los funcionarios p\u00fablicos.<\/li>\n<\/ul>\n<p>\u00a0<\/p>\n<ul>\n<li style=\"font-weight: 400;\" aria-level=\"1\">Fortalecer y dotar de mayores recursos humanos y materiales a la Fiscal\u00eda Anticorrupci\u00f3n a fin de que resuelva de manera m\u00e1s r\u00e1pida y efectiva los asuntos que le son encomendados para su investigaci\u00f3n.<\/li>\n<\/ul>\n<p>\u00a0<\/p>\n<ul>\n<li style=\"font-weight: 400;\" aria-level=\"1\">Buscar que todos los cargos de los organismos de participaci\u00f3n social del Sistema Estatal Anticorrupci\u00f3n sean honor\u00edficos, en aras de la imparcialidad, la transparencia y rendici\u00f3n de cuentas.<\/li>\n<\/ul>\n<p>\u00a0<\/p>\n<ul>\n<li style=\"font-weight: 400;\" aria-level=\"1\">Facilitar el acceso a los mecanismos y la flexibilizaci\u00f3n de los requisitos de la figura de Revocaci\u00f3n de Mandato.<\/li>\n<\/ul>\n<p>\u00a0<\/p>\n<ul>\n<li style=\"font-weight: 400;\" aria-level=\"1\">Garantizar la paridad de g\u00e9nero en la integraci\u00f3n de todos los \u00f3rganos pertenecientes al Sistema Estatal Anticorrupci\u00f3n.<\/li>\n<\/ul>\n<p>\u00a0<\/p>\n<ul>\n<li style=\"font-weight: 400;\" aria-level=\"1\">Emitir una Ley de Servicio Civil de Carrera a fin de fortalecer la profesionalizaci\u00f3n de los servidores p\u00fablicos estatales y municipales.\u00a0<\/li>\n<\/ul>\n<p>\u00a0<\/p>\n<ul>\n<li style=\"font-weight: 400;\" aria-level=\"1\">Fortalecer el sistema de sanciones del C\u00f3digo Penal, relativos a los delitos de corrupci\u00f3n y extenderlos a los relativos en materia de Desarrollo Urbano, Ecolog\u00eda y todos aquellos donde se puedan ver involucrados actos de corrupci\u00f3n por parte de los servidores p\u00fablicos, sanciones que garanticen que jam\u00e1s volver\u00e1n a cometer estos actos.<\/li>\n<\/ul>\n<p>\u00a0<\/p>\n<ul>\n<li style=\"font-weight: 400;\" aria-level=\"1\">Promover la autonom\u00eda presupuestaria y de gesti\u00f3n de los institutos de las mujeres municipales.\u00a0<\/li>\n<\/ul>\n<p>\u00a0<\/p>\n<ul>\n<li style=\"font-weight: 400;\" aria-level=\"1\">Implementar contralor\u00edas sociales estatales y municipales en todos los poderes p\u00fablicos.<\/li>\n<\/ul>\n<p>\u00a0<\/p>\n<ul>\n<li style=\"font-weight: 400;\" aria-level=\"1\">Brindar capacitaci\u00f3n a las y los servidores p\u00fablicos en materia de violencia pol\u00edtica y principio de paridad.<\/li>\n<\/ul>\n<p>\u00a0<\/p>\n<ul>\n<li style=\"font-weight: 400;\" aria-level=\"1\">Impulsar la dotaci\u00f3n de mayores recursos p\u00fablicos a los municipios del estado ampliando los destinos de gasto para la Infraestructura Social Municipal, con la finalidad de que los gobiernos municipales ejerzan los recursos de manera libre en los proyectos prioritarios y garantizando la inversi\u00f3n en infraestructura social de calidad en \u00e1reas como servicios de salud, seguridad p\u00fablica, agua, pavimentaci\u00f3n de calles, as\u00ed como la construcci\u00f3n y reparaci\u00f3n de tramos carreteros.<\/li>\n<\/ul>\n<p>\u00a0<\/p>\n<ul>\n<li style=\"font-weight: 400;\" aria-level=\"1\">Promover la inversi\u00f3n y gesti\u00f3n de obra de transporte p\u00fablico y movilidad no motorizada con el fin de mejorar la accesibilidad de las personas a los bienes, servicios, equipamientos y espacios de recreaci\u00f3n.<\/li>\n<\/ul>\n<p>\u00a0<\/p>\n<ul>\n<li style=\"font-weight: 400;\" aria-level=\"1\">Impulsar la creaci\u00f3n de una Ley de Vivienda Segura a nivel estatal para garantizar que los espacios horizontales y verticales construidos para vivienda, gocen de calidad y seguridad, tanto para salvaguardar la vida de las y los jaliscienses ante contingencias de desastre, tales como terremotos, lluvias, inundaciones e incendios, como para proteger el patrimonio familiar.<\/li>\n<\/ul>\n<p>\u00a0<\/p>\n<ul>\n<li style=\"font-weight: 400;\" aria-level=\"1\">Promover el desarrollo de mayores espacios de viviendas y de servicios b\u00e1sicos para las personas.<\/li>\n<\/ul>\n<p>\u00a0<\/p>\n<ul>\n<li style=\"font-weight: 400;\" aria-level=\"1\">Fiscalizar el financiamiento p\u00fablico a los proyectos estatales de este Gobierno.<\/li>\n<\/ul>\n<p>\u00a0<\/p>\n<ul>\n<li style=\"font-weight: 400;\" aria-level=\"1\">Incentivar la participaci\u00f3n ciudadana y la promoci\u00f3n de la sociedad civil organizada desde las pol\u00edticas p\u00fablicas y la legislaci\u00f3n.<\/li>\n<\/ul>\n<p>\u00a0<\/p>\n<ul>\n<li style=\"font-weight: 400;\" aria-level=\"1\">Armonizar la legislaci\u00f3n local para la inclusi\u00f3n de pol\u00edticas p\u00fablicas con perspectiva familiar.<\/li>\n<\/ul>\n<p>\u00a0<\/p>\n<ul>\n<li style=\"font-weight: 400;\" aria-level=\"1\">Garantizar que todos los funcionarios p\u00fablicos emanados del Partido Acci\u00f3n Nacional en Jalisco cumplan con la iniciativa ciudadana \u201cLey 3 de 3\u201d, al hacer p\u00fablicas sus declaraciones: patrimonial, de intereses y fiscal.<\/li>\n<\/ul>\n<p>\u00a0<\/p>\n<ul>\n<li style=\"font-weight: 400;\" aria-level=\"1\">Proponer acciones legislativas que incentiven la figura de la integridad p\u00fablica en el ejercicio y desempe\u00f1o de las responsabilidades en el sector p\u00fablico.<\/li>\n<\/ul>\n<p>\u00a0<\/p>\n<ul>\n<li style=\"font-weight: 400;\" aria-level=\"1\">Generar pol\u00edticas p\u00fablicas que protejan a la familia; como estructura social base para aprender valores de convivencia que posibiliten alcanzar pleno desarrollo integral como personas y ciudadanos.<\/li>\n<\/ul>\n<p>\u00a0<\/p>\n<p>Establecer mecanismos de gobernanza y participaci\u00f3n activa de paterfamilias licales en los consejos de institutos o dependencias municipales que atienden de forma integral a las familias jaliscienses.<\/p>\n\t\t\t\t\t\t\t\t\t\t\t\t<a href=\"\">\u2022 Infraestructura y Gasto P\u00fablico<\/a>\n\t\t\t\t\t<p>Pugnar por un Presupuesto de Egresos que est\u00e9 comprometido con la atenci\u00f3n de la pandemia, la inversi\u00f3n p\u00fablica en infraestructura y comunicaciones, la generaci\u00f3n de empleo y el ingreso de las familias, que reduzca las brechas de desigualdad, dinamice el mercado interno y fomente la competitividad de los sectores estrat\u00e9gicos para lograr crecimiento econ\u00f3mico y bienestar social; impulsaremos para el siguiente ejercicio fiscal mayores recursos para salvaguardar los derechos humanos de quienes m\u00e1s lo necesitan y vigilaremos el ejercicio eficiente y eficaz de las asignaciones presupuestarias para atender estas necesidades.<\/p>\n<p>Establecer al turismo como actividad prioritaria para la econom\u00eda del Estado, con el objeto de que exista una pol\u00edtica estatal para el desarrollo tur\u00edstico que promueva la asignaci\u00f3n de recursos para la inversi\u00f3n en infraestructura tur\u00edstica y los programas necesarios para fortalecer la competitividad del sector.\u00a0<\/p>\n<p>Impulsar un fondo estatal que impulse las modalidades de turismo, campa\u00f1as de promoci\u00f3n tur\u00edstica, incentive la inversi\u00f3n en infraestructura y genere fuentes de empleo e ingresos a nivel local para la reactivaci\u00f3n econ\u00f3mica del estado y en apoyo a las familias que laboran en el sector tur\u00edstico.\u00a0<\/p>\n<p>Impulsar la dotaci\u00f3n de mayores recursos p\u00fablicos a los municipios del estado ampliando los destinos de gasto para la Infraestructura Social Municipal, con la finalidad de que los gobiernos municipales ejerzan los recursos de manera libre en los proyectos prioritarios y garantizando la inversi\u00f3n en infraestructura social de calidad en \u00e1reas como servicios de salud, seguridad p\u00fablica, agua, pavimentaci\u00f3n de calles, as\u00ed como la construcci\u00f3n y reparaci\u00f3n de tramos carreteros.<\/p>\n<p>Movilidad: mejorar la infraestructura de ciclov\u00edas y que el \u201ccarril del autob\u00fas\u201d sea ciclo v\u00eda, adem\u00e1s de que existan nodos de acercamiento y ramales de ciclo puertos, de origen y destino.<\/p>\n\t\t\t\t\t\t\t\t\t\t\t\t<a href=\"\">\u2022 Derechos Humanos<\/a>\n\t\t\t\t\t<p>La problem\u00e1tica que en materia de Seguridad, Procuraci\u00f3n y Administraci\u00f3n de Justicia que se presenta en Jalisco y en el resto del pa\u00eds es uno de los grandes retos a los que debe hacer frente Acci\u00f3n Nacional, donde lo fundamental es responder a las necesidades de las y los jaliscienses con el objetivo de garantizar el respeto a sus derechos humanos.<\/p>\n<p>Las iniciativas que presentar\u00e1n las y los diputados panistas, en las que se contemplar\u00e1n las acciones propuestas por la sociedad civil, estar\u00e1n encaminadas a fortalecer los esquemas de protecci\u00f3n a las y los ciudadanos de Jalisco, para asegurar la paz p\u00fablica, recuperar los espacios p\u00fablicos, brindar seguridad en la libertad, otorgando protecci\u00f3n a los m\u00e1s grandes valores del ser humano como lo son: la vida, la honra, la integridad de las personas y de su patrimonio, as\u00ed como prevenir las conductas antisociales, el respeto a los derechos humanos, a sus garant\u00edas individuales entre otras.<\/p>\n<p>Impulsar los esquemas de capacitaci\u00f3n para los cuerpos policiales, con el fin de que respondan a requerimientos de\u00a0 la Sociedad, considerando que son la primera autoridad a quien se recurre en caso de un delito. En materia jur\u00eddica y de derechos humanos se buscar\u00e1 garantizar la debida elaboraci\u00f3n del IPH (Informe Policial Homologado).<\/p>\n<p>Implementar una pol\u00edtica p\u00fablica integral, solida, transversal, eficaz y con perspectiva de g\u00e9nero con el fin de garantizar la protecci\u00f3n de los derechos humanos de ni\u00f1as, ni\u00f1os y adolescentes.<\/p>\n<p>Pugnar por un Presupuesto de Egresos que est\u00e9 comprometido con la atenci\u00f3n de la pandemia, la inversi\u00f3n p\u00fablica en infraestructura y comunicaciones, la generaci\u00f3n de empleo y el ingreso de las familias, que reduzca las brechas de desigualdad, dinamice el mercado interno y fomente la competitividad de los sectores estrat\u00e9gicos para lograr crecimiento econ\u00f3mico y bienestar social; impulsaremos para el siguiente ejercicio fiscal mayores recursos para salvaguardar los derechos humanos de quienes m\u00e1s lo necesitan.<\/p>\n\t\t\t\t\t\t\t\t\t\t\t\t<a href=\"\">\u2022 Violencia pol\u00edtica en raz\u00f3n de G\u00e9nero <\/a>\n\t\t\t\t\t<p>Brindar capacitaci\u00f3n a las y los servidores p\u00fablicos en materia de violencia pol\u00edtica y principio de paridad.<\/p>\n\t\t\t\t\t\t\t\t\t\t\t\t<a href=\"\">\u2022 Participaci\u00f3n ciudadana<\/a>\n\t\t\t\t\t<p>Incentivar la participaci\u00f3n ciudadana y la promoci\u00f3n de la sociedad civil organizada desde las pol\u00edticas p\u00fablicas y la legislaci\u00f3n.<\/p>\n<p>Implementar acciones de gobierno que fortalezcan el tejido social desde la familia como respuesta a la violencia y para la promoci\u00f3n de la paz y la participaci\u00f3n ciudadana.<\/p>\n<p>\u00a0<\/p>\n\t\t\t\t\t\t\t\t\t\t\t\t<a href=\"\">\u2022 Juventudes<\/a>\n\t\t\t\t\t<p>Legislar en materia de mi primer empleo, para impulsar el desarrollo integral de los j\u00f3venes y mejorar las v\u00edas para su inserci\u00f3n en el mercado de trabajo, permitiendo, cuando es el caso, que ello no les impida terminar sus estudios y que \u00e9sta se d\u00e9 en el sector formal.<\/p>\n<p>Apoyar el fortalecimiento del turismo sustentable con el prop\u00f3sito de reconocer y ampliar a mayores empresas las buenas pr\u00e1cticas en el ramo tur\u00edstico con el objetivo de atraer a los paseantes internacionales j\u00f3venes, que hoy determinan sus destinos en base al potencial ambiental y sustentable.<\/p>\n<p>Promover la ley los bonos educativo, para que los ni\u00f1os y los j\u00f3venes puedan decidir en qu\u00e9 escuela o Universidad, p\u00fablica o privada, quieren estudiar, y que sea financiada por el Estado, quien perder\u00e1 el monopolio de impartici\u00f3n de la educaci\u00f3n p\u00fablica.<\/p>\n<p>Es por ello que se necesita impulsar en la poblaci\u00f3n en general y particularmente en los j\u00f3venes, una educaci\u00f3n en valores que les permita ser m\u00e1s emp\u00e1ticos, con una mayor conciencia en las habilidades sociales y cognitivas<\/p>\n<p>Proyectos para ZMG: Programa comunitario &#8220;VAGOS&#8221; (Vigilantes Ambientales Guadalajara Organizaci\u00f3n Social). Es urgente involucrar a la sociedad empoder\u00e1ndola para que asuman su responsabilidad social y comunitaria en pro del &#8220;bien com\u00fan&#8221;, &#8220;bien ser&#8221; y &#8220;bien estar&#8221;, a trav\u00e9s de organizar a los j\u00f3venes y ni\u00f1os principalmente, con el respaldo y apoyo de las autoridades de los tres \u00f3rdenes de gobierno, para que trabajen en atenci\u00f3n de todos los problemas y necesidades de su comunidad. Generando sentido de pertenencia, liderazgo, desarrollo personal, preparaci\u00f3n, competencia, creando conciencia de grupo y comunidad, formando comunidades sustentables.<\/p>\n<p>P\u00e1ginas 21, 24, 25 y 31<\/p>\n\t\t\t\t\t\t\t\t\t\t\t\t<a href=\"\">\u2022 Otro tema no enmarcado en las categorias<\/a>\n\t\t\t\t\t\t\t\t\t\t\t<a href=\"https:\/\/www2.iepcjalisco.org.mx\/tablero-electoral-2021\/wp-content\/uploads\/2021\/03\/Plataforma-Electoral-PRI-Jalisco-2021-2024.docx\" target=\"_blank\" rel=\"noopener\">\n\t\t\t\t\t\t\t<img width=\"300\" height=\"300\" src=\"https:\/\/www2.iepcjalisco.org.mx\/tablero-electoral-2021\/wp-content\/uploads\/2021\/03\/02-PRI-1.png\" alt=\"\" loading=\"lazy\" \/>\t\t\t\t\t\t\t\t<\/a>\n\t\t\t\t\t\t\t\t\t\t\t\t<a href=\"\">PARTIDO REVOLUCIONARIO INSTITUCIONAL<\/a>\n\t\t\t\t\t<p><a href=\"https:\/\/www2.iepcjalisco.org.mx\/tablero-electoral-2021\/wp-content\/uploads\/2021\/03\/Plataforma-Electoral-PRI-Jalisco-2021-2024.docx\">Descagar Plataforma Electoral<\/a><\/p>\n<p>Dirigente estatal del partido: Ing. Ramiro Hern\u00e1ndez Garc\u00eda<\/p>\n<p>Redes sociales oficiales del Partido:<\/p>\n\t\t\t\t\t\t\t\t\t\t\t\t<a href=\"\">\u2022 Gobernabilidad y Seguridad<\/a>\n\t\t\t\t\t<p><b>Estado de derecho y seguridad\u00a0<\/b><\/p>\n<p>Debemos de partir de que la seguridad es una precondici\u00f3n para que todos los dem\u00e1s elementos que favorecen el desarrollo de los ciudadanos se den de manera natural: sin seguridad no existen posibilidades de que se lleven a cabo actividades econ\u00f3micas, de que salgamos a las calles con la certeza de que no seremos vulnerados y de que nuestros espacios p\u00fablicos sean verdaderamente nuestros. A pesar de los esfuerzos en los diferentes frentes y que vivimos una situaci\u00f3n at\u00edpica en nuestras actividades, es nuestra obligaci\u00f3n compartir que la incidencia delictiva es un tema que no debemos perder de vista; en contraste con los anuncios del gobierno de M\u00e9xico y Jalisco, sobre la supuesta disminuci\u00f3n de algunos delitos, sabemos que el homicidio es el tema donde se define la seguridad en todos los niveles.\u00a0<\/p>\n<p><b>Disminuci\u00f3n de delitos de alto impacto<\/b>. Con una tasa de 24.8 homicidios por cada 100 mil habitantes, M\u00e9xico se ubica en la posici\u00f3n 12 de los pa\u00edses m\u00e1s 22 violentos de todo el mundo, seg\u00fan el Estudio Global de Homicidios 2019 del Centro de Informaci\u00f3n de la Organizaci\u00f3n de las Naciones Unidas (ONU). Jalisco no es la excepci\u00f3n, nuestro estado se ha vuelto un referente en temas como las fosas clandestinas, el feminicidio y personas desaparecidas, un contexto que llama la atenci\u00f3n principalmente por la falta de coordinaci\u00f3n entre los \u00f3rdenes de gobierno; en el \u00faltimo a\u00f1o y medio se han descubierto m\u00e1s de 400 cuerpos en fosas clandestinas, en contraste con la clara intenci\u00f3n de s\u00f3lo publicitar la reducci\u00f3n en delitos patrimoniales producto m\u00e1s de una inercia de confinamiento que de estrategias claras en la materia.\u00a0<\/p>\n<p><b>Coordinaci\u00f3n metropolitana<\/b>. Asimismo, Guadalajara, y su \u00e1rea metropolitana no escapa a esta tormenta de violencia; aunada a la simulaci\u00f3n de una Polic\u00eda Metropolitana creada sobre las rodillas, una corporaci\u00f3n que no se ve reflejada en la operatividad del combate a la inseguridad, que implica gastos de recursos de los municipios metropolitanos y del estado con dudosos resultados.<\/p>\n<p><b>\u00a0Confianza en la justicia<\/b>. Los habitantes de Jalisco no conf\u00edan en las autoridades de seguridad y justicia, estos elementos han provocado una nula cultura de la denuncia, lo que hace m\u00e1s dif\u00edcil que la estrategia funcione a no tener certeza sobre los hechos y seguir contemplando una cifra negra en niveles muy altos.\u00a0<\/p>\n<p><b>Legislaci\u00f3n con sentido<\/b>. El aumento de la penalidad en los delitos sin previos estudios o esquemas de eficiencia y eficacia legislativa provocan que la punibilidad se convierta en un discurso y no en una herramienta de control social, los conflictos sociales se deben atender desde su origen, ponderando la prevenci\u00f3n y construyendo verdaderos programas que se reflejen en las calles y en quienes las habitan. Es indispensable dar a conocer las alternativas que la cultura de la paz nos ofrece, una oportunidad que se ha dejado de lado como una posibilidad en esquemas 23 secundarios cuando deben siempre privilegiarse los acuerdos y la argumentaci\u00f3n que permita centrar sobre la mesa la negociaci\u00f3n que evite los conflictos sociales y jur\u00eddicos.\u00a0<\/p>\n<p><b>Mejores instituciones policiales<\/b>. Apostamos a fortalecer las instituciones policiales como una oportunidad desde dos visiones, una al interior, respetando los roles de quienes integran los equipos de trabajo, buscando mejorar sus condiciones laborales, sociales y administrativas, privilegiando un trato humano que resultar\u00e1 en organizaciones con mayores y mejores resultados y profesionalizando a los elementos con la finalidad de implementar las estrategias adecuadas conforme a las necesidades de cada regi\u00f3n. Para que nuestra entidad federativa logre resultados se deben dejar de lado las prioridades pol\u00edticas que debilitan las rutas de comunicaci\u00f3n y coordinaci\u00f3n con todos los \u00f3rdenes de gobierno en materia de seguridad y procuraci\u00f3n de justicia, dar resultados implica entender los roles de cada gobierno para contener de manera eficiente el principal tema de percepci\u00f3n negativa que la sociedad define. En concordancia con nuestra plataforma electoral federal se\u00f1alamos que uno de los efectos de la pandemia que nos aqueja, con referencia al a\u00f1o 2020, se refiere a la violencia intrafamiliar, y al feminicidio, sujetos a incremento en el marco del confinamiento y victimizando, principalmente, a mujeres ya de por si\u0301 vulnerables. Los esfuerzos que se realizan por la igualdad sustantiva, a favor del empoderamiento de las mujeres y de una mejor convivencia con base a una cultura de la equidad, han tenido un rev\u00e9s sensible, sin que se hubiesen implementado medidas efectivas para contener ese fen\u00f3meno. Se denota al respecto una falta de sensibilidad por parte de los gobiernos de los tres \u00f3rdenes, lo que conlleva un esfuerzo mayor y poner por delante en nuestra agenda la disminuci\u00f3n de la violencia en cualquiera de sus formas<\/p>\n\t\t\t\t\t\t\t\t\t\t\t\t<a href=\"\">\u2022 Movilidad<\/a>\n\t\t\t\t\t<p>Una de las problem\u00e1ticas m\u00e1s grave que tienen las metr\u00f3polis, y las entidades federativas como Jalisco, es la excesiva emisi\u00f3n de carbono, y que a lo largo de los a\u00f1os ha provocado el llamado cambio clim\u00e1tico. Estas emisiones de carbono se originan principalmente a partir de las industrias y la movilidad en la ciudad, toda vez que en temas de transporte es el medio por el cual la ciudad se mueve y funciona, pero esto implica el uso de medios de transporte que contaminan y cuyo da\u00f1o resulta irreversible. Es por ello por lo que uno de los principios rectores para la promoci\u00f3n de la movilidad en Jalisco es el respeto al medio ambiente, que va de la mano con los principios de accesibilidad, desarrollo econ\u00f3mico, perspectiva de g\u00e9nero y participaci\u00f3n ciudadana como lo se\u00f1ala la propia Ley de Movilidad y Transporte del Estado de Jalisco. Para garantizar el respeto al medio ambiente es necesario la creaci\u00f3n de una movilidad sustentable, \u00e9sta se logra a trav\u00e9s del desarrollo de pol\u00edticas p\u00fablicas encaminadas a facilitar el tr\u00e1nsito en las ciudades de manera eficiente y eficaz, con un bajo impacto al medio ambiente. Por todo lo anterior, uno de los objetivos de la agenda p\u00fablica del Estado de Jalisco es garantizar a las generaciones presentes y futuras un espacio digno, sustentable, seguro, inclusivo y de calidad, con pleno goce de sus derechos sociales, culturales y econ\u00f3micos; atendiendo a la necesidad de reducir las emisiones de carbono de las ciudades, as\u00ed como a la necesidad de desarrollar una planeaci\u00f3n urbana enfocada a favorecer y acrecentar los espacios seguros y verdes. En aras de impulsar el desarrollo de una movilidad sustentable para Jalisco, se pretende desarrollar algunos objetivos y acciones:<\/p>\n<p><b>Planeaci\u00f3n peatonal.<\/b> Existen diversas acciones que se promover\u00e1n para generar una actividad peatonal segura, para incentivar a la poblaci\u00f3n a reducir el uso de 26 autom\u00f3viles para recorrer distancias (especialmente cortas) es necesario brindar seguridad vial a los peatones. Los accidentes viales sobre peatones se deben a la falta de coordinaci\u00f3n en los cruces peatonales. Esto es, en las calles y avenidas donde existe cruce de tr\u00e1nsito, para seguir derecho o dar vuelta, los sem\u00e1foros est\u00e1n dise\u00f1ados para los conductores, sin considerar al peat\u00f3n o transe\u00fante:<\/p>\n<p><b>Rutas viales del servicio p\u00fablico de transporte.<\/b> El transporte p\u00fablico representa el medio de transporte m\u00e1s recurrente, siendo usuaria de \u00e9ste el 54.9% de la poblaci\u00f3n del \u00c1rea Metropolitana de Guadalajara seg\u00fan la 6ta. Encuesta de Percepci\u00f3n Ciudadana Sobre Calidad de Vida 2018, 2019. Y no obstante existen diversas deficiencias en temas de seguridad, salubridad y calidad del servicio, atendiendo a las necesidades de generar una movilidad sustentable se advierte en un primer t\u00e9rmino la falta de acceso al servicio p\u00fablico del transporte, siendo como lo dice el documento mencionado con anticipaci\u00f3n, el 5.6% de la poblaci\u00f3n que no tiene paraderos de transporte en su colonia en las diferentes zonas del Estado de Jalisco. Caminar hasta media hora o m\u00e1s para llegar a la estaci\u00f3n de cami\u00f3n m\u00e1s pr\u00f3xima para poder transportarte resulta desalentador para el gremio poblacional que pudiendo elegir entre diversos medios de transporte, escoge cualquier otro que no sea el servicio p\u00fablico. En tanto que para la poblaci\u00f3n que no cuenta con los medios para utilizar otro transporte, representa una afectaci\u00f3n en los diversos aspectos de su vida. Adem\u00e1s, se debe considerar y tomar en cuenta al gremio poblacional que tiene un impedimento f\u00edsico para poder recorrer cortas o largas distancias y que, ante estas situaciones, se ve imposibilitado para transitar. Es por ello por lo que se vuelve una tarea del Estado brindarle a la poblaci\u00f3n rutas de transporte p\u00fablico accesibles, conectadas y cercanas a trav\u00e9s de una 27 reestructuraci\u00f3n de las rutas de camiones actuales, as\u00ed como la inclusi\u00f3n de nuevas rutas que lleguen a otras secciones de las ciudades y zonas del Estado. El Partido Revolucionario Institucional siempre ha apostado a la movilidad sustentable, en Jalisco lo ha demostrado a partir de la historia del tren ligero, que desde el primero de septiembre de 1989, el Presidente del pa\u00eds, y el Gobernador jalisciense ambos de extracto priista, inauguran la primera l\u00ednea del tren el\u00e9ctrico urbano que tiene una extensi\u00f3n de 15.5 km con 19 estaciones de las cuales son 12 superficiales y 7 subterr\u00e1neas, con esta gran visi\u00f3n comienza la conectividad en la movilidad de la urbe en el Estado. El 6 de enero de 1992 inicia la construcci\u00f3n de la L\u00ednea 2 concluy\u00e9ndose el primero de julio de 1994. Esta l\u00ednea tiene una extensi\u00f3n de 9.6 kil\u00f3metros de t\u00fanel subterr\u00e1neo y cuenta con 10 estaciones. Es as\u00ed como se consolidan las dos primeras l\u00edneas que en suma desarrollan los 25 kil\u00f3metros que hasta el d\u00eda de hoy funcionan de manera regular en la metr\u00f3poli; que, para las necesidades de los jaliscienses, resulta claro que es insuficiente. Despu\u00e9s del abandono por 18 a\u00f1os de esta infraestructura sustentable para la movilidad, la inversi\u00f3n hist\u00f3rica hab\u00eda sido anunciada; el tren ligero ve nuevamente un proyecto, impulsado por el gobierno federal y estatal, ser\u00eda el presupuesto m\u00e1s grande para Jalisco en materia de movilidad que se haya implementado en una administraci\u00f3n; as\u00ed fue como a partir de aprobaci\u00f3n de proyectos y modificaciones finales, se impuls\u00f3 la nueva l\u00ednea que ya opera en la entidad. Por otro lado, se debe atender a la necesidad de los usuarios, conductores y prestadores del servicio p\u00fablico del transporte en general, que las calles se dise\u00f1en tambi\u00e9n para ellos, y no solo para el automovilista. En temas de transporte p\u00fablico, menos no, es m\u00e1s, por lo que es innegable la necesidad de reestructurar las rutas, y de aumentar y extender el servicio.<\/p>\n<p><b>Cobertura real de ciclov\u00edas<\/b>. La tarea de generar una movilidad sustentable no concluye con el solo ofrecimiento de alternativas de medios de transporte, sino que adem\u00e1s de reducir su impacto al ambiente, estos nuevos modelos de transporte deben satisfacer la necesidad de tr\u00e1nsito de la poblaci\u00f3n. El proyecto de ciclov\u00edas atiende a la naturaleza de las bicicletas de ser un transporte sostenible por la no emisi\u00f3n de carbono en contraste con el autom\u00f3vil, por lo que su uso debe priorizarse sobre el carro. Por esta raz\u00f3n se han creado las llamadas ciclov\u00edas, que son carriles exclusivos para la circulaci\u00f3n de ciclistas. Actualmente, el 76.2% de la poblaci\u00f3n no tiene ciclov\u00edas en su colonia con base en la 6ta. Encuesta de Percepci\u00f3n Ciudadana Sobre Calidad de Vida 2018, 2019. Adem\u00e1s, no existen (como las hay para el automovilista o los conductores de transporte p\u00fablico) rutas adecuadas, continuas y seguras para su circulaci\u00f3n. Existen tramos viales en donde pese a tener la delimitaci\u00f3n de la ciclov\u00edas, despu\u00e9s de varias calles \u00e9stas desaparecen, lo que significa un peligro para el ciclista al dejarlo en un estado de incertidumbre e indefensi\u00f3n respecto de los veh\u00edculos que, como \u00e9l, circulan la zona. Ya se encuentran las bicicletas disponibles para el usuario, lo que no hay son rutas viales, siendo \u00e9ste el motivo por el cual las personas, en aras de sentirse seguros, prefieren utilizar otro medio de transporte menos sustentable De tal suerte que, a efecto de cumplir con los prop\u00f3sitos de una movilidad sustentable para Jalisco, es tarea de nosotros dise\u00f1ar un plan y programa para la delimitaci\u00f3n y creaci\u00f3n de las ciclov\u00edas que est\u00e9n pensadas en que las personas puedan acceder a \u00e9stas desde los distintos puntos de las ciudades. De esta forma, de manera enunciativa y no limitativa se propone un redise\u00f1o institucional y de pol\u00edticas p\u00fablicas para mejorar el ambiente y la movilidad, dos retos importantes para Jalisco y sus dimensiones; por supuesto mejorar los programas 29 de afinaci\u00f3n y verificaci\u00f3n vehicular, y generar reformas que permitan presupuestos verdes para atender el impacto negativo en el medio ambiente. La disposici\u00f3n final de residuos debe ser un tema de discusi\u00f3n entre la sociedad civil organizada y los gremios del ramo para encontrar alternativas que disminuya el impacto en la metr\u00f3poli y evitar riesgos que tambi\u00e9n pueden decantar en incendios forestales o de vertederos.<\/p>\n<p>P\u00e1g. 25-29<\/p>\n\t\t\t\t\t\t\t\t\t\t\t\t<a href=\"\">\u2022 Desarrollo Econ\u00f3mico, Empleo y Salario<\/a>\n\t\t\t\t\t<p><b>Econom\u00eda de la certidumbre, del crecimiento y el desarrollo<\/b>.\u00a0<\/p>\n<p><b>Pol\u00edtica econ\u00f3mica y social; disciplina financiera y empleo<\/b><\/p>\n<p>\u00a0La pol\u00edtica econ\u00f3mica y social es una demanda leg\u00edtima en nuestro pa\u00eds, entre otras circunstancias los escenarios cambiantes a nivel internacional y nacional se reflejan en los bolsillos de las familias; y es precisamente las atribuciones gubernamentales las que permiten tomar el rumbo de estas pol\u00edticas. Estos lineamientos y directrices mediante los cuales se regula a trav\u00e9s del estado, la econom\u00eda y la capacidad adquisitiva van m\u00e1s all\u00e1 de conocimientos tecnocr\u00e1ticos y se reflejan tambi\u00e9n una visi\u00f3n de readaptaci\u00f3n y redistribuci\u00f3n de la riqueza en cada pa\u00eds; es decir la desigualdad es un factor determinante para escribir el rumbo de estas acciones.<\/p>\n<p>\u00a0<\/p>\n<p><b>Gasto P\u00fablico Responsable. <\/b>Estos factores est\u00e1n vinculados con el gasto p\u00fablico responsable, el sistema financiero sano, las empresas p\u00fablicas con rumbos correctos y auditor\u00edas claras, la vinculaci\u00f3n de la econom\u00eda global y la productividad 14 nacional y regional; estos pretenden crear las mejores condiciones para un mercado muy complejo de descifrar y de confrontar.<\/p>\n<p>\u00a0<\/p>\n<p><b>Acciones por una mejor econom\u00eda.<\/b> Adem\u00e1s de establecer las rutas para ser competitivo en el \u00e1mbito econ\u00f3mico, los fines sociales deben ser evidentes, estas acciones que lleve el estado deben tener como objetivo el desarrollo humano personal, la temporalidad con que se lleven a acabo van a resultar determinantes tambi\u00e9n en los enfoques colectivos; a su vez el veh\u00edculo que permite ejercer esta planeaci\u00f3n ser\u00e1 a trav\u00e9s de pol\u00edticas p\u00fablicas que planteen un esquema de seguimiento claro, que permita al final obtener una evaluaci\u00f3n para decidir el seguimiento o la reorientaci\u00f3n de los recursos.<\/p>\n<p>\u00a0<\/p>\n<p><b>Estrategias para el empleo<\/b>. El empleo en M\u00e9xico y Jalisco ha sufrido una ca\u00edda no s\u00f3lo a partir de pol\u00edticas econ\u00f3micas dudosas, sino, como ya lo sabemos, la emergencia sanitaria del SARS-CoV-2 (COVID-19) ha sido una situaci\u00f3n que vulner\u00f3 todos los esquemas internacionales de protecci\u00f3n al desarrollo econ\u00f3mico y social, por lo que es imperante que se establezcan las acciones necesarias para salir de inmediato de este problema. Como es del conocimiento de las personas, en Jalisco y en la mayor\u00eda de los lugares del pa\u00eds, las personas perdieron sus empleos a causa de la pandemia que ya mencionamos, lo que abri\u00f3 brecha a que creciera el n\u00famero de personas sin empleo en Jalisco. Actualmente, sigue siendo un porcentaje preocupante como lo podemos consultar en el Servicio Nacional de Empleo (SNE) y compararlo con el 2019. En Jalisco, el 3.2% de la Poblaci\u00f3n Econ\u00f3micamente Activa era desocupada (122,853 personas), 4% de los ocupados eran subocupados (151,871) y 9.2% de la Poblaci\u00f3n No Econ\u00f3micamente Activa estaba disponible (219,264), ubic\u00e1ndose por debajo de la media nacional en cada uno de estos indicadores. De manera agregada, en el \u00faltimo trimestre de 2019, el 48% de la oferta laboral eran hombres y 52% mujeres, 49.6% era menor de 34 a\u00f1os y, en cuanto a escolaridad, 26% hab\u00eda 15 concluido la primaria, 27.4% la secundaria, 24.9% el bachillerato y 17.4% eran profesionistas.<\/p>\n<p><br \/><b>Apoyos emergentes<\/b>. Con esta informaci\u00f3n se evidencia la urgente necesidad de un empleo para muchos jaliscienses. Al implementar un apoyo al empleo para el a\u00f1o 2021 se velar\u00eda por incrementar la empleabilidad de los jaliscienses a trav\u00e9s del desarrollo de capacidades, habilidades y destrezas en perfiles laborales de las personas mayores de edad y menores con permiso de sus padres de familia o tutores que busquen mejorar sus ingresos, as\u00ed como fortalecer las competencias y habilidades de personal en activo para mejorar su profesionalidad laboral. El objetivo principal ser\u00eda promover la colocaci\u00f3n de desempleados mediante el otorgamiento de capacitaci\u00f3n, certificaci\u00f3n, apoyos econ\u00f3micos para beneficio de los jaliscienses y as\u00ed incidir en la mejora en el mercado laboral y su respectiva participaci\u00f3n en la econom\u00eda formal.<\/p>\n\t\t\t\t\t\t\t\t\t\t\t\t<a href=\"\">\u2022 Medio Ambiente<\/a>\n\t\t\t\t\t<p>Adem\u00e1s de ser un problema global y nacional, las acciones regionales enfocadas son sumamente importantes para combatir el cambio clim\u00e1tico, un problema que los actuales gobiernos han dejado de lado, el mismo Plan Nacional de Desarrollo 2019- 2024 no cuenta con referencias claras al respecto. Tenemos consciencia que los recursos naturales deben ser una prioridad para el ejercicio de gobierno ya que influyen de manera directa en la vida y desarrollo de los jaliscienses. En las \u00faltimas d\u00e9cadas, los procesos de degradaci\u00f3n y contaminaci\u00f3n han ido en aumento, detenerla curva de desgaste no ha sido sencillo, por ello, el Partido Revolucionario Institucional fomenta el respecto y la protecci\u00f3n al medio ambiente sano, y as\u00ed, consolidar un desarrollo sustentable a trav\u00e9s de la instrumentaci\u00f3n de pol\u00edticas p\u00fablicas para la promoci\u00f3n, preservaci\u00f3n y desarrollo de las \u00e1reas naturales de la entidad. Otro de los frentes que el partido abrir\u00e1 es la discusi\u00f3n a trav\u00e9s del Parlamento Abierto de reformas que garanticen que nuestro ambiente sea verdaderamente sano; la disminuci\u00f3n de la contaminaci\u00f3n ambiental tiene referencias a los tipos de competencia seg\u00fan el orden de gobierno, por lo que clarificar la agenda es de utilidad para la planeaci\u00f3n institucional. \u201cEl desarrollo sustentable es el desarrollo que satisface las necesidades del presente sin comprometer la capacidad de las generaciones futuras para satisfacer sus propias necesidades\u201d (Informe Brundtland, 1987, p\u00e1g. 59), lo cual implica el cuidado de los recursos naturales y la procuraci\u00f3n de una calidad de vida digna y segura para la sociedad, lo que supone cambios en la forma de gesti\u00f3n y actuaci\u00f3n pol\u00edtica y social que hasta el momento han tenido repercusiones negativas al medio ambiente. 25 Una de las problem\u00e1ticas m\u00e1s grave que tienen las metr\u00f3polis, y las entidades federativas como Jalisco, es la excesiva emisi\u00f3n de carbono, y que a lo largo de los a\u00f1os ha provocado el llamado cambio clim\u00e1tico. Estas emisiones de carbono se originan principalmente a partir de las industrias y la movilidad en la ciudad, toda vez que en temas de transporte es el medio por el cual la ciudad se mueve y funciona, pero esto implica el uso de medios de transporte que contaminan y cuyo da\u00f1o resulta irreversible. Es por ello por lo que uno de los principios rectores para la promoci\u00f3n de la movilidad en Jalisco es el respeto al medio ambiente, que va de la mano con los principios de accesibilidad, desarrollo econ\u00f3mico, perspectiva de g\u00e9nero y participaci\u00f3n ciudadana como lo se\u00f1ala la propia Ley de Movilidad y Transporte del Estado de Jalisco. Para garantizar el respeto al medio ambiente es necesario la creaci\u00f3n de una movilidad sustentable, \u00e9sta se logra a trav\u00e9s del desarrollo de pol\u00edticas p\u00fablicas encaminadas a facilitar el tr\u00e1nsito en las ciudades de manera eficiente y eficaz, con un bajo impacto al medio ambiente. Por todo lo anterior, uno de los objetivos de la agenda p\u00fablica del Estado de Jalisco es garantizar a las generaciones presentes y futuras un espacio digno, sustentable, seguro, inclusivo y de calidad, con pleno goce de sus derechos sociales, culturales y econ\u00f3micos; atendiendo a la necesidad de reducir las emisiones de carbono de las ciudades, as\u00ed como a la necesidad de desarrollar una planeaci\u00f3n urbana enfocada a favorecer y acrecentar los espacios seguros y verdes.<\/p>\n\t\t\t\t\t\t\t\t\t\t\t\t<a href=\"\">\u2022 Desarrollo Humano<\/a>\n\t\t\t\t\t<p><b>Desarrollo Social<\/b><\/p>\n<p>Resulta trascendental generar condiciones que permitan que el estado funja con su papel como promotor y coordinador del desarrollo social, as\u00ed como contar con la participaci\u00f3n activa de los diversos sectores sociales, y con ello reducir las desigualdades, priorizando la b\u00fasqueda de la reducci\u00f3n de la pobreza y la eliminaci\u00f3n de la pobreza extrema, la generaci\u00f3n de empleos y que estos a su vez, sean de mejor pagados, incentivar el desarrollo econ\u00f3mico, y generar condiciones de bienestar dentro de la sociedad, en diferentes \u00e1mbitos como: salud, educaci\u00f3n, nutrici\u00f3n, vivienda, seguridad social, igualdad de g\u00e9nero, integraci\u00f3n social, pueblos ind\u00edgenas, entre otros.<\/p>\n<p>Es importante priorizar el desarrollo social dentro de las acciones que emprenda el estado, ya que constituye una parte fundamental para garantizar el mejoramiento de la calidad de vida de todas las personas, el desarrollo sostenible con justicia social y equidad. Adicional a esto, es necesario llevar a cabo un an\u00e1lisis de los procesos existentes, mediante el cual se permitan garantizar servicios sociales de calidad a la poblaci\u00f3n. Lo anterior tiene como fin \u00faltimo, lograr un adecuado nivel de calidad de vida para todas las personas que integran a la sociedad Jalisciense, disminuyendo las profundas desigualdades existentes. Es por ello por lo que, en el Partido Revolucionario Institucional, se considera necesario atender las problem\u00e1ticas urgentes de los diversos sectores de la sociedad Jalisciense, y a su vez sentar las bases de proyectos que generen mejores condiciones de vida en el futuro, es por ello por lo que, en s\u00edntesis, la presente propuesta se centra en los siguientes objetivos: 1) Asistencia y protecci\u00f3n social, 2) Salarios dignos, 3) Pueblos y comunidades ind\u00edgenas y 4) Mejoramiento de colonias. Los presentes objetivos tienen una importancia estrat\u00e9gica, ya que por su naturaleza transversal influyen de manera directa y de manera coordinada con las otras propuestas realizadas. Es por esto por lo que se pretende generar una plataforma de pol\u00edticas p\u00fablicas, y de reformas legislativas, enfocadas en generar condiciones que prioricen el desarrollo social en Jalisco.\u00a0<\/p>\n<p><b>Asistencia y protecci\u00f3n social.<\/b> Este objetivo se enfoca en identificar a las personas que por diversas circunstancias tienen mayores necesidades de asistencia y protecci\u00f3n dentro de la sociedad, es por ello por lo que se propone promover alianzas entre las diversas instituciones y sectores de la sociedad, con el fin de brindar atenci\u00f3n integral a las problem\u00e1ticas inmediatas, as\u00ed como que puedan obtener herramientas de capacitaci\u00f3n y en su caso obtenci\u00f3n de un empleo, y con ello buscar mejorar sus condiciones de vida. Es necesario generar acciones urgentes de atenci\u00f3n a las personas con mayor necesidad, as\u00ed como brindarles herramientas para que puedan salir de dicha situaci\u00f3n, este objetivo busca reducir la brecha de las desigualdades sociales existentes.<\/p>\n<p><b>Salarios dignos.<\/b> Una de las funciones del Estado que mayor relevancia tienen dentro de la sociedad, es correspondiente al \u00e1mbito laboral, es por ello por lo que se debe prestar especial atenci\u00f3n en generar condiciones que permitan mayores inversiones en el Estado, de igual forma se debe buscar que dichas inversiones ofrezcan condiciones laborales dignas, priorizando una mayor remuneraci\u00f3n. No solo es importante incentivar las inversiones y la generaci\u00f3n de empleos al interior del estado, lo verdaderamente importante es que esas inversiones deriven en crecimiento y contribuyan a una mejora en la calidad de vida de la poblaci\u00f3n Jalisciense.<\/p>\n<p><b>Pueblos y comunidades ind\u00edgenas.<\/b> Las personas integrantes de los pueblos y comunidades ind\u00edgenas forman parte de la diversidad y riqueza cultural del estado, sin embargo, cuentan con necesidades distintas de atenci\u00f3n, es por ello por lo que se tiene como objetivo generar condiciones que permitan mejorar la vida de esta poblaci\u00f3n, as\u00ed como promover la realizaci\u00f3n de actividades culturales en sus diversas manifestaciones, que permitan acercar, integrar y visibilizar a su poblaci\u00f3n con los diversos sectores de la sociedad. Las poblaciones ind\u00edgenas de nuestro estado requieren de un principal apoyo por parte de los diversos sectores de la sociedad, con el fin de mejorar sus condiciones de vida y con ello contribuir al desarrollo del estado.<\/p>\n<p><b>Mejoramiento de colonias<\/b>. El presente objetivo se interconecta con otros en diversos \u00e1mbitos, ya que forma parte de una estrategia integral de recuperaci\u00f3n de las colonias de los diversos municipios del estado, este objetivo se enfoca en recuperar los espacios p\u00fablicos, as\u00ed como en el mejoramiento de los servicios p\u00fablicos que se brindan a la poblaci\u00f3n, adem\u00e1s busca incentivar la actividad econ\u00f3mica de las Pymes locales, generar condiciones de seguridad humana, as\u00ed como establecer un contacto directo entre la poblaci\u00f3n y las autoridades encargadas de dar respuestas a sus problem\u00e1ticas. El presente objetivo se basa en la necesidad de retomar la tranquilidad dentro de las diversas colonias, especialmente en aquellas que sufren de mayor rezago, as\u00ed como promover una mayor cercan\u00eda entre la poblaci\u00f3n y sus autoridades para la soluci\u00f3n eficiente de sus problem\u00e1ticas.<\/p>\n<p>P\u00e1ginas 16-19<\/p>\n\t\t\t\t\t\t\t\t\t\t\t\t<a href=\"\">\u2022 Educaci\u00f3n e Innovaci\u00f3n<\/a>\n\t\t\t\t\t<p><b>Educaci\u00f3n<\/b><\/p>\n<p>En el PRI no tenemos dudas sobre mantener a la educaci\u00f3n y la cultura como prioridades en nuestros gobiernos, en primer t\u00e9rmino impulsar el nuevo modelo educativo es parte de nuestra agenda, con la intenci\u00f3n de consolidar a la educaci\u00f3n p\u00fablica como motor de desarrollo y fuente de movilidad social para incentivar la competitividad en el estado; la cultura por su parte es prioritaria para acrecentar nuestro acervo como jaliscienses, tomando en consideraci\u00f3n que vivimos en un estado rico en cultura y eso nos permite formar parte de la misma. Asimismo, se debe contemplar el desarrollo de las habilidades cognitivas, intelectuales y f\u00edsicas de las personas encaminadas en este c\u00edrculo virtuoso, afianzar sociedades justas y equilibradas en las que se respeten la diversidad en general, preservar las expresiones y tradiciones culturales, as\u00ed como la historia. Como parte del progreso se contempla incentivar el continuo desarrollo cient\u00edficotecnol\u00f3gico y las investigaciones en diversas \u00e1reas, propiciar el pensamiento cr\u00edtico y evaluar la compresi\u00f3n de los contenidos impartidos. Es importante garantizar el derecho a la educaci\u00f3n de calidad para todas las ni\u00f1as, ni\u00f1os, j\u00f3venes y adultos, sin distingo, adem\u00e1s de vigiar, luchar, emprender acciones y programas que reduzcan la deserci\u00f3n estudiantil, esto a trav\u00e9s de presupuestos progresivos, con especial atenci\u00f3n a las debilidades del sistema; cabe destacar el apoyo a un modelo de educaci\u00f3n inclusiva, para que las personas con discapacidad encuentren accesibilidad e integraci\u00f3n suficiente para el desarrollo del conocimiento. La docencia es una actividad que se debe fortalecer, consolidar el papel de las y los docentes como profesionales de la educaci\u00f3n, enfocados en el aprendizaje y desarrollo del alumnado. Para ello se deben garantizar las herramientas adecuadas para el cumplimiento de los objetivos. Vamos a desarrollar en las personas competencias, capacidades y valores para su pleno desarrollo humano, con la finalidad de mejorar la calidad de los aprendizajes: Los aprendizajes son foco de atenci\u00f3n del sistema educativo. Por ello las escuelas deber\u00edan de procurar tener al mejor personal, enfatizando en la inclusi\u00f3n e igualdad de oportunidades para que los estudiantes desarrollen el m\u00e1ximo de su potencial.<\/p>\n<p>P\u00e1g. 29-30<\/p>\n<p><b>Innovaci\u00f3n para Jalisco<\/b><\/p>\n<p>Innovar es crear nuevo conocimiento que, al introducirse en el mercado a trav\u00e9s de productos, servicios o procesos, tenga \u00e9xito. La innovaci\u00f3n supone generar, mejorar y aplicar nuevo conocimiento en los distintos \u00e1mbitos sociales y econ\u00f3micos para la soluci\u00f3n de problem\u00e1ticas o necesidades poblacionales, por lo que innovar pasa a ser una condici\u00f3n indispensable para el desarrollo de las ciudades y pa\u00edses al crear ventajas competitivas frente a otros. En ese tenor, la innovaci\u00f3n se logra identificando las problem\u00e1ticas o necesidades que, hasta el momento, el ser humano no le ha dado soluci\u00f3n; o bien, identificando situaciones o procesos que pueden y deben ser mejorados. Una vez identificado el problema y con el apoyo de las tecnolog\u00edas y la ciencia, se le da una soluci\u00f3n que, en t\u00e9rminos de la innovaci\u00f3n, representa nuevo conocimiento. Ahora bien, Jalisco cuenta con el potencial humano y econ\u00f3mico para innovar y convertirse en un referente destacado en el tema, lo que hace falta es implementar l\u00edneas de acci\u00f3n tendientes a impulsar el desarrollo de la creatividad y el emprendimiento de su poblaci\u00f3n, por lo que resulta adecuado enfocarse en las siguientes estrategias:<\/p>\n<p><b>Apoyo de especialistas a estudiantes en el desarrollo de la innovaci\u00f3n<\/b>. La educaci\u00f3n y la investigaci\u00f3n cient\u00edfica y tecnol\u00f3gica van de la mano para el desarrollo de capacidades y conocimientos; Jalisco cuenta con numerosas instituciones educativas del sector privado y p\u00fablico, las cuales albergan millones de estudiantes que a lo largo de los a\u00f1os han sido reconocidos por su participaci\u00f3n en la creaci\u00f3n e innovaci\u00f3n cient\u00edfica y tecnol\u00f3gica. No obstante, existen estudiantes que tienen la iniciativa y el deseo de participar en esta tarea de innovar, pero se han visto imposibilitados en la gesti\u00f3n y desarrollo de sus ideas por no contar con las bases o sustento intelectual para ejecutarlas, toda vez que no tienen el conocimiento tecnol\u00f3gico, de maquinaria o de dise\u00f1o, o la posibilidad para conceptualizar su idea en un producto, servicio, modelo o proceso. Es por eso por lo que, el apoyo de especialistas resulta fundamental para acrecentar la incidencia de j\u00f3venes estudiantes en el desarrollo de ventajas competitivas para el Estado que generen resultados positivos en la poblaci\u00f3n.\u00a0\u00a0<\/p>\n<p><b>Participaci\u00f3n del sector privado, sistema de retribuci\u00f3n.<\/b> Asimismo, no se debe dejar de lado la importancia que tiene el sector productivo privado para el desarrollo econ\u00f3mico y tecnol\u00f3gico del Estado, por lo que se debe propiciar e incentivar la participaci\u00f3n de este sector en la creaci\u00f3n y desarrollo de ciencia y tecnolog\u00eda. Un sistema de retribuci\u00f3n que permita, a las peque\u00f1as, medianas y grandes empresas, generar trabajo, ideas, conocimiento y mejoras productivas suena so\u00f1ador, pero que puede ser una realidad social. Nuevamente tomemos como ejemplo las instituciones de educaci\u00f3n superior cuyo personal acad\u00e9mico en ocasiones hace las veces de investigadores, es decir, su trabajo no es \u00fanicamente la docencia, si no que entre sus actividades se encuentra la investigaci\u00f3n que la propia Instituci\u00f3n se encarga de financiar. Esto se logra a trav\u00e9s de un sistema de retribuci\u00f3n donde la persona tiene un trabajo de docencia remunerado y a su vez obtiene el financiamiento para desarrollar sus l\u00edneas de trabajo e investigaci\u00f3n, las cuales le permiten a la Instituci\u00f3n acrecentar su acervo bibliogr\u00e1fico, su patrimonio y le permite tener un reconocimiento mayor frente a otras instituciones educativas. De este modo se pretende incentivar que las empresas productivas tengan un sistema de retribuci\u00f3n donde sus trabajadores tengan la posibilidad de crear l\u00edneas de investigaci\u00f3n que les permita hacer una b\u00fasqueda e investigaci\u00f3n de conocimiento para el desarrollo de nuevas tecnolog\u00edas enfocadas a mejorar los procesos productivos y econ\u00f3micos de la propia empresa.<\/p>\n<p><b>Impulsar la innovaci\u00f3n en el sector productivo en zonas rurales.<\/b> Si bien es cierto la productividad en el sector rural y urbano difieren en el proceso de producci\u00f3n, resulta necesario mejorar los sistemas productivos para obtener un mayor beneficio econ\u00f3mico y social para la poblaci\u00f3n y el Estado. Se trata de conocer los procesos en las zonas productivas rurales para determinar el tipo de innovaci\u00f3n que requieren, es decir, no se pretende industrializar la producci\u00f3n rural o de implementar tecnolog\u00edas que alteren el espacio geogr\u00e1fico \u2013 ambiental de la zona, o de reemplazar el trabajo manual (el cual dicho sea de paso es una labor de reconocimiento en nuestro Estado), sino que se busca resolver problem\u00e1ticas, a las que d\u00eda a d\u00eda se enfrentan y que no se les ha dado la debida atenci\u00f3n o apoyo, mediante la implementaci\u00f3n de nuevo conocimiento. Existen procesos que no requieren precisamente de maquinaria, pero que con nuevas ideas o visiones se pueden modificar los procesos o espacios en que se llevan a cabo para reducir costos de producci\u00f3n o reducir las p\u00e9rdidas humanas o econ\u00f3micas. Y al igual que en el sector urbano, los trabajadores y productores necesitan apoyo econ\u00f3mico y material que, como Estado, se les puede brindar mediante las gestiones pertinentes. Esta Plataforma Electoral pretende dejar constancia del apoyo que recibir\u00e1 la producci\u00f3n intelectual en materia de innovaci\u00f3n, creemos que el futuro se desarrolla a partir de las capacidades de quienes hoy tienen el inter\u00e9s de promover y provocar que las cosas sucedan, para ellos existir\u00e1n objetivos y l\u00edneas de acci\u00f3n concretos que permitir\u00e1 lograr una planeaci\u00f3n estrat\u00e9gica.<\/p>\n<p>P\u00e1ginas 29 y 30<\/p>\n\t\t\t\t\t\t\t\t\t\t\t\t<a href=\"\">\u2022 Cultura, salud y deporte<\/a>\n\t\t\t\t\t<p><b>Cultura<\/b><\/p>\n<p>La cultura contribuye de manera positiva y eficaz a trav\u00e9s de estrategias y acciones que contemplan el desarrollo social y econ\u00f3mico inclusivo, a la sostenibilidad medioambiental, la convivencia, la cohesi\u00f3n social, la paz y la seguridad. Es tambi\u00e9n un puente que enlaza los ecosistemas humanos y naturales, pero, adem\u00e1s, cumple un papel de car\u00e1cter instrumental constitutivo del desarrollo: es un medio y un fin en s\u00ed mismo. Asimismo, se debe impulsar el reconocimiento, mantenimiento y preservaci\u00f3n del patrimonio cultural, donde nosotros como jaliscienses logremos tener acceso a nuestro propio acervo. Hemos sostenido anteriormente que la cultura es fundamental para el fortalecimiento de una econom\u00eda sustentable, por ello se fomentar\u00e1n todas las expresiones culturales y art\u00edsticas a trav\u00e9s de pol\u00edticas p\u00fablicas, promoviendo inversi\u00f3n p\u00fablica y facilitando la inversi\u00f3n privada. El turismo es una actividad b\u00e1sicamente de \u00edndole cultural y social que posee una dimensi\u00f3n e impacto en el plano econ\u00f3mico y que involucra diversos campos y \u00e1mbitos de car\u00e1cter interdisciplinario. Es un motor del desarrollo sostenible, siempre y cuando se lleve a cabo a trav\u00e9s de una gesti\u00f3n responsable y pol\u00edticas de preservaci\u00f3n y valorizaci\u00f3n del patrimonio, la educaci\u00f3n, las artes y las industrias culturales y creativas.<\/p>\n<p>\u00a0<\/p>\n<p><b>Deporte\u00a0<\/b><\/p>\n<p>Es importante el desarrollo del deporte y la actividad f\u00edsica, la cultura f\u00edsica est\u00e1 vinculada al desarrollo personal y profesional; el estado y sus municipios deben ser facilitadores de las actividades y apoyarlas con planeaciones que permitan rendir frutos a partir de los recursos que se les asigne. Jalisco es un parteaguas en el deporte a nivel nacional, debemos de recuperar esos espacios que se han limitado y mantener la competitividad que provoca eventos en una sana relaci\u00f3n; el deporte ha demostrado su efectividad en materia preventiva con respecto a la violencia; los m\u00faltiples factores positivos deben de potencializarse para Jalisco. Se deben seguir promoviendo a los deportistas amateur y de alto rendimiento.<\/p>\n<p>\u00a0<\/p>\n<p><b>El Sector Salud y la Pandemia del Coronavirus<\/b><\/p>\n<p>Hemos destacado con anterioridad que vivimos en un problema global que ha impactado en distintos \u00e1mbitos; al d\u00eda de hoy, la incertidumbre en la que vivimos refleja una oportunidad para el sector p\u00fablico, del cual formamos parte, para demostrar el objetivo de su constituci\u00f3n; que es garantizar nuestros derechos, entre ellos, la vida y la salud conforman la primera generaci\u00f3n de importancia. Conociendo ahora con mayor certeza algunos factores de riesgo y comorbilidades, es preocupante que entremos a un panorama todav\u00eda m\u00e1s adverso, la Organizaci\u00f3n Panamericana de Salud, elev\u00f3 del 5 al 7% el riesgo en M\u00e9xico para decaer en situaci\u00f3n cr\u00edtica por obesidad y diabetes, es decir, que en nuestro pa\u00eds tenemos elementos que nos hacen m\u00e1s vulnerables. Otro tema de suma relevancia es la aplicaci\u00f3n de la vacuna de la tuberculosis que pas\u00f3 de una cobertura del 96% en 2018 a 76% en 2019, y que la de la influenza ha sufrido problemas de disponibilidad para la temporada de cierre del a\u00f1o 2020, mostr\u00e1ndose que se ha relegado la atenci\u00f3n de inmunizaci\u00f3n para beb\u00e9s en el esquema b\u00e1sico de vacunas en contra del sarampi\u00f3n, hepatitis, difteria y poliomielitis, principalmente, situaci\u00f3n en la que ha gravitado tanto la insuficiencia de vacunas como las fallas de la red de fr\u00edo; alguna de las consecuencias no se han hecho esperar, pues ya se registr\u00f3 un brote de sarampi\u00f3n en 2020. Lamentablemente y, en esa misma direcci\u00f3n, la dotaci\u00f3n de medicamentos ha enfrentado una severa crisis como lo evidencia el desabasto registrado de los productos de car\u00e1cter oncol\u00f3gico pedi\u00e1trico en 2020, y de suministro del equipo b\u00e1sico de atenci\u00f3n y de curaci\u00f3n a pacientes del covid-19.<\/p>\n<p><b>Gesti\u00f3n de recursos.<\/b> Se ha demostrado por parte de las autoridades gubernamentales que la gesti\u00f3n para enfrentar la pandemia ha sido por dem\u00e1s controvertida por disposiciones err\u00e1ticas en cuanto el uso de cubrebocas, la baja aplicaci\u00f3n de pruebas, entre otras. La comunicaci\u00f3n del gobierno ha sido titubeante al enviar mensajes poco claros y contundentes, lo que genera que la poblaci\u00f3n entre en desconcierto y esto abone a la proliferaci\u00f3n de un virus que ha demostrado ser implacable. A la par de las circunstancias dif\u00edciles vemos acciones fr\u00e1giles; incluso c\u00f3mo han reducido presupuestos de \u00e1reas fundamentales para contener las dem\u00e1s enfermedades que como pa\u00eds ya padecemos, sabemos que la emergencia apremia sin embargo el an\u00e1lisis objetivo es indispensable para no dejar sin atenci\u00f3n de salud a un gran n\u00famero de poblaci\u00f3n.<\/p>\n<p><b>Vida saludable.<\/b> Es por ello por lo que nuestro partido tiene tambi\u00e9n como tema prioritario el garantizar la vida saludable de las y los mexicanos, promover el bienestar de los jaliscienses y exigir que tengamos un sistema de salud con servicios m\u00e9dicos de calidad, ya hemos demostrado que la creaci\u00f3n de sistemas de salud ha perdurado a pesar de la voluntad en contrario de algunos. Es preponderante disminuir la tasa de poblaci\u00f3n con sobrepeso y obesidad por medio de campa\u00f1as de sensibilizaci\u00f3n y con orientaciones acerca de las complicaciones que derivan de un mal estilo de vida y h\u00e1bitos perjudiciales.<\/p>\n<p><b>Tratamiento y seguimiento de salud<\/b>. La gesti\u00f3n de recursos es imprescindible para obtener \u00e9xito en estas necesidades, la infraestructura m\u00e9dica y los insumos propios fortalecen la capacidad instalada del sistema, con ello, necesitamos suministrarle tratamiento a quienes lo necesiten, as\u00ed como el debido seguimiento.<\/p>\n<p><b>Mejorar condiciones del personal m\u00e9dico.<\/b> La salud garantiza el desarrollo de un pa\u00eds, vamos a poner atenci\u00f3n en los \u00edndices que reflejan el comportamiento en el Estado, asimismo se debe generar un diagn\u00f3stico de la situaci\u00f3n del personal m\u00e9dico, en cuanto a sus condiciones de trabajo internas y las individuales, para determinar las necesidades que le garanticen certidumbre.<\/p>\n<p><b>Fortalecer instituciones locales<\/b>. Jalisco cuenta con instituciones m\u00e9dicas de atenci\u00f3n inmediata, que en muchas ocasiones operan con lo m\u00ednimo indispensable, con una falta de coordinaci\u00f3n en el \u00e1rea metropolitana que provoca complicaciones a los usuarios, es por ello por lo que se propone vigilar los pormenores de la operaci\u00f3n de estos lugares para mejorarlos administrativa y operativamente.<\/p>\n<p>P\u00e1ginas 19, 20, 30 y 31<\/p>\n\t\t\t\t\t\t\t\t\t\t\t\t<a href=\"\">\u2022 Finanzas y Obra P\u00fablica<\/a>\n\t\t\t\t\t<p>La pol\u00edtica econ\u00f3mica y social es una demanda leg\u00edtima en nuestro pa\u00eds, entre otras circunstancias los escenarios cambiantes a nivel internacional y nacional se reflejan en los bolsillos de las familias; y es precisamente las atribuciones gubernamentales las que permiten tomar el rumbo de estas pol\u00edticas. Estos lineamientos y directrices mediante los cuales se regula a trav\u00e9s del estado, la econom\u00eda y la capacidad adquisitiva van m\u00e1s all\u00e1 de conocimientos tecnocr\u00e1ticos y se reflejan tambi\u00e9n una visi\u00f3n de readaptaci\u00f3n y redistribuci\u00f3n de la riqueza en cada pa\u00eds; es decir la desigualdad es un factor determinante para escribir el rumbo de estas acciones.<\/p>\n<p><b>Gasto P\u00fablico Responsable.<\/b> Estos factores est\u00e1n vinculados con el gasto p\u00fablico responsable, el sistema financiero sano, las empresas p\u00fablicas con rumbos correctos y auditor\u00edas claras, la vinculaci\u00f3n de la econom\u00eda global y la productividad nacional y regional; estos pretenden crear las mejores condiciones para un mercado muy complejo de descifrar y de confrontar.\u00a0<\/p>\n<p><b>Acciones por una mejor econom\u00eda<\/b>. Adem\u00e1s de establecer las rutas para ser competitivo en el \u00e1mbito econ\u00f3mico, los fines sociales deben ser evidentes, estas acciones que lleve el estado deben tener como objetivo el desarrollo humano personal, la temporalidad con que se lleven a acabo van a resultar determinantes tambi\u00e9n en los enfoques colectivos; a su vez el veh\u00edculo que permite ejercer esta planeaci\u00f3n ser\u00e1 a trav\u00e9s de pol\u00edticas p\u00fablicas que planteen un esquema de seguimiento claro, que permita al final obtener una evaluaci\u00f3n para decidir el seguimiento o la reorientaci\u00f3n de los recursos.<\/p>\n<p>P\u00e1g. 13-14<\/p>\n\t\t\t\t\t\t\t\t\t\t\t\t<a href=\"\">\u2022 Transparencia, Rendici\u00f3n de Cuentas y Combate a la Corrupci\u00f3n<\/a>\n\t\t\t\t\t<p><b>Gobierno Abierto.<\/b><\/p>\n<p>La sociedad Jalisciense reconoce la necesidad de la implementaci\u00f3n de un gobierno transparente, que rinda cuentas, en el cual pueda participar su ciudadan\u00eda y pueda ser cuestionado por ella, es por eso por lo que se propone la implementaci\u00f3n de un gobierno abierto a nivel local y estatal. 40 En este aspecto es importante comprender que es un gobierno abierto, el cual en palabras de Don Tapscott \u201cUn gobierno abierto, es un gobierno que abre sus puertas al mundo, co-innova con todos, especialmente con los ciudadanos; comparte recursos que anteriormente estaban celosamente guardados, y aprovecha el poder de la colaboraci\u00f3n masiva, la transparencia en todas sus operaciones, y no se comporta como un departamento o jurisdicci\u00f3n aislada, sino como una estructura nueva, como una organizaci\u00f3n verdaderamente integrada y que trabaja en red.\u201d Para la implementaci\u00f3n de un gobierno abierto es necesario cumplir fundamentalmente con cuatro aspectos, los cuales son:\u00a0<\/p>\n<p>\u2219 Transparencia.\u00a0<\/p>\n<p>\u2219 Participaci\u00f3n ciudadana.\u00a0<\/p>\n<p>\u2219 Rendici\u00f3n de cuentas.\u00a0<\/p>\n<p>\u2219 Datos p\u00fablicos abiertos.\u00a0<\/p>\n<p>\u00a0<\/p>\n<p><b>Transparencia.<\/b> Es una obligaci\u00f3n del estado y de todos sus integrantes, el proporcionar informaci\u00f3n de las actividades que realiza y ponerla a disposici\u00f3n del p\u00fablico, con \u00fanicamente las limitaciones que marquen las leyes en la materia, esta informaci\u00f3n debe ser proporcionada en formatos de datos abiertos con el fin de que puedan ser utilizados por la poblaci\u00f3n. La transparencia contribuye como un elemento para el combate a la corrupci\u00f3n y los abusos del poder p\u00fablico, sino que a su vez forma parte del derecho fundamental de todo ciudadano a recibir informaci\u00f3n respecto de las actividades que realiza el estado. Participaci\u00f3n ciudadana.\u00a0<\/p>\n<p><b>Participaci\u00f3n ciudadana.<\/b> La ciudadan\u00eda es una pieza fundamental en la realizaci\u00f3n de un gobierno abierto, y en palabras del Open Goverment Partnership, \u201cLa colaboraci\u00f3n entre los ciudadanos, la sociedad civil y los l\u00edderes y pol\u00edticos, entre otros actores, es esencial para desarrollar, garantizar e implementar reformas duraderas de gobierno abierto. En este aspecto resulta importante dise\u00f1ar de manera correcta los mecanismos de participaci\u00f3n ciudadana, y con ello promover un funcionamiento democr\u00e1tico m\u00e1s eficiente, que legitime a los gobiernos y contribuya a la mejora de la sociedad.<\/p>\n<p><b>Rendici\u00f3n de cuentas<\/b>. La rendici\u00f3n de cuentas es una pieza fundamental en el ejercicio del poder p\u00fablico, ya que con ella se informa a la ciudadan\u00eda respecto de las acciones del estado y de sus autoridades, es por ello por lo que es necesario fortalecer las normas y mecanismos de rendici\u00f3n de cuentas, que permitan identificar y sancionar las conductas que afecten al inter\u00e9s social.<\/p>\n<p><b>Datos p\u00fablicos abiertos.<\/b> Seg\u00fan lo contemplado en la Carta Internacional de Datos Abiertos: \u201cDatos abiertos son datos digitales que son puestos a disposici\u00f3n con las caracter\u00edsticas t\u00e9cnicas y jur\u00eddicas necesarias para que puedan ser usados, reutilizados y redistribuidos libremente por cualquier persona, en cualquier momento y en cualquier lugar.\u201d Por lo cual se debe asegurar que los datos que son puestos a disposici\u00f3n de la ciudadan\u00eda cumplan con las caracter\u00edsticas t\u00e9cnicas y jur\u00eddicas para su utilizaci\u00f3n, libre.<\/p>\n<p>Es por ello por lo que para poder lograr un gobierno abierto es necesario implementar una serie de objetivos que se retoman en la presente propuesta, los cuales se enfocan en los siguientes temas: 1) Transparencia, 2) Participaci\u00f3n Ciudadana, 3), Rendici\u00f3n de cuentas y 4) Datos p\u00fablicos abiertos.<\/p>\n<p><b>Transparencia.<\/b> Es necesario fomentar una mayor transparencia dentro de todas las instituciones del estado, incluyendo sus municipios, es por ello por lo que se plantea como un objetivo b\u00e1sico cumplir con los \u201cOpen Govermment Standards\u201d, es en este aspecto que se busca cumplir con dichos par\u00e1metros con el fin de brindar mayor informaci\u00f3n a la ciudadan\u00eda que contribuya a su empoderamiento.\u00a0\u00a0<\/p>\n<p>Es necesario garantizar que la poblaci\u00f3n cuenta con la informaci\u00f3n necesaria para la toma de sus decisiones, y fundamentalmente la relacionada con la actividad del estado y sus gobernantes.<\/p>\n<p><b>Participaci\u00f3n ciudadana.<\/b> El presente objetivo busca incentivar la participaci\u00f3n ciudadana en la toma de decisiones p\u00fablicas, es por ello por lo que es necesario retomar y cumplir con los est\u00e1ndares de participaci\u00f3n, contemplados en los \u201cOpen Govermment Standards\u201d. Con el cumplimiento de estos est\u00e1ndares se busca generar mayor apertura y participaci\u00f3n de la ciudadan\u00eda en la toma de decisiones p\u00fablicas.<\/p>\n<p><b>Rendici\u00f3n de cuentas.<\/b> Resulta relevante asegurar que las autoridades rindan cuentas a la ciudadan\u00eda, es por ello por lo que es necesario revisar los mecanismos y normas existentes relacionadas con la rendici\u00f3n de cuentas, con el fin de asegurar que las mismas cumplen con los est\u00e1ndares m\u00ednimos, que permitan a la ciudadan\u00eda, evaluar el trabajo de sus autoridades, y en su caso sancionar las malas pr\u00e1cticas que se lleven a cabo. Es necesario asegurar que se cuentan con mecanismos eficientes para que las autoridades rindan cuentas a la ciudadan\u00eda, por lo cual es necesario fortalecer los mecanismos existentes, y en su caso buscar la implementaci\u00f3n de nuevos est\u00e1ndares que contribuyan a este objetivo.<\/p>\n<p><b>Datos p\u00fablicos abiertos.<\/b> El presente objetivo busca que se cumplan con los principios contemplados en la Carta Internacional de los Datos Abiertos, asegurando que los datos que genere el estado sean: 1. Abiertos por defecto, 2. Oportunos y Exhaustivos, 3. Accesibles y Utilizables, 4. Comparables e interoperables, 5. Para mejorar la Gobernanza y la Participaci\u00f3n Ciudadana y 6. Para el desarrollo inclusivo y la innovaci\u00f3n. Con el cumplimiento de este objetivo se busca brindar de mayores herramientas a la ciudadan\u00eda y con ello contribuir al establecimiento de un gobierno abierto.<\/p>\n<p>Con el cumplimiento de los objetivos planteados, se trazar un camino de ruta claro para la implementaci\u00f3n de un gobierno abierto dentro del estado, y con ello buscar una mayor participaci\u00f3n de la ciudadan\u00eda en los asuntos del estado, contribuyendo a la conformaci\u00f3n de una sociedad m\u00e1s avanzada y democr\u00e1tica.<\/p>\n<p>\u00a0<\/p>\n<p><b>Combate a la Corrupci\u00f3n\u00a0<\/b><\/p>\n<p>Nuestro pa\u00eds vive un momento complejo en temas de Derechos Humanos; sobre todo la corrupci\u00f3n y la impunidad como consecuencia de instituciones d\u00e9biles y de un andamiaje jur\u00eddico limitado, los fines del estado deben reflejarse en el correcto desarrollo de su planeaci\u00f3n. La construcci\u00f3n social tiene origen en la estructura de las democracias desarrolladas, as\u00ed como los objetivos de cultura de legalidad y justicia, la oportunidad de abrir las instituciones como cajas de cristal a la transparencia documental y el buen ejercicio de gobierno seguir\u00e1n siendo aspiraciones de quienes conformamos la posibilidad de representaci\u00f3n de los diversos intereses. El esfuerzo por construir un sistema que atienda esta problem\u00e1tica ha avanzado, sin embargo, no obstante que es un objetivo constante en el discurso, la realidad 16 nos demuestra que las acciones contundentes son pocas; la corrupci\u00f3n debe combatirse de frente, sin distingos de colores o apellidos, entendiendo que es la \u00fanica forma de debilitarla, con una aplicaci\u00f3n definitiva de la cortina procesal que se ha implementado y que no ha terminado por consolidarse. Hemos visto a partir de acciones gubernamentales resultados totalmente opuestos a los que persigue el Sistema Nacional Anticorrupci\u00f3n, y lo m\u00e1s grave, con la consciencia clara de que las decisiones van en contra de lo que se comunica; entendemos que este problema es sist\u00e9mico, que se facilita a partir de estructuras y cadenas que se conforman por intereses y que terminan por permear en las instituciones a las que cada vez se les debilita m\u00e1s. Con culpas al aire nuestro pa\u00eds no podr\u00e1 ser parteaguas en un c\u00e1ncer identificado con mayor frecuencia, en los pa\u00edses latinoamericanos; debemos retomar los principios que nos permitan demostrar que M\u00e9xico no lleva en la sangre este mal, sino por el contrario se ha pervertido a partir de enga\u00f1os y personas que con intereses ocultos siguen buscando el poder con el fin de da\u00f1ar.<\/p>\n<p>P\u00e1ginas 15, 16 y 39-43<\/p>\n\t\t\t\t\t\t\t\t\t\t\t\t<a href=\"\">\u2022 Infraestructura y Gasto P\u00fablico<\/a>\n\t\t\t\t\t\t\t\t\t\t\t\t<a href=\"\">\u2022 Derechos Humanos<\/a>\n\t\t\t\t\t<p>Con base en lo establecido en la Organizaci\u00f3n de las Naciones Unidas, hablar de derechos humanos hace referencia a los derechos inherentes a todos los seres humanos sin distinci\u00f3n alguna de raza, sexo, nacionalidad, origen \u00e9tnico, lengua, religi\u00f3n o cualquier otra condici\u00f3n, los cuales deben ser garantizados por el Estado. Los Derechos Humanos en M\u00e9xico han sido reconocidos de manera gradual, las luchas sociales han logrado ganar territorio irreductible que nos permite proteger y vigila con mayor certeza las violaciones a los mismos, debemos de decir que a\u00fan estamos lejos de un panorama ideal, sin embargo, en una lucha constante a la que nos sumamos para estos fines. En el a\u00f1o 2011, se llev\u00f3 a cabo la reforma m\u00e1s importante en materia de Derechos Humanos en M\u00e9xico, que deriv\u00f3 en una serie de reformas en las legislaciones estatales y normativas para alinear los criterios que formaban una nueva oportunidad de establecer de manera clara nuestros derechos en la constituci\u00f3n federal.<\/p>\n<p>Estos trabajos y reformas representaron cambios significativos para M\u00e9xico, generando una transformaci\u00f3n completa en nuestro andamiaje jurisdiccional y no jurisdiccional que a su vez deriv\u00f3 en procesos m\u00e1s adecuados a garantizar estas prerrogativas. De esta forma, el Partido Revolucionario Institucional siempre estar\u00e1 en favor de generar pol\u00edticas p\u00fablicas y legislar par estos fines, asimismo, la protecci\u00f3n del entorno jur\u00eddico y social de las personas con distintas discapacidades ser\u00e1n siempre parte de nuestra agenda, caminando de cerca con quienes lo necesiten y escuchando las leg\u00edtimas peticiones. Las personas adultas mayores, as\u00ed como las ni\u00f1as, ni\u00f1os y grupos vulnerables est\u00e1n contemplados con esta visi\u00f3n integral, promoviendo siempre la inclusi\u00f3n con base en sus necesidades y generando an\u00e1lisis y mesas de trabajo para implementar las estrategias necesarias, ya sea a trav\u00e9s de los poderes ejecutivos o postulando agenda legislativa con causa. Garantizando plenamente la satisfacci\u00f3n de los derechos humanos de los adultos mayores en forma integral durante todas las etapas del ciclo vital, pues la calidad de vida en la vejez esta determinada por la condiciones favorables o desfavorables que enfrentan los individuos desde su nacimiento. En Jalisco son m\u00e1s de un mill\u00f3n de adultos mayores.<\/p>\n<p>P\u00e1ginas 39 y 40<\/p>\n\t\t\t\t\t\t\t\t\t\t\t\t<a href=\"\">\u2022 Violencia pol\u00edtica en raz\u00f3n de G\u00e9nero <\/a>\n\t\t\t\t\t<p>Es necesario atender una gran problem\u00e1tica social, la cual corresponde a la necesidad de generar condiciones de igualdad real entre mujeres y hombres, y con ello cumplir con las exigencias de un gran porcentaje de la poblaci\u00f3n que hist\u00f3ricamente ha sido dejado de lado olvidado.<\/p>\n<p>Es por ello por lo que en el Partido Revolucionario Institucional proponemos que la igualdad entre mujeres y hombres sea una realidad y no solo un ideal, es por ello por lo que se pretenden promover acciones para asegurar a todas las personas el acceso en igualdad de condiciones a la educaci\u00f3n, la salud, el ejercicio de sus derechos, la participaci\u00f3n pol\u00edtica, a una vida libre de violencia, entre otros \u00e1mbitos.<\/p>\n<p>Proponemos una serie de objetivos enfocados en la Igualdad Sustantiva y la participaci\u00f3n de las juventudes del estado, los cuales son los siguientes: 1) Igualdad Sustantiva en todos los \u00e1mbitos, 2) Desarrollo de las juventudes, 3) Acceso al mercado laboral en igualdad y 4) Participaci\u00f3n de las juventudes en las decisiones.<\/p>\n<h6>Igualdad Sustantiva en todos los \u00e1mbitos.<\/h6>\n<p>El presente objetivo se enfoca en promover acciones en los diversos \u00e1mbitos de la sociedad que promuevan la consecuci\u00f3n de una igualdad sustantiva entre mujeres y hombres, incluyendo una mayor participaci\u00f3n de las mujeres en la toma de decisiones p\u00fablicas, fomentando a su vez su empoderamiento. Se busca generar condiciones de igualdad que permitan una sociedad cada vez m\u00e1s justa, mediante la b\u00fasqueda de la erradicaci\u00f3n de pr\u00e1cticas nocivas en sus diversos \u00e1mbitos.<\/p>\n<p>*P\u00e1ginas 34 a la 35<\/p>\n\t\t\t\t\t\t\t\t\t\t\t\t<a href=\"\">\u2022 Participaci\u00f3n ciudadana<\/a>\n\t\t\t\t\t<p>La ciudadan\u00eda es una pieza fundamental en la realizaci\u00f3n de un gobierno abierto, y en palabras del Open Goverment Partnership, \u201cLa colaboraci\u00f3n entre los ciudadanos, la sociedad civil y los l\u00edderes y pol\u00edticos, entre otros actores, es esencial para desarrollar, garantizar e implementar reformas duraderas de gobierno abierto. En este aspecto resulta importante dise\u00f1ar de manera correcta los mecanismos de participaci\u00f3n ciudadana, y con ello promover un funcionamiento democr\u00e1tico m\u00e1s eficiente, que legitime a los gobiernos y contribuya a la mejora de la sociedad.<\/p>\n<p>El presente objetivo busca incentivar la participaci\u00f3n ciudadana en la toma de decisiones p\u00fablicas, es por ello por lo que es necesario retomar y cumplir con los est\u00e1ndares de participaci\u00f3n, contemplados en los \u201cOpen Govermment Standards\u201d. Con el cumplimiento de estos est\u00e1ndares se busca generar mayor apertura y participaci\u00f3n de la ciudadan\u00eda en la toma de decisiones p\u00fablicas.<\/p>\n<p>P\u00e1g. 39-43<\/p>\n<p>\u00a0<\/p>\n\t\t\t\t\t\t\t\t\t\t\t\t<a href=\"\">\u2022 Juventudes<\/a>\n\t\t\t\t\t<p><b>Juventudes e Igualdad Sustantiva\u00a0<\/b><\/p>\n<p>Las juventudes jaliscienses tienen un papel fundamental en el presente y el futuro del estado, en este sentido el Instituto de Informaci\u00f3n Estad\u00edstica y Geogr\u00e1fica de Jalisco, se\u00f1ala que en el estado existen alrededor de 2,623,788 personas de entre 12 a 29 a\u00f1os, lo que constituye el 31.2% de la poblaci\u00f3n de Jalisco. Es por ello por lo que las juventudes, al constituir un porcentaje importante de la poblaci\u00f3n jalisciense, deben contribuir en la b\u00fasqueda de soluciones a los problemas sociales, por lo cual es necesario integrarlas a los diferentes \u00e1mbitos del gobierno, incluyendo los espacios en donde se realizan la toma de decisiones, que impactan a la sociedad. De igual forma es necesario atender una gran problem\u00e1tica social, la cual corresponde a la necesidad de generar condiciones de igualdad real entre mujeres y hombres, y con ello cumplir con las exigencias de un gran porcentaje de la poblaci\u00f3n que hist\u00f3ricamente ha sido dejado de lado olvidado. Es por ello por lo que en el Partido Revolucionario Institucional proponemos que la igualdad entre mujeres y hombres sea una realidad y no solo un ideal, es por ello por lo que se pretenden promover acciones para asegurar a todas las personas el acceso en igualdad de condiciones a la educaci\u00f3n, la salud, el ejercicio de sus derechos, la participaci\u00f3n pol\u00edtica, a una vida libre de violencia, entre otros \u00e1mbitos. Proponemos una serie de objetivos enfocados en la Igualdad Sustantiva y la participaci\u00f3n de las juventudes del estado, los cuales son los siguientes: 1) Igualdad Sustantiva en todos los \u00e1mbitos, 2) Desarrollo de las juventudes, 3) Acceso al mercado laboral en igualdad y 4) Participaci\u00f3n de las juventudes en las decisiones.<\/p>\n<p><b>Igualdad Sustantiva en todos los \u00e1mbitos<\/b>. El presente objetivo se enfoca en promover acciones en los diversos \u00e1mbitos de la sociedad que promuevan la consecuci\u00f3n de una igualdad sustantiva entre mujeres y hombres, incluyendo una mayor participaci\u00f3n de las mujeres en la toma de decisiones p\u00fablicas, fomentando a su vez su empoderamiento. Se busca generar condiciones de igualdad que permitan una sociedad cada vez m\u00e1s justa, mediante la b\u00fasqueda de la erradicaci\u00f3n de pr\u00e1cticas nocivas en sus diversos \u00e1mbitos.<\/p>\n<p><b>Desarrollo de las juventudes<\/b>. Este objetivo busca impulsar el desarrollo integral de las y los j\u00f3venes del estado, esto mediante una amplia gama de programas y proyectos en los \u00e1mbitos educativos, art\u00edsticos, cultural, laboral, entre otros. Con la realizaci\u00f3n de este objetivo se busca generar alternativas para que las y los j\u00f3venes puedan desarrollarse de manera integral.<\/p>\n<p><b>Acceso al mercado laboral en igualdad<\/b>. Resulta necesario generar condiciones que permitan a las y los j\u00f3venes ingresar al mercado laboral, por lo cual se buscar\u00e1 establecer alianzas con los sectores sociales y productivos, lo anterior adem\u00e1s promoviendo la igualdad sustantiva entre mujeres y hombres. Con este objetivo se busca brindar oportunidades a las juventudes y a su vez promover el crecimiento econ\u00f3mico del estado.<\/p>\n<p><b>Participaci\u00f3n de las juventudes en las decisiones<\/b>. Es importante promover la participaci\u00f3n de las y los j\u00f3venes en la toma de decisiones en los diferentes \u00e1mbitos en el estado, por lo cual este objetivo pretende generar espacios y proyectos en donde se promueva la participaci\u00f3n de ellos, de los cuales deriven propuestas de soluci\u00f3n a los problemas que aquejan de manera ordinaria a Jalisco. Es necesario incentivar la participaci\u00f3n de las juventudes dentro de la identificaci\u00f3n, discusi\u00f3n y b\u00fasqueda de soluciones a los problemas de la sociedad Jalisciense. Con los presentes objetivos se busca atender a un amplio sector de la sociedad, mediante propuestas que deriven en la mayor generaci\u00f3n de oportunidades y participaci\u00f3n dentro del estado de Jalisco, de igual forma se busca reducir la desigualdad existente para estos sectores de la sociedad.<\/p>\n<p>P\u00e1ginas 32-34<\/p>\n\t\t\t\t\t\t\t\t\t\t\t\t<a href=\"\">\u2022 Otro tema no enmarcado en las categorias<\/a>\n\t\t\t\t\t<p><b>Un Campo pr\u00f3spero y con certidumbre en su futuro<\/b><\/p>\n<p>\u00a0El desarrollo rural est\u00e1 vinculado a la productividad de manera directa en un estado como lo es Jalisco, ha sido identificado en otros a\u00f1os como el Gigante Alimentario, la capacidad de nuestra entidad federativa para producir y distribuir productos del campo es alta por lo que este tema tambi\u00e9n forma parte de los t\u00f3picos prioritarios para el desarrollo. Por tres a\u00f1os consecutivos Jalisco fue el estado l\u00edder en la aportaci\u00f3n al Producto Interno Bruto agropecuario nacional l ser del 11.23 por ciento, es to significa que se debe retomar lo que el estado desarroll\u00f3 en esa temporalidad para darle continuidad a los esquemas de \u00e9xito.<\/p>\n<p><b>Programas de alta productividad<\/b>. Es necesario impulsar esquemas donde se logre hacer m\u00e1s eficiente la productividad del campo con esquemas sustentables y amigables con la naturaleza, desde una planeaci\u00f3n del producto hasta la log\u00edstica de distribuci\u00f3n, traslado o exportaci\u00f3n.<\/p>\n<p><b>Comercializaci\u00f3n efectiva.<\/b> Se propone capacitar a los productores del campo con la finalidad de que tengan programas para comercializar de manera efectiva y redituable sus productos, evitando que el terceras personas se beneficien del trabajador del campo.<\/p>\n<p><b>Mejores condiciones de vida<\/b>. La poblaci\u00f3n rural en M\u00e9xico y de la misma manera en Jalisco, necesita que se mejoren sus condiciones de vida y desarrollo con especial atenci\u00f3n en la educaci\u00f3n y servicios p\u00fablicos, con un enfoque de respeto a la dignidad y al trabajo que realizan.<\/p>\n<p><b>Insumos accesibles.<\/b> La Encuesta Nacional Agropecuaria (2019), refleja que las Unidades de producci\u00f3n agropecuaria reportan que su problem\u00e1tica principal son los altos costos de insumos y servicios, con un total de 73.8% del total de las unidades que lo reportan. Seguido de las dificultades en la comercializaci\u00f3n con un total de 57.3%, las dificultades para exportar con un 31.8%, la falta de capacitaci\u00f3n y asistencia t\u00e9cnica con un 30.8% total, despu\u00e9s la p\u00e9rdida de fertilidad del suelo con un 27.9%, no contar con infraestructura suficiente con un 20.8% y la inseguridad siendo un 19.6%. Es urgente la atenci\u00f3n debida al campo de Jalisco; este sector productivo ha demostrado ser el mejor del pa\u00eds por lo que se propone retomar los esquemas que les beneficien de manera directa e inmediata.<\/p>\n<p>P\u00e1ginas 32-34<\/p>\n\t\t\t\t\t\t\t\t\t\t\t<a href=\"https:\/\/www2.iepcjalisco.org.mx\/tablero-electoral-2021\/wp-content\/uploads\/2021\/03\/PLATAFORMA-ELECTORAL-2020-DEL-PARTIDO-DE-LA-REVOLUCION-DEMOCRATICA.docx\" target=\"_blank\" rel=\"noopener\">\n\t\t\t\t\t\t\t<img width=\"300\" height=\"300\" src=\"https:\/\/www2.iepcjalisco.org.mx\/tablero-electoral-2021\/wp-content\/uploads\/2021\/03\/03-PRD-1.png\" alt=\"\" loading=\"lazy\" \/>\t\t\t\t\t\t\t\t<\/a>\n\t\t\t\t\t\t\t\t\t\t\t\t<a href=\"\">PARTIDO DE LA REVOLUCION DEMOCRATICA <\/a>\n\t\t\t\t\t<p><a href=\"https:\/\/www2.iepcjalisco.org.mx\/tablero-electoral-2021\/wp-content\/uploads\/2021\/03\/PLATAFORMA-ELECTORAL-2020-DEL-PARTIDO-DE-LA-REVOLUCION-DEMOCRATICA.docx\">Descagar Plataforma Electoral<\/a><\/p>\n<p>Dirigente estatal del partido: Erika Natalia Ju\u00e1rez Miranda<\/p>\n<p>\u00a0<\/p>\n<p>Redes sociales oficiales del Partido:<\/p>\n<p><a href=\"http:\/\/www.prdjalisco.org\/\" target=\"_blank\" rel=\"noopener\">http:\/\/www.prdjalisco.org\/<\/a><\/p>\n<p><a href=\"https:\/\/www.facebook.com\/PRDJalisco.Oficial\/\" target=\"_blank\" rel=\"noopener\">https:\/\/www.facebook.com\/PRDJalisco.Oficial\/<\/a><\/p>\n<p><a href=\"https:\/\/twitter.com\/PRD_de_Jalisco?ref_src=twsrc%5Etfw&amp;ref_url=http%3A%2F%2Fprdjalisco.mx%2F\" target=\"_blank\" rel=\"noopener\">https:\/\/twitter.com\/PRD_de_Jalisco?ref_src=twsrc%5Etfw&amp;ref_url=http%3A%2F%2Fprdjalisco.mx%2F<\/a><\/p>\n<p><a href=\"https:\/\/www.youtube.com\/channel\/UClQ9xJFjkyhvuMdQHDpNKwQ\" target=\"_blank\" rel=\"noopener\">https:\/\/www.youtube.com\/channel\/UClQ9xJFjkyhvuMdQHDpNKwQ<\/a><\/p>\n\t\t\t\t\t\t\t\t\t\t\t\t<a href=\"\">\u2022 Gobernabilidad y Seguridad<\/a>\n\t\t\t\t\t<p><b>M\u00e9xico democr\u00e1tico y transparente<\/b><\/p>\n<p><b>Reforma del Estado para el fortalecimiento y consolidaci\u00f3n democr\u00e1tica: cambio de r\u00e9gimen pol\u00edtico<\/b><\/p>\n<ol>\n<li> \u00a0Instaurar un Estado que garantice el acceso a derechos y que establezca el correlato presupuestal a la salud, la alimentaci\u00f3n, la educaci\u00f3n, el seguro de desempleo, el salario digno, la vivienda, el acceso a la cultura, a un medio ambiente sustentable y a la seguridad social.<\/li>\n<li> \u00a0R\u00e9gimen y manejo de la industria energ\u00e9tica bajo criterios del Estado y a favor exclusivo de la Naci\u00f3n. Impulso decidido a energ\u00edas limpias.<\/li>\n<li> \u00a0Cambio de r\u00e9gimen pol\u00edtico hacia un r\u00e9gimen parlamentario.<\/li>\n<li> \u00a0Fortalecimiento del Sistema Electoral.<\/li>\n<li> \u00a0Gobierno de Coalici\u00f3n.<\/li>\n<\/ol>\n<p><b>Garantizar: austeridad, transparencia, rendici\u00f3n de cuentas y cero corrupci\u00f3n en las instituciones de los tres Poderes y de los tres niveles de Gobierno<\/b><\/p>\n<ol>\n<li> \u00a0Impulsar la obligaci\u00f3n de todos los servidores p\u00fablicos de hacer p\u00fablicas sus declaraciones 3 de 3, as\u00ed\u0301 como sus c\u00f3nyuges y dependientes econ\u00f3micos; as\u00ed\u0301 como la publicidad de la declaraci\u00f3n de impuestos.<\/li>\n<li> \u00a0Revocaci\u00f3n de mandato, eliminaci\u00f3n del fuero o inmunidad de todos los servidores p\u00fablicos.<\/li>\n<li> \u00a0Implantar un nuevo modelo de la gesti\u00f3n p\u00fablica: presupuesto en funci\u00f3n de medidas de planeaci\u00f3n, resultados, austeridad, reordenamiento administrativo.<\/li>\n<li> \u00a0Erradicar a trav\u00e9s de la legislaci\u00f3n el car\u00e1cter electorero y clientelar de las pol\u00edticas sociales y de combate a la pobreza.<\/li>\n<li> \u00a0Legislar para que se castiguen penalmente, con mayor eficacia el trafico de influencias y el conflicto de intereses en todas las esferas del poder p\u00fablico; as\u00ed\u0301 como garantizar que quienes cometan actos de corrupci\u00f3n reintegren al patrimonio p\u00fablico lo obtenido.<\/li>\n<\/ol>\n<p><b>Gobierno sujeto a la aprobaci\u00f3n, supervisi\u00f3n e intervenci\u00f3n ciudadana<\/b><b><br \/><\/b><b>(observatorio ciudadano)<\/b><\/p>\n<ol>\n<li> \u00a0Legislar para hacer obligatoria la transici\u00f3n a e-Gobierno, que obligue a todas las Instituciones de los tres poderes en los tres \u00f3rdenes de Gobierno.<\/li>\n<li> \u00a0Impulso decidido de mecanismos digitales de consulta p\u00fablica, datos abiertos y la prestaci\u00f3n de servicios gubernamentales en l\u00ednea.<\/li>\n<li> \u00a0Wikigobierno: Se implementara\u0301 una plataforma digital para recibir y debatir las propuestas de pol\u00edticas p\u00fablicas de los ciudadanos.<\/li>\n<li> \u00a0Acceso a internet gratuito, mediante una aplicaci\u00f3n gratuita para descargar en Smartphone y Tablet que permite la conexi\u00f3n con un tiempo de hasta dos horas por cada d\u00eda laboral de la semana.<\/li>\n<li> \u00a0Establecimiento de contralor\u00edas ciudadanas.<\/li>\n<\/ol>\n<p><b>Gobiernos municipales como pilares del desarrollo nacional.<\/b><\/p>\n<ol>\n<li> \u00a0Se promover\u00e1n los cabildos abiertos.<\/li>\n<li> \u00a0Profesionalizaci\u00f3n del servicio p\u00fabico local. Los funcionarios deben ser expertos.<\/li>\n<li> \u00a0Transparencia plena del gobierno. Todas las facturas y contratos estar\u00e1n en la Red.<\/li>\n<li> \u00a0Impulsar una reforma al Sistema de Coordinaci\u00f3n Fiscal, que aumente el Fondo General de Participaciones de los estados y de los municipios.<\/li>\n<li> \u00a0Promover la reforma municipal estrat\u00e9gica del Art\u00edculo 115 Constitucional y Art\u00edculos correlativos para fortalecer a los Municipios.<\/li>\n<\/ol>\n<p>(PAGS 13-15)<\/p>\n<p><b>Atender y resolver las causas sociales de la violencia y el acceso a la justicia<\/b><\/p>\n<ol>\n<li> Las acciones a desarrollar aqui\u0301 son las que se plantean para Me\u0301xico con inclusio\u0301n social.<\/li>\n<\/ol>\n<p><b>Combate a la delincuencia organizada y promocio\u0301n de una visio\u0301n alternativa a la poli\u0301tica prohibicionista de las drogas<\/b><\/p>\n<ol>\n<li> \u00a0Eliminacio\u0301n del secreto bancario.<\/li>\n<li> \u00a0Implantacio\u0301n de la extincio\u0301n de dominio a nivel nacional.<\/li>\n<li> \u00a0Desincorporar a las fuerzas armadas respecto de las tareas de combate a la delincuencia organizada.<\/li>\n<li> \u00a0Instrumentacio\u0301n de poli\u0301ticas de seguridad que respeten las garanti\u0301as de las personas.<\/li>\n<li> \u00a0Promover un nuevo paradigma en la poli\u0301tica de drogas alternativo a la poli\u0301tica prohibicionista.<\/li>\n<li> \u00a0Instrumentacio\u0301n de medidas para la incautacio\u0301n y embargo de los recursos financieros de la delincuencia organizada y el narcotra\u0301fico.<\/li>\n<\/ol>\n<p><b>Adecuada aplicacio\u0301n del sistema de justicia penal administracio\u0301n y<\/b> <b>procuracio\u0301n de justicia y transformacio\u0301n del modelo de seguridad pu\u0301blica con participacio\u0301n ciudadana<\/b><\/p>\n<ol>\n<li> \u00a0Crear el instituto Ciudadano para la prevencio\u0301n social del delito.<\/li>\n<li> \u00a0Rechazar toda poli\u0301tica de seguridad discriminatoria que criminalice la pobreza.<\/li>\n<li> \u00a0Superar el populismo punitivo que propone incrementar penas.<\/li>\n<li> \u00a0Fortalecimiento de espacios para la justicia civil para las mujeres<\/li>\n<li> Universalizacio\u0301n de protocolos de actuacio\u0301n para atencio\u0301n a la violencia de ge\u0301nero.<\/li>\n<\/ol>\n<p><b>Reforma legislativa democratizadora del Sistema judicial con la intervencio\u0301n, supervisio\u0301n y evaluacio\u0301n de la ciudadani\u0301a<\/b><\/p>\n<ol>\n<li> \u00a0Nombramiento de los integrantes de la SCJN por el senado a propuesta de organizaciones gremiales y acade\u0301micas.<\/li>\n<li> \u00a0Defensori\u0301a de oficio eficaz.<\/li>\n<li> \u00a0Eliminacio\u0301n de las restricciones constitucionales en materia de DDHH.<\/li>\n<li> \u00a0Fortalecimiento y debida implementacio\u0301n del control convencional en el sistema juri\u0301dico.<\/li>\n<li> \u00a0Creacio\u0301n de mecanismos de proteccio\u0301n a las vi\u0301ctimas y sus familias.<\/li>\n<\/ol>\n<p><b>Reforma penitenciaria y reinsercio\u0301n social con perspectiva de Derechos Humanos<\/b><\/p>\n<ol>\n<li> \u00a0Revisio\u0301n inmediata del sistema penitenciario y el sistema punitivo.<\/li>\n<li> \u00a0Redefinicio\u0301n del concepto y modelo de reinsercio\u0301n social.<\/li>\n<li> \u00a0Elaboracio\u0301n y desarrollo de un nuevo modelo de penitenciaria o inmueble carcelario, en armoni\u0301a con el nuevo modelo de reinsercio\u0301n social y los Derechos Humanos.<\/li>\n<li> \u00a0Trabajo comunitario y participacio\u0301n social para prevenir reincidencia delictiva y reconstruir el tejido social.<\/li>\n<li> \u00a0Atencio\u0301n psicosocial; educacio\u0301n y capacitacio\u0301n para el trabajo; fomento del arte y la cultura.<\/li>\n<li> \u00a0Reclasificacio\u0301n de las condenas y los reos existentes.<\/li>\n<li> \u00a0Aplicacio\u0301n real del sistema penal acusatorio.<\/li>\n<\/ol>\n<p>(PAG 15-17)<\/p>\n\t\t\t\t\t\t\t\t\t\t\t\t<a href=\"\">\u2022 Movilidad<\/a>\n\t\t\t\t\t\t\t\t\t\t\t\t<a href=\"\">\u2022 Desarrollo Econ\u00f3mico, Empleo y Salario<\/a>\n\t\t\t\t\t<p><b>Salario remunerador y empleo digno\u00a0\u00a0<\/b><\/p>\n<ol>\n<li> \u00a0Desarrollo de un sistema para alineaci\u00f3n de los salarios a competencias con referencia en la OIT. Recuperaci\u00f3n de los salarios y crecimiento econ\u00f3mico de calidad que fomenten el empleo formal y reducci\u00f3n del informal. Elevar el salario m\u00ednimo para cumplir la norma Constitucional de suficiencia, mediante la integraci\u00f3n del concepto de m\u00ednimo vital constitucional.<\/li>\n<li> \u00a0Activar y fortalecer estrategias de desarrollo y crecimiento econ\u00f3mico de calidad que fomenten el empleo formal y reducci\u00f3n del informal; de tal modo, que la pol\u00edtica de mejora salarial sea econ\u00f3micamente sostenible con el fomento al desarrollo productivo y el crecimiento econ\u00f3mico. Impulso amplio a la capacitaci\u00f3n competitiva de trabajadores mexicanos y por lo tanto de la Naci\u00f3n.<\/li>\n<li> \u00a0Garantizar que se cumplan efectivamente los derechos laborales y las normas vinculadas a salarios y empleo digno. Reconocimiento real de las organizaciones de trabajadores asi\u0301 como se reconoce a las organizaciones patronales.<\/li>\n<li> \u00a0Garantizar el derecho de antig\u00fcedad ya que es un derecho que genera derechos, promoviendo la estabilidad laboral y el replanteamiento del derecho de seguridad social para el M\u00e9xico del Siglo XXI.<\/li>\n<li> \u00a0Adecuaci\u00f3n de la normatividad laboral con perspectiva de g\u00e9nero: salario igual y empoderamiento econ\u00f3mico.<\/li>\n<li> \u00a0Crear una pol\u00edtica industrial que tenga como objetivos una menor dependencia tecnol\u00f3gica del exterior, impulsando la investigaci\u00f3n cient\u00edfica nacional; modernizar la infraestructura industrial del pa\u00eds, dinamizar el mercado interno, corregir desequilibrios regionales y alcanzar una inserci\u00f3n favorable de M\u00e9xico en el mercado mundial; establecer un marco institucional de interacci\u00f3n funcional p\u00fablica, privada y social.<\/li>\n<\/ol>\n<p><b>Redistribuci\u00f3n equitativa de la riqueza<\/b><\/p>\n<ol>\n<li> \u00a0Reforma fiscal progresiva y equitativa.<\/li>\n<li> \u00a0Impulso vigoroso a la econom\u00eda social y sus organizaciones productivas en actividades primarias, manufactureras, de servicios y financieras<\/li>\n<li> \u00a0Financiamiento gubernamental para la creaci\u00f3n e impulso de las empresas sociales, con asesor\u00eda e incubaci\u00f3n amplia y prolongada.<\/li>\n<li> \u00a0Financiamiento a la econom\u00eda productiva y familiar con tasas y costo anual total, alineadas a los de econom\u00edas competidoras.<\/li>\n<li> \u00a0Impulso a las sociedades financieras peque\u00f1as y medianas o colectivas para el fomento productivo regional.<\/li>\n<\/ol>\n<p><b>Fortalecimiento del Mercado interno y empresa mexicana<\/b><\/p>\n<ol>\n<li> \u00a0Creaci\u00f3n de sistemas eficientes y amplios de informaci\u00f3n y comercializaci\u00f3n de productos agropecuarios, pesqueros, c\u00e1rnicos y b\u00e1sicos a favor de la econom\u00eda del productor.<\/li>\n<li> \u00a0Impulso estrat\u00e9gico a la autosuficiencia alimentaria, y promover el consumo inteligente y sustentable, con supervisi\u00f3n y sistema de calificaci\u00f3n real de la calidad de los productos y servicios.<\/li>\n<li> \u00a0Planeaci\u00f3n y desarrollo de eficiente infraestructura de transporte y sistema log\u00edstico nacional.<\/li>\n<li> \u00a0Vincular el sistema educativo, de investigaci\u00f3n y desarrollo cient\u00edfico- tecnol\u00f3gico con la estructura productiva, para el desarrollo nacional.<\/li>\n<li> \u00a0Robusto financiamiento y capacitaci\u00f3n a la micro, peque\u00f1a y medianas empresas. El impulso a la peque\u00f1a y mediana empresa para insertarla en los mercados nacional e internacional.<\/li>\n<\/ol>\n<h5>\u00a0<\/h5>\n<p><b>Inserci\u00f3n econ\u00f3mica soberana en la globalidad<\/b><\/p>\n<ol>\n<li> \u00a0Renegociaci\u00f3n de tratados internacionales de tema comercial o productivo, con reconocimiento de las asimetr\u00edas econ\u00f3micas, proteger soberan\u00eda alimentaria y el desarrollo de las actividades primarias, mejora de los salarios y el respeto al derecho a la migraci\u00f3n.<\/li>\n<li> \u00a0Priorizar las exportaciones con valor agregado y crecientes componentes de insumos nacionales.<\/li>\n<li> \u00a0Impulsar el tr\u00e1nsito de la competitividad con bajos salarios a la competitividad sustentada en la productividad tecnol\u00f3gica.<\/li>\n<\/ol>\n<p>4 Soberan\u00eda del Estado sobre recursos energ\u00e9ticos y mineros, para su uso y explotaci\u00f3n en consonancia con los intereses de las comunidades.<\/p>\n<ol start=\"5\">\n<li> Ligar la inversi\u00f3n extranjera a transferencia de tecnolog\u00eda e impulso a la empresa proveedora de componentes nacionales.<\/li>\n<\/ol>\n<p>(PAGS 6-8)<\/p>\n\t\t\t\t\t\t\t\t\t\t\t\t<a href=\"\">\u2022 Medio Ambiente<\/a>\n\t\t\t\t\t<p><b>Econom\u00eda verde, madre tierra<\/b><\/p>\n<ol>\n<li> \u00a0Prioridad cabal de la naturaleza y las comunidades por sobre los de intereses privados.<\/li>\n<li> \u00a0Fortalecimiento del marco legal y de gesti\u00f3n honesta de las dependencias y organizaciones encargadas de la aplicaci\u00f3n y ejecuci\u00f3n de la normatividad ambiental.<\/li>\n<li> \u00a0Desarrollo de un gran impulso nacional a la educaci\u00f3n ambiental y la organizaci\u00f3n y participaci\u00f3n ciudadana para salvaguardar la Madre Tierra.<\/li>\n<li> \u00a0Cumplimiento estricto de los acuerdos internacionales sobre cambio clim\u00e1tico y sustentabilidad.<\/li>\n<li> \u00a0Impulso e inversi\u00f3n decidida en el desarrollo tecnol\u00f3gico y uso de energ\u00edas alternativas, nuevos materiales, y sustituci\u00f3n de procesos. Pol\u00edticas p\u00fablicas e impositivas para la prevenci\u00f3n de la contaminaci\u00f3n por qu\u00edmicos, ingenier\u00eda gen\u00e9tica, o de residuos s\u00f3lidos, l\u00edquidos o gaseosos en agua, aire y tierra.<\/li>\n<\/ol>\n<p>(PAG 8)<\/p>\n\t\t\t\t\t\t\t\t\t\t\t\t<a href=\"\">\u2022 Desarrollo Humano<\/a>\n\t\t\t\t\t<p><b>Respeto a la diversidad, garantizar el libre desarrollo de la personalidad, e integraci\u00f3n igualitaria de los grupos sociales en situaci\u00f3n de vulnerabilidad<\/b><\/p>\n<ol>\n<li> \u00a0Derecho a la diferencia y combate a todas las formas de discriminaci\u00f3n.<\/li>\n<li> \u00a0Garantizar igualdad de derechos a las poblaciones LGBTTTTI y defensa de todas las formas de cohabitaci\u00f3n.<\/li>\n<li> \u00a0Elevar a rango constitucional el derecho a la identidad y expresiones de g\u00e9neros.<\/li>\n<li> \u00a0Tipificaci\u00f3n de la discriminaci\u00f3n, cr\u00edmenes de odio y lesiones por orientaci\u00f3n sexual.<\/li>\n<li> \u00a0Eliminaci\u00f3n de las leyes y normas tendientes a reprimir, condenar, estigmatizar y discriminar la orientaci\u00f3n sexual, expresi\u00f3n e identidad de g\u00e9nero.<\/li>\n<\/ol>\n<p>(PAG 12)<\/p>\n<p><b>Acceso y ejercicio pleno de derechos sociales para todos: salud, agua, educacio\u0301n, vivienda, alimentacio\u0301n y recreacio\u0301n<\/b><\/p>\n<ol>\n<li> \u00a0Impulsaremos una poli\u0301tica social que garantice educacio\u0301n universal y de calidad, salud y vivienda para todos los mexicanos. Poli\u0301tica social sustentada en garantizar la universalizacio\u0301n de los derechos y no en el asistencialismo. Se mejoraran las pensiones, se instaurara\u0301 el seguro del desempleo y se garantizara\u0301 en todo el pai\u0301s salud de calidad para todos y todas las mexicanas, impulsando la inversio\u0301n en educacio\u0301n por parte del Estado Mexicano de un mi\u0301nimo del 7% del PIB, asi\u0301 como un mayor impulso a la investigacio\u0301n cienti\u0301fica.<\/li>\n<li> \u00a0Impulsar otra reforma educativa que renueve las pedagogi\u0301as y las dida\u0301cticas del proceso ensen\u0303anza-aprendizaje, para construir una ciudadani\u0301a cri\u0301tica, informada y participativa, y que permita el desarrollo de la ciencia en todas las a\u0301reas del conocimiento.<\/li>\n<li> \u00a0Incremento a la inversio\u0301n pu\u0301blica para la vivienda de intere\u0301s social, para lo cual se debera\u0301 redefinir y reconfigurar el marco juri\u0301dico de lo que sera\u0301 la vivienda y\/o construccio\u0301n de intere\u0301s social del Me\u0301xico del siglo XXI.<\/li>\n<li> \u00a0Poli\u0301ticas pu\u0301blicas que integren tanto a la subvencio\u0301n en alimentos y servicios, como la planeacio\u0301n y ejecucio\u0301n de programas de salud que permitan la debida nutricio\u0301n de los ma\u0301s pobres, especialmente a las nin\u0303as, nin\u0303os y personas adultas mayores.<\/li>\n<li> \u00a0Poner en marcha la gestio\u0301n integral de los bienes hi\u0301dricos del pai\u0301s para garantizar que dichos recursos sean suficientes, salubres, aceptables y asequibles; asi\u0301 como su acceso y uso equitativo y sustentable.<\/li>\n<\/ol>\n<p>(PAG 9 Y 10)<\/p>\n\t\t\t\t\t\t\t\t\t\t\t\t<a href=\"\">\u2022 Educaci\u00f3n e Innovaci\u00f3n<\/a>\n\t\t\t\t\t<ol>\n<li><b> Educaci\u00f3n e Innovaci\u00f3n<\/b><\/li>\n<\/ol>\n<p>Impulsar otra reforma educativa que renueve las pedagogi\u0301as y las dida\u0301cticas del proceso ensen\u0303anza-aprendizaje, para construir una ciudadani\u0301a cri\u0301tica, informada y participativa, y que permita el desarrollo de la ciencia en todas las a\u0301reas del conocimiento.<\/p>\n<p>\u00a0<\/p>\n<p><b>Garantizar impulso, universalidad, uso y respeto de derechos digitales, tecnolo\u0301gicos, cienti\u0301ficos y ambientales<\/b><\/p>\n<ol>\n<li> Se impulsara\u0301 el incremento de puntos de acceso gratuito en todo el pai\u0301s, para lograr hacer de nuestras comunidades aldeas digitales. Cada escuela sera\u0301 un punto de acceso a internet.<\/li>\n<li> \u00a0Los planes de estudio de la educacio\u0301n ba\u0301sica contemplaran materias para el correcto aprovechamiento de las tecnologi\u0301as de la informacio\u0301n y la comunicacio\u0301n. Se dara\u0301 capacitacio\u0301n progresiva a los estudiantes, madres y padres de familia para el aprovechamiento de las Tecnologi\u0301as de la Informacio\u0301n y la Comunicacio\u0301n.<\/li>\n<li> \u00a0Se evaluara\u0301 y reconocera\u0301 a su nivel la medicina tradicional y me\u0301todos alternativos de tratamiento, asi\u0301 como de cultivo y produccio\u0301n, que ya son valorados en otros pai\u0301ses, liberando su ejercicio a favor de la poblacio\u0301n y su diversidad.<\/li>\n<li> \u00a0Se pondra\u0301 en funcionamiento un programa para la difusio\u0301n de la ciencia y sus aplicaciones entre la ciudadani\u0301a, especialmente en los temas de proteccio\u0301n de la naturaleza, salud y educacio\u0301n.<\/li>\n<li> \u00a0Se desarrollara\u0301n poli\u0301ticas pu\u0301blicas apoyadas en la opinio\u0301n ciudadana calificada, para consolidar el impulso a la investigacio\u0301n, la bu\u0301squeda de aplicaciones directas en beneficio de la poblacio\u0301n y su difusio\u0301n entre la comunidad del sistema educativo, organizaciones, sector productivo y ciudadani\u0301a.<\/li>\n<\/ol>\n<p>(PAG 10)<\/p>\n\t\t\t\t\t\t\t\t\t\t\t\t<a href=\"\">\u2022 Cultura, salud y deporte<\/a>\n\t\t\t\t\t<p><b>Garantizar el efectio reconocimiento de la multuculturalidad y pluralidad.<\/b><\/p>\n<ol>\n<li> \u00a0Pugnar porque se apliquen los derechos establecidos, as\u00ed\u0301 como los instrumentos internacionales sobre pueblos ind\u00edgenas, afrodescendientes y tribales.\u00a0<\/li>\n<li> \u00a0Las naciones indias gozaran de autonom\u00eda y derecho a constituir sus propias instancias de gobierno.\u00a0<\/li>\n<li> \u00a0El Estado proteger\u00e1\u0301 a los pueblos originarios de las actividades depredadoras de las empresas mineras y multinacionales.\u00a0<\/li>\n<li> \u00a0Se buscara\u0301 el pleno reconocimiento de las naciones indias y su identidad nacional.<\/li>\n<li> \u00a0Se apoyar\u00e1 la revitalizaci\u00f3n de las culturas locales populares y de las naciones indias.<\/li>\n<\/ol>\n<p><b>Impulso a la protecci\u00f3n, desarrollo y difusi\u00f3n de la cultura.<\/b><\/p>\n<ol>\n<li> \u00a0Desarrollo de la cultura como un recurso estrat\u00e9gico del desarrollo durable.<\/li>\n<li> \u00a0Promover e impulsar la protecci\u00f3n de nuestro patrimonio cultural de la humanidad.<\/li>\n<li> \u00a0Impulso de una pol\u00edtica cultural de vanguardia que posicione a nuestras comunidades y ciudades en el ejercicio de sus derechos culturales<\/li>\n<li> \u00a0Establecimiento del programa Bono cultural.<\/li>\n<li> \u00a0Promoci\u00f3n y fomento del desarrollo de la cultura comunitaria y el tejido social.<\/li>\n<\/ol>\n<p>(PAG 12-13)<\/p>\n\t\t\t\t\t\t\t\t\t\t\t\t<a href=\"\">\u2022 Finanzas y Obra P\u00fablica<\/a>\n\t\t\t\t\t\t\t\t\t\t\t\t<a href=\"\">\u2022 Transparencia, Rendici\u00f3n de Cuentas y Combate a la Corrupci\u00f3n<\/a>\n\t\t\t\t\t\t\t\t\t\t\t\t<a href=\"\">\u2022 Infraestructura y Gasto P\u00fablico<\/a>\n\t\t\t\t\t\t\t\t\t\t\t\t<a href=\"\">\u2022 Derechos Humanos<\/a>\n\t\t\t\t\t<ol>\n<li>Transversalizar, garantizar y proteger los Derechos Humanos.<\/li>\n<li>Defensa e impulso de la progresividad de derechos art. 1 constitucional.<\/li>\n<li>Protecci\u00f3n y garant\u00eda del derecho al libre desarrollo de la personalidad, y el derecho a desarrollar el propio proyecto de vida de todas las personas as\u00ed\u0301 como garantizar la atenci\u00f3n a la discapacidad psicosocial como un Derechos Humanos.<\/li>\n<li>Garantizar que los preceptos legales en materia de libertad de expresi\u00f3n, derecho a la informaci\u00f3n y la protecci\u00f3n de datos personales sean plenamente respetados.<\/li>\n<li>Garantizar el funcionamiento aut\u00f3nomo de los organismos p\u00fablicos, nacional y de las entidades federativas, de los derechos humanos para lograr su total independencia de los \u00e1mbitos gubernamentales en los tres \u00f3rdenes de Gobierno.<\/li>\n<\/ol>\n<p>P\u00e1ginas 8 <b><br \/><\/b><\/p>\n\t\t\t\t\t\t\t\t\t\t\t\t<a href=\"\">\u2022 Violencia pol\u00edtica en raz\u00f3n de G\u00e9nero <\/a>\n\t\t\t\t\t<h5>Transversalidad en la perspectiva de g\u00e9nero, diversidad y paridad<\/h5>\n<ol>\n<li> \u00a0Potenciar la participaci\u00f3n real de la sociedad en el respeto, defensa y vigencia de los derechos humanos de las mujeres.<\/li>\n<li> \u00a0Integrar en la reforma del Estado la Perspectiva de G\u00e9nero y derechos iguales entre hombres y mujeres.<\/li>\n<li> \u00a0Incorporar en los planes de desarrollo de todos los niveles, la transversalidad, diversidad y paridad de g\u00e9nero, de los cuales se derivar\u00e1n programas, pol\u00edticas p\u00fablicas y acciones de gobierno tendentes a garantizar la igualdad de oportunidades y de trato para las mujeres y las ni\u00f1as.<\/li>\n<li> \u00a0Asegurar la paridad horizontal y vertical en los espacios de toma de decisiones, de las dependencias p\u00fablicas y en los puestos de representaci\u00f3n popular en las Instituciones de los tres poderes en los tres \u00f3rdenes de Gobierno, y garantizar la no violencia en los cargos p\u00fablicos.<\/li>\n<li> Implementaci\u00f3n efectiva de todos los instrumentos internacionales firmados y rectificados por M\u00e9xico en materia de Derechos Humanos de las mujeres.<\/li>\n<\/ol>\n<p>(PAGS 10 Y 11)<\/p>\n\t\t\t\t\t\t\t\t\t\t\t\t<a href=\"\">\u2022 Participaci\u00f3n ciudadana<\/a>\n\t\t\t\t\t\t\t\t\t\t\t\t<a href=\"\">\u2022 Juventudes<\/a>\n\t\t\t\t\t\t\t\t\t\t\t\t<a href=\"\">\u2022 Otro tema no enmarcado en las categorias<\/a>\n\t\t\t\t\t<p><b>Poli\u0301tica Exterior de Estado<\/b><\/p>\n<ol>\n<li> \u00a0La creacio\u0301n de un Consejo Nacional de Poli\u0301tica Exterior.<\/li>\n<li> \u00a0Fortalecimiento de las facultades del Congreso de la Unio\u0301n en los procesos de negociacio\u0301n comercial y financiera; en la revisio\u0301n de la constitucionalidad de los instrumentos comerciales, interinstitucionales, memoranda y convenciones diploma\u0301ticas.<\/li>\n<li> \u00a0Defensa del multilateralismo, la cooperacio\u0301n para el desarrollo y la paz.<\/li>\n<li> \u00a0En el marco de la ONU, apoyaremos aquellas iniciativas que promuevan la reforma del Consejo de Seguridad, la Asamblea y el Consejo de Derechos Humanos.<\/li>\n<li> \u00a0Fortaleceremos los procesos de integracio\u0301n regional y la convergencia para conformar la Comunidad Latinoamericana de Naciones.<\/li>\n<\/ol>\n<p>(PAG 15)<\/p>\n<p><b>Migracio\u0301n sin discriminacio\u0301n<\/b><\/p>\n<ol>\n<li> \u00a0Contra las poli\u0301ticas xenofo\u0301bicas<\/li>\n<li> \u00a0Suscripcio\u0301n de un tratado sobre migracio\u0301n entre Me\u0301xico y Estados Unidos.<\/li>\n<li> \u00a0Defensa de los derechos poli\u0301ticos, creacio\u0301n de la 6a. Circunscripcio\u0301n relativa a los migrantes mexicanos en el extranjero.<\/li>\n<li> \u00a0Creacio\u0301n de fiscali\u0301as especializadas en violaciones a los derechos de los migrantes en los estados fronterizos.<\/li>\n<li> \u00a0Respeto de los derechos humanos de los migrantes en Me\u0301xico.<\/li>\n<\/ol>\n<p>(PAG 12)<\/p>\n\t\t\t\t\t\t\t\t\t\t\t<a href=\"https:\/\/www2.iepcjalisco.org.mx\/tablero-electoral-2021\/wp-content\/uploads\/2021\/03\/PVEM.PLATAFORMA-ELECTORAL-JALISCO-2021.docx\" target=\"_blank\" rel=\"noopener\">\n\t\t\t\t\t\t\t<img width=\"300\" height=\"300\" src=\"https:\/\/www2.iepcjalisco.org.mx\/tablero-electoral-2021\/wp-content\/uploads\/2021\/03\/04-VERDE.png\" alt=\"\" loading=\"lazy\" \/>\t\t\t\t\t\t\t\t<\/a>\n\t\t\t\t\t\t\t\t\t\t\t\t<a href=\"\">PARTIDO VERDE ECOLOGISTA DE MEXICO<\/a>\n\t\t\t\t\t<p><a href=\"https:\/\/www2.iepcjalisco.org.mx\/tablero-electoral-2021\/wp-content\/uploads\/2021\/03\/PVEM.PLATAFORMA-ELECTORAL-JALISCO-2021.docx\">Descagar Plataforma Electoral<\/a><\/p>\n<p>Dirigente estatal del partido: Enrique Aubry De Castro Palomino <br \/><a href=\"http:\/\/www.pvemjalisco.org.mx\/el-partido\/comite-ejecutivo-estatal\/\" target=\"_blank\" rel=\"noopener\">http:\/\/www.pvemjalisco.org.mx\/el-partido\/comite-ejecutivo-estatal\/<\/a><\/p>\n<p>Redes sociales oficiales del Partido:<br \/><a href=\"https:\/\/www.facebook.com\/PartidoVerdeJalisco\/\" target=\"_blank\" rel=\"noopener\">https:\/\/www.facebook.com\/PartidoVerdeJalisco\/<\/a><br \/><a href=\"https:\/\/twitter.com\/partidoverdejal\" target=\"_blank\" rel=\"noopener\">https:\/\/twitter.com\/partidoverdejal<\/a><br \/><a href=\"https:\/\/www.instagram.com\/partidoverdejalisco\/\" target=\"_blank\" rel=\"noopener\">https:\/\/www.instagram.com\/partidoverdejalisco\/<\/a><\/p>\n\t\t\t\t\t\t\t\t\t\t\t\t<a href=\"\">\u2022 Gobernabilidad y Seguridad<\/a>\n\t\t\t\t\t<h5><b>JUECES JUZGANDO Y NO ADMINISTRANDO\u00a0<\/b><\/h5>\n<p>El tema de impartici\u00f3n de justicia es un tema de relevancia p\u00fablica, es por ello, que se busca mejorar los procesos y m\u00e9todos de organizaci\u00f3n y control de la administraci\u00f3n del Poder Judicial en el Estado con objeto de garantizar la seguridad de los ciudadanos, salvaguardar las garant\u00edas constitucionales de las v\u00edctimas y de todo proceso penal.<\/p>\n<p>Reformar la Ley Org\u00e1nica del Poder Judicial Del Estado de Jalisco, para mejorar el funcionamiento y la impartici\u00f3n de Justicia Con esta reforma se mejorar\u00e1 el funcionamiento de los tribunales, permiti\u00e9ndole a los jueces encargarse enteramente de sus tareas, lo que modernizar\u00e1 el servicio y mejorar\u00e1 su calidad; se agilizar\u00e1n los litigios y se utilizar\u00e1 el recurso p\u00fablico de la forma m\u00e1s eficiente. Adem\u00e1s, se dotar\u00e1 de autonom\u00eda al Consejo de la Judicatura Estatal, pues sus integrantes ser\u00e1n imparciales respecto de otros cargos del Poder Judicial.<\/p>\n<h5><b>M\u00c9XICO SIN ARMAS.<\/b><\/h5>\n<p>Se deben endurecer las penas por el delito de portaci\u00f3n il\u00edcita de armas de uso exclusivo del Ej\u00e9rcito, Armada y Fuerza A\u00e9rea Nacionales, derivado de su potencial, en virtud de ello el Partido Verde Ecologista de M\u00e9xico propone reformar el art\u00edculo 19 de la Constituci\u00f3n Pol\u00edtica de los Estados Unidos Mexicanos, el art\u00edculo 167 del C\u00f3digo Nacional de Procedimientos Penales, adicionar al art\u00edculo 82 a la Ley Federal de Armas de Fuego y Explosivos y modificar los art\u00edculos 81 y 83 de la misma Ley, ello con la finalidad de proteger a la colectividad de la inseguridad y de los abusos de quienes usan armas con el il\u00edcito prop\u00f3sito de atentar contra la vida o el patrimonio de las personas.<\/p>\n<h5><b>MODELO \u00daNICO DE POLIC\u00cdA<\/b><\/h5>\n<p>Como parte del sistema de seguridad publica los miembros del partido verde ecologista de M\u00e9xico a nivel local estimamos loable y necesario el que todos los elementos seguridad p\u00fablica se dirijan a la poblaci\u00f3n Jalisciense de manera digna. si bien es cierto la Secretar\u00eda T\u00e9cnica del Consejo de Coordinaci\u00f3n para la Implementaci\u00f3n del Sistema de Justicia Penal (SETEC) brinda capacitaciones sobre la formaci\u00f3n b\u00e1sica indispensable para ser polic\u00eda, as\u00ed como aquella espec\u00edfica para desempe\u00f1ar adecuadamente las funciones y responsabilidades. No podemos dejar de lado la participaci\u00f3n del ejecutivo, por lo que adem\u00e1s ser\u00e1 necesario para poder laborar en cualquier dependencia de seguridad publica ya sea municipal o estatal, buscar y garantizar un sistema de seguridad p\u00fablica que pueda brindar el trato correcto a la poblaci\u00f3n basada en los derechos humanos.\u00a0 Por lo que nuestra propuesta a nivel estatal en materia de seguridad es:\u00a0<\/p>\n<p>Reformar la Ley de Seguridad P\u00fablica y reglamentos en la materia para establecer la obligatoriedad de la implementaci\u00f3n de formaci\u00f3n especializada para los elementos de seguridad, cursos que deber\u00e1n de tener un enfoque en derechos humanos, garant\u00edas constitucionales y conocimiento del marco jur\u00eddico que les permita realizar sus funciones de manera correcta y legal.<\/p>\n<p>Reformar las legislaciones legales aplicables con la finalidad que los reclutados de las \u00e1reas de reacci\u00f3n, cuenten m\u00ednimo con el bachillerato terminado.<\/p>\n<p>(Paginas 18 a 29)<\/p>\n\t\t\t\t\t\t\t\t\t\t\t\t<a href=\"\">\u2022 Movilidad<\/a>\n\t\t\t\t\t\t\t\t\t\t\t\t<a href=\"\">\u2022 Desarrollo Econ\u00f3mico, Empleo y Salario<\/a>\n\t\t\t\t\t<h5><b>INGRESO DIGNO<\/b><\/h5>\n<p>EN EL PARTIDO VERDE, PROPONEMOS PARA QUE A NIVEL LOCAL SE REALICEN LAS SIGUIENTES:<\/p>\n<p>Exhortar a la Comisi\u00f3n Nacional de Salarios M\u00ednimos (Conasami) a efecto de impulsar el aumento salarial de los jaliscienses, para un ingreso digno.\u00a0<\/p>\n<p>Reformar la Ley de Hacienda Estado de Jalisco, a fin de otorgar incentivos fiscales a los patrones, con el prop\u00f3sito de impulsar un salario digno a los trabajadores.<\/p>\n<p>Modificar diversos art\u00edculos del Presupuesto de Egresos del Estado para otorgar apoyos a los ciudadanos y est\u00e9n en condiciones de obtener un ingreso suficiente.\u00a0<\/p>\n<p>Reformar la Ley de Desarrollo social para el Estado de Jalisco\u00a0<\/p>\n<h5><b>GENERA TU PROPIO EMPLEO<\/b><\/h5>\n<p>EN EL PARTIDO VERDE, PROPONEMOS PARA QUE SE REALICEN LAS SIGUIENTES ACCIONES:<\/p>\n<p>Modificar los art\u00edculos 33, fracci\u00f3n XIII y 35, fracci\u00f3n VII de la Ley Federal de Zonas Econ\u00f3micas Especiales para promover el empleo\/contrataci\u00f3n de las personas que habitan los territorios en donde se establezcan las ZEE.<\/p>\n<p>Incluir las zonas de Santa Mar\u00eda del Oro, Chimaltitan, y Jilotlan del estado de Jalisco como Zonas Econ\u00f3micas Especiales, brindando la oportunidad de promover el empleo y el crecimiento econ\u00f3mico de las zonas en donde\u00a0 se realice inversi\u00f3n.<\/p>\n<p>( Pagina 30 a 47 )<\/p>\n\t\t\t\t\t\t\t\t\t\t\t\t<a href=\"\">\u2022 Medio Ambiente<\/a>\n\t\t\t\t\t<h5><b>D\u00cdA DE TRABAJO EN CASA<\/b><\/h5>\n<p>Incrementar la productividad laboral y disminuir las emisiones m\u00f3viles, con horarios escalonados permitiendo labora un d\u00eda en casa, de aquellos empleos que se puedan realizar desde casa.<\/p>\n<h5><b>T\u00cdTULO: TRANSFORMANDO LA BASURA EN ENERG\u00cdA<\/b><\/h5>\n<p>Utilizar los residuos s\u00f3lidos urbanos de los Municipios, para generar electricidad que se pueda aprovechar para el alumbrado p\u00fablico, contribuyendo a reducir la contaminaci\u00f3n ocasionada por la acumulaci\u00f3n de basura en los rellenos sanitarios y as\u00ed poder regresar el porcentaje del impuesto predial que se haya ahorrado el Municipio por el pago de luz.<\/p>\n<h5><b>REUSANDO EL AGUA, PARA QUE NUNCA TE FALTE<\/b><\/h5>\n<p>Que Jalisco cuente con una gesti\u00f3n adecuada del recurso h\u00eddrico enfocada al tratamiento de las aguas residuales y de re\u00faso.<\/p>\n<h5><b>PROHIBICI\u00d3N DE DELFINARIOS<\/b><\/h5>\n<p>Garantizar que los mam\u00edferos marinos vivan en su h\u00e1bitat natural.<\/p>\n<h5><b>ESPACIOS DIGNOS PARA LOS ANIMALES EN VENTA<\/b><\/h5>\n<p>Mejorar las condiciones de los establecimientos mercantiles de compra-venta de mascotas o animales de compa\u00f1\u00eda, a fin de determinar los par\u00e1metros b\u00e1sicos para el bienestar animal durante el proceso de comercializaci\u00f3n.<\/p>\n<h5><b>PROTECCI\u00d3N Y BIENESTAR ANIMAL<\/b><\/h5>\n<p>Un Jalisco con respeto hacia los animales no humanos, a su h\u00e1bitat, a su bienestar y protecci\u00f3n, as\u00ed como al cumplimiento o adaptaci\u00f3n de las obligaciones y derechos de la <i>Declaraci\u00f3n Universal de los Derechos del Animal<\/i>.<\/p>\n<h5><b>ENERG\u00cdAS LIMPIAS ACCESIBLES<\/b><\/h5>\n<p>Aprovechar la radiaci\u00f3n solar, a trav\u00e9s de tecnolog\u00edas como son los paneles solares que permiten energ\u00eda limpia y accesible para todos. Su aprovechamiento es para producir calor y calentar agua y producir electricidad (energ\u00eda solar).<\/p>\n<h5><b>EDUCACI\u00d3N AMBIENTAL EN TODOS LOS NIVELES ESCOLARES<\/b><\/h5>\n<p>Implementar la materia de educaci\u00f3n ambiental en todos los niveles escolares para crear consciencia del da\u00f1o ambiental, as\u00ed como de la necesidad de adoptar nuevos h\u00e1bitos para contaminar menos y, generar medidas para disminuir el da\u00f1o ambiental que se genera en el presente. Respetar y proteger el medio ambiente, permitir\u00e1 que el propio medio ambiente se recupere, ofreciendo mejores condiciones de vida y salud a la poblaci\u00f3n.<\/p>\n<h5><b>POR UNA BUENA CALIDAD DEL AIRE<\/b><\/h5>\n<p>Formular acciones para garantizar la calidad del aire, as\u00ed como la protecci\u00f3n y restauraci\u00f3n de la atmosfera, bajo el principio de concurrencia. Definiendo cuenca atmosf\u00e9rica para as\u00ed establecer los principios generales que deben privar en la gesti\u00f3n de la calidad del aire para promover que se asuman responsabilidades iguales, pero obligaciones diferenciadas con el fin de incentivar buenas pr\u00e1cticas y procesos que reduzcan las emisiones de contaminantes a la atm\u00f3sfera.<\/p>\n<h5><b>REFORMA FISCAL EN APOYO AL RECICLAJE<\/b><\/h5>\n<p>El reciclaje es un eslab\u00f3n primordial de la econom\u00eda verde. Es una industria o sector de la econom\u00eda que requiere de incentivos para su desarrollo, considerando los beneficios que puede aportar a la sociedad, desde el punto de vista econ\u00f3mico, ambiental y social.<\/p>\n<h5><b>FINANCIAMIENTO AL MEDIO AMBIENTE<\/b><\/h5>\n<p>Garantizar el derecho a un medio ambiente sano en los municipios del Estado.<\/p>\n<p>\u00a0(Paginas 68 a 127)<\/p>\n<h5>\u00a0<\/h5>\n\t\t\t\t\t\t\t\t\t\t\t\t<a href=\"\">\u2022 Desarrollo Humano<\/a>\n\t\t\t\t\t<p>Las personas j\u00f3venes tienen derecho a un desarrollo integral, que incluye el desarrollo humano, social, econ\u00f3mico, pol\u00edtico y cultural, y a ser consideradas como sujetos prioritarios. Sin embargo, de acuerdo con el Diagn\u00f3stico de la Situaci\u00f3n de los J\u00f3venes en M\u00e9xico, el principal problema que enfrenta la juventud en M\u00e9xico es que se incorpora al desarrollo del pa\u00eds en condiciones desfavorables, lo que se debe, entre otras causas, a dificultades para la inserci\u00f3n en el mercado laboral y a una deficiente formaci\u00f3n y desarrollo de habilidades que permitan el desarrollo personal.<\/p>\n<p>(Paginas 39 y 40)<\/p>\n<p>\u00a0<\/p>\n\t\t\t\t\t\t\t\t\t\t\t\t<a href=\"\">\u2022 Educaci\u00f3n e Innovaci\u00f3n<\/a>\n\t\t\t\t\t\t\t\t\t\t\t\t<a href=\"\">\u2022 Cultura, salud y deporte<\/a>\n\t\t\t\t\t\t\t\t\t\t\t\t<a href=\"\">\u2022 Finanzas y Obra P\u00fablica<\/a>\n\t\t\t\t\t\t\t\t\t\t\t\t<a href=\"\">\u2022 Transparencia, Rendici\u00f3n de Cuentas y Combate a la Corrupci\u00f3n<\/a>\n\t\t\t\t\t<h5><b>POR UN PODER LEGISLATIVO DE TRABAJE M\u00c1S Y DE MEJORES RESULTADOS PARA JALISCO<\/b><\/h5>\n<p>El buen ejercicio de la representaci\u00f3n pol\u00edtica a cargo de los legisladores es un aspecto fundamental para hacer posible el ejercicio pleno de nuestros derechos. Los representantes populares son la voz de los ciudadanos en donde se toman las decisiones m\u00e1s importantes para el pa\u00eds: el Congreso del Estado de Jalisco<\/p>\n<p>(Paginas 183 a 195)<\/p>\n<p>\u00a0<\/p>\n\t\t\t\t\t\t\t\t\t\t\t\t<a href=\"\">\u2022 Infraestructura y Gasto P\u00fablico<\/a>\n\t\t\t\t\t\t\t\t\t\t\t\t<a href=\"\">\u2022 Derechos Humanos<\/a>\n\t\t\t\t\t\t\t\t\t\t\t\t<a href=\"\">\u2022 Violencia pol\u00edtica en raz\u00f3n de G\u00e9nero <\/a>\n\t\t\t\t\t<h5>TITULO: MISMO TRABAJO, MISMO SUELDO<\/h5>\n<p><strong>VISI\u00d3N: <\/strong>Alcanzar la equidad salarial y erradicar la brecha entre hombres y mujeres. Las diferencias de g\u00e9nero se perciben no s\u00f3lo en los puestos de trabajo, sino que en ocasiones la discriminaci\u00f3n salarial en las empresas se ve reflejado en el sueldo y prestaciones que perciben los trabajadores por el mismo puesto, ya sean hombres o mujeres, contraviniendo con el desarrollo integral humano.<\/p>\n<p><strong>EN EL PARTIDO VERDE, PROPONEMOS:<\/strong><\/p>\n<ul>\n<li>Iniciativa de Acuerdo Legislativo enviado al Congreso de la Uni\u00f3n para Reformar el art\u00edculo 86 de la Ley Federal del Trabajo para establecer el principio de equidad salarial, erradicando as\u00ed la brecha de g\u00e9nero e incluyendo la definici\u00f3n de discriminaci\u00f3n de la Ley Federal para Prevenir y Eliminar la Discriminaci\u00f3n.<\/li><br>\n<li>Iniciativa de Acuerdo Legislativo enviado al Congreso de la Uni\u00f3n para Reformar el art\u00edculo 132 de la Ley Federal del Trabajo, para establecer como obligaci\u00f3n de los patrones, pagar a los trabajadores los mismos salarios sin discriminaci\u00f3n de g\u00e9nero.<\/li> <br>\n<li>Iniciativa de Acuerdo Legislativo enviado al Congreso de la Uni\u00f3n para Reformar el t\u00edtulo diecis\u00e9is, Responsabilidades y Sanciones, de la Ley Federal del Trabajo, para que los patrones que otorguen salarios diferenciados por g\u00e9nero, obtengan una sanci\u00f3n administrativa y que adem\u00e1s, retribuya el da\u00f1o a la persona afectada mediante la regularizaci\u00f3n de las aportaciones de su seguridad social.<\/li>\n<\/ul>\n<h5>T\u00cdTULO: LACTANCIA SIN DISCRIMINACI\u00d3N<\/h5>\n<p><strong>VISI\u00d3N:<\/strong> Un Jalisco libre de discriminaci\u00f3n, que permita el sano desarrollo materno-infantil durante el periodo de lactancia.<\/p>\n<p><strong>EN EL PARTIDO VERDE, PROPONEMOS:<\/strong><\/p>\n<ul>\n<li>Iniciativa de Acuerdo Legislativo enviado al Congreso de la Uni\u00f3n para Reformar el art\u00edculo 149 ter del C\u00f3digo Penal Federal para hacer m\u00e1s severas las sanciones a quien insulte o intimide a la mujer, que alimente a trav\u00e9s de la lactancia a infantes en espacios p\u00fablicos.<\/li>\n<\/ul>\n<ul>\n<li>La generaci\u00f3n de una pol\u00edtica p\u00fablica en la que se pretenda concientizar a la poblaci\u00f3n sobre la importancia de la lactancia materna, misma que deber\u00e1 de tener como objetivo principal el erradicar cualquier acto de discriminaci\u00f3n hacia las madres que lactan a sus bebes en espacios p\u00fablicos<\/li>\n<\/ul>\n<h5>T\u00cdTULO: VIVE SIN VIOLENCIA<\/h5>\n<p><strong>VISI\u00d3N: <\/strong>En el Partido Verde en Jalisco estamos convencidos que la base para la integraci\u00f3n de una democracia, es el disfrute de los derechos humanos en igualdad de circunstancias, as\u00ed como la implementaci\u00f3n de acciones afirmativas para alcanzar la paridad de g\u00e9nero y la sana convivencia entre hombres, mujeres, ni\u00f1os, j\u00f3venes y adultos. Por ello, se deben garantizar los derechos civiles, familiares, econ\u00f3micos, sociales y pol\u00edticos de todos y de cada uno, pero sobre todo, eliminar todo tipo de violencia y discriminaci\u00f3n.<\/p>\n<h5>T\u00cdTULO: VIVE SIN VIOLENCIA<\/h5>\n<p><strong>VISI\u00d3N: <\/strong>En el Partido Verde en Jalisco estamos convencidos que la base para la integraci\u00f3n de una democracia, es el disfrute de los derechos humanos en igualdad de circunstancias, as\u00ed como la implementaci\u00f3n de acciones afirmativas para alcanzar la paridad de g\u00e9nero y la sana convivencia entre hombres, mujeres, ni\u00f1os, j\u00f3venes y adultos. Por ello, se deben garantizar los derechos civiles, familiares, econ\u00f3micos, sociales y pol\u00edticos de todos y de cada uno, pero sobre todo, eliminar todo tipo de violencia y discriminaci\u00f3n.<\/p>\n<ul>\n<li>Impulsar desde la legislatura estatal a trav\u00e9s de iniciativas de acuerdo legislativo la reforma al art\u00edculo 7 de la Ley General de Educaci\u00f3n para incorporar como materia, el combate a todo tipo de violencia; inculcando valores \u00e9ticos y sociales para erradicar la violencia interfamiliar, de g\u00e9nero y discriminaci\u00f3n.<\/li>\n<li>Creaci\u00f3n de la campa\u00f1a <strong>\u201cVivir sin Violencia\u201d <\/strong>que vaya acompa\u00f1ada de acciones concretas que garanticen la protecci\u00f3n de los derechos humanos, el respeto y la tolerancia.<\/li><br>\n<li>Reformas a la Ley de Educaci\u00f3n del Estado de Jalisco, a los reglamentos estatales y a los planes de estudio estatales respectivos, para incorporar materias para combatir y erradicar la violencia, y la discriminaci\u00f3n.<\/li><br>\n<li>la generaci\u00f3n de pol\u00edticas p\u00fablicas preventivas, adem\u00e1s de campa\u00f1as permanentes de cultura y de concientizaci\u00f3n a la no violencia en coordinaci\u00f3n con las dependencias metropolitanas y municipales con funciones en tareas sociales y educativas.<\/li>\n<\/ul>\n<p>&nbsp;<\/p>\n<p><strong>*P\u00e1ginas 167, 173-174, 176, 177, 182-183 <\/strong><\/p>\n\t\t\t\t\t\t\t\t\t\t\t\t<a href=\"\">\u2022 Participaci\u00f3n ciudadana<\/a>\n\t\t\t\t\t<p>La participaci\u00f3n social es un elemento fundamental para que una naci\u00f3n se consolide como democr\u00e1tica. En una sociedad organizada y comprometida, los individuos asumen su responsabilidad colaborando activamente en la consecuci\u00f3n de objetivos y beneficios colectivos que mejoran la calidad de vida de la comunidad, constituyendo as\u00ed, un espacio de ejercicio leg\u00edtimo del deber y del derecho ciudadano.<\/p>\n<p>(Pagina 156 a 164)<\/p>\n\t\t\t\t\t\t\t\t\t\t\t\t<a href=\"\">\u2022 Juventudes<\/a>\n\t\t\t\t\t<p>Otro tema social es la poblaci\u00f3n de j\u00f3venes, el principal problema de la juventud es su incorporaci\u00f3n al desarrollo del estado y en el pa\u00eds en condiciones desfavorables, debido a dificultades para la inserci\u00f3n en el mercado laboral, la desvinculaci\u00f3n entre los j\u00f3venes y el entorno que los rodea, la deficiente formaci\u00f3n y desarrollo de habilidades que permitan el desarrollo personal y la escasa educaci\u00f3n sexual y reproductiva que conduce a una mayor incidencia de embarazos en adolescentes.<\/p>\n<p>Paginas 39 a 164<\/p>\n\t\t\t\t\t\t\t\t\t\t\t\t<a href=\"\">\u2022 Otro tema no enmarcado en las categorias<\/a>\n\t\t\t\t\t\t\t\t\t\t\t<a href=\"https:\/\/www2.iepcjalisco.org.mx\/tablero-electoral-2021\/wp-content\/uploads\/2021\/03\/PT.PLATAFORMA.docx\" target=\"_blank\" rel=\"noopener\">\n\t\t\t\t\t\t\t<img width=\"300\" height=\"300\" src=\"https:\/\/www2.iepcjalisco.org.mx\/tablero-electoral-2021\/wp-content\/uploads\/2021\/03\/05-PT.png\" alt=\"\" loading=\"lazy\" \/>\t\t\t\t\t\t\t\t<\/a>\n\t\t\t\t\t\t\t\t\t\t\t\t<a href=\"\">PARTIDO DEL TRABAJO<\/a>\n\t\t\t\t\t<p><a href=\"https:\/\/www2.iepcjalisco.org.mx\/tablero-electoral-2021\/wp-content\/uploads\/2021\/03\/PT.PLATAFORMA.docx\">Descagar Plataforma Electoral<\/a><\/p>\n<p>Dirigente estatal del partido: Amarante G\u00f3nzalo G\u00f3mez Alrc\u00f3n<\/p>\n<p><br \/>Redes sociales oficiales del Partido:<\/p>\n<p>PTJalisco@PTJalisco, @PTNACIONALMX,<\/p>\n<p><a href=\"https:\/\/www.youtube.com\/channel\/UC-tRj-SgLzCxLZjVP7ICAcg\" target=\"_blank\" rel=\"noopener\">https:\/\/www.youtube.com\/channel\/UC-tRj-SgLzCxLZjVP7ICAcg<\/a><br \/><a href=\"https:\/\/www.instagram.com\/ptnacionalmx\/?hl=es\">https:\/\/www.instagram.com\/ptnacionalmx\/?hl=es\u00a0<\/a><\/p>\n<p><a href=\"https:\/\/es-la.facebook.com\/PTNACIONALMX\/\">https:\/\/es-la.facebook.com\/PTNACIONALMX\/<\/a><br \/><a href=\"https:\/\/partidodeltrabajo.org.mx\/2017\/\">https:\/\/partidodeltrabajo.org.mx\/2017\/<\/a><\/p>\n\t\t\t\t\t\t\t\t\t\t\t\t<a href=\"\">\u2022 Gobernabilidad y Seguridad<\/a>\n\t\t\t\t\t<p><b>En el \u00c1mbito Local.<\/b><\/p>\n<ul>\n<li style=\"font-weight: 400;\" aria-level=\"1\"><b>\u00a0<\/b>Para hacer frente de manera eficaz al problema de la Seguridad P\u00fablica, el Partido del Trabajo propone una revisi\u00f3n exhaustiva de los ordenamientos legales que regulan la actividad del gobierno en el combate a la delincuencia, particularmente en estos aspectos.\n<ol>\n<li style=\"font-weight: 400;\" aria-level=\"2\">Prevenci\u00f3n de la Delincuencia<\/li>\n<li style=\"font-weight: 400;\" aria-level=\"2\">Procuraci\u00f3n de Justicia en las fases de averiguaci\u00f3n previa y proceso penal.<\/li>\n<li style=\"font-weight: 400;\" aria-level=\"2\">Actuaci\u00f3n de los \u00f3rganos jurisdiccionales<\/li>\n<\/ol>\n<\/li>\n<\/ul>\n<p>\u00a0<\/p>\n<ul>\n<li style=\"font-weight: 400;\" aria-level=\"1\">Debemos generar pol\u00edticas p\u00fablicas encaminadas a la prevenci\u00f3n del delito. As\u00ed como una cultura de respeto a los Derechos Humanos.<\/li>\n<li style=\"font-weight: 400;\" aria-level=\"1\">Proponemos un cambio de paradigma en la cultura de la legalidad en este pa\u00eds; que la gente tenga confianza en denunciar porque sepa que se aplicara la justicia. En el mismo sentido, combatir con firmeza el abuso de autoridad.<\/li>\n<li style=\"font-weight: 400;\" aria-level=\"1\">Proponemos acabar con la impunidad y la corrupci\u00f3n en la aplicaci\u00f3n de la justicia. Lo que se requiere es que quien infrinja la ley sea adecuadamente aprehendido, llevado a su debido proceso y sentenciado a cumplir la pena correspondiente y sea aplicada sin distinci\u00f3n.\u00a0<\/li>\n<li style=\"font-weight: 400;\" aria-level=\"1\">Debemos promover que los ciudadanos tengan contacto directo con las autoridades para poder fijar las estrategias de seguridad p\u00fablica y de seguridad nacional. As\u00ed como se confieren obligaciones a estos, tambi\u00e9n se les deben brindar atribuciones en la toma de decisiones en tema tan sensible<\/li>\n<\/ul>\n<p>P\u00e1g. 34<\/p>\n<p>\u00a0<\/p>\n<p><b>\u00c1mbito Nacional.<\/b><\/p>\n<p>Una de las demandas m\u00e1s sentidas de la poblaci\u00f3n es la que se refiere a las medidas de prevenci\u00f3n y combate a la delincuencia. La inseguridad es un problema que ha crecido exponencialmente y que afecta a pr\u00e1cticamente toda la poblaci\u00f3n del pa\u00eds. Los mexicanos hemos visto con asombro el crecimiento impresionante de la delincuencia. Las encuestas recientes con relaci\u00f3n a los principales problemas que padecemos la sit\u00faan en el primer lugar. Inclusive, comparativamente hablando, estamos dentro de los pa\u00edses con los \u00edndices m\u00e1s altos de delincuencia a nivel mundial.\u00a0<\/p>\n<p>\u00a0<\/p>\n<p>Como sabemos, las dos principales razones de esta situaci\u00f3n son la crisis econ\u00f3mica y pol\u00edtica que padecemos, y el narcotr\u00e1fico. Hay una relaci\u00f3n directa entre ambos fen\u00f3menos. La imposibilidad de resolver esas dos cuestiones en el corto plazo nos ubica en una perspectiva en donde los delitos, lamentablemente, mantendr\u00e1n su alto nivel de incidencia.<\/p>\n<p>\u00a0<\/p>\n<p>La sociedad mexicana se ve agravada por la constante comisi\u00f3n de delitos de todo tipo, sin importar que estos sean del Fuero Federal o del Fuero Com\u00fan. La respuesta de la autoridad ha sido ineficaz e ineficiente. Seg\u00fan datos oficiales, del cien por ciento de delitos cometidos al menos el noventa por ciento no son perseguidos y del restante diez por ciento s\u00f3lo un cuatro por ciento concluye con sentencias condenatorias en primera instancia, que posteriormente pueden ser modificadas v\u00eda apelaci\u00f3n o amparo que benefician a los delincuentes y que los deja en libertad.\u00a0<\/p>\n<p>\u00a0<\/p>\n<p>Por esta raz\u00f3n el Partido del Trabajo est\u00e1 convencido de la necesidad de revisar a fondo el tema de la seguridad p\u00fablica y de la procuraci\u00f3n e impartici\u00f3n de justicia.\u00a0<\/p>\n<p>En nuestro pa\u00eds se ha configurado una tipolog\u00eda delictiva que sustenta y alimenta el grave deterioro que tenemos en la seguridad p\u00fablica:<\/p>\n<p>\u00a0<\/p>\n<ol>\n<li style=\"font-weight: 400;\" aria-level=\"1\">Los delitos se derivan directamente de la crisis econ\u00f3mica y social que hemos vivido en las d\u00e9cadas recientes, que se cometen por hambre e ignorancia.<\/li>\n<li style=\"font-weight: 400;\" aria-level=\"1\">Los delitos que comete el delincuente individual como oficio o modus vivendi.<\/li>\n<li style=\"font-weight: 400;\" aria-level=\"1\">Los delitos realizados por las bandas organizadas.<\/li>\n<li style=\"font-weight: 400;\" aria-level=\"1\">Los delitos cometidos por la delincuencia gubernamental.<\/li>\n<\/ol>\n<p>\u00a0<\/p>\n<p>Es pertinente destacar que la Seguridad P\u00fablica es una funci\u00f3n a cargo del Estado que tiene como fines salvaguardar la integridad y derechos de las personas, as\u00ed como preservar las libertades, el orden y la paz p\u00fablica. En consecuencia, la obligaci\u00f3n del Estado es la de salvaguardar la integridad de los gobernados y de mantener sus libertades. Sin embargo, es evidente que esta obligaci\u00f3n no ha sido cumplida debidamente por el Poder P\u00fablico.\u00a0<\/p>\n<p>\u00a0<\/p>\n<p>Para poder atacar de manera eficaz el problema de la Seguridad P\u00fablica el Partido del Trabajo propone una revisi\u00f3n exhaustiva de los ordenamientos legales que regulan la actividad del gobierno en el combate a la delincuencia particularmente en estos aspectos:<\/p>\n<p>\u00a0<\/p>\n<p>El Partido del Trabajo propondr\u00e1 que se elaboren pol\u00edticas p\u00fablicas encaminadas a la prevenci\u00f3n del delito. As\u00ed como una cultura de respeto a los Derechos Humanos.\u00a0<\/p>\n<p>Proponemos un cambio de paradigma en la cultura de la legalidad en este pa\u00eds; que la gente tenga confianza en denunciar porque sepa que se aplicar\u00e1 la justicia. En el mismo sentido, combatir con firmeza el abuso de autoridad.\u00a0<\/p>\n<p>Planteamos acabar con la impunidad y la corrupci\u00f3n en la aplicaci\u00f3n de la justicia. Lo que se requiere es que quien infrinja la ley sea adecuadamente aprehendido, llevado a su debido proceso y sentenciado a cumplir la pena correspondiente, la cual sea aplicada sin distinci\u00f3n.<\/p>\n<p>Debemos promover que los ciudadanos tengan contacto directo con las autoridades para poder fijar las estrategias de seguridad p\u00fablica y de seguridad nacional. As\u00ed como se confieren obligaciones a \u00e9stos, tambi\u00e9n se les deben brindar atribuciones en la toma de decisiones en un tema tan sensible.\u00a0<\/p>\n<p>El Partido del Trabajo est\u00e1 obligado a responder a la sociedad con medidas legales que permitan afrontar el combate a la delincuencia, as\u00ed como de dotar a las instituciones encargadas de procurar justicia de los instrumentos legales que les permitan cumplir de mejor manera su unci\u00f3n.\u00a0<\/p>\n<p>Los legisladores electos por el pueblo y que emanen del Partido del Trabajo nos comprometemos a trabajar constantemente en beneficio de las grandes mayor\u00edas de este pa\u00eds<\/p>\n<p>P\u00e1gs. 14,15<\/p>\n\t\t\t\t\t\t\t\t\t\t\t\t<a href=\"\">\u2022 Movilidad<\/a>\n\t\t\t\t\t<p><b>\u00c1mbito Local.<\/b><\/p>\n<p>Las inversiones p\u00fablicas, a lo largo del desarrollo de Guadalajara y su zona conurbada, han seguido tendencias nacionales y de atenci\u00f3n a corto plazo y coyunturales, derivadas de la falta de estabilidad institucional en la administraci\u00f3n p\u00fablica. Las obras realizadas est\u00e1n estrechamente ligadas a los periodos pol\u00edticos y por lo tanto, carecen de una visi\u00f3n de largo plazo y continuidad, en mayor grado y por lo corto de los periodos, en el nivel municipal.<\/p>\n<p>Asimismo al no incorporar los an\u00e1lisis de costo-beneficio, acaban atendiendo efectos y no las causas. Un ejemplo de lo anterior es el predominio de obras de infraestructura para el autom\u00f3vil (principalmente concentrada en determinados ejes viales) que acabaron generando m\u00e1s congesti\u00f3n de la que se pretend\u00eda aliviar y un c\u00edrculo vicioso de construcci\u00f3n de v\u00edas vehiculares, promoci\u00f3n inmobiliaria, aumento en el tiempo de viajes, congesti\u00f3n vehicular. La visi\u00f3n parcial de progreso que domina desde mediados del siglo XX y hasta lo que vamos del siglo XXI, promueve una movilidad deficiente, por el aumento en el n\u00famero del parque vehicular y al no atender los viajes, que son en mayor\u00eda en modo peatonal, ciclista y de transporte colectivo, el 26% de los viajes se realizan en autom\u00f3vil ocupando m\u00e1s del 90% de las v\u00edas urbanas; mientras que el resto de la vialidad (10%) es ocupado por el 34% de los viajeros en transporte p\u00fablico, 38% a pie y 2% en bicicleta. Es decir, la congesti\u00f3n recae esencialmente en los movimientos de un porcentaje bajo de la poblaci\u00f3n, de veh\u00edculos privados.<\/p>\n<p>P\u00e1gs. 30,31<\/p>\n<p><b>\u00c1mbito Nacional.<\/b><\/p>\n<p>Las zonas incomunicadas por el desarrollo urbano sin control o por topograf\u00eda representan otro aspecto que puede suscitar la aparici\u00f3n de diversas formas de violencia urbana. Como lo mencionamos con anterioridad con respecto al espacio p\u00fablico, en la medida en que existen vac\u00edos de infraestructura social, los mismos pueden ser llenados por diversas formas de imposici\u00f3n de voluntades, basadas en la violencia y el abuso. El aislamiento provocado por la configuraci\u00f3n f\u00edsica, hace dif\u00edcil las labores de vigilancia y prevenci\u00f3n de riesgos, y sit\u00faa a los desarrollos de forma desarticulada de la ciudad. La inaccesibilidad urbana genera dependencias en materia de transporte y distancias a los servicios de salud, educaci\u00f3n, de emergencia, etc., con el resultante malestar y frustraci\u00f3n.<\/p>\n<p>En la mayor\u00eda de los casos, estos sectores aislados se encuentran en situaciones de pobreza, bajos niveles educativos y marginaci\u00f3n, sin capacidades de autogesti\u00f3n. En las colonias producto de la ocupaci\u00f3n irregular, en particular en terrenos de origen ejidal, todav\u00eda es notorio el control de los l\u00edderes en los procesos de dotaci\u00f3n de servicios de diversa \u00edndole. En otras colonias, de origen m\u00e1s heterog\u00e9neo o con ausencia de liderazgos locales, pandillas de j\u00f3venes y grupos organizados, se disputan el control del territorio y se apropian no solo de las esquinas, sino de casas habitaci\u00f3n vac\u00edas, con el fin de llevar a cabo acciones il\u00edcitas o de reproducci\u00f3n de grupo.<\/p>\n<p>Los problemas de accesibilidad pueden aliviarse mediante programas de pavimentaci\u00f3n y el dise\u00f1o de redes viales y para el transporte p\u00fablico. En este sentido es importante la definici\u00f3n de las calles que se requiere mejorar prioritariamente, as\u00ed como la gesti\u00f3n para lograr una conexi\u00f3n adecuada con la trama urbana m\u00e1s pr\u00f3xima.<\/p>\n<p>Tres cuartas partes de la poblaci\u00f3n mexicana viven en localidades urbanas. La gran mayor\u00eda radica en ciudades medias y grandes que tienen o comienzan a tener los problemas propios de las urbes modernas. La vida urbana est\u00e1 marcada por los problemas de insuficiencia de vivienda, transporte, abasto, espacios verdes, crecimiento del desempleo y subempleo, proliferaci\u00f3n de la delincuencia, drogadicci\u00f3n y contaminaci\u00f3n ambiental, que encuentran su m\u00e1xima expresi\u00f3n en las colonias populares. A ello se suma la permanencia de formas arcaicas de dominaci\u00f3n pol\u00edtica y de gobierno, la ausencia de pol\u00edticas de desarrollo urbano integrales y los abusos sobre la ciudadan\u00eda por parte de los cuerpos polic\u00edacos, adem\u00e1s de problemas de salud f\u00edsica y mental provocados por la concentraci\u00f3n de poblaci\u00f3n en espacios reducidos.\u00a0<\/p>\n<p>Para enfrentar adecuadamente estos problemas y crear condiciones sanas de convivencia entre la poblaci\u00f3n urbana, el Partido del Trabajo instrumentar\u00e1 las siguientes orientaciones:\u00a0<\/p>\n<ol>\n<li style=\"font-weight: 400;\" aria-level=\"1\">Impulso firme a la descentralizaci\u00f3n y desconcentraci\u00f3n urbana, apoyo a las ciudades medias y peque\u00f1as, que tienen potencial de desarrollo e incremento sustancial de los recursos de que participan los municipios, con la asignaci\u00f3n de recursos en proporci\u00f3n a su tama\u00f1o y necesidades.\u00a0<\/li>\n<li style=\"font-weight: 400;\" aria-level=\"1\">Formulaci\u00f3n de pol\u00edticas y disposiciones legales para la reorganizaci\u00f3n de la vida municipal, que pongan fin a los cacicazgos y negocios il\u00edcitos que se realizan al amparo del poder.\u00a0<\/li>\n<li style=\"font-weight: 400;\" aria-level=\"1\">Impulso a la organizaci\u00f3n aut\u00f3noma de la sociedad en sus diversas demarcaciones territoriales y formas de expresi\u00f3n, para que asuma tareas de gesti\u00f3n de servicios, representaci\u00f3n vecinal y formaci\u00f3n de organismos de cooperaci\u00f3n y consulta con las autoridades municipales.\u00a0<\/li>\n<li style=\"font-weight: 400;\" aria-level=\"1\">Formulaci\u00f3n de pol\u00edticas de desarrollo regional y urbano, acordes con los problemas de las ciudades y la demanda de sus habitantes.<\/li>\n<\/ol>\n<p>Pags. 24.25<\/p>\n\t\t\t\t\t\t\t\t\t\t\t\t<a href=\"\">\u2022 Desarrollo Econ\u00f3mico, Empleo y Salario<\/a>\n\t\t\t\t\t<p><b>La Plataforma Econ\u00f3mica del Partido del Trabajo plantea la reestructuraci\u00f3n y reordenamiento de la pol\u00edtica econ\u00f3mica y de la estrategia de desarrollo, orientadas a<\/b>:<\/p>\n<p><b>\u00c1mbito Local.\u00a0<\/b><\/p>\n<ul>\n<li style=\"font-weight: 400;\" aria-level=\"1\">Reforzar el modelo econ\u00f3mico para el crecimiento y desarrollo nacional, con una distribuci\u00f3n menos desigual y m\u00e1s igualitaria de la pobreza.<\/li>\n<li style=\"font-weight: 400;\" aria-level=\"1\">Continuar impulsando el incremento progresivo y significativo del salario real, para incrementar la demanda efectiva y ampliar el mercado interno, lo que se traducir\u00eda en aumentos en la inversi\u00f3n privada y la generaci\u00f3n de m\u00e1s empleos.<\/li>\n<li style=\"font-weight: 400;\" aria-level=\"1\">Proponemos la aplicaci\u00f3n de pol\u00edticas monetaria, crediticia, fiscal, comercial y cambiaria indispensables para reactivar la econom\u00eda, incrementar el empleo productivo bien remunerado, erradicar la pobreza y las grandes desigualdades productivas, sectoriales, regionales y de ingreso.<\/li>\n<li style=\"font-weight: 400;\" aria-level=\"1\">Dejar de favorecer aquellos sectores nacionales y extranjeros que siguen lucrando y enriqueci\u00e9ndose a costa de la descapitalizaci\u00f3n de la esfera productiva y del deterioro del nivel de vida de la mayor\u00eda de los mexicanos. Se precisa que la pol\u00edtica econ\u00f3mica cambie sus objetivos e instrumentos. En lugar de seguir actuando en favor del capital financiero y especulativo, se pasar\u00e1 a priorizar objetivos de crecimiento econ\u00f3mico generalizado, de empleo y mejor distribuci\u00f3n del ingreso.<\/li>\n<li style=\"font-weight: 400;\" aria-level=\"1\">Restablecer la rector\u00eda econ\u00f3mica del Estado para garantizar el Bienestar Social. Se requiere de la intervenci\u00f3n firme y decidida del Estado para enfrentar los efectos sobre M\u00e9xico de la actual crisis mundial provocada por la pandemia y coordinar las acciones del sector privado y p\u00fablico en torno a crear las condiciones productivas, financieras y macroecon\u00f3micas\u00a0 para el posterior crecimiento sostenido, equitativo y soberano.<\/li>\n<li style=\"font-weight: 400;\" aria-level=\"1\">Recuperar el control estatal de sectores estrat\u00e9gicos y de infraestructura b\u00e1sica para asegurar su desarrollo.<\/li>\n<li style=\"font-weight: 400;\" aria-level=\"1\">Colocar al mercado interno como motor del crecimiento sustentado en la producci\u00f3n de bienes de consumo generalizado, con altos efectos multiplicadores internos.<\/li>\n<li style=\"font-weight: 400;\" aria-level=\"1\">Retomar la pol\u00edtica industrial para reconstruir y desarrollar las cadenas productivas. Esto requiere instrumentar pol\u00edticas industriales, acompa\u00f1adas de pol\u00edticas crediticias, de subsidios, y de fortalecimiento del mercado interno.<\/li>\n<li style=\"font-weight: 400;\" aria-level=\"1\">Recuperar la soberan\u00eda alimentaria y energ\u00e9tica.<\/li>\n<li style=\"font-weight: 400;\" aria-level=\"1\">Capitalizar y desarrollar el agro en Jalisco<\/li>\n<li style=\"font-weight: 400;\" aria-level=\"1\">Generar y mantener una pol\u00edtica fiscal antic\u00edclica. Proponemos que el gobierno incremente el gasto p\u00fablico para defender la econom\u00eda popular, resguardar el aparato productivo nacional y estimular la econom\u00eda nacional en esta etapa de crisis mundial.<\/li>\n<li style=\"font-weight: 400;\" aria-level=\"1\">Implementar una adecuada pol\u00edtica fiscal y mejorar la redistribuci\u00f3n del ingreso.<\/li>\n<li style=\"font-weight: 400;\" aria-level=\"1\">Una pol\u00edtica monetaria en favor del crecimiento. La pol\u00edtica debe satisfacer los requerimientos de liquidez y financiamiento que demanda la reconstrucci\u00f3n productiva del pa\u00eds.<\/li>\n<\/ul>\n<p>\u00a0<\/p>\n<p><b>\u00c1mbito Nacional.\u00a0<\/b><\/p>\n<ol>\n<li><b>\u00a0Recuperar el control estatal de sectores estrat\u00e9gicos y de la infraestructura b\u00e1sica, y asegurar su desarrollo. <\/b>Se debe continuar con la pol\u00edtica de frenar y revertir la privatizaci\u00f3n de sectores estrat\u00e9gicos, tales como la industria el\u00e9ctrica y petrolera, as\u00ed como de la infraestructura b\u00e1sica, pues ello impide el desarrollo econ\u00f3mico y s\u00f3lo beneficia a quienes acceden al control de dichos sectores. El desarrollo de los sectores estrat\u00e9gicos y la infraestructura b\u00e1sica debe ser dirigido por el Estado. El gobierno tendr\u00e1 mejores condiciones de incrementar impuestos y su recaudaci\u00f3n en el contexto de un mayor crecimiento econ\u00f3mico. Asimismo, la banca, sector estrat\u00e9gico por excelencia, debe ser regulada y supervisada por el Estado para que desempe\u00f1e su papel de otorgar financiamiento a la esfera productiva.<\/li>\n<li><b>\u00a0Crecimiento.<\/b>\u00a0 La din\u00e1mica econ\u00f3mica nacional no debe depender del mercado externo, el cual se encuentra contra\u00eddo y adem\u00e1s nos somete a una alta vulnerabilidad, sobre todo en el actual contexto de crisis mundial. Proponemos que sea el mercado interno el motor del crecimiento, sustentado en la producci\u00f3n de bienes de consumo generalizado, con altos efectos multiplicadores internos. Ello requiere la expansi\u00f3n del gasto p\u00fablico, multiplicar el empleo y aumentar los salarios reales, as\u00ed como mejorar la distribuci\u00f3n del ingreso a favor de los sectores m\u00e1s despose\u00eddos de la sociedad para incentivar la demanda efectiva interna. Para que el crecimiento del mercado interno genere una din\u00e1mica sostenida en la econom\u00eda se precisa que la demanda tenga un gran componente nacional, y esto se expresa en efectos multiplicadores internos<\/li>\n<li><b>Retomar la pol\u00edtica industrial para reconstruir y desarrollar las cadenas productivas.<\/b> Es importante reconstruir las cadenas productivas e impulsar el proceso de sustituci\u00f3n de importaciones. Esto requiere instrumentar pol\u00edticas industriales, acompa\u00f1adas de pol\u00edticas crediticias, de subsidios, y de fortalecimiento del mercado interno. El sector industrial debe reordenarse favoreciendo el desarrollo de las ramas productivas de bienes de consumo masivo de alto componente de insumos nacionales.\u00a0<\/li>\n<li><b>Capitalizar y desarrollar el agro mexicano.<\/b> Juntamente con el desarrollo industrial, debe avanzarse en el impulso a la producci\u00f3n del sector agropecuario para que abastezca el crecimiento de la demanda interna, disminuya importaciones y genere excedentes susceptibles de ser exportados para la obtenci\u00f3n de divisas necesarias para el crecimiento sostenido de la econom\u00eda. La recuperaci\u00f3n de la din\u00e1mica agr\u00edcola requiere de financiamiento barato, del crecimiento del mercado interno, de pol\u00edticas de subsidios, as\u00ed como de una pol\u00edtica proteccionista, que evite que las importaciones desplacen a la producci\u00f3n nacional en nuestro mercado interno.<\/li>\n<li><b>Pol\u00edtica fiscal antic\u00edclica.<\/b> Las finanzas p\u00fablicas se encuentran presionadas por la creciente deuda p\u00fablica interna y externa. La pol\u00edtica fiscal debe promover el crecimiento, la generaci\u00f3n de empleos y el bienestar social. La pol\u00edtica fiscal debe ser contra c\u00edclica a fin de contrarrestar la ca\u00edda de las exportaciones y as\u00ed frenar la contracci\u00f3n de la actividad econ\u00f3mica, sobre todo ahora que se magnifica y profundiza la crisis econ\u00f3mica mundial. Para recuperar el manejo productivo de la pol\u00edtica fiscal, se deben reducir los gastos por concepto del pago del servicio de la deuda. Con el prop\u00f3sito de anteponer el inter\u00e9s nacional, de los productores y de los trabajadores al del capital extranjero, es preciso renegociar con los acreedores internos y externos. El incremento del gasto p\u00fablico es indispensable para dinamizar el mercado interno y desempe\u00f1ar as\u00ed un papel antic\u00edclico frente a los efectos sobre nuestro pa\u00eds de la crisis mundial. En el Presupuesto Federal se debe ampliar el gasto p\u00fablico orientado al desarrollo social, en educaci\u00f3n, salud, alimentaci\u00f3n y vivienda de la poblaci\u00f3n m\u00e1s necesitada de tales servicios. Por ello, en nuestra Plataforma Electoral proponemos que el gobierno incremente el gasto p\u00fablico para defender la econom\u00eda popular, resguardar el aparato productivo nacional y estimular la econom\u00eda nacional en esta etapa de crisis mundial.<\/li>\n<li><b>Pol\u00edtica fiscal y la redistribuci\u00f3n del ingreso.<\/b> La mejor distribuci\u00f3n del ingreso debe ir acompa\u00f1ada de una pol\u00edtica fiscal que grave a los sectores de m\u00e1s altos ingresos, como el sector financiero y especulativo y los vinculados al comercio exterior. Ello permitir\u00eda realizar una transferencia de recursos en favor de los sectores m\u00e1s desfavorecidos a trav\u00e9s de un mayor gasto p\u00fablico en salud, educaci\u00f3n, alimentaci\u00f3n y vivienda. Los sectores de m\u00e1s bajos ingresos y la esfera productiva de bienes de consumo generalizado y con grandes efectos multiplicadores internos, no s\u00f3lo deben ser desgravados, sino fomentados y apoyados a trav\u00e9s de subsidios y de gasto p\u00fablico. Proponemos, asimismo, la adopci\u00f3n e instrumentaci\u00f3n del impuesto patrimonial, que es un impuesto que grava a quien m\u00e1s tiene sin afectar la inversi\u00f3n y el crecimiento. Dicho impuesto es redistributivo y favorece el crecimiento, pues permitir\u00eda aumentar el gasto p\u00fablico en favor de los m\u00e1s desprotegidos para incrementar la demanda de \u00e9stos, y as\u00ed reactivar la econom\u00eda.<\/li>\n<li><b>Pol\u00edtica monetaria en favor del crecimiento.<\/b> La pol\u00edtica monetaria contraccionista debe replantearse, lo que implica modificar la Constituci\u00f3n. Dicha pol\u00edtica no debe buscar exclusivamente la reducci\u00f3n de la inflaci\u00f3n a cualquier costo. Los objetivos de la pol\u00edtica monetaria deben orientarse a promover el crecimiento sostenido y generalizado de la econom\u00eda, en una perspectiva de reducir la inflaci\u00f3n con base en la productividad. La pol\u00edtica monetaria debe satisfacer los requerimientos de liquidez y financiamiento que demanda la reconstrucci\u00f3n productiva del pa\u00eds. La estabilidad monetaria debe contribuir a crear las condiciones productivas, financieras y macroecon\u00f3micas que compatibilicen una baja inflaci\u00f3n con el crecimiento econ\u00f3mico sostenido, la redistribuci\u00f3n equitativa del ingreso y la soberan\u00eda nacional.<\/li>\n<li><b>Reestructuraci\u00f3n, regulaci\u00f3n y coordinaci\u00f3n del sector bancario y financiero.<\/b> Para retomar el financiamiento, nuestra Plataforma Econ\u00f3mica propone que el Estado retome su papel rector de la actividad econ\u00f3mica, y, por lo tanto, recupere el manejo de la pol\u00edtica monetaria y crediticia, y refuncionalizar las instituciones p\u00fablicas de financiamiento para el desarrollo existentes. El Partido del Trabajo plantea adem\u00e1s la reestructuraci\u00f3n del sector financiero. El gobierno debe impulsar no s\u00f3lo la banca de desarrollo, sino tambi\u00e9n debe tener banca comercial para que la banca extranjera no monopolice el sistema de pagos en el pa\u00eds, pues ello le da un control absoluto sobre la pol\u00edtica crediticia y sobre los rumbos de la vida econ\u00f3mica nacional. El Estado debe ejercer mayor fiscalizaci\u00f3n y control sobre el banco central y la banca extranjerizada a fin de que \u00e9stas otorguen financiamiento preferencial a sectores productivos con alto componente nacional y efecto multiplicador interno para impulsar as\u00ed din\u00e1micas m\u00e1s auto sustentadas y menos vulnerables.<\/li>\n<li><b>Revisi\u00f3n de las pol\u00edticas de liberalizaci\u00f3n econ\u00f3mica.<\/b> La revisi\u00f3n de la apertura comercial es imprescindible para proteger y preservar la planta productiva nacional y el empleo. El movimiento externo de mercanc\u00edas debe ser regulado y controlado por el Estado para evitar pr\u00e1cticas de competencia desleal en detrimento de la producci\u00f3n nacional y de la balanza comercial. Lo mismo debe ocurrir con el movimiento externo de capitales para impedir pr\u00e1cticas especulativas que desquician el funcionamiento del mercado de capitales y el sector bancario, y presionan sobre la tasa de inter\u00e9s y el tipo de cambio. La inversi\u00f3n extranjera directa debe ser regulada y canalizada a favor de sectores productivos de alto componente nacional y efecto multiplicador interno, que favorezcan el desarrollo tecnol\u00f3gico y la sustituci\u00f3n de importaciones, sobre todo de bienes de capital, y el aumento de las exportaciones con alto valor agregado nacional. Ello es indispensable para reconstruir nuestro desarrollo industrial en una perspectiva de mayor integraci\u00f3n interna y menor vulnerabilidad externa de la econom\u00eda.<br \/><b><\/b><\/li>\n<li><b>Replantear las relaciones econ\u00f3micas con Estados Unidos y vincularnos m\u00e1s con pa\u00edses de caracter\u00edsticas econ\u00f3micas similares.<\/b> El Partido del Trabajo propone que nuestro pa\u00eds vea m\u00e1s hacia Am\u00e9rica Latina y el Caribe y hacia los pa\u00edses asi\u00e1ticos, y no seguir profundizando los v\u00ednculos con Estados Unidos como se ha venido haciendo en las \u00faltimas d\u00e9cadas. Debemos buscar una mayor integraci\u00f3n latinoamericana y caribe\u00f1a para negociar en bloque con Estados Unidos, para anteponer los intereses nacionales y latinoamericanos en toda negociaci\u00f3n comercial y financiera frente a dicho pa\u00eds.<b><\/b><br \/><b><\/b><\/li>\n<li><b>Configurar una correlaci\u00f3n de fuerzas favorable para la construcci\u00f3n de un Nuevo Proyecto de Naci\u00f3n.<\/b> Construir un Nuevo Proyecto de Naci\u00f3n en el actual proceso de globalizaci\u00f3n y de crisis mundial implica un desaf\u00edo de grandes proporciones, pues exige no s\u00f3lo cambiar la actual correlaci\u00f3n de fuerzas nacionales, sino a nivel internacional. Para realizar los cambios estructurales y de las pol\u00edticas p\u00fablicas vigentes, se requiere que los productores y trabajadores industriales, agr\u00edcolas y de servicios se movilicen y tengan participaci\u00f3n activa, porque s\u00f3lo as\u00ed se lograr\u00e1 la adopci\u00f3n e instrumentaci\u00f3n de las medidas que favorezcan el desarrollo nacional y el bienestar social. Se requiere de la unidad nacional, para cambiar la correlaci\u00f3n de fuerzas predominante en el pa\u00eds.<b><\/b><br \/><b><\/b><\/li>\n<li><b>Pol\u00edtica de alianzas para el cumplimiento de objetivos nacionales.<\/b> La propuesta del Partido del Trabajo est\u00e1 encaminada a configurar acuerdos nacionales con otros partidos y fuerzas pol\u00edticas y con los m\u00e1s amplios sectores de la sociedad para que juntos cambiemos la correlaci\u00f3n de fuerzas, y as\u00ed podamos establecer un Nuevo Proyecto Nacional democr\u00e1tico y con equidad econ\u00f3mica y social. Proponemos un esquema de alianzas por un nuevo orden internacional m\u00e1s justo, equitativo y democr\u00e1tico que nos lleve a depender menos del exterior y permita retomar el manejo soberano de pol\u00edtica econ\u00f3mica en una perspectiva diferente al neoliberalismo, para recuperar y reconstruir la participaci\u00f3n del Estado en la econom\u00eda, que frene las pr\u00e1cticas especulativas, el proceso de extranjerizaci\u00f3n, y que atienda las demandas nacionales, sobre todo la de las grandes mayor\u00edas del pa\u00eds.<b><\/b><br \/><b><\/b><\/li>\n<li><b>Democratizaci\u00f3n de la toma de decisiones y supervisi\u00f3n del cumplimiento de los objetivos nacionales.<\/b> El Partido del Trabajo se pronuncia por la participaci\u00f3n de la ciudadan\u00eda y de organizaciones sociales en el control y supervisi\u00f3n de las actividades de las instituciones p\u00fablicas y de las grandes empresas y sectores estrat\u00e9gicos, sean p\u00fablicos o privados, con el fin de combatir la corrupci\u00f3n, garantizar la transparencia de sus acciones y funciones, y asegurar el cumplimiento de los objetivos nacionales. La premisa de la cual partimos para nuestra plataforma econ\u00f3mica es el avance de la democracia en todos los planos de la vida nacional, lo que demanda la apertura de los medios de comunicaci\u00f3n al debate de las ideas y proyectos, cuesti\u00f3n indispensable para la toma de conciencia de la poblaci\u00f3n. S\u00f3lo as\u00ed las grandes mayor\u00edas podr\u00e1n anteponer un Nuevo Proyecto de Naci\u00f3n a quienes hoy detentan el poder econ\u00f3mico y pol\u00edtico, y frenar y revertir la inercia desnacionalizadora, de descapitalizaci\u00f3n productiva y de extensi\u00f3n y profundizaci\u00f3n de la pobreza en que se encuentra M\u00e9xico.<\/li>\n<\/ol>\n<p>\u00a0\u00a0P\u00e1gs. 12, 13, 14 y 34<\/p>\n\t\t\t\t\t\t\t\t\t\t\t\t<a href=\"\">\u2022 Medio Ambiente<\/a>\n\t\t\t\t\t<p><b>\u00c1mbito Nacional.<\/b><\/p>\n<p>Las condiciones ecol\u00f3gicas en las que vivimos actualmente los mexicanos son alarmantemente graves. La agudizaci\u00f3n de problem\u00e1ticas como la contaminaci\u00f3n del agua por uso industrial, el empobrecimiento de mares y suelos, la poluci\u00f3n del aire, la constante devastaci\u00f3n de bosques y selvas, las escasez de recursos acu\u00edferos especialmente en regiones de mayor concentraci\u00f3n poblacional, as\u00ed como el deterioro de las condiciones de vida en los pueblos y las grandes zonas metropolitanas (como el DF, Monterrey y Guadalajara), se debe a un rotundo fracaso de las pol\u00edticas p\u00fablicas del actual gobierno.<\/p>\n<p>\u00a0<\/p>\n<p>La urgencia por atender estas situaciones requiere que entendamos el profundo impacto que tienen en materia de salud, educaci\u00f3n, desarrollo y crecimiento econ\u00f3mico, y en general para lograr un verdadero mejoramiento del pa\u00eds en un enfoque integral de sustentabilidad. Por tanto, y para atacar coordinadamente el conjunto de problemas mencionados, el Partido del Trabajo propone cuatro tipos de medidas principales:\u00a0<\/p>\n<ol>\n<li style=\"font-weight: 400;\" aria-level=\"1\">Elaborar un Plan Nacional de Protecci\u00f3n y Mejoramiento Ambiental con la participaci\u00f3n de los mejores especialistas, las universidades y las organizaciones sociales y civiles del pa\u00eds, con la aportaci\u00f3n de cin\u00e9ticos extranjeros del m\u00e1s alto nivel mundial.<\/li>\n<li style=\"font-weight: 400;\" aria-level=\"1\">Incorporar m\u00e1s ampliamente a la poblaci\u00f3n y a las organizaciones sociales y civiles en la lucha por la protecci\u00f3n y mejoramiento del medio ambiente y la calidad de vida, a trav\u00e9s de la creaci\u00f3n de una organizaci\u00f3n no gubernamental de Defensor\u00eda del Medio Ambiente y Calidad de Vida, cuyas funciones ser\u00e1n recibir, analizar y dictaminar las demandas que se hagan al respecto, para posteriormente gestionar ante el gobierno las acciones pertinentes.<\/li>\n<li style=\"font-weight: 400;\" aria-level=\"1\">Fortalecer los aspectos culturales y educativos de la lucha a favor de la salud y la recuperaci\u00f3n ecol\u00f3gica.<\/li>\n<li style=\"font-weight: 400;\" aria-level=\"1\">Modificar la legislaci\u00f3n vigente para reforzar el combate penal y administrativo contra las pr\u00e1cticas destructivas y contaminantes.\u00a0<\/li>\n<li style=\"font-weight: 400;\" aria-level=\"1\">Impulsar firmemente la cooperaci\u00f3n internacional para resolver los problemas ambientales del mundo, de Am\u00e9rica Latina y de M\u00e9xico en particular.<\/li>\n<\/ol>\n<p>P\u00e1g.26<\/p>\n\t\t\t\t\t\t\t\t\t\t\t\t<a href=\"\">\u2022 Desarrollo Humano<\/a>\n\t\t\t\t\t<h5>\u00c1mbito Local.<\/h5>\n<p>Con respecto a la pobreza, el CONEVAL considera:<\/p>\n<ol>\n<li aria-level=\"1\">Pobreza de capacidades: Es\u00a0 la insuficiencia de ingreso disponible para adquirir el valor de la canasta alimentaria y adem\u00e1s efectuar los gastos necesarios en salud y educaci\u00f3n, aun dedicando el ingreso total de los hogares solo a estos fines.<\/li>\n<li aria-level=\"1\">Pobreza de Patrimonio: Es\u00a0 la insuficiencia de ingreso disponible para adquirir el valor de la canasta alimentaria y adem\u00e1s efectuar los gastos necesarios en salud y educaci\u00f3n, adem\u00e1s de satisfacer las necesidades de vestido, vivienda, transporte, aun cuando la totalidad del ingreso del hogar fuera utilizado exclusivamente para la adquisici\u00f3n de estos bienes y servicios.<\/li>\n<\/ol>\n<ul>\n<li aria-level=\"1\">Combate a la pobreza y a la desigualdad social<\/li>\n<\/ul>\n<ul>\n<li aria-level=\"1\">Pugnamos porque el Estado se ocupe realmente para salvaguardar los derechos del individuo, del ciudadano y los derechos sociales<\/li>\n<\/ul>\n<ul>\n<li aria-level=\"1\">Se debe brindar atenci\u00f3n suficiente y efectiva a todos los j\u00f3venes y se les otorguen espacios educativos, de trabajo, culturales y deportivos.<\/li>\n<\/ul>\n<ul>\n<li aria-level=\"1\">Garantizar los derechos universales de las ni\u00f1as y los ni\u00f1os y promover su desarrollo humano e integral. Comenzando con la nutrici\u00f3n y la educaci\u00f3n inicial.<\/li>\n<\/ul>\n<ul>\n<li aria-level=\"1\">Luchamos porque la mujer debe tener un papel importante en la toma de decisiones en la familia, el trabajo, las organizaciones sociales y el gobierno. Pugnamos tambi\u00e9n por acabar con cualquier forma de discriminaci\u00f3n y violencia contra la mujer.<\/li>\n<\/ul>\n<ul>\n<li aria-level=\"1\">Pugnamos porque la salud debe ser un derecho constitucional de todos los mexicanos en todos sus aspectos: preventiva, reproductiva, curativa, mental, etc.<\/li>\n<\/ul>\n<p>\u00a0Pugnamos por una educaci\u00f3n p\u00fablica, laica, gratuita y de calidad con una cobertura al 100<\/p>\n<p>P\u00e1gs.32, 34<\/p>\n<h5><b>\u00c1mbito Nacional.<\/b><\/h5>\n<p>La modernidad de nuestro pa\u00eds depende de que resolvamos el atraso, la pobreza, la marginaci\u00f3n y la desigualdad social que existe. En M\u00e9xico, m\u00e1s de la mitad de la poblaci\u00f3n vive en condiciones de pobreza, y m\u00e1s de 20 millones de mexicanos viven en extrema pobreza, situaci\u00f3n que se ha mantenido por el modelo neoliberal del grupo gobernante, y que d\u00eda con d\u00eda la profundiza m\u00e1s y trasciende en un rompimiento del tejido social y la alteraci\u00f3n de la paz y el bienestar que tanto necesita M\u00e9xico para su desarrollo.\u00a0<\/p>\n<p>El \u00e1rea social es uno de los \u00e1mbitos de mayor prioridad para el Partido del Trabajo por ser \u00e9sta donde han repercutido con mayor agudeza los efectos negativos de la actual crisis econ\u00f3mica y de las pol\u00edticas gubernamentales llevadas a cabo en los \u00faltimos sexenios, que han provocado las crisis recurrentes que ha padecido nuestro pa\u00eds y de las repercusiones de nuestra inserci\u00f3n a la globalizaci\u00f3n en el marco de las pol\u00edticas neoliberales de las \u00faltimas tres d\u00e9cadas. Nuestro inter\u00e9s fundamental se centrar\u00e1 en los siguientes aspectos:\u00a0<\/p>\n<ol>\n<li><b><i> Combate a la pobreza y a la desigualdad social\u00a0<\/i><\/b><\/li>\n<\/ol>\n<p>M\u00e9xico al igual que la mayor\u00eda de las naciones en v\u00edas de desarrollo ha visto incrementar el nivel de pobreza y de pobreza extrema en su tejido social. La desigualdad en M\u00e9xico es peor que hace 50 a\u00f1os y el poder adquisitivo de los salarios actuales es menor al de hace m\u00e1s de tres d\u00e9cadas.\u00a0<\/p>\n<p>El propio Banco Mundial reconoce la magnitud que tom\u00f3 la pobreza en el mundo, se\u00f1alando que un tercio de la poblaci\u00f3n mundial vive en condiciones de extrema pobreza, mientras que casi la mitad de la poblaci\u00f3n mundial vive en situaci\u00f3n de pobreza. En el caso de M\u00e9xico, especialistas muestran estudios en los que se reconoce la existencia de m\u00e1s de 70 millones de mexicanos que viven en situaci\u00f3n de pobreza, mientras que en pobreza extrema viven m\u00e1s de 40 millones.\u00a0<\/p>\n<p>La pobreza se ha enraizado con mayor agudeza en el medio rural donde viven m\u00e1s de 25 millones de nuestros compatriotas. Es en el campo mexicano donde se encuentran los m\u00e1s pobres entre los pobres. Pero el medio urbano tampoco ha escapado a los efectos perniciosos de la pobreza y de la pobreza extrema. Millones de ni\u00f1os, ancianos y mujeres se debaten entre la desigualdad y la pobreza; entre la desnutrici\u00f3n y la ignorancia; entre la enfermedad y la muerte.\u00a0<\/p>\n<p>Por esa raz\u00f3n, el Partido del Trabajo se ha comprometido con la causa de los trabajadores y de los pobres de nuestra naci\u00f3n, incorporando la urgencia de llevar a cabo un combate frontal a la pobreza y en particular a la pobreza extrema. Para ello planteamos la exigencia de dar un cambio radical al modelo econ\u00f3mico vigente, desterrando la base de la producci\u00f3n de la pobreza en base a la implementaci\u00f3n de una pol\u00edtica de redistribuci\u00f3n del ingreso a trav\u00e9s de una reforma hacendaria integral progresiva que cobre m\u00e1s impuestos a los que m\u00e1s tienen, y garantice su car\u00e1cter redistributivo de la riqueza. La sociedad est\u00e1 harta, ya basta de socializar las p\u00e9rdidas y privatizar las ganancias.\u00a0<\/p>\n<p>Los programas de combate a la pobreza en nuestro pa\u00eds han estado orientados a fines puramente asistencialistas y en muchas ocasiones electoreros. Para nuestro instituto pol\u00edtico no se trata de paliar la miseria sino de desterrarla. Nuestra propuesta en este sentido va enfocada siempre a que los recursos p\u00fablicos que se destinen a estos programas sean, en lo fundamental, para proyectos productivos que tengan un impacto directo en la generaci\u00f3n de ingresos propios para los m\u00e1s pobres de M\u00e9xico, de tal suerte que su efecto no solo se manifieste en la producci\u00f3n sino tambi\u00e9n en la ampliaci\u00f3n de la demanda interna.\u00a0<\/p>\n<ol start=\"2\">\n<li><b><i> Redistribuci\u00f3n del ingreso\u00a0<\/i><\/b><\/li>\n<\/ol>\n<p>La modernizaci\u00f3n y democratizaci\u00f3n de M\u00e9xico debe sustentarse en una redistribuci\u00f3n equitativa del ingreso. La eliminaci\u00f3n de la pobreza y de los rezagos sociales constituye una premisa necesaria para ello, pero no la garantizan. La redistribuci\u00f3n del ingreso que impulsa el Partido del Trabajo apunta no s\u00f3lo a la erradicaci\u00f3n de las mayores desigualdades heredadas, sino a una nueva manera de distribuir los frutos de la modernizaci\u00f3n econ\u00f3mica, de manera que aliente el trabajo productivo, establezca relaciones sociales m\u00e1s equilibradas y genere ciudadanos libres.\u00a0<\/p>\n<p>Para lograr este objetivo el Partido del Trabajo se esforzar\u00e1 por aumentar la participaci\u00f3n de la poblaci\u00f3n de menores ingresos y reducir la de la poblaci\u00f3n m\u00e1s rica dentro de la renta nacional, mediante la formulaci\u00f3n de pol\u00edticas p\u00fablicas que alienten la modernizaci\u00f3n incluyente y la reactivaci\u00f3n de la econom\u00eda; pol\u00edticas de recuperaci\u00f3n salarial directa y por productividad; pol\u00edticas crediticias preferenciales encausadas en el fomento a la micro, peque\u00f1a y mediana empresa, as\u00ed como pol\u00edticas que graven m\u00e1s a los que m\u00e1s tienen y exentan a los trabajadores de bajos ingresos.\u00a0<\/p>\n<ol start=\"3\">\n<li><b><i> Redistribuci\u00f3n del Poder Social\u00a0<\/i><\/b><\/li>\n<\/ol>\n<p>La desigualdad social no s\u00f3lo depende de las diferencias de clase o ingreso, sino tambi\u00e9n de la distribuci\u00f3n desigual del poder social y del acceso al empleo, mejoramiento personal y participaci\u00f3n social, cultural y pol\u00edtica. La mayor parte de la poblaci\u00f3n mexicana sufre discriminaciones de este tipo, las cuales se apoyan tanto en las instituciones vigentes como en tradiciones culturales profundamente arraigadas como el machismo y el racismo. El resultado de esto es que las mujeres (51.2% de la poblaci\u00f3n nacional) y los ind\u00edgenas (14%) son v\u00edctimas de diversos tipos de discriminaci\u00f3n y marginaci\u00f3n que los convierte en ciudadanos de segunda.\u00a0<\/p>\n<p>Para combatir esta situaci\u00f3n el Partido del Trabajo impulsar\u00e1 acciones concretas de apoyo a la acci\u00f3n aut\u00f3noma de los distintos sectores oprimidos y abrir\u00e1 espacios espec\u00edficos de integraci\u00f3n y participaci\u00f3n en la vida laboral, social, pol\u00edtica y cultural del pa\u00eds.\u00a0<\/p>\n<p>P\u00e1gs.16, 17<\/p>\n\t\t\t\t\t\t\t\t\t\t\t\t<a href=\"\">\u2022 Educaci\u00f3n e Innovaci\u00f3n<\/a>\n\t\t\t\t\t<p><b>\u00c1mbito Nacional.<\/b><\/p>\n<p>El Partido del Trabajo reconoce que la educaci\u00f3n es un proceso de adquisici\u00f3n de conocimientos que sirve para transformar las condiciones materiales de los individuos en sociedad, pero que todo este sistema educativo debe ser regido y regulado por el gobierno en aras de la uniformidad y homogeneidad del proceso de trasmisi\u00f3n del conocimiento, as\u00ed como de la investigaci\u00f3n en el campo cient\u00edfico.\u00a0<\/p>\n<p>\u00a0<\/p>\n<p>En M\u00e9xico persisten enormes insuficiencias en la educaci\u00f3n p\u00fablica. Nuestro pa\u00eds tiene el enorme reto que representa atender a cerca de un tercio del total de la poblaci\u00f3n en materia educativa. Pero si atendi\u00e9ramos a la composici\u00f3n por edades de la misma, nuestro sistema educativo deber\u00eda proporcionar educaci\u00f3n a casi la mitad del total de la poblaci\u00f3n. Una gran cantidad de j\u00f3venes de entre 15 y 22 a\u00f1os no tienen oportunidad de acceder a la educaci\u00f3n media superior y a la educaci\u00f3n superior por falta de recursos econ\u00f3micos. Los verdaderos problemas de la educaci\u00f3n en M\u00e9xico empiezan en estos dos niveles. Am\u00e9n de que en la educaci\u00f3n b\u00e1soca, aunque en su mayor\u00eda est\u00e1 cubierta,las recientes encuestas internacionales nos han mostrado que la calidad de la misma deja mucho que desear.<\/p>\n<p>Es sumamente preocupante que el sistema educativo mexicano est\u00e9 en una grave crisis que se refleja, entre otras cosas, en sus indicadores m\u00e1s significativos. El analfabetismo est\u00e1 en un rango de entre un 8 o 9 por ciento \u00a1varios millones de mexicanos!, un poco m\u00e1s del doble del m\u00ednimo aceptado por los organismos educativos internacionales, que es del 4 por ciento. La cobertura, excepto en la primaria, deja mucho que desear. En secundaria, educaci\u00f3n media y superior la demanda del servicio educativo rebasa con mucho lo que ofrece el sistema educativo. La deserci\u00f3n escolar es muy alta en todos sus niveles.<\/p>\n<p>\u00a0<\/p>\n<p>En lo que respecta a la calidad, el panorama no es alentador. Las recientes mediciones internacionales colocan a nuestro pa\u00eds en los \u00faltimos lugares muy por detr\u00e1s de nuestros socios comerciales, e incluso muy por abajo de pa\u00edses con un desarrollo similar al nuestro. Y si esto lo referimos a los grupos marginados, en particular la poblaci\u00f3n ind\u00edgena, dichos indicadores son a\u00fan m\u00e1s dram\u00e1ticos.\u00a0<\/p>\n<p>\u00a0<\/p>\n<p>En un 45%, las tasas de graduaci\u00f3n en la educaci\u00f3n media superior son las segundas m\u00e1s bajas entre los pa\u00edses de la OCDE. El 56% de la poblaci\u00f3n en edad de entre 15 a 19 a\u00f1os est\u00e1n matriculados, lo que representa 14 puntos porcentuales m\u00e1s que en 2000, pero es bajo comparado con Argentina (72%), Brasil (77%), Chile (76%) y la media de la OCDE (82%). S\u00f3lo el 12% de los mexicanos de entre 20 y 29 a\u00f1os participan en la educaci\u00f3n, s\u00f3lo 3 puntos porcentuales m\u00e1s que en 2000. Adem\u00e1s, al a\u00f1o 2011 cerca del 66.1% de los j\u00f3venes mexicanos entre 15 y 29 a\u00f1os no estaban en la educaci\u00f3n y el 24.7% no estaban ni empleados ni en educaci\u00f3n o formaci\u00f3n, los llamados \u201cNI-NI\u201d, teniendo el tercer porcentaje m\u00e1s alto de j\u00f3venes en tal situaci\u00f3n a de los pa\u00edses miembro de la OCDE.\u00a0<\/p>\n<p>\u00a0<\/p>\n<p>Como porcentaje del PIB, el gasto educativo se ha incrementado cerca de un punto porcentual en la \u00faltima d\u00e9cada al ubicarse en 5.8%, cerca de la media de la OCDE del 5.9%. No obstante, M\u00e9xico tiene el gasto p\u00fablico total m\u00e1s bajo como porcentaje del PIB (24%) en el \u00e1rea de la OCDE, donde el gasto p\u00fablico representa, en promedio, 43% del PIB de esos pa\u00edses.<\/p>\n<p>\u00a0<\/p>\n<p>En nuestro M\u00e9xico subsisten dos pa\u00edses: uno minoritario que tiene educaci\u00f3n de primer mundo, que cuenta con instituciones perfectamente acondicionadas para proporcionar este servicio con altos niveles de eficiencia y cuyos recursos provienen de los sectores empresariales y de los grupos sociales de altos ingresos; el otro M\u00e9xico es el que a duras penas puede enviar a sus hijos a las escuelas p\u00fablicas, las cuales carecen de la infraestructura necesaria tanto en t\u00e9rminos de recursos materiales y humanos y que, en consecuencia, reciben una educaci\u00f3n de baja calidad. Sin embargo, no podemos dejar de reconocer que las instituciones p\u00fablicas como la UNAM, el IPN, la UAM, entre otras, son la vanguardia en materia de investigaci\u00f3n y de formaci\u00f3n de profesionistas de alto nivel. Asimismo, la tradici\u00f3n de una escuela con caracter\u00edsticas netamente populares y que ha hecho tradici\u00f3n en Latinoam\u00e9rica sigue subsistiendo.<\/p>\n<p>\u00a0<\/p>\n<p>Por otra parte, necesitamos transitar de un modelo que hace excesivo \u00e9nfasis en el atiborramiento de la informaci\u00f3n a un esquema que privilegia desde los primeros a\u00f1os el desarrollo de las habilidades ligadas a la lectura, la comprensi\u00f3n, el razonamiento, la asociaci\u00f3n de ideas, la interpretaci\u00f3n y el an\u00e1lisis de los datos y los hechos de nuestra realidad cotidiana, as\u00ed como del razonamiento l\u00f3gico, para desarrollar una educaci\u00f3n edificada en la creatividad y la construcci\u00f3n de conocimientos. Pero tambi\u00e9n necesitamos pasar a construir un sistema de educaci\u00f3n superior e investigaci\u00f3n tecnol\u00f3gica para garantizar la formaci\u00f3n de cuadros altamente calificados en el contexto de un mundo globalizado para responder al desaf\u00edo que representa la competencia mundial.<\/p>\n<p>\u00a0<\/p>\n<p>Para revertir el rezago educativo, el Partido del Trabajo propuso que se elevara a rango constitucional que al ramo educativo se canalice al menos el 8 por ciento del PIB y se incorpore tambi\u00e9n el derecho a la educaci\u00f3n universal, entendiendo por \u00e9ste, el derecho que tiene todo ciudadano a estudiar y concluir sus estudios sin pretexto de que no hay espacios en las escuelas p\u00fablicas o que por razones econ\u00f3micas tenga que abandonar los mismos. Tambi\u00e9n impulsamos la incorporaci\u00f3n al art\u00edculo tercero constitucional de la obligatoriedad por parte del Estado de la impartici\u00f3n de la educaci\u00f3n inicial y preescolar.<\/p>\n<p>\u00a0<\/p>\n<ol start=\"9\">\n<li><b><i> Educaci\u00f3n inicial\u00a0<\/i><\/b><\/li>\n<\/ol>\n<p>A nivel mundial, la corriente de estudios cient\u00edficos que pone especial \u00e9nfasis en la educaci\u00f3n temprana plantea que es fundamental la atenci\u00f3n del educando desde que se encuentra en el vientre materno. A partir de una adecuada nutrici\u00f3n y estimulaci\u00f3n de la madre, as\u00ed como su procuraci\u00f3n emocional y social, comienza el pleno desarrollo del infante, de todo su organismo y particularmente del cerebro. La estimulaci\u00f3n temprana contribuye de forma crucial en las actividades psicomotrices, de los sentidos, de la atenci\u00f3n y la percepci\u00f3n de su entorno.\u00a0<\/p>\n<p>La UNICEF ha reconocido que desde el nacimiento hasta los tres a\u00f1os, germinan en todos las semillas de la individualidad humana y de la racionalidad. En ese per\u00edodo se multiplican vertiginosamente las sinapsis, y se establecen las pautas que da la vida. En esos 36 meses asombrosos se produce el desarrollo del cerebro los educandos adquieren la capacidad de pensar, hablar, aprender y razonar. Esas son las bases y las conductas sociales que tendr\u00e1n cuando se convierten en adultos. Por lo anterior, la UNICEF sostiene que se debe prestar atenci\u00f3n a este buen principio de vida.<\/p>\n<p>M\u00e9xico en este aspecto est\u00e1 apenas reconociendo la importancia de lo que representa esta etapa en el proceso de formaci\u00f3n del educando, y por lo tanto, consideramos que \u00e9sta es una materia que debe tener prioridad en la pol\u00edtica educativa actual de nuestro pa\u00eds.<\/p>\n<p>Es por ello que proponemos, con especial inter\u00e9s y de car\u00e1cter estrat\u00e9gico para la naci\u00f3n, crear un sinn\u00famero de centros de atenci\u00f3n temprana a trav\u00e9s de los cuales las madres y sus hijos reciban una alimentaci\u00f3n adecuada, as\u00ed como programas de capacitaci\u00f3n que integren a los familiares y garanticen el mejor desarrollo y crecimiento del beb\u00e9, contemplando tambi\u00e9n que las condiciones que lo rodean sean id\u00f3neas para su equilibrio emocional dentro una sana convivencia social que redundar\u00e1 en una mayor seguridad a lo largo de su vida.<\/p>\n<p>Insistiremos en que la educaci\u00f3n inicial se incorpore como mandato constitucional y reciba con suficiencia y efectividad los recursos econ\u00f3micos, materiales y humanos que se requieran para el cumplimiento de su cometido.<\/p>\n<p>Nuestra apuesta para el futuro, es garantizar que todos los ni\u00f1os y los j\u00f3venes mexicanos tengan acceso de forma gratuita a la educaci\u00f3n en todos sus niveles. Nuestra lucha seguir\u00e1 por lograr que en nuestro pa\u00eds se destierre el analfabetismo y la ignorancia. Pugnaremos por una educaci\u00f3n laica, creativa y cient\u00edfica.<\/p>\n<ol start=\"10\">\n<li><b><i> Ciencia y Tecnolog\u00eda\u00a0<\/i><\/b><\/li>\n<\/ol>\n<p>El Partido del Trabajo tiene claro que un pa\u00eds que no desarrolla su sistema de educaci\u00f3n e investigaci\u00f3n tecnol\u00f3gica propia no puede aspirar a elevar su desempe\u00f1o en el marco de la competencia con otras naciones. La formaci\u00f3n de los recursos humanos para insertarlos al conjunto de las actividades econ\u00f3micas y la formaci\u00f3n de los cuadros cient\u00edficos para la ampliaci\u00f3n de los conocimientos y su aplicaci\u00f3n a la producci\u00f3n son dos pilares b\u00e1sicos para el desarrollo material de los pa\u00edses modernos. El desarrollo exitoso reciente de naciones como Jap\u00f3n, Corea del Sur, Malasia, Singapur, Hong Kong y Taiw\u00e1n, no podr\u00edan explicarse sin el papel que ha jugado el desarrollo de la ciencia y la tecnolog\u00eda en sus aparatos productivos.<\/p>\n<p>Lamentablemente M\u00e9xico destina apenas el 0.4 por ciento de su producto interno bruto a ciencia y tecnolog\u00eda, mientras las naciones desarrolladas destinan cerca del 3 por ciento del PIB a esos prop\u00f3sitos. A nivel de Am\u00e9rica Latina, Brasil destina m\u00e1s del uno por ciento a ese objetivo. Por esa raz\u00f3n, el Partido del Trabajo ha planteado y seguir\u00e1 planteando la urgencia de dar mayor importancia a la creaci\u00f3n de un verdadero sistema de educaci\u00f3n e investigaci\u00f3n tecnol\u00f3gica que responda a los imperativos de elevar el n\u00famero de cuadros altamente especializados y de ampliar el n\u00famero de investigadores en todas las disciplinas cient\u00edficas, para garantizar que nuestra naci\u00f3n eleve su desempe\u00f1o econ\u00f3mico en los pr\u00f3ximos a\u00f1os. Asimismo, impulsaremos que se canalicen mayores recursos p\u00fablicos a ciencia y tecnolog\u00eda, hasta alcanzar el nivel de inversi\u00f3n que destinan las naciones desarrolladas a ese objetivo. Nuestra meta en el corto plazo debe ser que estos recursos alcancen a la brevedad posible el 1.5 por ciento del PIB para superar el rezago que se tiene en esta materia.\u00a0<\/p>\n<p>P\u00e1gs. 22,23,24<\/p>\n\t\t\t\t\t\t\t\t\t\t\t\t<a href=\"\">\u2022 Cultura, salud y deporte<\/a>\n\t\t\t\t\t<p><b>\u00c1mbito Nacional.<\/b><\/p>\n<p>La salud constituye otro de los \u00e1mbitos de la pol\u00edtica social en la que el Partido del Trabajo tiene un profundo inter\u00e9s por reorientar, mediante la canalizaci\u00f3n de mayores recursos a este sector. Estamos convencidos de que una poblaci\u00f3n sana y bien alimentada ser\u00e1 la base para que los habitantes de nuestra naci\u00f3n logren mayores niveles de desempe\u00f1o en cada una de las actividades que realizan.<\/p>\n<p>\u00a0<\/p>\n<p>Tenemos claro que el sistema de salud en M\u00e9xico enfrenta dos problemas cruciales que tendr\u00e1n graves incidencias y a los que habr\u00e1 que hacerles frente. El primero de ellos tiene que ver con el aumento de la proporci\u00f3n de personas de mayor edad en la estructura poblacional, lo que supone una mayor demanda de servicios m\u00e9dicos m\u00e1s especializados; el segundo, est\u00e1 relacionado con la distribuci\u00f3n espacial de la poblaci\u00f3n.<\/p>\n<p>\u00a0<\/p>\n<p>El sistema de salud en M\u00e9xico ha logrado dotar de unidades y servicios m\u00e9dicos elementales, y en cierta medida especializada, a la poblaci\u00f3n en los n\u00facleos urbanos de mayor concentraci\u00f3n. Sin embargo, en el campo mexicano contin\u00faan m\u00faltiples comunidades sin la cobertura de los m\u00e1s elementales servicios m\u00e9dicos, y sin contar con hospitales y unidades m\u00e9dicas necesarias. Por ello, el reto del sector salud y de la pol\u00edtica social en esta materia ser\u00e1 lograr una cobertura total de dichos servicios, as\u00ed como una mayor especializaci\u00f3n de los mismos ante los dos principales problemas planteados, y los que surgieran.\u00a0<\/p>\n<p>\u00a0<\/p>\n<p>Otro reto lo constituye la urgencia de alentar la participaci\u00f3n cr\u00edtica de la poblaci\u00f3n en la conformaci\u00f3n de una medicina preventiva, porque estamos convencidos que es mejor prevenir que curar. Detectar y controlar desde sus primeras fases las enfermedades y transformar la medicina curativa en preventiva dar\u00e1 mejores resultados a la pol\u00edtica de salud en nuestro territorio. En ese sentido, hemos propuesto iniciativas de Ley que modifiquen el marco legal que rige el rengl\u00f3n de salud para que en la prevenci\u00f3n y curaci\u00f3n de los males que aquejan a la poblaci\u00f3n, la medicina alternativa tenga el espacio formal que le debe corresponder. M\u00e9xico es uno de los pa\u00edses con mayor biodiversidad en el mundo y como consecuencia de ello la flora y la fauna ha sido un recurso ancestral que la medicina tradicional ha utilizado para curar y prevenir las enfermedades.\u00a0<\/p>\n<p>\u00a0<\/p>\n<p>Asimismo, para nadie resulta una novedad que la acupuntura, la digito puntura, la quiropr\u00e1ctica, homeopat\u00eda y herbolaria, por s\u00f3lo mencionar algunas, son alternativas probadas y reconocidas en el plano cient\u00edfico y legal y, por tanto, utilizadas en una buena parte del mundo. Seguiremos insistiendo en que dentro de las leyes relativas a la salud se incorporen las propuestas de medicina alternativa se\u00f1aladas, que en nuestra opini\u00f3n son una opci\u00f3n viable y que representan menores costos econ\u00f3micos para la poblaci\u00f3n y para las instituciones de salud p\u00fablica. Nos queda claro que la aceptaci\u00f3n de esta propuesta ha tenido obst\u00e1culos que provienen principalmente de las grandes empresas qu\u00edmico-farmac\u00e9uticas que con ello ven amenazadas las inmensas ganancias que generan a\u00f1o tras a\u00f1o.\u00a0<\/p>\n<p>\u00a0<\/p>\n<p>Desterrar la corrupci\u00f3n al interior del sistema de salud en nuestro pa\u00eds, es otra tarea urgente y necesaria. Hemos visto como instituciones como el IMSS y el ISSSTE se est\u00e1n desmoronando como resultado de la falta de transparencia en el manejo de los recursos p\u00fablicos destinados a esas dependencias del sector salud. Los altos funcionarios de esas instituciones tienen altos sueldos, mientras los derechohabientes no tienen acceso a los medicamentos y tienen que comprarlos para poder enfrentar sus problemas de salud. Asimismo, esas instituciones ya no cuentan con dinero para cubrir las pensiones de sus trabajadores, pues el patrimonio de \u00e9stos se desvi\u00f3 en anteriores gobiernos a las campa\u00f1as pol\u00edticas, y a partir de las reformas al sistema de pensiones de 2007, el derecho a jubilaci\u00f3n se convirti\u00f3 en un sistema de ahorro individual por lo que las aportaciones de los trabajadores est\u00e1n en manos de empresas privadas y ya no ser\u00e1n administrados por el gobierno, lo que preocupa a\u00fan m\u00e1s ya que como es sabido de todos, las empresas van tras la ganancia y no tras la protecci\u00f3n del dinero de los trabajadores. A penas van dos a\u00f1os de la mencionada reforma y las aportaciones que han hecho los trabajadores al servicio del Estado no s\u00f3lo han perdido d\u00eda a d\u00eda poder adquisitivo sino lo que es m\u00e1s grave, se han esfumado.\u00a0<\/p>\n<p>\u00a0<\/p>\n<p>Por eso, hemos planteado en legislaturas anteriores en la H. C\u00e1mara de Diputados modificaciones sustanciales a la CONAMED, que es la instituci\u00f3n encargada del arbitraje entre la ciudadan\u00eda y las instituciones de salud p\u00fablica y privada, para evitar que los actos de corrupci\u00f3n y de negligencia en los servicios p\u00fablicos siga en la impunidad. Tambi\u00e9n en ese rengl\u00f3n dedicaremos nuestros esfuerzos en las tareas legislativas.\u00a0<\/p>\n<p>\u00a0<\/p>\n<p>Hoy por hoy, las tres principales causas de muerte en M\u00e9xico son en orden de importancia, las enfermedades cardiacas, en especial los padecimientos isqu\u00e9micos; los tumores y la diabetes <i>mellitus<\/i>. Cada a\u00f1o se diagnostican 10 mil casos de padecimientos de cardiopat\u00eda isqu\u00e9mica; pero no debemos olvidar que enfermedades como la obesidad, el tabaquismo y las enfermedades gastrointestinales entre la poblaci\u00f3n infantil que tambi\u00e9n son una fuente importante de padecimientos que cada d\u00eda van en aumento, sin olvidar el grave problema de salud p\u00fablica que representa el SIDA. Por lo tanto, realizar una pol\u00edtica de amplia difusi\u00f3n sobre las graves consecuencias de ellas ser\u00e1 una tarea muy importante que habr\u00e1 desarrollar el sector salud entre los habitantes de nuestro pa\u00eds, para impedir que sigan cobrando v\u00edctimas y reducir su incidencia entre la poblaci\u00f3n.<\/p>\n<p>\u00a0<\/p>\n<p>Para enfrentar los retos del sector salud, se necesitan recursos humanos y materiales. En ese sentido, la propuesta del Partido del Trabajo consiste en impulsar una reforma constitucional para que se garantice canalizar cada a\u00f1o, al menos, el 8 por ciento del producto interno bruto al sector salud, tal como se ha aprobado en el rubro de educaci\u00f3n. Reconocemos que esto implica un esfuerzo recaudatorio importante, pero que es factible de llevar a cabo en el corto plazo conforme lo hemos propuesto en la parte relativa al fortalecimiento de las finanzas p\u00fablicas.<\/p>\n<p>\u00a0<\/p>\n<p>P\u00e1gs. 20,21<\/p>\n\t\t\t\t\t\t\t\t\t\t\t\t<a href=\"\">\u2022 Finanzas y Obra P\u00fablica<\/a>\n\t\t\t\t\t<p><b>\u00c1mbito Nacional.\u00a0<\/b><\/p>\n<p><b>Efectos<\/b> de las finanzas p\u00fablicas. Los desarrollos descritos en la econom\u00eda y los mercados financieros globales y en la econom\u00eda mexicana configuraron retos importantes para las finanzas p\u00fablicas de nuestro pa\u00eds desde inicios de 2020. En particular, se pueden identificar cinco elementos que presionaron la posici\u00f3n de las finanzas p\u00fablicas. En primer lugar, resulta en una presi\u00f3n sobre el gasto en salud para la atenci\u00f3n de la emergencia sanitaria. En segundo lugar, una mayor asignaci\u00f3n de recursos para atender las funciones de desarrollo social y econ\u00f3mico con el fin de apoyar la econom\u00eda de personas y empresas, especialmente de aquellas con ingresos desproporcionadamente afectados por ubicarse en actividades que no pueden desempe\u00f1arse remotamente o implican elevada interacci\u00f3n, t\u00edpicas del sector informal. En tercer lugar, se encuentra una presi\u00f3n sobre los ingresos no petroleros del sector p\u00fablico, asociada a la menor actividad econ\u00f3mica, considerando \u00a0 que nuestra econom\u00eda se vio afectada incluso desde antes de la implementaci\u00f3n de las medidas de distanciamiento social en territorio nacional.\u00a0 Lo anterior,\u00a0 en\u00a0 raz\u00f3n de las interrupciones observadas en las cadenas de suministro a nivel mundial derivado del cierre de f\u00e1bricas, as\u00ed como por la disminuci\u00f3n en la demanda por exportaciones, situaciones que provocaron disrupciones en la importaci\u00f3n de bienes intermedios para el sector manufacturero nacional. A lo anterior se suma el hecho de que los mayores proveedores de insumos intermedios son EE. UU., que tambi\u00e9n es nuestro principal destino de exportaci\u00f3n, y China, donde el virus tuvo un impacto fuerte en comparaci\u00f3n con otros pa\u00edses. Un \u00faltimo aspecto por considerar es la disminuci\u00f3n del turismo derivado de las restricciones de movilidad en todos los pa\u00edses, afectando principalmente a los estados en donde este sector es preponderante. En cuarto lugar, la presi\u00f3n en los ingresos petroleros ante las ca\u00eddas en precios y ventas de hidrocarburos y combustibles que se vieron afectados por la desaceleraci\u00f3n en la demanda global, la cual fue exacerbada por tensiones durante marzo y parte de abril entre los miembros de la OPEP+, as\u00ed como por la disminuci\u00f3n en la movilidad. Aunque los precios se han recuperado significativamente desde los m\u00ednimos alcanzados en abril, estos se han estabilizado en niveles menores a los observados previos a la pandemia y a los usados en la estimaci\u00f3n de ingresos. La ca\u00edda en los ingresos petroleros se espera incluso en el contexto del incremento estimado de 2.5% respecto a 2019 en la plataforma de producci\u00f3n de crudo. En quinto lugar, el aumento en el valor en moneda nacional de la deuda externa por el mayor tipo de cambio, derivado\u00a0 del\u00a0 aumento\u00a0 en\u00a0 la\u00a0 aversi\u00f3n\u00a0 al\u00a0 riesgo\u00a0 entre\u00a0 inversionistas\u00a0 de\u00a0 todo\u00a0 el\u00a0 mundo\u00a0 que\u00a0 ocasion\u00f3\u00a0 una\u00a0 salida significativa\u00a0 de\u00a0 capital\u00a0 de\u00a0 los\u00a0 mercados\u00a0 emergentes\u00a0 hacia\u00a0 activos\u00a0 m\u00e1s\u00a0 seguros,\u00a0 provocando\u00a0 con\u00a0 ello\u00a0 la depreciaci\u00f3n de la moneda. Este efecto se puede visualizar al comparar el aumento de la deuda al tomar el punto m\u00e1s bajo antes de contar con alg\u00fan contagio de COVID-19 en M\u00e9xico, de 18.5 pesos por d\u00f3lar, y el punto m\u00e1s alto alcanzado posteriormente de 25.4 pesos por d\u00f3lar,\u00a0 en donde dicha diferencia resulta en un aumento de 1.4 billones de pesos de la deuda p\u00fablica. En este contexto, los pa\u00edses emergentes cuentan con una capacidad de endeudamiento limitada, raz\u00f3n por la cual es importante que cualquier decisi\u00f3n relacionada con incrementar el endeudamiento p\u00fablico debe tomarse con cautela, a fin de no caer en desequilibrios fiscales que puedan tener consecuencias de car\u00e1cter intergeneracional.<\/p>\n<p>P\u00e1g.4<\/p>\n<p>\u00a0<\/p>\n\t\t\t\t\t\t\t\t\t\t\t\t<a href=\"\">\u2022 Transparencia, Rendici\u00f3n de Cuentas y Combate a la Corrupci\u00f3n<\/a>\n\t\t\t\t\t<h5><b>\u00c1mbito Local.<\/b><\/h5>\n<ul>\n<li aria-level=\"1\">Democratizar verdaderamente al actual sistema pol\u00edtico e institucional. En esta direcci\u00f3n, combatiremos hasta erradicar a sus principales mecanismos de sustentaci\u00f3n: el corporativismo gremial, el r\u00e9gimen de partidos de Estado, y la corrupci\u00f3n en la administraci\u00f3n p\u00fablica.<\/li>\n<li aria-level=\"1\">Lograr una nueva relaci\u00f3n entre gobernantes y gobernados, as\u00ed como entre Federaci\u00f3n, Estados y Municipios.<\/li>\n<li aria-level=\"1\">Impulsaremos una verdadera reforma pol\u00edtica que incluya mecanismos de participaci\u00f3n popular directa.<\/li>\n<li aria-level=\"1\">Establecimiento de un Federalismo efectivo, real y participativo a trav\u00e9s de la descentralizaci\u00f3n; de la distribuci\u00f3n de los ingresos fiscales en los tres niveles de gobierno; la descentralizaci\u00f3n de los programas de combate a la pobreza y asistencia al campo<\/li>\n<li aria-level=\"1\">Reforma del sistema electoral para hacerlo realmente equitativo y neutral.<\/li>\n<\/ul>\n<p>\u00a0P\u00e1g.34<\/p>\n<p>\u00a0<\/p>\n<h5><b>\u00c1mbito Nacional.<\/b><\/h5>\n<p>Una de las prioridades del Partido del Trabajo radica en la democratizaci\u00f3n del actual sistema pol\u00edtico e institucional. Luchamos por erradicar sus principales lastres y vicios: la corrupci\u00f3n y la impunidad,\u00a0 el presidencialismo autoritario y represivo, el corporativismo social, el r\u00e9gimen de partido de Estado, la simulaci\u00f3n de la divisi\u00f3n de poderes en los tres niveles de gobierno, la subordinaci\u00f3n de los organismos \u201caut\u00f3nomos\u201d al Ejecutivo y los cacicazgos pol\u00edticos y gremiales. La democratizaci\u00f3n de M\u00e9xico debe abarcar la estructura y funcionamiento del Estado,\u00a0 de\u00a0 la sociedad civil y las relaciones entre ambos. Lograr una nueva relaci\u00f3n entre gobernantes y gobernados, as\u00ed como entre Federaci\u00f3n,\u00a0 Estados\u00a0 y Municipios,\u00a0 y\u00a0 el manejo de la pol\u00edtica exterior, requiere llevar a cabo cambios constitucionales,\u00a0 legales, administrativos, sociales y de estilos de gobernar y de hacer pol\u00edtica. Para alcanzar estos objetivos el Partido del Trabajo se propone llevar a cabo las siguientes acciones:<\/p>\n<ul>\n<li>Reforma democr\u00e1tica<\/li>\n<\/ul>\n<p>Impulsamos una profunda reforma democr\u00e1tica del Estado,\u00a0 sobre\u00a0 todo en cuanto a: combate a la corrupci\u00f3n y la impunidad, seguridad p\u00fablica y justicia, divisi\u00f3n y equilibrio entre los Poderes del Estado, fortalecimiento del Poder Legislativo, nuevo y efectivo federalismo, planeaci\u00f3n democr\u00e1tica para el desarrollo, derechos ind\u00edgenas y regiones \u00e9tnicas, medios de comunicaci\u00f3n y nueva relaci\u00f3n del gobierno con la sociedad.<\/p>\n<p>Esta reforma democr\u00e1tica se debe traducir en: a) el desarrollo, fortalecimiento y mayor participaci\u00f3n\u00a0 de\u00a0 la\u00a0 ciudadan\u00eda\u00a0 en\u00a0 los\u00a0 asuntos\u00a0 p\u00fablicos;\u00a0 b)\u00a0 la\u00a0 delegaci\u00f3n\u00a0 de\u00a0 funciones administrativas y de gesti\u00f3n en \u00f3rganos representativos de la comunidad organizada; c) un\u00a0 nuevo\u00a0 estilo\u00a0 de\u00a0 gobierno que\u00a0 establezca\u00a0 pr\u00e1cticas\u00a0 transparentes,\u00a0 sencillas\u00a0 y austeras\u00a0 en\u00a0 el\u00a0 ejercicio\u00a0 del\u00a0 poder;\u00a0 y\u00a0 d)\u00a0 la\u00a0 limitaci\u00f3n\u00a0 del\u00a0 poder\u00a0 presidencial\u00a0 y\u00a0 el sometimiento de su actuaci\u00f3n al control de los otros poderes, de la opini\u00f3n p\u00fablica y de la participaci\u00f3n popular.<\/p>\n<p>Es indispensable llevar a cabo la reforma del Poder Legislativo y su profesionalizaci\u00f3n, con el fin de fortalecerlo y convertirlo en la genuina representaci\u00f3n de los intereses del pueblo. En lo referente al Poder Judicial, se requiere una reforma integral centrada en cuatro ejes:\u00a0 a)\u00a0 verdadera\u00a0 autonom\u00eda del Poder Judicial frente al Poder Ejecutivo;\u00a0 b) impartici\u00f3n de justicia pronta, expedita y democr\u00e1tica; c) plena vigencia y garant\u00eda en el ejercicio de los derechos humanos y sociales; y d) dotar de fuerza legal abrogatoria a la jurisprudencia relativa a las declaratorias de leyes inconstitucionales.<\/p>\n<p>Entre los objetivos fundamentales que persigue el Partido del Trabajo est\u00e1 lograr que los llamados servidores p\u00fablicos sean realmente eso, y que act\u00faen coadyuvando al desarrollo de la reforma democr\u00e1tica en lugar de entorpecerla. Para alcanzar lo anterior proponemos llevar a cabo las siguientes acciones: a)Reducir\u00a0 al m\u00ednimo suficiente los aparatos burocr\u00e1ticos de administraci\u00f3n e intermediaci\u00f3n, convirti\u00e9ndolos en cuerpos profesionales, apartidistas y austeros, dignamente remunerados y controlados institucionalmente por la sociedad. b)Vigilar\u00a0 que los funcionarios p\u00fablicos de todos los Poderes y niveles se apeguen estrictamente al cumplimiento de la Ley. c)Combate directo y permanente a la corrupci\u00f3n y a los abusos de las autoridades sobre los ciudadanos y las organizaciones sociales. d)Eliminaci\u00f3n del secreto burocr\u00e1tico y de las partidas de gastos excluidas del control parlamentario y social, para hacer transparente el funcionamiento de la administraci\u00f3n p\u00fablica. e)Establecer y hacer efectivo el servicio civil de carrera en toda la administraci\u00f3n p\u00fablica.<\/p>\n<p>\u00a0Pag.5<\/p>\n\t\t\t\t\t\t\t\t\t\t\t\t<a href=\"\">\u2022 Infraestructura y Gasto P\u00fablico<\/a>\n\t\t\t\t\t<p><b>\u00c1mbito Local<\/b><b>.<\/b><\/p>\n<p>Existen limitaciones regulatorias que han provocado problemas de vecindad, una desigual distribuci\u00f3n del equipamiento p\u00fablico e infraestructuras fuera del contexto de las necesidades de la poblaci\u00f3n y muy deficientes. Con ello se contribuy\u00f3 a la zonificaci\u00f3n por usos, al generarse extensas zonas de habitaci\u00f3n, industria o comercio, en lugar de sectores con mezclas de usos. La falta de regularizaci\u00f3n, o de mala aplicaci\u00f3n, tambi\u00e9n contribuyo a generar las pobres condiciones de habitabilidad presentes en la actualidad, destacan:<\/p>\n<ol>\n<li aria-level=\"1\">El crecimiento irregular, sin que existan capacidades suficientes para ordenarlo o encauzar;<\/li>\n<li aria-level=\"1\">La aprobaci\u00f3n de gigantescos cotos que segregaron sectores de la ciudad al privatizar de forma t\u00e1cita el espacio que tradicionalmente es p\u00fablico:\u00a0 calles, plazas, parques;<\/li>\n<li aria-level=\"1\">La multiplicaci\u00f3n de acciones aisladas de extensa habitaci\u00f3n suburbana.<\/li>\n<\/ol>\n<p>Las pol\u00edticas p\u00fablicas: La inversi\u00f3n.<\/p>\n<p>Las zonas incomunicadas por el desarrollo urbano sin control o por topograf\u00eda representan otro aspecto que puede suscitar la aparici\u00f3n de diversas formas de violencia urbana. Como lo mencionamos con anterioridad con respecto al espacio p\u00fablico, en la medida en que existen vac\u00edos de infraestructura social, los mismos pueden ser llenados por diversas formas de imposici\u00f3n de voluntades, basadas en la violencia y el abuso. El aislamiento provocado por la configuraci\u00f3n f\u00edsica, hace dif\u00edcil las labores de vigilancia y prevenci\u00f3n de riesgos, y sit\u00faa a los desarrollos de forma desarticulada de la ciudad. La inaccesibilidad urbana genera dependencias en materia de transporte y distancias a los servicios de salud, educaci\u00f3n, de emergencia, etc., con el resultante malestar y frustraci\u00f3n.<\/p>\n<p>En la mayor\u00eda de los casos, estos sectores aislados se encuentran en situaciones de pobreza, bajos niveles educativos y marginaci\u00f3n, sin capacidades de autogesti\u00f3n. En las colonias producto de la ocupaci\u00f3n irregular, en particular en terrenos de origen ejidal, todav\u00eda es notorio el control de los l\u00edderes en los procesos de dotaci\u00f3n de servicios de diversa \u00edndole. En otras colonias, de origen m\u00e1s heterog\u00e9neo o con ausencia de liderazgos locales, pandillas de j\u00f3venes y grupos organizados, se disputan el control del territorio y se apropian no solo de las esquinas, sino de casas habitaci\u00f3n vac\u00edas, con el fin de llevar a cabo acciones il\u00edcitas o de reproducci\u00f3n de grupo.<\/p>\n<p>Los problemas de accesibilidad pueden aliviarse mediante programas de pavimentaci\u00f3n y el dise\u00f1o de redes viales y para el transporte p\u00fablico. En este sentido es importante la definici\u00f3n de las calles que se requiere mejorar prioritariamente, as\u00ed como la gesti\u00f3n para lograr una conexi\u00f3n adecuada con la trama urbana m\u00e1s pr\u00f3xima<\/p>\n<p>La distribuci\u00f3n desigual en el \u00e1mbito metropolitano, del equipamiento deportivo y recreativo. Tambi\u00e9n destacamos la manera en que la infraestructura presenta contrastantes niveles de cobertura y calidad, con numerosas zonas marginadas y con altos niveles de pobreza por un lado y sectores de gran capacidad econ\u00f3mica y ventajas en materia de salud, educaci\u00f3n y empleo. La zonificaci\u00f3n ha acentuado esta condici\u00f3n de desigualdad, al provocar el aislamiento y desintegraci\u00f3n territorial.<\/p>\n<p>Otro ejemplo muy conocido por los tapat\u00edos lo presenta el sector de \u2013las segundas, con la venta de autopartes robadas en la Colonia Las Conchas, frente a las oficinas municipales del Registro Civil. Muy frecuentemente los propietarios de veh\u00edculos afectados acuden a comprar las partes que fueron sustra\u00eddas de sus autom\u00f3viles.<\/p>\n<p>Con base en esos par\u00e1metros, en promedio 6% de la poblaci\u00f3n de la zona metropolitana padece pobreza alimentaria, 11% pobreza de capacidades y 32% pobreza patrimonial. Los municipios con niveles de marginaci\u00f3n m\u00e1s acentuados son: Tonal\u00e1, El Salto, Tlajomulco de Z\u00fa\u00f1iga, Juanacatl\u00e1n e Ixtlahuac\u00e1n de los Membrillos. Los habitantes con mayor porcentaje de salud viven en Zapopan (63% tienen acceso a ellos) mientras que en Tonala, cerca de la mitad de los habitantes se encuentran sin posibilidades de acudir al IMSS., ISSSTE., o Pensiones Civiles del Estado.<\/p>\n<p>Existen riesgos ligados a la infraestructura deficiente en materia pluvial, relacionados con las inundaciones que cada a\u00f1o tienen lugar en la zona metropolitana, afectando el patrimonio de numerosas familias y vidas humanas. El Sistema Intermunicipal de Agua Potable y Alcantarillado (SIAPA), tiene ubicados 73 puntos de inundaci\u00f3n dentro de la mancha urbana, sin tomar en cuenta micro-zonas susceptibles a deslaves y escurrimientos ocupados por asentamientos humanos.<\/p>\n<p>\u00a0<\/p>\n<p><b>\u00c1mbito Nacional.<\/b><\/p>\n<p>M\u00e9xico se encuentra en los \u00faltimos lugares en materia de creaci\u00f3n de infraestructura f\u00edsica y equipamiento urbano entre las naciones miembros de la OCDE. Sabemos que la inversi\u00f3n en infraestructura f\u00edsica constituye un componente b\u00e1sico de la competitividad de una naci\u00f3n. Sin embargo, nuestra naci\u00f3n ha sufrido un importante rezago en la creaci\u00f3n de infraestructura<\/p>\n<p><b>\u00a0<\/b><\/p>\n<p>En materia de telecomunicaciones a\u00fan tenemos grandes carencias. Todav\u00eda muchas familias mexicanas no logran acceder a una l\u00ednea telef\u00f3nica por los altos costos de ese servicio. A ello, habr\u00eda que agregar la pol\u00edtica de las empresas de telefon\u00eda de invertir principalmente en aquellos lugares donde existe una alta concentraci\u00f3n de la poblaci\u00f3n y de demanda real del servicio. Asimismo, muchas comunidades rurales de nuestro pa\u00eds todav\u00eda no tienen acceso al servicio telef\u00f3nico.\u00a0<\/p>\n<p>\u00a0<\/p>\n<p>En ese mismo tenor debe ubicarse la ampliaci\u00f3n de la infraestructura en materia de energ\u00eda el\u00e9ctrica y en la producci\u00f3n petrolera y de gas. En el caso espec\u00edfico de la electricidad, nuestro partido est\u00e1 a favor de la reforma del sector el\u00e9ctrico para garantizar la demanda de energ\u00eda el\u00e9ctrica en los pr\u00f3ximos a\u00f1os; pero nos opusimos firmemente a que dicho sector no fuera privatizado. Nuestra propuesta consisti\u00f3 en dotar de autonom\u00eda a la CFE y en aumentar la inversi\u00f3n de la empresa con recursos p\u00fablicos que no comprometan la viabilidad de la misma.<\/p>\n<p>\u00a0<\/p>\n<p>La carencia de inversi\u00f3n en el \u00e1rea de agua potable y saneamiento constituye otra asignatura en la que hay graves carencias en nuestro pa\u00eds. Sabemos que en la actualidad las ciudades y comunidades rurales de nuestro territorio sufren de la afluencia de este vital l\u00edquido tanto para el consumo humano como para la producci\u00f3n. Por esa raz\u00f3n, pensamos que es necesario incrementar la inversi\u00f3n p\u00fablica para garantizar el abasto de agua, tanto para el campo como para las ciudades.<\/p>\n<p>\u00a0<\/p>\n<p>Tendremos que aumentar la infraestructura en materia de construcci\u00f3n de drenaje p\u00fablico y de pavimentaci\u00f3n, para garantizar que los habitantes de nuestras ciudades y comunidades, cuenten con los servicios b\u00e1sicos que demanda el equipamiento urbano y el desarrollo social.\u00a0<\/p>\n<p>Dentro de nuestras propuestas consideramos como prioridad abatir el rezago que tenemos en materia de dotaci\u00f3n de agua potable y drenaje a las viviendas que carecen todav\u00eda de estos servicios elementales. Como sabemos, hist\u00f3ricamente este es un problema que todav\u00eda no se ha resuelto en su totalidad y, a\u00fan m\u00e1s, se ha agudizado como producto del crecimiento de la pobreza en M\u00e9xico. Seg\u00fan el Censo Nacional de Poblaci\u00f3n uno de cada cinco mexicanos no tiene drenaje en su vivienda, uno de cada diez no dispone del servicio de agua y uno de cada veinte no tiene energ\u00eda el\u00e9ctrica. Este es un reto que debemos afrontar cuanto antes para que prevalezca la equidad y la igualdad social en nuestro pa\u00eds.<\/p>\n<p>\u00a0<\/p>\n<ol start=\"12\">\n<li><b><i> Vivienda\u00a0<\/i><\/b><\/li>\n<\/ol>\n<p>En el \u00e1rea de la vivienda, M\u00e9xico padece un d\u00e9ficit considerable que oscila entre 6 y 7 millones de casas-habitaci\u00f3n, sin considerar las limitaciones en materia de mantenimiento y reparaci\u00f3n del parque habitacional. Sin embargo, es preciso tener claro que el problema que enfrentan m\u00e1s de 7 millones de familias mexicanas que no cuentan con una vivienda digna no es principalmente un problema de espacio, porque nuestro territorio es muy grande y no tiene ninguna clase de limitaci\u00f3n en ese sentido. El problema es la falta de recursos econ\u00f3micos de esas familias.<\/p>\n<p>\u00a0<\/p>\n<p>No debemos olvidar que las instituciones p\u00fablicas encargadas de proveer vivienda para los trabajadores, desde el inicio del gobierno de Salinas de Gortari (1988 \u2013 1994) dejaron de construirlas, para transformarse en simples intermediarias entre los demandantes de vivienda y las instituciones financieras privadas. Hoy los trabajadores mexicanos tienen que tener un ahorro previo para ser sujetos de cr\u00e9dito. El Gobierno Federal se olvid\u00f3 de ellos dejando que el mercado se convirtiera en el principal instrumento de asignaci\u00f3n de recursos para la inversi\u00f3n en vivienda y que, en consecuencia, las constructoras privadas enfocaran sus proyectos para los sectores sociales de medios y altos ingresos, bajo el criterio de rentabilidad econ\u00f3mica por encima del de rentabilidad social.<\/p>\n<p>\u00a0<\/p>\n<p>En este contexto, el Partido del Trabajo est\u00e1 plenamente convencido de que la \u00fanica forma de garantizar una vivienda digna al trabajador mexicano es mediante el compromiso directo del Gobierno Federal de construir esas viviendas. Por esa raz\u00f3n, hemos propuesto la creaci\u00f3n de una Secretar\u00eda de la Vivienda para que coordine el esfuerzo de todas las instituciones p\u00fablicas de vivienda, as\u00ed como destinar la inversi\u00f3n necesaria para revertir en el corto plazo el grave d\u00e9ficit habitacional que enfrenta nuestra naci\u00f3n.<\/p>\n<p>\u00a0<\/p>\n<p>Asimismo, hemos propuesto la disposici\u00f3n de tierras para destinarlas a la construcci\u00f3n de viviendas de inter\u00e9s social. Hemos reiterado que s\u00f3lo el Gobierno Federal tiene la capacidad para solucionar el problema de la vivienda de los trabajadores y que de continuar insistiendo con las pol\u00edticas que privilegian al mercado, estaremos condenando a millones de familias mexicanas a vivir hacinadas y destinando m\u00e1s del cincuenta por ciento de sus ingresos en el pago de renta.<\/p>\n<p>\u00a0<\/p>\n<p>P\u00e1ginas 15, 26, 30, 31 y 32<\/p>\n\t\t\t\t\t\t\t\t\t\t\t\t<a href=\"\">\u2022 Derechos Humanos<\/a>\n\t\t\t\t\t<p><b>\u00c1mbito Nacional.\u00a0<\/b><\/p>\n<p>La exclusi\u00f3n hist\u00f3rica de M\u00e9xico ind\u00edgena ha impedido que el desarrollo nacional se logre a cabalidad para todos los mexicanos. El sistema colonial impidi\u00f3 a los pueblos indios continuar su desarrollo de acuerdo con sus propias formas de vida. Este sistema mantuvo a la poblaci\u00f3n ind\u00edgena en condiciones en cierta forma similares a las que hoy vive la mayor\u00eda del pueblo mexicano por voluntad del gobierno y de los due\u00f1os del poder econ\u00f3mico, es decir, bajo la obligaci\u00f3n de crear una gran riqueza para enviarla al exterior, antes en forma de tributo a la Corona espa\u00f1ola, ahora como pago de la deuda externa.<\/p>\n<p>Durante el primer siglo de vida independiente la situaci\u00f3n de la poblaci\u00f3n ind\u00edgena no cambi\u00f3, aunque los letrados y gobernantes dijeran haber recuperado con orgullo lo ind\u00edgena para incorporarlo en la formaci\u00f3n y desarrollo de M\u00e9xico. La revoluci\u00f3n de 1910-1917 y las d\u00e9cadas posteriores no cambiaron mucho las cosas: mientras que por un lado se alababa la grandeza del pasado prehisp\u00e1nico, por el otro se negaba la capacidad de los pueblos indios de decidir su destino.<\/p>\n<p>Hoy vemos que las pol\u00edticas indigenistas s\u00f3lo dan cuenta de estructuras y despilfarros burocr\u00e1ticos, mientras los pueblos y comunidades siguen esperando las bondades del desarrollo comandado primero por el Estado populista y ahora por el Estado neoliberal. Este es el trato que les ha dado el Estado Mexicano desde el triunfo de la revoluci\u00f3n. Por ello no fue casual que el 1\u00ba de enero de 1994 estallara la insurrecci\u00f3n ind\u00edgena del EZLN en Chiapas.\u00a0<\/p>\n<p>\u00c9sta puso en claro que hist\u00f3ricamente a los pueblos indios no se les ha escuchado a pesar de que demandan algo muy simple: no m\u00e1s despojo de tierras, no m\u00e1s explotaci\u00f3n ni discriminaci\u00f3n racial, represi\u00f3n y muertes injustas en su contra. No m\u00e1s interferencia en sus usos y costumbres. En una palabra: RESPETO.\u00a0<\/p>\n<p>Como consecuencia de esto, hoy la problem\u00e1tica ind\u00edgena no resuelta reclama la creaci\u00f3n de un Nuevo Proyecto Nacional que incluya a todos los mexicanos sin excepci\u00f3n. En este sentido, el Partido del Trabajo asume el compromiso de impulsar las siguientes acciones:\u00a0<\/p>\n<ol>\n<li aria-level=\"1\">Reformas a la Constituci\u00f3n y a las leyes secundarias para incorporar en el marco jur\u00eddico mexicano los leg\u00edtimos derechos de los pueblos y comunidades ind\u00edgenas, en particular su derecho a la libre determinaci\u00f3n ejercida por medio de la autonom\u00eda en el marco del Estado nacional, dentro de los acuerdos de San Andr\u00e9s.\u00a0<\/li>\n<li aria-level=\"1\">Asignaci\u00f3n en los presupuestos p\u00fablicos de la Federaci\u00f3n y los estados, de recursos econ\u00f3micos, cient\u00edficos y t\u00e9cnicos suficientes para el desarrollo integral de sus pueblos y comunidades, con el derecho legal para ser administrados por ellos de acuerdo a sus necesidades y formas propias de organizaci\u00f3n.\u00a0<\/li>\n<li aria-level=\"1\">Creaci\u00f3n inmediata de instancias y mecanismos en todos los niveles de gobierno para preservar y promover el desarrollo de sus culturas, dirigidos por representantes de sus pueblos y comunidades.\u00a0<\/li>\n<li aria-level=\"1\">Que el gobierno Federal cumpla cabalmente los acuerdos que suscribi\u00f3 con el EZLN en el Di\u00e1logo de San Andr\u00e9s Larr\u00e1inzar.<\/li>\n<\/ol>\n<p>\u00a0\u00a0P\u00e1gs. 17 y 18\u00a0<\/p>\n<p>\u00a0<\/p>\n\t\t\t\t\t\t\t\t\t\t\t\t<a href=\"\">\u2022 Violencia pol\u00edtica en raz\u00f3n de G\u00e9nero <\/a>\n\t\t\t\t\t<h5>Mujeres y democracia<\/h5>\n<p>El Partido del Trabajo reconoce la importancia de la lucha de las mujeres, cuyas propuestas y demandas exigen un cambio en las relaciones sociales, de g\u00e9nero, en la pareja, la familia, en la sociedad civil y sus organizaciones, as\u00ed como en las instituciones pol\u00edticas y el acceso a cargos de elecci\u00f3n popular. A fin de avanzar hacia la igualdad social, econ\u00f3mica y pol\u00edtica de la mujer mexicana, el Partido del Trabajo se compromete a impulsar las siguientes l\u00edneas de acci\u00f3n.<\/p>\n<ol>\n<li>Construir medidas legales y culturales que coadyuven a terminar con la violencia hacia las mujeres en todas sus manifestaciones y en todos los \u00e1mbitos de la vida social; garantizar su seguridad p\u00fablica, y establecer leyes estrictas que impidan el acoso sexual en los centros de trabajo.<\/li>\n<li>Promover reformas legislativas que otorguen el derecho a la maternidad libre y voluntaria, acompa\u00f1\u00e1ndose de programas de educaci\u00f3n sexual, paternidad responsable y m\u00e9todos anticonceptivos.<\/li>\n<li>Sancionar toda discriminaci\u00f3n sexual, garantizando igualdad de condiciones y oportunidad laborales, sociales, pol\u00edticas y culturales.<\/li>\n<li>Promover programas de capacitaci\u00f3n para mujeres en oficios no tradicionales y para el desarrollo de aquellas que habitan en el medio rural.<\/li>\n<li>Introducir el derecho de las mujeres a la tenencia de la tierra en la propiedad ejidal, igual que los varones, derecho a asesor\u00eda, capacitaci\u00f3n t\u00e9cnica y acceso a insumos y cr\u00e9ditos. Complementar estas medidas con una legislaci\u00f3n que proteja los derechos laborales de las jornaleras agr\u00edcolas.<\/li>\n<li>Establecer un compromiso real para impulsar pol\u00edticas de acci\u00f3n afirmativa del g\u00e9nero femenino, que eliminen la marginaci\u00f3n y la discriminaci\u00f3n de las mujeres en los \u00e1mbitos m\u00e1s relevantes de la vida social.<\/li>\n<li>Promover la lucha contra la discriminaci\u00f3n y la desigualdad en los centros trabajo por motivos de embarazo o de atenci\u00f3n materna.<\/li>\n<\/ol>\n<p>*P\u00e1gina 17 <\/p>\n\t\t\t\t\t\t\t\t\t\t\t\t<a href=\"\">\u2022 Participaci\u00f3n ciudadana<\/a>\n\t\t\t\t\t<p><strong>\u00c1mbito Nacional.\u00a0<\/strong><\/p>\n<p>La propuesta del Partido del Trabajo extiende la reforma democr\u00e1tica al plano social y las instituciones civiles, para que se eliminen los cacicazgos de todo tipo, el charrismo sindical, las estructuras y pr\u00e1cticas patriarcales, el clientelismo electoral y el exceso de formas y relaciones burocr\u00e1ticas, todo lo cual inhibe y limita el buen funcionamiento de la vida social. La reforma democr\u00e1tica que impulsamos debe abarcar a los sindicatos y dem\u00e1s organizaciones gremiales y profesionales, los ejidos y comunidades agrarias, las asociaciones civiles y deportivas, e incluso -respetando su autonom\u00eda- a las propias universidades, y desde luego a la familia en tanto que c\u00e9lula b\u00e1sica de la sociedad. Para llevar a cabo lo anterior, promoveremos un conjunto de modificaciones a los ordenamientos constitucionales y legales correspondientes.\u00a0<\/p>\n<p>En la actualidad,\u00a0 la\u00a0 informaci\u00f3n es fundamental para el quehacer pol\u00edtico,\u00a0 econ\u00f3mico, social y cultural.\u00a0 Quien la tiene y controla puede ejercer un dominio inmenso sobre la sociedad.\u00a0 En nuestro pa\u00eds,\u00a0 son\u00a0 el Estado y los grandes monopolios privados los que ejercen este control. El Partido del Trabajo considera que debe garantizarse de manera irrestricta los derechos humanos a la informaci\u00f3n y a la libre expresi\u00f3n de las ideas por todos \u00a0 los \u00a0 medios \u00a0 de \u00a0 comunicaci\u00f3n. \u00a0 Es \u00a0 indispensable \u00a0 para \u00a0 la \u00a0 construcci\u00f3n \u00a0 y \u00a0 el fortalecimiento de la democracia,\u00a0 que\u00a0 en los medios masivos de informaci\u00f3n y comunicaci\u00f3n se abran espacios equitativos a todas las opiniones e ideas. Tambi\u00e9n reivindicamos el derecho de las organizaciones sociales, laborales, educativas, pol\u00edticas, etc., cuenten con sus propios medios de informaci\u00f3n y comunicaci\u00f3n masiva.<\/p>\n<p>A este respecto emprenderemos las siguientes acciones tendientes a establecer una nueva relaci\u00f3n entre Federaci\u00f3n, Estados y Municipios: a)Descentralizaci\u00f3n hacia las entidades federativas y los municipios de la mayor parte de las funciones pol\u00edticas, administrativas y los servicios p\u00fablicos realizados innecesariamente por el gobierno federal. b)Redistribuci\u00f3n de los ingresos fiscales entre los tres niveles de gobierno,\u00a0 de modo que se dupliquen y cuadrupliquen, respectivamente, los montos asignados actualmente a las entidades y los municipios. c)Distribuci\u00f3n equitativa de la capacidad recaudatoria y del ejercicio directo de los recursos captados, a efecto de hacer econ\u00f3micamente efectivo el federalismo, sin romper la armon\u00eda y coordinaci\u00f3n entre los tres niveles de gobierno. d)Descentralizaci\u00f3n total de los programas de combate a la pobreza y asistencia al campo, estableciendo criterios de manejo transparente de los recursos, para dejarlos en manos de instancias estatales y municipales con la participaci\u00f3n de las organizaciones sociales. e)Modificaci\u00f3n de los criterios de la Ley de Planeaci\u00f3n para que todos los actores participantes de la planeaci\u00f3n intervengan en la supervisi\u00f3n y control de los planes y programas gubernamentales. f)Generaci\u00f3n \u00a0 de \u00a0 mecanismos \u00a0 legislativos \u00a0 federales \u00a0 como contrapeso a los Ejecutivos locales, que pretenden restaurar feudos y hacer uso discrecional de los recursos p\u00fablicos.<\/p>\n<p>P\u00e1g 6<\/p>\n\t\t\t\t\t\t\t\t\t\t\t\t<a href=\"\">\u2022 Juventudes<\/a>\n\t\t\t\t\t<h5>\u00c1mbito Nacional. \u00a0<\/h5>\n<p>M\u00e9xico es un pa\u00eds joven, integrado en su mayor\u00eda por ni\u00f1os y j\u00f3venes, sin embargo, este sector de la sociedad mexicana no ha contado con leyes, pol\u00edticas p\u00fablicas e instituciones que propicien su desarrollo real en los principales aspectos de la vida social que le afectan e interesan -educativo, laboral, pol\u00edtico y recreativo-, de cara a forjar con cada nueva generaci\u00f3n un M\u00e9xico mejor.<\/p>\n<p>El ciclo de crisis econ\u00f3micas recurrentes y la poca importancia que para los gobiernos de derecha tiene este segmento de la poblaci\u00f3n, han recrudecido los problemas que los afectan. Por ello, no es casualidad que la delincuencia, la vagancia, la drogadicci\u00f3n y el alcoholismo hayan crecido sensiblemente entre los j\u00f3venes en los \u00faltimos 30 a\u00f1os.\u00a0<\/p>\n<p>Partiendo de esta situaci\u00f3n, el Partido del Trabajo propone impulsar pol\u00edticas, leyes e instituciones para su desarrollo integral, en las cuales su voz se escuche de manera clara y sus iniciativas definan el perfil que debe tener un M\u00e9xico m\u00e1s justo, igualitario y democr\u00e1tico. En este sentido proponemos impulsar las siguientes medidas:\u00a0<\/p>\n<h6>Con relaci\u00f3n a la ni\u00f1ez:\u00a0<\/h6>\n<ol>\n<li>Garantizar a la ni\u00f1ez mexicana alimentaci\u00f3n, salud, educaci\u00f3n, esparcimientos y un ambiente familiar afectuoso.\u00a0<\/li>\n<li>Establecer programas espec\u00edficos para los ni\u00f1os en situaci\u00f3n de calle, con el objeto de proveerles de servicios y atenci\u00f3n b\u00e1sica necesarios, que permitan su reinserci\u00f3n paulatina a la sociedad.<\/li>\n<li>Establecer programas espec\u00edficos para los ni\u00f1os en situaci\u00f3n de calle, con el objeto de proveerles de servicios y atenci\u00f3n b\u00e1sica necesarios, que permitan su reinserci\u00f3n paulatina a la sociedad.\u00a0<\/li>\n<\/ol>\n<h6>Con relaci\u00f3n a los j\u00f3venes:<\/h6>\n<ol>\n<li>Incrementar sustancialmente el acceso de los j\u00f3venes a la educaci\u00f3n en todos los niveles del sistema nacional.<\/li>\n<li>Vincular s\u00f3lidamente el sistema educativo con el aparato productivo, sobre todo en los niveles t\u00e9cnico y profesional, de modo que los j\u00f3venes adquieran los medios necesarios para integrarse adecuadamente al mundo laboral.\u00a0<\/li>\n<li>Incrementar y diversificar las fuentes de empleo productivo y bien remunerado para los j\u00f3venes, de manera que puedan mejorar efectivamente sus condiciones de vida.<\/li>\n<li>Fomentar la participaci\u00f3n social y pol\u00edtica independiente entre los j\u00f3venes, a fin de que vayan incidiendo de manera creciente en los \u00e1mbitos de decisi\u00f3n de la vida p\u00fablica.<\/li>\n<li>Promover todas las formas de expresi\u00f3n cultural de la juventud, sin prejuicios ni manipulaciones de tipo pol\u00edtico.<\/li>\n<li>Garantizar el derecho al deporte y la recreaci\u00f3n, como condiciones indispensables para el desarrollo sano y equilibrado de todos los j\u00f3venes mexicanos, a trav\u00e9s de la habilitaci\u00f3n de m\u00e1s y mejores espacios.<\/li>\n<li>Fortalecer los esfuerzos de informaci\u00f3n y orientaci\u00f3n de la juventud sobre el efecto pernicioso del uso y tr\u00e1fico de sustancias de uso ilegal.\u00a0<\/li>\n<li>Fomentar la educaci\u00f3n respecto a los temas de salud sexual y planificaci\u00f3n familiar.\u00a0<\/li>\n<\/ol>\n<p>\u00a0<\/p>\n\t\t\t\t\t\t\t\t\t\t\t\t<a href=\"\">\u2022 Otro tema no enmarcado en las categorias<\/a>\n\t\t\t\t\t<h5>Migraci\u00f3n<\/h5>\n<h6>\u00c1mbito Local.\u00a0<\/h6>\n<p>El Estado de Jalisco ha generado patrones en torno al tema de la migraci\u00f3n como son:<\/p>\n<ul>\n<li>Asentamientos de la poblaci\u00f3n dentro de una regi\u00f3n<\/li>\n<li>Niveles socioecon\u00f3micos de estas poblaciones<\/li>\n<li>Flujos de mercanc\u00edas y servicios entre ellos<\/li>\n<\/ul>\n<p>Otro dato que hay que recalcar dentro de la zona de occidente son los patrones generales de los efectos de la migraci\u00f3n en las comunidades expulsoras como son:<\/p>\n<ul>\n<li>La creciente dependencia generada en torno a la migraci\u00f3n temporal hacia el vecino pa\u00eds del norte como fuente \u00fanica de ingresos, los cuales no has sido capaces de crear nuevas formas de ingresos.<\/li>\n<li>La diferencia social en la concentraci\u00f3n de la riqueza entre algunas familias y el impacto que pueda tener en la calidad de vida, va a depender del grado de urbanizaci\u00f3n de las comunidades<\/li>\n<li>En la agricultura, los efectos han variado, en primera instancia, las estrategias de cultivo han cambiado a favor de la eliminaci\u00f3n de algunos procesos que han llevado a una p\u00e9rdida de eficiencia en esta actividad, en segundo lugar, en algunos casos se ha sustituido la mano de obra por maquinaria, con consecuencias en la reestructuraci\u00f3n de la actividad y por \u00faltimo, el tipo de cultivos que se sigue sembrando no inhibe la migraci\u00f3n, empero, puede existir una relaci\u00f3n directa entre hect\u00e1reas cultivadas y una pol\u00edtica de puertas cerradas a la inmigraci\u00f3n en Estados Unidos.<\/li>\n<\/ul>\n<p>Aunado a ello el potencial migratorio en el medio rural de Jalisco y el Occidente de M\u00e9xico, reflej\u00e1ndose en que el potencial m\u00e1s joven es el que emigra, y es as\u00ed como el \u00edndice reproductivo de la poblaci\u00f3n que permanece se reduce existiendo una gran disminuci\u00f3n de la tasa de fecundidad a partir de la aplicaci\u00f3n de programas de planificaci\u00f3n familiar.<\/p>\n<p>Con base en lo que se ha expuesto anteriormente, el Partido del Trabajo est\u00e1 listo para enfrentar el presente Proceso Electoral Federal y Local 2020-2021. Adelantamos las siguientes propuestas:<\/p>\n<ul>\n<li>Convocar a todos los actores sociales, econ\u00f3micos, partidistas y gubernamentales a construir, acordar y respetar la aplicaci\u00f3n de un Nuevo Pacto Social para la reactivaci\u00f3n econ\u00f3mica de nuestro pa\u00eds.<\/li>\n<\/ul>\n<p>P\u00e1gs. 32,33<\/p>\n<p>\u00a0<\/p>\n<h6>\u00c1mbito Nacional.\u00a0<\/h6>\n<p>Es una realidad incuestionable que los mexicanos que han buscado un mejor nivel de vida fuera de nuestro pa\u00eds se han insertado en la din\u00e1mica econ\u00f3mica y pol\u00edtica de los Estados Unidos. Es evidente que con su trabajo contribuyen de manera activa a la creaci\u00f3n de riqueza de la naci\u00f3n vecina y que m\u00e1s all\u00e1 de su calidad migratoria, tienen derecho a contar con la protecci\u00f3n de la ley.<\/p>\n<p>De esta forma debemos se\u00f1alar una serie de cuestiones que ata\u00f1en a los derechos civiles y laborales de los mexicanos que residen en el extranjero de manera legal y no legal. Primero, debemos dejar asentado que si salen de su patria es por una raz\u00f3n muy poderosa: la falta de oportunidades de desarrollo y de contar con un empleo digno que les permita solventar sus necesidades y las de sus familias.<\/p>\n<p>Es un hecho innegable que los derechos de los trabajadores indocumentados son inexistentes y que sufren la persecuci\u00f3n de las autoridades estadounidenses y de grupos ciudadanos que ven en el trabajo de los migrantes una amenaza a su soberan\u00eda y a sus posibilidades de desarrollo.<\/p>\n<p>El Partido del Trabajo suscribe el compromiso serio e irrenunciable de legislar para que se establezca la defensa y salvaguarda de los derechos laborales, humanos y sociales de nuestros trabajadores migrantes. Procuraremos acceder a un esquema de seguridad jur\u00eddica equitativo para los millones de mexicanos y latinoamericanos que arriesgan su vida en busca de mejorar su situaci\u00f3n.<\/p>\n<p>Desde la C\u00e1mara de Diputados y tambi\u00e9n con la organizaci\u00f3n y movilizaci\u00f3n pol\u00edtica y social, presionaremos para que Estados Unidos y M\u00e9xico, convengan un acuerdo migratorio que garantice la integridad f\u00edsica y moral, as\u00ed como los derechos laborales y humanos plenos de los La Plataforma Econ\u00f3mica del Partido del Trabajo plantea la reestructuraci\u00f3n y reordenamiento de la pol\u00edtica econ\u00f3mica y de la estrategia de desarrollo, orientadas a:<\/p>\n<p>Recuperar el control estatal de sectores estrat\u00e9gicos y de la infraestructura b\u00e1sica, y asegurar su desarrollo. Se debe continuar con la pol\u00edtica de frenar y revertir la privatizaci\u00f3n de sectores estrat\u00e9gicos, tales como la industria el\u00e9ctrica y petrolera, as\u00ed como de la infraestructura b\u00e1sica, pues ello impide el desarrollo econ\u00f3mico y s\u00f3lo beneficia a quienes acceden al control de dichos sectores. El desarrollo de los sectores estrat\u00e9gicos y la infraestructura b\u00e1sica debe ser dirigido por el Estado. El gobierno tendr\u00e1 mejores condiciones de incrementar impuestos y su recaudaci\u00f3n en el contexto de un mayor crecimiento econ\u00f3mico. Asimismo, la banca, sector estrat\u00e9gico por excelencia, debe ser regulada y supervisada por el Estado para que desempe\u00f1e su papel de otorgar financiamiento a la esfera productiva.<\/p>\n<p>P\u00e1g.7<\/p>\n<p>\u00a0<\/p>\n\t\t\t\t\t\t\t\t\t\t\t<a href=\"https:\/\/www2.iepcjalisco.org.mx\/tablero-electoral-2021\/wp-content\/uploads\/2021\/03\/MOVIMIENTOCIUDADANO.PLATAFORMA-ELECTORAL-LEGISLATIVA.docx\" target=\"_blank\" rel=\"noopener\">\n\t\t\t\t\t\t\t<img width=\"300\" height=\"300\" src=\"https:\/\/www2.iepcjalisco.org.mx\/tablero-electoral-2021\/wp-content\/uploads\/2021\/03\/06-MC.png\" alt=\"\" loading=\"lazy\" \/>\t\t\t\t\t\t\t\t<\/a>\n\t\t\t\t\t\t\t\t\t\t\t\t<a href=\"\">MOVIMIENTO CIUDADANO<\/a>\n\t\t\t\t\t<p><a href=\"https:\/\/www2.iepcjalisco.org.mx\/tablero-electoral-2021\/wp-content\/uploads\/2021\/03\/MOVIMIENTOCIUDADANO.PLATAFORMA-ELECTORAL-LEGISLATIVA.docx\">Descagar Plataforma Electoral<\/a><\/p>\n<p>Dirigente estatal del partido: Ricardo Rodr\u00edguez Jim\u00e9nez Delegado Nacional<\/p>\n<p><br \/>Redes sociales oficiales del Partido:<\/p>\n<p><a href=\"https:\/\/es-la.facebook.com\/MovCiudadanoMX\/\">https:\/\/es-la.facebook.com\/MovCiudadanoMX\/<\/a><\/p>\n<p><a href=\"mailto:jalisco@movimientociudadano.mx\">jalisco@movimientociudadano.mx<\/a>\u00a0<\/p>\n<p><a href=\"http:\/\/movimientociudadano.mx\/jalisco\">http:\/\/movimientociudadano.mx\/jalisco<\/a><\/p>\n\t\t\t\t\t\t\t\t\t\t\t\t<a href=\"\">\u2022 Gobernabilidad y Seguridad<\/a>\n\t\t\t\t\t<h5>Gobernabilidad.<\/h5>\n<ul>\n<li aria-level=\"1\">Fortalecer el Estado de Derecho.<\/li>\n<li style=\"font-weight: 400;\" aria-level=\"1\">Actualizar y\/o reformar las leyes generales y reglamentarias para establecer un orden jur\u00eddico congruente, arm\u00f3nico y complementario.<\/li>\n<li style=\"font-weight: 400;\" aria-level=\"1\">Impulsar la ciudadanizaci\u00f3n de la pol\u00edtica.<\/li>\n<li style=\"font-weight: 400;\" aria-level=\"1\">Fortalecer el federalismo estableciendo pesos y contrapesos entre los Poderes Estatales y los \u00f3rdenes de gobierno, con mecanismos de transparencia y rendici\u00f3n de cuentas.\u00a0<\/li>\n<li style=\"font-weight: 400;\" aria-level=\"1\">Promover un gobierno que garantice la participaci\u00f3n de la sociedad en los temas trascendentes para Jalisco.\u00a0<\/li>\n<li style=\"font-weight: 400;\" aria-level=\"1\">Reestructurar de manera integral el funcionamiento interno de los \u00f3rdenes de gobierno y de los organismos aut\u00f3nomos; as\u00ed como sus mecanismos de coordinaci\u00f3n.<\/li>\n<li style=\"font-weight: 400;\" aria-level=\"1\">Garantizar la representaci\u00f3n de las mujeres en todos los espacios de decisi\u00f3n y formulaci\u00f3n de pol\u00edticas, de los diferentes niveles de gobierno.<\/li>\n<li style=\"font-weight: 400;\" aria-level=\"1\">Impulsar la participaci\u00f3n de los grupos minoritarios (como personas con discapacidad y comunidades ind\u00edgenas) para garantizar su representatividad en los espacios p\u00fablicos y de toma de decisi\u00f3n.<\/li>\n<li style=\"font-weight: 400;\" aria-level=\"1\">Fortalecer y dignificar la actuaci\u00f3n del Poder Legislativo.<\/li>\n<li style=\"font-weight: 400;\" aria-level=\"1\">Establecer reformas constitucionales que favorezcan la construcci\u00f3n de mayor\u00edas parlamentarias estables y s\u00f3lidas para fortalecer al Congreso del Estado como contrapeso efectivo del Ejecutivo y corresponsable en la toma de decisiones, garantizando que el periodo para los \u00f3rganos de gobierno de la C\u00e1maras de Diputados local que se integre, duren una legislatura completa y no un a\u00f1o.<\/li>\n<li style=\"font-weight: 400;\" aria-level=\"1\">Fortalecer las funciones de control y fiscalizaci\u00f3n del Congreso.<\/li>\n<li style=\"font-weight: 400;\" aria-level=\"1\">Promover que los legisladores cumplan con el mandato popular y ejerciten a plenitud las facultades que por derecho les corresponde.<\/li>\n<li style=\"font-weight: 400;\" aria-level=\"1\">Promover un trabajo legislativo eficiente que integre los temas de mayor inter\u00e9s y beneficio social.<\/li>\n<li style=\"font-weight: 400;\" aria-level=\"1\">Establecer mecanismos de mayor participaci\u00f3n ciudadana y consulta en el procedimiento parlamentario.<\/li>\n<li style=\"font-weight: 400;\" aria-level=\"1\">Establecer, para los legisladores, obligatoriedad de haber cumplido, por lo menos, el 60% del tiempo del cargo para el cual fueron electos, antes de postularse para alg\u00fan otro cargo.<\/li>\n<li style=\"font-weight: 400;\" aria-level=\"1\">Establecer la obligatoriedad de la ratificaci\u00f3n por parte del Congreso del Estado del Plan Estatal de Desarrollo.<\/li>\n<li style=\"font-weight: 400;\" aria-level=\"1\">Promover la integraci\u00f3n paritaria del Congreso y sancionar la simulaci\u00f3n de las cuotas de g\u00e9nero, as\u00ed como la violencia pol\u00edtica en raz\u00f3n de g\u00e9nero.<\/li>\n<li style=\"font-weight: 400;\" aria-level=\"1\">Promover una reforma al Poder Judicial, a nivel local, para garantizar su autonom\u00eda e independencia.\u00a0 y al mismo tiempo impulsar en su interior, la transparencia y rendici\u00f3n de cuentas sobre su desempe\u00f1o y renovaci\u00f3n, y en lo exterior, el combate a la corrupci\u00f3n y a la impunidad. (p\u00e1g. 61)<\/li>\n<\/ul>\n<h4>\u00a0<\/h4>\n<h5><b>Una pol\u00edtica de seguridad para la protecci\u00f3n de todas las personas: Seguridad Ciudadana, Derechos Humanos y Procuraci\u00f3n de Justicia.\u00a0<\/b><\/h5>\n<p>La inseguridad es una de las grandes preocupaciones de las y los jaliscienses. En Movimiento Ciudadano promovemos un modelo de seguridad ciudadana en el que se privilegia la seguridad de las personas desde una perspectiva de derechos humanos. A trav\u00e9s de esta estrategia de seguridad ciudadana, se busca privilegiar la investigaci\u00f3n cient\u00edfica, la desarticulaci\u00f3n de las bases econ\u00f3micas y financieras de las redes delincuenciales estatales y sus v\u00ednculos con las nacionales; la prevenci\u00f3n del delito, el respeto total de las leyes, y el castigo ejemplar a los delincuentes. Seguiremos poniendo \u00e9nfasis en la profesionalizaci\u00f3n y dignificaci\u00f3n de la carrera policial como parte fundamental de la estrategia. El combate a las organizaciones de delincuencia organizada incluir\u00e1 una nueva pol\u00edtica de drogas de reducci\u00f3n de da\u00f1os y riesgos, acompa\u00f1ada con un mayor uso de la inteligencia para la desarticulaci\u00f3n de dichas organizaciones y esquemas de cooperaci\u00f3n y coordinaci\u00f3n internacional bajo el principio de responsabilidad compartida.\u00a0\u00a0\u00a0<\/p>\n<p>Hoy la libertad es que la salud no sea un privilegio. La libertad hoy es que los trabajos sean dignos y bien pagados. Libertad es que puedas vivir en paz y sin miedo. Libertad es que las mujeres podamos salir a la calle sin miedo a ser tocadas, violadas o asesinadas. Libertad es que las juventudes puedan estudiar y prepararse para ser parte fundamental del progreso.<\/p>\n<p>Un Estado de mujeres y personas diversas. Las mujeres y los hombres en Jalisco pueden ser heterosexuales, lesbianas, bisexuales o transg\u00e9nero. Somos ind\u00edgenas, o racializadas. Son mujeres y hombres con discapacidades. Nuestro llamado es hacer un Nuevo Trato que visibilice la diversidad en las leyes, pol\u00edticas p\u00fablicas y reconozca los derechos y libertades que tienen todas las personas.\u00a0 (p\u00e1g. 48)<\/p>\n<p>Para construir comunidades humanas resilientes e impulsar sociedades en donde predomine y florezca la paz, la tranquilidad y la justicia, proponemos:\u00a0<\/p>\n<p>\u00a0<\/p>\n<p><b>Impulsar el funcionamiento pleno de los mecanismos en materia pol\u00edtica de seguridad ciudadana<\/b><\/p>\n<ul>\n<li style=\"font-weight: 400;\" aria-level=\"1\">Crear una ley de seguridad humana de car\u00e1cter integral, para que todas las y los jaliscienses gocen de su derecho inalienable a vivir en un entorno seguro y libre de violencia, atendiendo las causas estructurales de la violencia y la delincuencia.<br \/><\/li>\n<li style=\"font-weight: 400;\" aria-level=\"1\">Impulsar mecanismos que atiendan la resoluci\u00f3n de controversias desde su origen para transformar los entornos hacia la sinton\u00eda de bienestar y justicia, desde una visi\u00f3n que atienda las violencias y la delincuencia de manera transversal y desde su inicio las violencias y la delincuencia.\u00a0<\/li>\n<\/ul>\n<p>Las bases del progreso surgen desde el reconocimiento al derecho inalienable a vivir en un entorno seguro y libre de violencia; para impulsar esta perspectiva integral es necesario consolidar la aplicaci\u00f3n de un sistema de educaci\u00f3n continua con unidades de aprendizaje y contenido tem\u00e1tico para crear nuevas perspectivas acerca de c\u00f3mo interactuar en el entorno democr\u00e1tico y ejercer ciudadan\u00eda; entre otros mecanismos que integren esta l\u00ednea de pensamiento.<\/p>\n<ul>\n<li style=\"font-weight: 400;\" aria-level=\"1\">Hacer del cumplimiento del Estado de Derecho, un eje fundamental de la seguridad ciudadana.<\/li>\n<li style=\"font-weight: 400;\" aria-level=\"1\">Incorporar una perspectiva de responsabilidad compartida y ejercer desde cada espacio, acciones y proyectos para la construcci\u00f3n integral de paz y seguridad en nuestras comunidades.<\/li>\n<li style=\"font-weight: 400;\" aria-level=\"1\">Seguir fortaleciendo la coordinaci\u00f3n interinstitucional entre las instancias encargadas de la seguridad.<\/li>\n<li style=\"font-weight: 400;\" aria-level=\"1\">Concentrar los esfuerzos en combatir los delitos que m\u00e1s lastiman a la sociedad, comenzando con el homicidio, robo con violencia, feminicidios, secuestro y extorsi\u00f3n.\u00a0 (p\u00e1g. 49)<\/li>\n<\/ul>\n<p><b>Implementar una pol\u00edtica de seguridad ciudadana que garantice el pleno respeto de los derechos humanos, proteja a las v\u00edctimas y se sustente en la participaci\u00f3n de todos y todas en Jalisco.\u00a0\u00a0<\/b><\/p>\n<ul>\n<li style=\"font-weight: 400;\" aria-level=\"1\">Impulsar las estrategias a fin de fortalecer la participaci\u00f3n de la sociedad civil en las pol\u00edticas p\u00fablicas de Seguridad P\u00fablica, para el diagn\u00f3stico, la formulaci\u00f3n, implementaci\u00f3n, seguimiento y de las pol\u00edticas de seguridad; as\u00ed como en la supervisi\u00f3n del sistema penitenciario del Estado, sea del fuero federal o local.<\/li>\n<li style=\"font-weight: 400;\" aria-level=\"1\">Configurar mecanismos para impulsar una conciencia de colectividad, a fin de impulsar el disfrute de los derechos fundamentales y el desarrollo humano; establecer l\u00edneas que generen condiciones de convivencia en tolerancia, empat\u00eda y la interacci\u00f3n basada en el reconocimiento de la dignidad inherente de todas las personas.<\/li>\n<li style=\"font-weight: 400;\" aria-level=\"1\">Asumir una mirada estructural hacia la protecci\u00f3n de los derechos de la ni\u00f1ez como un firme compromiso; garantizar el pleno desarrollo de este sector, es primordial para formular ecosistemas sociales de bienestar.<\/li>\n<li style=\"font-weight: 400;\" aria-level=\"1\">Fortalecer los mecanismos y la aplicaci\u00f3n efectiva en la interacci\u00f3n social a trav\u00e9s del seguimiento y atenci\u00f3n a los Derechos Humanos a plenitud, en sinton\u00eda con los principios de universalidad, interdependencia, indivisibilidad y progresividad.<\/li>\n<li style=\"font-weight: 400;\" aria-level=\"1\">Proteger la integridad de las v\u00edctimas de la violencia y la delincuencia, a partir del compromiso con la plena aplicaci\u00f3n de la Ley General de Acceso de las Mujeres a un Vida Libre de Violencia, la Ley General de V\u00edctimas, y la Ley General de Desaparici\u00f3n Forzada de Personas y Desaparici\u00f3n cometida por Particulares.<\/li>\n<li style=\"font-weight: 400;\" aria-level=\"1\">Vincular los esfuerzos en seguridad, implica una extensa valoraci\u00f3n sobre las situaciones de riesgo que se viven de manera cotidiana en diversos sectores de la sociedad. Bajo esta perspectiva, es imperante la prevenci\u00f3n de la violencia a trav\u00e9s del fortalecimiento de las instituciones para as\u00ed impulsar el desarrollo de las personas de manera integral. <\/li>\n<\/ul>\n<p>(p\u00e1g. 50)<\/p>\n<p><b>Fortalecer a las instituciones policiales para enfrentar al delito y restablecer la confianza de la sociedad.\u00a0<\/b><\/p>\n<ul>\n<li style=\"font-weight: 400;\" aria-level=\"1\">Definir e instrumentar un modelo de carrera policial en las diversas corporaciones de seguridad p\u00fablica, impulsando la suficiencia de recursos financieros y humanos para su capacitaci\u00f3n, equipamiento e infraestructura.<\/li>\n<li style=\"font-weight: 400;\" aria-level=\"1\">Reforzar las instituciones policiales mediante la capacitaci\u00f3n permanente y el uso de tecnolog\u00eda e inteligencia para la procuraci\u00f3n y persecuci\u00f3n del delito.<\/li>\n<li style=\"font-weight: 400;\" aria-level=\"1\">Fortalecer los mecanismos de colaboraci\u00f3n y coordinaci\u00f3n de los cuerpos policiales de los diversos \u00f3rdenes de gobierno, para lograr que \u00e9stos sean eficientes y atiendan la demanda ciudadana de combate a los delitos y la construcci\u00f3n de mejores entornos en co-participaci\u00f3n.<\/li>\n<li style=\"font-weight: 400;\" aria-level=\"1\">Fomentar el respeto y la confianza en las polic\u00edas, a trav\u00e9s del proceso de certificaci\u00f3n, evaluaci\u00f3n y controles de confianza abierto al escrutinio y a la participaci\u00f3n de la sociedad civil.<\/li>\n<\/ul>\n<p>-Dignificar y honrar su entrega y servicio a los miembros de las \u00a0 \u00a0 \u00a0 \u00a0 corporaciones policiales, a trav\u00e9s de salarios dignos, prestaciones sociales y protecci\u00f3n para el personal de las instituciones policiales y sus familias<\/p>\n<ul>\n<li style=\"font-weight: 400;\" aria-level=\"1\">sociales y protecci\u00f3n para el personal de las instituciones policiales y sus familias.\u00a0<\/li>\n<li style=\"font-weight: 400;\" aria-level=\"1\">Fortalecer a las polic\u00edas municipales, de proximidad y comunitarias, para el desempe\u00f1o de las tareas de seguridad ciudadana como la contenci\u00f3n de los delitos del fuero com\u00fan y tareas para preservar la paz p\u00fablica y la convivencia social.<\/li>\n<li style=\"font-weight: 400;\" aria-level=\"1\">Mejorar los mecanismos de colaboraci\u00f3n y coordinaci\u00f3n de los cuerpos policiales de los distintos \u00f3rdenes de gobierno, para lograr que \u00e9stos sean eficientes y atiendan la demanda ciudadana de combate a los delitos y generaci\u00f3n de comunidades de paz en conjunto. (p\u00e1g. 52)<\/li>\n<\/ul>\n<p><b>Sistema de Procuraci\u00f3n de Justicia, una reformulaci\u00f3n con enfoque social<\/b><\/p>\n<ul>\n<li style=\"font-weight: 400;\" aria-level=\"1\">Desarrollar reformas en la materia que garanticen la igualdad de acceso a la justicia para todas las personas.<\/li>\n<li style=\"font-weight: 400;\" aria-level=\"1\">Configurar los mecanismos necesarios para garantizar un efectivo cese a la impunidad, las malas pr\u00e1cticas y la corrupci\u00f3n en el sistema de procuraci\u00f3n de justicia. Implementar medidas de eficiencia, transparencia y rendici\u00f3n de cuentas para sus funcionarias y funcionarios.\u00a0<\/li>\n<li style=\"font-weight: 400;\" aria-level=\"1\">Robustecer la actuaci\u00f3n transversal para la atenci\u00f3n de delitos contra la ni\u00f1ez y la consolidaci\u00f3n de mecanismos de atenci\u00f3n a v\u00edctimas para el desarrollo de su personalidad y la consolidaci\u00f3n de una vida libre de violencia<\/li>\n<li style=\"font-weight: 400;\" aria-level=\"1\">Impulsar un sistema de procuraci\u00f3n de justicia a favor de las v\u00edctimas, garantizando la protecci\u00f3n de su integridad y dignidad.\u00a0<\/li>\n<li style=\"font-weight: 400;\" aria-level=\"1\">Estimular el desempe\u00f1o de organismos e instituciones para agilizar la procuraci\u00f3n de justicia y la vigilancia sobre su funcionamiento.<\/li>\n<li style=\"font-weight: 400;\" aria-level=\"1\">Supervisar la correcta implementaci\u00f3n del sistema de justicia penal acusatorio, teniendo como prioridad la capacitaci\u00f3n permanente de las y los servidores p\u00fablicos que participan en \u00e9l.\u00a0<\/li>\n<li style=\"font-weight: 400;\" aria-level=\"1\">Fortalecer mediante leyes, las capacidades de los ministerios p\u00fablicos para la investigaci\u00f3n y consignaci\u00f3n de los delincuentes.\u00a0<\/li>\n<li style=\"font-weight: 400;\" aria-level=\"1\">Promover la armonizaci\u00f3n de las legislaciones penales para el Estado.\u00a0<\/li>\n<li style=\"font-weight: 400;\" aria-level=\"1\">Promover que la legislaci\u00f3n penal contemple prisi\u00f3n preventiva en los casos de acopio, transporte y portaci\u00f3n de armas.<\/li>\n<\/ul>\n<p>(p\u00e1g. 52)\u00a0<\/p>\n<p><b>Implmentar reformas que impulsen una pol\u00edtica frente a las drogas, enfocada en la prevenci\u00f3n, la reducci\u00f3n de da\u00f1os, riesgos y la desarticulaci\u00f3n de las organizaciones de delincuencia organizada.\u00a0<\/b><\/p>\n<ul>\n<li style=\"font-weight: 400;\" aria-level=\"1\">Fortalecer desde el Congreso local, las capacidades t\u00e9cnicas, de equipamiento y de operaci\u00f3n estrat\u00e9gica de las polic\u00edas para hacer frente a la delincuencia y mejorar la coordinaci\u00f3n entre los distintos \u00f3rganos de gobierno encargados de la seguridad.\u00a0<\/li>\n<li style=\"font-weight: 400;\" aria-level=\"1\">Reformular la estrategia contra las organizaciones de delincuencia organizada, privilegiando el uso de la informaci\u00f3n de inteligencia para la desarticulaci\u00f3n de los grupos delictivos y el combate al lavado de dinero.<\/li>\n<li style=\"font-weight: 400;\" aria-level=\"1\">Establecer mecanismos para disminuir el narcomenudeo como estrategia de combate a los grupos narcotraficantes.<\/li>\n<li style=\"font-weight: 400;\" aria-level=\"1\">Fortalecer los programas de cooperaci\u00f3n internacional para enfrentar a las diversas modalidades de delincuencia organizada y redes il\u00edcitas transnacionales, a partir de los principios de responsabilidad compartida y cooperaci\u00f3n.\u00a0<\/li>\n<li style=\"font-weight: 400;\" aria-level=\"1\">Establecer programas de inclusi\u00f3n y atenci\u00f3n para la ni\u00f1ez, las y los adolescentes, as\u00ed como las juventudes que respondan a las particularidades contextuales de su localidad. Recuperar espacios p\u00fablicos e impulsar programas de educaci\u00f3n, capacitaci\u00f3n para el empleo y el desarrollo de las artes y la cultura.\u00a0<\/li>\n<li style=\"font-weight: 400;\" aria-level=\"1\">Combatir estructuralmente otros delitos de la delincuencia organizada como el tr\u00e1fico de minerales, el tr\u00e1fico de armas, el tr\u00e1fico y la trata de personas.<\/li>\n<li style=\"font-weight: 400;\" aria-level=\"1\">Implementar una reconversi\u00f3n amplia para que las actividades del campo recuperen su vocaci\u00f3n agraria y los grupos campesinos siembren productos legales, manteniendo un enfoque para edificar condiciones de vida digna y el desarrollo sus actividades agr\u00edcolas y ganaderas.<\/li>\n<li style=\"font-weight: 400;\" aria-level=\"1\">Combatir la corrupci\u00f3n al interior de las instituciones de seguridad y las autoridades estatales y municipales. (p\u00e1g. 53)<\/li>\n<\/ul>\n<p><b>Seguridad y Justicia para las Mujeres\u00a0<\/b><\/p>\n<p>En M\u00e9xico lamentablemente ser mujer sigue siendo una condena de violencia y muerte. La realidad de millones de mexicanas es de una serie de violencias que van desde estereotipos, acosos, violaciones y hasta feminicidios.<\/p>\n<p>En Movimiento Ciudadano estamos en contra de un Gobierno que invisibiliza, ignora y minimiza el incremento de las violencias en el que viven las mujeres; que recorta y elimina los presupuestos destinados para combatir estas desigualdades y con ello, roba el derecho a mejores condiciones de vida para ellas.<\/p>\n<p>Ante esto no podemos quedarnos callados, debemos alzar la voz, las ni\u00f1as y mujeres de M\u00e9xico y de Jalisco, se merecen un pa\u00eds y un Estado m\u00e1s seguro, en el que puedan vivir libres, seguras y sin miedo.<\/p>\n<p>En ese sentido, desde Movimiento Ciudadano proponemos para sacudirnos ese pasado y construir entre todas y todos, un entorno plural y en clave feminista. (p\u00e1g. 54)<\/p>\n<ul>\n<li style=\"font-weight: 400;\" aria-level=\"1\">Impulsar leyes para implementar pol\u00edticas, programas y acciones de prevenci\u00f3n, atenci\u00f3n, sanci\u00f3n y eliminaci\u00f3n de la violencia de g\u00e9nero, que atiendan de manera prioritaria el grave problema de los feminicidios.\u00a0<\/li>\n<li style=\"font-weight: 400;\" aria-level=\"1\">Entender que Sin las mujeres no hay democracia. Debemos feminizar la pol\u00edtica a partir del fortalecimiento de los derechos pol\u00edticos electorales de las mujeres, de lo contrario, nuestro Estado no podr\u00e1 consolidar una democracia que d\u00e9 pie a sociedades igualitarias, horizontales, comunitarias y ciudadanas.<\/li>\n<li style=\"font-weight: 400;\" aria-level=\"1\">Las queremos vivas, libres y sin miedo; justicia para todas. Debemos detener la tentaci\u00f3n punitiva, apostar a la desmilitarizaci\u00f3n, garantizar el acceso y la procuraci\u00f3n de justicia con una verdadera perspectiva de g\u00e9nero y contar con fiscal\u00edas especializadas en delitos contra las mujeres.<\/li>\n<li style=\"font-weight: 400;\" aria-level=\"1\">Alto a la austeridad machista. La austeridad que perpet\u00faa las desigualdades y nos condena a una vida de violencias es una austeridad machista. Para dejar esto en el pasado, se debe legislar para todas, asegurar presupuestos y pol\u00edticas p\u00fablicas que contemplen las necesidades de ni\u00f1as y mujeres. (pag. 54)<\/li>\n<li style=\"font-weight: 400;\" aria-level=\"1\">En Movimiento Ciudadano lo decimos fuerte y claro, lleg\u00f3 el momento de sacudirnos el pasado, dejar atr\u00e1s la realidad de violencias que viven ni\u00f1as y mujeres en el pa\u00eds para apostarle a un proyecto de pa\u00eds feminista.<\/li>\n<\/ul>\n<p><b>Este es nuestro llamado a hacer Un Nuevo Trato por y con las mujeres, porque la Evoluci\u00f3n Mexicana ser\u00e1 feminista o no ser\u00e1.<\/b><\/p>\n<ul>\n<li style=\"font-weight: 400;\" aria-level=\"1\">Impulsar leyes para implementar pol\u00edticas, programas y acciones de prevenci\u00f3n, atenci\u00f3n, sanci\u00f3n y eliminaci\u00f3n de la violencia de g\u00e9nero en todas sus formas, que atiendan de manera prioritaria el grave problema de los feminicidios.<\/li>\n<li style=\"font-weight: 400;\" aria-level=\"1\">Impulsar programas de comunidades seguras con perspectiva de g\u00e9nero.<\/li>\n<li style=\"font-weight: 400;\" aria-level=\"1\">Sensibilizar a las autoridades y agentes del servicio p\u00fablico sobre la fenomenolog\u00eda de la violencia de g\u00e9nero y el respeto a los derechos humanos.<\/li>\n<li style=\"font-weight: 400;\" aria-level=\"1\">Establecer centros de atenci\u00f3n m\u00e9dica especializados en atenci\u00f3n a violencia hacia las mujeres.<\/li>\n<\/ul>\n<p>Desarrollar conjuntamente a organizaciones de la sociedad civil, la operatividad de refugios para mujeres v\u00edctimas de violencia, programas de asesor\u00eda jur\u00eddica y apoyo psicol\u00f3gico para restablecer la salud y el bienestar de las v\u00edctimas. (p\u00e1g. 55)\u00a0<\/p>\n<p><b>Reinserci\u00f3n Social y Reforma Penitenciaria<\/b><\/p>\n<ul>\n<li style=\"font-weight: 400;\" aria-level=\"1\">Impulsar desde el Congreso Local, la reforma integral del sistema penitenciario.\u00a0<\/li>\n<li style=\"font-weight: 400;\" aria-level=\"1\">Implementar medidas para abatir la posibilidad de que se conviertan en centros de operaci\u00f3n de la delincuencia. Utilizar herramientas tecnol\u00f3gicas para evitar la comisi\u00f3n de delitos desde las c\u00e1rceles.<\/li>\n<li style=\"font-weight: 400;\" aria-level=\"1\">Atender los problemas de hacinamiento e inseguridad al interior de los centros penitenciarios, a trav\u00e9s de la ampliaci\u00f3n y construcci\u00f3n de nuevas c\u00e1rceles y una clara clasificaci\u00f3n de los centros de reclusi\u00f3n.<\/li>\n<li style=\"font-weight: 400;\" aria-level=\"1\">Configurar entornos penitenciarios que prioricen la rehabilitaci\u00f3n social y encaminen a las personas internas, hacia mejores escenarios de convivencia social a trav\u00e9s del desarrollo de su personalidad y la prosperidad de los proyectos de vida en comunidad.<\/li>\n<li style=\"font-weight: 400;\" aria-level=\"1\">Robustecer los mecanismos de profesionalizaci\u00f3n y capacitaci\u00f3n del personal de los centros penitenciarios de reinserci\u00f3n y establecer controles de confianza y evaluaci\u00f3n permanente.<\/li>\n<li style=\"font-weight: 400;\" aria-level=\"1\">Implementar mecanismos de evaluaci\u00f3n y seguimiento a los programas de reinserci\u00f3n social (educaci\u00f3n, cuidado de la salud y capacitaci\u00f3n laboral), para que operen con eficacia en provecho de la reincorporaci\u00f3n social de los sentenciados en el Estado.<\/li>\n<li style=\"font-weight: 400;\" aria-level=\"1\">Implementar programas especiales que atiendan las necesidades de los ni\u00f1os y ni\u00f1as que crecen en reclusi\u00f3n y dotar de recursos espec\u00edficos a los centros penitenciarios para que se garantice el disfrute de sus derechos de salud, educaci\u00f3n y alimentaci\u00f3n.<\/li>\n<li>Crear una Comisi\u00f3n de Seguimiento de las Condiciones de reclusi\u00f3n. <\/li>\n<\/ul>\n<p>(p\u00e1g. 57)<\/p>\n<p>\u00a0<\/p>\n\t\t\t\t\t\t\t\t\t\t\t\t<a href=\"\">\u2022 Movilidad<\/a>\n\t\t\t\t\t<h4><b>Movilidad Sostenible y Transporte P\u00fablico Eficiente\u00a0<\/b><\/h4>\n<ul>\n<li style=\"font-weight: 400;\" aria-level=\"1\">Proponer reformas para impulsar proyectos de transporte multimodal y limpio en las ciudades, con la finalidad de mejorar la calidad de vida de las personas.\u00a0 Mejorar la movilidad urbana, privilegiando el transporte p\u00fablico, transporte no contaminante y el no motorizado.<\/li>\n<li style=\"font-weight: 400;\" aria-level=\"1\">Implementar pol\u00edticas para que los sistemas de transporte sean seguros, asequibles, accesibles y sostenibles para todas las personas y mejorar la seguridad vial. (p\u00e1g. 32)\u00a0<\/li>\n<li style=\"font-weight: 400;\" aria-level=\"1\">Impulsar desde el trabajo legislativo, un plan integral de desarrollo de la infraestructura de transporte urbano e interurbano con visi\u00f3n de largo plazo.<\/li>\n<li style=\"font-weight: 400;\" aria-level=\"1\">Garantizar el dise\u00f1o y acceso universal en los espacios p\u00fablicos como calles y banquetas, para que sean propicios para el tr\u00e1nsito de personas que utilicen carreolas, sillas de ruedas, bastones, o personas con movilidad reducida, personas ciegas o con discapacidad motora.<\/li>\n<li style=\"font-weight: 400;\" aria-level=\"1\">Atender tambi\u00e9n estos criterios de infraestructura y para la movilidad en zonas rurales. <\/li>\n<\/ul>\n<p>(p\u00e1g. 33)<\/p>\n\t\t\t\t\t\t\t\t\t\t\t\t<a href=\"\">\u2022 Desarrollo Econ\u00f3mico, Empleo y Salario<\/a>\n\t\t\t\t\t<h4><b>Generaremos las leyes de Bienestar Social y Combate a las Desigualdades. Desarrollo Econ\u00f3mico, Desarrollo Humano y Desarrollo Sostenible.<\/b><\/h4>\n<p>Movimiento Ciudadano tiene como finalidad poner a las personas en el centro de las pol\u00edticas p\u00fablicas y priorizar su bienestar. Esto significa pensar m\u00e1s all\u00e1 de las tradicionales visiones de la pobreza ligadas a un piso m\u00ednimo de recursos y hablar de bienestar e igualdad social para referirnos al conjunto de factores que toda persona necesita para gozar de una vida digna y libre.\u00a0<\/p>\n<p>La desigualdad vulnera la cohesi\u00f3n social, fomenta la desconfianza y debilita el capital social y humano. Seguiremos atendiendo la desigualdad en Jalisco desde una visi\u00f3n integral, en la que la pol\u00edtica econ\u00f3mica, la pol\u00edtica social, la educaci\u00f3n y la protecci\u00f3n del medio ambiente se alineen a partir de propuestas legislativas orientadas a garantizar el desarrollo humano y promover el desarrollo sostenible de las personas.\u00a0<\/p>\n<p>La Evoluci\u00f3n Mexicana es nuestro llamado y nuestro plan para hacer un Nuevo Trato con y por las mujeres, un nuevo trato por paz, por la salud, por la justicia social y la justicia ambiental.<\/p>\n<p>Estamos transformando la realidad de Jalisco, nos encontramos en una etapa de cambio de paradigma, entre una pol\u00edtica social centrada en el asistencialismo y en el clientelismo de los programas, a una enfocada a la creaci\u00f3n de oportunidades y a impulsar el desarrollo aut\u00f3nomo de las personas. Nuestro proyecto busca continuar con el impulso de pol\u00edticas enfocadas a potenciar el desarrollo humano, la inclusi\u00f3n social y la cohesi\u00f3n comunitaria. La inclusi\u00f3n social se refiere a que todas las personas tengan las oportunidades y recursos necesarios para participar en la vida econ\u00f3mica, social y cultural de nuestro Estado.\u00a0<\/p>\n<p>A la par, es importante continuar impulsando leyes con un enfoque desde la salud ambiental, la protecci\u00f3n de los ecosistemas y su biodiversidad, teniendo como base los principios del desarrollo sostenible. <\/p>\n<p>(p\u00e1g. 15)<\/p>\n<p>Nuestros diputados en el Estado construir\u00e1n desde el congreso Un modelo econ\u00f3mico progresista para el desarrollo humano<\/p>\n<p>En Movimiento Ciudadano desde el Congreso Local, impulsar\u00e1 una pol\u00edtica econ\u00f3mica progresista en el que las libertades y ventajas del mercado, est\u00e9n garantizadas por reglas claras de competencia econ\u00f3mica y garant\u00edas para las inversiones.\u00a0<\/p>\n<p>El impulso y desarrollo de los diversos sectores productivos debe ser una prioridad, de la mano de una estrategia donde se promueva la innovaci\u00f3n cient\u00edfica y tecnol\u00f3gica; el desarrollo y fortalecimiento del mercado interno y la competitividad.\u00a0<\/p>\n<p>Por esta raz\u00f3n, propondremos leyes que impulsen pol\u00edticas orientadas a garantizar la equidad, el bienestar y la justicia.\u00a0 En suma, se trata de un modelo econ\u00f3mico incluyente que promueva el desarrollo humano de todas y todos los habitantes de nuestro Estado y mejore las condiciones de vida de las personas que habitan en Jalisco.<\/p>\n<p>Para lograrlo, se necesita la creaci\u00f3n de un marco legislativo de planeaci\u00f3n y control social ciudadano que imprima transparencia, racionalidad y legalidad al ingreso, al gasto y a la inversi\u00f3n p\u00fablica, fortaleciendo as\u00ed el manejo de las finanzas p\u00fablicas.<\/p>\n<p>Por ello, en Movimiento Ciudadano proponemos:<\/p>\n<h5><b>Una econom\u00eda social de mercado, productiva y competitiva en el Estado.\u00a0<\/b><\/h5>\n<ul>\n<li style=\"font-weight: 400;\" aria-level=\"1\">Continuar desde el Congreso impulsando iniciativas econ\u00f3micas de crecimiento incluyente con pol\u00edticas fiscales y de gasto, que sirvan como palancas para la actividad productiva, en aras de un desarrollo econ\u00f3mico sostenible inspirado en los principios de la econom\u00eda social de mercado, orientada al crecimiento con equidad en nuestro Estado.<\/li>\n<li style=\"font-weight: 400;\" aria-level=\"1\">Establecer al amparo de la ley, una estrategia de desarrollo que garantice un crecimiento sostenido de la econom\u00eda jalisciense a largo plazo y que propicie las condiciones id\u00f3neas para la creaci\u00f3n de empleos dignos.<\/li>\n<li style=\"font-weight: 400;\" aria-level=\"1\">Promover una ley de competitividad econ\u00f3mica para consolidar y fortalecer el mercado interno como palanca del desarrollo estatal, con reglas claras, justas y antimonop\u00f3licas. (p\u00e1g. 16)<\/li>\n<li style=\"font-weight: 400;\" aria-level=\"1\">Legislar para mantener finanzas p\u00fablicas sanas como prioridad de la pol\u00edtica econ\u00f3mica gubernamental para no generar desequilibrios que puedan comprometer los recursos indispensables para el desarrollo. La estabilidad de las finanzas p\u00fablicas debe estar basada en la diversificaci\u00f3n de los ingresos y en el manejo honesto y racional de los egresos.<\/li>\n<li style=\"font-weight: 400;\" aria-level=\"1\">Impulsar medidas legislativas que permitan la adecuada administraci\u00f3n de los flujos financieros de corto plazo, a fin de evitar la vulnerabilidad de la econom\u00eda y la especulaci\u00f3n que unos cuantos agentes financieros puedan ejercer sobre nuestros mercados de dinero y de capitales.<\/li>\n<li style=\"font-weight: 400;\" aria-level=\"1\">Promover iniciativas de ley orientadas al desarrollo de las actividades productivas y la creaci\u00f3n de puestos de trabajo dignos, con salarios bien retribuidos.<\/li>\n<\/ul>\n<p>(p\u00e1g. 17)\u00a0<\/p>\n<ul>\n<li style=\"font-weight: 400;\" aria-level=\"1\">Impulsar el emprendimiento, la creatividad y la innovaci\u00f3n; fomentando la formalizaci\u00f3n y el crecimiento de las micro, peque\u00f1as y medianas empresas; fortaleciendo en todo momento la inclusi\u00f3n y equidad desde los procesos administrativos hasta los de operaci\u00f3n.<\/li>\n<li style=\"font-weight: 400;\" aria-level=\"1\">Robustecer la capacidad de las instituciones financieras estatales para fomentar y ampliar el acceso a los servicios bancarios, financieros y de seguros para todas y todos.<\/li>\n<li style=\"font-weight: 400;\" aria-level=\"1\">Promover a trav\u00e9s de leyes, el desarrollo de las micro, peque\u00f1as y medianas empresas e industrias, inclusivas, con perspectiva de g\u00e9nero y enfoque de derechos humanos, procurando que en ellas se creen empleos dignos, buscando vincularlas con la industria manufacturera de exportaci\u00f3n y la transferencia de capacidades tecnol\u00f3gicas y organizacionales.<\/li>\n<li>Impulsar a trav\u00e9s de reformas de ley una mejor distribuci\u00f3n del ingreso para alcanzar mayores niveles de equidad, incorporando como un eje transversal la perspectiva de g\u00e9nero en la econom\u00eda y un enfoque de derechos humanos con el objetivo de atender a todos los grupos en condici\u00f3n de vulnerabilidad.<\/li>\n<li><br \/>Fomentar entre la ciudadan\u00eda una cultura financiera a fin de poder propiciar mayores y mejores oportunidades para el emprendimiento, la inversi\u00f3n y el ahorro. <\/li>\n<\/ul>\n<p>(p\u00e1g. 17)<\/p>\n\t\t\t\t\t\t\t\t\t\t\t\t<a href=\"\">\u2022 Medio Ambiente<\/a>\n\t\t\t\t\t<h4><b>Movimiento ciudadano, desde el congreso del Estado con los diputados ciudadanos fortalecer\u00e1 el Desarrollo sostenible del Estado<\/b><\/h4>\n<p>Estamos comprometidos con el bienestar de las y los ciudadanos y la preservaci\u00f3n del medio ambiente, por ello nos manifestamos a favor de un modelo de desarrollo integral, incluyente y sostenible, basado en el respeto a la naturaleza, a la dignidad de las personas y de las comunidades. (p\u00e1g. 36)<\/p>\n<p>En este sentido, proponemos leyes tendientes a impulsar pol\u00edticas p\u00fablicas integrales y transversales, que incluyan los tres pilares del desarrollo sostenible: el crecimiento econ\u00f3mico, el desarrollo social y la protecci\u00f3n del medio ambiente; acompa\u00f1ados de un amplio enfoque sobre los derechos humanos y la justicia intergeneracional. Reconocemos que la protecci\u00f3n del medio ambiente y la promoci\u00f3n del desarrollo, es una responsabilidad compartida entre el Estado y la sociedad.\u00a0<\/p>\n<p>Nuestras propuestas legislativas, deben contar con leyes que permitan (re)pensarse, planificarse y transformarse con una perspectiva de g\u00e9nero. Para que se traduzcan en apoyo a los municipios que queremos deben ser espacios de convivencia en los que nuestras necesidades est\u00e9n contempladas y en las que todas y todos se puedan mover de manera libre y segura.<\/p>\n<p>El cambio clim\u00e1tico es una realidad. La alteraci\u00f3n del clima a nivel global ha tra\u00eddo consigo desastres naturales de gran calado que afectan directamente a las personas. Las proyecciones indican que nuestro Estado tambi\u00e9n sufre afectaciones por el calentamiento global, con el agravamiento de las sequ\u00edas, la p\u00e9rdida de la biodiversidad, reducci\u00f3n de espacios para las actividades agr\u00edcolas, olas de calor y escasez de agua para consumo dom\u00e9stico, entre otros fen\u00f3menos.\u00a0<\/p>\n<p>Movimiento Ciudadano es el veh\u00edculo para que los ciudadanos libres y ejemplares puedan acceder a los espacios donde se toman las decisiones p\u00fablicas.<\/p>\n<h5>En Movimiento Ciudadano proponemos:<\/h5>\n<p><b>Preservar los recursos naturales y promover su explotaci\u00f3n racional.<\/b><\/p>\n<ul>\n<li style=\"font-weight: 400;\" aria-level=\"1\">Poner al desarrollo sostenible en el centro de la estrategia de desarrollo estatal.<\/li>\n<li style=\"font-weight: 400;\" aria-level=\"1\">Promover leyes y pol\u00edticas no discriminatorias en favor del desarrollo sostenible.<\/li>\n<li style=\"font-weight: 400;\" aria-level=\"1\">Detener la degradaci\u00f3n del medio ambiente estableciendo instituciones fuertes para su manejo, planes de largo plazo, y pol\u00edticas p\u00fablicas articuladas, y aplicando rigurosamente las leyes y normas ambientales.<\/li>\n<li style=\"font-weight: 400;\" aria-level=\"1\">Incorporar los principios de justicia intergeneracional, precautoria y del que contamina paga para toda explotaci\u00f3n de los recursos naturales o cualquier tipo de proyecto productivo, recreativo o tur\u00edstico. (p\u00e1g. 37)<\/li>\n<li style=\"font-weight: 400;\" aria-level=\"1\">Cumplir con la legislaci\u00f3n que ampara el principio de que \u201cel que contamina paga\u201d, en toda explotaci\u00f3n de los recursos naturales o proyecto productivo, recreativo o tur\u00edstico. Otorgar facultades y mecanismos a las Procuradur\u00edas de protecci\u00f3n al medio ambiente para sancionar su incumplimiento. (p\u00e1g. 37)<\/li>\n<li style=\"font-weight: 400;\" aria-level=\"1\">Asignar recursos suficientes para financiar los programas y proyectos ambientales, y mecanismos de rendici\u00f3n de cuentas sobre el uso de dichos recursos.\u00a0<\/li>\n<li style=\"font-weight: 400;\" aria-level=\"1\">Establecer criterios de explotaci\u00f3n de los recursos naturales a partir de indicadores de sustentabilidad.<\/li>\n<li style=\"font-weight: 400;\" aria-level=\"1\">Impulsar desde el Congreso local, la econom\u00eda verde a trav\u00e9s de est\u00edmulos para el desarrollo de empresas limpias y sostenibles que contribuyan al desarrollo econ\u00f3mico y social de Jalisco.<\/li>\n<li style=\"font-weight: 400;\" aria-level=\"1\">Impulsar una reglamentaci\u00f3n clara y transversal en los \u00f3rdenes de gobierno (municipal y estatal) que permita adoptar medidas de protecci\u00f3n ambiental aun cuando no exista certeza cient\u00edfica sobre los da\u00f1os graves e irreversibles que podr\u00edan causar el uso de ciertos productos o tecnolog\u00edas.<\/li>\n<li style=\"font-weight: 400;\" aria-level=\"1\">Promover la corresponsabilidad entre un ambiente equilibrado y la salud de las personas.<\/li>\n<li style=\"font-weight: 400;\" aria-level=\"1\">Establecer mecanismos formales de participaci\u00f3n ciudadana en la planeaci\u00f3n, toma de decisiones, puesta en marcha, seguimiento y evaluaci\u00f3n de las pol\u00edticas, planes y programas ambientales a partir de indicadores medibles alineados con metas y objetivos.<b><i>\u00a0<\/i><\/b><\/li>\n<li style=\"font-weight: 400;\" aria-level=\"1\">Dotar desde el Congreso local, a los gobiernos estatales y municipales de mayores facultades para la preservaci\u00f3n de los recursos naturales y del entorno ecol\u00f3gico bajo su responsabilidad.\u00a0<\/li>\n<li style=\"font-weight: 400;\" aria-level=\"1\">Establecer impuestos ecol\u00f3gicos a fin de mitigar y controlar los da\u00f1os ambientales producidos tanto por particulares, como empresas privadas y el sector p\u00fablico, promoviendo de esta manera la corresponsabilidad en relaci\u00f3n al cuidado y preservaci\u00f3n del medio ambiente; privilegiando en todo momento la conservaci\u00f3n de los ecosistemas y la biodiversidad. (p\u00e1g. 38)<\/li>\n<li style=\"font-weight: 400;\" aria-level=\"1\">Imponer sanciones m\u00e1s severas para las personas o empresas que infrinjan las disposiciones legales en la materia y que \u00e9stas sean aplicables en todos los niveles.<\/li>\n<li style=\"font-weight: 400;\" aria-level=\"1\">Ampliar las \u00e1reas protegidas para conservaci\u00f3n-restauraci\u00f3n y provisi\u00f3n de servicios ambientales. Conservar y utilizar de forma sostenible la diversidad biol\u00f3gica y los ecosistemas. Detener la p\u00e9rdida de la diversidad biol\u00f3gica y proteger las especies amenazadas para evitar su extinci\u00f3n.<\/li>\n<li style=\"font-weight: 400;\" aria-level=\"1\">Favorecer esquemas financieros de apoyo a los centros de investigaci\u00f3n e instituciones educativas, para realizar estudios espec\u00edficos sobre medio ambiente y biodiversidad.<\/li>\n<li style=\"font-weight: 400;\" aria-level=\"1\">Impulsar v\u00ednculos de cooperaci\u00f3n internacional que favorezcan el intercambio y desarrollo de nuevas tecnolog\u00edas que mejoren la producci\u00f3n industrial y resulten amigables con el medio ambiente.<\/li>\n<li style=\"font-weight: 400;\" aria-level=\"1\">Promover la gesti\u00f3n sostenible de todos los tipos de bosques, reducir la deforestaci\u00f3n, recuperar los bosques degradados e incrementar la forestaci\u00f3n y la reforestaci\u00f3n.<\/li>\n<li style=\"font-weight: 400;\" aria-level=\"1\">Implementar un programa para frenar la desertificaci\u00f3n y rehabilitar las tierras y los suelos degradados.<\/li>\n<li style=\"font-weight: 400;\" aria-level=\"1\">Fortalecer las acciones contra el tr\u00e1fico de especies protegidas de flora y fauna.<\/li>\n<li style=\"font-weight: 400;\" aria-level=\"1\">Impulsar una cultura del consumo responsable y de la gesti\u00f3n de los desechos. Promover la educaci\u00f3n para el desarrollo sostenible y los estilos de vida sostenibles.<\/li>\n<li>Fomentar el trabajo en conjunto de la sociedad y gobierno para proteger a los ecosistemas y a la biodiversidad, promoviendo la toma de conciencia sobre las acciones individuales y el impacto ambiental, as\u00ed como la importancia de la corresponsabilidad para amainar las afectaciones ambientales. (p\u00e1g. 39)<\/li>\n<\/ul>\n<p>\u00a0<\/p>\n\t\t\t\t\t\t\t\t\t\t\t\t<a href=\"\">\u2022 Desarrollo Humano<\/a>\n\t\t\t\t\t<h5><b>Diputados ciudadanos promover\u00e1n el Desarrollo humano para la libertad e igualdad.<\/b><\/h5>\n<p>El desarrollo humano significa ampliar las oportunidades de las personas para que gocen plenamente de sus libertades, vivan su vida con dignidad, accedan a la educaci\u00f3n y a servicios de salud p\u00fablicos y de calidad; y desarrollen todas sus capacidades. El objetivo es lograr la inclusi\u00f3n social, econ\u00f3mica y pol\u00edtica de todas las personas con la finalidad de que gocen de una vida digna y libre.\u00a0<\/p>\n<p>Por ello, es fundamental que desde el Congreso se garantice a todas las personas el acceso a los servicios b\u00e1sicos, los recursos naturales, las nuevas tecnolog\u00edas y los servicios financieros.<\/p>\n<p>Diputados de Movimiento Ciudadano proponemos:<\/p>\n<h6><b>Una nueva pol\u00edtica social con leyes claras para la reducci\u00f3n de las desigualdades en el Estado.<\/b><\/h6>\n<ul>\n<li aria-level=\"1\">Consolidar una sociedad de derechos en la que se incentive la movilidad social, se respete la dignidad humana y la libertad personal para el pleno desarrollo de las personas.<\/li>\n<li aria-level=\"1\">Incluir como eje central de las pol\u00edticas y programas legislativos un enfoque transversal de igualdad sustantiva de g\u00e9nero desde la perspectiva de los derechos humanos.<\/li>\n<li aria-level=\"1\">Atacar las causas estructurales de la pobreza e implementar pol\u00edticas orientadas a abatir la pobreza extrema y reducir la proporci\u00f3n de personas que viven con alguna dimensi\u00f3n de pobreza.<\/li>\n<li aria-level=\"1\">Redefinir la pol\u00edtica social en Jalisco, para que efectivamente contribuya a reducir en n\u00fameros absolutos la pobreza, la marginaci\u00f3n y la desigualdad, y que mejore la vida de las familias; bajo criterios de subsidiariedad, garantizando el desarrollo humano.<\/li>\n<li aria-level=\"1\">Garantizar el derecho a una renta b\u00e1sica universal que atienda las necesidades de las personas y garantice su libertad. (p\u00e1g. 24)<\/li>\n<li aria-level=\"1\">Atender las necesidades espec\u00edficas de los grupos minoritarios y que viven en condici\u00f3n de vulnerabilidad a fin de reducir las brechas de desigualdad estructural. (p\u00e1g. 24)<\/li>\n<\/ul>\n<p>\u00a0<\/p>\n<h6><b>Promover la igualdad sustantiva de g\u00e9nero con los mecanismos de ley que haga efectivas todas y cada una de las siguientes propuestas:<\/b><\/h6>\n<ul>\n<li aria-level=\"1\">Poner fin a todas las formas de discriminaci\u00f3n contra todas las mujeres y las ni\u00f1as.<\/li>\n<li aria-level=\"1\">Afirmar un criterio de transversalidad de g\u00e9nero en el dise\u00f1o, aplicaci\u00f3n y evaluaci\u00f3n de las pol\u00edticas p\u00fablicas.\u00a0<\/li>\n<li aria-level=\"1\">Promover la asignaci\u00f3n de presupuestos p\u00fablicos con perspectiva de g\u00e9nero en todos los niveles de gobierno estatal.<\/li>\n<li aria-level=\"1\">Eliminar todas las formas de violencia contra todas las mujeres y las ni\u00f1as en los \u00e1mbitos p\u00fablico y privado, incluidas la trata y la explotaci\u00f3n sexual y otros tipos de explotaci\u00f3n.<\/li>\n<li aria-level=\"1\">Eliminar toda forma de violencia pol\u00edtica contra la mujer y ampliar los espacios de representaci\u00f3n y participaci\u00f3n de las mujeres en la vida p\u00fablica.<\/li>\n<li aria-level=\"1\">Asegurar la participaci\u00f3n plena y efectiva de las mujeres y la igualdad de oportunidades de liderazgo a todos los niveles decisorios en la vida pol\u00edtica, econ\u00f3mica y p\u00fablica.<\/li>\n<li aria-level=\"1\">Vigilar el cumplimiento de la paridad como principio democr\u00e1tico, a fin de que las mujeres sean representadas en todos los espacios de decisi\u00f3n.<\/li>\n<li aria-level=\"1\">Garantizar el acceso de las mujeres a una vida libre de violencia, a trav\u00e9s de pol\u00edticas p\u00fablicas encaminadas a prevenir, atender, sancionar y erradicar la violencia contra ellas.<\/li>\n<li aria-level=\"1\">Impulsar programas integrales para combatir el fen\u00f3meno de la feminizaci\u00f3n de la pobreza, que incluyan aspectos relacionados con acceso a la educaci\u00f3n, formaci\u00f3n especializada y la participaci\u00f3n de las mujeres en la vida econ\u00f3mica del Estado. (p\u00e1g. 25)<\/li>\n<li aria-level=\"1\">Crear marcos normativos s\u00f3lidos, sobre la base de estrategias de desarrollo que tengan en cuenta las cuestiones de g\u00e9nero, a fin de apoyar el desarrollo de programas y medidas para hacer frente a la feminizaci\u00f3n de la pobreza.\u00a0<\/li>\n<li aria-level=\"1\">Impulsar la armonizaci\u00f3n legislativa con perspectiva de g\u00e9nero en el marco legal estatal y municipal, para incorporar los derechos progresivos de las mujeres reconocidos en Convenios y Tratados Internacionales<\/li>\n<li aria-level=\"1\">Impulsar una reforma laboral con perspectiva de g\u00e9nero, que considere condiciones de trabajo en las que las mujeres se desarrollan, garantice seguridad social, igualdad salarial entre hombres y mujeres y sancione la discriminaci\u00f3n por embarazo y el acoso sexual y\/o laboral.<\/li>\n<li aria-level=\"1\">Implementar programas de apoyo a las madres trabajadoras para facilitar que puedan continuar con su vida laboral, mientras sus hijos est\u00e1n bajo cuidado de personal capacitado en centro de desarrollo infantil.<\/li>\n<li aria-level=\"1\">Incentivar la creaci\u00f3n de empleos de calidad para mujeres.<\/li>\n<li aria-level=\"1\">Promover leyes y pol\u00edticas p\u00fablicas para garantizar el derecho de las mujeres a decidir sobre su cuerpo y a una salud sexual y reproductiva responsable, informada, ajena a prejuicios y respetuosa de sus decisiones.<\/li>\n<li aria-level=\"1\">Mejorar el uso de las tecnolog\u00edas de la informaci\u00f3n y las comunicaciones, para promover el empoderamiento de las ni\u00f1as y mujeres.<\/li>\n<li aria-level=\"1\">Impulsar la formaci\u00f3n y el acceso a la educaci\u00f3n de todas las mujeres y ni\u00f1as con el objetivo de fomentar su desarrollo, independencia y propiciar mejores condiciones de vida. (p\u00e1g. 26)<\/li>\n<\/ul>\n<p>\u00a0<\/p>\n<h6><strong>La Plataforma legislativa de Movimiento Ciudadano garantiza el bienestar de las familias a trav\u00e9s de:<\/strong><\/h6>\n<ul>\n<li aria-level=\"1\">Impulsar pol\u00edticas p\u00fablicas que garanticen el acceso a los alimentos de calidad y programas de prevenci\u00f3n y atenci\u00f3n a problemas de adicciones, vigilando que lleguen a las personas que lo necesitan primordialmente.<\/li>\n<li aria-level=\"1\">Garantizar el derecho al patrimonio de las familias de nuestro Estado, desde empleos y salarios dignos, hasta el acceso a cr\u00e9ditos para vivienda.\u00a0<\/li>\n<li aria-level=\"1\">Promover pol\u00edticas de conciliaci\u00f3n de la vida laboral y familiar. (p\u00e1g. 27)<\/li>\n<li aria-level=\"1\">Actualizar el marco jur\u00eddico que reconoce la diversidad de formas para relacionarse en familia.\u00a0<\/li>\n<li aria-level=\"1\">Reconocer y valorar los cuidados y el trabajo dom\u00e9stico no remunerados mediante servicios p\u00fablicos, infraestructuras y pol\u00edticas de protecci\u00f3n social, y promoviendo la responsabilidad compartida en el hogar y la familia. (p\u00e1g. 24)<\/li>\n<\/ul>\n<p>\u00a0<\/p>\n\t\t\t\t\t\t\t\t\t\t\t\t<a href=\"\">\u2022 Educaci\u00f3n e Innovaci\u00f3n<\/a>\n\t\t\t\t\t<h5>Diputados Ciudadanos desde el Congreso del Estado, har\u00e1n que se Garanticen los derechos de las ni\u00f1as, ni\u00f1os y adolescentes<\/h5>\n<ul>\n<li aria-level=\"1\">Impulsar desde el trabajo legislativo, los mecanismos institucionales para que el Estado cumpla con sus responsabilidades de garantizar el pleno goce de los derechos fundamentales de las ni\u00f1as, ni\u00f1os y adolescentes.\u00a0\u00a0<\/li>\n<li aria-level=\"1\">Garantizar el derecho de los ni\u00f1os, ni\u00f1as y adolescentes a vivir en un entorno seguro, libre de violencia y saludable.\u00a0<\/li>\n<li aria-level=\"1\">Combatir la violencia intrafamiliar contra los ni\u00f1os, ni\u00f1as y adolescentes castigando severamente los casos de violencia.<\/li>\n<li aria-level=\"1\">Poner fin al maltrato, la explotaci\u00f3n, la trata y todas las formas de violencia y tortura contra los ni\u00f1os.<\/li>\n<li aria-level=\"1\">Garantizar el derecho de la ni\u00f1ez a acceder a la educaci\u00f3n de calidad; a servicios de salud y apoyo psicol\u00f3gico.\u00a0<\/li>\n<li aria-level=\"1\">Dise\u00f1ar e implantar programas para combatir de manera efectiva todas las expresiones de acoso. (p\u00e1g. 27)\u00a0<\/li>\n<\/ul>\n<p>\u00a0<\/p>\n<h5>Para Movimiento Ciudadano, en la agenda legislativa es de vital importancia la Educaci\u00f3n incluyente y de calidad<\/h5>\n<ul>\n<li aria-level=\"1\">Proponer leyes que garanticen que hombres y mujeres tengan acceso por igual a la educaci\u00f3n en todos sus niveles, adem\u00e1s que eliminen las disparidades de g\u00e9nero en la educaci\u00f3n y asegurar el acceso igualitario a todos los niveles de la ense\u00f1anza y la formaci\u00f3n profesional para las personas en condiciones vulnerables, los grupos minoritarios de la sociedad. (p\u00e1g. 33)<\/li>\n<li aria-level=\"1\">Destinar mayores recursos de todo tipo a la educaci\u00f3n en las zonas rurales, pobres y marginadas, para compensar las desventajas de su situaci\u00f3n, as\u00ed como para apoyar el desarrollo de infraestructura necesaria para que las y los ni\u00f1os de las comunidades m\u00e1s alejadas puedan transportarse a las escuelas (carreteras) y estudiar (electricidad y agua en sus viviendas)<\/li>\n<li aria-level=\"1\">Implantar planes y programas para la capacitaci\u00f3n y formaci\u00f3n en y para el trabajo y sistemas de formaci\u00f3n dual para los niveles medio superior y superior.\u00a0<\/li>\n<li aria-level=\"1\">Aprobar mayores recursos para mejorar la infraestructura destinada a los servicios educativos, poniendo especial atenci\u00f3n a los de las comunidades menos favorecidas. (p\u00e1g. 33)<\/li>\n<\/ul>\n<p>\u00a0<\/p>\n<p><b>Impulso al Desarrollo Cient\u00edfico y Tecnol\u00f3gico\u00a0<\/b><\/p>\n<ul>\n<li aria-level=\"1\">Aprobar mayores presupuestos p\u00fablicos destinados a la investigaci\u00f3n cient\u00edfica y el desarrollo tecnol\u00f3gico.<\/li>\n<li aria-level=\"1\">Proponer leyes que prioricen programas y proyectos de investigaci\u00f3n y desarrollo cient\u00edfico y tecnol\u00f3gico orientados a sectores estrat\u00e9gicos y al beneficio social.<\/li>\n<li aria-level=\"1\">Crear un Sistema Estatal de Innovaci\u00f3n que permita transformar los conocimientos en bienes y servicios socialmente \u00fatiles y econ\u00f3micamente rentables. (p\u00e1g. 34)<\/li>\n<\/ul>\n<p>\u00a0<\/p>\n<h5>Los Diputados Ciudadanos har\u00e1n valer el derecho a las Tecnolog\u00edas de la Informaci\u00f3n y la Comunicaci\u00f3n.\u00a0<\/h5>\n<ul>\n<li aria-level=\"1\">Promover una reforma legislativa que establezca el acceso universal a las telecomunicaciones como un derecho.<\/li>\n<li aria-level=\"1\">Reducir la brecha digital a trav\u00e9s de impulsar el acceso, expansi\u00f3n y utilizaci\u00f3n de la banda ancha gratuita en todo el Estado.<\/li>\n<li aria-level=\"1\">Ampliar la cobertura de infraestructura a comunidades apartadas y la capacitaci\u00f3n requerida para su utilizaci\u00f3n.<\/li>\n<li aria-level=\"1\">Impulsar el desarrollo de ciudades y pueblos digitales.<\/li>\n<li aria-level=\"1\">Impulsar el tr\u00e1nsito hacia una econom\u00eda digital y del conocimiento. (p\u00e1g. 34)<\/li>\n<li aria-level=\"1\">Establecer una amplia agenda digital para el desarrollo econ\u00f3mico que contribuya a profundizar la inclusi\u00f3n financiera y el desarrollo de la econom\u00eda digital.<\/li>\n<li aria-level=\"1\">Implementar el uso de la tecnolog\u00eda y los medios digitales para el desarrollo del Estado. (p\u00e1g. 34)<\/li>\n<li aria-level=\"1\">Establecer pol\u00edticas y herramientas que garanticen la seguridad de los datos personales, la informaci\u00f3n, las transacciones y la privacidad en las redes digitales.\u00a0<\/li>\n<\/ul>\n<p>\u00a0<\/p>\n\t\t\t\t\t\t\t\t\t\t\t\t<a href=\"\">\u2022 Cultura, salud y deporte<\/a>\n\t\t\t\t\t<p><b>En Movimiento Ciudadano la Plataforma Legislativa impulsa el fomento y Promoci\u00f3n de la Cultura en el Estado.\u00a0\u00a0<\/b><\/p>\n<ul>\n<li aria-level=\"1\">Fomentar a trav\u00e9s de leyes, una pol\u00edtica cultural de Estado que estimule la producci\u00f3n y consumo de bienes y servicios culturales nacionales, que afiance nuestra identidad cultural y proyecte la producci\u00f3n cultural local.<\/li>\n<li aria-level=\"1\">Democratizar el acceso a los bienes y servicios culturales como derechos humanos.\u00a0<\/li>\n<li aria-level=\"1\">Incorporar el enfoque de industrias culturales, en las pol\u00edticas p\u00fablicas sobre cultura, y vincularlas con las pol\u00edticas de desarrollo econ\u00f3mico.\u00a0<\/li>\n<li aria-level=\"1\">Fortalecer la diversidad cultural regional del Estado, descentralizando los programas culturales, para estimular que las instituciones estatales y privadas sean copart\u00edcipes en el dise\u00f1o y financiamiento de las actividades culturales.<\/li>\n<li aria-level=\"1\">Aprobar mayores presupuestos para incrementar la inversi\u00f3n en cultura, con la participaci\u00f3n del sector p\u00fablico y privado, para llevar adelante intervenciones culturales en zonas marginadas para influir en la recuperaci\u00f3n de los espacios p\u00fablicos a trav\u00e9s de la generaci\u00f3n de cohesi\u00f3n social.\u00a0<\/li>\n<li aria-level=\"1\">Fomentar la creaci\u00f3n y el uso de espacios destinados a la cultura en zonas rurales.<\/li>\n<\/ul>\n<p>(p\u00e1g. 35)\u00a0<\/p>\n<p>\u00a0<\/p>\n<p><b>El Deporte y la Recreaci\u00f3n<\/b><\/p>\n<ul>\n<li aria-level=\"1\">Promover desde el Congreso leyes que fomenten la pr\u00e1ctica masiva del deporte, a trav\u00e9s de programas que fomenten la participaci\u00f3n de todas y todos, como torneos, eventos especiales, jornadas, etc\u00e9tera.\u00a0<\/li>\n<li aria-level=\"1\">Establecer un Sistema Estatal del Deporte y Recreaci\u00f3n con base en una estructura org\u00e1nica que opere en los niveles, regional y local.<\/li>\n<li aria-level=\"1\">Promover un Fondo Estatal destinado a financiar los programas y acciones en la materia.\u00a0<\/li>\n<li aria-level=\"1\">Fortalecer la infraestructura deportiva: construir nuevos inmuebles, adaptar, mejorar o reutilizar \u00e1reas para destinarlas a fines de recreaci\u00f3n y deporte con la participaci\u00f3n de la comunidad.<\/li>\n<li aria-level=\"1\">Mejorar los planes y programas de estudio de las escuelas de educaci\u00f3n f\u00edsica y capacitar de manera permanente a los mentores y entrenadores deportivos.<\/li>\n<li aria-level=\"1\">Promover el deporte para la ni\u00f1ez, las juventudes, y para las personas con discapacidad.<\/li>\n<\/ul>\n<p>(p\u00e1g. 36)<\/p>\n<p>\u00a0<\/p>\n\t\t\t\t\t\t\t\t\t\t\t\t<a href=\"\">\u2022 Finanzas y Obra P\u00fablica<\/a>\n\t\t\t\t\t<p>Promover reformas para su aplicaci\u00f3n extensiva a todos los niveles de interacci\u00f3n, para que las y los ciudadanos reciban la informaci\u00f3n oportuna sobre la gesti\u00f3n de gobierno, el ejercicio del presupuesto y la obra p\u00fablica; hacia la apertura de canales de retroalimentaci\u00f3n sobre su efectividad. (p\u00e1g. 59)<\/p>\n\t\t\t\t\t\t\t\t\t\t\t\t<a href=\"\">\u2022 Transparencia, Rendici\u00f3n de Cuentas y Combate a la Corrupci\u00f3n<\/a>\n\t\t\t\t\t<h5><b>La plataforma legislativa de movimiento ciudadano, tiene como uno de sus ejes centrales, El Combate a la Corrupci\u00f3n y la Impunidad. Gobiernos Transparentes y que RINDEN CUENTAS<\/b><\/h5>\n<p>La corrupci\u00f3n mina el Estado de Derecho, crea inseguridad jur\u00eddica y produce injusticia. En Jalisco, hemos dado una gran batalla para combatir la corrupci\u00f3n y la impunidad, sin embargo, es necesario continuar fortaleciendo la transparencia y rendici\u00f3n de cuentas; Movimiento Ciudadano, continuar\u00e1 con la labor de implementar y robustecer mecanismos para garantizar la aplicaci\u00f3n de la ley, eliminar la simulaci\u00f3n y atacar desde ra\u00edz a la corrupci\u00f3n. (p\u00e1g. 44)\u00a0<\/p>\n<p>El buen gobierno debe ser transparente y rendir cuentas. Asumimos el compromiso de combatir a la corrupci\u00f3n y a la impunidad, con un esquema de fiscalizaci\u00f3n en el que la ciudadan\u00eda sea parte de los procesos de transparencia, rendici\u00f3n de cuentas, para romper con el abuso de poder y la impunidad en Jalisco. Por ello, una de nuestras propuestas en transparencia y rendici\u00f3n de cuentas es la obligaci\u00f3n real de las y los servidores p\u00fablicos de presentar sus declaraciones patrimoniales, fiscal y de intereses; iniciativa que fue impulsada por distintas organizaciones de la sociedad civil, adem\u00e1s, seguiremos luchando para que las y los servidores p\u00fablicos corruptos sean inhabilitados de por vida para ocupar cualquier puesto p\u00fablico y la devoluci\u00f3n de los bienes.<\/p>\n<p>El acceso a la informaci\u00f3n, la transparencia y la rendici\u00f3n de cuentas son elementos clave para avanzar en la construcci\u00f3n de la democracia. Las y los jaliscienses tienen derecho a vigilar la funci\u00f3n p\u00fablica y exigir a sus gobiernos un manejo transparente y una rendici\u00f3n de cuentas obligatoria. (p\u00e1g. 44)<\/p>\n<p>Construir un Nuevo Trato implica un enorme esfuerzo. Significa abrir el espacio de una nueva pol\u00edtica. Significa asumir que la \u00fanica alianza es con las personas que imaginan un pa\u00eds diferente. Significa reconocer que Jalisco no se puede reconstruir con las ataduras del pasado.\u00a0<\/p>\n<p>Por todo lo anterior, proponemos:<\/p>\n<p><b>Combate Frontal a la Corrupci\u00f3n y la Impunidad\u00a0<\/b><\/p>\n<ul>\n<li aria-level=\"1\">Impulsar una ley en favor del establecimiento de un genuino Estado de derecho y de combate a la impunidad, como mecanismos para favorecer la democracia, la seguridad, la inversi\u00f3n, creaci\u00f3n de empleos y calidad de vida, entre otros; as\u00ed como, impulsar mecanismos enfocados a la vigilancia y cumplimiento de estas leyes.<\/li>\n<\/ul>\n<p><br \/><b><\/b><\/p>\n<ul>\n<li aria-level=\"1\">Promover en la legislaci\u00f3n como parte de las sanciones a las y los funcionarios que se les haya comprobado su participaci\u00f3n en actos de corrupci\u00f3n, evitar que se postulen como candidatos a puestos de elecci\u00f3n popular.<b>\u00a0<\/b><\/li>\n<\/ul>\n<p>\u00a0<\/p>\n<p><b>Perfeccionar y fortalecer las leyes Anticorrupci\u00f3n.<\/b><\/p>\n<ul>\n<li aria-level=\"1\">Garantizar el funcionamiento del Sistema Anticorrupci\u00f3n.\u00a0<\/li>\n<li aria-level=\"1\">Vigilar el cabal cumplimiento de la obligaci\u00f3n de presentaci\u00f3n y publicaci\u00f3n de las declaraciones patrimoniales, de intereses y fiscal para todas aquellas personas que ejerzan el servicio p\u00fablico.<\/li>\n<li aria-level=\"1\">Revisar integralmente el sistema de responsabilidades y sanciones de las y los servidores p\u00fablicos y de los agentes privados que interact\u00faan con ellos.<\/li>\n<li aria-level=\"1\">Prohibir el uso de dinero en efectivo para cualquier transacci\u00f3n gubernamental, a nivel estatal, municipal, de los poderes del Estado, de las dependencias de Gobierno estatal, de los organismos constitucionales aut\u00f3nomos, y de los sindicatos y personas privadas vinculadas a entes p\u00fablicos por cualquier causa.<\/li>\n<li aria-level=\"1\">Transparentar los procesos de decisi\u00f3n en el Congreso y facilitar el acceso a la informaci\u00f3n, eliminando los tr\u00e1mites burocr\u00e1ticos.<\/li>\n<li aria-level=\"1\">Fortalecer la Ley de Obras P\u00fablicas y Servicios relacionados para Jalisco.\u00a0<\/li>\n<\/ul>\n<p>\u00a0<\/p>\n<p><b>Pol\u00edtica de cero-tolerancia a la corrupci\u00f3n\u00a0\u00a0<\/b><\/p>\n<ul>\n<li aria-level=\"1\">Instituir desde el Congreso Local la &#8220;muerte civil&#8221; a servidoras y servidores p\u00fablicos, as\u00ed como a las empresas privadas que hayan sido condenadas por actos de corrupci\u00f3n, esto es, inhabilitarlos para desempe\u00f1ar cargos p\u00fablicos o para participar en la contrataci\u00f3n de compras y de obras gubernamentales, mediante un Registro P\u00fablico de Funcionarios y Empresarios Sancionados e Inhabilitados.<\/li>\n<li aria-level=\"1\">Eliminar el fuero estatal para todas y todos los servidores p\u00fablicos, Legisladores incluyendo al Gobernador en el Estado.\u00a0<\/li>\n<li aria-level=\"1\">Transparentar la actuaci\u00f3n de los juzgados, de la administraci\u00f3n y procuraci\u00f3n de justicia y del poder judicial en general en Jalisco. (p\u00e1g. 45)<\/li>\n<li aria-level=\"1\">Establecer indicadores de monitoreo a las instituciones p\u00fablicas disponibles para la ciudadan\u00eda, en los que se se\u00f1alen los avances o nivel de cumplimiento de estas instituciones con relaci\u00f3n a los temas de combate a la corrupci\u00f3n. (p\u00e1g. 46)<\/li>\n<li aria-level=\"1\">Promover entre la ciudadan\u00eda una cultura c\u00edvica, que propicie su inter\u00e9s por mantenerse al tanto de la informaci\u00f3n de los procesos de las instituciones p\u00fablicas, a fin de que puedan incidir y contribuir en los temas de discusi\u00f3n p\u00fablica. (p\u00e1g. 46)<\/li>\n<\/ul>\n<p>\u00a0<\/p>\n<p><b>Combatir la impunidad.<\/b><\/p>\n<ul>\n<li aria-level=\"1\">Las y los Diputados de Movimiento Ciudadanos buscar\u00e1n reformar el marco legal, para que las dependencias que encabecen el Sistema Anticorrupci\u00f3n en el Estado cuenten con sobrada solvencia moral, buena reputaci\u00f3n, capacidad t\u00e9cnica e independencia.<\/li>\n<li aria-level=\"1\">Promover\u00e1n una transferencia ordenada y gradual de los recursos humanos, materiales, preservando la integridad de los expedientes.\u00a0<\/li>\n<li aria-level=\"1\">Garantizar la independencia pol\u00edtica de los titulares de las fiscal\u00edas especializadas en anticorrupci\u00f3n, delitos electorales y derechos humanos, incorporando criterios de selecci\u00f3n para recuperar la legitimidad frente a la ciudadan\u00eda y est\u00e9n libres de pr\u00e1cticas de control pol\u00edtico. (p\u00e1g. 46)\u00a0\u00a0<\/li>\n<li aria-level=\"1\">Revisar a profundidad la forma en que operan los servicios t\u00e9cnicos forenses.\u00a0<\/li>\n<li aria-level=\"1\">Hacer que las autoridades encargadas de impartir justicia cuenten con las facultades necesarias para evitar que casos relacionados con violaciones sistema\u0301ticas y generalizadas a los derechos humanos queden impunes.\u00a0\u00a0<\/li>\n<li aria-level=\"1\">Promover entre las y los ciudadanos una cultura de denuncia, con el objetivo de que est\u00e9n pendientes del funcionamiento de las instituciones y del trabajo de las y los servidores p\u00fablicos, a fin de combatir la impunidad de una manera m\u00e1s efectiva.<\/li>\n<li aria-level=\"1\">Dotar a la ciudadan\u00eda de herramientas adecuadas para que participen como observadores en los procesos de fiscalizaci\u00f3n y auditor\u00edas. (p\u00e1g. 47)<\/li>\n<\/ul>\n<p><b>Acceso a la Informaci\u00f3n P\u00fablica, Transparencia y Rendici\u00f3n de Cuentas<\/b><\/p>\n<p><b>Fortalecer las leyes de transparencia de la acci\u00f3n p\u00fablica.<\/b><\/p>\n<ul>\n<li aria-level=\"1\">Crear a todos los niveles instituciones eficaces y transparentes que rindan cuentas<\/li>\n<li aria-level=\"1\">Garantizar a la poblaci\u00f3n el derecho al acceso a la informaci\u00f3n p\u00fablica como mecanismo de transparencia y rendici\u00f3n de cuentas para fortalecer la confianza ciudadana en las instituciones, a trav\u00e9s de la consolidaci\u00f3n de la Plataforma Inform\u00e1tica Anticorrupci\u00f3n.\u00a0<\/li>\n<li aria-level=\"1\">Simplificar los mecanismos de acceso de las personas a la informaci\u00f3n p\u00fablica gubernamental, y modificar el marco legal, a efecto de minimizar la posibilidad de que, por opacidad los entes o funcionarios p\u00fablicos declaren reservada informaci\u00f3n p\u00fablica, o peor a\u00fan, la declaren como inexistente. (p\u00e1g. 47)<\/li>\n<\/ul>\n<p>\u00a0<\/p>\n<p><b>Garantizar total transparencia en el manejo de los recursos p\u00fablicos.\u00a0<\/b><\/p>\n<ul>\n<li aria-level=\"1\">Impulsar iniciativas de fiscalizaci\u00f3n gubernamental.<\/li>\n<li aria-level=\"1\">Establecer Observatorios Ciudadanos con capacidad de supervisar y fiscalizar en tiempo real la legalidad, transparencia y rendici\u00f3n de cuentas de los contratos de adquisiciones y obras p\u00fablicas celebrados por el gobierno del Estado.<\/li>\n<li aria-level=\"1\">Identificar los tr\u00e1mites y procesos que con mayor frecuencia se prestan a la opacidad y a la discrecionalidad y simplificarlos, sujet\u00e1ndolos a controles tecnol\u00f3gicos y de digitalizaci\u00f3n.<\/li>\n<li aria-level=\"1\">Hacer que todos los entes p\u00fablicos se apeguen a la Ley de Contabilidad Gubernamental (con un solo cat\u00e1logo de cuentas para el registro de los activos, pasivos, ingresos y gastos) como un mecanismo de transparencia y rendici\u00f3n de cuentas.<\/li>\n<li aria-level=\"1\">Fortalecer los mecanismos de rendici\u00f3n de cuentas en el ejercicio de los recursos p\u00fablicos de la Administraci\u00f3n del Congreso local.<\/li>\n<li aria-level=\"1\">Establecer mecanismos de control ciudadano: crear una Auditor\u00eda Ciudadana para el uso de los recursos p\u00fablicos de la Administraci\u00f3n del Congreso local. (p\u00e1g. 48)<\/li>\n<li aria-level=\"1\">Ir a la ciudadan\u00eda. Mediante estrategias din\u00e1micas, acercarse a los barrios y fomentar el inter\u00e9s de las y los ciudadanos para conocer e informarse sobre temas de transparencia.<\/li>\n<li aria-level=\"1\">Promover el uso de plataformas digitales y su dise\u00f1o accesible para que las personas sin y con discapacidad puedan conocer sobre temas de transparencia y rendici\u00f3n de cuentas, as\u00ed como solicitar informaci\u00f3n respecto a temas de inter\u00e9s p\u00fablico. (p\u00e1g. 48)<\/li>\n<\/ul>\n<p>\u00a0<\/p>\n<p>\u00a0<\/p>\n\t\t\t\t\t\t\t\t\t\t\t\t<a href=\"\">\u2022 Infraestructura y Gasto P\u00fablico<\/a>\n\t\t\t\t\t<h5>Austeridad y disciplina presupuestal en el Congreso local y en el gobierno estatal.<\/h5>\n<p>Para Movimiento Ciudadano es muy importante eficientar el gasto p\u00fablico, por tanto, en Jalisco, impulsamos una Ley Estatal de Austeridad y Ahorro con el objetivo de poner l\u00edmites al gasto p\u00fablico y establecer criterios para la optimizaci\u00f3n de recursos para el Estado; es nuestro compromiso, seguiremos trabajando a favor de las y los jaliscienses e implementando medidas que pongan un alto al despilfarro, con el objetivo de que los recursos se utilicen de manera adecuada.\u00a0<\/p>\n<ul>\n<li aria-level=\"1\">Reducir el gasto superfluo, eliminar la discrecionalidad y establecer criterios objetivos para la distribuci\u00f3n transparente del gasto en el Estado.\u00a0<\/li>\n<li aria-level=\"1\">Implementar mediante la ley una pol\u00edtica de austeridad en el Congreso del Estado a trav\u00e9s de:\u00a0<\/li>\n<li aria-level=\"1\">Reducir el salario de los legisladores.<\/li>\n<li aria-level=\"1\">Eliminar los apoyos y privilegios innecesarios (auto, vi\u00e1ticos, tel\u00e9fono, etc.)<\/li>\n<li aria-level=\"1\">Impedir la aprobaci\u00f3n de partidas discrecionales<\/li>\n<li aria-level=\"1\">Una reingenier\u00eda integral de las comisiones, comit\u00e9s y \u00f3rganos t\u00e9cnicos.<\/li>\n<li aria-level=\"1\">Regular el n\u00famero y salario de asesores y personal de confianza.<\/li>\n<li aria-level=\"1\">Reforzar los mecanismos de control, disciplina presupuestal, auditor\u00edas y reglas de austeridad.<\/li>\n<li aria-level=\"1\">Crear un Comit\u00e9 de Austeridad.<\/li>\n<li aria-level=\"1\">Elevar la regulaci\u00f3n de los presupuestos de ingresos y egresos bajo criterios de racionalidad, austeridad y ahorro.<\/li>\n<li aria-level=\"1\">Disminuir y transparentar el origen, contrataci\u00f3n y pago o renegociaci\u00f3n de la deuda p\u00fablica estatal y municipal. Establecer l\u00edmites de endeudamiento por sector, dependencia y municipio.<\/li>\n<li aria-level=\"1\">Implementar auditor\u00edas ciudadanas peri\u00f3dicas con el objetivo de que se revise que se cumpla cabalmente con los planteamientos de las pol\u00edticas de austeridad y observar que se redireccione objetivamente \u201cel ahorro\u201d a programas prioritarios.<\/li>\n<\/ul>\n<p>\u00a0<\/p>\n<p><b>Promover el gasto p\u00fablico para el desarrollo regional y reducir las desigualdades<\/b><\/p>\n<ul>\n<li aria-level=\"1\">Incentivar mediante leyes espec\u00edficas, el desarrollo del Estado a partir de sus regiones naturales, identificadas con criterios que consideren sus afinidades econ\u00f3micas, pol\u00edticas, sociales y culturales.<\/li>\n<li aria-level=\"1\">Desarrollar una estrategia integral de inclusi\u00f3n productiva de integraci\u00f3n territorial, a trav\u00e9s de un conjunto congruente de apoyos productivos e inversiones.<\/li>\n<li aria-level=\"1\">Impulsar una Ley para el Desarrollo Regional que defina la distribuci\u00f3n de competencias y responsabilidades administrativas y de gasto; garantice la sustentabilidad en el uso de los recursos y la inclusi\u00f3n de los pueblos originarios en los planes estatales de desarrollo.<\/li>\n<li aria-level=\"1\">Establecer lineamientos legales que garanticen que el gasto p\u00fablico sea asignado con criterios regionales y de competitividad, de forma que las acciones de gobierno contribuyan al impulso de polos de desarrollo econ\u00f3mico.<\/li>\n<li aria-level=\"1\">Fortalecer las capacidades institucionales y de recaudaci\u00f3n de los municipios para hacer funcional su participaci\u00f3n en el desarrollo regional.<\/li>\n<li aria-level=\"1\">Generar condiciones para el avance en los procesos de modernizaci\u00f3n y simplificaci\u00f3n administrativa en Estados y municipios para atraer inversiones productivas, aprovechando las caracter\u00edsticas propias de cada regi\u00f3n, como sus recursos naturales, sus principales fuentes de trabajo y los perfiles de la poblaci\u00f3n.<\/li>\n<li aria-level=\"1\">Promover agrupamientos regionales integrales, de acuerdo con las prioridades definidas en la pol\u00edtica de mediano y largo plazo, que vinculen a industrias, centros de investigaci\u00f3n e instituciones de educaci\u00f3n superior.<\/li>\n<\/ul>\n<p>*P\u00e1ginas 19, 21 y 22<\/p>\n<p>\u00a0<\/p>\n\t\t\t\t\t\t\t\t\t\t\t\t<a href=\"\">\u2022 Derechos Humanos<\/a>\n\t\t\t\t\t<h5>Diputados Ciudadanos desde el Congreso del Estado, har\u00e1n que se garanticen los derechos de las ni\u00f1as, ni\u00f1os y adolescentes<\/h5>\n<p><br \/>\u25cf Impulsar desde el trabajo legislativo, los mecanismos institucionales para que el<br \/>Estado cumpla con sus responsabilidades de garantizar el pleno goce de los<br \/>derechos fundamentales de las ni\u00f1as, ni\u00f1os y adolescentes.<br \/>&#8211; Garantizar el derecho de los ni\u00f1os, ni\u00f1as y adolescentes a vivir en un entorno<br \/>seguro, libre de violencia y saludable.<\/p>\n<p>&#8211; Combatir la violencia intrafamiliar contra los ni\u00f1os, ni\u00f1as y adolescentes<br \/>castigando severamente los casos de violencia.<br \/>&#8211; Poner fin al maltrato, la explotaci\u00f3n, la trata y todas las formas de violencia y<br \/>tortura contra los ni\u00f1os.<br \/>&#8211; Garantizar el derecho de la ni\u00f1ez a acceder a la educaci\u00f3n de calidad; a<br \/>servicios de salud y apoyo psicol\u00f3gico.<br \/>&#8211; Dise\u00f1ar e implantar programas para combatir de manera efectiva todas las<br \/>expresiones de acoso.<br \/>&#8211; Garantizar la tutela responsable.<\/p>\n<h6><br \/>Derecho a la Vivienda, Servicios P\u00fablicos de Calidad y Movilidad.<\/h6>\n<p><br \/>\u25cf Incentivar desde el Congreso la creaci\u00f3n un nuevo modelo de desarrollo urbano<br \/>y territorial en el Estado, con la participaci\u00f3n y vigilancia de la sociedad, que<br \/>fomente la creaci\u00f3n de un ordenamiento urbano en las ciudades y municipios,<br \/>bajo criterios de dise\u00f1o universal, sostenibilidad, viabilidad y resiliencia en<br \/>materia de crecimiento ordenado, asentamientos humanos, seguridad,<br \/>protecci\u00f3n civil, infraestructura, servicios p\u00fablicos, transporte, movilidad, y<br \/>calidad de vida de sus habitantes.<br \/>\u25cf Proponer reformas que propicien una pol\u00edtica de vivienda con enfoque de<br \/>derechos humanos, para que las y los jaliscienses gocen de vivienda digna, de<br \/>calidad, acorde con sus necesidades, convivencia comunitaria a trav\u00e9s de:<br \/>\u2212 Supeditar la pol\u00edtica de vivienda a los programas de desarrollo urbano y<br \/>regular el otorgamiento de cr\u00e9ditos hipotecarios para vivienda.<br \/>\u2212 Ampliar la cobertura y alcances de los programas de vivienda, garantizando<br \/>un mayor acceso y una mejor calidad en la construcci\u00f3n y los servicios<br \/>ofrecidos.<br \/>\u2212 Fortalecer los convenios con el INFONAVIT y FOVISSSTE e instrumentar un<br \/>Sistema Estatal de Vivienda, para otorgar m\u00e1s cr\u00e9ditos y en mejores<br \/>condiciones.<br \/>\u2212 Impulsar iniciativas para que las personas se organicen y mejoren sus<br \/>viviendas y su entorno.<\/p>\n<p>\u2212 Establecer un programa que proporcione asistencia t\u00e9cnica para esquemas<br \/>de autoconstrucci\u00f3n y extensi\u00f3n de vivienda.<br \/>\u25cf Seguridad de las viviendas y resiliencia<br \/>\u2212 Garantizar la aplicaci\u00f3n estricta de las leyes, reglamentos y normas en<br \/>materia de desarrollo urbano y vivienda, erradicando la corrupci\u00f3n en los<br \/>procesos de autorizaci\u00f3n de desarrollo urbano y vivienda.<br \/>\u2212 Transparentar los procesos de autorizaciones de uso del suelo y<br \/>manifestaciones de construcci\u00f3n, y de cambios del uso del suelo, para evitar<br \/>la corrupci\u00f3n en el otorgamiento de licencias.<br \/>\u2212 Establecer sanciones severas a los funcionarios p\u00fablicos y usuarios que<br \/>incumplan con leyes y reglamentos, incluyendo en su caso la reparaci\u00f3n del<br \/>da\u00f1o.<\/p>\n<h6>Derechos Humanos<\/h6>\n<p><br \/>\u25cf Proteger con las leyes espec\u00edficas, los derechos humanos y las libertades<br \/>fundamentales de conformidad con las leyes nacionales y los acuerdos<br \/>internacionales.<br \/>\u25cf Impulsar un amplio programa de educaci\u00f3n en materia de derechos humanos en<br \/>los municipios del Estado.<br \/>\u25cf Garantizar el respeto de los derechos humanos por parte de todas las instancias,<br \/>dependencias y autoridades.<br \/>\u25cf Dotar de obligatoriedad las resoluciones de los \u00f3rganos encargados de la<br \/>defensa de los Derechos Humanos.<br \/>\u25cf Garantizar el acceso a la justicia y la reparaci\u00f3n del da\u00f1o a las personas que han<br \/>sido v\u00edctimas de violaciones a sus Derechos Humanos.<br \/>\u25cf Garantizar el pleno respeto a la libertad de expresi\u00f3n y promover el desarrollo de<br \/>una sociedad informada y cr\u00edtica.<br \/>\u25cf Requerimos un Jalisco que transforme a la sociedad, que luche por las libertades<br \/>desde una perspectiva interseccional en donde todas las personas quepan.<br \/>*P\u00e1ginas 25 y 26, 29 a la 31, 58<\/p>\n\t\t\t\t\t\t\t\t\t\t\t\t<a href=\"\">\u2022 Violencia pol\u00edtica en raz\u00f3n de G\u00e9nero <\/a>\n\t\t\t\t\t<h5>Diputados ciudadanos promover\u00e1n el Desarrollo humano para la libertad e igualdad<\/h5>\n<p>El desarrollo humano significa ampliar las oportunidades de las personas para que gocen plenamente de sus libertades, vivan su vida con dignidad, accedan a la educaci\u00f3n y a servicios de salud p\u00fablicos y de calidad; y desarrollen todas sus capacidades. El objetivo es lograr la inclusi\u00f3n social, econ\u00f3mica y pol\u00edtica de todas las personas con la finalidad de que gocen de una vida digna y libre.<\/p>\n<p>Por ello, es fundamental que desde el Congreso se garantice a todas las personas el acceso a los servicios b\u00e1sicos, los recursos naturales, las nuevas tecnolog\u00edas y los servicios financieros.<\/p>\n<p>Diputados de Movimiento Ciudadano proponemos:<\/p>\n<h6>Una nueva pol\u00edtica social con leyes claras para la reducci\u00f3n de las desigualdades en el Estado.<\/h6>\n<ul>\n<li>Consolidar una sociedad de derechos en la que se incentive la movilidad social, se respete la dignidad humana y la libertad personal para el pleno desarrollo de las personas.<\/li>\n<li>Incluir como eje central de las pol\u00edticas y programas legislativos un enfoque transversal de igualdad sustantiva de g\u00e9nero desde la perspectiva de los derechos humanos.<\/li>\n<li>Atacar las causas estructurales de la pobreza e implementar pol\u00edticas orientadas a abatir la pobreza extrema y reducir la proporci\u00f3n de personas que viven con alguna dimensi\u00f3n de pobreza.<\/li>\n<li>Redefinir la pol\u00edtica social en Jalisco, para que efectivamente contribuya a reducir en n\u00fameros absolutos la pobreza, la marginaci\u00f3n y la desigualdad, y que mejore la vida de las familias; bajo criterios de subsidiariedad, garantizando el desarrollo humano.<\/li>\n<li>Garantizar el derecho a una renta b\u00e1sica universal que atienda las necesidades de las personas y garantice su libertad.<\/li>\n<li>Atender las necesidades espec\u00edficas de los grupos minoritarios y que viven en condici\u00f3n de vulnerabilidad a fin de reducir las brechas de desigualdad estructural.<\/li>\n<\/ul>\n<h6>Promover la igualdad sustantiva de g\u00e9nero con los mecanismos de ley que haga efectivas todas y cada una de las siguientes propuestas:<\/h6>\n<ul>\n<li>Poner fin a todas las formas de discriminaci\u00f3n contra todas las mujeres y las ni\u00f1as.<\/li>\n<li>Afirmar un criterio de transversalidad de g\u00e9nero en el dise\u00f1o, aplicaci\u00f3n y evaluaci\u00f3n de las pol\u00edticas p\u00fablicas.<\/li>\n<li>Promover la asignaci\u00f3n de presupuestos p\u00fablicos con perspectiva de g\u00e9nero en todos los niveles de gobierno estatal.<\/li>\n<li>Eliminar todas las formas de violencia contra todas las mujeres y las ni\u00f1as en los \u00e1mbitos p\u00fablico y privado, incluidas la trata y la explotaci\u00f3n sexual y otros tipos de explotaci\u00f3n.<\/li>\n<li>Eliminar toda forma de violencia pol\u00edtica contra la mujer y ampliar los espacios de representaci\u00f3n y participaci\u00f3n de las mujeres en la vida p\u00fablica.<\/li>\n<li>Asegurar la participaci\u00f3n plena y efectiva de las mujeres y la igualdad de oportunidades de liderazgo a todos los niveles decisorios en la vida pol\u00edtica, econ\u00f3mica y p\u00fablica.<\/li>\n<li>Vigilar el cumplimiento de la paridad como principio democr\u00e1tico, a fin de que las mujeres sean representadas en todos los espacios de decisi\u00f3n.<\/li>\n<li>Garantizar el acceso de las mujeres a una vida libre de violencia, a trav\u00e9s de pol\u00edticas p\u00fablicas encaminadas a prevenir, atender, sancionar y erradicar la violencia contra ellas.<\/li>\n<li>Impulsar programas integrales para combatir el fen\u00f3meno de la feminizaci\u00f3n de la pobreza, que incluyan aspectos relacionados con acceso a la educaci\u00f3n, formaci\u00f3n especializada y la participaci\u00f3n de las mujeres en la vida econ\u00f3mica del Estado.<\/li>\n<li>Crear marcos normativos s\u00f3lidos, sobre la base de estrategias de desarrollo que tengan en cuenta las cuestiones de g\u00e9nero, a fin de apoyar el desarrollo de programas y medidas para hacer frente a la feminizaci\u00f3n de la pobreza.<\/li>\n<li>Impulsar la armonizaci\u00f3n legislativa con perspectiva de g\u00e9nero en el marco legal estatal y municipal, para incorporar los derechos progresivos de las mujeres reconocidos en Convenios y Tratados Internacionales<\/li>\n<li>Impulsar una reforma laboral con perspectiva de g\u00e9nero, que considere condiciones de trabajo en las que las mujeres se desarrollan, garantice seguridad social, igualdad salarial entre hombres y mujeres y sancione la discriminaci\u00f3n por embarazo y el acoso sexual y\/o laboral.<\/li>\n<li>Implementar programas de apoyo a las madres trabajadoras para facilitar que puedan continuar con su vida laboral, mientras sus hijos est\u00e1n bajo cuidado de personal capacitado en centro de desarrollo infantil.<\/li>\n<li>Incentivar la creaci\u00f3n de empleos de calidad para mujeres.<\/li>\n<li>Promover leyes y pol\u00edticas p\u00fablicas para garantizar el derecho de las mujeres a decidir sobre su cuerpo y a una salud sexual y reproductiva responsable, informada, ajena a prejuicios y respetuosa de sus decisiones.<\/li>\n<li>Mejorar el uso de las tecnolog\u00edas de la informaci\u00f3n y las comunicaciones, para promover el empoderamiento de las ni\u00f1as y mujeres.<\/li>\n<li>Impulsar la formaci\u00f3n y el acceso a la educaci\u00f3n de todas las mujeres y ni\u00f1as con el objetivo de fomentar su desarrollo, independencia y propiciar mejores condiciones de vida.<\/li>\n<li><strong>Seguridad y Justicia para las Mujeres<\/strong><\/li>\n<\/ul>\n<p>En M\u00e9xico lamentablemente ser mujer sigue siendo una condena de violencia y muerte. La realidad de millones de mexicanas es de una serie de violencias que van desde estereotipos, acosos, violaciones y hasta feminicidios.<\/p>\n<p>En Movimiento Ciudadano estamos en contra de un Gobierno que invisibiliza, ignora y minimiza el incremento de las violencias en el que viven las mujeres; que recorta y elimina los presupuestos destinados para combatir estas desigualdades y con ello, roba el derecho a mejores condiciones de vida para ellas.<\/p>\n<p>Ante esto no podemos quedarnos callados, debemos alzar la voz, las ni\u00f1as y mujeres de M\u00e9xico y de Jalisco, se merecen un pa\u00eds y un Estado m\u00e1s seguro, en el que puedan vivir libres, seguras y sin miedo.<\/p>\n<p>En ese sentido, desde Movimiento Ciudadano proponemos para sacudirnos ese pasado y construir entre todas y todos, un entorno plural y en clave feminista.<\/p>\n<ul>\n<li>Impulsar leyes para implementar pol\u00edticas, programas y acciones de prevenci\u00f3n, atenci\u00f3n, sanci\u00f3n y eliminaci\u00f3n de la violencia de g\u00e9nero, que atiendan de manera prioritaria el grave problema de los feminicidios.<\/li>\n<li>Entender que Sin las mujeres no hay democracia. Debemos feminizar la pol\u00edtica a partir del fortalecimiento de los derechos pol\u00edticos electorales de las mujeres, de lo contrario, nuestro Estado no podr\u00e1 consolidar una democracia que d\u00e9 pie a sociedades igualitarias, horizontales, comunitarias y ciudadanas.<\/li>\n<li>Las queremos vivas, libres y sin miedo; justicia para todas. Debemos detener la tentaci\u00f3n punitiva, apostar a la desmilitarizaci\u00f3n, garantizar el acceso y la procuraci\u00f3n de justicia con una verdadera perspectiva de g\u00e9nero y contar con fiscal\u00edas especializadas en delitos contra las mujeres.<\/li>\n<li>Alto a la austeridad machista. La austeridad que perpet\u00faa las desigualdades y nos condena a una vida de violencias es una austeridad machista. Para dejar esto en el pasado, se debe legislar para todas, asegurar presupuestos y pol\u00edticas p\u00fablicas que contemplen las necesidades de ni\u00f1as y mujeres.<\/li>\n<li>En Movimiento Ciudadano lo decimos fuerte y claro, lleg\u00f3 el momento de sacudirnos el pasado, dejar atr\u00e1s la realidad de violencias que viven ni\u00f1as y mujeres en el pa\u00eds para apostarle a un proyecto de pa\u00eds feminista.<\/li>\n<\/ul>\n<p><strong>Este es nuestro llamado a hacer Un Nuevo Trato por y con las mujeres, porque la Evoluci\u00f3n Mexicana ser\u00e1 feminista o no ser\u00e1.<\/strong><\/p>\n<ul>\n<li>Impulsar leyes para implementar pol\u00edticas, programas y acciones de prevenci\u00f3n, atenci\u00f3n, sanci\u00f3n y eliminaci\u00f3n de la violencia de g\u00e9nero en todas sus formas, que atiendan de manera prioritaria el grave problema de los feminicidios.<\/li>\n<li>Impulsar programas de comunidades seguras con perspectiva de g\u00e9nero.<\/li>\n<li>Sensibilizar a las autoridades y agentes del servicio p\u00fablico sobre la fenomenolog\u00eda de la violencia de g\u00e9nero y el respeto a los derechos humanos.<\/li>\n<li>Establecer centros de atenci\u00f3n m\u00e9dica especializados en atenci\u00f3n a violencia hacia las mujeres.<\/li>\n<li>Desarrollar conjuntamente a organizaciones de la sociedad civil, la operatividad de refugios para mujeres v\u00edctimas de violencia, programas de asesor\u00eda jur\u00eddica y apoyo psicol\u00f3gico para restablecer la salud y el bienestar de las v\u00edctimas.<\/li>\n<\/ul>\n<p>\u00a0<\/p>\n<p>*P\u00e1ginas de la 22 a la 25, 52 a la 54 <br \/><\/p>\n\t\t\t\t\t\t\t\t\t\t\t\t<a href=\"\">\u2022 Participaci\u00f3n ciudadana<\/a>\n\t\t\t\t\t<p><strong>Privilegiar la Participaci\u00f3n Ciudadana: Nuevos Canales de Participaci\u00f3n y Mecanismos de Control Ciudadano del Poder\u00a0<\/strong><\/p>\n<ul>\n<li>Establecer mediante leyes, mecanismos de gobierno colaborativo (gobierno abierto) en el que las y los ciudadanos participen en la discusi\u00f3n y en la toma de decisiones como: formar el Consejo de Participaci\u00f3n Ciudadana; implementar el mecanismo de consultas ciudadanas y establecer el presupuesto participativo y transparencia plena de las acciones de gobierno. (p\u00e1g. 58)<\/li>\n<\/ul>\n<p>\u00a0<\/p>\n<ul>\n<li>Impulsar las plataformas de participaci\u00f3n ciudadana, cuyo desarrollo es un elemento fundamental en la toma de decisiones y la rendici\u00f3n de cuentas, escuchando los proyectos de la iniciativa ciudadana, plebiscito, refer\u00e9ndum, ratificaci\u00f3n, revocaci\u00f3n de mandato, planeaci\u00f3n y aplicaci\u00f3n de presupuestos participativos con transparencia y rendici\u00f3n de cuentas.\u00a0<\/li>\n<\/ul>\n<p>\u00a0<\/p>\n<ul>\n<li>Impulsar la adopci\u00f3n en todos los niveles de gobierno de decisiones inclusivas, participativas y representativas que respondan a las necesidades de las comunidades, desde una visi\u00f3n de la pluralidad y el desarrollo para el bienestar.<\/li>\n<\/ul>\n<p>\u00a0<\/p>\n<ul>\n<li>Impulsar estrategias para sintonizar las necesidades progresivas para la afinaci\u00f3n de la Ley Estatal de Participaci\u00f3n Ciudadana, contemplando los fundamentos de la democracia participativa.\u00a0<\/li>\n<\/ul>\n<p>\u00a0<\/p>\n<ul>\n<li>Promover el ejercicio del poder a las y los ciudadanos, privilegiando su acci\u00f3n pol\u00edtica y democr\u00e1tica.<\/li>\n<\/ul>\n<p>\u00a0<\/p>\n<ul>\n<li>Garantizar el ejercicio pleno de los derechos de participaci\u00f3n pol\u00edtica y asociaci\u00f3n. Impulsar el acceso de ciudadanos comprometidos con su comunidad a espacios de toma de decisiones.<\/li>\n<\/ul>\n<p>\u00a0<\/p>\n<ul>\n<li>Ciudadanizar la pol\u00edtica abriendo espacios de participaci\u00f3n y representaci\u00f3n para la voz de las y los ciudadanos.<\/li>\n<\/ul>\n<p>\u00a0<\/p>\n<ul>\n<li>Institucionalizar los mecanismos de participaci\u00f3n ciudadana en la discusi\u00f3n, dise\u00f1o, ejecuci\u00f3n y evaluaci\u00f3n de los planes, presupuestos p\u00fablicos y programas de gobierno. (p\u00e1g. 59)<\/li>\n<\/ul>\n<p>\u00a0<\/p>\n<ul>\n<li>Promover reformas para su aplicaci\u00f3n extensiva a todos los niveles de interacci\u00f3n, para que las y los ciudadanos reciban la informaci\u00f3n oportuna\u00a0 sobre la gesti\u00f3n de gobierno, el ejercicio del presupuesto y la obra p\u00fablica; hacia la apertura de canales de retroalimentaci\u00f3n sobre su efectividad.<\/li>\n<\/ul>\n<p>\u00a0<\/p>\n<ul>\n<li>Formular una Auditor\u00eda Ciudadana del Poder Legislativo como un \u00f3rgano aut\u00f3nomo con capacidad para revisar y evaluar el trabajo de los legisladores.<\/li>\n<\/ul>\n<p>\u00a0<\/p>\n<ul>\n<li>Promover una aut\u00e9ntica rendici\u00f3n de cuentas por parte de los servidores p\u00fablicos. (p\u00e1g. 60)<\/li>\n<\/ul>\n<p>\u00a0<\/p>\n\t\t\t\t\t\t\t\t\t\t\t\t<a href=\"\">\u2022 Juventudes<\/a>\n\t\t\t\t\t<h5>Legislar para atender las demandas de las juventudes y abrir mayores espacios para su participaci\u00f3n en la vida pol\u00edtica, social y econ\u00f3mica del Estado.\u00a0<\/h5>\n<ul>\n<li>Fortalecer el marco jur\u00eddico en materia de derechos laborales de las personas j\u00f3venes, a fin de mejorar sus condiciones desde una perspectiva de justicia intergeneracional y garantizar su acceso a la seguridad social.\u00a0<\/li>\n<li>Impulsaremos una Ley y un Programa Estatal de Desarrollo Integral de las Personas J\u00f3venes, que establezca mecanismos de exigibilidad de sus derechos.\u00a0\u00a0<\/li>\n<li>Promover programas educativos en materia de Derechos Humanos para la juventud.<\/li>\n<li>Promover la participaci\u00f3n activa y responsable de las y los j\u00f3venes en la vida p\u00fablica de nuestro Estado. Fortalecer la difusi\u00f3n de valores ciudadanos en los j\u00f3venes para lograr una sociedad m\u00e1s emp\u00e1tica con el esp\u00edritu que caracteriza a Jalisco.<\/li>\n<li>Impulsar el desarrollo de una agenda digital que fomente el uso de tecnolog\u00edas y herramientas de la informaci\u00f3n y la comunicaci\u00f3n para crear ciudadan\u00eda j\u00f3ven responsable y participativa.\u00a0<\/li>\n<li>Fortalecer las pol\u00edticas y programas de prevenci\u00f3n y tratamiento de consumo de drogas, desde el enfoque de reducci\u00f3n de da\u00f1os y riesgos.\u00a0\u00a0<\/li>\n<li>Implementar programas de salud enfocados en la juventud, en especial un programa amplio e integral de educaci\u00f3n sexual y salud reproductiva.\u00a0<\/li>\n<li>Desarrollar programas de emprendimiento para que las personas j\u00f3venes puedan arrancar peque\u00f1as y medianas empresas mediante proyectos innovadores. (p\u00e1g. 28)<\/li>\n<li>Implementar programas que impulsen el talento art\u00edstico de las y los j\u00f3venes en todo el Estado, para que aquellos que pintan, esculpen, dibujan, act\u00faen, canten, bailen, escriban, cocinen y realicen lo que m\u00e1s les gusta y puedan vivir de ello. (p\u00e1g. 28)<\/li>\n<li>Impulsar la participaci\u00f3n de las juventudes a actividades deportivas, de cultura y artes, as\u00ed como la creaci\u00f3n de mayores espacios de recreaci\u00f3n y esparcimiento con el objetivo de brindar espacios seguros para hacer comunidad y alejarlos de la delincuencia y las drogas. (p\u00e1g. 28 )<\/li>\n<\/ul>\n<p>\u00a0<\/p>\n\t\t\t\t\t\t\t\t\t\t\t\t<a href=\"\">\u2022 Otro tema no enmarcado en las categorias<\/a>\n\t\t\t\t\t\t\t\t\t\t\t<a href=\"https:\/\/www2.iepcjalisco.org.mx\/tablero-electoral-2021\/wp-content\/uploads\/2021\/03\/MORENA.PLATAFORMA.docx\" target=\"_blank\" rel=\"noopener\">\n\t\t\t\t\t\t\t<img width=\"300\" height=\"300\" src=\"https:\/\/www2.iepcjalisco.org.mx\/tablero-electoral-2021\/wp-content\/uploads\/2021\/03\/07-MORENA.png\" alt=\"\" loading=\"lazy\" \/>\t\t\t\t\t\t\t\t<\/a>\n\t\t\t\t\t\t\t\t\t\t\t\t<a href=\"\">MORENA<\/a>\n\t\t\t\t\t<p><a href=\"https:\/\/www2.iepcjalisco.org.mx\/tablero-electoral-2021\/wp-content\/uploads\/2021\/03\/MORENA.PLATAFORMA.docx\">Descagar Plataforma Electoral<\/a><\/p>\n<p>Dirigente estatal del partido:<\/p>\n<ul>\n<li>Senador Carlos Manuel Merino Campos,<\/li>\n<li>Diputado Jos\u00e9 Alfonso Su\u00e1rez Real,<\/li>\n<li>Diputada Ernestina Godoy Ramos,<br \/>DIRECCI\u00d3N PROVISIONAL TRIPARTITA<\/li>\n<\/ul>\n<p><a href=\"http:\/\/www.iepcjalisco.org.mx\/partidos-agrupaciones\/partidos-politicos\/directorio\" target=\"_blank\" rel=\"noopener\">http:\/\/www.iepcjalisco.org.mx\/partidos-agrupaciones\/partidos-politicos\/directorio<\/a><\/p>\n<p><br \/>Redes sociales oficiales del Partido:<br \/>MESSENGER m.me\/CENMorenaMX<br \/>CORREO ELECTR\u00d3NICO <a href=\"mailto:partidomorenamx@gmail.com\" target=\"_blank\" rel=\"noopener\">partidomorenamx@gmail.com<\/a><br \/>P\u00c1GINA WEB <a href=\"http:\/\/www.consejonacionalmorena.mx\" target=\"_blank\" rel=\"noopener\">http:\/\/www.consejonacionalmorena.mx<\/a><br \/>TWITTER <a href=\"https:\/\/twitter.com\/cenmorenamx?lang=es\" target=\"_blank\" rel=\"noopener\">https:\/\/twitter.com\/cenmorenamx?lang=es<\/a><br \/>FACEBOOK <a href=\"https:\/\/www.facebook.com\/CENMorenaMX\/\" target=\"_blank\" rel=\"noopener\">https:\/\/www.facebook.com\/CENMorenaMX\/<\/a><br \/>WHATSAPP <a href=\"https:\/\/www.consejonacionalmorena.mx\/#.YFJT8fKeDOI.whatsapp\" target=\"_blank\" rel=\"noopener\">https:\/\/www.consejonacionalmorena.mx\/#.YFJT8fKeDOI.whatsapp<\/a><\/p>\n\t\t\t\t\t\t\t\t\t\t\t\t<a href=\"\">\u2022 Gobernabilidad y Seguridad<\/a>\n\t\t\t\t\t<h5>Recuperar el estado de derecho<\/h5>\n<p>Durante d\u00e9cadas, el cumplimiento de las normas legales fue asumido por los gobernantes como optativo y discrecional. Semejante conducta gener\u00f3 un grav\u00edsimo da\u00f1o a las instituciones y a la moral p\u00fablica, por cuanto generaliz\u00f3 el ejemplo de la ilegalidad en sectores de la poblaci\u00f3n. En el actual gobierno todos los empleados p\u00fablicos deber\u00e1n acatar y aplicar el conjunto de leyes vigentes en el pa\u00eds, en la inteligencia de que s\u00f3lo una autoridad respetuosa de la legalidad puede restaurar la confianza en ella por parte de la poblaci\u00f3n.<\/p>\n<p>Lo anterior significa abstenerse de simulaciones de constitucionalidad como las que practicaron los gobiernos anteriores y, por lo que hace a nuestros gobiernos, nos atendremos escrupulosamente a las delimitaciones impuestas por el pacto federal y la divisi\u00f3n de poderes.<\/p>\n<p>No se tolerar\u00e1n las faltas de observancia a las leyes y reglamentos por parte de funcionarios y empleados p\u00fablicos; \u00e9stas dar\u00e1n lugar a las sanciones administrativas que correspondan y ser\u00e1n turnadas, en los casos que lo ameriten, a la Fiscal\u00eda General de la Rep\u00fablica.<\/p>\n<p>Se erradicar\u00e1n el robo de combustibles y la evasi\u00f3n fiscal y se combatir\u00e1n el lavado de dinero, el tr\u00e1fico de armas y otros il\u00edcitos que no podr\u00edan perpetrarse sin la complicidad entre infractores y funcionarios p\u00fablicos.<\/p>\n<p>Las diferencias de salarios entre un agente ministerio p\u00fablico federal, un miembro de una instituci\u00f3n policial federal y un juez federal, actualmente abismales, ser\u00e1n reducidas al m\u00ednimo, dependiendo del rango y los niveles. Se analizar\u00e1 el establecimiento de mecanismos institucionales y disposiciones legales para evitar que efectivos policiales sometidos a proceso o sancionados por la comisi\u00f3n de delitos sean recontratados en otras corporaciones.<\/p>\n<p>Construir un pa\u00eds con bienestar<\/p>\n<p>El objetivo m\u00e1s importante de la Cuarta Transformaci\u00f3n es que en 2024 la poblaci\u00f3n de M\u00e9xico est\u00e9 viviendo en un entorno de bienestar. En \u00faltima instancia, la lucha contra la corrupci\u00f3n y la frivolidad, la construcci\u00f3n de la paz y la seguridad, los proyectos regionales y los programas sectoriales que operan los gobiernos dimanados de nuestro movimiento est\u00e1n orientados a ese prop\u00f3sito sexenal.<\/p>\n<p>El Estado de bienestar no es un concepto nuevo. Desde el Siglo XIX, los movimientos obreros impulsaron en muchos pa\u00edses del mundo reivindicaciones que m\u00e1s tarde habr\u00edan de quedar plasmadas en pol\u00edticas sociales tales como los servicios universales y gratuitos de educaci\u00f3n y salud, las vacaciones pagadas, la jornada m\u00e1xima de trabajo y los salarios m\u00ednimos. Con marcadas diferencias, tanto en Europa como en Estados Unidos se edificaron Estados de bienestar. En el caso de M\u00e9xico, los art\u00edculos 3, 27, 123 y otros de la Constituci\u00f3n de 1917 sentaron las bases para un Estado de Bienestar con caracter\u00edsticas propias en un pa\u00eds predominantemente agrario y de tradiciones ind\u00edgenas comunitarias.<\/p>\n<p>Para edificar el bienestar de las mayor\u00edas se requer\u00eda de una fuerte presencia del sector p\u00fablico en la econom\u00eda, de en\u00e9rgicas pol\u00edticas recaudatorias y de una intervenci\u00f3n estatal que moderara las enormes desigualdades sociales en las que desemboca de manera inevitable una econom\u00eda de mercado sin control alguno. As\u00ed pues, hasta hace unas d\u00e9cadas era normal y aceptado que en los pa\u00edses capitalistas industrializados el Estado detentara el monopolio de sectores estrat\u00e9gicos como las telecomunicaciones y los ferrocarriles, la operaci\u00f3n de puertos y aeropuertos, los sistemas de pensiones y, por supuesto, los sistemas de educaci\u00f3n y salud.<\/p>\n<p>En la crisis econ\u00f3mica de 1973 los grandes capitales y sus ide\u00f3logos, los economistas neoliberales, vieron la oportunidad de desmantelar en provecho propio los mecanismos de redistribuci\u00f3n, los derechos laborales, los sistemas de ense\u00f1anza y salud y todo lo que fuera de propiedad p\u00fablica. Se alz\u00f3 en el mundo un clamor concertado que se\u00f1alaba al sector p\u00fablico como intr\u00ednsecamente corrupto y mal administrador, se afirm\u00f3 que resultaba demasiado costoso mantener los derechos laborales y sociales adujo que el gasto social era inflacionario y generador de d\u00e9ficits incontrolables que acabar\u00edan llevando a los pa\u00edses a la bancarrota. El modelo alternativo, que fue el desmantelamiento del Estado de bienestar y la privatizaci\u00f3n de todo lo imaginable, tuvo en la dictadura militar chilena (instaurada de manera criminal y violenta en 1973) su primer laboratorio. De all\u00ed pas\u00f3 a Gran Breta\u00f1a, en donde fue aplicado por los conservadores y, posteriormente, en1981, en los Estados Unidos de Am\u00e9rica en donde se eliminaron un sinf\u00edn de leyes que regulaban la econom\u00eda y las finanzas, se redujeron los impuestos y se emprendi\u00f3 una ofensiva en contra de los sindicatos.<\/p>\n<p>Las crisis financieras que padeci\u00f3 M\u00e9xico en 1976 y de 1982 en adelante llevaron al colapso al modelo econ\u00f3mico propio, que fue denominado desarrollo estabilizador y, a partir de 1982, los gobernantes empezaron a adoptar medidas de claro corte neoliberal. Seis a\u00f1os m\u00e1s tarde, con la imposici\u00f3n de Carlos Salinas en la presidencia de la rep\u00fablica, la receta fue aplicada de lleno y se inici\u00f3 el desastroso periodo que culmin\u00f3 en 2018 y que dej\u00f3 una dolorosa herencia de pobreza multiplicada, desigualdad social, marginaci\u00f3n, corrupci\u00f3n, deterioro institucional, p\u00e9rdida de soberan\u00eda, inseguridad y violencia.<\/p>\n<p>Hoy, en la antesala a 2021, el pa\u00eds y el mundo han cambiado mucho y en muchos sentidos, y ser\u00eda imposible y hasta disparatado intentar un retorno a las estrategias del desarrollo estabilizador. Esas estrategias atenuaron, pero no erradicaron la pobreza y la miseria y fueron obra de un r\u00e9gimen claramente antidemocr\u00e1tico. Actualmente M\u00e9xico vive en una econom\u00eda mundial abierta, el antiguo orden bipolar ha desaparecido, la revoluci\u00f3n digital ha trastocado las viejas l\u00f3gicas del comercio y de las relaciones sociales, el grado de integraci\u00f3n econ\u00f3mica con Estados Unidos es mucho mayor que en 1982 o 1988, en los tiempos previos al Tratado de Libre Comercio, y la sociedad es mucho m\u00e1s consciente y participativa y no tolerar\u00eda un r\u00e9gimen autoritario como el que se mantuvo hasta el 2018.<\/p>\n<p>En estas circunstancias, impulsamos una nueva v\u00eda hacia el desarrollo para el bienestar, una v\u00eda en la que la participaci\u00f3n de la sociedad resulta indispensable y que puede definirse con este prop\u00f3sito: construiremos la modernidad desde abajo, entre todos y sin excluir a nadie.<\/p>\n<p>La referencia a ese &#8220;abajo&#8221; social refiere el protagonismo hist\u00f3rico que se han ganado los siempre despose\u00eddos, oprimidos, despojados y discriminados, aquellos que han sido tradicionalmente atropellados por los grandes intereses econ\u00f3micos, ignorados por los medios y privados del ejercicio de sus derechos por el poder pol\u00edtico; pero hace referencia tambi\u00e9n a la formidable reserva de civilizaci\u00f3n contenida en la herencia cultural y social mesoamericana y que ha resistido trescientos a\u00f1os de dominio colonial, un siglo de guerras e intestinas durante la rep\u00fablica independiente y, por supuesto, m\u00e1s de tres d\u00e9cadas de neoliberalismo rapaz. Ser\u00e1 una construcci\u00f3n colectiva, que incluya la vasta diversidad de posturas pol\u00edticas, condiciones socioecon\u00f3micas, espiritualidades, culturas, regiones e idiomas, ocupaciones y oficios, edades e identidades y preferencias sexuales que confluye en la poblaci\u00f3n actual de M\u00e9xico. Y no excluir\u00e1 a nadie porque ser\u00e1, precisamente, una respuesta positiva y constructiva a las d\u00e9cadas de exclusi\u00f3n en las que las mayor\u00edas fueron impedidas de participar, mediante la manipulaci\u00f3n pol\u00edtica, la desinformaci\u00f3n y la represi\u00f3n abierta, en las decisiones nacionales.<\/p>\n<p>En esta nueva etapa de la vida nacional el Estado no ser\u00e1 gestor de oportunidades, que es como se present\u00f3 de manera expl\u00edcita la pol\u00edtica social del r\u00e9gimen neoliberal. Ser\u00e1, en cambio, garante de derechos. La diferencia entre unas y otros es clara: las oportunidades son circunstancias azarosas y temporales o concesiones discrecionales sujetas a t\u00e9rmino que se le presentan a un afortunado entre muchos y que pueden ser aprovechadas o no. Los derechos son inmanentes a la persona, irrenunciables, universales y de cumplimiento obligatorio.<\/p>\n<p>\u00a0<\/p>\n<p>El derecho a la vida, a la integridad f\u00edsica y a la propiedad se garantizan por medio de la nuestra Estrategia Nacional de Paz y Seguridad. Con ellos estamos convirtiendo nuestro lema &#8220;Primero los pobres&#8221; en una realidad. Creemos firmemente en el combate a la pobreza y la marginaci\u00f3n por el bien de los sectores m\u00e1s indefensos de la poblaci\u00f3n.<\/p>\n<h5>Seguridad.-\u00a0<\/h5>\n<p>Cambio de paradigma en seguridad<\/p>\n<p>La Cuarta Transformaci\u00f3n ha emprendido un cambio de paradigma en materia de seguridad nacional y seguridad p\u00fablica. Entre 2006 y 2018 los gobernantes pretendieron resolver la inseguridad y la violencia delictivamediante acciones de fuerza militar y policial y el llamado &#8220;populismo penal&#8221;, consistente en endurecer los castigos a las acciones delictivas. El resultado fue catastr\u00f3fico y esa estrategia dej\u00f3 un saldo pavoroso de muertos, desaparecidos, lesionados, una crisis de derechos humanos, una descomposici\u00f3n institucional sin precedentes y un grav\u00edsimo da\u00f1o al tejido social. Se recurri\u00f3 al empleo de las Fuerzas Armadas en su configuraci\u00f3n de cuerpos de combate, se omiti\u00f3 la profesionalizaci\u00f3n de las corporaciones policiales y se entreg\u00f3 el manejo de la seguridad a autoridades extranjeras. Actualmente el pa\u00eds padece a\u00fan las consecuencias de esa pol\u00edtica equivocada.<\/p>\n<p>Con la convicci\u00f3n de que la violencia engendra m\u00e1s violencia, y tomando en cuenta el justificado reclamo ciudadano por la inseguridad, el actual gobierno decidi\u00f3 cambiar las medidas de guerra por una pol\u00edtica de paz y seguridad integral que ataque las ra\u00edces mismas del descontrol delictivo y de la p\u00e9rdida de seguridad y que tenga como objetivo inmediato la reducci\u00f3n de los \u00edndices delictivos.<\/p>\n<p>Por ello, en concordancia con la actual Estrategia Nacional de Seguridad<\/p>\n<p>P\u00fablica, seguiremos impulsando los siguientes objetivos:<\/p>\n<ol>\n<li>Erradicar la corrupci\u00f3n y reactivar la procuraci\u00f3n de justicia, en los t\u00e9rminos ya descritos en apartados anteriores.<\/li>\n<\/ol>\n<p>\u00a0<\/p>\n<ol start=\"2\">\n<li>Garantizar empleo, educaci\u00f3n, salud y bienestar mediante la creaci\u00f3n de puestos de trabajo, el cumplimiento del derecho de todos los j\u00f3venes del pa\u00eds a la educaci\u00f3n superior, la inversi\u00f3n en infraestructura y servicios de salud y por medio de los programas regionales, sectoriales y coyunturales de desarrollo: J\u00f3venes Construyendo el Futuro, Instituto Nacional de Salud para el Bienestar, Universidades para el Bienestar, Pensi\u00f3n Universal para Personas Adultas Mayores, Becas &#8220;Benito Ju\u00e1rez&#8221;, Cr\u00e9dito Ganadero a la Palabra, Producci\u00f3n para el Bienestar, Precios de Garant\u00eda a Productos Alimentarios B\u00e1sicos, programas de Comunidades Sustentables &#8220;Sembrando Vida&#8221;, de Infraestructura Carretera, Zona Libre de la Frontera Norte, Tren Maya, Corredor Multimodal Interoce\u00e1nico y Aeropuerto &#8220;Felipe \u00c1ngeles&#8221; en Santa Luc\u00eda.<\/li>\n<\/ol>\n<p>\u00a0<\/p>\n<ol start=\"3\">\n<li>Pleno respeto a los derechos humanos que permee todas las acciones e instituciones de gobierno; se buscar\u00e1n las reformas que permitan dotar de obligatoriedad legal, con sanci\u00f3n en caso de incumplimiento grave, a las resoluciones que emitan las comisiones nacionales y estatales de Derechos Humanos; el conocimiento y observancia de estos derechos ser\u00e1 asignatura regular en la formaci\u00f3n de los nuevos elementos policiales. Se excarcelar\u00e1, en observancia de las disposiciones legales, a las personas que, sin haber cometido acciones violentas, se encuentren en prisi\u00f3n por motivos pol\u00edticos y se buscar\u00e1n las v\u00edas para dejar sin efecto los actos procesales de vinculaci\u00f3n a proceso y los juicios penales originados por los acusados en actos de protesta legal y pac\u00edfica; se erradicar\u00e1 la represi\u00f3n y nadie ser\u00e1 torturado, desaparecido o asesinado por un cuerpo de seguridad del Estado. No toleraremos los atropellos impunes desde el poder en contra de la ciudadan\u00eda.<\/li>\n<\/ol>\n<p>\u00a0<\/p>\n<ol start=\"4\">\n<li>Regeneraci\u00f3n \u00e9tica de las instituciones y de la sociedad. La crisis de valores y de convivencia que constituye uno de los componentes del estallido de violencia y criminalidad se origina, en buena medida, en el resentimiento social a causa de la pobreza, la marginaci\u00f3n, la negaci\u00f3n regular de derechos b\u00e1sicos y la falta de horizontes de realizaci\u00f3n, derivada de la supresi\u00f3n de mecanismos de movilidad social. Ante este panorama, la regeneraci\u00f3n moral es, al mismo tiempo, un medio y un prop\u00f3sito de la Cuarta Transformaci\u00f3n. La regeneraci\u00f3n \u00e9tica es la intenci\u00f3n ejemplificante de un ejercicio de gobierno austero, honesto, transparente, incluyente, respetuoso de las libertades, apegado a derecho, sensible a las necesidades de los m\u00e1s d\u00e9biles y vulnerables y pendiente en todo momento del inter\u00e9s superior. En el \u00e1mbito de la seguridad p\u00fablica y el combate a la delincuencia organizada, la regeneraci\u00f3n \u00e9tica se traducir\u00e1 en la opci\u00f3n preponderante por los m\u00e9todos pac\u00edficos y la confianza previa en el buen comportamiento de la gran mayor\u00eda de las personas.<\/li>\n<\/ol>\n<p>\u00a0<\/p>\n<ol start=\"5\">\n<li>Reformular el combate a las drogas. En materia de estupefacientes, la estrategia prohibicionista es ya insostenible, no s\u00f3lo por la violencia que ha generado sino por sus malos resultados en materia de salud p\u00fablica: en la mayor\u00eda de los pa\u00edses en los que ha sido aplicada, esa estrategia no se ha traducido en una reducci\u00f3n del consumo. Peor a\u00fan, el modelo prohibicionista criminaliza de manera inevitable a los consumidores y reduce sus probabilidades de reinserci\u00f3n social y rehabilitaci\u00f3n. La &#8220;guerra contra las drogas&#8221; ha escalado el problema de salud p\u00fablica que representan las sustancias actualmente prohibidas hasta convertirlo en una crisis de seguridad p\u00fablica. La alternativa es que el Estado renuncie a la pretensi\u00f3n de combatir las adicciones mediante la prohibici\u00f3n de las sustancias que las generan y se dedique a mantener bajo control las de quienes ya las padecen mediante un seguimiento cl\u00ednico y el suministro de dosis con prescripci\u00f3n para, en un segundo paso, ofrecerles tratamientos de desintoxicaci\u00f3n personalizados y bajo supervisi\u00f3n m\u00e9dica. La \u00fanica posibilidad real de reducir los niveles de consumo de drogas reside en levantar la prohibici\u00f3n de las que actualmente son il\u00edcitas y reorientar los recursos actualmente destinados a combatir su trasiego y aplicarlos en programas masivos, pero personalizados de reinserci\u00f3n y desintoxicaci\u00f3n.<\/li>\n<\/ol>\n<p>\u00a0<\/p>\n<p>Ello debe procurarse de manera negociada, tanto en la relaci\u00f3n bilateral con Estados Unidos como en el \u00e1mbito multilateral, en el seno de la ONU.<\/p>\n<p>\u00a0<\/p>\n<ol start=\"6\">\n<li>Emprender la construcci\u00f3n de la paz. Como elementos consustanciales a la estrategia de seguridad se promover\u00e1 la adopci\u00f3n de modelos de justicia transicional, la cultura de paz y la recuperaci\u00f3n de la confianza en la autoridad. Ante la imposibilidad de derrotar las diversas expresiones delictivas por medios exclusiva o preponderantemente policiales y militares y frente al absurdo de querer pacificar con m\u00e9todos violentos, resulta imperativo considerar la adopci\u00f3n de modelos de justicia transicional que garanticen los derechos de las v\u00edctimas y que, al mismo tiempo, hagan posible el desarme y la entrega de los infractores, a quienes se les respetar\u00e1 sus derechos legales y se les propondr\u00e1 un cambio de vida; se revisar\u00e1n los expedientes de acusados y sentenciados a la luz de las l\u00f3gicas de pacificaci\u00f3n a fin de determinar si sus casos pueden ser objeto de amnist\u00eda o indulto, condicionados en todos los casos al cumplimiento de los cuatro ejes de la justicia transicional: verdad, justicia, reparaci\u00f3n y garant\u00eda de no repetici\u00f3n.<\/li>\n<\/ol>\n<p>\u00a0<\/p>\n<ol start=\"7\">\n<li>Recuperaci\u00f3n y dignificaci\u00f3n de las c\u00e1rceles. Las graves distorsiones que enfrenta el sistema penal del pa\u00eds lo convierten en un mecanismo que pervierte el car\u00e1cter disuasorio del castigo para transformarlo en multiplicador de la criminalidad. Las prisiones se han convertido en escuelas de delincuentes y en centros operativos de grupos del crimen organizado. Es necesario recuperar el control de los penales de las mafias, combatir la corrupci\u00f3n de las autoridades carcelarias, establecer el respeto a los derechos de los internos, implementar mecanismos de supervisi\u00f3n externa y dignificar las condiciones de alojamiento, salud y alimentaci\u00f3n de los reclusos, en atenci\u00f3n a recomendaciones de expertos nacionales e internacionales. El hundir a los infractores presuntos o sentenciados en entornos de descomposici\u00f3n y crueldad es la peor manera de impulsar su reinserci\u00f3n. Ante la vieja discusi\u00f3n entre la parte que se\u00f1ala la maldad innata de los individuos y la que considera las conductas antisociales como producto de las circunstancias, nuestro movimiento toma partido por la segunda y act\u00faa basado en la premisa de que, salvo una peque\u00f1a porci\u00f3n de casos, la reinserci\u00f3n social es posible.<\/li>\n<\/ol>\n<p>\u00a0<\/p>\n<ol start=\"8\">\n<li>Articular la seguridad nacional, la seguridad p\u00fablica y la paz. La Seguridad Nacional como una condici\u00f3n indispensable para garantizar la integridad y la soberan\u00eda nacionales, libres de amenazas al Estado, a fin de construir una paz duradera y fruct\u00edfera. Por lo que nuestros objetivos es construir las capacidades institucionales para alcanzar lo siguiente:\u00a0<\/li>\n<\/ol>\n<ul>\n<li>Coordinar la ejecuci\u00f3n del Programa para la Seguridad Nacional delGobierno, por medio del Consejo de Seguridad Nacional.<\/li>\n<li>Establecer un Sistema Nacional de Inteligencia.<\/li>\n<li>Actualizar el cat\u00e1logo y clasificaci\u00f3n de Instalaciones Estrat\u00e9gicas.<\/li>\n<li>Fortalecer y mantener la Seguridad Interior del pa\u00eds y garantizar la defensa exterior de M\u00e9xico.<\/li>\n<li>Promover el concepto de cultura de Seguridad Nacional postulado por el gobierno para contribuir al conocimiento colectivo sobre el tema.<\/li>\n<li>Mejorar las capacidades tecnol\u00f3gicas de investigaci\u00f3n cient\u00edfica en los \u00e1mbitos de seguridad p\u00fablica, seguridad interior, generaci\u00f3n de inteligencia estrat\u00e9gica y procuraci\u00f3n de justicia.<\/li>\n<li>Construir las bases para la creaci\u00f3n de un Documento \u00danico deIdentificaci\u00f3n Nacional biometrizado.<\/li>\n<\/ul>\n<p>\u00a0<\/p>\n<ol start=\"9\">\n<li>Repensar la seguridad nacional y reorientar a las Fuerzas Armadas. Los soldados y marinos de M\u00e9xico son pueblo uniformado. Procuramos incrementar la confianza de la poblaci\u00f3n civil hacia las Fuerzas Armadas, impulsar\u00e1 la colaboraci\u00f3n entre una y las otras y enfatizar\u00e1 el papel de \u00e9stas como parte de la sociedad. El Ej\u00e9rcito Mexicano y la Armada de M\u00e9xico conservar\u00e1n sus tareas constitucionales en la preservaci\u00f3n de la seguridad nacional y la integridad territorial del pa\u00eds, la defensa de la soberan\u00eda nacional y la asistencia a la poblaci\u00f3n en casos de desastre; asimismo, los institutos armados seguir\u00e1n aportando a diversas esferas del quehacer nacional: aeron\u00e1utica, inform\u00e1tica, industria, ingenier\u00eda, entre otras.<\/li>\n<\/ol>\n<p>\u00a0<\/p>\n<ol start=\"10\">\n<li>Fortalecer a la Guardia Nacional. Ante la carencia de una corporaci\u00f3n nacional de polic\u00eda profesional y capaz de afrontar el desaf\u00edo de la inseguridad y la violencia, es necesario seguir disponiendo de las instituciones castrenses en la preservaci\u00f3n y recuperaci\u00f3n de la seguridad p\u00fablica y el combate a la delincuencia por un periodo de cinco a\u00f1os, que termina en 2023, en tanto se completa la formaci\u00f3n de la Guardia Nacional. Esta corporaci\u00f3n se convertir\u00e1 en el instrumento primordial del Ejecutivo Federal en la prevenci\u00f3n del delito, la preservaci\u00f3n de la seguridad p\u00fablica, la recuperaci\u00f3n de la paz y el combate a la delincuencia en todo el pa\u00eds. Ser\u00e1 una instituci\u00f3n permanente de car\u00e1cter policial, lo que implica que realizar\u00e1 tareas de prevenci\u00f3n y combate del delito, tendr\u00e1 un enfoque de proximidad con la ciudadan\u00eda y comunicaci\u00f3n con la comunidad y sus integrantes se regir\u00e1n por una doctrina policial fundada en el pleno respeto a los derechos humanos.<\/li>\n<\/ol>\n<p>\u00a0<\/p>\n<ul>\n<li>La Guardia Nacional se mantendr\u00e1 como una instituci\u00f3n de car\u00e1cter mixto o intermedio, es decir que, si bien ser\u00e1 un \u00f3rgano con mando civil, sus integrantes tendr\u00e1n entrenamiento, jerarqu\u00eda y estructura militar, lo que permitir\u00e1 contar con una instituci\u00f3n mucho m\u00e1s disciplinada y capacitada para hacer frente a la delincuencia.<\/li>\n<li>La Guardia Nacional dispondr\u00e1 de elementos suficientes, instalaciones fijas y equipamiento en diversas zonas del territorio nacional y en su despliegue regional no sustituir\u00e1 a las polic\u00edas municipales ni estatales; actuar\u00e1, en cambio, de manera subsidiaria y en apoyo a estas instituciones en la medida de sus necesidades. Destacamos que la ruta de la Guardia Nacional est\u00e1 encaminada hacia el fortalecimiento y la profesionalizaci\u00f3n de las corporaciones policiales estatales y municipales.<\/li>\n<li>Los objetivos sexenales de la Guardia Nacional ser\u00e1n el crecimiento hasta 140 mil elementos y la cobertura de 266 regiones distribuidas en las 32 entidades federativas. Ser\u00e1n prioritarias en la cobertura las zonas m\u00e1s violentas y conflictivas.<\/li>\n<\/ul>\n<p>\u00a0<\/p>\n<ol start=\"11\">\n<li>Coordinaciones nacionales, estatales y regionales. En el \u00e1mbito nacional se mantendr\u00e1 el apoyo al mando coordinado que tiene el Gabinete de Seguridad, que es encabezado por el Presidente de la Rep\u00fablica; mismo que sesiona diariamente en Palacio Nacional y en \u00e9l participan los Secretarios de Seguridad y Protecci\u00f3n Ciudadana, Gobernaci\u00f3n, Marina y Defensa, y se convoca con regularidad al Fiscal General de la Rep\u00fablica. Se busca replicar ese modelo a escala estatal y regional, con la participaci\u00f3n de los coordinadores federales, los ejecutivos estatales y sus comandancias de polic\u00eda y seguridad p\u00fablica, e invitaciones especiales a las fiscal\u00edas y autoridades judiciales locales.<\/li>\n<\/ol>\n<p>\u00a0<\/p>\n<ol start=\"12\">\n<li>Estrategias espec\u00edficas.<\/li>\n<\/ol>\n<p>\u00a0<\/p>\n<p>Como parte fundamental de la Estrategia Nacional de Seguridad P\u00fablica se tienen las siguientes estrategias espec\u00edficas para asuntos prioritarios y urgentes:<\/p>\n<p>\u00a0<\/p>\n<ul>\n<li>\u00a0Nuevo Modelo Policial. Se desarrollar\u00e1 un Modelo Nacional de Polic\u00eda que considere y articule los esfuerzos y aportaciones de los tres \u00f3rdenes de gobierno y tome en cuenta las condiciones, contextos y necesidades locales; debe considerar un enfoque de derechos humanos, proximidad y participaci\u00f3n ciudadana; debe velar por la construcci\u00f3n colectiva y la coordinaci\u00f3n efectiva entre cuerpos polic\u00edacos municipales, estatales y federales, al tiempo de estandarizar los rubros relacionados con la capacitaci\u00f3n, profesionalizaci\u00f3n, certificaci\u00f3n y dignificaci\u00f3n policial.<\/li>\n<li>-Prevenci\u00f3n del Delito. La prevenci\u00f3n es uno de los ejes estrat\u00e9gicos de la seguridad p\u00fablica. Se han impulsado acciones en lo inmediato para consolidar una amplia pol\u00edtica de prevenci\u00f3n y participaci\u00f3n ciudadana. El gobierno, por medio de la Secretar\u00eda de Seguridad y Protecci\u00f3n Ciudadana, enfocar\u00e1 sus esfuerzos en las siguientes acciones:<\/li>\n<li>Desarrollo Alternativo. Crear, de la mano de las dependencias encargadas de la pol\u00edtica econ\u00f3mica y social, alternativas econ\u00f3micas sostenibles para los hogares y comunidades que dependen del ingreso provisto por actividades il\u00edcitas como el cultivo de drogas, la extracci\u00f3n y distribuci\u00f3n ilegal de hidrocarburos, el robo de autotransporte, etc.<\/li>\n<li>Prevenci\u00f3n Especial de la Violencia y el Delito. Se trabajar\u00e1 en disuadir a los autores de conductas delictivas de su reincidencia mediante intervenciones restaurativas, orientadas a su protecci\u00f3n, resocializaci\u00f3n y a la reparaci\u00f3n del da\u00f1o cometido a las v\u00edctimas. Se pondr\u00e1 especial \u00e9nfasis en el combate a los cr\u00edmenes que causan mayor exasperaci\u00f3n social como los delitos sexuales, la violencia de g\u00e9nero en todas sus expresiones, la desaparici\u00f3n forzada, el secuestro y el asalto en transporte p\u00fablico.<\/li>\n<\/ul>\n<p>*P\u00e1ginas 16, 17-23 y 32 a la 34<\/p>\n\t\t\t\t\t\t\t\t\t\t\t\t<a href=\"\">\u2022 Movilidad<\/a>\n\t\t\t\t\t<p>Construcci\u00f3n de caminos rurales<\/p>\n<p>Este programa permite comunicar 350 cabeceras municipales de Oaxaca y Guerrero con carreteras de concreto; generar\u00e1 empleos, reactivar\u00e1 las econom\u00edas locales y desalentar\u00e1 la migraci\u00f3n.<\/p>\n<p>Cobertura de Internet para todo el pa\u00eds<\/p>\n<p>Mediante la instalaci\u00f3n de Internet inal\u00e1mbrico en todo el pa\u00eds se ofrece a toda la poblaci\u00f3n conexi\u00f3n en carreteras, plazas p\u00fablicas, centros de salud, hospitales, escuelas y espacios comunitarios. Es fundamental para combatir la marginaci\u00f3n y la pobreza y para la integraci\u00f3n de las zonas deprimidas a las actividades productivas.<\/p>\n<p>P\u00e1gina 45<\/p>\n\t\t\t\t\t\t\t\t\t\t\t\t<a href=\"\">\u2022 Desarrollo Econ\u00f3mico, Empleo y Salario<\/a>\n\t\t\t\t\t<p>Separar el poder pol\u00edtico del poder econ\u00f3mico<\/p>\n<p>\u00a0<\/p>\n<p>Durante d\u00e9cadas, el poder pol\u00edtico en M\u00e9xico ha sido distorsionado y pervertido por la connivencia entre equipos de gobierno y grupos empresariales, hasta el punto en que se hizo imposible distinguir entre unos y otros. De esa manera, las instituciones gubernamentales fueron puestas al servicio de los intereses corporativos y usadas para la creaci\u00f3n, consolidaci\u00f3n y expansi\u00f3n de fortunas, en tanto que diversos consorcios han disfrutado en los hechos de una perversa proyecci\u00f3n pol\u00edtica, legislativa, judicial y administrativa.<\/p>\n<p>\u00a0<\/p>\n<p>Nuestro gobierno ha planteado el objetivo de separar esos dos \u00e1mbitos y restaurar el principio constitucional de que &#8220;todo poder p\u00fablico dimana del pueblo y se instituye para beneficio de \u00e9ste&#8221;. En lo sucesivo, la capacidad econ\u00f3mica y financiera de personas f\u00edsicas o morales no debe orientar el nombramiento de funcionarios, la adopci\u00f3n de pol\u00edticas p\u00fablicas, las decisiones administrativas, la realizaci\u00f3n de reformas legales, la elaboraci\u00f3n de fallos legales y mucho menos la distorsi\u00f3n de la voluntad popular en procesos electorales, como ha ocurrido en el pasado. Las instituciones de gobierno deben velar por las necesidades del pa\u00eds y de toda la poblaci\u00f3n y no s\u00f3lo por los intereses de grupos de presi\u00f3n empresariales y medi\u00e1ticos.<\/p>\n<p>\u00a0<\/p>\n<p>La din\u00e1mica de los negocios es indispensable para el desarrollo nacional y para el buen desempe\u00f1o de la econom\u00eda, pero es indispensable sacar del \u00e1mbito pol\u00edtico las leg\u00edtimas actividades para obtener ganancias. Con este prop\u00f3sito se mantendr\u00e1 una estricta vigilancia de los conflictos de inter\u00e9s de los servidores p\u00fablicos, se combatir\u00e1 la corrupci\u00f3n en la asignaci\u00f3n de contratos y concesiones y se sancionar\u00e1 como delito grave todo intento de distorsi\u00f3n electoral mediante la inyecci\u00f3n de recursos no autorizados en campa\u00f1as pol\u00edticas o para ofrecer beneficios personales de cualquier clase a cambio del voto.<\/p>\n<p>Tandas para el bienestar. Un mill\u00f3n de peque\u00f1os negocios reciben el beneficio de un cr\u00e9dito a la palabra para la adquisici\u00f3n de insumos y herramientas. El objetivo de este programa es mejorar las condiciones de todo tipo de peque\u00f1as unidades econ\u00f3micas con el fin de fortalecer la econom\u00eda con un enfoque de justicia social.<\/p>\n<p>Detonar el crecimiento en el M\u00e9xico Post COVID 19<\/p>\n<p>\u00a0<\/p>\n<p>El a\u00f1o 2020 golpe\u00f3 al mundo entero con la pandemia m\u00e1s grande de la historia jam\u00e1s registrada. Esto ha puesto a prueba la capacidad de los gobiernos, no solo en cuanto a su capacidad de proveer un servicio de salud suficiente y eficiente para mantener a salvo a su poblaci\u00f3n, sino de mantener las instituciones y los procesos que nutren a las econom\u00edas familiares y de sus comunidades.<\/p>\n<p>\u00a0<\/p>\n<p>Es por ello que nuestra meta es fomentar las acciones necesarias suficientes para recuperar e incluso sobrepasar los niveles de crecimiento y bienestar previos a la pandemia.<\/p>\n<p>\u00a0<\/p>\n<p>Impulsar la reactivaci\u00f3n econ\u00f3mica, el mercado interno y el empleo<\/p>\n<p>\u00a0<\/p>\n<p>Una de las tareas centrales de nuestro movimiento es impulsar la reactivaci\u00f3n econ\u00f3mica y lograr que la econom\u00eda vuelva a crecer a tasas aceptables. Para ello se requiere, en primer lugar, del fortalecimiento del mercado interno, lo que se conseguir\u00e1 con una pol\u00edtica de recuperaci\u00f3n salarial y una estrategia de creaci\u00f3n masiva de empleos productivos, permanentes y bien remunerados. Hoy en d\u00eda m\u00e1s de la mitad de la poblaci\u00f3n econ\u00f3micamente activa permanece en el sector informal, la mayor parte con ingresos por debajo de la l\u00ednea de pobreza y sin prestaciones laborales. Esa situaci\u00f3n resulta inaceptable desde cualquier perspectiva \u00e9tica y perniciosa para cualquier perspectiva econ\u00f3mica: para los propios informales, que viven en un entorno que les niega derechos b\u00e1sicos, para los productores, que no pueden colocar sus productos por falta de consumidores, y para el fisco, que no puede considerarlos causantes.<\/p>\n<p>\u00a0<\/p>\n<p>El sector p\u00fablico fomentar\u00e1 la creaci\u00f3n de empleos mediante programas sectoriales, proyectos regionales y obras de infraestructura, pero tambi\u00e9n facilitando el acceso al cr\u00e9dito a las peque\u00f1as y medianas empresas (que constituyen el 93 por ciento y que generan la mayor parte de los empleos) y reduciendo y simplificando los requisitos para la creaci\u00f3n de empresas nuevas.<\/p>\n<p>\u00a0<\/p>\n<p>Seguiremos impulsando las modalidades de comercio justo y econom\u00eda social y solidaria.<\/p>\n<p>\u00a0<\/p>\n<ol start=\"3\">\n<li> El Programa Zona Libre de la Frontera Norte empez\u00f3 su aplicaci\u00f3n en los 43 municipios fronterizos con Estados Unidos y pertenecientes a los estados de Baja California, Sonora, Chihuahua, Coahuila, Nuevo Le\u00f3n y Tamaulipas, en los cuales se genera el 7.5 del Producto Interno Bruto nacional y ofrece beneficios al desarrollo como la reducci\u00f3n del pago del IVA del 16 al 8 por ciento, la disminuci\u00f3n al ISR al 20 por ciento, el incremento del salario m\u00ednimo regional al doble y la homologaci\u00f3n del precio de los combustibles con los de Estados Unidos<\/li>\n<\/ol>\n<p>*P\u00e1ginas 42 a la 44, 38, 42, 44, 46<\/p>\n<p>\u00a0<\/p>\n\t\t\t\t\t\t\t\t\t\t\t\t<a href=\"\">\u2022 Medio Ambiente<\/a>\n\t\t\t\t\t<p>Sembrando vida es un programa dirigido a las y los sujetos agrarios para impulsar su participaci\u00f3n efectiva en el desarrollo rural integral. Cubre los estados de Campeche, Chiapas, Chihuahua, Colima, Durango, Guerrero, Hidalgo, Michoac\u00e1n, Morelos, Oaxaca, Puebla, Quintana Roo, San Luis Potos\u00ed, Sinaloa, Tabasco, Tamaulipas, Tlaxcala, Veracruz y Yucat\u00e1n. Incentiva a los sujetos agrarios a establecer sistemas productivos agroforestales, el cual combina la producci\u00f3n de los cultivos tradicionales en conjunto con \u00e1rboles frut\u00edcolas y maderables, y el sistema de Milpa Intercalada entre \u00c1rboles Frutales (MIAF), con lo que se contribuye a generar empleos, se incentiva la autosuficiencia alimentaria, se mejoran los ingresos de las y los pobladores y se recupera la cobertura forestal de un mill\u00f3n de hect\u00e1reas en el pa\u00eds. Se otorga apoyo econ\u00f3mico a sujetos agrarios mayores de edad, que habiten en localidades rurales y que tengan un ingreso inferior a la l\u00ednea de bienestar rural y que sean propietarios o poseedores de 2.5 hect\u00e1reas disponibles para proyectos agroforestales. Los beneficiarios reciben un apoyo mensual de 5 mil pesos, as\u00ed como apoyos en especie para la producci\u00f3n agroforestal (plantas, insumos, herramientas) y acompa\u00f1amiento t\u00e9cnico para la implementaci\u00f3n de sistemas agroforestales. Los t\u00e9cnicos del programa comparten conocimientos y experiencias con los campesinos y aprenden de la sabidur\u00eda de las personas que han convivido con la naturaleza y con el territorio.<\/p>\n<p>Se busca la rehabilitaci\u00f3n de las plantas de producci\u00f3n de fertilizantes para apoyar a productores agr\u00edcolas.\u00a0<\/p>\n<p>Autosuficiencia alimentaria y rescate del campo<\/p>\n<p>El sector agrario ha sido uno de los m\u00e1s devastados por las pol\u00edticas neoliberales. A partir de 1988 se destruyeron mecanismos que resultaban fundamentales para el desarrollo agrario, se orient\u00f3 el apoyo p\u00fablico a la manipulaci\u00f3n electoral y se propici\u00f3 el vaciamiento poblacional del agro. Las comunidades ind\u00edgenas, que han vivido desde hace siglos la opresi\u00f3n, el saqueo y la discriminaci\u00f3n, padecieron con particular intensidad esta ofensiva. Las pol\u00edticas oficiales han favorecido la implantaci\u00f3n de las agroindustrias y los megaproyectos y han condenado al abandono a comuneros, ejidatarios y peque\u00f1os propietarios. Ello no s\u00f3lo ha resultado desastroso para los propios campesinos sino para el resto del pa\u00eds: actualmente M\u00e9xico importa casi la mitad de los alimentos que consume, as\u00ed como la mayor parte de los insumos, maquinaria, equipo y combustibles para la agricultura.<\/p>\n<p>\u00a0<\/p>\n<p>Nos hemos propuesto como un objetivo romper ese c\u00edrculo vicioso entre postraci\u00f3n del campo y dependencia alimentaria. Para ello se han emprendido los siguientes programas:<\/p>\n<ol>\n<li> Programa Producci\u00f3n para el Bienestar.<\/li>\n<\/ol>\n<p>Orientado a los productores de peque\u00f1a y mediana escala, beneficiar\u00e1 a unos 2.8 millones de peque\u00f1os y medianos productores (hasta 20 hect\u00e1reas), que conforman el 85 por ciento de las unidades productivas del pa\u00eds, con prioridad para 657 mil peque\u00f1os productores ind\u00edgenas. Canaliza apoyos productivos por hect\u00e1rea con anticipaci\u00f3n a las siembras e impulsa entre los productores pr\u00e1cticas agroecol\u00f3gicas y sustentables, la conservaci\u00f3n del suelo, el agua y la agrodiversidad; alienta la autosuficiencia en la producci\u00f3n de semillas y otros insumos, as\u00ed como en maquinaria y equipo apropiado a la agricultura de peque\u00f1a escala, y la implantaci\u00f3n de sistemas de energ\u00eda renovable. Se entrega un apoyo de mil 600 pesos por hect\u00e1rea para parcelas de hasta 5 hect\u00e1reas, y de mil pesos para parcelas de entre 5 y 20 hect\u00e1reas.<\/p>\n<ol start=\"2\">\n<li> Programa de apoyo a cafetaleros y ca\u00f1eros del pa\u00eds.<\/li>\n<\/ol>\n<p>Son dos programas emergentes orientados a apoyar a los peque\u00f1os productores de caf\u00e9 y de ca\u00f1a de az\u00facar, mediante el cual estaremos beneficiando 420 mil productores. Doscientos cincuenta mil peque\u00f1os productores de caf\u00e9 y 170 mil de ca\u00f1a de az\u00facar.<\/p>\n<p>Nuestro programa de caf\u00e9 est\u00e1 orientado a canalizar apoyos productivos por un monto de 5 mil pesos por productor de hasta una hect\u00e1rea, mientras que el programa de ca\u00f1a de az\u00facar est\u00e1 orientado a apoyar a productores de hasta cuatro hect\u00e1reas que recibir\u00e1n un apoyo directo de 7 mil 300 pesos por productor.<\/p>\n<p>Los apoyos que estamos otorgando se orientan a impulsar la renovaci\u00f3n de cafetales, el uso de mejores materiales gen\u00e9ticos, la implementaci\u00f3n de pr\u00e1cticas de producci\u00f3n sustentables, a la agregaci\u00f3n de valor y diferenciaci\u00f3n de sus productos y a la conservaci\u00f3n y mejor uso del suelo y del agua y a la conservaci\u00f3n de la biodiversidad.<\/p>\n<p>3.Programa de Precios de Garant\u00eda para los cultivos de ma\u00edz, frijol, trigo panificable, arroz y leche.<\/p>\n<p>Se establecieron precios de garant\u00eda para alimentos b\u00e1sicos en beneficio de 2 millones de peque\u00f1os productores, a quienes se les pagar\u00e1 durante la cosecha 5 mil 610 pesos la tonelada de ma\u00edz, 6 mil 120 pesos el arroz, 14 mil 500 el frijol; 5 mil 790 el trigo; y a 8 pesos con 20 centavos el litro de leche; lo cual significa, con relaci\u00f3n al a\u00f1o pasado, un aumento promedio de m\u00e1s de 30 por ciento.<\/p>\n<ol start=\"4\">\n<li> Cr\u00e9dito ganadero a la palabra.<\/li>\n<\/ol>\n<p>El programa de cr\u00e9dito ganadero a la palabra, que consiste en entregar de una a 10 novillonas y hasta un toro por productor, lo cual representa adquirir<\/p>\n<p>200 mil reses, con un presupuesto autorizado de 4 mil millones de pesos, en beneficio de 19 mil 200 ejidatarios y peque\u00f1os propietarios.<\/p>\n<ol start=\"5\">\n<li> Distribuci\u00f3n de fertilizantes qu\u00edmicos y biol\u00f3gicos.<\/li>\n<\/ol>\n<p>Implementar un programa de entrega de fertilizantes, donde \u00e9stos no da\u00f1en los suelos y sean en beneficio de productores agr\u00edcolas empezando por el estado de Guerrero. Tambi\u00e9n se iniciar\u00e1 la operaci\u00f3n de la planta de fertilizantes de Coatzacoalcos, Veracruz.<\/p>\n<ol start=\"6\">\n<li> Creaci\u00f3n del organismo Seguridad Alimentaria Mexicana (SEGALMEX)<\/li>\n<\/ol>\n<p>Tiene como funciones coordinar la adquisici\u00f3n de productos agroalimentarios a precios de garant\u00eda; vender y distribuir fertilizantes, semillas mejoradas o cualquier otro producto que contribuya a elevar la productividad del campo; promover tanto la industrializaci\u00f3n de alimentos b\u00e1sicos, leche y sus derivados como la comercializaci\u00f3n de los excedentes de la producci\u00f3n agroalimentaria dentro y fuera del pa\u00eds; promover la creaci\u00f3n de micro, peque\u00f1as y medianas empresas privadas asociadas a la comercializaci\u00f3n de productos alimenticios; apoyar las tareas de investigaci\u00f3n cient\u00edfica y desarrollo tecnol\u00f3gico que se encuentren vinculadas con su objeto y distribuir la canasta b\u00e1sica en regiones de alta marginaci\u00f3n econ\u00f3mica.<\/p>\n<p>*P\u00e1ginas 36 a la 37, 43, 47 a la 49<\/p>\n\t\t\t\t\t\t\t\t\t\t\t\t<a href=\"\">\u2022 Desarrollo Humano<\/a>\n\t\t\t\t\t<h5>Desarrollo sostenible<\/h5>\n<p>Nuestro movimiento est\u00e1 comprometido a impulsar el desarrollo sostenible, que en la \u00e9poca presente se ha evidenciado como un factor indispensable del bienestar. Se le define como la satisfacci\u00f3n de las necesidades de la generaci\u00f3n presente sin comprometer la capacidad de las generaciones futuras para satisfacer sus propias necesidades. Esta f\u00f3rmula resume insoslayables mandatos \u00e9ticos, sociales, ambientales y econ\u00f3micos que deben ser aplicados en el presente para garantizar un futuro m\u00ednimamente habitable y arm\u00f3nico. El hacer caso omiso de este paradigma no s\u00f3lo conduce a la gestaci\u00f3n de desequilibrios de toda suerte en el corto plazo, sino que conlleva una severa violaci\u00f3n a los derechos de quienes no han nacido. Por ello, consideramos en toda circunstancia los impactos que tendr\u00e1n sus pol\u00edticas y programas en el tejido social, en la ecolog\u00eda y en los horizontes pol\u00edticos y econ\u00f3micos del pa\u00eds. Adem\u00e1s, nos guiamos por una idea de desarrollo que subsane las injusticias sociales e impulse el crecimiento econ\u00f3mico sin provocar afectaciones a la convivencia pac\u00edfica, a los lazos de solidaridad, a la diversidad cultural ni al entorno.<\/p>\n<p>\u00a0<\/p>\n<p>Los Programas que mantendremos y fortaleceremos:<\/p>\n<ol>\n<li>El Programa para el Bienestar de las Personas Adultas Mayores da un apoyo universal a mujeres y hombres de m\u00e1s de 68 a\u00f1os en todo el pa\u00eds. La mayor parte de ellos se encuentra en pobreza y sin acceso a un sistema de protecci\u00f3n social que les garantice una vejez digna y plena. Seg\u00fan datos oficiales solo 23 por ciento de las mujeres y 40 por ciento de los hombres tienen acceso a una pensi\u00f3n contributiva. Pero lo m\u00e1s grave es que 26 por ciento de las personas adultas mayores no tienen ni pensi\u00f3n contributiva ni apoyo de programas sociales. El apoyo econ\u00f3mico se entrega de manera directa sin intermediarios- mediante el uso de una tarjeta bancaria. En las comunidades ind\u00edgenas del pa\u00eds, la edad m\u00ednima para inscribirse en el programa es de 65 a\u00f1os.<\/li>\n<\/ol>\n<p>\u00a0<\/p>\n<ol start=\"2\">\n<li>El Programa Pensi\u00f3n para el Bienestar de las Personas con Discapacidad apoya a ni\u00f1as, ni\u00f1os y j\u00f3venes de hasta 29 a\u00f1os que tienen discapacidad permanente, as\u00ed como a personas con discapacidad de 0 a 64 a\u00f1os que vivan en comunidades ind\u00edgenas. M\u00e1s de la mitad de las personas con discapacidad se encuentran adem\u00e1s en situaci\u00f3n de pobreza. Con este programa el gobierno de la rep\u00fablica busca la vigencia efectiva de los derechos de ni\u00f1as, ni\u00f1os, j\u00f3venes e ind\u00edgenas con discapacidad, as\u00ed como eliminar la marginaci\u00f3n, la discriminaci\u00f3n y el racismo de las y los mexicanos con discapacidad. El monto del apoyo econ\u00f3mico es de 2 mil 250 pesos bimestrales y se entrega en forma bimestral mediante dep\u00f3sito directo en tarjeta bancaria.<\/li>\n<\/ol>\n<p>*P\u00e1ginas 34 y 35<\/p>\n\t\t\t\t\t\t\t\t\t\t\t\t<a href=\"\">\u2022 Educaci\u00f3n e Innovaci\u00f3n<\/a>\n\t\t\t\t\t<h5>Derecho a la educaci\u00f3n<\/h5>\n<p>Durante el periodo neoliberal el sistema de educaci\u00f3n p\u00fablica fue devastado por los gobiernos olig\u00e1rquicos; se pretendi\u00f3 acabar con la gratuidad de la educaci\u00f3n superior, se someti\u00f3 a las universidades p\u00fablicas a un acoso presupuestal sin precedentes, los ciclos b\u00e1sico, medio y medio superior fueron vistos como oportunidades de negocio para venderle al gobierno insumos educativos inservibles y a precios inflados, se emprendi\u00f3 una ofensiva brutal en contra de las escuelas normales rurales y en el sexenio pasado se oper\u00f3 una mal llamada reforma educativa que era en realidad una contrarreforma laboral, contraria a los derechos laborales del magisterio y orientada a crear las condiciones para la privatizaci\u00f3n generalizada de la ense\u00f1anza.\u00a0<\/p>\n<p>Esta estrategia perversa se tradujo en la degradaci\u00f3n de la calidad de la ense\u00f1anza en los niveles b\u00e1sico, medio y medio superior y en la exclusi\u00f3n de cientos de miles de j\u00f3venes de las universidades. En los hechos, el derecho constitucional a la educaci\u00f3n result\u00f3 severamente mutilado y ello no s\u00f3lo priv\u00f3 al pa\u00eds de un n\u00famero incalculable de graduados, sino que agrav\u00f3 el auge de la delincuencia y las conductas antisociales. En el sexenio anterior la alteraci\u00f3n del marco legal de la educaci\u00f3n deriv\u00f3 en un enconado conflicto social y en acciones represivas injustificables.<\/p>\n<p>Ante esta circunstancia, nos hemos comprometido desde un inicio a mejorar las condiciones materiales de las escuelas del pa\u00eds, a garantizar el acceso de todos los j\u00f3venes a la educaci\u00f3n y a revertir la mal llamada reforma educativa. La Secretar\u00eda de Educaci\u00f3n P\u00fablica tiene la tarea de dignificar los centros escolares y el Ejecutivo federal, el Congreso de la Uni\u00f3n y el magisterio nacional se encuentran en un proceso de di\u00e1logo para construir un nuevo marco legal para la ense\u00f1anza.<\/p>\n<p>\u00a0<\/p>\n<p>Las Universidades para el Bienestar Benito Ju\u00e1rez Garc\u00eda iniciaron sus actividades en marzo de 2019 con 100 planteles en 31 entidades. Para la instalaci\u00f3n de los planteles se dio preferencia a zonas de alta densidad poblacional en las que haya nula oferta de estudios universitarios y con alto grado de rezago social, marginaci\u00f3n y violencia. Las escuelas universitarias se distribuyen en Oaxaca (11 planteles), Ciudad de M\u00e9xico (10), Veracruz (8), Chiapas y Guanajuato (6). Las otras entidades tienen entre 2 y 5 escuelas. En conjunto, las Universidades para el Bienestar ofrecen 32 mil plazas para estudiantes.<\/p>\n<p>Los edificios permanentes en los que operan las Universidades para el Bienestar son construidos con el concurso del trabajo comunitario y de trabajadores locales, en terrenos donados o entregados en comodato por campesinos, municipios o comisariados ejidales. Las carreras que se ofrecen son Ingenier\u00edas Civil, Industrial, Forestal, Agroalimentaria, Ambiental, Agroforestal, Electromec\u00e1nica, Agronom\u00eda, en Minas, Pisc\u00edcola, en Acuacultura, en Desarrollo Regional Sustentable, Qu\u00edmica de la Industria Petrolera, en Administraci\u00f3n de la Industria Energ\u00e9tica y en Procesos Petroleros, en Energ\u00edas Renovables; Medicina Integral y Salud Comunitaria; Enfermer\u00eda y Obstetricia; Medicina Veterinaria y Zootecnia; Contabilidad y Administraci\u00f3n P\u00fablica; Derecho; Patrimonio Hist\u00f3rico e Industria de Viajes; Gesti\u00f3n Integrada del Agua; Normal de Educaci\u00f3n B\u00e1sica; Estudios Sociales; Patrimonio Hist\u00f3rico y Biocultural; Educaci\u00f3n F\u00edsica; Administraci\u00f3n Municipal y Pol\u00edticas P\u00fablicas; M\u00fasica y Lauder\u00eda y Normales Rural e Intercultural Biling\u00fce.<\/p>\n<p>Ciencia y tecnolog\u00eda<\/p>\n<p>Seguiremos promoviendo la investigaci\u00f3n cient\u00edfica y tecnol\u00f3gica; el apoyo a estudiantes y acad\u00e9micos con becas y otros est\u00edmulos en bien del conocimiento.<\/p>\n<p>*P\u00e1ginas 38 a la 39, 49<\/p>\n\t\t\t\t\t\t\t\t\t\t\t\t<a href=\"\">\u2022 Cultura, salud y deporte<\/a>\n\t\t\t\t\t<h5>Salud para toda la poblaci\u00f3n<\/h5>\n<p>Cuando el actual gobierno tom\u00f3 posesi\u00f3n el 1 de diciembre de 2018 encontr\u00f3 un sistema de salud p\u00fablica insuficiente, ineficiente, depauperado y corro\u00eddo por la corrupci\u00f3n. Millones de personas no tienen acceso a ninguna de las instituciones o modalidades de ese sistema o bien enfrentan padecimientos para los cuales no hay cobertura. Como en otros terrenos, el desastre del sistema de salud p\u00fablica es resultado de los afanes privatizadores y de los lineamientos emitidos por organismos internacionales copados por la ideolog\u00eda neoliberal. El resultado: en un periodo en el que proliferaron los dispensarios, cl\u00ednicas y hospitales privados de todas las categor\u00edas, incluso los de gran lujo, los establecimientos p\u00fablicos han sido librados al saqueo de la corrupci\u00f3n, la indolencia burocr\u00e1tica y el estrechamiento presupuestal. Es casi normativo el que los pacientes de los hospitales del Estado tengan que llevar sus propios materiales de curaci\u00f3n y que se vean obligados a esperar meses antes de ser sometidos a una intervenci\u00f3n quir\u00fargica, tanto por la saturaci\u00f3n de los quir\u00f3fanos como por descomposturas o faltantes de equipo. Otros ni siquiera logran acceso a terapias y tratamientos porque no est\u00e1n afiliados a ninguna instituci\u00f3n de seguridad social o bien porque la cobertura del Seguro Popular es insuficiente. En suma, el derecho a la salud le es denegado parcial o totalmente al sector m\u00e1s desprotegido de la poblaci\u00f3n mexicana.<\/p>\n<p><strong>Instituto Nacional de Salud para el Bienestar<\/strong><\/p>\n<p>Todo nuestro movimiento realiza las acciones necesarias para garantizar que, sobre todo en el contexto de la pandemia del COVID 19 que azota al mundo entero, hacia 2024 todas y todos los habitantes de M\u00e9xico puedan recibir atenci\u00f3n m\u00e9dica y hospitalaria gratuita, incluidos el suministro de medicamentos y materiales de curaci\u00f3n y los ex\u00e1menes cl\u00ednicos.<\/p>\n<p>Con la creaci\u00f3n del Instituto Nacional de Salud para el Bienestar, se da servicio en todo el territorio nacional a todas las personas no afiliadas al IMSS o al ISSSTE. La atenci\u00f3n que se brinda sigue los principios de participaci\u00f3n social, competencia t\u00e9cnica, calidad m\u00e9dica, pertinencia cultural, trato no discriminatorio, digno y humano.<\/p>\n<p>&#8211; El combate a la corrupci\u00f3n ser\u00e1 permanente en todo el sector salud.<\/p>\n<p>&#8211; Dignificar los hospitales p\u00fablicos de las diversas dependencias federales.\u00a0<\/p>\n<p>&#8211; Priorizar la prevenci\u00f3n de enfermedades mediante campa\u00f1as de concientizaci\u00f3n e inserci\u00f3n en programas escolares de temas de nutrici\u00f3n, h\u00e1bitos saludables y salud sexual y reproductiva.<\/p>\n<p>&#8211; Mantener una campa\u00f1a informativa nacional sobre las adicciones.<\/p>\n<p>&#8211; Impulsar las pr\u00e1cticas deportivas en todas sus modalidades.<\/p>\n<p>*P\u00e1ginas 40 a la 41,\u00a0<\/p>\n<p>\u00a0<\/p>\n<h5>Cultura<\/h5>\n<p><strong>Cultura para la paz, para el bienestar y para todos<\/strong><\/p>\n<p>Todos los individuos son poseedores y generadores de cultura. En rigor, el adjetivo &#8220;inculto&#8221;, particularmente cuando se le utiliza en t\u00e9rmino peyorativo, denota una condici\u00f3n imposible: los humanos viven en sistemas culturales que van desde el lenguaje hasta las celebraciones y conmemoraciones, desde los patrones de comportamiento hasta la alimentaci\u00f3n, desde el universo simb\u00f3lico que cada persona construye hasta el disfrute y consumo de productos tradicionalmente denominados culturales, como la m\u00fasica, las artes pl\u00e1sticas, las letras y las artes esc\u00e9nicas.<\/p>\n<p>Desde esta perspectiva, nadie debe ser excluido a las actividades y los circuitos de la cultura, los cuales representan, en la actual circunstancia, factores de paz, cohesi\u00f3n social, convivencia y espiritualidad.<\/p>\n<p>Al igual que en otros rubros, el priorizaremos las necesidades de los sectores m\u00e1s marginados, indefensos y depauperados, e impulsar\u00e1 una vigorosa acci\u00f3n cultural en las zonas m\u00e1s pobres del pa\u00eds.<\/p>\n<p>Al mismo tiempo, sin descuidar las materias que por tradici\u00f3n han reca\u00eddo en el Instituto Nacional de Bellas Artes y Literatura, promoveremos la difusi\u00f3n, el enriquecimiento y la consolidaci\u00f3n de la vasta diversidad cultural que posee el pa\u00eds y trabajar\u00e1 en estrecho contacto con las poblaciones para conocer de primera mano sus necesidades y aspiraciones en materia cultural. Los recintos tradicionalmente consagrados a la difusi\u00f3n del arte no deben centralizar y menos monopolizar la actividad cultural. \u00c9sta debe poblar los barrios y las comunidades y hacerse presente all\u00ed en donde es m\u00e1s necesaria, que son los entornos sociales m\u00e1s afectados por la pobreza, la desintegraci\u00f3n social y familiar, las adicciones y la violencia delictiva.<\/p>\n<p>*P\u00e1gina 41<\/p>\n<p>\u00a0<\/p>\n<h5>Deporte<\/h5>\n<p><strong>El deporte es salud, cohesi\u00f3n social y orgullo nacional.<\/strong><\/p>\n<ol>\n<li>Es una prioridad la activaci\u00f3n f\u00edsica<\/li>\n<\/ol>\n<p>Como parte de una pol\u00edtica de salud integral, la activaci\u00f3n f\u00edsica es importante para la prevenci\u00f3n a enfermedades relacionadas con el sedentarismo, el sobrepeso y la obesidad, particularmente. Incentivar el uso de la bicicleta en zonas urbanas y rurales y la aplicaci\u00f3n de pol\u00edticas transversales para la activaci\u00f3n f\u00edsica de la poblaci\u00f3n en escuelas, centros de trabajo y espacios p\u00fablicos.<\/p>\n<ol start=\"2\">\n<li>El deporte para todos.<\/li>\n<\/ol>\n<p>Impulsar ligas deportivas interescolares e intermunicipales; apoyar el deporte de personas con discapacidad; fomentar semilleros de futuros atletas en escuelas y deportivos p\u00fablicos.\u00a0<\/p>\n<p>Ya que la activaci\u00f3n f\u00edsica dar\u00e1 pie y sentar\u00e1 las bases para la pr\u00e1ctica del deporte. Para ello se necesita que los profesores de educaci\u00f3n f\u00edsica est\u00e9n mejor preparados y est\u00e9n recibiendo capacitaci\u00f3n constante.<\/p>\n<ol start=\"3\">\n<li>Apoyo al deporte de alto rendimiento con transparencia.<\/li>\n<\/ol>\n<p>Los deportistas destacados en diversas disciplinas que representan al pa\u00eds en competencias internacionales, son un orgullo nacional, por lo que deben ser apoyados por el Estado de forma transparente. Los deportistas de alto rendimiento deben ser atendidos y tener entrenadores y recursos.<\/p>\n<p>Se busca que el deporte ayude a mejorar la calidad de vida de los mexicanos y que, como consecuencia, mejore el deporte de alto rendimiento, que a su vez se traducir\u00e1 en mayores logros deportivos para M\u00e9xico en el plano internacional.<\/p>\n<p>De esta manera tendremos un pa\u00eds m\u00e1s sano, con una mejor convivencia social y con una ni\u00f1ez y una juventud plenas.<\/p>\n<p>*P\u00e1ginas 49 a la 50<\/p>\n\t\t\t\t\t\t\t\t\t\t\t\t<a href=\"\">\u2022 Finanzas y Obra P\u00fablica<\/a>\n\t\t\t\t\t<h5>Mantener finanzas sanas<\/h5>\n<p>El gobierno de la Cuarta Transformaci\u00f3n recibi\u00f3 la pesada herencia de una deuda p\u00fablica de 10 billones de pesos, resultado de la irresponsabilidad y la corrupci\u00f3n del r\u00e9gimen anterior, lo que obliga a destinar 800 mil millones de pesos del presupuesto para pagar el servicio de esa deuda. En este sexenio se seguir\u00e1 sin recurrir\u00e1 a endeudamiento para financiar los gastos del Estado ni para ning\u00fan otro prop\u00f3sito.<\/p>\n<p>No se gastar\u00e1 m\u00e1s dinero del que ingrese a la hacienda p\u00fablica. Los recursos destinados a financiar los programas sociales provendr\u00e1n de lo que se ahorre con el combate a la corrupci\u00f3n y la eliminaci\u00f3n de gastos suntuarios, desperdicio de recursos y robo de combustibles.<\/p>\n<p>En materia de pol\u00edtica monetaria se seguir\u00e1 respetando la autonom\u00eda del Banco de M\u00e9xico.<\/p>\n<p><strong>No m\u00e1s incrementos impositivos<\/strong><\/p>\n<p>No habr\u00e1 incrementos de impuestos en t\u00e9rminos reales ni aumentos a los precios de los combustibles por encima de la inflaci\u00f3n. Tanto estos como las tarifas el\u00e9ctricas se reducir\u00e1n hacia mediados del sexenio, cuando se completen las obras de la nueva refiner\u00eda de Dos Bocas, rehabilitaci\u00f3n de las ya existentes y la recuperaci\u00f3n de la capacidad de generaci\u00f3n de la Comisi\u00f3n Federal de Electricidad.\u00a0<\/p>\n<p>Al mismo tiempo, seguiremos combatiendo con rigor la evasi\u00f3n fiscal que es, a fin de cuentas, una modalidad de la corrupci\u00f3n y se abstendr\u00e1 de conceder exenciones, cr\u00e9ditos y otros beneficios que sol\u00edan otorgarse en forma consuetudinaria a los causantes mayores.<\/p>\n<p><strong>El Banco del Bienestar<\/strong><\/p>\n<p>La gran mayor\u00eda de la poblaci\u00f3n que se encuentra en situaci\u00f3n de pobreza carece de acceso al sistema bancario. En muchos municipios del pa\u00eds no existe una sola sucursal de instituciones financieras y ni siquiera un cajero autom\u00e1tico. Tomando como base la estructura del Banco del Ahorro Nacional y Servicios Financieros (Bansefi), estamos construyendo el Banco del Bienestar, cuyo prop\u00f3sito principal es ofrecer servicios bancarios a los beneficiarios de los programas sociales y eliminar el manejo de dinero en efectivo en la dispersi\u00f3n de los recursos de tales programas. De esta forma se eliminar\u00e1 la posibilidad de que se generen pr\u00e1cticas corruptas o clientelares en el manejo de los apoyos. El Banco del Bienestar ampliar\u00e1 las menos de 500 sucursales con las que cuenta actualmente hasta alcanzar siete mil en todo el territorio nacional.<\/p>\n<p>*P\u00e1ginas 42 al 45<\/p>\n<h5>Obra P\u00fablica<\/h5>\n<ol>\n<li>El Tren Maya es el m\u00e1s importante proyecto de infraestructura, desarrollo socioecon\u00f3mico y turismo del presente sexenio. Tendr\u00e1 un recorrido de mil 525 kil\u00f3metros, pasar\u00e1 por los estados de Chiapas, Tabasco, Campeche, Yucat\u00e1n y Quintana Roo e interconectar\u00e1 las principales ciudades y sitios tur\u00edsticos de la Pen\u00ednsula de Yucat\u00e1n. La mayor parte de su ruta pasar\u00e1 por derechos de v\u00eda ya existentes, como v\u00edas f\u00e9rreas, carreteras y tendidos el\u00e9ctricos, tendr\u00e1 15 estaciones y requerir\u00e1 de entre 120 mil y 150 mil millones de pesos que provendr\u00e1n de fuentes p\u00fablicas, privadas y sociales. El Tren Maya es un proyecto orientado a incrementar la derrama econ\u00f3mica del turismo en la Pen\u00ednsula de Yucat\u00e1n, crear empleos, impulsar el desarrollo sostenible, proteger el medio ambiente de la zona desalentando actividades como la tala ilegal y el tr\u00e1fico de especies y propiciar el ordenamiento territorial de la regi\u00f3n. Se procura integrar a la obra y a sus beneficios a los pobladores; se gestionan los derechos de v\u00eda que a\u00fan no se tengan mediante acuerdos con los propietarios de los terrenos respectivos; se buscan acuerdos ben\u00e9ficos en los casos en los que las v\u00edas de propiedad federal se encuentren invadidas y se pide la aprobaci\u00f3n de las comunidades y pueblos originarios mediante consultas.<\/li>\n<\/ol>\n<ol start=\"2\">\n<li>Programa para el Desarrollo del Istmo de Tehuantepec. Su objetivo es impulsar el crecimiento de la econom\u00eda regional con pleno respeto a la historia, la cultura y las tradiciones del Istmo oaxaque\u00f1o y veracruzano. Su eje es el Corredor Multimodal Interoce\u00e1nico, que aprovecha la posici\u00f3n del Istmo para competir en los mercados mundiales de movilizaci\u00f3n de mercanc\u00edas, a trav\u00e9s del uso combinado de diversos medios de transporte. En este marco se moderniza el ferrocarril del Istmo de Tehuantepec, los puertos de Coatzacoalcos, Veracruz, y Salina Cruz, Oaxaca, para que puedan ofrecer servicios de carga, transporte, almacenaje, embalaje y servicios log\u00edsticos diversos; se fortalece la infraestructura carretera y de caminos rurales y la red aeroportuaria y se construye un gasoducto para abastecer a empresas y consumidores dom\u00e9sticos. A lo largo del recorrido entre ambos oc\u00e9anos se crear\u00e1n zonas libres para atraer inversiones del sector privado, las cuales se dotan de infraestructura y se garantiza el abasto de energ\u00eda, agua, conectividad digital y otros insumos b\u00e1sicos para cubrir las necesidades de las empresas y de la poblaci\u00f3n trabajadora. En los 76 municipios oaxaque\u00f1os y veracruzanos involucrados en este programa se disminuir\u00e1 el IVA y el ISR y se ofrecer\u00e1 combustible a precios reducidos. Se seguir\u00e1 con la construcci\u00f3n de infraestructura urbana y se proveer\u00e1 de servicios educativos y formaci\u00f3n de capital humano, vivienda, movilidad e infraestructura para la investigaci\u00f3n y el desarrollo tecnol\u00f3gico. El objetivo es que el Corredor pueda competir en costos y tiempos frente a otras opciones de transporte interoce\u00e1nico.<\/li>\n<li>\n<p>Aeropuerto Internacional &#8220;Felipe \u00c1ngeles&#8221; en SantaLuc\u00eda. <br> El Aeropuerto &#8220;Felipe \u00c1ngeles&#8221; en Santa Luc\u00eda, Estado de M\u00e9xico, se sumar\u00e1 a la infraestructura aeroportuaria del centro del pa\u00eds para conformar una triada de terminales a\u00e9reas en la que se cuentan adem\u00e1s el actual Aeropuerto Internacional Benito Ju\u00e1rez y el Aeropuerto Internacional de Toluca. La cancelaci\u00f3n del proyecto aeroportuario de Texcoco y la edificaci\u00f3n de la nueva terminal en la actual base a\u00e9rea militar de Santa Luc\u00eda permitir\u00e1 un ahorro estimado en 100 mil millones de pesos, tendr\u00e1 tres pistas (dos de uso civil y una, para operaciones militares) y permitir\u00e1 realizar 190 mil operaciones a\u00e9reas anuales y atender a unos 20 millones de pasajeros cada a\u00f1o. Adicionalmente, se construir\u00e1 una tercera terminal en el actual Aeropuerto Internacional Benito Ju\u00e1rez.<\/p>\n<\/li>\n<\/ol>\n<p>*P\u00e1ginas 43 a la 44, 46 Y 47<\/p>\n\t\t\t\t\t\t\t\t\t\t\t\t<a href=\"\">\u2022 Transparencia, Rendici\u00f3n de Cuentas y Combate a la Corrupci\u00f3n<\/a>\n\t\t\t\t\t<h5>Erradicar la corrupci\u00f3n, el dispendio y la frivolidad<\/h5>\n<p>La corrupci\u00f3n es la forma m\u00e1s extrema de la privatizaci\u00f3n, es decir, la transferencia de bienes y recursos p\u00fablicos a particulares. Las pr\u00e1cticas corruptas, agudizadas en el periodo neoliberal, da\u00f1aron severamente la capacidad de las instituciones para desempe\u00f1ar sus tareas legales, para atender las necesidades de la poblaci\u00f3n, para garantizar los derechos de los ciudadanos y para incidir en forma positiva en el desarrollo del pa\u00eds.<\/p>\n<p>Por ello, erradicar la corrupci\u00f3n del sector p\u00fablico es uno de los objetivos centrales del sexenio en curso. Con este prop\u00f3sito, se seguir\u00e1 construyendo instituciones donde ning\u00fan servidor p\u00fablico pueda beneficiarse del cargo que ostente, sea del nivel que sea, salvo en lo que se refiere a la retribuci\u00f3n leg\u00edtima y razonable por su trabajo.<\/p>\n<p>Lo anterior significa un combate total y frontal a las pr\u00e1cticas del desv\u00edo de recursos, la concesi\u00f3n de beneficios a terceros a cambio de gratificaciones, la extorsi\u00f3n a personas f\u00edsicas o morales, el tr\u00e1fico de influencias, el amiguismo, el compadrazgo, la exenci\u00f3n de obligaciones y de tr\u00e1mites y el aprovechamiento del cargo o funci\u00f3n para lograr cualquier beneficio personal o de grupo.<\/p>\n<p>Tal es el prop\u00f3sito de tipificar la corrupci\u00f3n como delito grave, prohibir las adjudicaciones directas, establecer la obligatoriedad de las declaraciones patrimonial, fiscal y de intereses de todos los servidores p\u00fablicos, eliminar el fuero de los altos funcionarios, fomentar la colaboraci\u00f3n internacional tendiente a erradicar los para\u00edsos fiscales, monitorear en l\u00ednea y en tiempo real el dinero para adquisiciones y realizar verificaciones obligatorias de los precios de mercado antes de cualquier adquisici\u00f3n. Con ese mismo objetivo se propondr\u00e1 al Congreso de la Uni\u00f3n la Ley Federal de Combate de Conflictos de Inter\u00e9s, se centralizar\u00e1n las instancias de contralor\u00eda, se reforzar\u00e1n mecanismos fiscalizadores como la Secretar\u00eda de la Funci\u00f3n P\u00fablica (SFP) y la Auditor\u00eda Superior de la Federaci\u00f3n (ASF), se reorientar\u00e1 la Unidad de Inteligencia Financiera de la Secretar\u00eda de Hacienda y Cr\u00e9dito P\u00fablico (SHCP) y se crear\u00e1 una unidad policial especializada en lavado de dinero.<\/p>\n<p>El aparato gubernamental, tal y como se recibi\u00f3 el 1 de diciembre de 2018, estaba plagado de instituciones redundantes, de duplicidad de funciones y de oficinas y partidas presupuestales sin prop\u00f3sito o resultados. En apego al marco legal, se seguir\u00e1 concentrando las funciones y tareas en las dependencias centralizadas y reorientar\u00e1 los presupuestos dispersos a los programas significativos y de alto impacto social y econ\u00f3mico.<\/p>\n<p>Los lujos, los dispendios y la opulencia que caracterizaban el ejercicio del poder han llegado a su fin. El gobierno actual est\u00e1 decidido a eliminar los privilegios y prebendas de que han disfrutado los funcionarios de nivel alto y medio y pondr\u00e1 fin a la contrataci\u00f3n generalizada e indiscriminada de personal de confianza, a la asignaci\u00f3n abusiva de oficinas, veh\u00edculos, mobiliario, equipos de comunicaci\u00f3n y vi\u00e1ticos; al pago con cargo al erario de seguros de gastos m\u00e9dicos; a los presupuestos para fiestas y banquetes y a los viajes sin sentido. \u00danicamente los titulares de las secretar\u00edas de Estado podr\u00e1n disponer de veh\u00edculo y chofer, y s\u00f3lo se asignar\u00e1n escoltas a aquellos funcionarios que, por la naturaleza de su trabajo, requieran de medidas de seguridad.<\/p>\n<p>*P\u00e1gina 15 a la 16<\/p>\n\t\t\t\t\t\t\t\t\t\t\t\t<a href=\"\">\u2022 Infraestructura y Gasto P\u00fablico<\/a>\n\t\t\t\t\t<p>El Programa Nacional de Reconstrucci\u00f3n est\u00e1 orientado a la atenci\u00f3n de la poblaci\u00f3n afectada por los sismos de septiembre de 2017 y febrero de 2018, con un enfoque de derechos humanos, y se aplica en Chiapas, M\u00e9xico, Guerrero, Hidalgo, Michoac\u00e1n, Morelos, Oaxaca, Puebla, Tabasco, Tlaxcala, Veracruz y Ciudad de M\u00e9xico. Se prioriza la atenci\u00f3n a quienes habiten en zonas con mayor grado de marginaci\u00f3n, con poblaci\u00f3n mayoritariamente ind\u00edgena o con altos \u00edndices de violencia, y considerando las localidades con mayor concentraci\u00f3n de da\u00f1os materiales, la proporcionalidad de la afectaci\u00f3n por el n\u00famero de inmuebles en la localidad, y el mayor da\u00f1o en la infraestructura y las viviendas. El programa es operado por la Comisi\u00f3n Intersecretarial para la Reconstrucci\u00f3n, creada mediante decreto presidencial, es encabezada por la Secretar\u00eda de Desarrollo Agrario, Territorial y Urbano y participan en ella las Secretar\u00edas de Hacienda y Cr\u00e9dito P\u00fablico, Educaci\u00f3n P\u00fablica, Salud, Cultura, Seguridad P\u00fablica y Protecci\u00f3n Ciudadana. Est\u00e1 a cargo de la reconstrucci\u00f3n, reparaci\u00f3n, reubicaci\u00f3n, acondicionamiento, equipamiento, restauraci\u00f3n, rehabilitaci\u00f3n, mantenimiento y capacitaci\u00f3n para la prevenci\u00f3n y la conservaci\u00f3n de los bienes afectados por los sismos en los sectores de vivienda, educaci\u00f3n, salud y cultura. Para la realizaci\u00f3n de los proyectos y acciones se promueve la participaci\u00f3n de profesionistas, instituciones acad\u00e9micas, peque\u00f1as empresas, cooperativas, trabajadores de la construcci\u00f3n y de servicios, privilegiando la participaci\u00f3n de empresas y profesionistas de la entidad correspondiente, as\u00ed como de la mano de obra de las localidades en las que se llevan a cabo los proyectos y acciones del programa, cuando no se trate de actividades de alta especializaci\u00f3n para recuperar y preservar el patrimonio cultural de la Naci\u00f3n. En todos los casos se busca contribuir al fortalecimiento de la econom\u00eda local. Este programa tiene un presupuesto de ocho mil millones de pesos que son ejercidos por las secretar\u00edas de Desarrollo Agrario, Territorial y Urbano (cinco mil 600 millones) y Educaci\u00f3n P\u00fablica, Salud, y Cultura (800 millones cada una).<\/p>\n<ul>\n<li>Desarrollo Urbano y Vivienda.<\/li>\n<\/ul>\n<p>Hemos comenzado el Programa de Mejoramiento Urbano y Vivienda en 14 municipios del pa\u00eds, tanto en ciudades de la frontera norte como en polos de desarrollo tur\u00edstico, para aminorar el contraste entre zonas con hoteles de gran lujo, desarrollos urbanos exclusivos y colonias marginadas. Se realizan obras de rehabilitaci\u00f3n y\/o mejoramiento de espacios p\u00fablicos.<\/p>\n<p>El programa abarca ciudades fronterizas como Tijuana, Mexicali, San Luis R\u00edo Colorado, Nogales, Ciudad Ju\u00e1rez, Acu\u00f1a, Piedras Negras, Nuevo Laredo, Reynosa y Matamoros; as\u00ed como colonias marginadas de cuatro tur\u00edsticos: Los Cabos, Bah\u00eda de Banderas, Acapulco y Solidaridad.<\/p>\n<p>La vivienda social es una prioridad y se realizan miles de acciones de mejoramiento, ampliaci\u00f3n y sustituci\u00f3n de vivienda. Solo este a\u00f1o se van a reestructurar 194 mil cr\u00e9ditos del Infonavit, lo que va a beneficiar a miles de familias trabajadoras.<\/p>\n<ul>\n<li>Rescate del sector energ\u00e9tico<\/li>\n<\/ul>\n<p>La reforma energ\u00e9tica impuesta por el r\u00e9gimen anterior caus\u00f3 un da\u00f1o grav\u00edsimo a Petr\u00f3leos Mexicanos y la Comisi\u00f3n Federal de Electricidad, empresas productivas del Estado que ya ven\u00edan sufriendo el embate de los designios privatizadores. En el sexenio pasado la producci\u00f3n petrolera cay\u00f3 en una forma tan sostenida que M\u00e9xico pas\u00f3 de ser exportador a importador de crudo y combustibles refinados. Sin embargo, la producci\u00f3n de las entidades privadas fue insignificante, a pesar de las ventajos\u00edsimas condiciones en las que recibi\u00f3 las concesiones correspondientes.<\/p>\n<p>Un prop\u00f3sito de importancia estrat\u00e9gica es el rescate de Pemex y la CFE para que vuelvan a operar como palancas del desarrollo nacional. En ese esp\u00edritu, resulta prioritario rehabilitar las refiner\u00edas existentes, que se encuentran en una deplorable situaci\u00f3n de abandono y saqueo, la construcci\u00f3n de una nueva refiner\u00eda y la modernizaci\u00f3n de las instalaciones generadoras de electricidad propiedad del Estado, particularmente las hidroel\u00e9ctricas, algunas de las cuales operan con maquinaria de 50 a\u00f1os de edad y producen, en general, muy por debajo de su capacidad. Ambas empresas recibir\u00e1n recursos extraordinarios para la modernizaci\u00f3n de sus respectivas infraestructuras y se revisar\u00e1 sus cargas fiscales.<\/p>\n<p>Los conflictos con poblaciones y comunidades generados por instalaciones de Pemex y la CFE ser\u00e1n superados mediante el di\u00e1logo, as\u00ed como las inconformidades sociales por altas tarifas. La nueva pol\u00edtica energ\u00e9tica del Estado mexicano impulsa el desarrollo sostenible mediante la incorporaci\u00f3n de poblaciones y comunidades a la producci\u00f3n de energ\u00eda con fuentes renovables, mismas que son fundamentales para dotar de electricidad a las peque\u00f1as comunidades aisladas que a\u00fan carecen de ella y que suman unos dos millones de habitantes. La transici\u00f3n energ\u00e9tica da pie para impulsar el surgimiento de un sector social en ese ramo, as\u00ed como para alentar la reindustrializaci\u00f3n del pa\u00eds.<\/p>\n<p>*P\u00e1ginas 37 y 38, 43 y 44<\/p>\n<p>\u00a0<\/p>\n\t\t\t\t\t\t\t\t\t\t\t\t<a href=\"\">\u2022 Derechos Humanos<\/a>\n\t\t\t\t\t<h6>Migraci\u00f3n: soluciones de ra\u00edz<\/h6>\n<p>Los gobernantes del ciclo neoliberal dieron por hecho que la emigraci\u00f3n de<br \/>mexicanos hacia Estados Unidos la mayor parte de ellos, sin documentos de<br \/>residencia era un fen\u00f3meno natural e inevitable. Soslayaron el hecho de que la<br \/>salida de poblaciones enteras de sus lugares de origen era consecuencia de las<br \/>pol\u00edticas econ\u00f3micas aplicadas por ellos mismos, pol\u00edticas que tuvieron como<br \/>consecuencia la aniquilaci\u00f3n de la industria nacional, el abandono del campo, el<br \/>incremento de la pobreza, el desempleo y la marginaci\u00f3n, la eliminaci\u00f3n de los<br \/>mecanismos de redistribuci\u00f3n y de movilidad social y la agudizaci\u00f3n de la<br \/>inseguridad y la violencia, factores que detonaron la virtual huida de connacionales<br \/>hacia el norte, en busca de trabajo, seguridad y perspectivas de vida. El r\u00e9gimen<br \/>olig\u00e1rquico no s\u00f3lo no se ocup\u00f3 de resolver de ra\u00edz el fen\u00f3meno de la emigraci\u00f3n,<br \/>sino que hasta lo alent\u00f3, incluso de manera expl\u00edcita.<\/p>\n<p>Para paliar los sufrimientos, atropellos y dificultades que han padecido los<br \/>mexicanos en Estados Unidos, las presidencias neoliberales mexicanas trataron de<br \/>impulsar en el pa\u00eds vecino una reforma migratoria y en ese af\u00e1n recurrieron al<br \/>cabildeo legislativo y a la formulaci\u00f3n de propuestas de negociaci\u00f3n. Pero, en rigor,<br \/>la pol\u00edtica migratoria es un asunto soberano de cada pa\u00eds, y en ese sentido los<br \/>representantes del viejo r\u00e9gimen incurrieron en pr\u00e1cticas intervencionistas<br \/>injustificables y perniciosas, por cuanto debilitaban la defensa de la soberan\u00eda<br \/>propia. Y mientras abogaban por un trato digno y justo a los mexicanos en Estados<br \/>Unidos, las autoridades migratorias mexicanas somet\u00edan a toda suerte de atropellos<br \/>a los migrantes extranjeros en el territorio nacional, demoliendo as\u00ed toda autoridad<br \/>moral para defender a nuestros connacionales al norte del R\u00edo Bravo.<\/p>\n<p>Seguiremos defendiendo a los mexicanos en Estados Unidos con respeto a la<br \/>soberan\u00eda del pa\u00eds vecino y con todos los instrumentos legales a su alcance; el<br \/>principal de ellos es la red de consulados, que deber\u00e1n operar como defensor\u00edas de<br \/>los migrantes, en el marco de las convenciones internacionales y las propias leyes<br \/>estadunidenses, a fin de prevenir o remediar las violaciones a los derechos de los<br \/>mexicanos en la naci\u00f3n vecina.<\/p>\n<p>Sin embargo, M\u00e9xico no insistir\u00e1 m\u00e1s en una modificaci\u00f3n a las leyes y normas<br \/>migratorias del pa\u00eds vecino; en cambio, atacaremos las causas profundas de la<br \/>emigraci\u00f3n mediante la creaci\u00f3n de empleos dignos, el desarrollo regional, la<br \/>edificaci\u00f3n de un estado de bienestar y el impulso a los procesos de construcci\u00f3n de<br \/>la paz. El prop\u00f3sito de esta pol\u00edtica es que ning\u00fan ciudadano mexicano se vea<br \/>obligado a abandonar su lugar de residencia por pobreza, marginaci\u00f3n, falta de<br \/>perspectivas de realizaci\u00f3n personal o inseguridad.<\/p>\n<p>Se espera que los programas sociales sectoriales tengan una incidencia concreta en<br \/>la mejor\u00eda de las condiciones de vida en las principales zonas expulsoras de mano<br \/>de obra y que los proyectos regionales de desarrollo act\u00faen como &#8220;cortinas&#8221; para<br \/>captar el flujo migratorio en su tr\u00e1nsito hacia el norte: el Tren Maya, el Corredor<br \/>Trans\u00edstmico y la Zona Libre de la Frontera Norte generar\u00e1n empleos y condiciones<br \/>de vida digna para atraer y anclar a quienes huyen de la pobreza.<\/p>\n<p>El objetivo central de esta pol\u00edtica no es, como se ha querido interpretar, resolverle a<br \/>Estados Unidos el problema de la llegada de migrantes, sino garantizarles a \u00e9stos<br \/>los derechos al trabajo, la vivienda, la seguridad, la educaci\u00f3n y la salud que el pa\u00eds<br \/>les ha negado por d\u00e9cadas.<\/p>\n<p>Se buscar\u00e1 involucrar en esta soluci\u00f3n a Estados Unidos y a los pa\u00edses hermanos<br \/>de Centroam\u00e9rica que son origen de flujos migratorios crecientes. Al contrario de lo<br \/>que se ha afirmado durante d\u00e9cadas, la emigraci\u00f3n no es un asunto irresoluble, sino<br \/>una consecuencia de pol\u00edticas de saqueo, empobrecimiento de las poblaciones y<br \/>acentuaci\u00f3n de las desigualdades, y sus efectos pueden contrarrestarse con<br \/>desarrollo y con bienestar. Mediante la negociaci\u00f3n y el di\u00e1logo franco se buscar\u00e1<br \/>involucrar a los gobiernos de Estados Unidos y a los del llamado Tri\u00e1ngulo del Norte<br \/>centroamericano Guatemala, Honduras y El Salvador en la construcci\u00f3n de<br \/>mecanismos de reactivaci\u00f3n econ\u00f3mica, bienestar y desarrollo capaces de<br \/>desactivar el fen\u00f3meno migratorio.<\/p>\n<p>El prop\u00f3sito final de esta pol\u00edtica es lograr que todas las personas puedan trabajar,<br \/>estudiar y tener salud y perspectivas en los lugares en los que nacieron, que no se<br \/>vean forzadas a abandonarlos por hambre o violencia y que \u00fanicamente emigren<br \/>quienes deseen hacerlo por voluntad y no por necesidad.<\/p>\n<p>En lo que respecta al tratamiento de extranjeros migrantes en M\u00e9xico ya sea que se<br \/>encuentren de paso hacia el pa\u00eds del norte o con prop\u00f3sitos de residencia en el<br \/>territorio nacional, nuestra pol\u00edtica continuar\u00e1 con el giro en relaci\u00f3n con la que<br \/>hab\u00eda venido poniendo en pr\u00e1ctica el r\u00e9gimen anterior.<\/p>\n<p>Si bien es cierto que el ingreso de extranjeros requiere de un proceso de registro por<br \/>razones de seguridad empezando por la de los propios interesados, estad\u00edstica e<br \/>instrumentaci\u00f3n de mecanismos de acogida, M\u00e9xico ha retomado su tradici\u00f3n de<br \/>pa\u00eds hospitalario, tierra de asilo e integrador de migraciones.<\/p>\n<p>Aplicaremos las medidas necesarias para garantizar que los extranjeros puedan<br \/>transitar con seguridad por el territorio nacional o afincarse en \u00e9l. Es preciso<br \/>adelantarse a posibles situaciones de una crisis humanitaria debida al arribo al pa\u00eds<br \/>de flujos masivos procedentes de otras naciones, pero, sobre todo, es necesario<br \/>sensibilizar a la poblaci\u00f3n nacional con una campa\u00f1a de erradicaci\u00f3n del racismo, la<br \/>xenofobia y la paranoia que, por desgracia, han anidado en algunos sectores de la<br \/>sociedad.<br \/>*P\u00e1ginas de la 26 a la 28,<\/p>\n\t\t\t\t\t\t\t\t\t\t\t\t<a href=\"\">\u2022 Violencia pol\u00edtica en raz\u00f3n de G\u00e9nero <\/a>\n\t\t\t\t\t<p>Priorizamos las libertades por sobre las prohibiciones, impulsar\u00e1 los comportamientos \u00e9ticos m\u00e1s que las sanciones y respetar\u00e1 escrupulosamente la libertad de elecci\u00f3n de todos los ciudadanos en todos los aspectos: las posturas pol\u00edticas e ideol\u00f3gicas, las creencias religiosas, las preferencias sexuales. Se continuar\u00e1 con la construcci\u00f3n de escuelas, universidades, recintos culturales y centros deportivos, pero no reclusorios, y entre la coerci\u00f3n y la concientizaci\u00f3n se optar\u00e1 por la segunda.<\/p>\n<p>El quehacer gubernamental continuar\u00e1 impulsando la igualdad como principio rector: la igualdad efectiva de derechos entre mujeres y hombres, entre ind\u00edgenas y mestizos, entre j\u00f3venes y adultos, y se comprometer\u00e1 en la erradicaci\u00f3n de las pr\u00e1cticas discriminatorias que han perpetuado la opresi\u00f3n de sectores poblacionales enteros.<\/p>\n<p>En t\u00e9rminos de igualdad sustantiva, nuestro Proyecto ha demostrado su compromiso con el empoderamiento de las mujeres, la relevancia que tienen en la toma de decisiones y en los encargos m\u00e1s trascendentales, as\u00ed lo demuestran. Asimismo, se garantizan los derechos humanos de las ni\u00f1as, mujeres adultas y adolescentes. Sin embargo, se necesita de la sociedad y del gobierno en su conjunto, para potenciar las acciones que nos permitan llegar a los siguientes resultados:<\/p>\n<ol>\n<li>Incorporar la igualdad no s\u00f3lo en las normas y leyes, tambi\u00e9n debe garantizarse la igualdad de oportunidades en todas las esferas: familiar, comunitaria, escolar, laboral y pol\u00edtica. La igualdad debe reflejarse en los resultados.<\/li>\n<\/ol>\n<p>\u00a0<\/p>\n<ol start=\"2\">\n<li>Realizar evaluaciones y diagn\u00f3sticos a partir de las necesidades de los diferentes grupos de ni\u00f1as, adolescentes y mujeres, en toda su pluralidad y diversidad; es decir, con discapacidad, adultas mayores, ni\u00f1as y adolescentes, etc.<\/li>\n<\/ol>\n<p>\u00a0<\/p>\n<ol start=\"3\">\n<li>Desnaturalizar, prevenir, atender y sancionar la violencia a las ni\u00f1as y mujeres de manera eficiente y eficaz, tanto en espacios p\u00fablicos como privados, incluyendo la violencia institucional perpetrada por acciones u omisiones de los funcionarios del Estado, a quienes se deber\u00e1 capacitar e incentivar para actuar con perspectiva de g\u00e9nero.<\/li>\n<\/ol>\n<p>\u00a0<\/p>\n<ol start=\"4\">\n<li>Atender la violencia de g\u00e9nero contra las mujeres perpetrada por acciones u omisiones de los funcionarios del Estado, a quienes se les deber\u00e1 capacitar e incentivar para actuar con perspectiva de g\u00e9nero; particularmente trat\u00e1ndose de aquellas instituciones encargadas de la impartici\u00f3n de justicia y uso de la fuerza.<\/li>\n<\/ol>\n<p>\u00a0<\/p>\n<ol start=\"5\">\n<li>Acabar con la violencia feminicida y velar por una impartici\u00f3n de justicia con perspectiva de g\u00e9nero, en las detenciones, las investigaciones y las resoluciones judiciales y su ejecuci\u00f3n.<\/li>\n<\/ol>\n<p>\u00a0<\/p>\n<ol start=\"6\">\n<li>Implementar campa\u00f1as de empoderamiento y respeto a las mujeres; as\u00ed como prohibir la publicidad sexista y estereotipada y cuidar que la profesi\u00f3n period\u00edstica sea respetuosa de las mujeres, en su calidad de personas.<\/li>\n<\/ol>\n<p>\u00a0<\/p>\n<ol start=\"7\">\n<li>Abrir oportunidades educativas para que las mujeres completen su formaci\u00f3n b\u00e1sica, media, t\u00e9cnica y\/o universitaria, con las facilidades que se requieren, especialmente, en el embarazo y lactancia, y trat\u00e1ndose de madres adolescentes o j\u00f3venes u otras condiciones de atenci\u00f3n, dado que hay una desventaja estructural frente a los hombres.<\/li>\n<\/ol>\n<p>\u00a0<\/p>\n<ol start=\"8\">\n<li>Impulsar procesos permanentes de capacitaci\u00f3n, en modalidades presenciales y virtuales, a fin de favorecer el empleo digno y el acceso a mejores posiciones e ingresos laborales.<\/li>\n<\/ol>\n<p>\u00a0<\/p>\n<ol start=\"9\">\n<li>Las madres y padres de familia, el sector p\u00fablico y el sector privado habr\u00e1n de contribuir para ofertar servicios de alimentos y transporte, as\u00ed como actividades deportivas y culturales, despu\u00e9s de los horarios escolares compatibles con las responsabilidades familiares para favorecer el desarrollo integral de ni\u00f1as, ni\u00f1os y adolescentes.<\/li>\n<\/ol>\n<p>\u00a0<\/p>\n<ol start=\"10\">\n<li>Promover la paternidad responsable y propiciar la inclusi\u00f3n de los hombres en las tareas de cuidados de las hijas e hijos y de la casa.<\/li>\n<\/ol>\n<p>\u00a0<\/p>\n<ol start=\"11\">\n<li>Reconocer y dignificar las labores de cuidado del hogar y crianza de las hijas e hijos.<\/li>\n<\/ol>\n<p>\u00a0<\/p>\n<ol start=\"12\">\n<li>Favorecer una econom\u00eda justa que beneficie a las mujeres, a las familias y a la sociedad en general que por una parte dignifique y reconozca el valor del trabajo dom\u00e9stico o de cuidados e informal; y por la otra impulse la participaci\u00f3n de las mujeres en la econom\u00eda productiva, a partir de porcentajes de participaci\u00f3n para que las mujeres propietarias de peque\u00f1as y medianas empresas, accedan a licitaciones p\u00fablicas en los tres niveles de gobierno.<\/li>\n<\/ol>\n<p>\u00a0<\/p>\n<ol start=\"13\">\n<li>Incluir porcentajes de participaci\u00f3n para que las mujeres propietarias de peque\u00f1as y medianas empresas, accedan a licitaciones p\u00fablicas en los tres niveles de gobierno.<\/li>\n<\/ol>\n<p>\u00a0<\/p>\n<ol start=\"14\">\n<li>Concretar la paridad de g\u00e9nero en todas las instituciones p\u00fablicas y privadas, para que mujeres y hombres compartan las posiciones pol\u00edticas del m\u00e1s alto nivel y responsabilidad, en condiciones de igualdad.<\/li>\n<\/ol>\n<p>\u00a0<\/p>\n<ol start=\"15\">\n<li>Promover el derecho a una sexualidad plena en condiciones seguras, as\u00ed como el derecho a tomar decisiones libres e informadas respecto a su vida sexual, orientaci\u00f3n sexual, identidad de g\u00e9nero y maternidad voluntaria, que garantice los servicios de salud sexual y reproductiva.<\/li>\n<\/ol>\n<p>\u00a0<\/p>\n<ol start=\"16\">\n<li>Dignificar y preparar a las ni\u00f1as para la menarca \u2013 la primera menstruaci\u00f3n &#8211; como parte de la educaci\u00f3n b\u00e1sica. Generar programas para entrega, distribuci\u00f3n y autogesti\u00f3n de productos de gesti\u00f3n menstrual.<\/li>\n<\/ol>\n<p>\u00a0<\/p>\n<ol start=\"17\">\n<li>Mejorar las condiciones de seguridad y laborales de las mujeres, as\u00ed como incidir en el impulso de la paridad en las dirigencias sindicales.<\/li>\n<\/ol>\n<p>\u00a0<\/p>\n<ol start=\"18\">\n<li>Implementar campa\u00f1as dirigidas a las mujeres en materia de empoderamiento, autoestima, autocuidados, cultura de paz y respeto entre ellas, para combatir el todo tipo de discriminaci\u00f3n y, a la vez, visibilizar y fomentar el respeto hacia las mujeres en que ocupan todos los espacios, p\u00fablicos y privados.<\/li>\n<\/ol>\n<p>\u00a0<\/p>\n<ol start=\"19\">\n<li>Aminorar la feminizaci\u00f3n de la pobreza mediante apoyos focalizados a mujeres en situaci\u00f3n de pobreza.<\/li>\n<\/ol>\n<p>\u00a0<\/p>\n<ol start=\"20\">\n<li>Tender puentes de di\u00e1logo intergeneracionales con los movimientos sociales feministas nacionales, latinoamericanos y mundiales.<\/li>\n<\/ol>\n<p>\u00a0<\/p>\n<ol start=\"21\">\n<li>Generar condiciones para el f\u00e1cil entendimiento y democratizaci\u00f3n de la cultura de la igualdad y del feminismo, con un enfoque dirigido a la poblaci\u00f3n en general.<\/li>\n<\/ol>\n<p>\u00a0<\/p>\n<p>*P\u00e1ginas 28 a la 31<\/p>\n\t\t\t\t\t\t\t\t\t\t\t\t<a href=\"\">\u2022 Participaci\u00f3n ciudadana<\/a>\n\t\t\t\t\t<h5>Hacia una democracia participativa<\/h5>\n<p>El sentido supremo de la democracia es gobierno del pueblo. El marco constitucional de M\u00e9xico establece una institucionalidad representativa, conformada por funcionarios electos en los que la sociedad deposita de manera peri\u00f3dica, por medio de elecciones, un mandato temporal. Se fue conformando as\u00ed una clase pol\u00edtica separada del pueblo que termin\u00f3 actuando en funci\u00f3n de sus propios intereses. Ese proceso se vio acentuado en el periodo neoliberal, cuando la connivencia entre el poder p\u00fablico y el econ\u00f3mico, la creciente corrupci\u00f3n y la utilizaci\u00f3n facciosa de las instituciones conformaron una oligarqu\u00eda excluyente, una peque\u00f1a \u00e9lite que manej\u00f3 el pa\u00eds a su antojo, sin atender las necesidades nacionales y atenta s\u00f3lo a la expansi\u00f3n de sus negocios.<\/p>\n<p>El creciente divorcio entre el poder olig\u00e1rquico y el pueblo gener\u00f3 una percepci\u00f3n social de la pol\u00edtica como una actividad intr\u00ednsecamente corrupta e inmoral. La poblaci\u00f3n perdi\u00f3 la fe en su propia capacidad de influir en las decisiones nacionales y hasta en la posibilidad de cambiar el rumbo del pa\u00eds por medio de la participaci\u00f3n electoral. La superaci\u00f3n de ese estado de impotencia, abatimiento y desinter\u00e9s fue resultado de un arduo trabajo de informaci\u00f3n y organizaci\u00f3n social, del surgimiento de movimientos sociales y de la ruptura del monopolio de los medios informativos. A los escasos espacios noticiosos y publicaciones veraces se sum\u00f3 la aparici\u00f3n de las redes sociales, las cuales hicieron posible la circulaci\u00f3n de informaci\u00f3n independiente del poder olig\u00e1rquico y de las verdades oficiales. Se hizo posible, as\u00ed, difundir entre grandes sectores que la postraci\u00f3n nacional era resultado de un ejercicio perverso y distorsionado del poder p\u00fablico, que M\u00e9xico no estaba condenado a vivir para siempre en el desastre neoliberal y que la sociedad pod\u00eda ser protagonista de una gran transformaci\u00f3n si se organizaba para la participaci\u00f3n electoral y para contrarrestar las innumerables pr\u00e1cticas del fraude.<\/p>\n<p>Esa revoluci\u00f3n de las conciencias permiti\u00f3 derrotar al r\u00e9gimen olig\u00e1rquico en los comicios de 1 de julio de 2018 e imprimir una nueva direcci\u00f3n al pa\u00eds. Hoy, la sociedad mexicana est\u00e1 consciente de las realidades pol\u00edticas y mantiene una constante vigilancia sobre el quehacer gubernamental e institucional. Este cambio trascendente debe ser conducido a una forma superior de ejercicio del poder: la democracia participativa.<\/p>\n<p>No es suficiente con que la sociedad est\u00e9 informada y atenta; debe, adem\u00e1s, participar e involucrarse en las decisiones relevantes de quienes la representan en la funci\u00f3n p\u00fablica; debe borrarse para siempre la separaci\u00f3n entre el pueblo y el gobierno.<\/p>\n<h6>Revocaci\u00f3n del mandato<\/h6>\n<p>El principio constitucional que se\u00f1ala el derecho del pueblo de cambiar &#8220;en todo tiempo&#8221; la forma de su gobierno no ha tenido, en la pr\u00e1ctica, ninguna posibilidad de concretarse. Por eso es necesario fortalecer a\u00fan m\u00e1s a este mecanismo, para que verdaderamente exista una forma efectiva de control de los mandantes sobre los mandatarios y de correcci\u00f3n de ineficiencias y de malas pr\u00e1cticas y actitudes en el ejercicio gubernamental en todos los niveles.<\/p>\n<h6>Consulta popular<\/h6>\n<p>Estamos en la antesala de la primera consulta popular, impulsada desde la Presidencia de la Rep\u00fablica. Pero es necesario fortalecer y modificar los mecanismos vigentes para que, desde el gobierno y la ciudadan\u00eda, se pueda someter a consulta todas las decisiones estrat\u00e9gicas de inter\u00e9s nacional, consultar\u00e1 a las poblaciones los asuntos de inter\u00e9s regional o local y someter\u00e1 al veredicto de las comunidades las acciones gubernamentales que las afecten o involucren, acatando as\u00ed las disposiciones contenidas en varios art\u00edculos de la Constituci\u00f3n y en tratados internacionales de los que M\u00e9xico es signatario, como el Convenio 169 de la Organizaci\u00f3n Internacional del Trabajo.<\/p>\n<h6>Mandar obedeciendo<\/h6>\n<p>Antes de tomar determinaciones, los gobernantes deben escuchar a sus gobernados y actuar en consecuencia. Los funcionarios p\u00fablicos de todos los niveles est\u00e1n obligados a servir, no a servirse; a desempe\u00f1arse como representantes de la voluntad popular, no como sus usurpadores; a acordar, no a imponer; a recurrir siempre a la raz\u00f3n, no a la fuerza, y a tener siempre presente el car\u00e1cter temporal de su funci\u00f3n y no aferrarse a puestos y cargos<\/p>\n<p>*P\u00e1ginas 23 a la 25<\/p>\n<p>\u00a0<\/p>\n\t\t\t\t\t\t\t\t\t\t\t\t<a href=\"\">\u2022 Juventudes<\/a>\n\t\t\t\t\t<ol start=\"3\">\n<li>\n<p>El Programa Nacional de Becas para el Bienestar Benito Ju\u00e1rez est\u00e1 dirigido a ni\u00f1as, ni\u00f1os y j\u00f3venes menores de 18 a\u00f1os, cuyos hogares se encuentren en situaci\u00f3n de pobreza extrema y que estudien en una escuela p\u00fablica, desde Educaci\u00f3n Inicial y B\u00e1sica, Educaci\u00f3n Media Superior y Educaci\u00f3n Superior. Est\u00e1 limitado a una beca por familia y el apoyo es de 800 pesos mensuales que son entregados de manera bimestral al beneficiario, ya sea mediante dep\u00f3sito en tarjeta bancaria, con una orden de pago en sucursales o, cuando no haya otra forma, en efectivo en mesas de pago. En el caso de los ni\u00f1os, el apoyo se entrega a sus padres o tutores. La duraci\u00f3n es la misma que la del ciclo escolar (cinco bimestres) y los beneficiarios deben reincorporarse anualmente al programa.<\/p>\n<\/li>\n<li>\n<p>J\u00f3venes Construyendo el Futuro tiene como prop\u00f3sito que j\u00f3venes de entre 18 y 29 a\u00f1os de edad que no se encuentren estudiando ni trabajando reciban capacitaci\u00f3n laboral. El alcance del programa es de 2.3 millones de j\u00f3venes. El gobierno federal les otorga una beca mensual de 3 mil 600 pesos para que se capaciten durante un a\u00f1o en empresas, instituciones p\u00fablicas y organizaciones sociales, en donde reciben capacitaci\u00f3n para desarrollar habilidades que les permitan insertarse con \u00e9xito en el \u00e1mbito laboral. La capacitaci\u00f3n tiene una duraci\u00f3n m\u00e1xima de doce meses. La relaci\u00f3n entre becarios y tutores no se considera de car\u00e1cter laboral. Los becarios reciben un apoyo mensual de 3 mil 600 pesos que se entrega directamente y de manera igualitaria entre mujeres y hombres. Los becarios reciben, adem\u00e1s, por medio del IMSS, un seguro m\u00e9dico que cubre accidentes, enfermedades, maternidad y riesgos de trabajo durante el periodo de permanencia en el programa. Los becarios no deben realizar labores como asistentes personales, de seguridad privada, veladores, promotores de partidos pol\u00edticos ni trabajo dom\u00e9stico.<\/p>\n<\/li>\n<\/ol>\n<p>Pueden participar como tutores empresas de todos los tama\u00f1os y sectores; personas f\u00edsicas como: plomeros, electricistas, artesanos y profesionistas; instituciones p\u00fablicas tales como secretar\u00edas, municipios, gobiernos locales, poderes legislativo y judicial, \u00f3rganos aut\u00f3nomos o desconcentrados y organismos internacionales; organizaciones de la sociedad civil; universidades, sindicatos, escuelas, hospitales y museos, entre otras.<\/p>\n<ol start=\"5\">\n<li>\n<p>J\u00f3venes escribiendo el futuro es un programa nacional dirigido a j\u00f3venes que est\u00e9n inscritos en alg\u00fan centro de educaci\u00f3n superior en modalidad escolarizada, tengan menos de 29 a\u00f1os, no reciban otra beca del gobierno federal, y vivan en un hogar en situaci\u00f3n de pobreza. Se aplica en una primera etapa en las escuelas normales, universidades interculturales, Universidad Nacional Agraria, Universidad de Chapingo y Universidad Benito Ju\u00e1rez. Se da prioridad a mujeres ind\u00edgenas y afrodescendientes, a hombres ind\u00edgenas y afrodescendientes, a personas que vivan en una zona de atenci\u00f3n prioritaria y a personas que vivan en contextos de violencia. A cada becario se da un apoyo de 4 mil 800 pesos bimestrales durante el ciclo escolar (cinco bimestres) y tienen como requisitos que la instituci\u00f3n educativa tenga el expediente escolar completo del becario, que \u00e9ste tenga un n\u00famero de matr\u00edcula y un grupo asignado y que asista a clases con regularidad. Los becarios pueden inscribirse anualmente en tanto concluyen su educaci\u00f3n superior, con el l\u00edmite m\u00e1ximo del n\u00famero de a\u00f1os previsto en el plan de estudios de la carrera que cursen.<\/p>\n<\/li>\n<\/ol>\n<p>P\u00e1ginas 35 a la 36<\/p>\n\t\t\t\t\t\t\t\t\t\t\t\t<a href=\"\">\u2022 Otro tema no enmarcado en las categorias<\/a>\n\t\t\t\t\t<h5>Pol\u00edtica exterior: recuperaci\u00f3n de los principios<\/h5>\n<p>El ciclo de gobiernos olig\u00e1rquicos y neoliberales conllev\u00f3 la liquidaci\u00f3n de los principios hist\u00f3ricos de la pol\u00edtica exterior mexicana, principios que hunden sus ra\u00edces en la historia nacional y que colocaron al pa\u00eds como punto de referencia y ejemplo de buena diplomacia ante la comunidad internacional. Las actitudes sumisas, la incoherencia y el extremado pragmatismo fueron, en materia de pol\u00edtica exterior, del manejo entreguista, depredador y corrupto de la conducci\u00f3n econ\u00f3mica.<\/p>\n<p>En el presente sexenio se ha recuperado la tradici\u00f3n diplom\u00e1tica del Estado mexicano que tan positiva result\u00f3 para nuestro pa\u00eds y para el mundo y que est\u00e1 plasmada en la Carta Magna en los principios normativos que a continuaci\u00f3n se enumeran: la autodeterminaci\u00f3n de los pueblos; la no intervenci\u00f3n; la soluci\u00f3n pac\u00edfica de controversias; la proscripci\u00f3n de la amenaza o el uso de la fuerza en las relaciones internacionales; la igualdad jur\u00eddica de los Estados; la cooperaci\u00f3n internacional para el desarrollo; el respeto, la protecci\u00f3n y promoci\u00f3n de los derechos humanos y la lucha por la paz y la seguridad internacionales.<\/p>\n<p>Ofreceremos a\u00fan m\u00e1s cooperaci\u00f3n, amistad y respeto para todos los pa\u00edses del mundo y, particularmente, para las naciones hermanas de Am\u00e9rica Latina y el Caribe. Ratificamos nuestra pertenencia hist\u00f3rica y cultural a esa regi\u00f3n e impulsar\u00e1 con \u00e9nfasis los intercambios econ\u00f3micos, culturales, cient\u00edficos y tecnol\u00f3gicos que abonen a la causa de la integraci\u00f3n latinoamericana. Esta disposici\u00f3n ser\u00e1 especialmente marcada hacia las naciones centroamericanas, con las cuales hay estrechos v\u00ednculos por vecindad, cercan\u00eda, cultura e historia compartida.\u00a0<\/p>\n<p>Por otra parte, M\u00e9xico forma parte de la regi\u00f3n de Norteam\u00e9rica, junto con Estados Unidos y Canad\u00e1, de los que es socio comercial. La relaci\u00f3n con el primero de esos pa\u00edses, con el que comparte m\u00e1s de tres mil kil\u00f3metros de frontera, est\u00e1 marcada por una historia de invasiones, despojo territorial e intervenciones, pero tambi\u00e9n por un intenso intercambio econ\u00f3mico, cultural y demogr\u00e1fico. Nuestra pertenencia al Tratado entre M\u00e9xico, Estados Unidos y Canad\u00e1 (T-MEC, sucesor del Tratado de Libre Comercio de Am\u00e9rica del Norte, TLCAN), la compleja relaci\u00f3n fronteriza y la presencia de unos doce millones de mexicanos en territorio estadunidense y de m\u00e1s de ciento veinte mil en Canad\u00e1, as\u00ed como la residencia en nuestro pa\u00eds de cerca de un mill\u00f3n de ciudadanos de Estados Unidos, colocan la relaci\u00f3n con esas naciones como la principal prioridad de la pol\u00edtica exterior.<\/p>\n<p>Mantendremos la relaci\u00f3n bilateral con Estados Unidos basada en el respeto mutuo, la cooperaci\u00f3n para el desarrollo y la b\u00fasqueda negociada de soluciones a problemas comunes, entre los cuales los m\u00e1s significativos son sin duda los fen\u00f3menos migratorios de Sur a Norte, las situaciones adversas que enfrentan millones de mexicanos que viven en el pa\u00eds vecino y las expresiones de la delincuencia transnacional: el tr\u00e1fico de personas y el trasiego de armas, drogas il\u00edcitas y divisas.<\/p>\n<p>*P\u00e1ginas 25 y 26<\/p>\n\t\t\t\t\t\t\t\t\t\t<img width=\"300\" height=\"300\" src=\"https:\/\/www2.iepcjalisco.org.mx\/tablero-electoral-2021\/wp-content\/uploads\/2021\/03\/09-PES.png\" alt=\"\" loading=\"lazy\" \/>\t\t\t\t\t\t\t\t\t\t\t\n\t\t\t\t\t\t\t\t\t\t\t\t<a href=\"\">PARTIDO ENCUENTRO SOCIAL<\/a>\n\t\t\t\t\t<p><a href=\"https:\/\/www2.iepcjalisco.org.mx\/tablero-electoral-2021\/wp-content\/uploads\/2021\/04\/Plataforma-PES.pdf\">Descagar Plataforma Electoral<\/a><\/p>\n<p>Dirigente Estatal: <b>Gilberto Garc\u00eda Vergara <\/b><\/p>\n\t\t\t\t\t\t\t\t\t\t\t\t<a href=\"\">\u2022 Gobernabilidad y Seguridad<\/a>\n\t\t\t\t\t<p>Fortalecimiento de las Instituciones en materia de seguridad y justicia:\u00a0<\/p>\n<p>Reformar la Ley General del Sistema Nacional de Seguridad Publica para que incluya un modelo de estructura \u00fanico de las corporaciones policiales municipales, estatales y federales, capaz de alinear, armonizar y homologar su organizaci\u00f3n, prop\u00f3sito, operaci\u00f3n, marco de competencias de actuaci\u00f3n y sistema profesional de carrera.\u00a0<\/p>\n<p>Pretendemos modernizar los procesos que generan negligencia para la prevenci\u00f3n y el combate a la delincuencia com\u00fan y organizada, a trav\u00e9s del desarrollo de un sistema de inteligencia artificial que logre concentrar, sistematizar y analizar la informaci\u00f3n que generan las corporaciones policiales derivada del cumplimiento de sus funciones.<\/p>\n<p>La transformaci\u00f3n tecnol\u00f3gica de la polic\u00eda implicara el de la ciberseguridad, a fin de regularla, promoveremos leyes que determinen sus fines y limitantes, pero tambi\u00e9n que prevengan acciones delictivas que busquen vulnerar a las instituciones, afectar al sector productivo, al sistema bancario o a los usuarios de la red de comunicaciones, particularmente en delitos contra las mujeres y la poblaci\u00f3n infantil.<\/p>\n<p>Reestructurar el funcionamiento de las Fiscal\u00edas Generales de Justicia bajo modelos homologados en cuanto a estructura, procesos y esquema de rendici\u00f3n de cuentas, que transparenten el ejercicio de recursos y los resultados de la pol\u00edtica de persecuci\u00f3n penal a partir de indicadores de desempe\u00f1o.\u00a0<\/p>\n<p>Ampliar en la Ley General de Responsabilidades Administrativas el cat\u00e1logo de faltas graves para que los titulares de los organismos aut\u00f3nomos, como los Fiscales Generales de Justicia Estatales, puedan ser removidos de su cargo, no solo por el manejo indebido de recursos p\u00fablicos sino por el incumplimiento de sus funciones sustantivas.<\/p>\n<p>Impulsar reformas a leyes org\u00e1nicas del Poderes Judiciales federal y estatales, para que la Suprema Corte se transforme en un tribunal constitucional, basado en un sistema de precedentes para que uno solo vincule a todos los jueces del pa\u00eds: Fortalecer las facultades del Consejo de la Judicatura Federal y los de \u00edndole estatal para combatir oficiosamente l corrupci\u00f3n, el nepotismo y el acoso sexual, as\u00ed como agilizar los procedimientos de investigaci\u00f3n.<\/p>\n<p>Modernizar el sistema penitenciario nacional atendiendo al diagn\u00f3stico anual que mite la Comisi\u00f3n Nacional de Derechos Humanos, a fin de reducir los factores de riesgo para la seguridad y la integridad de las personas privadas de la libertad, atendiendo a pautas de seguridad, orden y disciplina, que,\u00a0 a su vez, permitan organizar las acciones destinadas a la reinserci\u00f3n social conforme al fin constitucional establecido.\u00a0<\/p>\n<p>Ampliar las capacidades operativas de las Unidades de Medidas Cautelares y los procedimientos judiciales de Ejecuci\u00f3n de Sanciones para mejorar la vigilancia de quienes llevan sus procesos en libertad, garantizando que cumplan los planes impuestos y promover el cumplimiento exacto de las sentencias.<\/p>\n<p>\u00a0<\/p>\n<p>Combate a la corrupci\u00f3n y a los delitos de alto impacto\u00a0<\/p>\n<p>Instrumentar acciones legislativas para que se concrete la promulgaci\u00f3n de un C\u00f3digo Penal \u00danico de aplicaci\u00f3n nacional, con visi\u00f3n de perspectiva de g\u00e9nero y derechos humanos, que logre identificar los bienes jur\u00eddicos que protege el Estado a fin de lograr una pol\u00edtica criminal sustentada en otras delictivas reales, as\u00ed como dotar de legalidad y certeza jur\u00eddica a los justiciables.\u00a0\u00a0<\/p>\n<p>Evaluar la aplicaci\u00f3n del C\u00f3digo Nacional de Procedimientos Penales para proponer una reforma legislativa que subsane sus deficiencias normativas, clarifique aspectos que son factores del debate nacional sobre protecci\u00f3n a las v\u00edctimas, criterios de oportunidad, prisi\u00f3n preventiva justificada, suspensiones condicionales del proceso, t\u00e9cnicas de investigaci\u00f3n con control judicial, etc. Garantizar que el presupuesto destinado a los rubros de seguridad y justicia se autorice y asigne conforme a planes y programas orientados a la reducci\u00f3n eficaz de la incidencia delictiva, pero que contemple indicadores que permitan la medici\u00f3n del resultado.<\/p>\n<p>Eliminar el fuero constitucional para todo servidor p\u00fablico a fin de que desempe\u00f1e su cargo con responsabilidad y apego al orden legal.<\/p>\n<p>Hacer obligatoria la declaraci\u00f3n y verificaci\u00f3n de situaci\u00f3n patrimonial de los servidores p\u00fablicos de los tres poderes del estado, para combatir la corrupci\u00f3n.<\/p>\n<p>Fortalecer las Unidades Especializadas de investigaci\u00f3n de los delitos de alto impacto, la homologaci\u00f3n de sus procedimientos, la capacitaci\u00f3n y la dotaci\u00f3n de herramientas\u00a0 tecnol\u00f3gicas, apeg\u00e1ndose a est\u00e1ndares internacionales y a principios b\u00e1sicos de colaboraci\u00f3n y coordinaci\u00f3n interinstitucional.<\/p>\n<p>Fomentar los programas de cooperaci\u00f3n internacional para combatir a la delincuencia organizada trasnacional, prioritariamente el narcotr\u00e1fico, el tr\u00e1fico de armas, la trata de personas, la migraci\u00f3n delictiva y las operaciones con recursos de procedencia il\u00edcita.<\/p>\n<p>Reforzar la cultura de la denuncia de hechos delictivos mediante mecanismos de acceso digital y esquemas de confidencialidad que promuevan la participaci\u00f3n ciudadana y que garanticen la atenci\u00f3n \u00e1gil y elimine cargas burocr\u00e1ticas a los ciudadanos, para revertir la cifra negra de delitos no denunciados.<\/p>\n<p>Promover que se enfoque el esfuerzo de las Fiscal\u00edas estatales a la persecuci\u00f3n de los delitos de alto impacto y de la Fiscal\u00eda General de la Republica a la mejora de la coordinaci\u00f3n para la investigaci\u00f3n de delitos del fuero com\u00fan de competencia concurrente que son cometidos bajo el esquema de la delincuencia organizada. Impulsar el combate a la delincuencia con la participaci\u00f3n coordinada de los tres niveles de gobierno para reducir los efectos que causa en la econom\u00eda de la familia, el desempleo, el aumento de los niveles de pobreza, el desplazamiento forzado y la desaceleraci\u00f3n de la econom\u00eda por la amenaza que representa para la industria tur\u00edstica, la manufactura en zonas fronterizas, inhibe la generaci\u00f3n de fuentes de empleo entre otros.\u00a0<\/p>\n<p>Priorizaremos la reducci\u00f3n de la tasa de impunidad del delito de homicidio, porque ha tenido un incremento muy significativo ante la disputa del comercio de las drogas por los grupos criminales.\u00a0<\/p>\n<p>Reconstrucci\u00f3n de los lazos entre la propia comunidad y con sus autoridades.<\/p>\n<p>Instrumentar pol\u00edticas p\u00fablicas orientadas a la reconciliaci\u00f3n de las corporaciones de seguridad con la poblaci\u00f3n, sustentado en programas que cambien la mala percepci\u00f3n social del desempe\u00f1o policial a la eficiencia institucional, con esquemas de proximidad social, dignificaci\u00f3n policial y la mejora del equipamiento y capacidades para hacer frente a la delincuencia.<\/p>\n<p>Emprender un amplio programa educativo, de difusi\u00f3n y rehabilitaci\u00f3n, para prevenir y reducir el consumo de drogas, involucrando a las familias, la comunidad, planteles escolares y medios de comunicaci\u00f3n, para ayudar a las personas a comprender los riesgos que conlleva\u00a0 su salud, la adicci\u00f3n a sustancias nocivas.<\/p>\n<p>Promover la participaci\u00f3n ciudadana en temas de seguridad publica\u00a0 trav\u00e9s de acciones que fomenten la cultura del auto cuidado, pero tambi\u00e9n, del cumplimiento del deber de la denuncia, la testificaci\u00f3n en casos delictivos y la colaboraci\u00f3n con las autoridades, para lograr la reducci\u00f3n de la tasa de impunidad de los delitos.<\/p>\n<p>Implementar programas para garantizar a ni\u00f1os, ni\u00f1as, adolescentes y j\u00f3venes, e ejercicio pleno del derecho vivir en entornos libres de violencia, bajo una visi\u00f3n integral que promueva su desarrollo, preferentemente bajo la estructura familiar.<\/p>\n<p>Dise\u00f1ar un plan para lograr ciudades resilientes, capaces de evaluar, planificar y preparase para responder a peligros naturales, mejorar la vida de las personas, asegurar el desarrollo, fomentar un entorno de inversi\u00f3n e impulsar un cambio positivo, de esta manera podr\u00e1 sanearse de las huellas que ha dejado la violencia.<\/p>\n<p>Erradicar la polarizaci\u00f3n social y la descalificaci\u00f3n entre autoridades, particulares u organismos no gubernamentales, porque agudizan la violencia y eliminan cualquier intento por reconciliar posturas de toda \u00edndole en favor del bien com\u00fan, es por eso que impulsaremos el respeto absoluto a la cr\u00edtica y a las opiniones diversas, en un marco de respeto y de reflexi\u00f3n que permita el ejercicio democr\u00e1tico del debate de las ideas.<\/p>\n<p>Consolidar la operaci\u00f3n y financiamiento de las Comisiones de Atenci\u00f3n a V\u00edctimas enfocado a la protecci\u00f3n, asistencia y reparaci\u00f3n integral del da\u00f1o, a fin de que se atiendan las consecuencias de la violencia.\u00a0<\/p>\n<p>(PAGS 45-49)<\/p>\n<p>\u00a0<\/p>\n\t\t\t\t\t\t\t\t\t\t\t\t<a href=\"\">\u2022 Movilidad<\/a>\n\t\t\t\t\t\t\t\t\t\t\t\t<a href=\"\">\u2022 Desarrollo Econ\u00f3mico, Empleo y Salario<\/a>\n\t\t\t\t\t<p>Resulta imprescindible el dise\u00f1o de mecanismo que fortalezcan el empleo formal y que genere alternativas para regular el empleo formal.<\/p>\n<p>Garantizar el acceso a salarios por encima de la l\u00ednea de bienestar. Se propone apalancar la recuperaci\u00f3n econ\u00f3mica mediante un programa de fortalecimiento al empleo formal que permita no solo acceder a la seguridad social, sino tambi\u00e9n el acceso a un salario universal por encima de la l\u00ednea de la pobreza.<\/p>\n<p>Generar condiciones que permitan atraer inversi\u00f3n privada para fortalecer el dinamismo de la econom\u00eda y la generaci\u00f3n de m\u00e1s empleos y mejor remunerados.<\/p>\n<p>(PAGS 31,32 y 35)<\/p>\n\t\t\t\t\t\t\t\t\t\t\t\t<a href=\"\">\u2022 Medio Ambiente<\/a>\n\t\t\t\t\t<p>Sustentabilidad:<\/p>\n<p>\u00a0<\/p>\n<p>Construir desde hoy las l\u00edneas estrat\u00e9gicas para el desarrollo de un M\u00e9xico con oportunidades plenas en un mundo que pasara su desarrollo en combustibles f\u00f3siles y mantendr\u00e1 una actitud amigable con su medio ambiente. (P\u00e1gina 23)<\/p>\n<p>\u00a0<\/p>\n<p>El Partido Encuentro Solidarios impulsa una agenda en la que es componente fundamental preservar esta visi\u00f3n para reducir la vulnerabilidad, incrementar la resiliencia y construir una pol\u00edtica de Estado que permita retomar un camino viable para la humanidad para el medio ambiente. (P\u00e1ginas 23).<\/p>\n<p>\u00a0<\/p>\n<p>La visi\u00f3n de la sustentabilidad que hasta hace unos meses era una opci\u00f3n, ahora es una obligaci\u00f3n por la \u00e9poca cr\u00edtica que se vive como resultado de la pandemia. La adopci\u00f3n de nuevas tecnolog\u00edas sustentables es una de las tareas fundamentales de las pr\u00f3ximas d\u00e9cadas lo que ser\u00e1 determinante para la viabilidad del pa\u00eds y el sostenimiento de las oportunidades de futuro de su poblaci\u00f3n. (<i>P\u00e1gina 23)<\/i><\/p>\n<p>\u00a0<\/p>\n<p>El PES se pronuncia claramente a favor de tomar medidas en todos los campos posibles para incorporar una agenda verde, dar prioridad a las energ\u00edas limpias y resguardar al planeta. <i>(P\u00e1gina 24)<\/i><\/p>\n\t\t\t\t\t\t\t\t\t\t\t\t<a href=\"\">\u2022 Desarrollo Humano<\/a>\n\t\t\t\t\t<p>En el profundo contexto de desigualdad y desconfianza en las instituciones que se ha traducido en el resquebrajamiento del tejido social y la desaparici\u00f3n de los equilibrio colaborativos a todos los niveles y sectores de la sociedad, surge la necesidad de construir un Nuevo Pacto Social Solidario que reestructure las bases de la convivencia de las y los mexicanos entorno al objetivo central del bien com\u00fan, la prosperidad y el derecho a una vida feliz. (<i>P\u00e1gina 27).<\/i><\/p>\n<p>\u00a0<\/p>\n<p>Enarbolar un Nuevo Pacto Social Solidario que permita articular la acci\u00f3n colectiva nacional y que derive en la reconciliaci\u00f3n y la paz El Nuevo Pacto Social Solidario debe partir del reconocimiento de la realidad que vivimos de injusticia social y apuntar hacia esquemas redistributivos que garanticen en un plano de corresponsabilidad la igualdad de oportunidades tanto en el plano del bienestar objetivo como el subjetivo. Para lograrlo es importante fomentar el ejercicio del derecho a la participaci\u00f3n pol\u00edtica con el fin de que de manera incremental, todos los intereses se vean representados en la toma de decisiones siempre pensando en el bien com\u00fan. El concepto de bien com\u00fan deber ser socializado entre todas y todos los mexicanos a trav\u00e9s de la instituci\u00f3n fundamental y m\u00e1s fuerte de la sociedad mexicana: la familia. (<i>P\u00e1gina 30).<\/i><\/p>\n<p>\u00a0<\/p>\n<p>Propuestas espec\u00edficas<\/p>\n<p>\u00a0<\/p>\n<p>Propuestas al Ejecutivo Federal<\/p>\n<p>\u00a0<\/p>\n<ol>\n<li>a) Convocar al Nuevo Pacto Social Solidario<\/li>\n<\/ol>\n<p>\u00a0<\/p>\n<p>Se propone que el Presidente de la Rep\u00fablica convoque a representantes de todos los sectores de la sociedad con el fin de elaborar en mesas de trabajo tem\u00e1ticas una agenda nacional para la transformaci\u00f3n, la reconciliaci\u00f3n, el progreso y la paz.(p\u00e1gina 30)<\/p>\n<p>\u00a0<\/p>\n<ol>\n<li>b) Seguridad Social Universal de Calidad<\/li>\n<\/ol>\n<p>\u00a0<\/p>\n<p>Se propone que el Gobierno Federal dise\u00f1e un Sistema \u00danico de Seguridad Social con acceso universal. De manera complementaria, resulta imprescindible el dise\u00f1o de mecanismo que fortalezcan el empleo formal y que genere alternativas para regular el empleo informal.<\/p>\n<p>\u00a0<\/p>\n<ol>\n<li>c) Garantizar el acceso a salarios por encima de la l\u00ednea de bienestar.<\/li>\n<\/ol>\n<p>\u00a0<\/p>\n<p>Se propone apalancar la recuperaci\u00f3n econ\u00f3mica mediante un programa de fortalecimiento al empleo formal que permita no solo acceder a la seguridad social, sino tambi\u00e9n el acceso a un salario universal por encima de la l\u00ednea de pobreza.(p\u00e1gina 31)<\/p>\n<p>\u00a0<\/p>\n<p>d). Presupuesto participativo redistributivo<\/p>\n<p>\u00a0<\/p>\n<p>Se propone que el Gobierno Federal destine en su presupuesto de egresos recursos para la constituci\u00f3n de un presupuesto participativo redistributivo de car\u00e1cter nacional destinado a obra social priorizando las zonas de m\u00e1s alta marginaci\u00f3n y sea esta inversi\u00f3n el detonante del crecimiento regional. (<i>P\u00e1gina 31)<\/i><\/p>\n<p>\u00a0<\/p>\n<ol>\n<li>e) Valores de la Nueva Familia Mexicana<\/li>\n<\/ol>\n<p>\u00a0<\/p>\n<p>Llevar a cabo las acciones pertinentes para socializar los valores de la Nueva Familia Mexicana a trav\u00e9s de campa\u00f1as de comunicaci\u00f3n, la instrucci\u00f3n en las instituciones educativas y la instauraci\u00f3n de escuelas de padres en los ambientes escolares.(p\u00e1gina 31)<\/p>\n<p>\u00a0<\/p>\n<p>Se debe establecer una Pol\u00edtica de Estado donde los ind\u00edgenas tengan los mismos derechos y oportunidades que el resto de los mexicanos. Es necesario que los propietarios originarios sean respetados en sus tierras y bienes comunales, en sus bosques y selvas, en su cultura y territorios, para que utilicen sus recursos naturales en el desarrollo de sus propios pueblos. <i>(P\u00e1gina 56)<\/i><\/p>\n\t\t\t\t\t\t\t\t\t\t\t\t<a href=\"\">\u2022 Educaci\u00f3n e Innovaci\u00f3n<\/a>\n\t\t\t\t\t<p><i>Educaci\u00f3n<\/i><\/p>\n<p>\u00a0<\/p>\n<p>Llevar a cabo las acciones pertinentes para socializar los valores de la Nueva Familia Mexicana a trav\u00e9s de campa\u00f1as de comunicaci\u00f3n, la instrucci\u00f3n en las instituciones educativas y la instauraci\u00f3n de escuelas de padres en los ambientes escolares.( <i>P\u00e1gina 31)<\/i><\/p>\n<p>\u00a0<\/p>\n<p>Innovaci\u00f3n<\/p>\n<p>\u00a0<\/p>\n<p>El reto de la sociedad moderna es incorporar el uso digital pr\u00e1cticamente en todas las actividades incluyendo por supuesto, la pol\u00edtica y el gobierno, en lo que se ha llamado @gobierno. Solo la perspectiva de una sociedad conectada, participativa e innovadora permitir\u00e1 el desarrollo y operaci\u00f3n en un mundo interconectado de los Estados Naci\u00f3n en el planeta. (<i>P\u00e1gina 21).<\/i><\/p>\n<p>\u00a0<\/p>\n<p>El uso y dominio de nuevas tecnolog\u00eda de informaci\u00f3n impulsar\u00e1 el comercio la productividad y la competitividad entre los pa\u00edses y al interior de los mismos y los intercambios se dar\u00e1n partiendo de esta premisa.<\/p>\n<p>\u00a0<\/p>\n<p>El PES debe prepararse para encabezar esta nueva l\u00f3gica en la que se inscriba ya la humanidad y se acentuar\u00e1 en los pr\u00f3ximos a\u00f1os, facilitando el derecho efectivo de todos los mexicanos para incluirse en las actividades productivas digitalizadas y eso debe hacerlo pronto. El mundo ser\u00e1 mejor para los mexicanos si empezamos a ver m\u00e1s hacia el futuro que hacia el pasado. <i>(P\u00e1gina 21)<\/i><\/p>\n<p>\u00a0<\/p>\n<p>El PES deber ver por el acceso abierto y p\u00fablico y el mejoramiento de los costos y los equipos de todos los j\u00f3venes y m\u00e1s tarde de todos los mexicanos para ponerlos en sinton\u00eda con lo que ocurre en todas partes en el mundo.<\/p>\n<p>\u00a0<\/p>\n<p>El partido promover\u00e1 la adopci\u00f3n y la capacitaci\u00f3n de estas nuevas tecnolog\u00edas de punta en cualquier entidad y servicio como debe hacerlo ahora.\u00a0<\/p>\n<p>\u00a0<\/p>\n<p>Debemos acudir al futuro y en esto hay que promover un gobierno abierto \u00e1gil y seguro que mantenga permanente relaci\u00f3n entre los gobiernos y los ciudadanos a trav\u00e9s de las redes y el internet, que permitan apoyar la transparencia, el manejo de la econom\u00eda y los servicios, bas\u00e1ndose en las herramientas digitales.\u00a0<\/p>\n<p>\u00a0<\/p>\n<p>Por \u00faltimo, es indispensable usar las redes sociales, para supervisar todo aquello que pueda afectar a las personas, particularmente a los menores de edad, entre otros mecanismos, con un sistema de monitoreo que debe instrumentar el emisor de mensajes.\u00a0<\/p>\n<p>\u00a0<\/p>\n<p>El PES como partido pol\u00edtico debe impulsar la democratizaci\u00f3n en el acceso a las redes sociales y estar atento a su uso en favor y no en contra de los valores de la humanidad. (<i>P\u00e1gina 22).<\/i><\/p>\n<p>\u00a0<\/p>\n\t\t\t\t\t\t\t\t\t\t\t\t<a href=\"\">\u2022 Cultura, salud y deporte<\/a>\n\t\t\t\t\t<p><i>Cultura<\/i><\/p>\n<p>\u00a0<\/p>\n<p><i>No se encontraron propuestas en este rubro.<\/i><\/p>\n<p>\u00a0<\/p>\n<p><i>Salud<\/i><\/p>\n<p>\u00a0<\/p>\n<p>En materia de Salud P\u00fablica es importante mantener la capacidad hospitalaria en \u00f3ptimo funcionamiento en las zonas urbanas del pa\u00eds, sin embargo, tambi\u00e9n resulta relevante expandir la cobertura y fortalecer la capacidad de atenci\u00f3n a los lugares m\u00e1s alejados de los n\u00facleos urbanos ante la posibilidad de una \u201crealizaci\u00f3n\u201d de la pandemia. Tambi\u00e9n es importante garantizar el abasto del equipo de protecci\u00f3n personal para las y los trabajadores del sector salud as\u00ed como de aquellos servidores p\u00fablicos que brinden atenci\u00f3n a la ciudadan\u00eda.\u00a0<\/p>\n<p>\u00a0<\/p>\n<p>En materia de la vacunaci\u00f3n, se debe garantizar el abasto oportuno de la dosis, pero tambi\u00e9n poner al alcance de toda la poblaci\u00f3n los m\u00f3dulos de vacunaci\u00f3n y generar esquemas de comunicaci\u00f3n enfocados a que sean las familias quienes impulsen la necesidad de la aplicaci\u00f3n de la misma como parte de una responsabilidad colectiva.<\/p>\n<p>\u00a0<\/p>\n<p>Por \u00faltimo, resulta impostergable la implementaci\u00f3n de un Plan Nacional de Reactivaci\u00f3n F\u00edsica y Educaci\u00f3n Nutrimental con el fin de fortalecer la salud de la poblaci\u00f3n y con ello reducir las condiciones de comorbilidad enel corto, mediano y sobre todo en el largo plazo EL acceso a una alimentaci\u00f3n de alto valor nutrimental y a la activaci\u00f3n f\u00edsica para toda la poblaci\u00f3n deber ser garantizada por el Estado. (<i>P\u00e1gina 34).<\/i><\/p>\n<p>\u00a0<\/p>\n<p>Propuestas especificas<\/p>\n<p>\u00a0<\/p>\n<ol>\n<li style=\"font-weight: 400;\" aria-level=\"1\">Fortalecimiento de la Capacidad Hospitalaria.<\/li>\n<li style=\"font-weight: 400;\" aria-level=\"1\">Acceso universal a Cubrebocas y Generalizaci\u00f3n de su uso en el Espacio P\u00fablico.<\/li>\n<li style=\"font-weight: 400;\" aria-level=\"1\">Auditoria Familiar de Vacunaci\u00f3n.<\/li>\n<li style=\"font-weight: 400;\" aria-level=\"1\">Funcionaros Electorales Vacunados<\/li>\n<li style=\"font-weight: 400;\" aria-level=\"1\">Sistema Nacional de Pruebas<\/li>\n<li style=\"font-weight: 400;\" aria-level=\"1\">Difusi\u00f3n de Nueva Cultura Epidemiol\u00f3gica<\/li>\n<li style=\"font-weight: 400;\" aria-level=\"1\">Plan Nacional de Activaci\u00f3n F\u00edsica y Educaci\u00f3n Nutrimental<\/li>\n<li style=\"font-weight: 400;\" aria-level=\"1\">Nuevo Pacto con el Sector Salud (<i>P\u00e1ginas 36 y 37<\/i>)<\/li>\n<\/ol>\n<p>\u00a0<\/p>\n<p>Propuestas ejecutivas<\/p>\n<p>\u00a0<\/p>\n<ol>\n<li style=\"font-weight: 400;\" aria-level=\"1\">Fortalecer un sistema de salud con cobertura universal<\/li>\n<li style=\"font-weight: 400;\" aria-level=\"1\">Crear m\u00e9tricas de calidad en los servicios de salud.(<i>P\u00e1gina 69<\/i>)<\/li>\n<li style=\"font-weight: 400;\" aria-level=\"1\">Garantizar el abasto de medicamentos en los sistemas de salud p\u00fablicos y privados.<\/li>\n<li style=\"font-weight: 400;\" aria-level=\"1\">Fortalecer a la Cofepris para que sea m\u00e1s transparente y tenga mayor alcance.<\/li>\n<li style=\"font-weight: 400;\" aria-level=\"1\">Implementar acciones para centrar los servicios de salud en el paciente. Crear una Subprocuradur\u00eda de Servicios Privados de Salud dentro de la Procuradur\u00eda Federal del Consumidor (Profeco).<\/li>\n<li style=\"font-weight: 400;\" aria-level=\"1\">Mejorar y ampliar la capacitaci\u00f3n del personal de salud a nivel nacional e internacional.<\/li>\n<li style=\"font-weight: 400;\" aria-level=\"1\">Promover la creaci\u00f3n de infraestructura m\u00e9dica en todas las regiones del pa\u00eds, principalmente en las de mayor rezago y marginaci\u00f3n.<\/li>\n<li style=\"font-weight: 400;\" aria-level=\"1\">Fomentar con acciones cotidianas que en el seno de las comunidades se fortalezca la detecci\u00f3n oportuna de enfermedades cr\u00f3nico degenerativas.(<i>P\u00e1gina 70<\/i>)<\/li>\n<li style=\"font-weight: 400;\" aria-level=\"1\">Avanzar en acciones orientadas a reducir las brechas de atenci\u00f3n m\u00e9dica entre los municipios del pa\u00eds.<\/li>\n<li style=\"font-weight: 400;\" aria-level=\"1\">Acondicionar espacios comunitarios y laborales espec\u00edficos para mujeres en proceso de lactancia.\u00a0<\/li>\n<li style=\"font-weight: 400;\" aria-level=\"1\">Fomentar la transparencia de los recursos destinados a la salud p\u00fablica y hacer uso eficiente de ellos y mejorar la calidad, seguridad y efectividad del sistema integral de salud p\u00fablica. (<i>P\u00e1gina 71<\/i>)<\/li>\n<\/ol>\n<p>\u00a0<\/p>\n<p><i>Deporte<\/i><\/p>\n<p>\u00a0<\/p>\n<p>Se parte del entendimiento del derecho al deporte y a la cultura f\u00edsica como la obligaci\u00f3n a cargo del Estado de proporcionar las condiciones necesarias a los gobernados que permitan el acceso oportuno al desarrollo de actividades deportivas, as\u00ed como al conocimiento acerca de las cualidades motrices de su cuerpo y los beneficios que el desempe\u00f1o de movimientos constantes traen aparejados. (<i>P\u00e1gina 60)<\/i><\/p>\n<p>\u00a0<\/p>\n<p>Propuestas Espec\u00edficas<\/p>\n<p>\u00a0<\/p>\n<p>Propuestas Ejecutivas<\/p>\n<p>\u00a0<\/p>\n<ol>\n<li style=\"list-style-type: none;\">\n<ol>\n<li style=\"font-weight: 400;\" aria-level=\"1\">Es fundamental que desde los \u00e1mbitos municipales y estatales se de atenci\u00f3n y fomente el deporte, entre otras medidas deber\u00e1 impulsarse la creaci\u00f3n de ligas deportivas escolares.(<i>P\u00e1gina 62)<\/i><\/li>\n<li style=\"font-weight: 400;\" aria-level=\"1\">Promover un diagn\u00f3stico de aptitud f\u00edsica que proporcione de manera program\u00e1tica informaci\u00f3n que permita conocer cu\u00e1l es el estado de la aptitud f\u00edsica de los mexicanos, informaci\u00f3n que deber\u00e1 ser la base para implementar acciones estrat\u00e9gicas y programas encaminados a promover la actividad f\u00edsica.<\/li>\n<li style=\"font-weight: 400;\" aria-level=\"1\">Fomentar la creaci\u00f3n de Programas de Activaci\u00f3n F\u00edsica orientados a la poblaci\u00f3n en general.<\/li>\n<li style=\"font-weight: 400;\" aria-level=\"1\">Una mayor integraci\u00f3n de la iniciativa privada en una estrategia de activaci\u00f3n f\u00edsica y deporte.<\/li>\n<li style=\"font-weight: 400;\" aria-level=\"1\">Generar campa\u00f1as permanentes de difusi\u00f3n en medios sobre la importancia de tener h\u00e1bitos de activaci\u00f3n f\u00edsica y pr\u00e1ctica deportiva. La sensibilizaci\u00f3n y socializaci\u00f3n de la importancia del deporte en todos los aspectos de la vida cotidiana deber\u00e1n formar parte de una nueva cultura que contribuya a mejorar los niveles de bienestar.<\/li>\n<li style=\"font-weight: 400;\" aria-level=\"1\">Fomentar acciones que tengan como principal objetivo mejorar los resultados del deporte profesional mexicano en el contexto internacional.<\/li>\n<\/ol>\n<\/li>\n<\/ol>\n<ul>\n<li style=\"font-weight: 400;\" aria-level=\"1\">Impulsar la realizaci\u00f3n de un censo de instalaciones deportivas en el pa\u00eds. (<i>P\u00e1gina 63)<\/i><\/li>\n<\/ul>\n<ol>\n<li style=\"font-weight: 400;\" aria-level=\"1\">Fomentar la detecci\u00f3n, selecci\u00f3n y desarrollo de talentos deportivos, a partir de un programa que identifique a los j\u00f3venes talentos con base en sus caracter\u00edsticas f\u00edsicas, t\u00e9cnicas y t\u00e1cticas para proyectarlos como prospectos competitivos a nivel nacional e internacional y que fortalezca el Sistema Mexicano de Alto Rendimiento, dando continuidad a proyectos deportivos de largo plazo y que nos permita como pa\u00eds destacar algunas disciplinas.<\/li>\n<li style=\"font-weight: 400;\" aria-level=\"1\">Promover la permanente formaci\u00f3n, capacitaci\u00f3n y actualizaci\u00f3n de los responsables del sistema deportivo debe ser una estrategia transversal a todas las acciones encaminadas al fomento de la cultura f\u00edsica y del deporte.<\/li>\n<li style=\"font-weight: 400;\" aria-level=\"1\">Fomentar una mayor participaci\u00f3n de las mujeres en los espacios de toma de decisiones, lo que contribuya a permear no solo una perspectiva de g\u00e9nero en la conducci\u00f3n de los \u00f3rganos de gobierno de las Asociaciones Deportivas Nacionales y en los Instituto Estatales del Deporte, sino tambi\u00e9n abriendo nuevos espacios de participaci\u00f3n cotidiana de las mujeres en actividad f\u00edsica y deportiva.<\/li>\n<li style=\"font-weight: 400;\" aria-level=\"1\">Promover en dependencia y organismos del sector publico acciones permanentes para el fomento del deporte como parte de las funciones transversales que de manera permanente contribuyan a la difusi\u00f3n de la cultura de activaci\u00f3n f\u00edsica y deporte.<\/li>\n<li style=\"font-weight: 400;\" aria-level=\"1\">Propiciar que los recursos recuperados y expropiados del narcotr\u00e1fico y cualquier otra actividad delictiva sean asignados a programas de Cultura Fisica y Deporte.<\/li>\n<li style=\"font-weight: 400;\" aria-level=\"1\">Generar acciones para ampliar las funciones del CONDEE, CONDEBA y CONADEMS que le permitan general pol\u00edticas para el desarrollo del deporte escolar de educaci\u00f3n b\u00e1sica, media superior y superior. Reformular la organizaci\u00f3n y metodolog\u00eda del SINADE para que funja efectivamente como un \u00f3rgano propositivo de an\u00e1lisis y discusi\u00f3n de las pol\u00edticas p\u00fablicas en materia deportiva.(p\u00e1gina 64)<\/li>\n<li style=\"font-weight: 400;\" aria-level=\"1\">Mejorar de manera progresiva y permanente la infraestructura deportiva del pa\u00eds para garantizar la \u00f3ptima operaci\u00f3n tanto de la ya existente como de aquella que sea de nueva creaci\u00f3n para acercar la pr\u00e1ctica del deporte al ciudadano. En esta estrategia se sumar\u00e1 el rescate de espacios y lugares abiertos p\u00fablicos para la masificaci\u00f3n de la actividad f\u00edsica y deportiva como parte de la recuperaci\u00f3n del n\u00facleo familiar y la cohesi\u00f3n social en los n\u00facleos comunitarios.(<i>p\u00e1gina 64 y 65<\/i>)<\/li>\n<li style=\"font-weight: 400;\" aria-level=\"1\">Fortalecer el programa de est\u00edmulo fiscal del deporte (EFIDEPORTE) para que tambi\u00e9n sea aplicable a los organismos privados que realizan acciones de deporte social.<\/li>\n<li style=\"font-weight: 400;\" aria-level=\"1\">Propiciar y vigilar que los recursos obtenidos a trav\u00e9s de \u201cPron\u00f3sticos Deportivos para la asistencia p\u00fablica\u201d se asignen prioritariamente al fomento de la cultura de activaci\u00f3n f\u00edsica y a programas deportivos.<\/li>\n<li style=\"font-weight: 400;\" aria-level=\"1\">Fomentar el uso de herramientas inform\u00e1ticas y tecnol\u00f3gicas para dar seguimiento a los deportistas de alto rendimiento. (P\u00e1gina 65).<\/li>\n<\/ol>\n<p>\u00a0<\/p>\n<p>Propuestas legislativas<\/p>\n<p>\u00a0<\/p>\n<ol>\n<li style=\"list-style-type: none;\">\n<ol>\n<li style=\"font-weight: 400;\" aria-level=\"1\">Promover reformas a la Ley General de Cultura F\u00edsica y Deporte que busquen corregir las insuficiencias con las que operan las asociaciones deportivas mexicanas y que contribuya a la transparencia y rendici\u00f3n de cuentas.<\/li>\n<li style=\"font-weight: 400;\" aria-level=\"1\">Promover reformas legislativas que, fortalezcan las instituciones y la justicia deportiva.<\/li>\n<li style=\"font-weight: 400;\" aria-level=\"1\">Realizar una revisi\u00f3n integral de la normatividad que rigen el deporte municipal, estatal y nacional, de manera que se articulen tanto los programas y pol\u00edticas como el ejercicio de los recursos, que de manera coordinada contribuyan a potenciar las inversiones en infraestructura deportiva.<\/li>\n<li style=\"font-weight: 400;\" aria-level=\"1\">Propiciar y garantizar desde el presupuesto de la federaci\u00f3n, que un porcentaje de la recaudaci\u00f3n de impuestos por el consumo de alimentos de alto contenido cal\u00f3rico, de bebidas alcoh\u00f3licas y sustancias nocivas para la salud, sean destinados a programas de fomento deportivo.<\/li>\n<li style=\"font-weight: 400;\" aria-level=\"1\">Mejorar el trabajo cient\u00edfico con los deportistas.<\/li>\n<\/ol>\n<\/li>\n<\/ol>\n<ul>\n<li style=\"font-weight: 400;\" aria-level=\"1\">Apoyo para los entrenadores de los deportistas con discapacidad. (<i>P\u00e1gina 66).<\/i><\/li>\n<\/ul>\n<p><i><\/i><br \/><br \/><\/p>\n<p>Prohibici\u00f3n de la caza deportiva en M\u00e9xico.<\/p>\n<p>\u00a0<\/p>\n<p>La propuesta garantizar\u00eda la supervivencia de mam\u00edferos importantes tales como el coyote, zorra gris, venados, pumas, gato mont\u00e9s, borrego cimarron, cacomixtle norte\u00f1o, mapache, tecali, tej\u00f3n, entre otros que la caza deportiva en cualquiera de sus modalidades sea ilegal en nuestro pa\u00eds, y quien intente hacerlo, tendr\u00e1 que responder penalmente. Proponemos la creaci\u00f3n de una Ley Nacional que proh\u00edba la pr\u00e1ctica de caza mayor y caza menor en el pa\u00eds, as\u00ed como la implementaci\u00f3n de tipos penales que garanticen la observancia de la disposici\u00f3n. <i>(P\u00e1gina 25)<\/i><\/p>\n\t\t\t\t\t\t\t\t\t\t\t\t<a href=\"\">\u2022 Finanzas y Obra P\u00fablica<\/a>\n\t\t\t\t\t<p>Finanzas<\/p>\n<p>Se propone alcanzar un acuerdo con la banca privada a trav\u00e9s de las instituciones financieras p\u00fablicas con el fin de desarrollar mecanismos c\u00f3modos de pago para la poblaci\u00f3n que ha recurrido al endeudamiento para mantener los ingresos familiares con el fin de evitar un estancamiento en el consumo. (P\u00e1gina 37).<\/p>\n<p>Que se establezca un Sistema Nacional de financiamiento Rural M\u00faltiple en sus dos modalidades: Banca de Desarrollo y Banca Social. Con instrumentos, mecanismos financieros y agentes, que permita a los productores de todos los estratos y a sus organizaciones econ\u00f3micas y empresas sociales, acceder a recursos crediticios, oportunos y accesibles para desarrollar exitosamente sus actividades econ\u00f3micas y productivas. (<i>P\u00e1gina 55<\/i>).<\/p>\n<p>\u00a0<\/p>\n<p>Obra P\u00fablica<\/p>\n<p>\u00a0<\/p>\n<p>Se propone que los gobiernos estatales lleven a cabo un levantamiento de necesidades de obra social con el fin de priorizar la ejecuci\u00f3n de recursos para esos fines. La idea es apalancar con inversi\u00f3n estatal el mecanismo de presupuesto participativo descrito en las propuestas al Gobierno Federal. (<i>P\u00e1gina 31)<\/i><\/p>\n<p>Se propone legislar con el fin de que un tercio de los recursos asignados a las entidades federativas por concepto de infraestructura, deban utilizarse en infraestructura social para el abatimiento de la marginaci\u00f3n.<\/p>\n\t\t\t\t\t\t\t\t\t\t\t\t<a href=\"\">\u2022 Transparencia, Rendici\u00f3n de Cuentas y Combate a la Corrupci\u00f3n<\/a>\n\t\t\t\t\t<ul>\n<li style=\"font-weight: 400;\" aria-level=\"1\">El PES se pronuncia contra la corrupci\u00f3n por supuesto, y en igual medida contra la ineficiencia del gobierno, tambi\u00e9n por mantener un sistema de contrapesos pol\u00edticos frente al poder que acote su autodeterminaci\u00f3n excesiva y vigile sus acciones y su ejercicio presupuestal.\u00a0<\/li>\n<li style=\"font-weight: 400;\" aria-level=\"1\">Combatir la corrupci\u00f3n en todos los niveles de gobierno de forma coordinada y bien planeada, en el marco de la estrategia que implemento el Sistema Nacional Anticorrupci\u00f3n, para tal prop\u00f3sito promoveremos la despolitizaci\u00f3n de la titularidad de los organismos aut\u00f3nomos creados y la rendici\u00f3n de cuentas p\u00fablicamente.<\/li>\n<li style=\"font-weight: 400;\" aria-level=\"1\">Para el PES es fundamental reestructurar el entorno laboral de las instituciones de seguridad p\u00fablica y procuraci\u00f3n de justicia para que, con doctrina institucional, condiciones adecuadas de trabajo y programas de reconocimiento al m\u00e9rito, se revierta el estigma social de desconfianza y corrupci\u00f3n.\u00a0<\/li>\n<\/ul>\n<p>(PAGS 20 y 47)<\/p>\n\t\t\t\t\t\t\t\t\t\t\t\t<a href=\"\">\u2022 Infraestructura y Gasto P\u00fablico<\/a>\n\t\t\t\t\t<ul>\n<li style=\"font-weight: 400;\" aria-level=\"1\">Presupuesto participativo redistributivo. Se propone que el Gobierno Federal destine en su presupuesto de egresos recursos para la constituci\u00f3n de un presupuesto participativo redistributivo de car\u00e1cter nacional destinado a obra social priorizando las zonas de m\u00e1s alta marginaci\u00f3n y sea esta inversi\u00f3n el detonante del crecimiento regional.<\/li>\n<li style=\"font-weight: 400;\" aria-level=\"1\">Presupuesto Redistributivo. Promover durante la elaboraci\u00f3n del Presupuesto de Egresos el criterio redistributivo como concepto central con el fin de fortalecer la obra social para el abatimiento de la marginaci\u00f3n.<\/li>\n<li style=\"font-weight: 400;\" aria-level=\"1\">Plan Estrat\u00e9gico de Gasto Social. Se propone activar un Plan Estrat\u00e9gico de Gasto Social con el fin de focalizar la inversi\u00f3n p\u00fablica en la dotaci\u00f3n de servicios b\u00e1sico a las comunidades marginadas con el fin de revertir la profundizaci\u00f3n de la desigualdad de oportunidades.<\/li>\n<li style=\"font-weight: 400;\" aria-level=\"1\">Etiquetar Recursos para Infraestructura Social. Se propone legislar con el fin de que un tercio de los recursos asignados a las entidades federativas por concepto de infraestructura, deban utilizarse en infraestructura social para el abatimiento de la marginaci\u00f3n.<\/li>\n<\/ul>\n<p>\u00a0<\/p>\n<p>(PAG 31,32 y 38)<\/p>\n\t\t\t\t\t\t\t\t\t\t\t\t<a href=\"\">\u2022 Derechos Humanos<\/a>\n\t\t\t\t\t<p>La vigilancia de los derechos humanos, como cualquiera otra de las l\u00edneas transversales de este cap\u00edtulo es una obligaci\u00f3n fundamental del Estado\u00a0 crear una cultura entre los mexicanos sobre este tema y entender la violaci\u00f3n de ellos y las pr\u00e1cticas que conculcan\u00a0 los derechos de los ciudadanos son acciones imprescindibles en un partido con vocaci\u00f3n democr\u00e1tica y con vinculaci\u00f3n ciudadano como el PES.<\/p>\n<p>Habr\u00e1 que promover la obligatoriedad de incorporar esta visi\u00f3n en los \u00f3rdenes de gobierno en los poderes y en la sociedad, y crear las instancias que permitan orientar a la poblaci\u00f3n para defender sus derechos. Solo as\u00ed vamos a construir una sociedad incluyente, plural y respetuosa de las diferencias que mantenga un nivel de interlocuci\u00f3n correcto entre la autoridad y el ciudadano. El fortalecimiento de los derechos humanos es una parte constitutiva\u00a0 de un nuevo paradigma cultural de M\u00e9xico que se finca en prohibir el abuso que padecen segmentos sociales muy diversos y son sancionados y segregados del desarrollo por su edad, condici\u00f3n social, raza, origen y m\u00e1s com\u00fanmente por su ubicaci\u00f3n en la escala social.<\/p>\n<p>El PES ser\u00e1 garante de los derechos de todos, m\u00e1s all\u00e1 de sus propias convicciones; la premisa fundamental es defender el derecho del otro por mantener a cabalidad su condici\u00f3n de derechos del ser humano y velar por\u00a0 su igualdad ante la ley\u00a0 Este es un elemento fundamental de empat\u00eda del partido con la diversidad del g\u00e9nero humano y una concepci\u00f3n \u00e9tica y moral de la pol\u00edtica que debe acatarse permanente. Hacerlo as\u00ed, es en un sentido amplio, es inscribir la lucha por estos derechos fundamentales, en el marco del derecho a la vida, que inicia\u00a0 con la concepci\u00f3n\u00a0 y es permanente a lo largo de la existencia, uno de los\u00a0 valores\u00a0 b\u00e1sicos por el que el Partido Encuentro Solidarios se ha pronunciado permanentemente.<\/p>\n<p>Es imperativo que los \u00f3rganos responsables del cuidado de los derechos humanos de la poblaci\u00f3n mexicana act\u00fae de manera imparcial y distante de la autoridad constituida, porque una de sus funciones m\u00e1s importantes es darle peso y valor a la defensa de los seres humanos frente a los aparatos del Estado y a las autoridades, precisamente la falta de este recurso en el gobierno9 mantuvo a reg\u00edmenes autoritarios representativos de \u00e9lites o de partidos que vulneraron los derechos fundamentales de sus gobernados. En M\u00e9xico no es posible permitir invocando cualquier raz\u00f3n.<\/p>\n<p>P\u00e1gina 19<\/p>\n\t\t\t\t\t\t\t\t\t\t\t\t<a href=\"\">\u2022 Violencia pol\u00edtica en raz\u00f3n de G\u00e9nero <\/a>\n\t\t\t\t\t<p>Actualmente, los derechos pol\u00edtico-electorales de las mujeres mexicanas, se encuentran plenamente reconocidos en nuestra Carta Magna y en las leyes respectivas. La reforma m\u00e1s reciente en materia de paridad de g\u00e9nero del a\u00f1o 2019, busca garantizar la paridad de g\u00e9nero en la postulaci\u00f3n y ejercicio en los cargos de elecci\u00f3n popular; as\u00ed como tambi\u00e9n en todos los niveles del Poder de la Uni\u00f3n, incluyendo a los \u00d3rganos Aut\u00f3nomos.<\/p>\n<p>Sin embargo, aunque se ha logrado un importante avance, el reconocimiento de los derechos de las mujeres en participar en la vida pol\u00edtica del pa\u00eds, ha sido lento y lleno de impedimentos.\u00a0 La violencia pol\u00edtica en raz\u00f3n de g\u00e9nero es una figura que se ejerce en todo momento para obstaculizar el desarrollo pol\u00edtico electoral de la mujer: la cual se puede manifestar de diversas formas, ya sea dentro de los partidos pol\u00edticos, en el proceso de intercampa\u00f1a o campa\u00f1a electoral e incluso en el ejercicio de un cargo de elecci\u00f3n popular, circunstancias que miles de mujeres sufren todav\u00eda en nuestro pa\u00eds.<\/p>\n<p>Hoy, en nuestro pa\u00eds, las mujeres al ejercer su derecho pol\u00edtico-electoral para participar en la elecci\u00f3n de cargos de elecci\u00f3n popular lo hacen en clara desventaja en comparaci\u00f3n a su contrincante hombre. Esto se hace evidente, debido a que existe una relaci\u00f3n respecto de que, a mayor participaci\u00f3n de las mujeres en los asuntos pol\u00edtico electorales, mayor es el n\u00famero de actos violentos que se ejercen contra ellas en el proceso electoral.<\/p>\n<p>El objetivo del Partido Encuentro Solidario, es que las mujeres sean protegidas en todos sus derechos pol\u00edticos-electorales, cuando estos sean violentados o vulnerados al ejercerse violencia pol\u00edtica en raz\u00f3n de g\u00e9nero, as\u00ed como se establezca claramente y se respete el sistema de nulidades.<\/p>\n<p>Desde el PES, trabajaremos siempre por las mujeres mexicanas, buscaremos las vetas de posibilidades y oportunidades por la v\u00eda democr\u00e1tica y de justicia.<\/p>\n<p>P\u00e1gina 17<\/p>\n\t\t\t\t\t\t\t\t\t\t\t\t<a href=\"\">\u2022 Participaci\u00f3n ciudadana<\/a>\n\t\t\t\t\t<p>En el profundo contexto de desigualdad y desconfianza en las instituciones que se han traducido en el resquebrajamiento del tejido social y la desaparici\u00f3n de los equilibrios colaborativos a todos los niveles y sectores de la sociedad, surge la necesidad de construir un Nuevo Pacto Social Solidario que reestructure las bases de la convivencia de las y los mexicanos entorno al objetivo central del bien com\u00fan, la prosperidad y el derecho a una vida feliz.<\/p>\n<p>En el Partido encuentro solidario,\u00a0 el Nuevo Pacto Social Solidario tiene que ser entendido como nuevo por la necesidad de sustituir el existente que ha resultado disfuncional en la b\u00fasqueda de un desarrollo integral sostenible enfocado en la cobertura b\u00e1sica de los satisfactores (bienestar objetivo) y en generaci\u00f3n de condiciones para acceder a una vida plena (bienestar subjetivo). Es un pacto, porque incluye como eje central el reconocimiento de la corresponsabilidad de todos los mexicanos y las instituciones para mejorar como pa\u00eds. Es social porque identifica a todos los componentes del espectro como unicidad que aspira a beneficios compartidos y es solidario porque encuentra en la empat\u00eda universal y en la adhesi\u00f3n incondicional a causa o intereses ajenos identificados como parte del colectivo.<\/p>\n<p>El\u00a0 Nuevo Pacto Social Solidario pone en el centro de la vida p\u00fablica el inalienable derecho a una vida digna y feliz para todas y todos los mexicanos. Una vida digna en la cual todos los individuos que integran a la sociedad puedan ver cubiertas sus necesidades b\u00e1sicas como la salud, la educaci\u00f3n, un trabajo digno, una alimentaci\u00f3n de calidad, servicios p\u00fablicos y participaci\u00f3n pol\u00edtica en la vida democr\u00e1tica de M\u00e9xico. Una vida feliz en la cual todos los individuos puedan aspirar de manera efectiva a la autorrealizaci\u00f3n conceptualizada de manera personal y en pleno ejercicio de su libertad.\u00a0\u00a0\u00a0<\/p>\n<p>Este\u00a0 Pacto apela a la transformaci\u00f3n de la estructura social nacional tomando como base la conciencia individual y la transmisi\u00f3n de valores familiares como eje central de la cohesi\u00f3n y solidaridad. Sin embargo, el objetivo de una nueva escala de valores debe tender a la reconciliaci\u00f3n nacional basada en la reivindicaci\u00f3n de los que menos tienen y construyendo una nueva realidad donde impere la justicia social. Dicha reivindicaci\u00f3n sentar\u00e1 las bases de una nueva convivencia entre todos los niveles y sectores con el fin de alcanzar la paz.\u00a0<\/p>\n<p>Reconciliaci\u00f3n incluyente para la transformaci\u00f3n de M\u00e9xico: que se basa en contemplar a todos los sectores de la sociedad en la corresponsabilidad solidaria de la construcci\u00f3n del nuevo modelo de la vida p\u00fablica de M\u00e9xico.<\/p>\n<p>Redistribuci\u00f3n para la justicia social: que se basa en la priorizaci\u00f3n de recursos con base en las condiciones socioecon\u00f3micas y de rezago para detonar oportunidades consistentes en la movilidad social.<\/p>\n<p>Democracia deliberativa efectiva: que se basa en la construcci\u00f3n de mecanismos de participaci\u00f3n pol\u00edtica de car\u00e1cter vecinal y comunitario donde se extremen las necesidades colectivas y se priorice el gasto derivado de un presupuesto participativo nacional.<\/p>\n<p>Valores de la Nueva Familia Mexicana: que se basa en la conceptualizaci\u00f3n de la familia mexicana como la unidad b\u00e1sica de la sociedad y la principal\u00a0 formadora de individuos que privilegien el bien com\u00fan sobre el individual.\u00a0<\/p>\n<p>Reconciliaci\u00f3n incluyente para la transformaci\u00f3n de M\u00e9xico.<\/p>\n<p>El pa\u00eds se encuentra dividido producto de la inexistencia de un concepto homologado de lo que significa el bien com\u00fan. Todos los actores sociales interact\u00faan desde la perspectiva del inter\u00e9s individual o de grupo y no de lo que Rawls denomina \u201cvelo de ignorancia\u201d, es decir desde un verdadero sentido de justicia que nos encamine al bien com\u00fan.\u00a0<\/p>\n<p>Dado lo anterior, resulta muy importante constituir y socializar un concepto de bien com\u00fan que nos beneficie a todos como naci\u00f3n, que nos permita comprender que el progreso social y el mejoramiento de la calidad de vida de todos los mexicanos, sobre todos los m\u00e1s desfavorecidos, traer\u00e1 en el mediano plazo beneficios tangibles al colectivo. En otras palabras, el progreso ser\u00e1 para todos o no ser\u00e1, para ello, el concepto homologado de bien com\u00fan deber\u00e1 tener como objetivo fundamental la igualdad de oportunidades. La verdadera reconciliaci\u00f3n nacional solo se lograr\u00e1 mediante la acci\u00f3n afirmativa contundente que nos iguale a todos como ciudadanos y nos brinde a todos\u00a0 una expectativa cre\u00edble de movilidad social.<\/p>\n<p>Democracia deliberativa efectiva.<\/p>\n<p>La transformaci\u00f3n nacional tambi\u00e9n se basa en el fortalecimiento de la vida democr\u00e1tica de M\u00e9xico, para ello es importante construir un nuevo modelo de alta intensidad donde el derecho a la participaci\u00f3n pol\u00edtica sea ejercido por la ciudadan\u00eda de manera efectiva y en su sentido m\u00e1s amplio y no limitado a la participaci\u00f3n del voto. Para ello resulta muy importante consolidar el entramado institucional que permita abrir espacios de participaci\u00f3n para la toma de decisiones de relevancia p\u00fablica nacional. Sin embargo, tambi\u00e9n es importante abrir mecanismos de participaci\u00f3n ciudadana para la toma de decisiones en el entorno m\u00e1s pr\u00f3ximo.<\/p>\n<p>Por lo anterior, el Partido Encuentro Solidario considera relevante que las secciones electorales sean algo m\u00e1s que elementos de la geograf\u00eda y organizaci\u00f3n pol\u00edtica, deben convertirse en el primer n\u00facleo de participaci\u00f3n mediante mecanismos de democracia deliberativa que permitan acercar al ciudadano a las decisiones que la impactan en primer grado y contribuyan como primer n\u00facleo, al fortalecimiento de una cultura pol\u00edtica m\u00e1s s\u00f3lida. Un ejemplo de este tipo de mecanismos ser\u00eda la decisi\u00f3n de la utilizaci\u00f3n de recursos mediante el presupuesto participativo.\u00a0<\/p>\n<p>P\u00e1ginas 27y 28<\/p>\n\t\t\t\t\t\t\t\t\t\t\t\t<a href=\"\">\u2022 Juventudes<\/a>\n\t\t\t\t\t<p>Los j\u00f3venes representan no s\u00f3lo el futuro del pa\u00eds sino tambi\u00e9n su presente, constituyen m\u00e1s del 30% de la poblaci\u00f3n nacional y tienen un significado estrat\u00e9gico para el desarrollo social econ\u00f3mico y pol\u00edtico de la Rep\u00fablica.\u00a0 Representan uno de los objetivos y las tareas\u00a0 m\u00e1s importantes que el partido debe atender. En concreto hablamos de otorgarle la oportunidad y la esperanza de un futuro en mejores condiciones y esto implica apoyar su desarrollo pleno en materia educativa y de trabajo, as\u00ed como dot\u00e1ndoles de medios diversos porque ellos constituyen la semilla de una nueva cultura nacional que tenga mejores oportunidades que las que tuvieron generaciones anteriores y una mayor capacidad de insertarse en nuevos procesos nacionales y en la globalidad. El PES se pronuncia por una atenci\u00f3n espec\u00edfica a este segmento social y vigilar\u00e1 la puesta en marcha de medidas que permitan su mejoramiento y su incorporaci\u00f3n plena a la vida adulta.\u00a0\u00a0\u00a0\u00a0<\/p>\n<p>P\u00e1ginas 17 y 18<\/p>\n\t\t\t\t\t\t\t\t\t\t\t\t<a href=\"\">\u2022 Otro tema no enmarcado en las categorias<\/a>\n\t\t\t\t\t<p>El PES se pronuncia en apoyar a todos los segmentos sociales que requieren de pol\u00edticas de inclusi\u00f3n y reafirmaci\u00f3n entre los que destaca la poblaci\u00f3n mexicana con ra\u00edces en sus pueblos originarios que padecen una permanente pobreza y segregaci\u00f3n, as\u00ed como\u00a0 personas con capacidades diferentes. Ambos segmentos requieren de una expresi\u00f3n cabal en los espacios de toma de decisiones y de pol\u00edticas de atenci\u00f3n y reafirmaci\u00f3n que se expresen en leyes y medidas administrativas. El partido tiene una enorme responsabilidad por su \u00e9nfasis social y solidario de estar como promotor y vigilante de nuevas pol\u00edticas que abran espacios en t\u00e9rminos de salud, de infraestructura, de trabajo de educaci\u00f3n entre otras, a quienes se encuentran en esta condici\u00f3n. As\u00ed como en garantizar su participaci\u00f3n plena en espacios pol\u00edticos para hacer valer sus derechos.<\/p>\n<p>P\u00e1gina 18<\/p>\n\t\t\t\t\t\t\t\t\t\t\t<a href=\"https:\/\/www2.iepcjalisco.org.mx\/tablero-electoral-2021\/wp-content\/uploads\/2021\/03\/PLATAFORMA-ELECTORAL-SOMOS-JALISCO.docx\" target=\"_blank\" rel=\"noopener\">\n\t\t\t\t\t\t\t<img width=\"300\" height=\"300\" src=\"https:\/\/www2.iepcjalisco.org.mx\/tablero-electoral-2021\/wp-content\/uploads\/2021\/03\/08-SOMOS.png\" alt=\"\" loading=\"lazy\" \/>\t\t\t\t\t\t\t\t<\/a>\n\t\t\t\t\t\t\t\t\t\t\t\t<a href=\"\">SOMOS JALISCO<\/a>\n\t\t\t\t\t<p><a href=\"https:\/\/www2.iepcjalisco.org.mx\/tablero-electoral-2021\/wp-content\/uploads\/2021\/03\/PLATAFORMA-ELECTORAL-SOMOS-JALISCO.docx\">Descagar Plataforma Electoral<\/a><\/p>\n<p>Secretaria general:<\/p>\n<p>Adriana Judith S\u00e1nchez Mejia<\/p>\n<p>Redes sociales oficiales del Partido:<br \/><a href=\"https:\/\/somosjalisco.org.mx\/\" target=\"_blank\" rel=\"noopener\">https:\/\/somosjalisco.org.mx\/<\/a><br \/><a href=\"https:\/\/www.facebook.com\/JALISCOSOMOS\/\" target=\"_blank\" rel=\"noopener\">https:\/\/www.facebook.com\/JALISCOSOMOS\/<\/a><br \/><a href=\"https:\/\/twitter.com\/JaliscoSomos\" target=\"_blank\" rel=\"noopener\">https:\/\/twitter.com\/JaliscoSomos<\/a><\/p>\n\t\t\t\t\t\t\t\t\t\t\t\t<a href=\"\">\u2022 Gobernabilidad y Seguridad<\/a>\n\t\t\t\t\t<p><b> Acciones en contra de la impunidad<\/b><\/p>\n<p>Actualmente la justicia se encuentra dispersa en los tres \u00f3rdenes de gobierno, no existe una eficiente divisi\u00f3n de competencias y su efectividad depende de que cada uno de ellos cumpla eficientemente su tarea encomendada. Adem\u00e1s, es una realidad que los ciudadanos carecen de una protecci\u00f3n real del Estado y acceso a procesos jurisdiccionales para la reparaci\u00f3n o protecci\u00f3n de la justicia, primero por sobrecarga e ineficiencia operativa de las instituciones y segundo por las barreras econ\u00f3micas, territoriales, sociales y de diversas \u00edndoles.<\/p>\n<p>La configuraci\u00f3n normativa y la eficacia de Las instituciones es insuficiente para desincentivar las conductas delictivas. La investigaci\u00f3n de los delitos inexistente y la incapacidad para qu\u00e9 los Ministerios P\u00fablicos cumplan su evidente.<\/p>\n<p>Es necesario crear una nueva justicia en el que se asegure la procuraci\u00f3n e impartici\u00f3n de la misma en forma oportuna, s\u00f3lo as\u00ed existir\u00e1 una garant\u00eda de los Derechos Humanos, conforme a los m\u00e1s altos est\u00e1ndares de protecci\u00f3n de los individuos, es por eso que es necesario, para combatir la impunidad, realizar acciones no s\u00f3lo para modernizar el sistema justicia, sino tambi\u00e9n en materia de derechos humanos.<\/p>\n<p><b>Acciones para un nuevo sistema de justicia<\/b><\/p>\n<p>En SOMOS estamos conscientes de la necesidad de crear un Sistema de Impartici\u00f3n de Justicia moderno, eficaz y transparente, por lo que se buscar\u00e1 realizar todas las acciones necesarias para garantizar la procuraci\u00f3n y administraci\u00f3n de Justicia para asegurar el pleno ejercicio y protecci\u00f3n de los Derechos Humanos y las libertades ciudadanas.<\/p>\n<p>Cumpliendo los m\u00e1s altos est\u00e1ndares de debido proceso, as\u00ed como una justicia pronta y expedita. Con un sistema eficiente y eficaz, moderno y transparente, que responda a los nuevos paradigmas sociales y del Derecho, otorgando en todo omento certeza jur\u00eddica a las personas y haciendo un especial \u00e9nfasis en los grupos m\u00e1s vulnerables, mediante la participaci\u00f3n de los \u00e1mbitos p\u00fablicos y privados, as\u00ed como de los tres \u00f3rdenes de gobierno. Haciendo un uso efectivo y buscando el continuo perfeccionamiento de Ios medios de control constitucional, como el amparo dem\u00e1s acciones y recursos jurisdiccionales, as\u00ed como de los procesos colectivos.<\/p>\n<p>Por lo anterior, proponemos diversas acciones en los que prevalecen 5 enfoques. El primer enfoque se refiere a la modernizaci\u00f3n del sistema de impartici\u00f3n de justicia con apego a los principios de debido proceso, en el que se asegure el acceso a todas las personas a un juicio justo. El segundo enfoque se orienta a la modernizaci\u00f3n del sistema de investigaci\u00f3n efectividad de la fiscal\u00eda, a trav\u00e9s del perfeccionamiento del marco normativo e institucional que mejore el cumplimiento de la ley.<\/p>\n<p>El tercer enfoque se refiere la modernizaci\u00f3n del sistema de readaptaci\u00f3n social y cumplimiento de sanciones, para apegarse a los principios de presunci\u00f3n de inocencia, as\u00ed como generar nuevos mecanismos de cumplimiento de penas, as\u00ed como el redimensionamiento de la figura de la reincidencia para lograr una efectiva disuasi\u00f3n de las conductas adictivas. El cuarto hace \u00e9nfasis en la participaci\u00f3n, transparencia y mecanismos alternativos de soluci\u00f3n que permitan mayor control, responsabilidad y eficacia. De la instituci\u00f3n de impartici\u00f3n de justicia. El quinto y \u00faltimo enfoque pone \u00e9nfasis en acceso a la justicia de cada individuo con especial atenci\u00f3n a grupos vulnerables, superando la pobreza legal generada por condiciones econ\u00f3micas, territoriales, sociales, entre otros.<\/p>\n<p>A continuaci\u00f3n, se presentan principales propuestas que servir\u00e1n de gu\u00eda y discusi\u00f3n para permear, en la ciudadan\u00eda mexicana y en las pol\u00edticas p\u00fablicas del Estado, los ideales por los cuales pugna el Partido:<\/p>\n<ul>\n<li style=\"font-weight: 400;\" aria-level=\"1\">Asegurar una aplicaci\u00f3n justa de la Ley, que sea equitativa con todos los ciudadanos; donde no valga posici\u00f3n econ\u00f3mica, pol\u00edtica o social para obtener beneficios extralegales, que no se permita la evasi\u00f3n de la los infractores ante la actuaci\u00f3n del Estado. Abatir la pobreza legal.<\/li>\n<li style=\"font-weight: 400;\" aria-level=\"1\">Mejorar la divisi\u00f3n de las competencias de las autoridades de los diferentes \u00f3rdenes de gobierno generando mecanismos que fortalezcan a las instituciones de impartici\u00f3n de justicia y mejoren los procedimientos de transparencia y evaluaci\u00f3n de las mismas<\/li>\n<li style=\"font-weight: 400;\" aria-level=\"1\">Crear Mecanismos Alternativos de soluci\u00f3n de Conflictos que permitan acceder a los grupos vulnerables en materias espec\u00edficas resoluciones justas al alcance de todos.<\/li>\n<li style=\"font-weight: 400;\" aria-level=\"1\">Incorporar medios tecnol\u00f3gicos a la impartici\u00f3n de justicia que: reduzcan los costos litigiosos de los actores que participaci\u00f3n en el proceso; mejoren la eficacia y eficiencia en los procesos judiciales y administrativos; den mayor accesibilidad a las personas y que permean un mejor control -de procedimientos. As\u00ed como mecanismos de registro de cada una de, las audiencias del proceso.<\/li>\n<li style=\"font-weight: 400;\" aria-level=\"1\">Promover la participaci\u00f3n ciudadana; y la publicidad de los procedimientos judiciales y administrativos. As\u00ed mismo en procedimientos de la \u00edndole penal se deben asegurar sistemas por los cuales los denunciantes puedan conocer del estatus de su denuncia y que efectivamente el Estado de respuesta de la misma.<\/li>\n<li style=\"font-weight: 400;\" aria-level=\"1\">Impulsar los mecanismos necesarios para asegurar que las personas cuenten con un juicio justo, en el que sean o\u00eddos conforme a derecho independientemente de las condiciones econ\u00f3micas, sociales, pol\u00edticas o culturales.<\/li>\n<li style=\"font-weight: 400;\" aria-level=\"1\">Vigilar que las instituciones judiciales act\u00faen conforme a los est\u00e1ndares de debido proceso y conforme al principio de presunci\u00f3n de inocencia para asegurar que no haya personas inocentes presas debido a la ineficacia del Estado.<\/li>\n<li style=\"font-weight: 400;\" aria-level=\"1\">Realizar mejoras administrativas normativas para reducir los tiempos de acceso a la justicia, disminuir la carga de trabajo de los juzgados y hacer m\u00e1s eficiente la actuaci\u00f3n judicial. Particularmente, implementar todas las acciones necesarias para que en materia penal se respete el plazo razonable establecido en la-Constituci\u00f3n.<\/li>\n<li style=\"font-weight: 400;\" aria-level=\"1\">Profesionalizar a los defensores p\u00fablicos, generando un mayor est\u00e1ndar de defensa adecuada, en el que cualquier persona pueda tener acceso a un buen abogado y que pueda recibir asesor\u00eda jur\u00eddica en cualquier materia de manera responsable y profesional. Adem\u00e1s buscaremos remediar las cargas de trabajo los defensores p\u00fablicos que les impiden llevar mejor su trabajo.<\/li>\n<li style=\"font-weight: 400;\" aria-level=\"1\">Asegurar el acceso a la justicia material y formal donde exista un resarcimiento efectivo, asegurando procedimientos normativo accesibles que ya sea de forma individual o colectivo<\/li>\n<li style=\"font-weight: 400;\" aria-level=\"1\">Fortalecer la investigaci\u00f3n de delitos, para asegurar que ning\u00fan il\u00edcito quede impune y que efectivamente los procesados sean quienes realmente cometieron dichos actos.<\/li>\n<li style=\"font-weight: 400;\" aria-level=\"1\">Profesionalizar la Procuradur\u00eda Estatal, asegurando que tenga los m\u00e1s altos est\u00e1ndares t\u00e9cnicos tecnol\u00f3gicos de investigaci\u00f3n.<\/li>\n<li style=\"font-weight: 400;\" aria-level=\"1\">Buscar las reformas necesarias para asegurar que se respeten los est\u00e1ndares m\u00e1s altos de valoraci\u00f3n de pruebas en el proceso, lo anterior sin demeritar el acceso a la justicia, cuidando en todo momento que las partes tengan la misma posibilidad de presenta prueba en el mismo.<\/li>\n<li style=\"font-weight: 400;\" aria-level=\"1\">Establecer mecanismos de sustituci\u00f3n de medidas preventivas que permitan analizar estrictamente Ios casos espec\u00edficos de cada persona detenida, otorgado beneficios en aquellos los casos que realmente no se genere un perjuicio a la sociedad.<\/li>\n<li style=\"font-weight: 400;\" aria-level=\"1\">Establecer los incentivos indicados tanto en la aplicaci\u00f3n como en su configuraci\u00f3n para que las penas sean efectivas y logren incidir en la conducta de los ciudadanos y as\u00ed disminuir criminalidad de delitos graves y no graves.<\/li>\n<li style=\"font-weight: 400;\" aria-level=\"1\">Redimensionar la figura de la reincidencia y efectivamente evitar que las personas que cometen un delito, Io cometan de manera consuetudinaria sin respeto a las instituciones y en contra de la sociedad.<\/li>\n<li style=\"font-weight: 400;\" aria-level=\"1\">Analizar la funci\u00f3n, capacidad y eficiencia de la Fiscal\u00eda para crear una que se encargue de construir los casos, con estricto apego a derecho, que realmente investigue y vigile que la actuaci\u00f3n del Estado que est\u00e9 especializada y que su nombramiento se encuentre sujeto a reglas claras de competencia.<\/li>\n<li style=\"font-weight: 400;\" aria-level=\"1\">Crear medios para que las v\u00edctimas y procesados puedan inconformarse de la actuaci\u00f3n de la fiscal\u00eda y servidores p\u00fablicos relacionados sin que existan represalias.<\/li>\n<li style=\"font-weight: 400;\" aria-level=\"1\">Realizar las adecuaciones legislativas necesarias para generar mecanismos alternos de conmutaci\u00f3n de penas que permitan un mayor beneficio social.<\/li>\n<li style=\"font-weight: 400;\" aria-level=\"1\">Reorganizar el sistema penitenciario promoviendo otra cultura de readaptaci\u00f3n, propiciando mayor control entro de los centros y evitando la proliferaci\u00f3n de conductas delictivas en contra de la sociedad. Aceptar la observaci\u00f3n de organizaciones de la sociedad civil y transparentar los centros de readaptaci\u00f3n.<\/li>\n<li style=\"font-weight: 400;\" aria-level=\"1\">Promover leyes claras y mucho m\u00e1s accesibles que propicien autoridades m\u00e1s efectivas y eficientes, que incidan de una manera positiva en la vida diaria de las personas y que fortalezcan instituciones como la familia y sus valores.<\/li>\n<\/ul>\n<p><b>Acciones para un buen gobierno<\/b><\/p>\n<p>Una tarea fundamental de SOMOS ser\u00e1 sentar las bases para la construcci\u00f3n de buenos gobiernos, que sean el resultado de buenos gobernantes. Es indispensable que tengamos gobiernos eficientes, eficaces con responsabilidad social y ambiental.<\/p>\n<p>Sin lugar a dudas el proceso de democratizaci\u00f3n ha ampliado la exigencia por romper viejos patrones de gesti\u00f3n p\u00fablica. Si bien es cierto que se han iniciado esfuerzos, es necesario avanzar en la mejor progresiva de los gobiernos estatal y municipales. Una definido el objetivo general, a continuaci\u00f3n, se presentan las principales propuestas:<\/p>\n<ol>\n<li style=\"list-style-type: none;\">\n<ol>\n<li style=\"font-weight: 400;\" aria-level=\"1\">Modernizar los esquemas de gesti\u00f3n de las demandas ciudadanas, garantizando su eficiente y eficaz atenci\u00f3n.\u00a0<\/li>\n<li style=\"font-weight: 400;\" aria-level=\"1\">Propiciar una forma el gobierno que foment\u00e9 la inclusi\u00f3n de diferentes partidos pol\u00edticos.<\/li>\n<li style=\"font-weight: 400;\" aria-level=\"1\">Propiciar mecanismos que permitan distinguir los asuntos propios del Estado de los asuntos de gobierno.<\/li>\n<li style=\"font-weight: 400;\" aria-level=\"1\">Profesionalizar la administraci\u00f3n p\u00fablica con servicios profesionales de carrera transparentes y no sujeto a reglas burocr\u00e1ticas excesivas.<\/li>\n<li style=\"font-weight: 400;\" aria-level=\"1\">Fomentar la confianza las instituciones p\u00fablicas, ello a partir de la promoci\u00f3n de mejores decisiones y acciones gubernamentales basadas en el inter\u00e9s p\u00fablico.<\/li>\n<li style=\"font-weight: 400;\" aria-level=\"1\">Fortalecer las relaciones entre ciudadan\u00eda y gobierno, con base al gobierno abierto que propicie la transparencia y rendici\u00f3n de cuentas.<\/li>\n<li style=\"font-weight: 400;\" aria-level=\"1\">Promover la ampliaci\u00f3n de cobertura y calidad de los servicios prove\u00eddos por el gobierno.<\/li>\n<li style=\"font-weight: 400;\" aria-level=\"1\">Incentivar la inversi\u00f3n, la generaci\u00f3n y mejor distribuci\u00f3n de riqueza y mayor empleo mediante estructuras institucionales que den certeza a los inversionistas.<\/li>\n<li style=\"font-weight: 400;\" aria-level=\"1\">Simplificar los tr\u00e1mites para desincentivar ar la corrupci\u00f3n, innovando a trav\u00e9s de plataformas tecnol\u00f3gicas que simult\u00e1neamente transparenten los tr\u00e1mites.<\/li>\n<li style=\"font-weight: 400;\" aria-level=\"1\">Buscar la reducci\u00f3n del gasto corriente de la administraci\u00f3n p\u00fablica.<\/li>\n<\/ol>\n<\/li>\n<\/ol>\n<ul>\n<li aria-level=\"1\">Fomentar la participaci\u00f3n de administraci\u00f3n de empresas mexicanas en las adquisiciones de gobierno.<\/li>\n<\/ul>\n<h5><b>Acciones de SOLIDARIDAD Y reconciliaci\u00f3n para disminuir la violencia<\/b><\/h5>\n<p>En los \u00faltimos a\u00f1os el debate en torno a las estrategias y acciones por parte de los distintos niveles de gobierno para enfrentar el fen\u00f3meno de la inseguridad p\u00fablica, pr\u00e1cticamente ha polarizado al pa\u00eds, mientras en los c\u00edrculos pol\u00edticos y sociales a\u00fan no hay acuerdos o consensos que logren articular la mejor estrategia de paz y seguridad, el pa\u00eds contin\u00faa su vertiginosa y delicada escalada de violencia.<\/p>\n<p>En una sociedad en la que las instituciones pierdan la confianza de los gobernados, hay un riesgo latente de ingobernabilidad e inestabilidad El sentimiento de temor, la percepci\u00f3n de vulnerabilidad y la visible angustia colectiva obliga a revisar y replantear las actuales acciones y propuestas gubernamentales, generando v\u00ednculos de confianza entre los gobernados y sus autoridades, as\u00ed como enderezar el rumbo hacia la b\u00fasqueda de la reconciliaci\u00f3n nacional. Es indispensable Lograr la conciliaci\u00f3n entre el uso leg\u00edtimo de la fuerza del Estado y las garant\u00edas del gobernado, esa es la obligaci\u00f3n y responsabilidad m\u00e1s grande que tiene que cumplir el estado.<\/p>\n<p>La propuesta de SOMOS trata entonces de abordar la diversidad de aspectos que han limitado el establecimiento de estrategias efectivas de paz y seguridad, as\u00ed como la impartici\u00f3n de justicia basado principalmente en los siguientes ejes:<\/p>\n<ol>\n<li>El primero es incapacidad de la fuerza p\u00fablica para mantener seguridad p\u00fablica. Una de las mayores cr\u00edticas que ha recibido el gobierno, es la incorporaci\u00f3n del Ej\u00e9rcito en las tareas de combate al crimen organizado, dicha situaci\u00f3n fue generada por el alt\u00edsimo grado de involucramiento que las polic\u00edas locales han sostenido con el crimen organizado, lo que hace evidente la necesidad de reorganizar y profesionalizar a los cuerpos policiacos municipales y del Estado.<\/li>\n<li>El segundo es la necesidad de arraigar cultura de la legalidad: es urgentemente generar acciones que fomenten entre los ciudadanos el respeto a las leyes, reglamentos y cualquier otra disposici\u00f3n legal para ello es importante que las reglas b\u00e1sicas de convivencia social sean una prioridad \u00a0 en el ejercicio gubernamental. Es importante el establecimiento de alianzas organismos sociales para difundir en la comunidad el conocimiento de las normas reglamentos que regulan las relaciones entre los ciudadanos.<\/li>\n<li>El tercero es perfeccionar los mecanismos de prevenci\u00f3n del delito: al igual que en el tema anterior, mucho se ha dicho y tratado de hacer en temas de prevenci\u00f3n del delito. Es necesario atender las causas estructurales que dan origen a diversos delitos. De manera particular estas acciones deben orientarse a los j\u00f3venes que, en muchos de los casos, frente a la falta de oportunidades educativas y una oferta laboral formal, son absorbidos por grupos delictivos.<\/li>\n<li>El \u00faltimo es la procuraci\u00f3n, administraci\u00f3n e impartici\u00f3n de justicia: los cambios que los \u00f3rganos relacionados con la justicia requieren, est\u00e1n en funci\u00f3n de la adecuaci\u00f3n de las estructuras org\u00e1nicas de\u00a0 la fiscal\u00eda y de la seguridad p\u00fablica, lo anterior con el objetivo de hacer eficiente desempe\u00f1o, privilegiando el orden p\u00fablico, a las v\u00edctimas del delito y el respeto a los derechos humanos, incluyendo un sistema de mejoramiento de las \u00e1reas de atenci\u00f3n al p\u00fablico.<\/li>\n<\/ol>\n<p>A continuaci\u00f3n, se presentan las principales propuestas que servir\u00e1n de gu\u00eda y discusi\u00f3n para permear, en ciudadan\u00eda y en las pol\u00edticas p\u00fablicas del Estado, ideales por los cuales pugna el Partido:<\/p>\n<ul>\n<li style=\"font-weight: 400;\" aria-level=\"1\">Certificar a los altos mandos policiacos, acreditando que cuentan con solvencia \u00e9tica y desarrollo patrimonial justificado.<\/li>\n<li style=\"font-weight: 400;\" aria-level=\"1\">Realizar la adecuaci\u00f3n es normativas para asegurar la destituci\u00f3n de elementos involucrados con el crimen, apegado a los procedimientos legales y su seguimiento con la finalidad de que no se involucren en actividades u organizaciones delictivas.<\/li>\n<li style=\"font-weight: 400;\" aria-level=\"1\">Fomentar la participaci\u00f3n de organismos sociales y asociaciones civiles que contribuyan a difundir el respecto al Estado Social de Derecho, fomentan valores y principios \u00e9ticos.<\/li>\n<li style=\"font-weight: 400;\" aria-level=\"1\">Emprender estrategias integrales que impidan la cooptaci\u00f3n de j\u00f3venes y ni\u00f1os en la delincuencia organizada, con acciones en materia educativa, empleo, cohesi\u00f3n social, actividades recreativas y cualquier otra que fuera necesaria seg\u00fan las necesidades espec\u00edficas locales.<\/li>\n<li style=\"font-weight: 400;\" aria-level=\"1\">Propiciar mecanismos eficientes de denuncia ciudadana, otorgando plena seguridad a la poblaci\u00f3n de que no existieran represalias por parte del crimen organizado.<\/li>\n<li style=\"font-weight: 400;\" aria-level=\"1\">Impulsar mecanismos permanentes de evaluaci\u00f3n y medici\u00f3n de resultados de la intervenci\u00f3n del gobierno para inhibir la aparici\u00f3n de una conducta delictiva dentro de la fuerza p\u00fablica o reorientar la estrategia de seguridad.<\/li>\n<li style=\"font-weight: 400;\" aria-level=\"1\">Promover programas de servicio profesional de carrear policial en el caso de corporaciones policiacas encaminado a la certificaci\u00f3n de control y confianza, profesionalizaci\u00f3n y trascendencia de los mandos medios de dichas instituciones.<\/li>\n<li style=\"font-weight: 400;\" aria-level=\"1\">Incorporaci\u00f3n de polic\u00edas comunitarios que permitan reconstituir el tejido social en sus localidades.<\/li>\n<li style=\"font-weight: 400;\" aria-level=\"1\">Fomentar la participaci\u00f3n social para atender el problema de adicciones, abord\u00e1ndolo desde una perspectiva integral desde aspectos m\u00e9dico, psicol\u00f3gico, social, familiar del adicto, generando partidas presupuestales espec\u00edficas para la atenci\u00f3n de los mismos.<\/li>\n<li style=\"font-weight: 400;\" aria-level=\"1\">Establecer contralor\u00edas u observatorios ciudadanos que eval\u00faen la actuaci\u00f3n de las corporaciones policiacas.<\/li>\n<li style=\"font-weight: 400;\" aria-level=\"1\">Establecer un \u00f3rgano t\u00e9cnico especializado encargado del del sistema judicial para garantizar su eficiencia y el cumplimiento de sus objetivos.<\/li>\n<li style=\"font-weight: 400;\" aria-level=\"1\">Impulsar un centro de inteligencia policial que permita el combate de la inseguridad desde una perspectiva m\u00e1s profesional.<\/li>\n<\/ul>\n\t\t\t\t\t\t\t\t\t\t\t\t<a href=\"\">\u2022 Movilidad<\/a>\n\t\t\t\t\t\t\t\t\t\t\t\t<a href=\"\">\u2022 Desarrollo Econ\u00f3mico, Empleo y Salario<\/a>\n\t\t\t\t\t<p><b>Acciones para el desarrollo en la globalizaci\u00f3n<\/b><\/p>\n<p>\u00a0<\/p>\n<p>Para SOMOS la globalizaci\u00f3n debe ser entendida como una forma de vinculaci\u00f3n con el mundo, con el firme prop\u00f3sito de potencializar las posibilidades de desarrollo tanto en los individuos como en la naci\u00f3n general.<\/p>\n<p>\u00a0<\/p>\n<p>Es por eso que en este tema proponemos las siguientes acciones:<\/p>\n<p>\u00a0<\/p>\n<ol>\n<li style=\"font-weight: 400;\" aria-level=\"1\">Apoyar activamente los esfuerzos de los jaliscienses en el extranjero para valer sus derechos humanos.<\/li>\n<li style=\"font-weight: 400;\" aria-level=\"1\">Apoyar activamente los esfuerzos de los inversionistas jaliscienses en el extranjero para que no sean sujetos de pr\u00e1cticas discriminatorias.<\/li>\n<li style=\"font-weight: 400;\" aria-level=\"1\">Mejorar la comunicaci\u00f3n con otros pa\u00edses para aumentar la reciprocidad e intercambio comercial, cultural, educativo.<\/li>\n<li style=\"font-weight: 400;\" aria-level=\"1\">Fortalecer el ambiente de negocios al interior de las entidades para propiciar mayor atracci\u00f3n de inversiones.<\/li>\n<li style=\"font-weight: 400;\" aria-level=\"1\">Mejorar la oferta tur\u00edstica orientada a todos los sectores y niveles sociales, desarrollando de manera paralela la infraestructura necesaria.<\/li>\n<\/ol>\n<ol>\n<li><b> Acciones contra la pobreza<\/b><\/li>\n<\/ol>\n<p>La pobreza no se combate, no se trata de una guerra, sino de una enfermedad social que necesita ser entendida en sus causas a entendida en sus s\u00edntomas. Entre sus causas, est\u00e1 el rezago hist\u00f3rico en la creaci\u00f3n y reparaci\u00f3n de capitales, junto con el cambio estructural de la forma de genera valor en el mundo. Mientras que la econom\u00eda mundial reclama conocimiento especializado, nosotros no hemos podido ofrecer ni siquiera capacidades generales al grueso de nuestra poblaci\u00f3n.<\/p>\n<p>Las consecuencias naturales o s\u00edntomas de esto son un marcado incremento en la desigualdad, la marginaci\u00f3n y exclusi\u00f3n sistem\u00e1tica, que limita las oportunidades de desarrollo de los individuos. Uno de sus efectos destacados, es la desintegraci\u00f3n del hogar que rompe con las tradicionales redes de protecci\u00f3n adjuntas en Jalisco. De igual forma, un efecto secundario ha sido el a aprovechamiento clientelar de las personas que se encuentran en estas condiciones como resultado de programas sociales paliativos.<\/p>\n<p>En el contexto internacional, podemos identificar diversas posiciones y discusiones sobre cu\u00e1les son los l\u00edmites leg\u00edtimos de intervenci\u00f3n social del Estado. Siguiendo argumentos liberales se ha favorecido la contracci\u00f3n el Estado, sin embargo, la agudizaci\u00f3n de los problemas sociales antes descritos Hacen indispensable actuar contra la pobreza desde diferentes \u00e1mbitos sin perder de vista el sentido de integralidad y complementariedad.<\/p>\n<p>Para reducir la pobreza la actuaci\u00f3n no puede concentrarse en un \u00e1mbito, sino en acciones complementarias que atiendan estructuralmente el problema. Para SOMOS, se pueden destacar cuatro l\u00edneas en las cuales concentrar las acciones. La primera de ellas se enfoca en el desarrollo social como base del bienestar individual y colectivo; la segunda, en impulsar el sector tur\u00edstico local, el sector agr\u00edcola y campesino como motor del desarrollo regional; una tercera, en materia fiscal y tributaria como impulsores del crecimiento como econ\u00f3mico y al mismo tiempo parte de una redistributiva de la riqueza generada; y la cuarta y \u00faltima, el tema de las acciones en la globalizaci\u00f3n.\u00a0<\/p>\n<p><b>VIII. Acciones para impulsar el fortalecimiento y crecimiento de los municipios de Jalisco<\/b><\/p>\n<p>En SOMOS, como partido pol\u00edtico local estamos convencidos de la necesidad \u00a0 \u00a0 \u00a0 \u00a0 \u00a0 \u00a0 \u00a0 \u00a0 \u00a0 \u00a0 \u00a0 \u00a0 \u00a0 \u00a0 \u00a0 \u00a0 \u00a0 \u00a0 \u00a0 \u00a0 \u00a0 \u00a0 \u00a0 \u00a0 \u00a0 \u00a0 \u00a0 \u00a0 \u00a0 \u00a0 \u00a0 \u00a0 \u00a0 \u00a0 \u00a0 \u00a0 \u00a0 \u00a0 \u00a0 \u00a0 \u00a0 \u00a0 \u00a0 \u00a0 \u00a0 inmediata de impulsar el fortalecimiento de los municipios de nuestro Estado, ya que consideramos que estas acciones generaran mayor competitividad y crecimiento individual en cada uno de ellos, pudiendo resalta los valores culturales y las bellezas tur\u00edsticas representativas en los municipios de Jalisco.<\/p>\n<p>As\u00ed las principales propuestas que servir\u00e1n de gu\u00eda y discusi\u00f3n para fortalecer e impulsar el crecimiento de nuestros municipios son los siguientes:<\/p>\n<p>\u00a0<\/p>\n<ol>\n<li style=\"font-weight: 400;\" aria-level=\"1\">Impulsar mecanismos fiscales que les permitan a los municipios una mayor autonom\u00eda en la recaudaci\u00f3n de impuestos.<\/li>\n<li style=\"font-weight: 400;\" aria-level=\"1\">Generar apoyo para la capacitaci\u00f3n y profesionalizaci\u00f3n de los encargados de la seguridad p\u00fablica.<\/li>\n<li style=\"font-weight: 400;\" aria-level=\"1\">Implementar mecanismos con las instituciones de seguridad del Estado.<\/li>\n<li style=\"font-weight: 400;\" aria-level=\"1\">Generar campa\u00f1as que resalten los lugares tur\u00edsticos de los municipios.<\/li>\n<li style=\"font-weight: 400;\" aria-level=\"1\">Apoyar las actividades econ\u00f3micas sobresalientes de cada municipio, e impulsar su crecimiento y desarrollo.<\/li>\n<li style=\"font-weight: 400;\" aria-level=\"1\">Buscar que la salud de los 172 municipios sea prioritaria mediante la generaci\u00f3n de mayores apoyos para crea centros de salud municipales que cuenten con los elementos suficientes para atenderse desde \u00cdo local los problemas de salud.<\/li>\n<\/ol>\n<ol>\n<li><b>b) Acciones para el turismo el campo como factor del Desarrollo Municipal y Regional:<\/b><\/li>\n<\/ol>\n<p>En SOMOS creemos que otro campo es posible y por eso convocamos a todos los jaliscienses a organizar las necesidades y demandas del sector, con la visi\u00f3n de defender nuestra soberan\u00eda alimentaria. Para SOMOS estas acciones se ubican en dos ejes generales, el primero, correspondiente al desarrollo agrario y el segundo al desarrollo rural sustentable.<\/p>\n<p>A continuaci\u00f3n, se presentan las principales propuestas que servir\u00e1n de gu\u00eda y discusi\u00f3n para permear, en la ciudadan\u00eda y en las pol\u00edticas p\u00fablicas del Estado, los ideales por los cuales pugna el Partido:<\/p>\n<ol>\n<li style=\"font-weight: 400;\" aria-level=\"1\">Promover pol\u00edticas p\u00fablicas del sector, bajo el criterio de Soberan\u00eda y Seguridad Agroalimentaria y Nutricional como fundamento en la planeaci\u00f3n y creaci\u00f3n de una pol\u00edtica de Estado de corto, mediano y largo plazo.<\/li>\n<li style=\"font-weight: 400;\" aria-level=\"1\">Promover la educaci\u00f3n superior en las regiones y los municipios m\u00e1s marginados.<\/li>\n<li style=\"font-weight: 400;\" aria-level=\"1\">Eliminar las brechas municipales o regionales de desigualdad productiva, derivadas de asimetr\u00edas en el acceso a cr\u00e9ditos, modernizaci\u00f3n tecnol\u00f3gica, falta de v\u00edas de comercializaci\u00f3n entre otras.<\/li>\n<li style=\"font-weight: 400;\" aria-level=\"1\">Reconocer a las organizaciones campesinas e ind\u00edgenas como entidades de inter\u00e9s p\u00fablico y como interlocutores v\u00e1lidos de los intereses de sus agremiados.<\/li>\n<li style=\"font-weight: 400;\" aria-level=\"1\">Crear un fondo para el desarrollo agrario, como un instrumento al alcance de los campesinos sin tierra que les permita acceder a ella a fin de evitar la renta y concentraci\u00f3n de la tierra en pocas manos; garantiz\u00e1ndose la permanencia del ejido, la comunidad y el apoyo al cambio generacional que se vive en el campo.<\/li>\n<li style=\"font-weight: 400;\" aria-level=\"1\">Reconocer a los campesinos sin tierra el \u201cderecho a la tierra como un derecho al trabajo&#8221;, y de manera paralela crear lo instrumento para lograrlo.<\/li>\n<li style=\"font-weight: 400;\" aria-level=\"1\">Buscar que los niveles de gobierno cumplan plenamente con las sentencias de la Suprema Corte y de los Tribunales Agrarios.<\/li>\n<li style=\"font-weight: 400;\" aria-level=\"1\">Fomentar la capacitaci\u00f3n que permita al sector agrario conocer sus derechos y obligaciones para aprovechar los programas y pol\u00edticas p\u00fablicas de los distintos \u00f3rdenes de gobierno.<\/li>\n<li style=\"font-weight: 400;\" aria-level=\"1\">Sistematizar la normatividad en materia agraria, para generar un marco normativo uniforme e integral que d\u00e9 certeza jur\u00eddica, acompa\u00f1ado de la modernizaci\u00f3n de las instituciones competentes.<\/li>\n<li style=\"font-weight: 400;\" aria-level=\"1\">Promover y acompa\u00f1ar la indemnizaci\u00f3n inmediata o participaci\u00f3n p\u00fablica de las propiedades ejidales y comunidades en las que sus tierras hayan sido ocupadas para l\u00edneas de conducci\u00f3n el\u00e9ctrica, carreteras, v\u00edas de ferrocarril, pozos petroleros, presas, fraccionamientos urbanos e industriales, zonas tur\u00edsticas, ecol\u00f3gicas, aeropuerto, entre otros.<\/li>\n<li style=\"font-weight: 400;\" aria-level=\"1\">Fomentar la creaci\u00f3n de fondos que compense las asimetr\u00edas que prevalecen en la comercializaci\u00f3n de bienes b\u00e1sico con los se impulse la inversi\u00f3n, asistencia t\u00e9cnica, capacitaci\u00f3n y transferencia de tecnolog\u00eda, lo que deber\u00e1 impulsar el desarrollo regional.<\/li>\n<li style=\"font-weight: 400;\" aria-level=\"1\">Impulsar a la micro y peque\u00f1a industria rural, como parte de la estrategia de desarrollo regional.<\/li>\n<li style=\"font-weight: 400;\" aria-level=\"1\">Desarrollar la investigaci\u00f3n en materia de la bioseguridad de organismos gen\u00e9ticamente modificados.<\/li>\n<li style=\"font-weight: 400;\" aria-level=\"1\">Asignar recursos para fomentar el desarrollo de tecnolog\u00edas en materia del campo y la productividad.<\/li>\n<\/ol>\n<p>De igual manera, para SOMOS resulta fundamental fortalecer el sector tur\u00edstico de Jalisco, como un motor que impulse el crecimiento del Estado, ya que es claro que la belleza natural y multicultural que pernea a lo largo y ancho del territorio puede servir como motor para el desarrollo de los municipios; por lo que se proponen las siguientes ideas para su crecimiento:<\/p>\n<ol>\n<li style=\"font-weight: 400;\" aria-level=\"1\">Promover pol\u00edticas p\u00fablicas que generen apoyos econ\u00f3micos a los municipios para que puedan impulsar el turismo en sus territorios.<\/li>\n<li style=\"font-weight: 400;\" aria-level=\"1\">Generar apoyo mediante campa\u00f1as publicitarias en donde se resalten los nichos relevantes de cada lugar de Jalisco.<\/li>\n<li style=\"font-weight: 400;\" aria-level=\"1\">Capacitar a los ciudadanos para que sean receptores de las mejores medidas para impulsar este sector en cada regi\u00f3n.<\/li>\n<\/ol>\n<ol>\n<li><b>a) Acciones para el desarrollo social:<\/b><\/li>\n<\/ol>\n<p>En materia de desarrollo social, el actual marco jur\u00eddico ha contribuido a definir las acciones que deben considerarse prioritarias, m\u00e1s all\u00e1 de una perspectiva meramente centrada en la pobreza. El desarrollo social es un elemento que contribuye a la construcci\u00f3n de una ciudadan\u00eda activa, en la que los individuos y grupos sociales sean concebidos como actores y no exclusivamente como objeto de pol\u00edticas p\u00fablicas. Esto no supone la generalizaci\u00f3n sin hacer matices o poner \u00e9nfasis frente a las desigualdades que aquejan a sectores y grupos tradicionalmente vulnerables.<\/p>\n<p>A continuaci\u00f3n, se presentan las principales propuestas que servir\u00e1n de gu\u00eda y discusi\u00f3n para permear, en la ciudadan\u00eda mexicana en las pol\u00edticas p\u00fablicas del Estado, los ideales por los cuales pugna el Partido:<\/p>\n<ol>\n<li style=\"font-weight: 400;\" aria-level=\"1\">Formular una pol\u00edtica social orientada a garantizar universalmente una base m\u00ednima de bienestar social y no s\u00f3lo acciones focalizadas segmentadas. Esta pol\u00edtica social debe partir de la realizaci\u00f3n efectiva de los derechos sociales b\u00e1sicos y vincularlos en los temas de apoyos municipales.<\/li>\n<li style=\"font-weight: 400;\" aria-level=\"1\">Propiciar, desde una perspectiva de coordinaci\u00f3n y complementariedad con las acciones de los niveles de gobierno, que en Jalisco se impulse pol\u00edtica social activa, enfocada a atender los principales problemas locales y proponer soluciones m\u00e1s adecuadas.<\/li>\n<li style=\"font-weight: 400;\" aria-level=\"1\">Generar reformas estructurales que, en materia de empleo, absorban progresivamente a la poblaci\u00f3n econ\u00f3micamente activa, en condiciones adecuadas de remuneraci\u00f3n y jornada laboral.<\/li>\n<li style=\"font-weight: 400;\" aria-level=\"1\">Desarrollar esquemas que provean de una protecci\u00f3n social universal adecuada a partir de su concepci\u00f3n como derecho ciudadano.<\/li>\n<li style=\"font-weight: 400;\" aria-level=\"1\">Reforzar acciones orientadas al establecimiento de programas dirigidos hacia los j\u00f3venes y grupos de edad que generalmente no son contemplado en los programas sociales, con el prop\u00f3sito de asegurar un entorno social favorable para su desarrollo<\/li>\n<li style=\"font-weight: 400;\" aria-level=\"1\">Procurar la incorporaci\u00f3n paulatina de los no asalariados a sistemas de seguridad social.<\/li>\n<li style=\"font-weight: 400;\" aria-level=\"1\">Establecer las medidas necesarias para generar capital humano y material necesario para un \u00f3ptimo crecimiento. Dejando siempre en libertad a los ciudadanos para emprender y aventurarse en la creaci\u00f3n y el desarrollo pleno de su potencial.<\/li>\n<li style=\"font-weight: 400;\" aria-level=\"1\">Evitar mediante acciones de pol\u00edtica p\u00fablica, todos aquellos factores que impiden a los ciudadanos desarrollar su pleno potencial, como es el caso de la corrupci\u00f3n, las estructuras corporativistas-clientelares cuya finalidad es la extracci\u00f3n de rentas, la violencia inseguridad.<\/li>\n<li style=\"font-weight: 400;\" aria-level=\"1\">Promover en el desarrollo econ\u00f3mico esquemas de competitividad que potencien cambios en la productividad Estatal.<\/li>\n<li style=\"font-weight: 400;\" aria-level=\"1\">\u00a0Generar mecanismos de discriminaci\u00f3n positiva que permitan el empoderamiento de las mujeres ello el fortalecimiento de las redes familiares.<\/li>\n<li style=\"font-weight: 400;\" aria-level=\"1\">\u00a0Definir al hogar como n\u00facleo central de la planeaci\u00f3n en la atenci\u00f3n a la pobreza y la creaci\u00f3n de oportunidades de desarrollo, con proyectos y planes acordes.<\/li>\n<li style=\"font-weight: 400;\" aria-level=\"1\">\u00a0Asegurar que la poblaci\u00f3n con discapacidad goce de todos los derechos sociales establecidos en Constituci\u00f3n, entre ellos el derecho a un trabajo digno y bien remunerado.<\/li>\n<\/ol>\n\t\t\t\t\t\t\t\t\t\t\t\t<a href=\"\">\u2022 Medio Ambiente<\/a>\n\t\t\t\t\t\t\t\t\t\t\t\t<a href=\"\">\u2022 Desarrollo Humano<\/a>\n\t\t\t\t\t<h5><b>Acciones para fortalecer el hogar e Identidad comunitaria ante la crisis de las instituciones sociales.<\/b><\/h5>\n<p>La familia es para SOMOS el pilar fundamental de la sociedad y eje de las pol\u00edticas p\u00fablicas. Si bien es cierto que no podemos negar una realidad en la que la globalizaci\u00f3n, el predominio de las tecnolog\u00edas, la democratizaci\u00f3n, entre otros son fen\u00f3menos y procesos que se han implantado en nuestra vida cotidiana, es importante recuperar la importancia de la familia en el desarrollo de la sociedad en general.<\/p>\n<p>\u00a0<\/p>\n<p>Esto apunta a redefinir la relaci\u00f3n que se ha mantenido entre la sociedad y el gobierno, en la que prevalecieron posiciones individualistas. La atenci\u00f3n del hogar tiene como prop\u00f3sito alcanzar el bienestar de la sociedad, atendiendo las necesidades de todo y cada uno de sus miembros. Para SOMOS es a partir del hogar como se recuperar\u00e1 la confianza en la sociedad y en las instituciones.<\/p>\n<p>\u00a0<\/p>\n<p>Es por ello que resulta indispensable, inducir el desarrollo del hogar mediante el ejercicio de un trabajo constante y coordinado con todos los actores y sectores sociales, tales como: el sector gobierno, sector educativo, Organizaciones sociales y la comunidad misma, procurando para ello impulsar en la funci\u00f3n p\u00fablica, mecanismos y herramientas propicias id\u00f3neas para el dise\u00f1o e implementaci\u00f3n de acciones que correspondan a las demandas de la sociedad.<\/p>\n<p>\u00a0<\/p>\n<p>A continuaci\u00f3n, se presentan las principales propuestas que servir\u00e1n de gu\u00eda y discusi\u00f3n para permear, en la ciudadan\u00eda y en las pol\u00edticas p\u00fablicas del Estado, los ideales por los cuales pugna el Partido:<\/p>\n<p><br \/><br \/><\/p>\n<ol>\n<li aria-level=\"1\">Dise\u00f1ar pol\u00edticas p\u00fablicas Y programas en los que la unidad de intervenci\u00f3n de diferentes dependencias \u00f3rganos de gobierno sea el hogar, con objetivos espec\u00edficos a las problem\u00e1ticas cada uno de los miembros que la integran.<\/li>\n<li aria-level=\"1\">Reconstruir el tejido social comunidades a partir del hogar, recuperando la importancia y contribuci\u00f3n de cada uno de sus miembros tiene en desarrollo.<\/li>\n<li aria-level=\"1\">Procurar la interacci\u00f3n y corresponsabilidad de los ciudadanos con el gobierno, para de esta forma, dirimir de manera conjunta los problemas, situaciones o estados de necesidad de las familias conforman las comunidades del Estado y sus respectivos Municipios, en el tema de desarrollo el hogar.<\/li>\n<li aria-level=\"1\">Crear un organismo p\u00fablico denominado \u201cInstituto Estatal el Hogar&#8221;, que coordine y regule la elaboraci\u00f3n de un Plan de Acci\u00f3n General, bajo una agenda para el Desarrollo Familiar Integral.<\/li>\n<li aria-level=\"1\">Incorporar figuras jur\u00eddicas que introduzcan mecanismos de atenci\u00f3n familiar de apoyo y responsabilidad de los padres y tutores es con respecto a las infracciones y delitos cometidos por los menores de edad.<\/li>\n<li aria-level=\"1\">Fomentar estrategias de participaci\u00f3n social en las que todos los miembros sean incorporados a la discusi\u00f3n y toma de decisiones en los problemas de sus comunidades, de manera que en los ni\u00f1os se vaya formando una cultura c\u00edvica activa y participativa.<\/li>\n<li aria-level=\"1\">Realizar pol\u00edticas y programa que atienda el problema migratorio con acciones integrales orientadas a las familias y las necesidades espec\u00edficas de cada uno de sus miembros.<\/li>\n<li aria-level=\"1\">Dise\u00f1ar estrategias que permitan conciliar la vida en el hogar y laboral de las mujeres, principalmente en los casos en que son cabeza de familia.<\/li>\n<li aria-level=\"1\">Integrar a los adultos mayores en el desarrollo de la comunidad, reconociendo su contribuci\u00f3n pasada y presente<\/li>\n<li aria-level=\"1\">Apoyar de manera particular a los hogares en la prestaci\u00f3n de cuidados personales cuando alguno de sus miembros se encuentra en estado de dependencia, ya sea por edad o discapacidad.<\/li>\n<li aria-level=\"1\">Asegurar una vivienda digna como espacio fundamental para el desarrollo arm\u00f3nico y saludable de los hogares.<\/li>\n<li aria-level=\"1\">Simplificar y facilitar los de adopci\u00f3n, de manera que todos los ni\u00f1os mexicanos tengan derecho formar parte de una familia.<\/li>\n<\/ol>\n\t\t\t\t\t\t\t\t\t\t\t\t<a href=\"\">\u2022 Educaci\u00f3n e Innovaci\u00f3n<\/a>\n\t\t\t\t\t<p><b>Acciones para un nuevo sistema de educaci\u00f3n.<\/b><\/p>\n<p>Una educaci\u00f3n de calidad con equidad, gratuita y laica como la que propone SOMOS requiere cumplir al menos cuatro condiciones.<\/p>\n<p>La primera tiene que ver con la promoci\u00f3n de la igualdad en el acceso, calidad y la permanencia de los ni\u00f1os en educaci\u00f3n b\u00e1sica (preescolar, primaria y secundaria) e inicial. El acceso a la educaci\u00f3n de todos los ni\u00f1os todav\u00eda implica un reto, sin embargo, el principal desaf\u00edo es consolidar la permanencia en el sistema educativo, principalmente la de los ni\u00f1os que pertenecen, en grupos marginados. Esta condici\u00f3n tiene que ver con la disponibilidad efectiva de oferta educativa a lo largo de la educaci\u00f3n inicial y b\u00e1sica, pero tambi\u00e9n con la discapacidad del sistema educativo de asegurar la permanencia de los ni\u00f1os en situaciones de desventaja y menor capital social.<\/p>\n<p>La segunda condici\u00f3n se refiere a la importancia de crecer m\u00e1s y mejor educaci\u00f3n a los alumnos de los grupos vulnerable. No basta que regresen al sistema, sino que el estado debe hacer un esfuerzo extra para compensar las desventajas en el capital cultural con el que los ni\u00f1os ingresan. Se trata de proporcionar una desigualdad cuantitativa de insumos en favor los grupos en desventaja o llevar a la pr\u00e1ctica el municipio de proporcionalidad orientado a fortalecer a los m\u00e1s d\u00e9biles, bajo criterios de discriminaci\u00f3n positiva o de focalizaci\u00f3n.<\/p>\n<p>La tercera condici\u00f3n plantea la oportunidad que deben tener todos los ni\u00f1os, independientemente de su condici\u00f3n de origen, para lograr y mantener un nivel aceptable de aprendizaje. Se debe garantizar el acceso pleno y equitativo a una educaci\u00f3n de buena calidad y de un buen rendimiento, el reto clave es asegurar una educaci\u00f3n de calidad y al mismo tiempo valorar la diversidad.<\/p>\n<p>Para ello el objetivo fundamental de un sistema educativo de calidad como el que propone SOMOS es cambiar el \u00e9nfasis en la transmisi\u00f3n frontal del conocimiento, que empobrece el aprendizaje sobre todo en las escuelas con menos insumoseducativos, a un aprendizaje personalizado, constructivo y grupal que garantice la adquisici\u00f3n de competencias para la vida y para el desempe\u00f1o laboral.<\/p>\n<p>La cuarta condici\u00f3n hace referencia a la importancia de que los egresados del sistema educativo, principalmente de media Superior o Superior, cuenten con aprendizajes socialmente relevantes y \u00fatiles a desempe\u00f1arse en el sector productivo de la regi\u00f3n y sus municipios. La prioridad debe ser mejorar los resultados del aprendizaje con conocimientos socialmente favoreciendo el &#8220;acceso universal a los c\u00f3digos de la modernidad&#8221; y a la importancia de lograr convergencias entre los desempe\u00f1os productivos y los desempe\u00f1os ciudadanos. Se destaca en esta propuesta la distribuci\u00f3n equitativa de conocimientos socialmente significativos, no \u00fanicamente para insertarse en la vida productiva, si no como la condici\u00f3n fundamental para crear una cultura de la paz y de tolerancia.<\/p>\n<p>SOMOS propone una estrategia orientada a reducir la desigualdad y las grandes inequidades que existen, mejorando la calidad y obertura en todos los niveles educativos.<\/p>\n<p>La importancia de la educaci\u00f3n integral para la primera infancia compensando las limitaciones y desventajas iniciales de los ni\u00f1os en condiciones de pobreza paradesarrollar la capacidad de aprendizaje en edades posteriores. Para disminuir estas desigualdades de origen en la ni\u00f1ez a la vez que proporcionarle las herramientas y los recursos para una escolarizaci\u00f3n con mayores posibilidades de \u00e9xito.<\/p>\n<p>A continuaci\u00f3n, se presentan las principales propuestas que servir\u00e1n de gu\u00eda y discusi\u00f3n para permear, en la ciudadan\u00eda y en las pol\u00edticas p\u00fablicas del Estado, los ideales por los cuales pugna el Partido:<\/p>\n<ol>\n<li aria-level=\"1\">Ampliar, enriquecer y estimular los proyectos y programas orientados a capacitar a las madres de familia para potenciar al m\u00e1ximo el desarrollo integral de los ni\u00f1os con el objetivo de que proporcionen servicios de cuidados en salud, nutrici\u00f3n, estimulaci\u00f3n temprana, entre otros, a toda la poblaci\u00f3n infantil en condiciones de vulnerabilidad y marginaci\u00f3n social y econ\u00f3mica.<\/li>\n<li aria-level=\"1\">Estimular y apoyar la participaci\u00f3n de las organizaciones de la sociedad civil y de la comunidad para crear un entorno educativo que contrarreste los efectos adversos de la marginaci\u00f3n social y la falta de educaci\u00f3n.<\/li>\n<li aria-level=\"1\">Garantizar y monitorear la operaci\u00f3n la calidad de los programas que existen en la actualidad y, una vez demostrados resultados, apoyar su ampliaci\u00f3n y multiplicaci\u00f3n en las zonas marginadas del pa\u00eds.<\/li>\n<li aria-level=\"1\">Generaci\u00f3n de conocimiento que permita en el corto y mediano plazo tener emprendimientos exitosos.<\/li>\n<li aria-level=\"1\">Siendo la educaci\u00f3n preescolar un factor de justicia que favorece la igualdad de oportunidades, es importante que el Estado realice una gran inversi\u00f3n para desarrollar un sistema educaci\u00f3n preescolar con amplia cobertura y que proporcione una oferta educativa calidad estos sectores para amortiguar las desventajas de inicio.<\/li>\n<li aria-level=\"1\">Desarrollar un programa ambicioso de infraestructura y enriquecimiento de ambientes de aprendizaje educaci\u00f3n preescolar principalmente los sectores m\u00e1s pobres y marginados.<\/li>\n<li aria-level=\"1\">Involucrar a las familias y las comunidades, con recursos y capacitaci\u00f3n, para participen en la educaci\u00f3n cuidado de sus hijos.<\/li>\n<li aria-level=\"1\">Acabar con los factores que mantienen un sistema educativo mediocre que apunta \u00a0 a reproducir y mantener la desigualdad.<\/li>\n<li aria-level=\"1\">Identificar, seleccionar y centrar la atenci\u00f3n en las escuelas de cada municipio que se encuentran en mayor situaci\u00f3n de desventaja y que\u00a0 \u00a0 \u00a0 \u00a0 \u00a0 \u00a0 \u00a0 \u00a0 \u00a0 \u00a0 \u00a0 \u00a0 \u00a0 \u00a0 \u00a0 \u00a0 \u00a0 \u00a0 \u00a0 \u00a0 \u00a0 \u00a0 \u00a0 \u00a0 \u00a0 \u00a0 \u00a0 \u00a0 \u00a0 son las que generan menores niveles aprovechamiento por lo tanto presentan m\u00e1s dificultades para evitar el fracaso escolar.<\/li>\n<li aria-level=\"1\">Capacitaci\u00f3n para promover el mejoramiento de la calidad de los aprendizajes y la disminuci\u00f3n deserci\u00f3n escolar, mediante la introducci\u00f3n de metodolog\u00edas altamente pertinentes que han probado su eficacia.<\/li>\n<li aria-level=\"1\">Apoyo material y acad\u00e9mico de calidad para reforzar los procesos de aprendizaje.<\/li>\n<li aria-level=\"1\">Mejorar la oferta educativa, sobre todo lo relacionado con la infraestructura.<\/li>\n<li aria-level=\"1\">Fomentar una educaci\u00f3n la que se desarrollen las competencias necesarias para ejercer la ciudadan\u00eda, para insertarse en la actual sociedad del conocimiento y acceder a un empleo digno, as\u00ed como en materia de transparencia, educaci\u00f3n c\u00edvica, educaci\u00f3n para el consumo, educaci\u00f3n financiera y derechos humanos.<\/li>\n<li aria-level=\"1\">Orientar la educaci\u00f3n al logro de finalidades y expectativas de alta relevancia, expresadas en un conjunto de competencias clave que respondan a las exigencias de un mundo globalizado, pero al mismo tiempo contribuyan a la integraci\u00f3n local.<\/li>\n<li aria-level=\"1\">Definir facultades con base cuales se creen mecanismos efectivos de evaluaci\u00f3n y auditor\u00eda del gasto p\u00fablico estatal.<\/li>\n<li aria-level=\"1\">Crear redes de colaboraci\u00f3n p\u00fablico -privado para atender a los grupos m\u00e1s vulnerables.<\/li>\n<li aria-level=\"1\">Consolidar el sistema de evaluaci\u00f3n de educaci\u00f3n b\u00e1sica y media, creando un nuevo esquema de evaluaci\u00f3n de Ia calidad de las instituciones de educaci\u00f3n superior ligada al financiamiento educativo.<\/li>\n<li aria-level=\"1\">Fomentar un sistema de financiamiento a la educaci\u00f3n superior, privilegiando la asignaci\u00f3n de recursos en atenci\u00f3n a la demanda y no a la oferta.<\/li>\n<li aria-level=\"1\">Reconocer el derecho a la educaci\u00f3n de todos, con un derecho exigible que cuente con mecanismos efectivos expeditos.<\/li>\n<li aria-level=\"1\">Regular la participaci\u00f3n de empresas en la provisi\u00f3n de servicios educativos, buscando una transici\u00f3n normativa para que solamente entidades y organizaciones no lucrativas participen en la provisi\u00f3n de servicios en educaci\u00f3n superior.<\/li>\n<li aria-level=\"1\">Crear de centros de investigaci\u00f3n desarrollo en materia educativa, como fuente de evaluaciones riguroso y para proveer evidencia que sustente el dise\u00f1o de innovaciones.<\/li>\n<li aria-level=\"1\">Se promover\u00e1 el acceso universal a la educaci\u00f3n inicial (0 a 4 a\u00f1os)<\/li>\n<li aria-level=\"1\">Implementar mecanismos efectivos para evaluar y auditar el gasto educativo y sancionar la desviaci\u00f3n de recursos educativos.<\/li>\n<li aria-level=\"1\">Crear un organismo con facultades claras y suficientes para asegurar la r\u00e1pida restituci\u00f3n de derechos a todo ciudadano o grupo social afectado por las decisiones o la inacci\u00f3n de las autoridades educativas.<\/li>\n<li aria-level=\"1\">Crear condiciones para que se tenga capacidad para atender la demanda de acceso a la educaci\u00f3n media superior obligatorio.<\/li>\n<\/ol>\n<p>\u00a0<\/p>\n\t\t\t\t\t\t\t\t\t\t\t\t<a href=\"\">\u2022 Cultura, salud y deporte<\/a>\n\t\t\t\t\t\t\t\t\t\t\t\t<a href=\"\">\u2022 Finanzas y Obra P\u00fablica<\/a>\n\t\t\t\t\t<h5><b>\u00a0Acciones en materia fiscal y redistribuci\u00f3n de los recursos.<\/b><\/h5>\n<p>En SOMOS, entendemos al ser humano y al hogar como ejes rectores del comunitario, por lo que se deben proponer una serie de reformas financieras y fiscales tendientes a alcanzar tres objetivos primordiales:<\/p>\n<p>El primero de ellos es potencializar las oportunidades econ\u00f3micas de los ciudadanos, entendi\u00e9ndose como tales, la posibilidad de tener acceso y participaci\u00f3n en la generaci\u00f3n de riqueza mediante el reconocimiento del mercado de ideas innovadoras y productivas.<\/p>\n<p>El segundo deviene del empoderamiento del ciudadano para efectivamente transformar su entorno econ\u00f3mico y social mejorar sus est\u00e1ndares de vida y con ellos, de la colectividad al tener certeza en las instituciones ejecutivas y judiciales de sus derechos econ\u00f3micos fundamentales.<\/p>\n<p>El tercero requiere un balance entre la generaci\u00f3n de la riqueza y el empoderamiento, lo que nos lleva a la asunci\u00f3n de responsabilidad tanto por los ciudadanos como del gobierno (en todos sus \u00f3rdenes), para aceptarse c\u00f3mo ejes y motores de su propio desarrollo. Para ello es necesario contar con instituciones rectoras y reguladoras que mantengan el equilibrio de las fuerzas y pugnen por mantener un estado de derecho que de certeza a las acciones que se emprendan.<\/p>\n<p>Definido el objetivo general de la pol\u00edtica f\u00edsica y combate a la Pobreza que SOMOS adopta, a continuaci\u00f3n, se presentan las principales les propuesta que servir\u00e1n de gu\u00eda y discusi\u00f3n para permear, en la ciudadan\u00eda mexicana y en las pol\u00edticas p\u00fablicas del Estado, los ideales por los cuales pugna el Partido:<\/p>\n<ol>\n<li aria-level=\"1\">Fortalecer a la administraci\u00f3n tributaria estatal para la fiscalizaci\u00f3n de los impuestos transferidos a ellas, as\u00ed como promover una participaci\u00f3n mayor de los impuestos federales obtenidos mediante el ejercicio de facultades de comprobaci\u00f3n a trav\u00e9s de los Convenios de Coordinaci\u00f3n Fiscal.<\/li>\n<li aria-level=\"1\">Crear est\u00edmulos fiscales dirigidos a las empresas que inviertan y tecnolog\u00eda espec\u00edfica para el campo, as\u00ed como las que preparen y capaciten al personal que labore en el mismo.<\/li>\n<li aria-level=\"1\">Incentivar la generaci\u00f3n y profesionalizaci\u00f3n del empleo mediante el otorgamiento de est\u00edmulos fiscales que permitan la acreditaci\u00f3n o deducibilidad de gastos e inversiones efectuados por los patrones en programas de desarrollo, competitividad y, capacitaci\u00f3n laboral.<\/li>\n<li aria-level=\"1\">Fomentar la inversi\u00f3n y creaci\u00f3n de empresas dando plazos de gracia para el pago de impuestos a las empresas de nueva creaci\u00f3n que tengan inversiones considerables.<\/li>\n<li aria-level=\"1\">Destinar la recaudaci\u00f3n proveniente de los impuestos especiales para programas y proyectos productivos.<\/li>\n<li aria-level=\"1\">Propiciar incentivos fiscales para la incorporaci\u00f3n de los j\u00f3venes en el mercado laboral, la generaci\u00f3n de becas educativas y fomento a actividades sociales y deportivas.<\/li>\n<li aria-level=\"1\">Dar claridad y certeza a la determinaci\u00f3n y c\u00e1lculo de los impuestos mediante la adecuaci\u00f3n del marco normativo aplicando la mejora regulatoria.<\/li>\n<li aria-level=\"1\">Fomentar la creaci\u00f3n de sociedades e inversi\u00f3n p\u00fablico\/privadas, que propicien la inversi\u00f3n en proyectos presentados por los ciudadanos, as\u00ed como el financiamiento a la educaci\u00f3n en todos sus niveles en escuelas p\u00fablicas y privadas.<\/li>\n<li aria-level=\"1\">Crear organismos desconcentrados de la auditor\u00eda Superior del Estado, los cuales se integren en su cuerpo directivo y t\u00e9cnico, por ciudadanos de conocido prestigio profesional en sus jurisdicciones, encargados de verificar correcta distribuci\u00f3n, aplicaci\u00f3n y fiscalizaci\u00f3n de los recursos p\u00fablicos.<\/li>\n<\/ol>\n<p>\u00a0<\/p>\n\t\t\t\t\t\t\t\t\t\t\t\t<a href=\"\">\u2022 Transparencia, Rendici\u00f3n de Cuentas y Combate a la Corrupci\u00f3n<\/a>\n\t\t\t\t\t<h5><b>Acciones en transparencia y rendici\u00f3n de cuentas para el combate a la corrupci\u00f3n, buen gobierno<\/b><\/h5>\n<p>En SOMOS impulsamos los ejes en materia de Transparencia y Acceso a la informaci\u00f3n como elementos trascendentales para combate a la corrupci\u00f3n siendo los siguientes:<\/p>\n<p>El primer eje es la consolidaci\u00f3n en el que proponemos consolidar los sistemas municipales y estatal anticorrupci\u00f3n, a fin asegurar su adecuado funcionamiento, caracterizado por su alto compromiso por la sociedad y tendiente, en todo momento, a fortalecer el ejercicio de los derechos y la rendici\u00f3n de cuentas. De igual forma, se debe construir, a trav\u00e9s de acciones coordenadas sistema capaz de garantizar, mediante procedimientos, mecanismos e instrumentos estandarizados, el ejercicio de los derechos de acceso a informaci\u00f3n, protecci\u00f3n de datos personales y el cumplimiento de obligaciones de transparencia.<\/p>\n<p>Todo lo cual deber\u00e1 orientarse a mayor y mejor gesti\u00f3n de los sistemas de informaci\u00f3n, mayor gesti\u00f3n presupuestal, mejores procesos de transparencia, mayor monitoreo de los servidores p\u00fablicos, evaluaci\u00f3n y fiscalizaci\u00f3n.<\/p>\n<p>El segundo, la estandarizaci\u00f3n, tiene como objetivo homologar los mecanismos instrumentos, formatos y criterios de resoluci\u00f3n de los organismos garantes a fin unificar la protecci\u00f3n y ejercicio de los derechos de acceso a la informaci\u00f3n y protecci\u00f3n de datos, as\u00ed como las obligaciones de transparencia. Creemos que se deben homologar las obligaciones de transparencia de los sujetos obligados, a fin de que las personas puedan acceder a la informaci\u00f3n, independientemente, del lugar en donde se encuentre y del sujeto obligado que posea la informaci\u00f3n, favoreciendo en todo momento la pol\u00edtica de datos abiertos.<\/p>\n<p>Debemos permitir que las personas puedan ejercer sus derechos de acceso a la informaci\u00f3n y de protecci\u00f3n de datos personales desde un solo sitio, garantizando informaci\u00f3n confiable y certera. Es necesario formular, revisar y unificar criterios que emanen de las resoluciones que recaiga a los recursos de revisi\u00f3n.<\/p>\n<p>En el tercer eje, el empoderamiento ciudadano, es fundamental empoderar al ciudadano, con el prop\u00f3sito de incentiva su participaci\u00f3n en los asuntos p\u00fablicos e interesarse en el uso que den los sujetos a sus datos personales. Es necesario fomentar una educaci\u00f3n ciudadana sobre el contenido y ejercicio de sus derechos a la informaci\u00f3n y protecci\u00f3n de sus datos, as\u00ed como a los sujetos obligados respecto de sus obligaciones. Es importante maximizar los niveles de satisfacci\u00f3n del ciudadano en t\u00e9rminos de calidad, comunicaci\u00f3n efectiva, oportunidad y eficacia.<\/p>\n<p>A continuaci\u00f3n, se presentan las principales propuestas que servir\u00e1n de gu\u00eda y discusi\u00f3n para permear, en la ciudadan\u00eda y en las pol\u00edticas p\u00fablicas del Estado, los ideales por los cuales pugna el Partido:<\/p>\n<ol>\n<li aria-level=\"1\">Contar con los procesos de tecnolog\u00edas de la informaci\u00f3n necesarios para asegurar la continuidad, disponibilidad, integridad y confidencialidad de los sistemas de Acceso a la Informaci\u00f3n.<\/li>\n<li aria-level=\"1\">Colaborar con los medios de comunicaci\u00f3n para impulsar la difusi\u00f3n de la transparencia.<\/li>\n<li aria-level=\"1\">Implementar mecanismos de coordinaci\u00f3n, interacci\u00f3n y comunicaci\u00f3n entre los organismos garantes de las entidades federativas;<\/li>\n<li aria-level=\"1\">Fortalecer el sistema estatal de archivos, con portales de acceso en el que se integren todas las dependencias de gobierno y organismos obligados favoreciendo el principio de m\u00e1xima publicidad.<\/li>\n<li aria-level=\"1\">Fortalecer el funcionamiento de los \u00f3rganos de transparencia, articulando los sistemas de transparencia en el Estados.<\/li>\n<li aria-level=\"1\">Fomentar la participaci\u00f3n de las organizaciones de la sociedad civil para la implementaci\u00f3n de mecanismos de vigilancia del actuar gubernamental.<\/li>\n<li aria-level=\"1\">Propiciar el reconocimiento de las autoridades que tengan mejores pr\u00e1cticas de transparencia y rendici\u00f3n de cuentas.<\/li>\n<li aria-level=\"1\">Transparentar el destino de los impuestos, su informaci\u00f3n debe presentarse como datos abiertos a todo p\u00fablico aprovechando la tecnolog\u00eda, en tiempo real.<\/li>\n<li aria-level=\"1\">Asegurar el respeto y resguardo de los datos personales. En el caso de autoridades o instituciones que lo soliciten deben garantizarse candados que impidan el uso para fines personales.<\/li>\n<\/ol>\n<p>\u00a0<\/p>\n\t\t\t\t\t\t\t\t\t\t\t\t<a href=\"\">\u2022 Infraestructura y Gasto P\u00fablico<\/a>\n\t\t\t\t\t<p>Buscar la reducci\u00f3n del gasto corriente de la administraci\u00f3n p\u00fablica.<\/p>\n<p>P\u00e1ginas 18<\/p>\n\t\t\t\t\t\t\t\t\t\t\t\t<a href=\"\">\u2022 Derechos Humanos<\/a>\n\t\t\t\t\t<h6>Acciones en materia de Derechos Humanos<\/h6>\n<p><br \/>Para SOMOS en el Estado Social de Derecho debe de existir una concepci\u00f3n \u00e9tica que<br \/>cobra forma en los Derechos Humanos. Si bien es cierto que uno de los principales<br \/>derechos que debe garantizar la autoridad es la seguridad, no podemos negar que<br \/>este derecho est\u00e1 estrechamente vinculado al derecho a la vida, la propiedad, la<br \/>expresi\u00f3n, tr\u00e1nsito, alimentaci\u00f3n, entre otros muchos.<br \/><br \/>A continuaci\u00f3n, se presentan las principales propuestas que servir\u00e1n de gu\u00eda y<br \/>discusi\u00f3n para permear, en la ciudadan\u00eda mexicana y en las pol\u00edticas p\u00fablicas del<br \/>Estado, los ideales por los cuales pugna el Partido:<br \/>1. Garantizar mecanismos efectivos para asegurar el derecho de las personas<br \/>a la vida, la libertad, la igualdad, la educaci\u00f3n, la cultura, el trabajo, entre<br \/>otros.<br \/>2. Promover los mecanismos necesarios para el acceso a servicios p\u00fablicos y<br \/>elementos necesarios para la vida, como agua, luz, alimentaci\u00f3n entre<br \/>otros.<br \/>3. Asegurar una especial protecci\u00f3n de los derechos humanos en grupos<br \/>vulnerables, tales como personas de la tercera edad, ind\u00edgenas, migrantes,<br \/>as\u00ed como ni\u00f1os y ni\u00f1as y personas con discapacidad.<br \/>4. Garantizar los derechos sociales de la poblaci\u00f3n como mecanismo de<br \/>acceso a una mejor calidad de vida y como aseguramiento m\u00ednimo de<br \/>estos derechos que les permitan el ejercicio de sus libertades.<br \/>5. Asegurar la interpretaci\u00f3n de las leyes en todo tiempo a las personas la<br \/>protecci\u00f3n m\u00e1s amplia en todos los actos y pol\u00edticas p\u00fablicas que realice el<br \/>Estado con especial \u00e9nfasis en grupos vulnerables.<br \/>6. Promover la protecci\u00f3n de los derechos de los j\u00f3venes, asegurando el<br \/>ejercicio de sus libertades propiciando el mayor desarrollo de sus<br \/>capacidades, poniendo especial \u00e9nfasis en el acceso a la educaci\u00f3n y<br \/>acceso a oportunidades de incorporaci\u00f3n al sector productivo.<br \/>7. Generar el tejido institucional y el capital social para garantizar, en el<br \/>marco del Estado de derecho, el derecho a la seguridad humana en su<br \/>interdependencia con el resto de derechos fundamentales.<br \/>8. Generar modalidades de vinculaciones eficientes y creativas con la<br \/>sociedad civil y las personas activistas y defensoras de derechos humanos<br \/>de manera particular con quienes han sido v\u00edctimas directas de la violencia<br \/>y la inseguridad.<br \/>9. Fortalecer las capacidades de la sociedad civil para acceder a las<br \/>instituciones y mecanismo efectivos para la exigibilidad y justiciabilidad de<br \/>los derechos, cuando estos son violados.<br \/>10. Promover la eliminaci\u00f3n del uso de estereotipos, prejuicios y estigmas (por<br \/>raz\u00f3n de sexo, edad, raza, etnia, condici\u00f3n econ\u00f3mica, religi\u00f3n o<br \/><br \/>pertenencia pol\u00edtica, entre otros) en todos los instrumentos de car\u00e1cter<br \/>p\u00fablico que inciden en la formaci\u00f3n y socializaci\u00f3n de la poblaci\u00f3n en el<br \/>campo educativo, de los medios de comunicaci\u00f3n y mediante conductas<br \/>discriminatorias en los servicios p\u00fablicos.<br \/>11. Fortalecer los mecanismos de investigaci\u00f3n de los cr\u00edmenes del pasado y<br \/>garantizar el esclarecimiento de las violaciones graves a los derechos<br \/>humanos que permanecen en la impunidad, as\u00ed como la reparaci\u00f3n<br \/>integral del da\u00f1o y las garant\u00edas de no repetici\u00f3n.<br \/>12. Fortalecer y aplicar de manera efectiva en el gobierno, la igualdad de<br \/>derechos y oportunidades entre el hombre y la mujer, para desalentar e<br \/>incidir en aquellas pr\u00e1cticas que promueven estereotipos y prejuicios que<br \/>redundan en afectaciones a la calidad de vida de las mujeres.<br \/>13. Fortalecer y transversalizar la perspectiva de g\u00e9nero para desalentar e<br \/>incidir en aquellas pr\u00e1cticas que promueven estereotipos y prejuicios que<br \/>redundan en afectaciones a la calidad de vida de las mujeres.<br \/>14. Combatir el estigma y la discriminaci\u00f3n, as\u00ed como crear espacios de<br \/>seguridad, para el ejercicio de aquellas libertades como las que se refiere a<br \/>la libertad de pensamiento, orientaci\u00f3n sexual o la de tipo religioso que<br \/>implican una tensi\u00f3n con las identidades mayoritarias.<\/p>\n\t\t\t\t\t\t\t\t\t\t\t\t<a href=\"\">\u2022 Violencia pol\u00edtica en raz\u00f3n de G\u00e9nero <\/a>\n\t\t\t\t\t<ol>\n<li>Fortalecer y aplicar de manera efectiva en el gobierno, la igualdad de derechos y oportunidades entre el hombre y la mujer, para desalentar e incidir en aquellas pr\u00e1cticas que promueven estereotipos y prejuicios que redundan en afectaciones a la calidad de vida de las mujeres.<\/li>\n<li>Fortalecer y transversalizar la perspectiva de g\u00e9nero para desalentar e incidir en aquellas pr\u00e1cticas que promueven estereotipos y prejuicios que redundan en afectaciones a la calidad de vida de las mujeres.<\/li>\n<\/ol>\n<p>*P\u00e1ginas 25<\/p>\n\t\t\t\t\t\t\t\t\t\t\t\t<a href=\"\">\u2022 Participaci\u00f3n ciudadana<\/a>\n\t\t\t\t\t<h5>Acciones para la transformaci\u00f3n de la Cultura pol\u00edtica y la necesidad de un nuevo liderazgo<\/h5>\n<p>La pol\u00edtica ha de redignificarse, su concepto se ha pervertido tanto que ha llegado a considerarse cosa exclusiva de pol\u00edticos, muchas veces vinculada a la corrupci\u00f3n. La Pol\u00edtica como ese espacio donde deliberamos tomamos decisiones que nos afectan en conjunto, requiere de sus mejores ciudadanos; hombres y mujeres comprometidos con la idea de pa\u00eds que queremos.<\/p>\n<p>La pol\u00edtica se sit\u00faa en un contexto democr\u00e1tico, entendida \u00e9sta, no como un fin en s\u00ed mismo sino como el mejor camino que existe para alcanzar una sociedad libre, igualitaria y fraterna que propicie las mejores condiciones de vida. La supervivencia de una democracia de calidad depende de la capacidad que tengan las sociedades de atraer en el gobierno a los m\u00e1s capacitados y de abrir canales efectivos de participaci\u00f3n social. No obstante, los partidos pol\u00edticos tradicionales excluyen a los mejores, entendidos como aqu\u00e9llos que se preocupan por el bienestar de todos y no solo de sus intereses particulares; al mismo tiempo que cierran sus ojos y o\u00eddos a lo que les es contrario.<\/p>\n<p>La vinculaci\u00f3n estrecha entre la pol\u00edtica y la participaci\u00f3n social dan contenido a nuestra cultura pol\u00edtica y en ese sentido, a la libertad pol\u00edtica. Es a trav\u00e9s del ejercicio pleno de nuestra libertad pol\u00edtica, con liderazgos ciudadanos comprometidos con la resoluci\u00f3n de problemas sociales como se da vigencia a los derechos sociales, culturales y econ\u00f3micos.<\/p>\n<p>A continuaci\u00f3n, se presentan las principales propuestas que servir\u00e1n de gu\u00eda y discusi\u00f3n para permear en la ciudadan\u00eda y en las pol\u00edticas p\u00fablicas del Estado, los ideales por los cuales pugna el Partido:<\/p>\n<ol>\n<li>Ampliar la participaci\u00f3n en la actividad pol\u00edtica de forma que no se limite de manera exclusiva a los procesos electorales.<\/li>\n<li>Fomentar la educaci\u00f3n. c\u00edvica y \u00e9tica en los programas escolares de la educaci\u00f3n formal b\u00e1sica, como una materia obligatoria.<\/li>\n<li>Impulsara nivel federal reformas para que los partidos pol\u00edticos sean sujetos obligados a transparentar el uso de los recursos y a rendir cuentas de manera permanente.<\/li>\n<li>Propiciar mecanismos que permitan los asuntos propios del Estado de los asuntos de gobierno.<\/li>\n<li>Profesionalizar la administraci\u00f3n p\u00fablica con servicios profesionales de carrera transparentes y no sujetos a burocr\u00e1ticas excesivas.<\/li>\n<li>Fomentar la organizaci\u00f3n de la sociedad a partir de la cual se participe en las decisiones y acciones de gobierno que se tomen las comunidades, barrios y colonias.<\/li>\n<li>Promover en la poblaci\u00f3n como la solidaridad y la responsabilidad social, con base en la cual se pugne por los sectores m\u00e1s vulnerables.<\/li>\n<li>\u00a0<\/li>\n<\/ol>\n\t\t\t\t\t\t\t\t\t\t\t\t<a href=\"\">\u2022 Juventudes<\/a>\n\t\t\t\t\t\t\t\t\t\t\t\t<a href=\"\">\u2022 Otro tema no enmarcado en las categorias<\/a>\n\t\t\t\t\t\t\t\t\t\t\t<a href=\"https:\/\/www2.iepcjalisco.org.mx\/tablero-electoral-2021\/wp-content\/uploads\/2021\/03\/Plataforma-Hagamos_V2_2021_01_14-2-1.docx\" target=\"_blank\" rel=\"noopener\">\n\t\t\t\t\t\t\t<img width=\"300\" height=\"300\" src=\"https:\/\/www2.iepcjalisco.org.mx\/tablero-electoral-2021\/wp-content\/uploads\/2021\/03\/10-HAGAMOS.png\" alt=\"\" loading=\"lazy\" \/>\t\t\t\t\t\t\t\t<\/a>\n\t\t\t\t\t\t\t\t\t\t\t\t<a href=\"\">HAGAMOS<\/a>\n\t\t\t\t\t<p><a href=\"https:\/\/www2.iepcjalisco.org.mx\/tablero-electoral-2021\/wp-content\/uploads\/2021\/03\/Plataforma-Hagamos_V2_2021_01_14-2-1.docx\">Descagar Plataforma Electoral<\/a><\/p>\n<p>Dirigente estatal del partido: Ernesto Rafael Guti\u00e9rrez Guizar<\/p>\n<p><br \/>Redes sociales oficiales del Partido:<br \/>HAGAMOS JALISCO ( Facebook)<br \/>HAGAMOS JALISCO (Instagram)<br \/>HAGAMOS JALISCO (Twiter)<\/p>\n\t\t\t\t\t\t\t\t\t\t\t\t<a href=\"\">\u2022 Gobernabilidad y Seguridad<\/a>\n\t\t\t\t\t<h5>Innovaci\u00f3n organizacional de los gobiernos municipales.<\/h5>\n<p>Dise\u00f1ar un diagnostico que nos ayude a la reestructuraci\u00f3n innovadora en nuevos instrumentos para hacer una administraci\u00f3n p\u00fablica resiliente, funcional y bien organizada en el sistema de coordinaci\u00f3n gubernamental.\u00a0<\/p>\n<h5>Construcci\u00f3n de una agenda basada en necesidades reales<\/h5>\n<p>Definir los temas p\u00fablicos estrat\u00e9gicos.<\/p>\n<p>Promover la construcci\u00f3n de un di\u00e1logo participativo entre las instituciones y la ciudadan\u00eda ayudara a la construcci\u00f3n de una agenda que permita la construcci\u00f3n real de un estado democr\u00e1tico.<\/p>\n<p><i>(P\u00e1gina 35)<\/i><\/p>\n<h5>Sistema de Coordinaci\u00f3n de Seguridad P\u00fablica<\/h5>\n<h5>Acciones de prevenci\u00f3n:<\/h5>\n<p>Mediante la identificaci\u00f3n de las causas que los originan, a su vez se propone la realizaci\u00f3n de actividades que contribuyan a la reconstrucci\u00f3n del tejido social.<\/p>\n<p>Propiciar la integraci\u00f3n de la poblaci\u00f3n dentro de las actividades de prevenci\u00f3n, y generar condiciones de cercan\u00eda entre la poblaci\u00f3n y las autoridades, y con ello combatir de ra\u00edz la delincuencia.<\/p>\n<h5>Recuperaci\u00f3n de espacios p\u00fablicos<\/h5>\n<p>Mediante la rehabilitaci\u00f3n de espacios y el establecimiento de programas culturales y deportivos.<\/p>\n<p>Devolver a la sociedad los espacios p\u00fablicos que se encuentran dentro de la comunidad y con ello desincentivar la utilizaci\u00f3n de estos por parte de la delincuencia.<\/p>\n<h5>Polic\u00eda cercana y eficiente<\/h5>\n<p>Fortalecer la vinculaci\u00f3n entre los cuerpos de seguridad p\u00fablica a nivel estatal y municipal en conjunto con la sociedad.<\/p>\n<h5>Justicia de calidad.<\/h5>\n<p>Generar condiciones que promuevan el acceso de la ciudadan\u00eda a los mecanismos de impartici\u00f3n de justicia.<\/p>\n<h5>Cultura de paz:<\/h5>\n<p>Mediante el reconocimiento de la diversidad y las diferencias entre las personas, incentivando valores, actitudes y comportamientos que promuevan la sana convivencia, la tolerancia, la solidaridad, el respeto entre otros, dentro de los diversos sectores de la sociedad.<\/p>\n<p><i>(P\u00e1ginas 38 y 39)<\/i><\/p>\n\t\t\t\t\t\t\t\t\t\t\t\t<a href=\"\">\u2022 Movilidad<\/a>\n\t\t\t\t\t<p>&#8211;Potenciar la eficiencia del sistema de transporte p\u00fablico y su integraci\u00f3n de modo que d\u00e9 lugar a una mejora de la calidad urbana.<\/p>\n<p>-Apostamos por los valores de la proximidad, por la promoci\u00f3n de los modos de transporte limpios (peatonal, ciclista, transporte p\u00fablico).<\/p>\n<p><i>(P\u00e1gina 17)<\/i><\/p>\n\t\t\t\t\t\t\t\t\t\t\t\t<a href=\"\">\u2022 Desarrollo Econ\u00f3mico, Empleo y Salario<\/a>\n\t\t\t\t\t<p><b>&#8211;<\/b>Hagamos propone una <i>econom\u00ed<\/i>a donde los derechos y la igualdad est\u00e9n al centro.<\/p>\n<p>-Garantizar las condiciones de prosperidad y bienestar social necesarias para que todas las personas vivan en entornos emocional y econ\u00f3micamente seguros.<\/p>\n<p>-Ampliar nuestra visi\u00f3n y crear una donde la justicia econ\u00f3mica para la ciudadan\u00eda nos ayude a propiciar:\u00a0<\/p>\n<p>1) Una serie de lineamientos de valores \u00e9ticos y obligaciones legales que deben sustentar nuestra econom\u00eda, 2) exigiendo la adopci\u00f3n de medidas para redistribuir los recursos de manera justa, para remediar las desigualdades, equilibrando el poder de la ciudadan\u00eda y 3) desafiando la l\u00f3gica del modelo econ\u00f3mico actual y reforzar las convincentes visiones alternativas de una econom\u00eda justa. <i>(P\u00e1gina 11).<\/i><\/p>\n<p>-Dise\u00f1ar, perfeccionar y fortalecer pol\u00edticas p\u00fablicas y mecanismos que sean &#8220;m\u00e1s igualitarios&#8221;, es decir, que mejoren las posibilidades de lograr una verdadera transformaci\u00f3n en la vida de las personas m\u00e1s pobres. <i>(P\u00e1gina 12).<\/i><\/p>\n<p>-Oportunidades de trabajo digno.\u00a0<\/p>\n<p>Esto se lograr\u00e1 con mecanismos que permitan acrecentar la inversi\u00f3n en actividades econ\u00f3micas con alto impacto en el empleo, as\u00ed como el fomento de programas de fortalecimiento de las PYMES y de los recursos provenientes del impuesto sobre n\u00f3mina.<\/p>\n<p>-Trabajo integral para j\u00f3venes.<\/p>\n<p>-Empleabilidad para las mujeres.\u00a0<\/p>\n<p>Es indispensable delinear una agenda y estrategia para fortalecer la inclusi\u00f3n social de las mujeres en el mercado laboral, ampliar sus derechos sociales y las garant\u00edas de ciudadan\u00eda social plena, dot\u00e1ndolas de una mayor autonom\u00eda y una mejor posici\u00f3n de partida para obtener un mayor desarrollo profesional.<\/p>\n<p>-Red s\u00f3lida de seguridad social:\u00a0<\/p>\n<p>La creaci\u00f3n de un sistema estatal de protecci\u00f3n social universal, garantizando en el mediano y largo plazo un acceso igualitario al sistema de seguridad social, con indicadores de medici\u00f3n claros, as\u00ed como mecanismos de evaluaci\u00f3n que garanticen su efectividad, transparencia y rendici\u00f3n de cuentas.<\/p>\n<p>-Igualdad de oportunidades.\u00a0<\/p>\n<p>Poner una atenci\u00f3n particular a ciertas perspectivas transversales en el dise\u00f1o de pol\u00edticas p\u00fablicas; la perspectiva de g\u00e9nero, de clases, de los pueblos y personas ind\u00edgenas y la perspectiva ambiental.<\/p>\n<p><i>(P\u00e1gina 12).<\/i><\/p>\n<p>-Dar prioridad a sus perspectivas y asuntos, la promoci\u00f3n y protecci\u00f3n activa de espacios libres de las micro y macroestructuras de dominaci\u00f3n, as\u00ed como el apoyo a estos grupos en sus luchas respetando sus formas particulares. <i>(p\u00e1gina 13).<\/i><\/p>\n<p>-Inversi\u00f3n p\u00fablica por parte de los gobiernos de Jalisco para promover el desarrollo:\u00a0<\/p>\n<p>Es necesario un impulso al gobierno digital en el ejecutivo estatal y en los gobiernos municipales, acompa\u00f1ado de una reestructuraci\u00f3n organizacional que reduzca el gasto corriente para ampliaci\u00f3n de gasto de inversi\u00f3n social y productiva.<\/p>\n<p><i>(P\u00e1gina 13).<\/i><\/p>\n<p>-Trayectoria de desarrollo econ\u00f3mico.<\/p>\n<p>Que esta se vincule al objetivo 8\u00ba de los Objetivos para el Desarrollo Sustentable<\/p>\n<p><b>&#8211;<\/b>Nuevos modelos de negocios.<\/p>\n<p>Crear mecanismos que incentiven a la gran mayor\u00eda, en empresas familiares para la innovaci\u00f3n o nuevos modelos de negocios, as\u00ed como en aquellas ligadas a inversi\u00f3n extranjera dependiente del acceso a mercados internacionales y cambios en los flujos globales de esa inversi\u00f3n<b>.<\/b><\/p>\n<p>-Inversi\u00f3n local:<\/p>\n<p>Que promueva una inversi\u00f3n productiva local en monto y de manera sustentable econ\u00f3mica, social y ambientalmente.<\/p>\n<p><i>(P\u00e1gina 14)<\/i><\/p>\n<p>Cerrar la brecha salarial: se debe garantizar un salario justo y en igualdad de condiciones sin distinci\u00f3n de sexo. Para ello se debe erradicar la discriminaci\u00f3n vertical y horizontal propia de las mujeres en los puestos de trabajo p\u00fablicos y privados. Crear sanciones para las empresas y dependencias que emitan salarios diferenciados entre mujeres y hombres que realizan el mismo trabajo.<\/p>\n<p>(P\u00e1gina 23)<\/p>\n\t\t\t\t\t\t\t\t\t\t\t\t<a href=\"\">\u2022 Medio Ambiente<\/a>\n\t\t\t\t\t<p>-Proponemos un proyecto de intervenci\u00f3n en el territorio con una visi\u00f3n hol\u00edstica y coordinada, evitando actuaciones aisladas.<\/p>\n<p>-Apostar por los valores de proximidad, por la promoci\u00f3n de modos y medios de transporte limpios (peatonal, ciclista, transporte p\u00fablico), de solidaridad y sentimientos de pertenencia locales y barriales, por la complejidad social y la tolerancia<\/p>\n<p>-Repensar la ciudad como un derecho de todas las personas, un mecanismo para reducir las desigualdades sociales y las crisis medioambientales.<\/p>\n<p><i>(P\u00e1gina 16)<\/i><\/p>\n<p>-Tratamiento eficiente de los residuos s\u00f3lidos, a trav\u00e9s de pol\u00edticas p\u00fablicas que incentiven la separaci\u00f3n y reciclaje.<\/p>\n<p>-Brindar capacidades t\u00e9cnicas, organizacionales y legales a los responsables de la gesti\u00f3n ambiental. (<i>P\u00e1gina 18).<\/i><\/p>\n<p><b>&#8211;<\/b>Debe procurarse la consolidaci\u00f3n, crecimiento y densificaci\u00f3n de los centros de poblaci\u00f3n como medida de conservaci\u00f3n de mantos fre\u00e1ticos no explotados.<\/p>\n<p>-Tratamiento del total de las aguas residuales, acompa\u00f1ado de una eficiente operaci\u00f3n administrativa de los organismos responsables.<\/p>\n<p>-Fomentar en el corto plazo el uso de fuentes de energ\u00eda limpias asequibles y de f\u00e1cil instalaci\u00f3n.<\/p>\n<p><i>(P\u00e1gina 19) <\/i><\/p>\n\t\t\t\t\t\t\t\t\t\t\t\t<a href=\"\">\u2022 Desarrollo Humano<\/a>\n\t\t\t\t\t<p>Desarrollo de proyectos comunitarios con perspectiva de g\u00e9nero: la creaci\u00f3n de espacios y din\u00e1micas encaminadas a la provisi\u00f3n de alimentos, tratamiento de materiales, acceso a la cultura y espacios de esparcimiento, es una apuesta por la re significaci\u00f3n de la colectividad que a su vez permite transformar las relaciones sociales, fortalecer el tejido social, reivindicar y reconocer el trabajo de integrantes de la comunidad pues ofrecen la posibilidad no solamente a sectores vulnerados sino a la comunidad en general, tanto de satisfacer necesidades b\u00e1sicas como comestibles, como de ejercer sus derechos culturales e involucrarse en proyectos permitan su desarrollo humano. Este tipo de proyectos deber\u00e1n elaborarse teniendo como poblaci\u00f3n prioritaria m\u00e1s no \u00fanica, a las mujeres.<\/p>\n<p><i>(P\u00e1gina 22)<\/i><\/p>\n<p>Creaci\u00f3n del Sistema Estatal de Cuidados<b>:<\/b> se promover\u00e1 a partir del diagn\u00f3stico y di\u00e1logo intermunicipal la creaci\u00f3n del primer Sistema Estatal de Cuidados de acceso universal, gratuito y de calidad para que exista la posibilidad material de ofrecer espacios dignos y cercanos para ni\u00f1as, ni\u00f1os y personas mayores. Se proyecta como una red de guarder\u00edas y estancias infantiles, as\u00ed como de atenci\u00f3n a personas de la tercera edad que opere en cada rinc\u00f3n del estado. Este sistema se articular\u00e1 entre el Gobierno de Jalisco y todos los Ayuntamientos, mediante un plan sexenal de financiamiento que garantice su debida operaci\u00f3n de forma gradual. Con este sistema se intenta que ninguna mujer u hombre se vea en desventaja para realizarse personal y profesionalmente al asign\u00e1rsele el rol de los cuidados y de la reproducci\u00f3n.<\/p>\n<p><i>(P\u00e1gina 23) <\/i><\/p>\n\t\t\t\t\t\t\t\t\t\t\t\t<a href=\"\">\u2022 Educaci\u00f3n e Innovaci\u00f3n<\/a>\n\t\t\t\t\t<p>-Garant\u00eda de conectividad y herramientas digitales para los estudiantes.<\/p>\n<p>-Creaci\u00f3n de un nuevo modelo educativo basado en el uso de las TICS.<\/p>\n<p>-Incremento de la matr\u00edcula y programas educativos de pregrado bajo la modalidad virtual.<\/p>\n<p>-Programas de educaci\u00f3n social dirigida a grupos vulnerables.<\/p>\n<p>-Implementaci\u00f3n de programas de investigaci\u00f3n temprana aplicables a la resoluci\u00f3n de problemas. (P\u00c1GINA 26).<\/p>\n<p>&#8211; Cooperaci\u00f3n de diversos agentes (Gobierno, Instituciones educativas, comunidad cient\u00edfica, empresariado y ciudadan\u00eda) para mejorar e innovar en materia de calidad educativa.\u00a0<\/p>\n<p>-Promoci\u00f3n del desarrollo cient\u00edfico y tecnol\u00f3gico orientado a la mejora de los est\u00e1ndares de calidad tanto en los espacios educativos, as\u00ed como en el mejoramiento de materiales did\u00e1cticos, la capacitaci\u00f3n docente y el desarrollo cient\u00edfico enfocado a generar propuestas innovadoras en materia de calidad educativa.<\/p>\n<p><i>(P\u00e1gina 27).<\/i><\/p>\n\t\t\t\t\t\t\t\t\t\t\t\t<a href=\"\">\u2022 Cultura, salud y deporte<\/a>\n\t\t\t\t\t<h5>Hagamos conciliar\u00e1 un <i>proyecto cultural<\/i> que se integre transversalmente a la pol\u00edtica de desarrollo de Jalisco desde todas sus dimensiones y con un presupuesto que refleje verdaderamente el compromiso. <i>(P\u00e1gina 9).<\/i><\/h5>\n<p><strong>-Promoci\u00f3n de la identidad cultural a trav\u00e9s de la creaci\u00f3n de contenidos digitales.<\/strong><\/p>\n<p>La creaci\u00f3n de contenido cultural que nos lleve a la formaci\u00f3n del pensamiento creador de la sociedad, agregando un valor al legado de la cultura en las generaciones actuales y en las venideras.\u00a0<\/p>\n<p><strong>-Ense\u00f1anza de la cultura en los niveles de aprendizaje b\u00e1sicos<\/strong><\/p>\n<p>Retomar la formaci\u00f3n b\u00e1sica en arte, cultura y humanidades, en el marco del sistema educativo local potenciar\u00eda un acercamiento a los derechos humanos, la construcci\u00f3n de comunidades sanas y la formaci\u00f3n de una ciudadan\u00eda cr\u00edtica, informada y plural.<\/p>\n<p><i>(P\u00e1gina 27).<\/i><\/p>\n<p>-Hagamos propone un sistema de salud universal, cercano y democr\u00e1tico para toda la poblaci\u00f3n, empezando por quienes son m\u00e1s vulnerables y sin que est\u00e9 condicionado directamente por el empleo.<\/p>\n<p>-Trabajar con todos los actores sociales para dise\u00f1ar e implementar pol\u00edticas p\u00fablicas cuyos prop\u00f3sitos y objetivos sean hacer realidad, a corto y mediano plazo, la cobertura universal de la atenci\u00f3n en salud.<\/p>\n<p>-Un proyecto de salud que devuelva la dignidad a sus habitantes regidos por los principios de igualdad, justicia, equidad y responsabilidad.\u00a0<\/p>\n<p><b>&#8211;<\/b>Reestructuraci\u00f3n del Sistema Estatal de Salud:<\/p>\n<p>Se propondr\u00e1n procesos de gesti\u00f3n m\u00e1s eficientes, transparentes y vanguardistas<\/p>\n<p><b>&#8211;<\/b>Acceso universal y no condicionado a servicios sanitarios de atenci\u00f3n primaria<\/p>\n<p>Crear un modelo que permita atender a todas y todos los ciudadanos en la atenci\u00f3n primaria en una red de unidades de salud estatales y municipales, sin menoscabo de ser o no derechohabiente de alg\u00fan sistema.<\/p>\n<p><b>&#8211;<\/b>Estrategia Digital de Salud P\u00fablica<\/p>\n<p>Dise\u00f1ar e implementar una plataforma digital accesible para toda la poblaci\u00f3n cuyos objeticos sean: 1) mantener actualizado el diagn\u00f3stico del estado que guarda la salud p\u00fablica a trav\u00e9s del monitoreo inteligente; 2) brindar atenci\u00f3n y consultas a trav\u00e9s de la plataforma digital 24\/7; y 3) derivaci\u00f3n y canalizaci\u00f3n de servicios cuando as\u00ed se requiera.<\/p>\n<p>Salud en l\u00ednea:<\/p>\n<p>-Dise\u00f1o e implementaci\u00f3n de programas para facilitar el acceso remoto a los servicios de salud que permitan el diagn\u00f3stico, seguimiento del tratamiento y rehabilitaci\u00f3n a trav\u00e9s del uso de plataformas digitales de f\u00e1cil instrumentaci\u00f3n.<\/p>\n<p>-Se propone la creaci\u00f3n de una plataforma digital para la gesti\u00f3n de citas m\u00e9dicas, seguimiento personalizado e informaci\u00f3n oportuna.<\/p>\n<p>-Ampliar al doble la inversi\u00f3n per c\u00e1pita del presupuesto a la salud p\u00fablica de manera gradual y progresiva en los pr\u00f3ximos 10 a\u00f1os.<\/p>\n<p><b>&#8211;<\/b>Salud integral a adolescentes y j\u00f3venes<\/p>\n<p>-Apoyos econ\u00f3micos y exenciones fiscales a grupos vulnerables en el \u00e1mbito de la salud<\/p>\n<p>-Alimentaci\u00f3n de calidad<\/p>\n<p>La creaci\u00f3n de un sistema alimentario integral que pueda llegar a todos los municipios del estado, sobre todo a los sectores marginados<\/p>\n<p><b>&#8211;<\/b>Prevenci\u00f3n y atenci\u00f3n de enfermedades cr\u00f3nico-degenerativas<\/p>\n<p>-Atenci\u00f3n a la salud mental<\/p>\n<p>Crear un plan integral de atenci\u00f3n a la salud mental que abarque pol\u00edticas p\u00fablicas y estrategias y multisectorial por las instituciones p\u00fablicas encargadas de la atenci\u00f3n de la salud mental en el estado<\/p>\n<p><b>&#8211;<\/b>Lucha contra el c\u00e1ncer<\/p>\n<p>Dise\u00f1ar programas eficaces, permanentes y asequibles para abatir el rezago que existe en la prevenci\u00f3n, detecci\u00f3n temprana, diagn\u00f3stico, tratamiento integral y rehabilitaci\u00f3n de las principales causas de c\u00e1ncer en mujeres, ni\u00f1as, ni\u00f1os y hombres.<\/p>\n<p><b>&#8211;<\/b>Fomentar la educaci\u00f3n para el autocuidado a la salud:<\/p>\n<p>-Creaci\u00f3n del Instituto de Salud de la adolescencia<\/p>\n<p>-Alcanzar al menos el 90% de los Objetivos del Desarrollo Sostenible en Salud que favorezcan el fomento al cuidado y respeto de la naturaleza.<\/p>\n<p><b>&#8211;<\/b>El desarrollo del COVID-19 en los pr\u00f3ximos a\u00f1os:<\/p>\n<p>La creaci\u00f3n de un proyecto integral\u00a0 que permita a nuestro estado prepararse mejor frente a estas emergencias sanitarias, esto implica la aplicaci\u00f3n de Instrumentos Internacionales como el Reglamento Sanitario Internacional (OMS, 2005) para el Fortalecimiento de la preparaci\u00f3n frente a emergencias sanitarias, con la finalidad de desarrollar procesos de gobernabilidad, gobernanza para tener una capacidad de respuesta eficiente de nuestras instituciones ante estas emergencias.<\/p>\n<p><i>(P\u00e1ginas 42 a la 45).<\/i><\/p>\n\t\t\t\t\t\t\t\t\t\t\t\t<a href=\"\">\u2022 Finanzas y Obra P\u00fablica<\/a>\n\t\t\t\t\t<p><b>&#8211;<\/b>Buscar pleno cumplimiento de una redistribuci\u00f3n justa del estado a trav\u00e9s del presupuesto p\u00fablico.<\/p>\n<p>La creaci\u00f3n de un gasto p\u00fablico eficiente y etiquetado para apoyar servicios sociales b\u00e1sicos de calidad, as\u00ed como mecanismos s\u00f3lidos de protecci\u00f3n social y refuerzo de la capacidad de recuperaci\u00f3n de los grupos de poblaci\u00f3n vulnerables a las crecientes crisis de desigualdad que se desarroll\u00f3 con la pandemia.<\/p>\n<p>Deben intensificarse los esfuerzos por redise\u00f1ar pol\u00edticas p\u00fablicas con una verdadera capacidad de transformaci\u00f3n a los grupos de poblaci\u00f3n que han sido sistem\u00e1ticamente marginados.<\/p>\n<p><b>&#8211;<\/b>Instrumentos de redistribuci\u00f3n.<\/p>\n<p>Articular un di\u00e1logo desde lo local para, a trav\u00e9s de un aut\u00e9ntico debate federalista, garantizar que el pacto fiscal en el pa\u00eds contenga instrumentos de redistribuci\u00f3n de la riqueza. Nuestro sistema tributario debe equilibrarse hacia un sistema m\u00e1s progresivo y socialmente justo.<\/p>\n<p>-Base imponible y el alcance de los sistemas fiscales.<\/p>\n<p>Es esencial que la distribuci\u00f3n tributaria final se relacione con el crecimiento que tengamos en inversi\u00f3n y desarrollo de la producci\u00f3n industrial y que este sea redirigido para la atenci\u00f3n de programas que ayuden acortar la brecha pobreza y la desigualdad.<\/p>\n<p><b>&#8211;<\/b>Reducir los altos niveles de evasi\u00f3n y evitaci\u00f3n de impuestos:<\/p>\n<p>En lo local se deben encontrar incentivos y en lo federal iniciar y articular una discusi\u00f3n para lograr que la pol\u00edtica fiscal vaya acompa\u00f1ada de una administraci\u00f3n p\u00fablica que pueda vigilar las obligaciones y facilitar su cumplimiento<\/p>\n<p><i>(P\u00e1gina 13)<\/i><\/p>\n<p>Adem\u00e1s, la administraci\u00f3n tributaria debe formar parte de un sistema coordinaci\u00f3n fiscal efectivo que garantice el castigo del incumplimiento de las obligaciones tributarias. (P\u00e1gina 14).<\/p>\n<p><b>&#8211;<\/b>Pol\u00edticas p\u00fablicas fiscales para todas las personas:<\/p>\n<p>El sistema fiscal debe promover el desarrollo de un nuevo modelo de desarrollo social que no sea excluyente. Se deben de regular instrumentos como los beneficios fiscales, que incentivan el crecimiento de la desigualdad entre los sectores econ\u00f3micos.\u00a0<\/p>\n<p><i>(P\u00e1gina 14)<\/i><\/p>\n\t\t\t\t\t\t\t\t\t\t\t\t<a href=\"\">\u2022 Transparencia, Rendici\u00f3n de Cuentas y Combate a la Corrupci\u00f3n<\/a>\n\t\t\t\t\t<p><b>&#8211;<\/b>Auditor\u00eda Superior del Estado<\/p>\n<p>La auditor\u00eda debe ser un \u00f3rgano colegiado, con autonom\u00eda de gesti\u00f3n y estructura funcional, que haga de la fiscalizaci\u00f3n superior un instrumento eficiente de rendici\u00f3n de cuentas para que sea capaz de revisar las funciones de la administraci\u00f3n p\u00fablica y hacer que el Poder Legislativo cumpla con la fiscalizaci\u00f3n superior.\u00a0<\/p>\n\t\t\t\t\t\t\t\t\t\t\t\t<a href=\"\">\u2022 Infraestructura y Gasto P\u00fablico<\/a>\n\t\t\t\t\t<ul>\n<li aria-level=\"1\"><b>Redensificaci\u00f3n inteligente y nuevo marco jur\u00eddico: <\/b><br \/>Habitar el Jalisco urbano debe ser sin\u00f3nimo de ciudades compactas, estrat\u00e9gicamente conectadas, dotadas de infraestructura y con una innovadora respuesta ante las crisis. El primer elemento fundamental en el que se desplanta una vivienda es el suelo, la reci\u00e9n publicada Pol\u00edtica de Suelo por parte de la SEDATU evidencia una descoordinaci\u00f3n entre entidades gubernamentales pertenecientes a los tres niveles de gobierno: Federaci\u00f3n, estados y municipios. A trav\u00e9s de distintos mecanismos jur\u00eddicos se han encontrado mecanismos para otorgar titulaci\u00f3n a la propiedad del suelo; por lo que el surgimiento de asentamientos humanos aislados, dispersos, carentes de infraestructura, en zonas de riesgo o en restricciones por cauces o cuerpos de agua ha sido casi imposible regular por parte de las autoridades municipales. Por lo que es importante fortalecer y garantizar el ejercicio de las facultades constitucionales de los municipios para restringir el surgimiento de asentamientos humanos a trav\u00e9s de la ocupaci\u00f3n irregular del suelo y no hablar m\u00e1s de regularizaci\u00f3n sino de prevenci\u00f3n.<\/li>\n<li aria-level=\"1\"><b>Plataforma abierta de consulta para la urbanizaci\u00f3n:<\/b><br \/>Toda persona requiere de certeza jur\u00eddica sobre su patrimonio, especialmente quienes menos tienen. Por ello se propone la creaci\u00f3n de una plataforma de consulta que d\u00e9 cuenta de la viabilidad de todo proyecto de infraestructura dentro de Jalisco. Esto con el objetivo de evitar fraudes o impedir desarrollos con fines habitacionales de manera irregular. Se entiende como vivienda irregular aquella que no cuenta con certeza jur\u00eddica, ni los par\u00e1metros de habitabilidad como son la presencia de servicios p\u00fablicos. Raz\u00f3n por lo que se cree indispensable la creaci\u00f3n de una estrategia que mitigue el mercado informal del suelo, a implementarse por las sindicaturas municipales.<\/li>\n<li><b>Pol\u00edtica de gobernanza participativa en el territorio:<\/b><br \/>Se propondr\u00e1 garantizar y mejorar los mecanismos de participaci\u00f3n para la integraci\u00f3n de espacios de interacci\u00f3n entre las personas vecinas y gobiernos locales de forma colaborativa para emprender estrategias que mitiguen la falta de infraestructura. Es com\u00fan que los asentamientos irregulares al integrarse al sistema urbano cuenten con m\u00faltiples deficiencias, entre ellas la inexistencia de una estrategia de movilidad que les permita conectarse con los centros de poblaci\u00f3n m\u00e1s cercanos. Inclusive aspectos m\u00e1s esenciales como secciones viales adecuadas, presencia de banquetas y accesibilidad id\u00f3nea son retos que en infinidad de colonias se enfrentan d\u00eda con d\u00eda.<\/li>\n<li aria-level=\"1\"><b>Potenciar la eficiencia del sistema de transporte p\u00fablico y su integraci\u00f3n de modo que d\u00e9 lugar a una mejora de la calidad urbana:<\/b> <br \/>En el \u00c1rea Metropolitana de Guadalajara y las distintas ciudades medias al interior del Estado, apostamos por los valores de la proximidad, por la promoci\u00f3n de los modos de transporte limpios (peatonal, ciclista, transporte p\u00fablico), a la calidad del dise\u00f1o urbano en el entorno de las paradas de transporte p\u00fablico en aquellos municipios que lo administren y la focalizaci\u00f3n de acciones sobre los grupos de poblaci\u00f3n en situaci\u00f3n de desventaja o cautivos del transporte p\u00fablico.<\/li>\n<\/ul>\n<h5><b>Planeaci\u00f3n del territorio.<\/b><\/h5>\n<ul>\n<li><b>Combate a la corrupci\u00f3n en las instancias relacionadas con obras p\u00fablicas e infraestructura: <\/b><br \/>Se propondr\u00e1 un programa ambicioso de capacitaci\u00f3n y evaluaci\u00f3n de todo el personal de servicio p\u00fablico para evitar la corrupci\u00f3n y la negligencia. En la medida que la gesti\u00f3n del desarrollo urbano y ordenamiento del territorio son competencia que la Constituci\u00f3n otorga a los municipios, en concurrencia con las legislaciones urbanas aplicables de car\u00e1cter federal y estatal, se vuelve indispensable que las dependencias municipales cuenten con el personal t\u00e9cnico calificado para dicho desempe\u00f1o.<\/li>\n<li aria-level=\"1\"><b>Creaci\u00f3n de la plataforma digital abierta sobre el Desarrollo Urbano de Jalisco: <\/b><br \/>Iniciaremos una plataforma desde lo municipal para procurar la creaci\u00f3n de una sola plataforma de consulta sobre los Planes y Programas de Desarrollo Urbano, de forma simplificada y entendibles. Las Universidades y la Procuradur\u00eda de Desarrollo Urbano deber\u00e1n colaborar proactivamente en apoyo principalmente de los municipios del interior del estado para alcanzar dicho objetivo. Los Programas y Planes de Desarrollo Urbano deben encontrar la manera de construirse entre todos los sectores de la poblaci\u00f3n, para que sean estos los promotores de su correcto seguimiento.\u00a0 Es indispensable que los gobiernos municipales cuenten con Programas o Planes de Desarrollo Urbano actualizados, as\u00ed como con reglamentos de construcci\u00f3n y gesti\u00f3n del desarrollo urbano acordes a sus particularidades. Y que dichos instrumentos sean responsablemente vistos y aplicados con una visi\u00f3n a futuro, dentro de un mediano y largo plazo.<\/li>\n<li aria-level=\"1\"><b>Estrategias claras y \u00f3ptimas al orientar a las y los ejidatarios: <\/b><br \/>Para lograr la mejor manera en la que el suelo social pase al sector urbano, debe existir una pol\u00edtica y protocolos de actuaci\u00f3n claros. Muchos de los centros de poblaci\u00f3n al interior de los municipios se han originado y siguen expandi\u00e9ndose en suelo ejidal o comunal, lo que representa un reto may\u00fasculo para lograr esquemas de colaboraci\u00f3n con los comisarios, as\u00ed como con la representaci\u00f3n del Registro Agrario Nacional en Jalisco, con el fin de lograr las metas planteadas en los Programas o Planes de Desarrollo Urbano. La delegaci\u00f3n del Registro Agrario Nacional en Jalisco no debe registrar cambios de uso de suelo o acciones de lotificaci\u00f3n sin previo dictamen t\u00e9cnico de las dependencias municipales correspondientes.<\/li>\n<\/ul>\n<h5>Aguas, reservas hidrol\u00f3gicas y sustentabilidad<\/h5>\n<ul>\n<li><b>Debe procurarse la consolidaci\u00f3n, crecimiento y densificaci\u00f3n de los centros de poblaci\u00f3n como medida de conservaci\u00f3n de mantos fre\u00e1ticos no explotados:<\/b><br \/>La existencia de asentamientos humanos distantes genera la necesidad de m\u00e1s infraestructura de suministro de agua potable a las viviendas, abastecida regularmente con la perforaci\u00f3n de pozos profundos. Las \u00e1reas naturales protegidas, \u00e1reas no urbanizables por su identidad forestal o agr\u00edcola, deben conservarse y regularse dada su importancia como reservas de captaci\u00f3n hidrol\u00f3gica.<\/li>\n<li><b>Tratamiento del total de las aguas residuales, acompa\u00f1ado de una eficiente operaci\u00f3n administrativa de los organismos responsables:<\/b><br \/>Debe entenderse al suministro de agua potable y desalojo sanitario como una empresa de valor p\u00fablico, y ante ello garantizar la cobertura de la totalidad de gastos con los que la dependencia se enfrenta, tales como el mantenimiento de pozos, mantenimiento de redes de infraestructura y primordialmente el total tratamientos de las aguas residuales.\u00a0<\/li>\n<li><b>Fomentar en el corto plazo el uso de fuentes de energ\u00eda limpias asequibles y de f\u00e1cil instalaci\u00f3n: <\/b><br \/>Calentadores solares de agua, paneles solares, generadores de vapor de agua, entre otros, deber\u00e1n ser una prioridad en todas las dependencias gubernamentales (hospitales, edificios y oficinas de los tres poderes, casa Jalisco, escuelas de educaci\u00f3n media y superior y los hogares) para reducir el consumo de energ\u00eda producida a partir de combustibles f\u00f3siles. Ser\u00e1 necesario generar acuerdos y estrategias con la iniciativa privada para la producci\u00f3n a gran escala del prototipo de estos insumos adem\u00e1s de un programa de est\u00edmulos fiscales para los productores.<\/li>\n<\/ul>\n<p>*P\u00e1ginas 18 y 20<\/p>\n\t\t\t\t\t\t\t\t\t\t\t\t<a href=\"\">\u2022 Derechos Humanos<\/a>\n\t\t\t\t\t<h6>AUTONOM\u00cdA: FORTALEZA DE LOS DERECHOS HUMANOS.<\/h6>\n<p><br \/>1. Adoptar las recomendaciones internacionales: desde Jalisco exigiremos al estado mexicano que adopte las recomendaciones emitidas por el Consejo de Derechos Humanos establecidas en el Examen Peri\u00f3dico Universal (EPU).<br \/>2. Fortalecimiento de los organismos aut\u00f3nomos de derechos humanos: buscaremos a trav\u00e9s de reformas en el Congreso Local, el fortalecimiento institucional, presupuestario y de<br \/>alcance vinculatorio de la CEDHJ, as\u00ed como la interlocuci\u00f3n con otras instancias promotoras y defensoras para as\u00ed evitar esfuerzos aislados.<br \/>3. Dise\u00f1ar e implementar una pol\u00edtica transversal en materia de derechos humanos para todos los municipios de Jalisco: buscaremos que la perspectiva de derechos humanos sea parte fundamental del desarrollo de la agenda municipal a trav\u00e9s de la instalaci\u00f3n de una<br \/>unidad especializada en que pueda vincularse con los organismos aut\u00f3nomos defensores de derechos humanos para otorgar un seguimiento adecuado al avance de la agenda en los 125<br \/>municipios del estado.<\/p>\n<h6><br \/>LOS DERECHOS HUMANOS COMO GU\u00cdA.<\/h6>\n<p><br \/>4. Promover la creaci\u00f3n de indicadores de goce de derechos humanos: la generaci\u00f3n de indicadores que midan el disfrute de los derechos humanos de todas las personas y grupos vulnerables es fundamental para aplicar las normas y los compromisos adquiridos por el estado. Brinda adem\u00e1s un esquema importante para formular pol\u00edticas p\u00fablicas, evaluarlas y medir impactos en la poblaci\u00f3n, para lo que propondremos la implementaci\u00f3n de una agencia<br \/>municipal con dicha tarea.<br \/>5. Presupuestos de egresos basados en derechos humanos: una vez concluidos los<br \/>mecanismos para medir el acceso y goce de los derechos humanos de las y los jaliscienses, se emitir\u00e1 un informe anual de las agendas prioritarias y su situaci\u00f3n actual; posteriormente<br \/>se emitir\u00e1n recomendaciones directamente al presupuesto de egresos de cada a\u00f1o que deber\u00e1n de ser atendidas de manera cabal por la autoridad estatal y municipal. Esto significa crear objetivos alcanzables y dotarlos de presupuesto suficiente de manera progresiva.<br \/>6. Evaluaciones peri\u00f3dicas y p\u00fablicas de todos los organismos de derechos humanos: los indicadores nos ayudar\u00e1n a medir tambi\u00e9n la eficiencia de las instituciones que ya<br \/>trabajan en la protecci\u00f3n de derechos humanos ya que las estad\u00edsticas independientes, libres de inferencia pol\u00edtica de cualquier tipo constituir\u00e1 la herramienta b\u00e1sica fundamental de<br \/>nuestros gobiernos.<br \/>7. Atenci\u00f3n a v\u00edctimas: actualmente hay un deficiente funcionamiento en la atenci\u00f3n a personas que han sido v\u00edctimas de la comisi\u00f3n de alg\u00fan delito o vulneraci\u00f3n de derechos.<br \/>Esto se explica en parte por una disminuci\u00f3n importante del presupuesto del Fondo de<br \/>Atenci\u00f3n y Reparaci\u00f3n Integral de la Comisi\u00f3n Ejecutiva Estatal de Atenci\u00f3n a V\u00edctimas, por lo que se deben redistribuir los recursos para los programas de atenci\u00f3n y las instituciones<br \/>de tal manera que las personas servidoras publicas sean m\u00e1s sensibles y est\u00e9n mejor capacitadas.<br \/>8. Creaci\u00f3n de comisiones mixtas de atenci\u00f3n a v\u00edctimas en los municipios: se propondr\u00e1 la creaci\u00f3n de comisiones mixtas de atenci\u00f3n a v\u00edctimas en cada municipio integradas por el servicio p\u00fablico, instituciones, asociaciones y ciudadanos. El objetivo es que estas permitan defender los intereses de las v\u00edctimas, generar un sistema de denuncias an\u00f3nimas, as\u00ed como<br \/>programas de atenci\u00f3n, acompa\u00f1amiento y redireccionamiento a familiares de personas desaparecidas. Se trata de evitar las represalias de quienes se atreven a denunciar la comisi\u00f3n de delitos, el paradero de desaparecidos o la ubicaci\u00f3n de delincuentes.<\/p>\n<h6><br \/>POR UNA HISTORIA DE LIBERTAD, DIVERSIDAD E INCLUSI\u00d3N.<\/h6>\n<p><br \/>9. Por el derecho a decidir: discutiremos y legislaremos urgentemente para darle mayoralcance a un marco jur\u00eddico que promueva la instauraci\u00f3n en Jalisco de una estrategia<br \/>integral de educaci\u00f3n sexual y reproductiva. Esta estrategia debe enfocar sus esfuerzos en el acceso a la educaci\u00f3n sexual, el acceso universal a m\u00e9todos anticonceptivos y a la implementaci\u00f3n de un programa de interrupci\u00f3n legal, seguro y gratuito del embarazo. (ver tambi\u00e9n el eje de hagamos una sociedad paritaria)<br \/>10. Por el derecho a amar en diversidad: buscaremos desmitificar y garantizar los derechos de la comunidad, mediante un proyecto que propicie en primera instancia espacios libres de discriminaci\u00f3n de la poblaci\u00f3n l\u00e9sbica, gay, bisexual, travesti, transg\u00e9nero, transexual, intersexual, queer y dem\u00e1s identidades y expresiones no normativas al g\u00e9nero binario (LGBTTTIQ+) anudado a esto buscaremos la armonizaci\u00f3n del marco normativo del estado de Jalisco. 1<\/p>\n<p>11. Por el derecho al desarrollo: promover la creaci\u00f3n de espacios emocionalmente seguro, para la reconstrucci\u00f3n de un estado que transite a los nuevos modelos de desarrollo sostenible.<\/p>\n<p>12. Derechos de la poblaci\u00f3n adulta mayor: la curva demogr\u00e1fica de Jalisco nos obliga a<br \/>pensar en la situaci\u00f3n de las personas adultas mayores, su derecho a vivir dignamente y a entornos que los protejan. Para ello se asegurar\u00e1 la provisi\u00f3n de espacios de cuidados y recreativos cercanos a dicha poblaci\u00f3n, a donde puedan acudir durante el d\u00eda y se les brinde adem\u00e1s atenci\u00f3n b\u00e1sica de alimentaci\u00f3n y salud. (ver Sistema Estatal de Cuidados en Hagamos una sociedad paritaria)<\/p>\n<h6><br \/>DERECHOS DE CUARTA GENERACI\u00d3N.<\/h6>\n<p><br \/>13. Derecho a la banda ancha: se promover\u00e1 el derecho al acceso a internet y a la banda ancha como un derecho universal en Jalisco. El acceso no deber\u00e1 estar limitado a espacios p\u00fablicos disponibles con internet, deber\u00e1 garantizarse su portabilidad en dispositivos de auto acceso inteligentes o en sus hogares. Para ello los municipios podr\u00e1n iniciar una discusi\u00f3n sobre los alcances y necesarios ajustes al programa Red Jalisco.<br \/>14. Creaci\u00f3n de la Empresa P\u00fablica Jalisco Digital: para garantizar el acceso a internet universal y la disponibilidad de dispositivos de auto acceso asequibles, se propone crear una empresa p\u00fablica cuyo objetivo sea la gesti\u00f3n, articulaci\u00f3n y proveedur\u00eda de servicio digitales en coordinaci\u00f3n con el sector empresarial correspondiente y los distintos \u00f3rdenes de gobierno.<br \/>15. Derecho a la privacidad: el uso de tecnolog\u00edas de la informaci\u00f3n representa un gran beneficio de accesibilidad y universalidad, pero a su vez, puede potenciar la emergencia de delitos o situaciones en la que se vea expuesta la intimidad de las personas. Adicionalmente, el tr\u00e1fico de datos personales pasa casi desapercibido y existen pocas regulaciones al respecto. Por lo anterior se propone construir un marco legal integral que regule el uso, transferencia y protecci\u00f3n de dicha informaci\u00f3n.<\/p>\n<p><br \/>*P\u00e1ginas 31 y 33 de la Plataforma Pol\u00edtica<\/p>\n<p>\u00a0<\/p>\n\t\t\t\t\t\t\t\t\t\t\t\t<a href=\"\">\u2022 Violencia pol\u00edtica en raz\u00f3n de G\u00e9nero <\/a>\n\t\t\t\t\t<h5>EMPODERAMIENTO ECON\u00d3MICO Y REDISTRIBUCI\u00d3N DE LOS CUIDADOS<\/h5>\n<ol>\n<li><strong>Cerrar la brecha salarial:<\/strong> se debe garantizar un salario justo y en igualdad de condiciones sin distinci\u00f3n de sexo. Para ello se debe erradicar la discriminaci\u00f3n vertical y horizontal propia de las mujeres en los puestos de trabajo p\u00fablicos y privados. Crear sanciones para las empresas y dependencias que emitan salarios diferenciados entre mujeres y hombres que realizan el mismo trabajo.<\/li>\n<li><strong>Conciliaci\u00f3n del trabajo para las mujeres:<\/strong> la inequitativa distribuci\u00f3n de los trabajos de cuidado y labores dom\u00e9sticas est\u00e1 relacionada con una r\u00edgida asignaci\u00f3n de roles que han supeditado las actividades de las mujeres a la esfera dom\u00e9stica, provocando que existan prejuicios, discriminaci\u00f3n y resistencias sobre su participaci\u00f3n en el mercado laboral por un lado, y dobles o triples jornadas por otro, ya que adem\u00e1s de trabajar fuera de casa, regresan a ella a encargarse de cuestiones como la limpieza, abastecimiento y preparaci\u00f3n de alimentos y la asistencia a la ni\u00f1ez, adultos mayores o personas enfermas.<\/li>\n<li><strong>Licencias maternales y paternales intransferibles, de larga duraci\u00f3n y remunerados al 100%:<\/strong> se deben considerar las licencias como una herramienta para la corresponsabilidad en los cuidados, haciendo de estas un periodo intransferible y de larga duraci\u00f3n para el padre y la madre al nacimiento de un hijo, hija o adopci\u00f3n. Dichas licencias deben estar garantizadas como derechos laborales y remuneradas al 100%. Propondremos que en los municipios se comience a dar esta prestaci\u00f3n e impulsaremos un di\u00e1logo nacional para implementarlo a nivel federal.<\/li>\n<li><strong>Creaci\u00f3n del Sistema Estatal de Cuidados:<\/strong> se promover\u00e1 a partir del diagn\u00f3stico y di\u00e1logo intermunicipal la creaci\u00f3n del primer Sistema Estatal de Cuidados de acceso universal, gratuito y de calidad para que exista la posibilidad material de ofrecer espacios dignos y cercanos para ni\u00f1as, ni\u00f1os y personas mayores. Se proyecta como una red de guarder\u00edas y estancias infantiles, as\u00ed como de atenci\u00f3n a personas de la tercera edad que opere en cada rinc\u00f3n del estado. Este sistema se articular\u00e1 entre el Gobierno de Jalisco y todos los Ayuntamientos, mediante un plan sexenal de financiamiento que garantice su debida operaci\u00f3n de forma gradual. Con este sistema se intenta que ninguna mujer u hombre se vea en desventaja para realizarse personal y profesionalmente al asign\u00e1rsele el rol de los cuidados y de la reproducci\u00f3n.<\/li>\n<\/ol>\n<h5><strong>ALTO A LAS VIOLENCIAS DE G\u00c9NERO<\/strong><\/h5>\n<ol>\n<li><strong>Entramado institucional de atenci\u00f3n integral a la violencia de g\u00e9nero:<\/strong> la articulaci\u00f3n y atenci\u00f3n integral de la violencia de g\u00e9nero permite abordar la problem\u00e1tica desde una \u00f3ptica m\u00e1s completa pues atiende una multiplicidad de aspectos interconectados. Para ello es necesaria la creaci\u00f3n de una Fiscal\u00eda Especializada para los Delitos de Violencia Contra las Mujeres y Trata de Personas en el Estado de Jalisco, as\u00ed como Centros de Justicia para las Mujeres en todas las regiones del Estado.<\/li>\n<li><strong>Erradicaci\u00f3n de las violencias sexuales:<\/strong> se busca crear espacios en donde las mujeres al igual que los hombres, tengan derecho a ocupar el espacio p\u00fablico y privado sin sentir miedo a ser agredidas sexualmente. Esto se debe garantizar desde las responsabilidades del \u00e1mbito municipal y de que desde el Congreso del Estado se establezcan sanciones m\u00e1s duras a personas que ejerzan violencia sexual en cualquier espacio ya sea laboral, escolar, familiar o social.<\/li>\n<\/ol>\n<p>*P\u00e1ginas 23 y 24 <br \/><\/p>\n\t\t\t\t\t\t\t\t\t\t\t\t<a href=\"\">\u2022 Participaci\u00f3n ciudadana<\/a>\n\t\t\t\t\t<p><strong>-Hagamos apuesta por una sociedad donde las decisiones se tomen en colectivo; donde podamos participar en un gobierno abierto, real y tangible.<\/strong><\/p>\n<p><strong>-Las pol\u00edticas p\u00fablicas de transparencia, participaci\u00f3n ciudadana, rendici\u00f3n de cuentas y el aprovechamiento de las nuevas tecnolog\u00edas son una alternativa ante dicha problem\u00e1tica.<\/strong><\/p>\n<p>(P\u00e1gina 34).<\/p>\n<p><strong>-Diputadas y diputados cercanos<\/strong><\/p>\n<p>Las iniciativas de los diputados deben de ser consultadas por los ciudadanos de sus distritos como requisito previo a su presentaci\u00f3n al Pleno del Congreso, debiendo acompa\u00f1arlas con el expediente de la consulta realizada.<\/p>\n<p><strong>-Mecanismos democr\u00e1ticos en el legislativo<\/strong><\/p>\n<p>Las iniciativas legislativas del gobernador y los dict\u00e1menes de comisiones deben ser sometidos a mecanismos de participaci\u00f3n ciudadana. Adem\u00e1s de ser sometidos a la ciudadan\u00eda, las iniciativas y el ejercicio del Congreso deben de realizarse con los principios de transparencia y rendici\u00f3n de cuentas.<\/p>\n<p><strong>-Ley de designaciones p\u00fablicas y del servicio civil de carrera.<\/strong><\/p>\n<p>Dise\u00f1ar una ley que establezca en las designaciones una evaluaci\u00f3n de los m\u00e9ritos, aptitudes y conocimientos de forma totalmente independiente<\/p>\n<p>(P\u00e1gina 35)<\/p>\n\t\t\t\t\t\t\t\t\t\t\t\t<a href=\"\">\u2022 Juventudes<\/a>\n\t\t\t\t\t\t\t\t\t\t\t\t<a href=\"\">\u2022 Otro tema no enmarcado en las categorias<\/a>\n\t\t\t\t\t<ul>\n<li>PLANEACION DEL TERRITORIO (PAGINA 17)<\/li>\n<li>RECONOCIMIENTO DE DERECHOS SEXUALES Y REPRODUCTIVOS PARA TODAS LAS PERSONAS (PAGINA 22 )<\/li>\n<li>DERECHOS DE CUARTA GENERACI\u00d3N (DERECHO A LA BANDA ANCHA, CREACION DE LA EMPRESA PUBLICA JALISCO DIGITAL, DERECHO A LA PRIVACIDAD (PAGINA 31, 32)<\/li>\n<\/ul>\n\t\t\t\t\t\t\t\t\t\t\t<a href=\"https:\/\/www2.iepcjalisco.org.mx\/tablero-electoral-2021\/wp-content\/uploads\/2021\/03\/FUTURO.Programa-electoral-2021.docx\" target=\"_blank\" rel=\"noopener\">\n\t\t\t\t\t\t\t<img width=\"300\" height=\"300\" src=\"https:\/\/www2.iepcjalisco.org.mx\/tablero-electoral-2021\/wp-content\/uploads\/2021\/03\/11-FUTURO.png\" alt=\"\" loading=\"lazy\" \/>\t\t\t\t\t\t\t\t<\/a>\n\t\t\t\t\t\t\t\t\t\t\t\t<a href=\"\">FUTURO<\/a>\n\t\t\t\t\t<p><a href=\"https:\/\/www2.iepcjalisco.org.mx\/tablero-electoral-2021\/wp-content\/uploads\/2021\/03\/FUTURO.Programa-electoral-2021.docx\">Descagar Plataforma Electoral<\/a><\/p>\n<p>Dirigente estatal del partido: Susana de la Rosa<\/p>\n<p><br \/>Redes sociales oficiales del Partido:<br \/><a href=\"https:\/\/www.hayfuturo.mx\/\" target=\"_blank\" rel=\"noopener\">https:\/\/www.hayfuturo.mx\/<\/a><br \/><a href=\"https:\/\/www.youtube.com\/channel\/UCXNirKR0qsdDKC6WpigdImA\" target=\"_blank\" rel=\"noopener\">Futuro Jalisco &#8211; YouTube<\/a><br \/><a href=\"https:\/\/twitter.com\/FuturoJal?ref_src=twsrc%5Egoogle%7Ctwcamp%5Eserp%7Ctwgr%5Eauthor\" target=\"_blank\" rel=\"noopener\">https:\/\/twitter.com\/FuturoJal?ref_src=twsrc%5Egoogle%7Ctwcamp%5Eserp%7Ctwgr%5Eauthor<\/a><br \/><a href=\"https:\/\/www.instagram.com\/hayfuturojal\" target=\"_blank\" rel=\"noopener\">Futuro (@hayfuturojal) \u2022 Fotos y videos de Instagram<\/a><br \/><a href=\"https:\/\/www.facebook.com\/FuturoJal\/\" target=\"_blank\" rel=\"noopener\">Futuro &#8211; Inicio | Facebook<\/a><\/p>\n\t\t\t\t\t\t\t\t\t\t\t\t<a href=\"\">\u2022 Gobernabilidad y Seguridad<\/a>\n\t\t\t\t\t<h4><b>Recuperar la <\/b><b>paz y seguridad<\/b><b> que nos han arrebatado<\/b><\/h4>\n<p>Nos encontramos en un momento especialmente doloroso en nuestro pa\u00eds y estado. La violencia ha escalado a niveles insospechados y demenciales. En lo que llevamos del siglo XXI, M\u00e9xico es uno de los pa\u00edses con m\u00e1s v\u00edctimas mortales de violencia directa, s\u00f3lo detr\u00e1s de pa\u00edses inmersos en enfrentamientos armados. No es posible concebir un futuro si cualquiera de nosotras o nosotros puede desvanecerse en cualquier momento a manos de la inseguridad. Ante la crisis de las y los desaparecidos, por la injusticia representada en los altos \u00edndices de impunidad y por el miedo que cierne sobre todas y todos, decimos: basta.<\/p>\n<p>Creemos\u00a0 que\u00a0 un\u00a0 Jalisco\u00a0 en\u00a0 paz\u00a0 y\u00a0 con\u00a0 seguridad no s\u00f3lo es posible, sino imperante. En la complejidad de nuestro contexto, debemos usar la creatividad e innovaci\u00f3n, y construir nuevos modelos de implementaci\u00f3n de justicia, nombrar el dolor del que hemos sido testigos, fortalecer la prevenci\u00f3n y la restauraci\u00f3n de da\u00f1os, construir en colectivo la ruta hacia una nueva paz. Una paz que concebimos no s\u00f3lo como la ausencia de conflictos y violencia, sino como el pleno desarrollo de las personas y comunidades; para ello es indispensable garantizar las condiciones m\u00ednimas de seguridad. Adem\u00e1s, para sembrar la paz del futuro debemos comenzar a combatir con las estructuras que generan la violencia, como el machismo, la corrupci\u00f3n y la injusticia social que priva de los derechos fundamentales a las personas m\u00e1s vulnerables.<\/p>\n<h5><strong>Estado de derechos<\/strong><\/h5>\n<p>La justicia tiene sentido cuando la hablamos, vemos y ejecutamos desde la igualdad, tanto en derechos, libertades, oportunidades, y la garant\u00eda del acceso a una vida digna. Todas las personas tenemos el derecho de exigir y recibir justicia. Construir y vivir en un estado de derecho, uno donde la justicia sea real y accesible, es un prerrequisito para la democracia y la dignidad. Entendemos a la justicia como una condici\u00f3n ineludible para la paz, la regeneraci\u00f3n del tejido social, la prevenci\u00f3n y resoluci\u00f3n de conflictos.<b><\/b><\/p>\n<h6><b>Ciclo de la justicia<\/b><\/h6>\n<p>La impartici\u00f3n de justicia es un proceso que involucra distintos elementos y exige la participaci\u00f3n de varias instancias. Como una m\u00e1quina, para poder instrumentar la justicia se necesita de la coordinaci\u00f3n entre distintas piezas que cumplen distintos roles pero encaminadas hacia un objetivo compartido. Por eso, visualizamos a la justicia como un ciclo que debe pensarse integralmente, observando las partes que lo constituyen y articul\u00e1ndolas de manera inteligente.<b><\/b><\/p>\n<h6><b>Polic\u00eda<\/b><\/h6>\n<p>El primer eslab\u00f3n de la cadena de impartici\u00f3n de justicia es la polic\u00eda, encargada de atender a la poblaci\u00f3n en casos de peligro, prevenir la comisi\u00f3n de delitos y de iniciar los procesos de investigaci\u00f3n que luego ser\u00e1n completados por el ministerio p\u00fablico. A pesar de esto, las polic\u00edas municipales suelen ser entes lejanos a las personas y se les considera antag\u00f3nicos a la tranquilidad de las comunidades. Queremos reivindicar a la polic\u00eda como una herramienta de la sociedad para recuperar la paz y proteger lo que m\u00e1s valoramos. Un paso importante es democratizar la seguridad p\u00fablica, a trav\u00e9s de instrumentos de participaci\u00f3n ciudadana y ejercicios de reconciliaci\u00f3n entre la comunidad y las instituciones policiacas.\u00a0<\/p>\n<p>Buscamos:<\/p>\n<ul>\n<li style=\"font-weight: 400;\" aria-level=\"1\">Impulsar el establecimiento de un modelo bien estructurado y socializado de polic\u00eda comunitaria, un modelo que incluya procesos de sensibilizaci\u00f3n, capacitaci\u00f3n y reconocimiento institucional.\u00a0<\/li>\n<li style=\"font-weight: 400;\" aria-level=\"1\">Estructurar un servicio policial de carrera, que incentive a las y los miembros de la instituci\u00f3n a mantenerse en ella.<\/li>\n<li style=\"font-weight: 400;\" aria-level=\"1\">Establecer una pol\u00edtica policial formativa que procure la continua capacitaci\u00f3n de quienes integran los cuerpos policiales en distintas materias. Se debe incluir una formaci\u00f3n constante en perspectiva de g\u00e9nero y derechos humanos, as\u00ed como de entrenamiento en resoluci\u00f3n de conflictos.\u00a0<\/li>\n<li style=\"font-weight: 400;\" aria-level=\"1\">Fortalecer las capacidades tecnol\u00f3gicas, profesionales y presupuestarias de las polic\u00edas..<\/li>\n<li style=\"font-weight: 400;\" aria-level=\"1\">Dignificar la labor policial y mejorar la percepci\u00f3n que se tiene de esta instituci\u00f3n.\u00a0<\/li>\n<li style=\"font-weight: 400;\" aria-level=\"1\">Implementar mecanismos claros de coordinaci\u00f3n y protocolos de acci\u00f3n que inhiban la rivalidad entre instituciones policiales y combatan la ambig\u00fcedad en los procesos.<\/li>\n<li style=\"font-weight: 400;\" aria-level=\"1\">Hacer que las instituciones policiales rindan cuentas y expliquen a la sociedad c\u00f3mo est\u00e1n desempe\u00f1ando sus labores.<\/li>\n<\/ul>\n<h4><br \/><b><\/b><\/h4>\n<h6><b>Fiscal\u00eda independiente, profesional y t\u00e9cnica<\/b><\/h6>\n<p>La fiscal\u00eda es un elemento vital en el ciclo de la justicia. Es ac\u00e1 donde se investigan y persiguen los delitos que preocupan a las personas. Si este \u00f3rgano no funciona correctamente, el resto de piezas del ciclo se vuelven estructuras ociosas e incapaces de procurar la justicia y la seguridad. Nos merecemos una fiscal\u00eda al servicio de nosotras, las personas.<\/p>\n<p>Buscamos:<\/p>\n<ul>\n<li style=\"font-weight: 400;\" aria-level=\"1\">Garantizar designaciones aut\u00f3nomas, participativas \u2013incluyendo a la sociedad civil\u2013 y paritarias.<\/li>\n<li style=\"font-weight: 400;\" aria-level=\"1\">Estructurar un sistema ministerial de carrera por concurso que empuje la profesionalizaci\u00f3n, la paridad de g\u00e9nero y el fortalecimiento de la instituci\u00f3n.<\/li>\n<li style=\"font-weight: 400;\" aria-level=\"1\">Elevar las capacidades t\u00e9cnicas del ministerio p\u00fablico requiere del entrenamiento constante y especializado de sus elementos.\u00a0<\/li>\n<li style=\"font-weight: 400;\" aria-level=\"1\">Crecer la cantidad de personas especializadas en medicina y antropolog\u00eda forense y otras profesiones del ramo disponibles en la investigaci\u00f3n de delitos.\u00a0<\/li>\n<li style=\"font-weight: 400;\" aria-level=\"1\">Garantizar la correcta atenci\u00f3n y clasificaci\u00f3n de feminicidios con la generaci\u00f3n de protocolos m\u00e1s eficaces y apropiados.\u00a0<\/li>\n<li style=\"font-weight: 400;\" aria-level=\"1\">Reestructurar y fortalecer la Fiscal\u00eda Especializada en Delitos de G\u00e9nero<b>.\u00a0<\/b><\/li>\n<li style=\"font-weight: 400;\" aria-level=\"1\">Mejorar sustancialmente los protocolos de atenci\u00f3n a denunciantes para evitar procesos de revictimizaci\u00f3n.\u00a0<\/li>\n<li style=\"font-weight: 400;\" aria-level=\"1\">Asegurar la suficiencia de recursos para los Centros de Justicia para\u00a0 las\u00a0 Mujeres<b>\u00a0 <\/b>(CEJUM)\u00a0 y\u00a0 vigilar\u00a0 su\u00a0 actuaci\u00f3n,\u00a0 as\u00ed\u00a0 como\u00a0 la asignaci\u00f3n presupuestal al acompa\u00f1amiento psicosocial de las usuarias.<\/li>\n<\/ul>\n<h4><br \/><b><\/b><\/h4>\n<h6><b>Defensor\u00eda p\u00fablica<\/b><\/h6>\n<p>Las defensor\u00edas p\u00fablicas son instancias prioritarias para la justicia, porque permiten que personas en situaciones de vulnerabilidad accedan a una defensa jur\u00eddica que de otra forma no podr\u00edan costear. Lamentablemente, este \u00f3rgano ha sido olvidado por partidos y gobiernos, por lo que se ha convertido en un espacio ineficaz. Creemos fundamental emprender acciones para tornar a la defensor\u00eda p\u00fablica en una instituci\u00f3n fuerte y \u00fatil para la sociedad.<\/p>\n<p>Buscamos:<\/p>\n<ul>\n<li style=\"font-weight: 400;\" aria-level=\"1\">Garantizar su independencia del ejecutivo, para evitar que las influencias juegan un papel determinante en el curso de un proceso judicial.<\/li>\n<li style=\"font-weight: 400;\" aria-level=\"1\">Establecer un <b>sistema civil de carrera <\/b>para las y los defensores p\u00fablicos que impulse el desarrollo de competencias profesionales.<\/li>\n<li style=\"font-weight: 400;\" aria-level=\"1\">Ampliar el n\u00famero de defensores y defensoras de tal forma que alcancemos a cubrir la totalidad de las necesidades de la poblaci\u00f3n.\u00a0<\/li>\n<li style=\"font-weight: 400;\" aria-level=\"1\">Garantizar un salario digno que impulse la labor de los defensores y defensoras.<\/li>\n<\/ul>\n<h4><br \/><b><\/b><\/h4>\n<h6><b>Centros penitenciarios<\/b><\/h6>\n<p>Otras instancias hist\u00f3ricamente olvidadas por el sistema pol\u00edtico son los centros penitenciarios. En lugar de ser espacios de rehabilitaci\u00f3n y reinserci\u00f3n social, se han convertido en espacios en los que personas primodelincuentes o que han cometido delitos menores, se vinculan, asocian o involucran en actividades criminales mucho m\u00e1s graves y profundas. Queremos que los centros penitenciarios reciban la atenci\u00f3n necesaria para convertirlos en espacios dignos y \u00fatiles para la sociedad.<\/p>\n<p>Buscamos:<\/p>\n<ul>\n<li style=\"font-weight: 400;\" aria-level=\"1\">Prevenir la ampliaci\u00f3n de la prisi\u00f3n preventiva y exhortaremos al poder judicial a que emita las sentencias faltantes.<\/li>\n<li style=\"font-weight: 400;\" aria-level=\"1\">Desactivar los autogobiernos de las c\u00e1rceles que com\u00fanmente superan las capacidades de las autoridades.<\/li>\n<li style=\"font-weight: 400;\" aria-level=\"1\">Repensar las condiciones del sistema penitenciario para alejarlo del punitivismo penal y acercarlo a lo que nuestra constituci\u00f3n general ordena; que sea un sistema que propicie la justicia, en un sentido restaurador y terap\u00e9utico para las v\u00edctimas y las personas involucradas en los procesos\u00a0 de car\u00e1cter penal.\u00a0<\/li>\n<\/ul>\n<p>\u00a0<\/p>\n<h6><b>Poder Judicial<\/b><\/h6>\n<p>La piedra angular del ciclo de la justicia es el Poder Judicial. Encargado de emitir sentencias y determinar la culpabilidad de acusadas y acusados, nuestro Poder Judicial dista mucho de ser la instituci\u00f3n que necesitamos para cumplir los objetivos que, se supone, persigue. Necesitamos asumir la responsabilidad de reformar la serie de vicios presentes en el sistema judicial.<\/p>\n<p>Buscamos:<\/p>\n<ul>\n<li style=\"font-weight: 400;\" aria-level=\"1\">Que se garantice la autonom\u00eda financiera del Poder Judicial a trav\u00e9s de asignaci\u00f3n de presupuesto directo, sin dependencia del Ejecutivo.\u00a0<\/li>\n<li style=\"font-weight: 400;\" aria-level=\"1\">Para garantizar la autonom\u00eda del poder judicial debemos procurar la designaci\u00f3n abierta y razonada de las presidencias del Tribunal Superior y de las personas que integran el Consejo de la Judicatura.\u00a0\u00a0<\/li>\n<li style=\"font-weight: 400;\" aria-level=\"1\">Dotar al Consejo\u00a0 de\u00a0 la\u00a0 Judicatura\u00a0 Estatal\u00a0 de\u00a0 las\u00a0 funciones\u00a0 que debe tener para poder administrar, vigilar, coordinar el gobierno judicial adecuadamente.<\/li>\n<li style=\"font-weight: 400;\" aria-level=\"1\">Buscar reformas que habiliten un modelo de justicia abierta, que involucre transparencia, participaci\u00f3n y colaboraci\u00f3n entre gobierno y personas en un acto de buena fe para recuperar la confianza p\u00fablica en el sistema de justicia.\u00a0<\/li>\n<li style=\"font-weight: 400;\" aria-level=\"1\">Que los procesos judiciales se publiquen de manera entendible, con lenguaje amigable.\u00a0<\/li>\n<li style=\"font-weight: 400;\" aria-level=\"1\">Que la independencia del Poder Judicial incluya mecanismos de rendici\u00f3n de cuentas entre instituciones y hacia la ciudadan\u00eda.\u00a0<\/li>\n<li style=\"font-weight: 400;\" aria-level=\"1\">Procurar el acceso universal a la justicia, que est\u00e9 cerca de las personas y que no sea dif\u00edcil llegar a ella.\u00a0<\/li>\n<li style=\"font-weight: 400;\" aria-level=\"1\">Asegurar que todas las nuevas convocatorias para trabajar dentro del Poder Judicial obliguen a cumplir con la perspectiva de g\u00e9nero.<\/li>\n<\/ul>\n<h4><br \/><b><\/b><\/h4>\n<h6><b>Crimen organizado<\/b><\/h6>\n<p>El hacer frente al crimen organizado es una responsabilidad que recae en la Federaci\u00f3n. Sin embargo, el estado de violencia generalizada al que nos enfrentamos requiere que tomemos acci\u00f3n para poner fin a una serie de agravios que arrastramos. Algunos sucesos son espec\u00edficamente dolorosos para la sociedad jalisciense y debemos encontrar formas de evitarlos y resolverlos. Tambi\u00e9n, debemos reconocer que la falta de esperanza en el futuro, ocasionado por la ausencia de oportunidades y de sistemas de cuidado efectivos, ha llevado a muchos de nuestros ni\u00f1os, ni\u00f1as y adolescentes a engrosar las filas de los grupos criminales. Queremos explorar formas de hacer frente a este problema desde la ra\u00edz y no s\u00f3lo a sus expresiones m\u00e1s visibles.<\/p>\n<p>\u00a0<\/p>\n<h6><b>Desapariciones<\/b><\/h6>\n<p>Jalisco\u00a0 es\u00a0 de\u00a0 los\u00a0 estados\u00a0 con\u00a0 m\u00e1s\u00a0 desapariciones\u00a0 del\u00a0 pa\u00eds.\u00a0 Este crimen, uno de los m\u00e1s crueles e inhumanos, ha lacerado comunidades enteras y sumido en la desesperaci\u00f3n a demasiadas familias en los \u00faltimos a\u00f1os. Es imperativo que tomemos acciones decisivas y firmes para detener la crisis de desapariciones cuanto antes.\u00a0 \u00a0 Queremos\u00a0 \u00a0 un\u00a0 \u00a0 Jalisco\u00a0 \u00a0 sin\u00a0 \u00a0 impunidad\u00a0 \u00a0 en\u00a0 \u00a0 materia\u00a0 \u00a0 de desaparici\u00f3n.<\/p>\n<p>Buscamos:<\/p>\n<ul>\n<li style=\"font-weight: 400;\" aria-level=\"1\">Lograr la divulgaci\u00f3n de cifras correctas y veraces. Adem\u00e1s, empujaremos porque se armonice el Registro de desaparecidos con el registro nacional.<\/li>\n<li style=\"font-weight: 400;\" aria-level=\"1\">Dotar al Instituto Jalisciense de Ciencias Forenses de los medios adecuados para cumplir con sus tareas.<\/li>\n<li style=\"font-weight: 400;\" aria-level=\"1\">El dise\u00f1o de una estrategia estatal para la prevenci\u00f3n e investigaci\u00f3n de desapariciones que contemple la participaci\u00f3n de las y los familiares de las personas desaparecidas.\u00a0<\/li>\n<li style=\"font-weight: 400;\" aria-level=\"1\">La homogeneizaci\u00f3n de sistemas municipales y su coordinaci\u00f3n con el resto de instancias relacionadas, en el tema de desapariciones.<\/li>\n<li style=\"font-weight: 400;\" aria-level=\"1\">Procurar que a la fiscal\u00eda especializada se le asigne presupuesto suficiente.\u00a0<\/li>\n<\/ul>\n<h6><b>Otros<\/b><\/h6>\n<p>Identificamos otras manifestaciones especialmente da\u00f1inas del crimen organizado \u00a0 en \u00a0 Jalisco. \u00a0 Debemos \u00a0 atenderlas \u00a0 priorizando siempre a sus v\u00edctimas.<\/p>\n<p>Buscamos:<\/p>\n<ul>\n<li style=\"font-weight: 400;\" aria-level=\"1\">Combatir al crimen organizado a trav\u00e9s de la <b>inteligencia financiera, <\/b>que \u201csigan el dinero\u201d hasta topar con las o los responsables.<\/li>\n<li style=\"font-weight: 400;\" aria-level=\"1\">Proteger a las personas del campo de las organizaciones delictivas que han incursionado en la producci\u00f3n agr\u00edcola.<\/li>\n<li style=\"font-weight: 400;\" aria-level=\"1\">Erradicar la trata de personas en el estado.<\/li>\n<li style=\"font-weight: 400;\" aria-level=\"1\">La persecusi\u00f3n profesional y efectiva a quienes lucran con el cuerpo de otras personas para el trabajo sexual; de igual manera a quienes consumen de los mismos, dado que son parte de esa cadena de violencias.<\/li>\n<\/ul>\n<h4>\u00a0<\/h4>\n<h5><strong>Ruta de la paz<\/strong><\/h5>\n<p>Jalisco ha vivido uno de sus periodos m\u00e1s violentos de la historia moderna en la \u00faltima d\u00e9cada. Un proceso tan violento tiene afectaciones colectivas, nuestros municipios y poblaciones han modificado sus din\u00e1micas, quienes perdieron a alguien tienen que lidiar con el silencio y la injusticia, y el miedo de salir a la calle se ha extendido. Es momento de promover la recuperaci\u00f3n social y econ\u00f3mica de poblaciones afectadas por la violencia, para lo que proponemos dise\u00f1ar una ruta de pacificaci\u00f3n que contemple todos los sectores de la sociedad y genere sinergias colectivas para la construcci\u00f3n de un estado generalizado de paz. Tomar\u00e1 tiempo resolver la crisis de violencia y sanar las heridas que ya sufrimos, por lo que este punto debe ser atendido con la mayor de las urgencias.<b><\/b><\/p>\n<h6><b>Prevenci\u00f3n<\/b><\/h6>\n<p>No s\u00f3lo es importante investigar y reaccionar al delito de manera eficiente, tambi\u00e9n es necesario generar estrategias de prevenci\u00f3n del delito. Para poder lograr esto hay que partir de un diagn\u00f3stico confiable que nos permita poner en pr\u00e1ctica modelos de prevenci\u00f3n social de la violencia y la delincuencia que hayan arrojado resultados positivos en contextos como el nuestro.<b><\/b><\/p>\n<h6><b>Medici\u00f3n de la violencia directa en Jalisco<\/b><\/h6>\n<p>No hay que hablar de percepci\u00f3n cuando se habla de violencia directa, porque \u00e9sta es objetivamente medible. El problema es que en\u00a0 Jalisco\u00a0 actualmente\u00a0 no\u00a0 existe\u00a0 una\u00a0 forma\u00a0 confiable\u00a0 para\u00a0 medirla. Queremos crear mecanismos para hacerlo y que sirvan en la generaci\u00f3n de insumos para la pol\u00edtica de seguridad.<\/p>\n<h6><b>Programas de prevenci\u00f3n<\/b><\/h6>\n<p>Habiendo comprobado que la estrategia militarista no funciona para recuperar la paz, queremos presentar alternativas para hacerlo. Por eso, proponemos incrementar el presupuesto a programas de prevenci\u00f3n del delito en el sistema estatal de seguridad, cambiando una visi\u00f3n reactiva de la seguridad, por una enfocada a prevenir delitos. Sabemos que la inversi\u00f3n realizada en prevenci\u00f3n, aunque tenga efectos en el mediano y largo plazo, rinde mejores frutos que lo que se invierta en contenci\u00f3n<b><\/b><\/p>\n<h6><b>Memoria<\/b><\/h6>\n<p>A pesar de los esfuerzos de los poderosos por borrarlo, el pasado siempre est\u00e1 presente. Esa es la explicaci\u00f3n de las movilizaciones de los \u00faltimos a\u00f1os: no es s\u00f3lo que el presente nos agobia, sino que todos los problemas, todos los agravios que siguen sin resolverse emergen de nuevo para exclamar lo silenciado. No podemos imaginar ni construir el futuro sin antes sanar las heridas abiertas que cargamos del pasado.<b><\/b><\/p>\n<h6><b>Justicia transicional y registro hist\u00f3rico<\/b><\/h6>\n<p>Proponemos la creaci\u00f3n de una normativa para la reparaci\u00f3n de da\u00f1os, paz y memoria. Esto es un punto toral en la elaboraci\u00f3n de la ruta de la paz que se necesita para la sanaci\u00f3n para un Jalisco herido y poder as\u00ed comenzar a reconstruir el tejido social.<\/p>\n<p>Buscamos:<\/p>\n<ul>\n<li style=\"font-weight: 400;\" aria-level=\"1\">Presentar una ruta de pacificaci\u00f3n que convoque al apoyo internacional y que colabore con la sociedad y las v\u00edctimas de la violencia y las violaciones a derechos humanos.<\/li>\n<li style=\"font-weight: 400;\" aria-level=\"1\">Empezar un proceso de justicia transicional y reconstrucci\u00f3n de paz en Jalisco.<\/li>\n<li style=\"font-weight: 400;\" aria-level=\"1\">Propugnamos la creaci\u00f3n de un registro hist\u00f3rico con enfoque en las v\u00edctimas, de los cr\u00edmenes y eventos que hemos vivido en Jalisco.\u00a0\u00a0<\/li>\n<\/ul>\n<h6><b>Justicia alternativa<\/b><\/h6>\n<p>Los mecanismos de justicia alternativa abren posibilidades que complementan el sistema judicial tradicional y que sirven para resolver una serie de conflictos. Queremos fortalecer las instancias de justicia alternativa y volverlas accesibles para todas las personas y sus realidades.<b><\/b><\/p>\n<h6><b>Construcci\u00f3n de paz<\/b><\/h6>\n<p>La paz es un estado dif\u00edcil de alcanzar y a\u00fan m\u00e1s dif\u00edcil de mantener. Requiere el compromiso de la comunidad, la participaci\u00f3n activa y constante de las autoridades y la coordinaci\u00f3n de los actores pol\u00edticos. Se necesita trabajo, conciencia, paciencia y sensibilidad. Venimos de un modelo que ha procurado la paz a trav\u00e9s del uso de la fuerza con costos terribles y ampliamente conocidos. Impulsaremos procesos de construcci\u00f3n de paz en distintos niveles y espacios.<b><\/b><\/p>\n<h6><b>No a la militarizaci\u00f3n<\/b><\/h6>\n<p>La estrategia militarista ha fallado en la procuraci\u00f3n de la seguridad en el pa\u00eds. Queremos explorar otras v\u00edas que protejan efectivamente la vida y la tranquilidad de las personas. Pese a que este es un asunto que corresponde al Gobierno Federal, trabajaremos en conjunto con dicha esfera para promover un cambio profundo en la estrategia.<\/p>\n<p>Buscamos:<\/p>\n<ul>\n<li style=\"font-weight: 400;\" aria-level=\"1\">El retiro gradual de los militares de las labores de seguridad p\u00fablica.\u00a0<\/li>\n<li style=\"font-weight: 400;\" aria-level=\"1\">Observar con cuidado la actuaci\u00f3n de la Guardia Nacional, para garantizar que cumpla sus objetivos y que proteja los derechos humanos de las personas.<\/li>\n<\/ul>\n<h6><b>Hacer realidad la <\/b><b>justicia social<\/b><b> que imaginamos para Jalisco<\/b><\/h6>\n<p>La justicia es un principio fundamental e irrenunciable que debe regir cualquier interacci\u00f3n entre las personas. En el Partido entendemos a la justicia en un sentido integral y sustantivo, es decir que se contemplan los contextos sociales, las estructuras de desigualdad, y los asegunes diferenciados. Una justicia social, que nos permita entender que las grandes injusticias de nuestra sociedad suelen ser silenciosas e imperceptibles, porque est\u00e1n normalizadas. A trav\u00e9s de nuestra idea de justicia social se hace una defensa de la diversidad, con medidas que pongan un piso parejo para todos, atendiendo a las particularidades de cada grupo.<\/p>\n<p>Una sociedad m\u00e1s justa, adem\u00e1s de penar las violencias directas pasa por combatir a la violencia estructural y cultural. Queremos un partido m\u00e1s justo, que ponga al frente la dignidad y derecho al futuro de todas las personas; incompatible con el panorama actual en el que el hambre, la discriminaci\u00f3n y segregaci\u00f3n siguen siendo una realidad diaria para muchas personas en Jalisco.<\/p>\n<p>\u00a0<\/p>\n\t\t\t\t\t\t\t\t\t\t\t\t<a href=\"\">\u2022 Movilidad<\/a>\n\t\t\t\t\t<h5><b>Movilidad<\/b><\/h5>\n<p>Concebimos a la movilidad como un derecho b\u00e1sico para todas las personas y como un punto determinante de su calidad de vida. Es importante que no impere una l\u00f3gica de negocio particular por encima de la provisi\u00f3n eficaz de un servicio p\u00fablico de buena calidad; crucial para el buen funcionamiento de la comunidad. La movilidad debe ser asequible, sustentable y eficiente, por lo que impulsaremos la estructuraci\u00f3n de un sistema integrado de movilidad en donde se tomen en cuenta las diferentes modalidades de traslado. Manteniendo siempre una una perspectiva de accesibilidad universal.<\/p>\n<p>Buscamos asegurarnos de que en el Proyecto de Presupuesto de Egresos\u00a0 de\u00a0 Jalisco\u00a0 de\u00a0 cada\u00a0 a\u00f1o\u00a0 se\u00a0 destine\u00a0 presupuesto\u00a0 etiquetado\u00a0 a proyectos de movilidad que tengan como objeto al transporte p\u00fablico masivo as\u00ed como a la infraestructura peatonal, ciclista y al fomento del espacio p\u00fablico.<\/p>\n<p>Queremos\u00a0 que\u00a0 en\u00a0 el\u00a0 Estado\u00a0 de\u00a0 Jalisco\u00a0 se\u00a0 garantice la accesibilidad de todas las personas en las zonas urbanas y marginadas del estado al transporte p\u00fablico, estableciendo criterios que aseguren una infraestructura b\u00e1sica de accesibilidad universal y priorizando los medios de transporte sustentables y eficientes que garanticen tambi\u00e9n el derecho a un medio ambiente sano.<\/p>\n<h5><b>No motorizada<\/b><\/h5>\n<p>Las ciudades y pueblos del futuro deben tener la apuesta por la movilidad no motorizada como una prioridad irrenunciable, dado que \u00e9sta reduce significativamente los efectos contaminantes del uso de veh\u00edculos emisores de gases de efecto invernadero As\u00ed, adem\u00e1s se promueve la interacci\u00f3n entre personas y grupos que conviven en el mismo espacio.<\/p>\n<p>Buscamos:<\/p>\n<ul>\n<li style=\"font-weight: 400;\" aria-level=\"1\">Universalizar la cobertura del sistema de bicicletas, con una estrategia que lo vuelva accesible para todas las personas. Es fundamental ampliar la infraestructura de bicicletas p\u00fablicas, ciclov\u00edas y calles preferenciales.\u00a0<\/li>\n<li style=\"font-weight: 400;\" aria-level=\"1\">Hacer banquetas y calles dignas y accesibles para todas las personas, buscando materializar en todos los espacios el principio de la caminabilidad.\u00a0<\/li>\n<li style=\"font-weight: 400;\" aria-level=\"1\">Impulsar a que la infraestructura urbana cumpla con est\u00e1ndares de accesibilidad universal, lo que incluye la creaci\u00f3n de infraestructura vial para personas mayores y con discapacidades f\u00edsicas.<\/li>\n<\/ul>\n<p>\u00a0<\/p>\n<h5><b>Gesti\u00f3n del tr\u00e1fico<\/b><\/h5>\n<p>Generar un proyecto de desarrollo urbano que no reimagine el rol que juega el autom\u00f3vil particular no s\u00f3lo es desatender la realidad actual en la cual se encuentran nuestras ciudades, sino que tambi\u00e9n es perpetuar las condiciones de abuso de un medio de transporte que debe ser desalentado urgentemente. Dadas las condiciones ambientales y la saturaci\u00f3n de las calles, proponemos profundizar radicalmente los esfuerzos para migrar paulatinamente hacia otros medios de transporte.<\/p>\n<p>Buscamos:<\/p>\n<ul>\n<li style=\"font-weight: 400;\" aria-level=\"1\">Desincentivar el uso del autom\u00f3vil y garantizar la id\u00f3nea gesti\u00f3n del tr\u00e1fico. Impulsaremos leyes e iniciativas que prioricen la movilidad urbana no motorizada en los centros poblacionales y que incentiven proyectos de movilidad urbana sustentable.<\/li>\n<li style=\"font-weight: 400;\" aria-level=\"1\">Establecer zonas tarifarias diferenciales para estacionamiento de autom\u00f3vil particular, como ya se ha hecho en otras partes del mundo.\u00a0<\/li>\n<\/ul>\n<p>\u00a0<\/p>\n<h5><b>Transporte p\u00fablico<\/b><\/h5>\n<p>Siendo la movilidad un derecho, el transporte p\u00fablico es una pieza fundamental para garantizar\u00a0 el\u00a0 uso eficiente del espacio p\u00fablico para el tr\u00e1nsito, esparcimiento y disfrute de los ciudadanos. A pesar de los m\u00e1s poderosos esfuerzos por mantenerlo un negocio predominantemente de lucro particular, en Futuro creemos que debe ser verdaderamente p\u00fablico. Un servicio de todas las personas y asequible para los grupos m\u00e1s vulnerables. Es momento de empezar una discusi\u00f3n seria sobre la posibilidad\u00a0 de\u00a0 estatizar\u00a0 el\u00a0 sistema\u00a0 actual, evaluando cu\u00e1l modelo realmente es m\u00e1s \u00fatil para la poblaci\u00f3n de Jalisco.<\/p>\n<p>Reconocemos tambi\u00e9n la existencia de un problema de seguridad que se manifiesta en el sistema de transporte p\u00fablico y que afecta especialmente a las mujeres que lo usan o que deciden no hacerlo; por lo que es de vital importancia crear las condiciones para garantizar la seguridad y tranquilidad de todas y todos los usuarios.<\/p>\n<p>Buscamos:<\/p>\n<ul>\n<li style=\"font-weight: 400;\" aria-level=\"1\">Acelerar los esfuerzos por recomponer el sistema de transporte p\u00fablico tradicional, lo que incluye el redise\u00f1o inteligente de las rutas y la mejora sustantiva de las unidades de autob\u00fas para volverles menos contaminantes y m\u00e1s accesibles para todas las personas, particularmente aquellas que tienen alg\u00fan tipo de discapacidad motriz. Tambi\u00e9n se deben equipar todos los camiones con portabicicletas para facilitar los viajes intermodales dentro de las ciudades.<\/li>\n<li style=\"font-weight: 400;\" aria-level=\"1\">Garantizar condiciones laborales dignas para todas las personas trabajadoras del sistema de transporte p\u00fablico, incluyendo el establecimiento de momentos y espacios de descanso.\u00a0<\/li>\n<li style=\"font-weight: 400;\" aria-level=\"1\">Ampliar el sistema de transporte para que alcance aquellas \u00e1reas a las cuales a\u00fan no llega y promover alternativas para los transportes colectivos irregulares.<\/li>\n<li style=\"font-weight: 400;\" aria-level=\"1\">Apostar a la estructuraci\u00f3n de un sistema de movilidad regional, no s\u00f3lo metropolitana, que considere los traslados entre poblados cercanos entre s\u00ed.\u00a0<\/li>\n<li style=\"font-weight: 400;\" aria-level=\"1\">Estructurar un sistema tarifario integrado para la gesti\u00f3n de los costos en la movilidad. Un sistema de este tipo permitir\u00eda aplicar tarifas sociales diferenciadas.<\/li>\n<li style=\"font-weight: 400;\" aria-level=\"1\">Impulsar el transporte masivo, que permita transportar grandes cantidades de personas en menos tiempo y por costos menores. Se requiere trabajar en conjunto con la Federaci\u00f3n para crecer los sistemas de Tren Ligero y de BRT \u2014como el Macrob\u00fas\u2014 y alcanzar cada vez a m\u00e1s espacios.<\/li>\n<\/ul>\n<p>\u00a0<\/p>\n<h5><b>Transporte de carga<\/b><\/h5>\n<p>Es habitual que los proyectos pol\u00edticos olviden la importancia del manejo del transporte de carga. En Futuro proponemos que se integre como parte esencial de la planeaci\u00f3n en materia de movilidad.<\/p>\n<p>Buscamos:<\/p>\n<p>En di\u00e1logo abierto con las asociaciones transportistas y los mercados de abastos, reorientar el proceso de distribuci\u00f3n y abastecimiento de mercanc\u00edas, principalmente en el \u00c1rea Metropolitana de Guadalajara, incorporando la perspectiva de la movilidad sustentable.<\/p>\n<h5>\u00a0<\/h5>\n<h5><b>Conectividad<\/b><\/h5>\n<p>La discusi\u00f3n sobre movilidad no puede estar basada \u00fanicamente en cuestiones relativas al transporte, sino que tambi\u00e9n tiene que incluir una revisi\u00f3n sobre la distribuci\u00f3n de los or\u00edgenes y destinos de los traslados.<\/p>\n<p>\u00a0<\/p>\n<p>Buscamos:<\/p>\n<p>Crear centros de proximidad, donde se ofrezcan servicios a los que la gente pueda llegar haciendo uso del transporte p\u00fablico y la movilidad no motorizada.<\/p>\n\t\t\t\t\t\t\t\t\t\t\t\t<a href=\"\">\u2022 Desarrollo Econ\u00f3mico, Empleo y Salario<\/a>\n\t\t\t\t\t<p>Econom\u00eda<\/p>\n<p>Si la econom\u00eda es la administraci\u00f3n de recursos que son limitados, las determinaciones que se tomen al respecto son un manifiesto pol\u00edtico por s\u00ed mismas. Todo lo econ\u00f3mico es tambi\u00e9n social, por lo que en Futuro queremos una econom\u00eda que garantice la inclusi\u00f3n social de todas las personas; que sea competitiva e innovadora pero que garantice condiciones dignas y no deje a nadie atr\u00e1s. Vamos por un modelo de desarrollo y bienestar que alcance a todas las personas de Jalisco.\u00a0<\/p>\n<p>\u00a0<\/p>\n<p><b>Econom\u00eda incluyente<\/b><\/p>\n<p>La econom\u00eda es una cuesti\u00f3n de administraci\u00f3n, pero tambi\u00e9n es un tema \u00a0 de \u00a0 justicia. \u00a0 Por \u00a0 siglos \u00a0 Jalisco \u00a0 ha \u00a0 llevado \u00a0 un \u00a0 proceso \u00a0 de acumulaci\u00f3n de la riqueza que deviene en las condiciones actuales de desigualdad y pobreza. Ante esta realidad, queremos plantear acciones contundentes y creativas que permitan la construcci\u00f3n de una sociedad m\u00e1s justa y equitativa.<\/p>\n<p>\u00a0<\/p>\n<p><b>Fin de la pobreza y la desigualdad<\/b><\/p>\n<p>Asumimos como una responsabilidad hist\u00f3rica reducir la desigualdad econ\u00f3mica y de condiciones. En Futuro creemos que todas las personas tienen derecho a un estado de bienestar que les permita desarrollarse y alcanzar su potencial, por lo que el combate a la pobreza y la desigualdad ser\u00e1n siempre una parte esencial e irrenunciable de nuestra agenda program\u00e1tica. Queremos que nunca m\u00e1s sea la desigualdad un impedimento para la dignidad de las personas.<\/p>\n<p>\u00a0<\/p>\n<p>Buscamos:<\/p>\n<ul>\n<li style=\"font-weight: 400;\" aria-level=\"1\">Una pol\u00edtica fiscal que asuma la progresividad como un mecanismo fundamental en la redistribuci\u00f3n de la riqueza y priorizar el gasto p\u00fablico para combatir la desigualdad.\u00a0<\/li>\n<li style=\"font-weight: 400;\" aria-level=\"1\">Apostar y apoyar a la formaci\u00f3n y fortalecimiento de cooperativas.\u00a0<\/li>\n<li style=\"font-weight: 400;\" aria-level=\"1\">Acabar con el uso pol\u00edtico-electoral de la pol\u00edtica social.<\/li>\n<\/ul>\n<p>\u00a0<\/p>\n<p><b>Empleo justo<\/b><\/p>\n<p>\u00a0<\/p>\n<p>La realidad del trabajo en el mundo actual es desalentadora, por decir lo menos. Nos enfrentamos a condiciones de precarizaci\u00f3n, de explotaci\u00f3n y de desempleo masivo. Ante esta realidad, Futuro quiere hacer lo posible desde sus potencialidades como partido pol\u00edtico local \u2013dado que es la esfera federal la encargada de regular la materia\u2013, a trav\u00e9s de una pol\u00edtica econ\u00f3mica basada en incentivos y desincentivos\u00a0 para\u00a0 proteger\u00a0 a\u00a0 las\u00a0 y\u00a0 los\u00a0 trabajadores\u00a0 de\u00a0 Jalisco\u00a0 del complicado panorama en el que se encuentran.<\/p>\n<p>\u00a0<\/p>\n<p>Buscamos:<\/p>\n<ul>\n<li style=\"font-weight: 400;\" aria-level=\"1\">Adaptar la normativa laboral a las nuevas realidades de la econom\u00eda.\u00a0<\/li>\n<li style=\"font-weight: 400;\" aria-level=\"1\">Garantizar los derechos de las y los trabajadores de las nuevas plataformas digitales<b>, <\/b>que actualmente son empleados en situaciones injustas.<\/li>\n<li style=\"font-weight: 400;\" aria-level=\"1\">Crear programas de formaci\u00f3n y colocaci\u00f3n de empleo que hagan frente a la nueva realidad empleo-trabajo.<\/li>\n<li style=\"font-weight: 400;\" aria-level=\"1\">Dar la batalla en los espacios en los que sea posible para que la normativa laboral garantice condiciones justas para trabajadoras y trabajadores.\u00a0<\/li>\n<li style=\"font-weight: 400;\" aria-level=\"1\">Impulsar leyes que castiguen fuertemente la discriminaci\u00f3n por cualquier factor en los centros de trabajo.\u00a0<\/li>\n<\/ul>\n<p>\u00a0<\/p>\n<p><b>Salario<\/b><\/p>\n<p>Trabajar por construir una econom\u00eda para todas y todos pasa por asegurar que las personas reciban la retribuci\u00f3n econ\u00f3mica justa por el trabajo que hacen. Queremos detener la explotaci\u00f3n que obliga a la gente a trabajar de sol a sol por un salario que no ayuda a cubrir ni los gastos m\u00e1s elementales. Es momento de garantizar un salario digno para todas y todos los trabajadores.<\/p>\n<p>\u00a0<\/p>\n<p>Buscamos:<\/p>\n<p>\u00a0<\/p>\n<ul>\n<li style=\"font-weight: 400;\" aria-level=\"1\">Incidir en la creaci\u00f3n de un organismo aut\u00f3nomo que establezca un salario m\u00ednimo que verdaderamente alcance para el bienestar de las personas de Jalisco.\u00a0\u00a0<\/li>\n<li style=\"font-weight: 400;\" aria-level=\"1\">Legislar en materia de paridad salarial, para que no exista m\u00e1s disparidad salarial entre hombres y mujeres.\u00a0<\/li>\n<\/ul>\n<p><b>Pensiones y adultos mayores<\/b><\/p>\n<p>\u00a0<\/p>\n<p>Despu\u00e9s de una vida de esfuerzo y trabajo, lo justo es llegar a la tercera edad con condiciones dignas de retiro. La realidad actual es que muy pocos y pocas tienen acceso a lo necesario y tienen que seguir trabajando a edades muy avanzadas, poniendo en riesgo su salud; o se ven obligados a depender econ\u00f3micamente de sus familiares. En Futuro buscaremos mejorar y ampliar el sistema de pensiones, porque creemos que el retiro digno es un derecho de todas las personas que debe ser defendido.<\/p>\n<p>Buscamos:<\/p>\n<ul>\n<li style=\"font-weight: 400;\" aria-level=\"1\">Garantizar el acceso a una pensi\u00f3n digna ahora y en el futuro para todos los adultos mayores es prioritario para Futuro.<\/li>\n<li style=\"font-weight: 400;\" aria-level=\"1\">Crear un Sistema de Atenci\u00f3n Integral Domiciliaria para personas mayores.<b>\u00a0<\/b><\/li>\n<\/ul>\n<p>\u00a0<\/p>\n<p><b>Econom\u00eda para el futuro<\/b><\/p>\n<p>\u00a0<\/p>\n<p>El contexto actual demanda explorar nuevas formas de fortalecer la econom\u00eda de\u00a0 \u00a0 Jalisco e incursionar en sectores innovadores y disruptivos. El crecimiento es una condici\u00f3n de posibilidad del desarrollo, y debemos asegurar que la econom\u00eda progrese, pero que dicho crecimiento alcance a todas las personas, sea sustentable con nuestro medio ambiente, y fomente la innovaci\u00f3n y la creatividad, as\u00ed como el florecimiento de las comunidades y emprendedores locales. Es momento de tomar en serio el potencial de la econom\u00eda verde y del potencial de la econom\u00eda regional.<\/p>\n<p>\u00a0<\/p>\n<p><b>Turismo<\/b><\/p>\n<p>\u00a0<\/p>\n<p>Jalisco\u00a0 tiene\u00a0 una\u00a0 invaluable\u00a0 riqueza\u00a0 ecol\u00f3gica,\u00a0 art\u00edstica,\u00a0 hist\u00f3rica\u00a0 y cultural. A\u00f1o con a\u00f1o, cantidades enormes de personas vienen a nuestro estado con la intenci\u00f3n de conocerlo y ah\u00ed hay una oportunidad de crecimiento econ\u00f3mico muy importante. Vamos por un modelo de turismo basado en la sustentabilidad, la protecci\u00f3n de las comunidades y la integraci\u00f3n regional.<\/p>\n<p>\u00a0<\/p>\n<p>Buscamos:<\/p>\n<ul>\n<li style=\"font-weight: 400;\" aria-level=\"1\">Dise\u00f1ar un Plan estrat\u00e9gico de turismo de Calidad<\/li>\n<li style=\"font-weight: 400;\" aria-level=\"1\">Que lo anterior se acompa\u00f1e de un Plan de movilidad, se\u00f1alizaci\u00f3n y localizaci\u00f3n de los puntos de inter\u00e9s para las y los turistas.<\/li>\n<li style=\"font-weight: 400;\" aria-level=\"1\">Fomentar la creaci\u00f3n de empresas tur\u00edsticas que permitan una segmentaci\u00f3n adecuada de la oferta tur\u00edstica de Jalisco.<\/li>\n<li style=\"font-weight: 400;\" aria-level=\"1\">Crear eventos \u2013con talento local\u2013 en las diversas regiones del estado para que todos los vecinos puedan verse beneficiados<\/li>\n<li style=\"font-weight: 400;\" aria-level=\"1\">Impulsar la creaci\u00f3n de \u00c1reas de Promoci\u00f3n Econ\u00f3mica Urbana, siempre contando con mecanismos que regulen el uso de suelo y del espacio p\u00fablico.<\/li>\n<li style=\"font-weight: 400;\" aria-level=\"1\">Promover la creaci\u00f3n de un Consejo de Locatarios-Vendedores en las \u00e1reas de mayor atractivo tur\u00edstico.<\/li>\n<\/ul>\n<p>\u00a0<\/p>\n<p><b>Comercio y MiPyMes<\/b><\/p>\n<p>\u00a0<\/p>\n<p>El papel de las MiPyMes es fundamental para la econom\u00eda jalisciense. Queremos que el Estado asuma la tarea de ayudar a fortalecerlas e insertarlas en el comercio nacional y global para volverlas m\u00e1s competitivas y que generen m\u00e1s ganancias para el sector que depende directamente de ellas. Fortalecer las MiPyMes requiere tambi\u00e9n generar estrategias para ampliar sus mercados, lo que incluye fortalecer los tianguis y mercados municipales.<\/p>\n<p>\u00a0<\/p>\n<p>Buscamos:<\/p>\n<ul>\n<li style=\"font-weight: 400;\" aria-level=\"1\">Reducir la concentraci\u00f3n econ\u00f3mica que grandes corporativos hoy ostentan. Es fundamental que se facilite el acceso a financiamiento para nuevos negocios, as\u00ed como para aquellas PyMES que hoy buscan capital para crecer.\u00a0<\/li>\n<li style=\"font-weight: 400;\" aria-level=\"1\">Reformar y expandir el alcance del Fondo Jalisco, para jugar un rol m\u00e1s activo en la econom\u00eda del estado al atacar la falta de capital para PyMES.<\/li>\n<li style=\"font-weight: 400;\" aria-level=\"1\">Planes locales que potencien la especializaci\u00f3n, la calidad y la sostenibilidad de los comercios tradicionales y locales.<\/li>\n<li style=\"font-weight: 400;\" aria-level=\"1\">Fortalecer las leyes para que exista una competencia justa y leal<b>.<\/b><\/li>\n<li style=\"font-weight: 400;\" aria-level=\"1\">Priorizar a las PyMES para futuros cr\u00e9ditos, antes de grandes corporativos.\u00a0<\/li>\n<li style=\"font-weight: 400;\" aria-level=\"1\">Que se simplifique el proceso para abrir nuevos negocios para que cualquier persona que aspire a hacerlo pueda convertirlo en una realidad.<\/li>\n<\/ul>\n<p>\u00a0<\/p>\n<p><b>Emprendimiento<\/b><\/p>\n<p>\u00a0<\/p>\n<p>El emprendimiento es un motor de desarrollo econ\u00f3mico y crecimiento. Sin embargo, hoy en d\u00eda, emprender es muchas veces un privilegio para unos cuantos y no existen las mejores condiciones para que iniciar un negocio sea una v\u00eda conveniente para todas las personas. Es necesario atender, adem\u00e1s, a la desigualdad hist\u00f3rica en raz\u00f3n del g\u00e9nero que se presenta en el tema con estrategias espec\u00edficas para promover el emprendimiento en mujeres.<\/p>\n<p>\u00a0<\/p>\n<p>Buscamos:<\/p>\n<ul>\n<li style=\"font-weight: 400;\" aria-level=\"1\">Que se otorguen m\u00e1s cr\u00e9ditos a fondo perdido para personas que se encuentran en situaciones de desventaja econ\u00f3mica.<\/li>\n<li style=\"font-weight: 400;\" aria-level=\"1\">Crear un apoyo espec\u00edfico para emprendedores de escasos recursos, para que el proyecto pueda subsistir con sus costos las primeras semanas.<\/li>\n<li style=\"font-weight: 400;\" aria-level=\"1\">Apostar por la creaci\u00f3n de Puntos de Asesor\u00eda a Emprendedores, para apoyar a las y los emprendedores con informaci\u00f3n, asesor\u00eda, formaci\u00f3n y financiamiento empresarial.<\/li>\n<li style=\"font-weight: 400;\" aria-level=\"1\">Potenciar nuevos espacios de trabajo que faciliten el emprendimiento.\u00a0<\/li>\n<li style=\"font-weight: 400;\" aria-level=\"1\">Apoyar la producci\u00f3n \u00a0 de \u00a0 obras \u00a0 audiovisuales\u00a0 y\u00a0 atraer producciones simplificando los tr\u00e1mites para la producci\u00f3n de obras audiovisuales.<\/li>\n<\/ul>\n<p>\u00a0<\/p>\n<p><b>Impulso a la tecnolog\u00eda<\/b><\/p>\n<p>Apostaremos por la ciencia y la tecnolog\u00eda en Jalisco para hacer frente a los retos presentes y futuros. Impulsaremos el sector de la investigaci\u00f3n para promover la innovaci\u00f3n, competitividad, productividad y prosperidad del estado en favor del inter\u00e9s com\u00fan, as\u00ed como el impulso de infraestructura p\u00fablica digital, que fortalezca la soberan\u00eda tecnol\u00f3gica sobre los procesos de digitalizaci\u00f3n del gobierno y la defensa de la privacidad y derechos digitales de la ciudadan\u00eda.<\/p>\n<p>\u00a0<\/p>\n<p>Buscamos:<\/p>\n<ul>\n<li style=\"font-weight: 400;\" aria-level=\"1\">Generar m\u00e1s acuerdos entre los gobiernos locales y las universidades para potenciar la investigaci\u00f3n.\u00a0<\/li>\n<li style=\"font-weight: 400;\" aria-level=\"1\">Consolidar la industria tecnol\u00f3gica local a trav\u00e9s de proyectos y pol\u00edticas que vinculen distintos sectores y que impulsen el talento que\u00a0 hay\u00a0 en\u00a0 el\u00a0 estado, bajo un esquema de retorno social de la inversi\u00f3n p\u00fablica, que garantice que el conocimiento cient\u00edfico y tecnol\u00f3gico generado con dinero p\u00fablico se libere como patrimonio colectivo.<\/li>\n<li style=\"font-weight: 400;\" aria-level=\"1\">Prohibir los sistemas de vigilancia masiva por parte de las autoridades y reglamentar y auditar el uso de herramientas utilizadas para temas de seguridad, con especial \u00e9nfasis en aquellas basadas en sistemas de reconocimiento facial.<\/li>\n<\/ul>\n<p>\u00a0<\/p>\n<p><b>Econom\u00eda Rural<\/b><\/p>\n<p>\u00a0<\/p>\n<p>Todas \u00a0 las \u00a0 comunidades \u00a0 de \u00a0 Jalisco \u00a0 tienen \u00a0 derecho \u00a0 a \u00a0 vivir \u00a0 con bienestar. Las comunidades rurales son vitales para nuestro pasado, presente y futuro. Sin embargo, los gobiernos las han tratado como lugares para promoci\u00f3n pol\u00edtica y han permitido mayores \u00edndices de mortalidad, ingresos menores, y un crecimiento econ\u00f3mico desigual y mediocre. Renovando el compromiso con las comunidades rurales, podemos liberar el enorme potencial de dichas comunidades. Buscaremos, siempre con la mirada en la sustentabilidad, que agricultores, ganaderos y campesinos, puedan convertirse en l\u00edderes de la lucha contra el rezago y el cambio clim\u00e1tico.<\/p>\n<p>Buscamos:<\/p>\n<ul>\n<li style=\"font-weight: 400;\" aria-level=\"1\">Implementar un plan de desarrollo rural que busque combatir el abandono del campo y permita un desarrollo m\u00e1s justo\u00a0 al\u00a0 interior\u00a0 de\u00a0 Jalisco. .<\/li>\n<li style=\"font-weight: 400;\" aria-level=\"1\">Implementar un programa de capacitaci\u00f3n continua en eficiencia y agroecolog\u00eda.<\/li>\n<\/ul>\n\t\t\t\t\t\t\t\t\t\t\t\t<a href=\"\">\u2022 Medio Ambiente<\/a>\n\t\t\t\t\t<p>Uno de los m\u00e1s grandes retos de nuestra generaci\u00f3n es plantar cara a la inminente crisis ambiental provocada por un sistema econ\u00f3mico mundial que devora a los ecosistemas, altera las condiciones clim\u00e1ticas y pone en riesgo el derecho al futuro que debe ser protegido para las generaciones actuales y venideras. Estamos ante una emergencia global que debe ser atendida de manera seria y urgente, con acciones radicales para garantizar la adaptaci\u00f3n, la mitigaci\u00f3n y la contenci\u00f3n de las circunstancias a las cuales nos enfrentamos.<\/p>\n<p>Sabemos que las soluciones son complejas, as\u00ed como la relaci\u00f3n de factores socioecon\u00f3micos que determinan nuestra crisis. Las transformaciones deben de ser profundas y creativas, porque de no ser as\u00ed, el tiempo quiz\u00e1s sea insuficiente. Desde nuestro papel como movimiento pol\u00edtico local debemos aspirar a mantener el tema en la agenda pol\u00edtica prioritaria. Debemos repensar lo que entendemos por desarrollo, y preguntarnos de nuevo hacia a d\u00f3nde queremos ir, dado que las respuestas actuales nos deparan la extinci\u00f3n.<\/p>\n<p><br \/><br \/><\/p>\n<ul>\n<li aria-level=\"1\"><b>Crisis ambiental<\/b><\/li>\n<\/ul>\n<p>Cada vez es m\u00e1s evidente que nos encontramos en un estado de crisis ambiental, que adem\u00e1s afecta de manera desigual: los m\u00e1s vulnerables son los grupos hist\u00f3ricamente desarticulados por el sistema socioecon\u00f3mico. Debemos emprender las medidas necesarias, y para ello es necesario nombrar el fen\u00f3meno claramente. Hay que declarar la crisis ambiental a la que nos enfrentamos y plantearla como corresponsabilidad p\u00fablica para todas y todos.<br \/><br \/><\/p>\n<ul>\n<li aria-level=\"1\"><b>Desarrollo sustentable<\/b><\/li>\n<\/ul>\n<p>La \u00fanica forma de aspirar a un futuro sin colapso medioambiental es redefinir el modelo de desarrollo, que debe ser irrenunciable y transversalmente sustentable. Las limitaciones inherentes de los partidos pol\u00edticos estatales nos obligan a pensar creativamente en medidas de contenci\u00f3n a la crisis ambiental y a la depredaci\u00f3n de los recursos naturales.<\/p>\n<p>&nbsp;<\/p>\n<p>Buscamos:<\/p>\n<ul>\n<li style=\"font-weight: 400;\" aria-level=\"1\">Generar cinturones agropecuarios alrededor de las ciudades.<\/li>\n<li style=\"font-weight: 400;\" aria-level=\"1\">Crear planes de desarrollo sustentable, que contemplen tambi\u00e9n el desarrollo econ\u00f3mico y las particularidades socioculturales de la regi\u00f3n en donde se aplican.\u00a0<\/li>\n<li style=\"font-weight: 400;\" aria-level=\"1\">Acompa\u00f1ar a los planes de desarrollo sustentable con una planeaci\u00f3n agr\u00edcola estatal orientada hacia la sustentabilidad del campo y las zonas rurales silvestres.\u00a0<\/li>\n<\/ul>\n<p><br \/><br \/><\/p>\n<ul>\n<li aria-level=\"1\"><b>Mitigaci\u00f3n del cambio clim\u00e1tico<\/b><\/li>\n<\/ul>\n<p>Si no tomamos acciones contundentes para combatir el cambio clim\u00e1tico global, gran parte de las especies silvestres y las poblaciones humanas corren riesgo grave de desaparecer. Si bien reconocemos que es necesaria la cooperaci\u00f3n internacional, existen medidas que pueden tomarse, principalmente con la reducci\u00f3n de la emisi\u00f3n de gases contaminantes y la restauraci\u00f3n de los ecosistemas da\u00f1ados. Finalmente, es en la acci\u00f3n local donde se plasmar\u00e1 o no el cumplimiento de los compromisos internacionales que la naci\u00f3n en su totalidad ha asumido.<\/p>\n<p>&nbsp;<\/p>\n<p>Buscamos:<\/p>\n<ul>\n<li style=\"font-weight: 400;\" aria-level=\"1\">Realizar una campa\u00f1a a gran escala de educaci\u00f3n y concientizaci\u00f3n sobre el colapso clim\u00e1tico y sus implicaciones en nuestras vidas.<\/li>\n<li style=\"font-weight: 400;\" aria-level=\"1\">Apoyar en el cumplimiento estricto de los tratados internacionales en materia ambiental, como el Acuerdo de Par\u00eds.<br \/><br \/><\/li>\n<\/ul>\n<p><br \/><br \/><\/p>\n<ul>\n<li aria-level=\"1\"><b>Adaptaci\u00f3n al cambio clim\u00e1tico<\/b><\/li>\n<\/ul>\n<p>No podemos ser omisos e ignorar que el cambio clim\u00e1tico es una realidad que ya afecta de distintas formas a la poblaci\u00f3n del estado de\u00a0 Jalisco.\u00a0 A\u00fan\u00a0 en\u00a0 el\u00a0 escenario\u00a0 de\u00a0 que\u00a0 logramos\u00a0 frenar\u00a0 el\u00a0 aumento de la temperatura, las condiciones ambientales ya han cambiado \u2014probablemente de forma irreversible\u2014 y debemos ser responsables ante esa realidad, tomando medidas de adaptaci\u00f3n que ante todo tomen en cuenta los factores de vulnerabilidad a los que cada poblaci\u00f3n est\u00e1 particularmente expuesta.<\/p>\n<p>&nbsp;<\/p>\n<p>Buscamos:<\/p>\n<ul>\n<li style=\"font-weight: 400;\" aria-level=\"1\">Rehabilitar las \u00e1reas verdes de las ciudades y los pueblos.<\/li>\n<li style=\"font-weight: 400;\" aria-level=\"1\">Generar estrategias para proteger a comunidades que se ver\u00e1n obligadas al desplazamiento debido a las consecuencias nocivas del cambio clim\u00e1tico.\u00a0<\/li>\n<li style=\"font-weight: 400;\" aria-level=\"1\">Idear nuevos mecanismos de resiliencia y adaptaci\u00f3n para la producci\u00f3n agropecuaria estatal.<\/li>\n<\/ul>\n<p><br \/><br \/><\/p>\n<ul>\n<li aria-level=\"1\"><b>Justicia ambiental<\/b><\/li>\n<\/ul>\n<p>S\u00f3lo es posible hacer frente a la crisis ambiental con la aplicaci\u00f3n cabal y responsable de un marco normativo, lo suficientemente claro y estricto, que contemple sanciones para quienes da\u00f1an el medio ambiente en el que vivimos. Como es sabido, la depredaci\u00f3n de los recursos naturales y la degradaci\u00f3n ambiental nos afecta de manera desigual y es por eso un tema de justicia que debe ser tratado con seriedad y firmeza. Debemos eliminar la impunidad que impera en la materia.<\/p>\n<p>&nbsp;<\/p>\n<p>Buscamos:<\/p>\n<ul>\n<li style=\"font-weight: 400;\" aria-level=\"1\">Modificar la Ley Org\u00e1nica de la Fiscal\u00eda para crear una Fiscal\u00eda Especializada en Delitos Ambientales.<\/li>\n<li style=\"font-weight: 400;\" aria-level=\"1\">Aumentar las penas para quienes cometan un delito contra el medio ambiente, en aras de disuadir y prevenir los actos de depredaci\u00f3n.\u00a0<\/li>\n<li style=\"font-weight: 400;\" aria-level=\"1\">Dar castigos ejemplares a las empresas que m\u00e1s han da\u00f1ado nuestros ecosistemas y perjudicado\u00a0 la\u00a0 salud\u00a0 de\u00a0 las\u00a0 personas\u00a0 de\u00a0 Jalisco. Despu\u00e9s, involucrarlas en procesos que ayuden a mitigar o compensar el da\u00f1o ambiental realizado.<\/li>\n<\/ul>\n<p><br \/><br \/><\/p>\n<ul>\n<li aria-level=\"1\"><b>Protecci\u00f3n de ecosistemas<\/b><\/li>\n<\/ul>\n<p>Combatir la crisis ambiental requiere proteger con vehemencia aquellos espacios particularmente vulnerables, como los bosques, selvas y humedales que han sido sistem\u00e1ticamente afectados por pr\u00e1cticas depredadoras de distintos tipos.<\/p>\n<p>&nbsp;<\/p>\n<p>Buscamos:<\/p>\n<ul>\n<li style=\"font-weight: 400;\" aria-level=\"1\">Incorporar en planes de desarrollo urbano municipal mecanismos claros y medibles para la protecci\u00f3n de zonas de protecci\u00f3n ambiental prioritaria<b>.\u00a0<\/b><\/li>\n<li style=\"font-weight: 400;\" aria-level=\"1\">Preservar las \u00c1reas Naturales Protegidas (ANP) de la sobreexplotaci\u00f3n que pueden ejercer empresas inmobiliarias, mineras, madereras y agroindustriales.\u00a0<\/li>\n<li style=\"font-weight: 400;\" aria-level=\"1\">Garantizar que los Pueblos Ind\u00edgenas sean consultados de manera previa, libre e informada sobre la toma de decisiones susceptible de afectarles.<\/li>\n<li style=\"font-weight: 400;\" aria-level=\"1\">Fortalecer la apropiaci\u00f3n colectiva de los espacios naturales.<\/li>\n<\/ul>\n<p><br \/><br \/><\/p>\n<ul>\n<li aria-level=\"1\"><b>Recursos naturales comunes<\/b><\/li>\n<\/ul>\n<p>Nuestro estado tiene una riqueza natural invaluable, patrimonio de todas\u00a0 las\u00a0 especies\u00a0 que\u00a0 cohabitamos\u00a0 en\u00a0 Jalisco.\u00a0 El\u00a0 disfrute\u00a0 de\u00a0 estos recursos debe estar garantizado para todos y todas. No s\u00f3lo debemos asegurarnos de que todos los recursos sean accesibles, sino tambi\u00e9n que sean de la mejor calidad. De esto depende no s\u00f3lo la salud de las personas, sino tambi\u00e9n su econom\u00eda, su tranquilidad y sus posibilidades de desarrollo.<\/p>\n<p><br \/><br \/><\/p>\n<ul>\n<li aria-level=\"1\"><b>Agua<\/b><\/li>\n<\/ul>\n<p>Nos enfrentamos a una crisis global de agua. Sufrimos sequ\u00edas cada vez m\u00e1s severas y la contaminaci\u00f3n de la que sufren los cuerpos h\u00eddricos ha alcanzado niveles cada vez m\u00e1s cr\u00edticos. Dado que la vida de todos los seres depende de la disponibilidad y calidad de este recurso, es imperativo asumir su protecci\u00f3n y la regeneraci\u00f3n del ciclo hidrol\u00f3gico como la m\u00e1s alta de las prioridades.<\/p>\n<p>&nbsp;<\/p>\n<p>Buscamos:<\/p>\n<ul>\n<li style=\"font-weight: 400;\" aria-level=\"1\">Empujar por un constante y confiable monitoreo de calidad del agua entubada, para que sea lo suficientemente limpia para el consumo humano. Para eso, el ejecutivo estatal y los municipios deben dise\u00f1ar una pol\u00edtica p\u00fablica seria y eficaz.<\/li>\n<li style=\"font-weight: 400;\" aria-level=\"1\">Iniciar un proceso de fiscalizaci\u00f3n a las industrias altamente da\u00f1inas de los arroyos y r\u00edos, e impulsar el tratamiento completo de las aguas residuales de las f\u00e1bricas e instalaciones contaminantes.\u00a0<\/li>\n<li style=\"font-weight: 400;\" aria-level=\"1\">Fortalecer las capacidades municipales en el manejo de agua, incluyendo, en su caso, la integraci\u00f3n a los municipios aleda\u00f1os que deben compartir la responsabilidad de brindar este servicio.<\/li>\n<li style=\"font-weight: 400;\" aria-level=\"1\">Mejorar y eficientar el uso agr\u00edcola del agua, poniendo especial \u00e9nfasis en reducir los da\u00f1os a los recursos h\u00eddricos y el subsuelo.<\/li>\n<li style=\"font-weight: 400;\" aria-level=\"1\">Establecer una pol\u00edtica clara de mantenimiento y recarga de acu\u00edferos, que considere la flora y fauna cercana a los humedales y que es fundamental proteger.<\/li>\n<li style=\"font-weight: 400;\" aria-level=\"1\">Establecer un programa a gran escala para reactivar las plantas de tratamiento de aguas residuales de todo el estado.\u00a0<\/li>\n<li style=\"font-weight: 400;\" aria-level=\"1\">Rechazar los megaproyectos hidr\u00e1ulicos que, adem\u00e1s de desplazar injustificadamente a comunidades enteras, generan una serie de impactos ambientales negativos a gran escala que deben ser evitados.\u00a0<\/li>\n<li style=\"font-weight: 400;\" aria-level=\"1\">Resolver las fugas de agua del \u00c1rea Metropolitana y buscar un diagn\u00f3stico similar para el resto de las ciudades del estado.<\/li>\n<li style=\"font-weight: 400;\" aria-level=\"1\">Avanzar hacia la instalaci\u00f3n de mecanismos de captaci\u00f3n y aprovechamiento de agua de lluvias.\u00a0<\/li>\n<li style=\"font-weight: 400;\" aria-level=\"1\">Ayudar a sanear la cuenca Lerma-Santiago, buscando la colaboraci\u00f3n entre los estados vecinos y los tres niveles de gobierno en su conjunto.<\/li>\n<li style=\"font-weight: 400;\" aria-level=\"1\">Fortalecer y vigilar la labor de la Comisi\u00f3n Estatal del Agua. Dotarla de facultades y presupuesto suficientes para modernizar los sistemas de abastecimiento de agua y de distribuci\u00f3n en las ciudades.<\/li>\n<li style=\"font-weight: 400;\" aria-level=\"1\">Evitar terminantemente el uso de aguas para la miner\u00eda t\u00f3xica o la fracturaci\u00f3n hidr\u00e1ulica conocida como fracking.<\/li>\n<li style=\"font-weight: 400;\" aria-level=\"1\">Separar el drenaje de agua negra de las aguas pluviales. Es m\u00e1s sencillo y eficiente tratar las aguas de forma diferenciada.<\/li>\n<li style=\"font-weight: 400;\" aria-level=\"1\">Planear la gesti\u00f3n y el manejo del agua por regiones, siguiendo un modelo de cuencas y con criterios de la m\u00e1xima sustentabilidad.\u00a0<\/li>\n<\/ul>\n<p><br \/><br \/><\/p>\n<ul>\n<li aria-level=\"1\"><b>Aire<\/b><\/li>\n<\/ul>\n<p>El\u00a0 aire\u00a0 en\u00a0 Jalisco\u00a0 \u2014y,\u00a0 particularmente\u00a0 en\u00a0 el\u00a0 \u00c1rea\u00a0 Metropolitana\u00a0 de Guadalajara\u2014 est\u00e1 en condiciones de calidad muy delicadas. Nuestra atm\u00f3sfera sufre de la continua emisi\u00f3n de gases contaminantes que provocan da\u00f1os severos a la salud de las personas y las especies con las que convivimos. El aire es un recurso elemental cuya calidad debe ser garantizada, como parte del derecho humano al medio ambiente sano.<\/p>\n<p>&nbsp;<\/p>\n<p>Buscamos:<\/p>\n<ul>\n<li style=\"font-weight: 400;\" aria-level=\"1\">Ampliar la infraestructura meteorol\u00f3gica y de medici\u00f3n de la calidad del aire y mejorar la existente para tener informaci\u00f3n \u00fatil sobre la misma y disponible para la ciudadan\u00eda en formatos que cumplan con los principios de datos abiertos.<\/li>\n<li style=\"font-weight: 400;\" aria-level=\"1\">Desincentivar el uso del autom\u00f3vil, principalmente el particular y en ciudades grandes y medianas. Impulsar la movilidad no motorizada por todo el estado.<\/li>\n<li style=\"font-weight: 400;\" aria-level=\"1\">Reforestar inteligentemente a gran escala y a nivel estatal, considerando siempre las particularidades ecol\u00f3gicas de cada regi\u00f3n.<\/li>\n<\/ul>\n<ul>\n<li aria-level=\"1\"><b>Suelo<\/b><\/li>\n<\/ul>\n<p>La actividad humana ha afectado severamente la integridad de los suelos. En algunos casos, la explotaci\u00f3n indiscriminada del territorio ha provocado que grandes extensiones de suelo se erosionen casi por completo, dej\u00e1ndolas incapaces de albergar vida silvestre y humana. Vamos por una protecci\u00f3n integral del suelo, porque comprendemos su importancia en el ciclo de vida de todos los seres.<\/p>\n<p>&nbsp;<\/p>\n<p>Buscamos:<\/p>\n<ul>\n<li style=\"font-weight: 400;\" aria-level=\"1\">Que los planes de ordenamiento y todos los procesos de zonificaci\u00f3n contemplen con seriedad la sobreexplotaci\u00f3n del suelo como un factor importante a la hora de definir el giro que tendr\u00e1n los predios.\u00a0<\/li>\n<li style=\"font-weight: 400;\" aria-level=\"1\">Que el campo jalisciense deje gradualmente los <b>monocultivos<\/b>, por ser una actividad altamente desgastante y da\u00f1ina para los suelos.\u00a0<\/li>\n<\/ul>\n<p><br \/><br \/><\/p>\n<ul>\n<li aria-level=\"1\"><b>Energ\u00edas<\/b><\/li>\n<\/ul>\n<p>Uno de los grandes retos a los que nos enfrentamos\u00a0 como\u00a0 generaci\u00f3n es el de la producci\u00f3n y el aprovechamiento de la energ\u00eda. Somos conscientes que el modelo de los hidrocarburos est\u00e1 caduco por ser altamente nocivo para el medio ambiente, por lo que es crucial explorar alternativas verdaderamente sustentables y que no comprometan el futuro del planeta y las generaciones venideras.<\/p>\n<p>&nbsp;<\/p>\n<p>Buscamos:<\/p>\n<ul>\n<li style=\"font-weight: 400;\" aria-level=\"1\">Invertir m\u00e1s y mejor en investigaci\u00f3n y desarrollo de modelos productores de energ\u00eda, que sean adecuados para las condiciones territoriales de Jalisco.<\/li>\n<li style=\"font-weight: 400;\" aria-level=\"1\">Impulsar el desarrollo energ\u00e9tico de las regiones, priorizando aquellas opciones verdaderamente renovables.<\/li>\n<li style=\"font-weight: 400;\" aria-level=\"1\">Implementar mecanismos para que ciertas zonas de Jalisco transiten hacia la generaci\u00f3n local de energ\u00eda renovable, desde una posici\u00f3n que priorice la eficiencia. Una posible ruta para lograr esto ser\u00eda imitar el esquema de comercializadora p\u00fablica de Barcelona Energ\u00eda.<br \/><br \/><\/li>\n<\/ul>\n<p><br \/><br \/><\/p>\n<ul>\n<li aria-level=\"1\"><b>Mares y costas<\/b><\/li>\n<\/ul>\n<p>Uno de los ecosistemas que m\u00e1s han sufrido del colapso clim\u00e1tico y la crisis ambiental en general son los mares y las costas. La suma de enormes islas flotantes de pl\u00e1stico que navegan por los oc\u00e9anos y la descarga de fluidos contaminantes terminan por producir condiciones nefastas para la fauna mar\u00edtima. Si bien la posici\u00f3n del partido pol\u00edtico local limita nuestras posibilidades de resolver la totalidad del problema, existen pasos que se pueden tomar para participar en la batalla por la muerte de los mares y la destrucci\u00f3n de los ecosistemas costeros.<\/p>\n<p>&nbsp;<\/p>\n<p>Buscamos:<\/p>\n<ul>\n<li style=\"font-weight: 400;\" aria-level=\"1\">En coordinaci\u00f3n con organizaciones especialistas, vigilar y procurar la limpieza de las playas.<\/li>\n<li style=\"font-weight: 400;\" aria-level=\"1\">Vigilar tambi\u00e9n los desarrollos e industrias para evitar descargas contaminantes que afecten la integridad de las costas.<\/li>\n<\/ul>\n<p><br \/><br \/><\/p>\n<ul>\n<li aria-level=\"1\"><b>Residuos s\u00f3lidos<\/b><\/li>\n<\/ul>\n<p>Un\u00a0 grave\u00a0 problema\u00a0 de\u00a0 resoluci\u00f3n\u00a0 pendiente\u00a0 en\u00a0 Jalisco\u00a0 es\u00a0 el\u00a0 torpe manejo de residuos s\u00f3lidos. No obstante, cuando son bien gestionados, pueden servir como valioso recurso. Necesitamos encontrar formas de que los desechos generados por viviendas y empresas sean aprovechados cuando esto es posible, y que su disposici\u00f3n final no contamine el medio ambiente.<\/p>\n<p>&nbsp;<\/p>\n<p>Buscamos:<\/p>\n<ul>\n<li style=\"font-weight: 400;\" aria-level=\"1\">Formular, dise\u00f1ar e implementar un plan de gesti\u00f3n integral de residuos a corto, mediano y largo plazo para el estado de Jalisco,.\u00a0<\/li>\n<li style=\"font-weight: 400;\" aria-level=\"1\">Impulsar la producci\u00f3n de energ\u00eda a partir de residuos s\u00f3lidos urbanos cuando esto sea apropiado.\u00a0<\/li>\n<li style=\"font-weight: 400;\" aria-level=\"1\">Fortalecer las capacidades financieras municipales, redireccionando el presupuesto estatal y federal para atender la gesti\u00f3n de residuos.<\/li>\n<li style=\"font-weight: 400;\" aria-level=\"1\">Promover la cooperaci\u00f3n municipal para la gesti\u00f3n de residuos s\u00f3lidos.<\/li>\n<li style=\"font-weight: 400;\" aria-level=\"1\">Caminar hacia la separaci\u00f3n y tratamiento diferenciado de los residuos s\u00f3lidos urbanos.<\/li>\n<li style=\"font-weight: 400;\" aria-level=\"1\">Fortalecer los organismos encargados de monitorear y hacer valer las reglas ambientales.<\/li>\n<li style=\"font-weight: 400;\" aria-level=\"1\">Caminar hacia la reducci\u00f3n de la generaci\u00f3n de residuos de dif\u00edcil re-aprovechamiento \u2013como gran parte de los pl\u00e1sticos\u2013.<\/li>\n<\/ul>\n\t\t\t\t\t\t\t\t\t\t\t\t<a href=\"\">\u2022 Desarrollo Humano<\/a>\n\t\t\t\t\t<h5>Cuidar nuestro hogar com\u00fan<\/h5>\n<p>Cuando hablamos de nuestro \u2018hogar com\u00fan\u2019 nos referimos al espacio f\u00edsico y social en el cual convivimos las personas y nuestro entorno. Es el territorio que compartimos,\u00a0 pero que tambi\u00e9n permanece en continua disputa. Hay\u00a0 que reconocer que nuestro bienestar depende de la armon\u00eda de la ecoregi\u00f3n en la cual nuestra comunidad forma parte. Somos parte de nuestras circunstancias y dependemos irremediablemente de ellas, por lo que resulta fundamental mantener un compromiso con el cuidado de nuestro medio ambiente y los recursos naturales a los cuales est\u00e1n sujetas nuestras existencias. Adem\u00e1s, es imperante reconocer el derecho de existir del resto de las especies que cohabitan con nosotros. Debemos dejar de hacer evaluaciones utilitaristas al respecto de otros seres vivos, y\u00a0 respetar\u00a0 el\u00a0 legado milenario que encierra cada forma de vida y h\u00e1bitat de\u00a0 nuestro\u00a0 planeta.<\/p>\n<p>&nbsp;<\/p>\n<p>H\u00e1bitat<\/p>\n<p>Nuestro h\u00e1bitat es el territorio que compartimos con nuestra comunidad m\u00e1s inmediata. Es el escenario de la mayor parte de nuestras vidas, donde se produce una multiplicidad de historias entrelazadas, \u00edntimamente vinculadas. Con nuestra ciudad o pueblo construimos una relaci\u00f3n importante en nuestras vidas, es en donde afirmamos nuestra identidad y nos desarrollamos. Cuando est\u00e1 en buenas condiciones, nuestro h\u00e1bitat es un espacio propicio para desarrollarnos plenamente y vivir en paz. Actualmente nuestras ciudades se han convertido en territorios fracturados y hostiles, por lo que buscamos una transformaci\u00f3n profunda para garantizar que sean lo que siempre deben ser: espacios de interacci\u00f3n y crecimiento para todas las personas. El cuidado de nuestro h\u00e1bitat y la garant\u00eda del derecho a la ciudad son elementos fundamentales en la agenda program\u00e1tica de Futuro.<\/p>\n<p>&nbsp;<\/p>\n<p><b>Desarrollo urbano<\/b><\/p>\n<p>Ante las l\u00f3gicas del desplazamiento, marginaci\u00f3n sistematizada y desigualdad es necesario repensar nuestro modelo de desarrollo urbano. Concebimos fundamental un modelo que priorice ante todo la sustentabilidad, la compacidad, la diversidad y la conectividad. So\u00f1amos con ciudades y pueblos m\u00e1s seguros, sanos y justos. El dise\u00f1o de nuestros pueblos y ciudades debe de estar orientado a la disminuci\u00f3n de las desigualdades sociales y a la producci\u00f3n de bienes y servicios comunitarios m\u00e1s funcionales y accesibles para todas las personas.<\/p>\n<ul>\n<li>\n<p><b>Desarrollo urbano territorial<\/b><\/p>\n<\/li>\n<\/ul>\n<p>Un punto crucial para todo esfuerzo de desarrollo urbano es pensar en la mancha urbana relacionada con el territorio en el cual est\u00e1 inserto. El modelo de crecimiento urbano desordenado imperante hasta la fecha ha depredado irresponsablemente a la naturaleza, adem\u00e1s de que ha propiciado la continuaci\u00f3n de la desigualdad social a trav\u00e9s de la segregaci\u00f3n espacial. Esto puede ser evitado con una visi\u00f3n t\u00e9cnica comprometida con la producci\u00f3n de centros de poblaci\u00f3n m\u00e1s justos y sustentables.<\/p>\n<p>Buscamos:<\/p>\n<ol>\n<li>\n<p>La elaboraci\u00f3n de planes de desarrollo urbano municipales orientados a la realizaci\u00f3n de la nueva agenda urbana en todos los centros poblacionales del estado.\u00a0<\/p>\n<\/li>\n<li>\n<p>En el caso del \u00c1rea Metropolitana de Guadalajara, se debe generar un Plan metropolitano de desarrollo urbano distinto a los esfuerzos existentes\u00a0 actuales, que evidentemente no han rendido frutos.\u00a0<\/p>\n<\/li>\n<li>\n<p>Para su correcto funcionamiento, \u200bel IMEPLAN (Instituto Metropolitano de Planeacio\u0301n) \u200bdebe de ser ajeno a intereses partidistas y multisectorial, con perfiles t\u00e9cnicos y profesionales, que trasciendan a las administraciones cambiantes, sus l\u00edmites temporales y territoriales.\u00a0<\/p>\n<\/li>\n<li>\n<p>Promover colaboraciones intermunicipales y simplificar el camino burocr\u00e1tico.\u00a0<\/p>\n<\/li>\n<li aria-level=\"1\">\n<p>Cuidar que el desarrollo y el disen\u0303o urbano cumplan con criterios de perspectiva de ge\u0301nero.<\/p>\n<\/li>\n<\/ol>\n<ul>\n<li>\n<p><b>Vivienda<\/b><\/p>\n<\/li>\n<\/ul>\n<p>Garantizar el derecho a la vivienda digna para todas las personas de Jalisco\u00a0 \u00a0 es\u00a0 \u00a0 una\u00a0 \u00a0 labor\u00a0 \u00a0 pendiente\u00a0 \u00a0 desde\u00a0 \u00a0 hace\u00a0 \u00a0 largo\u00a0 \u00a0 tiempo, especialmente para aquellos que no tienen la capacidad de acceder a ella\u00a0 por\u00a0 sus\u00a0 propios\u00a0 medios.\u00a0 Por\u00a0 a\u00f1os\u00a0 la\u00a0 vivienda en Jalisco ha sido deficiente, de poca calidad y en ubicaciones altamente inconvenientes, por lo que es fundamental reimaginar el sistema de vivienda social que impera en nuestro estado.<\/p>\n<p>Buscamos:<\/p>\n<ol>\n<li>\n<p>Generar una planeacio\u0301n de \u200bvivienda social orientada hacia la redensificacio\u0301n urbana y la promocio\u0301n de vida comunitaria, ubicada donde el costo de vida sea ma\u0301s accesible y el impacto ambiental sea ma\u0301s positivo.\u00a0\u00a0<\/p>\n<\/li>\n<li>\n<p>Garantizar el acceso a los servicios p\u00fablicos b\u00e1sicos en todos los hogares, particularmente en aquellas zonas caracterizadas por el hacinamiento y la precariedad.\u00a0<\/p>\n<\/li>\n<\/ol>\n<p>&nbsp;<\/p>\n<p>Reconstrucci\u00f3n del tejido social<\/p>\n<p>Los procesos de descomposici\u00f3n de las comunidades han sido tan agudos\u00a0 que\u00a0 algunas\u00a0 partes\u00a0 de\u00a0 Jalisco\u00a0 se\u00a0 han\u00a0 vuelto\u00a0 irreconocibles, inh\u00f3spitas. Promoveremos los esfuerzos de reconstrucci\u00f3n del tejido social, conscientes de que entre m\u00e1s peque\u00f1o sea el espacio de intervenci\u00f3n hay m\u00e1s posibilidades de tener \u00e9xito creando burbujas de recomposici\u00f3n del tejido social. Queremos hacer trabajo situado de cerca con las v\u00edctimas y las comunidades, con actores locales para identificar proyectos locales que pudieran recomponer el tejido social y servir como facilitadores para el desarrollo comunitario.<\/p>\n<p>&nbsp;<\/p>\n\t\t\t\t\t\t\t\t\t\t\t\t<a href=\"\">\u2022 Educaci\u00f3n e Innovaci\u00f3n<\/a>\n\t\t\t\t\t<h5>Educaci\u00f3n y ciencia<\/h5>\n<p>La educaci\u00f3n es la piedra angular para la transformaci\u00f3n de la realidad. Es por eso que debe de ser universal, accesible para todos y todas, y gratuita. Dichas ideas son principios constitucionales de nuestro Estado, y sin embargo, el acceso a la educaci\u00f3n no es una realidad para todas las personas. Nuestro papel como partido local es mantener el debate alrededor de la atenci\u00f3n del derecho a la educaci\u00f3n. Tambi\u00e9n, brindar la mayor ayuda y utilidad posible a las instituciones federales que se encargan de la materia, y ante los contextos de marginalizaci\u00f3n procurar brindar la infraestructura y transporte necesario para que todas las ni\u00f1as y ni\u00f1os puedan asistir a la escuela.<\/p>\n<ul>\n<li>Sistema educativo<\/li>\n<\/ul>\n<p>Como fuerza pol\u00edtica, m\u00e1s all\u00e1 de las limitaciones institucionales, y ante el panorama de las recientes reformas en materia educativa, debemos organizarnos para vigilar su correcto dise\u00f1o e implementaci\u00f3n. Nuestro ideal es un sistema educativo que en verdad incluya a todas las personas, que fomente el conocimiento socialmente responsable y que les otorgue las herramientas necesarias para desarrollarse plenamente de acuerdo a sus deseos.<\/p>\n<p>Debemos procurar poner especial acento en las comunidades ind\u00edgenas\u00a0 que\u00a0 residen\u00a0 en\u00a0 Jalisco.\u00a0 Nos\u00a0 encontramos en contexto global de extinci\u00f3n sistem\u00e1tica de lenguas, y cada vez que una lengua se deja de hablar se pierde una manera de entender al mundo, un legado ancestral y comunitario es destruido. Cuando la educaci\u00f3n no se oferta en las lenguas maternas de los pueblos ind\u00edgenas se desincentiva su uso, y se relaciona directamente con su desaparici\u00f3n. Es por eso que es importante reconocer que todas las personas tienen derecho a recibir educaci\u00f3n en su lengua materna.<\/p>\n<p>\u00a0<\/p>\n<h5>Cobertura<\/h5>\n<p>Tenemos que apostarlo todo para llegar al horizonte del acceso universal y gratuito a la educaci\u00f3n. Entendiendo que la inaccesibilidad a la educaci\u00f3n est\u00e1 directamente relacionada con otros factores de vulnerabilidad, se debe de implementar una estrategia que atienda a los problemas que acent\u00faan la falta de equidad en el acceso y la calidad en la educaci\u00f3n.<\/p>\n<p>En\u00a0 Jalisco,\u00a0 las y los ni\u00f1os que habitan en poblaciones rurales son, generalmente, quienes mayores dificultades tienen para asistir a la escuela. Las grandes distancias entre sus hogares y la escuela, la falta de oportunidades para acudir a ella, o la inexistencia de infraestructura o docentes, hacen de la educaci\u00f3n todo un reto.<\/p>\n<p>Buscamos:<\/p>\n<ul>\n<li style=\"list-style-type: none;\">\n<ul>\n<li aria-level=\"1\">Sanear y clarificar las finanzas del sistema educativo.<\/li>\n<li aria-level=\"1\">Alentar\u00a0 la\u00a0 formaci\u00f3n\u00a0 de docentes.\u00a0<\/li>\n<li aria-level=\"1\">Asegurar que no exista rinc\u00f3n del estado sin docentes en labores.<b>\u00a0<\/b><\/li>\n<li aria-level=\"1\">Procurar la accesibilidad a la escuela, mediante transporte p\u00fablico gratuito, a los ni\u00f1os y ni\u00f1as provenientes de familias que viven en comunidades alejadas.<\/li>\n<\/ul>\n<\/li>\n<\/ul>\n<h5>\u00a0<\/h5>\n<h5>Educaci\u00f3n b\u00e1sica<\/h5>\n<p>En Jalisco la mayor parte de las personas tienen una escolaridad que cubre a la educaci\u00f3n b\u00e1sica. Esto significa que debemos seguir manteniendo los esfuerzos para hacer de la educaci\u00f3n b\u00e1sica una realidad para todos y todas, y por otro lado, debemos apostar para mejorar la calidad de la misma.<\/p>\n<p>Buscamos:<\/p>\n<ul>\n<li aria-level=\"1\">Ante el rezago educativo de nuestro pa\u00eds y estado, \u2013de acuerdo con los resultados de las pruebas estandarizadas\u2013 implementar programas encaminados hacia el refuerzo de las competencias b\u00e1sicas, como la habilidades de lectoescritura y el pensamiento matem\u00e1tico y cr\u00edtico.\u00a0<\/li>\n<li aria-level=\"1\">Identificar las razones del abandono escolar, para su posterior atenci\u00f3n.<\/li>\n<\/ul>\n<p>\u00a0<\/p>\n<h5>Educaci\u00f3n media superior y superior<\/h5>\n<p>Como ya lo dicta nuestra constituci\u00f3n, la educaci\u00f3n superior es un derecho para todas las personas y es, por lo tanto, una obligaci\u00f3n del Estado ofertar. Las universidades p\u00fablicas deben de estar al alcance de todas las personas. Nadie deber\u00eda ser rechazado por una instituci\u00f3n p\u00fablica, pero ante la limitaci\u00f3n de los recursos debemos procurar eficientarlos, y trabajar de la mano de las universidades para hacerlas m\u00e1s accesibles para todas y todos. Sabemos que los apoyos a las y los estudiantes son, en ocasiones, determinantes para su permanencia. Debemos continuar con aquellos programas que han demostrado ser eficientes y extenderlos cada vez a m\u00e1s municipios del estado.<\/p>\n<p>Buscamos:<\/p>\n<ul>\n<li aria-level=\"1\">Sumar esfuerzos para la mejora continua de la Universidad de Guadalajara.\u00a0<\/li>\n<li aria-level=\"1\">Impulsar que las universidades implementen protocolos para la eliminaci\u00f3n del acoso a las mujeres y otras formas de violencia de g\u00e9nero.<\/li>\n<\/ul>\n<p>\u00a0<\/p>\n<h5>Educaci\u00f3n y sociedad<\/h5>\n<p>La educaci\u00f3n no es un fen\u00f3meno que se limite a lo que ocurre dentro de los planteles educativos. Es una herramienta indispensable para mejorar la vida de las personas y las comunidades porque permite corregir aquello que como sociedad consideramos poco deseable, como la violencia, la discriminaci\u00f3n y la indiferencia.<\/p>\n<p>\u00a0<\/p>\n<h5>Educaci\u00f3n y trabajo<\/h5>\n<p>Creemos que la educaci\u00f3n no s\u00f3lo sirve para preparar a las personas para el mundo laboral, sino que debe ayudarles a cuestionar su rol en la estructura social y mejorar sus condiciones de vida. Cuando vinculamos a la educaci\u00f3n con la noci\u00f3n de trabajo debemos tomar en cuenta que el campo laboral est\u00e1 transform\u00e1ndose r\u00e1pidamente y tenemos que estar listas y listos para los retos que presenta el mundo que se configura ante nosotros.<\/p>\n<p>Buscamos:<\/p>\n<ul>\n<li aria-level=\"1\">Que se incorporen en la curr\u00edcula y en otros esfuerzos educativos la educaci\u00f3n experiencial y pr\u00e1ctica.<\/li>\n<li aria-level=\"1\">Trabajar en la generaci\u00f3n de modelos de interacci\u00f3n entre el mundo laboral y las universidades.<\/li>\n<li aria-level=\"1\">Ofrecer cursos y capacitaciones para el desempe\u00f1o de oficios, que permita a las personas crecer en su \u00e1rea laboral o expandir sus horizontes de conocimientos.<\/li>\n<\/ul>\n<h5>\u00a0<\/h5>\n<h5>Educaci\u00f3n para la paz<\/h5>\n<p>Ante el enorme reto de pacificar nuestro estado, la educaci\u00f3n es una herramienta \u2013quiz\u00e1s la m\u00e1s eficaz\u2013 de construir la paz a la que aspiramos. Es necesario que nos reconozcamos ante los y las dem\u00e1s, con procesos formativos que fomenten la sensibilidad y la resiliencia, es posible convertirnos en un estado de personas comprometidas con el cuidado del otro y la comunidad. La educaci\u00f3n para la paz es la mejor manera de apostar por una forma distinta de relacionarnos, una en la que prevalece el respeto, el reconocimiento y la armon\u00eda.<\/p>\n<p>Buscamos:<\/p>\n<ul>\n<li aria-level=\"1\">Una educaci\u00f3n c\u00edvica participativa desde la primaria. Fomentaremos la formaci\u00f3n de personas capaces de cuestionar las problem\u00e1ticas sociales.\u00a0<\/li>\n<li aria-level=\"1\">Modelos de educaci\u00f3n situada, con contenidos locales. Queremos que se promuevan proyectos para el desarrollo en sitio de la comunidad.<\/li>\n<li aria-level=\"1\">Que las escuelas sean comunidades de aprendizaje para la vida, que convoquen a todos los implicados en la educaci\u00f3n.<\/li>\n<li aria-level=\"1\">Realizar intervenciones situadas en contextos particularmente tocados por la violencia.<\/li>\n<\/ul>\n<p>\u00a0<\/p>\n<h5>Generaci\u00f3n de conocimiento<\/h5>\n<p>La ciencia es la punta de lanza para el desarrollo. Adem\u00e1s, la curiosidad humana y su b\u00fasqueda de nuevos conocimientos es una constante de nuestra historia. Creemos que s\u00f3lo la ciencia es capaz de resolver una gran parte de los problemas a los que nos enfrentamos, por lo que buscaremos impulsar y promover su integraci\u00f3n con el sector privado. Sumado a esto, valoramos fuertemente los saberes tradicionales, importantes para gran parte de la poblaci\u00f3n de Jalisco y que queremos que sean preservados.<\/p>\n<p>\u00a0<\/p>\n<h5>Impulso a la ciencia<\/h5>\n<p>El fomento a la investigaci\u00f3n y la ciencia es clave para imaginar nuevos paradigmas y plantearnos nuevos horizontes. Por ello queremos fomentar la colaboraci\u00f3n entre investigadores, la difusi\u00f3n de resultados, y el desarrollo de investigaciones.<\/p>\n<p>Entendemos a la ciencia en todo su espectro y diversidad, desde las ciencias exactas a las sociales y humanidades. As\u00ed, la ciencia, que encuentra su origen en la curiosidad humana, no debe de ser valorada \u00fanicamente de acuerdo a los par\u00e1metros de utilidad inmediata.<\/p>\n<p>Buscamos:<\/p>\n<ul>\n<li aria-level=\"1\">Incentivar la producci\u00f3n cient\u00edfica y la investigaci\u00f3n tanto en el sector p\u00fablico como en el privado para promover la innovaci\u00f3n<\/li>\n<li aria-level=\"1\">Impulsar un modelo integral de vinculaci\u00f3n entre escuelas, organizaciones sociales y comunitarias, gobierno y academia en Centros P\u00fablicos de Investigaci\u00f3n.<\/li>\n<li aria-level=\"1\">Considerar el etiquetado del presupuesto para la investigaci\u00f3n en las universidades p\u00fablicas, respetando siempre la autonom\u00eda de las universidades.<\/li>\n<li aria-level=\"1\">Abogaremos integrar al sistema educativo planes de estudio enfocados en la promoci\u00f3n de pensamiento cr\u00edtico y cient\u00edfico.<\/li>\n<\/ul>\n<p>\u00a0<\/p>\n<h5>Conocimientos subalternos<\/h5>\n<p>Ante la homogeneizaci\u00f3n de conocimientos que impera en el modelo de pensamiento positivista y utilitarista, un sinf\u00edn de saberes han sido descalificados y desarticulados sistem\u00e1ticamente. Al mismo tiempo que condenamos el epistemicidio, hacemos un llamado por mantener una postura cr\u00edtica ante el conocimiento, valorando formas distintas de comprender el mundo.<\/p>\n<p>\u00a0<\/p>\n<p>\u00a0<\/p>\n\t\t\t\t\t\t\t\t\t\t\t\t<a href=\"\">\u2022 Cultura, salud y deporte<\/a>\n\t\t\t\t\t<h5>Pol\u00edtica de drogas<\/h5>\n<p>La visi\u00f3n integral de la pol\u00edtica sobre drogas que planteamos desde Futuro implica la incorporaci\u00f3n de la perspectiva de la salud p\u00fablica y la justicia social como ejes rectores. El prohibicionismo es un modelo cuya ineficacia ya ha sido demostrada. Ni ha logrado reducir significativamente el consumo ni ha disminuido el abuso de narc\u00f3ticos. Por el contrario, ha generado un mercado negro gigantesco y dif\u00edcil de combatir. Somos conscientes que este tema es regido por la esfera federal, pero apoyaremos la exploraci\u00f3n de modelos locales para avanzar hacia una nueva forma de regular el consumo, la producci\u00f3n y la distribuci\u00f3n de estas sustancias.<\/p>\n<p>Buscamos:<\/p>\n<ul>\n<li aria-level=\"1\">Que las personas farmacodependientes sean tratadas desde los servicios de salud y no desde los sistemas penitenciarios.\u00a0<\/li>\n<li aria-level=\"1\">Promover campa\u00f1as de prevenci\u00f3n del abuso de drogas, que no abonen a la estigmatizaci\u00f3n de las y los usuarios.<\/li>\n<li aria-level=\"1\">Armar una estrategia para atender a aquellos consumidores que han desarrollado dependencia.<\/li>\n<li aria-level=\"1\">Ayudar a desestigmatizar y descriminalizar el consumo de la marihuana.<\/li>\n<li aria-level=\"1\">Incentivar la investigaci\u00f3n cient\u00edfica para tener m\u00e1s insumos\u00a0 para\u00a0 generar pol\u00edtica p\u00fablica sobre la materia.<\/li>\n<li aria-level=\"1\">Ante una eventual legalizaci\u00f3n, revisar la actividad productiva de algunas sustancias activas como el CBD y el THC.\u00a0<\/li>\n<\/ul>\n<h5>Salud<\/h5>\n<p>Concebimos a la salud como una serie de condiciones ubicadas en un continuo que inicia con el nacimiento y termina en la muerte de una persona. Entre esos dos extremos no s\u00f3lo encontramos enfermedades y accidentes o los procesos relacionados a su tratamiento, sino un amplio abanico de condiciones que no son intr\u00ednsecamente patol\u00f3gicas pero que, sin embargo, requieren atenci\u00f3n. Ejemplos de estas condiciones son el crecimiento y desarrollo de un infante o el embarazo de una mujer. De tal suerte que la salud no es est\u00e1tica, as\u00ed que no puede ser considerada un estado, sino que es un proceso multidimensional y din\u00e1mico, e idealmente un medio para lograr una vida digna. Pero es, ante todo, un derecho de todas las personas.<\/p>\n<p>La salud exige diversos mecanismos legales para protegerla y as\u00ed garantizar que toda persona tenga acceso a servicios de salud cuando y donde los necesite, sin tener que enfrentarse barreras financieras, geogr\u00e1\ufb01cas, culturales y\/u organizacionales. A partir de esta concepci\u00f3n es que queremos formular pol\u00edticas, programas y estrategias que favorezcan la mejora progresiva del estado de salud de una poblaci\u00f3n. Es de especial importancia resaltar el car\u00e1cter incluyente del derecho a la salud. Es decir, para que las personas gocen de \u00e9l plenamente, es necesario garantizar el acceso a otros derechos humanos: buena alimentaci\u00f3n, educaci\u00f3n y vivienda digna, entre otros. En su conjunto se conocen como los determinantes sociales de la salud.<\/p>\n<p>Buscaremos alcanzar la cobertura universal efectiva de los servicios de salud, que se logra cuando todas las personas cuentan con a\ufb01liaci\u00f3n a servicios de salud, pueden acceder a ellos y adem\u00e1s tienen las ganancias en salud esperadas por las intervenciones recibidas. Los objetivos deben ser que nadie falte, que nadie quede fuera y que todos y todas ganemos.<\/p>\n<p><b>Sistema de salud<\/b><\/p>\n<p>El primer paso para impulsar una agenda de salud es fortalecer significativamente el sistema de salud. Actualmente no existen condiciones para garantizar el acceso a este derecho, por lo que es indispensable asignar y vigilar el presupuesto del ramo.<b><\/b><\/p>\n<p><b>Ampliaci\u00f3n<\/b><\/p>\n<p>Cualquier propuesta que se haga tiene que tomar en cuenta forzosamente las capacidades limitadas del sistema. Debemos ampliar\u00a0 radicalmente\u00a0 la\u00a0 infraestructura\u00a0 de\u00a0 salud\u00a0 en\u00a0 Jalisco,\u00a0 que\u00a0 no ha progresado significativamente desde el inicio del siglo. Queremos que la infraestructura alcance todo el estado y garantizar, adem\u00e1s, que en todos los centros de salud haya atenci\u00f3n permanente y recursos suficientes para poder asistir correctamente a la poblaci\u00f3n en cualquier momento.<b><\/b><\/p>\n<ul>\n<li aria-level=\"4\"><b>Coexistencia de distintos sistemas de salud<\/b><\/li>\n<\/ul>\n<p>En\u00a0 Jalisco\u00a0 coexisten\u00a0 distintas formas de pensar y practicar la salud. Queremos generar mecanismos que impulsen la convivencia arm\u00f3nica y que aprovechen la diversidad de los sistemas de salud, como el tradicional, el complementario y el al\u00f3pata \u2013o institucional\u2013; que resultan de vital importancia para las personas de diferentes realidades y culturas. Queremos que se desarrolle una estrategia de atenci\u00f3n primaria de la salud con base en la movilizaci\u00f3n comunitaria, conectado y validado por el sistema de salud.<b><\/b><\/p>\n<ul>\n<li aria-level=\"3\"><b>Prevenci\u00f3n<\/b><\/li>\n<\/ul>\n<p>Es necesario complementar el enfoque reactivo con un esfuerzo estructurado y potente para prevenir la aparici\u00f3n de afecciones a la salud. Si logramos reducir la incidencia en enfermedades es posible disminuir los costos del sistema de salud y proteger el bienestar de las personas antes de que \u00e9ste se vea vulnerado gravemente.<b><\/b><\/p>\n<ul>\n<li aria-level=\"4\"><b>Cultura de la salud<\/b><\/li>\n<\/ul>\n<p>Expertos estiman que con un cambio cultural que atraviese tres generaciones se pueden modificar las tendencias gen\u00e9ticas de ciertas enfermedades cr\u00f3nico degenerativas como la diabetes. Queremos encontrar formas de hacer salud desde nuestras culturas para hacer frente a aquellas afecciones que causan que las personas se retiren de sus vidas productivas, como lo son la depresi\u00f3n, los dolores de cabeza, problemas de la vista, problemas del o\u00eddo, ansiedad y problemas musculares u \u00f3seos.<b><\/b><\/p>\n<ul>\n<li aria-level=\"4\"><b>Alimentaci\u00f3n<\/b><\/li>\n<\/ul>\n<p>La correcta alimentaci\u00f3n no s\u00f3lo es un derecho humano, sino que es tambi\u00e9n prerrequisito para llevar una calidad de vida satisfactoria. Creemos que es fundamental construir junto con la sociedad civil una\u00a0 pol\u00edtica\u00a0 de\u00a0 cero\u00a0 hambre\u00a0 en\u00a0 Jalisco\u00a0 y\u00a0 que\u00a0 \u00e9sta\u00a0 ocurra\u00a0 con\u00a0 los principios de seguridad y soberan\u00eda alimentaria.<\/p>\n<p>Buscamos:<\/p>\n<ul>\n<li aria-level=\"1\">Procurar la rehabilitaci\u00f3n y el mejoramiento de mercados urbanos y rurales como puntos estrat\u00e9gicos para la promoci\u00f3n de h\u00e1bitos alimenticios m\u00e1s ben\u00e9ficos para la poblaci\u00f3n.<\/li>\n<li aria-level=\"1\">Impulsar la reducci\u00f3n del consumo de alimentos altos en grasa y az\u00facar por ser particularmente da\u00f1inos para la salud de las personas.\u00a0<\/li>\n<li aria-level=\"1\">La atenci\u00f3n a los grupos vulnerables que se han visto hist\u00f3ricamente afectados por la malnutrici\u00f3n.\u00a0<\/li>\n<\/ul>\n<p>\u00a0<\/p>\n<p><b>Derechos sexuales y reproductivos<\/b><\/p>\n<p>En\u00a0 Jalisco\u00a0 todav\u00eda\u00a0 hay\u00a0 un\u00a0 largo camino\u00a0 que recorrer para garantizar los derechos sexuales y reproductivos de todas las personas. Creemos que todas y todos debemos tener la posibilidad de ejercer de manera libre, informada y consciente nuestra sexualidad. Debemos tambi\u00e9n proteger la libertad de todas las personas de llevar una planificaci\u00f3n familiar integral.<\/p>\n<p>Buscamos:<\/p>\n<ul>\n<li aria-level=\"1\">Impulsar la educaci\u00f3n sexual en todos los esfuerzos educativos del estado.\u00a0<\/li>\n<li aria-level=\"1\">Que los anticonceptivos sean de f\u00e1cil acceso para todas\u00a0 las\u00a0 personas\u00a0 de\u00a0 Jalisco,\u00a0 especialmente\u00a0 para\u00a0 aquellas\u00a0 personas que se dedican al trabajo sexual.<\/li>\n<li aria-level=\"1\">Que cualquier persona tenga la capacidad de decidir c\u00f3mo, cu\u00e1ndo y con qui\u00e9n formar una familia. Nadie deber\u00eda estar obligado u obligada a tener hijos o hijas contra su voluntad.<\/li>\n<li aria-level=\"1\">En el caso de la interrupci\u00f3n legal del embarazo, que se garantice a las mujeres condiciones legales que les permitan acceder a los servicios de salud, de forma legal, segura, oportuna y gratuita, para asegurar la igualdad de acceso a los derechos relacionados a todas las personas.<\/li>\n<\/ul>\n<p><b>Salud socioambiental<\/b><\/p>\n<p>Los factores ambientales cada vez son m\u00e1s importantes a la hora de pensar la salud. El avance de la emergencia clim\u00e1tica y la depredaci\u00f3n de los recursos naturales afectan directamente el bienestar de las personas y queremos buscar mecanismos para protegerles. Esto debe incluir una ampliaci\u00f3n de las capacidades para generar informaci\u00f3n de las condiciones ambientales del territorio y el incremento en la recurrencia de enfermedades. [<i>Ver eje 1: Cuidar nuestro hogar com\u00fan para las futuras generaciones<\/i>]<\/p>\n<p><br \/><b><\/b><\/p>\n<p><b>Cultura f\u00edsica y deporte<\/b><\/p>\n<p>El deporte y la actividad f\u00edsica son esenciales para el desarrollo personal y una mejor calidad de vida, adem\u00e1s de crear lazos en las comunidades y fortalecer el tejido social. Es necesario modificar y fortalecer la normativa referente a la materia para promover el deporte y la actividad f\u00edsica. Adem\u00e1s, lo concebimos como un tema de derechos: todas las personas del estado deben tener acceso a la recreaci\u00f3n. Entendemos la pol\u00edtica deportiva como una herramienta para la prevenci\u00f3n del delito. Por estos motivos, vamos por un presupuesto justo, suficiente y vigilado para el deporte de nuestro estado.<\/p>\n<p>Buscamos:<\/p>\n<ul>\n<li aria-level=\"1\">Pol\u00edticas p\u00fablicas para garantizar el acceso a espacios de calidad y actividades f\u00edsicas para todas las personas; que practicar deporte no sea un privilegio.<\/li>\n<li aria-level=\"1\">Impulsar la creaci\u00f3n de instituciones municipales interdisciplinarias para la promoci\u00f3n del deporte en los municipios.\u00a0<\/li>\n<li aria-level=\"1\">Que cada municipio cuente con una instituci\u00f3n del deporte, con partida presupuestaria para espacios p\u00fablicos y gratuitos para la actividad f\u00edsica.<\/li>\n<li aria-level=\"1\">Fortalecer el deporte adaptado para que las personas con discapacidad puedan acceder a instalaciones y actividades deportivas.<\/li>\n<li aria-level=\"1\">Promover y apoyar campa\u00f1as y pol\u00edticas contra el machismo, la xenofobia, el racismo y la homofobia en el deporte.<\/li>\n<li aria-level=\"1\">Llevar instalaciones y activaciones deportivas a comunidades marginadas.<\/li>\n<li aria-level=\"1\">Que los deportistas de alto rendimiento encuentren en el Consejo Estatal para el Fomento Deportivo (CODE) a un aliado en su desarrollo.<\/li>\n<\/ul>\n<p><br \/><b><\/b><\/p>\n<ul>\n<li aria-level=\"3\"><b>Retos urgentes<\/b><\/li>\n<\/ul>\n<p>Existen ciertos retos que deben ser atendidos con especial atenci\u00f3n por la delicadeza que representan y la cantidad de casos presentes. Debemos generar estrategias integrales que atiendan espec\u00edficamente a estos problemas y protejan a la poblaci\u00f3n m\u00e1s vulnerable a ellos.<b><\/b><\/p>\n<p>\u00a0<\/p>\n<p><strong>Salud mental y prevenci\u00f3n del suicidio<\/strong><\/p>\n<p>Los trastornos mentales, en especial la depresi\u00f3n y la ansiedad son una causa importante de discapacidad y, sin embargo, su atenci\u00f3n se ha descuidado en los servicios de salud. Adem\u00e1s, el estigma alrededor de estos padecimientos es una barrera para que las personas busquen atenci\u00f3n. Promover su relevancia entre la poblaci\u00f3n y mejorar la capacidad del sistema de salud para su atenci\u00f3n deben ser prioridad.<\/p>\n<p><br \/><b><\/b><\/p>\n<p><b>Sobrepeso, obesidad y diabetes<\/b><\/p>\n<p>La epidemia de sobrepeso, obesidad y diabetes representa una gran carga social y econ\u00f3mica. Un abordaje meramente curativo es insostenible; se debe apostar por la prevenci\u00f3n. La creaci\u00f3n de entornos saludables es prioridad. Queremos limitar la publicidad dirigida a poblaci\u00f3n escolar en productos ultraprocesados, acompa\u00f1ar las pol\u00edticas restrictivas de comida chatarra en escuelas con pol\u00edticas que aumenten la disponibilidad de alimentos saludables e impulsar la recuperaci\u00f3n de espacios p\u00fablicos para promover la actividad f\u00edsica a trav\u00e9s de ejercicios participativos sobre todo en zonas marginadas.<\/p>\n<p><br \/><b><\/b><\/p>\n<p><b>Enfermedades renales<\/b><\/p>\n<p>En\u00a0 Jalisco\u00a0 hay\u00a0 una\u00a0 crisis\u00a0 severa\u00a0 de\u00a0 problemas\u00a0 renales.\u00a0 En\u00a0 algunas comunidades este problema es may\u00fasculo, llevando a gran parte de la poblaci\u00f3n a sufrir padecimientos por muchos a\u00f1os o inclusive a la muerte. Queremos que la infraestructura de salud crezca y se especialice lo suficiente para atender esta crisis de manera urgente y prioritaria, sobre todo en aquellos municipios en donde la incidencia de la insuficiencia renal es particularmente preocupante.<\/p>\n<p><br \/><b><\/b><\/p>\n<p><b>C\u00e1ncer<\/b><\/p>\n<p>El c\u00e1ncer es una de las enfermedades que m\u00e1s personas fallecidas deja \u00a0 en \u00a0 Jalisco. \u00a0 El \u00a0 diagn\u00f3stico \u00a0 inoportuno \u00a0 de \u00a0 esta \u00a0 enfermedad acarrea un mal pron\u00f3stico para las y los pacientes que las padecen. Queremos fortalecer las estrategias para combatir la incidencia de casos de c\u00e1ncer, particularmente de mama, pr\u00f3stata y cervicouterino, que son los m\u00e1s comunes y mortales en el estado. Las pruebas de tamizaje salvan vidas y debemos garantizar que est\u00e9n disponibles para todas las personas, en todas partes. Adem\u00e1s, debemos ampliar las capacidades del estado de atender los casos de c\u00e1ncer avanzados.<\/p>\n<p><br \/><b><\/b><\/p>\n<p><b>Mortalidad por causas pretransicionales<\/b><\/p>\n<p>No pueden seguir muriendo ni\u00f1os de enfermedades diarreicas o infecciones respiratorias, ni las mujeres de causas relacionadas con el parto. Mientras que en los municipios m\u00e1s pr\u00f3speros del estado las tasas de mortalidad en estos rubros son bajas, los municipios con mayor marginaci\u00f3n \u2013sobre todo al norte del estado\u2013 siguen padeciendo de estos problemas. Es necesario contar con unidades m\u00e9dicas accesibles que cuenten con las condiciones para atender las complicaciones del parto: sala de tococirug\u00eda, banco de sangre funcional, un gineco-obstetra de turno las todos los d\u00edas del a\u00f1o, un buen sistema de referencia, y m\u00e1s.<\/p>\n<p><br \/><b><\/b><\/p>\n<p><b>VIH<\/b><\/p>\n<p>Todav\u00eda\u00a0 tenemos\u00a0 en\u00a0 Jalisco\u00a0 una situaci\u00f3n grave en t\u00e9rminos de VIH. Queremos fortalecer los esfuerzos de prevenci\u00f3n, sobre todo en las poblaciones m\u00e1s vulnerables. Adem\u00e1s es importante trabajar en la atenci\u00f3n a quienes portan el virus o padecen de SIDA.<\/p>\n<p><br \/><b><\/b><\/p>\n<p><b>Afecciones cardiovasculares<\/b><\/p>\n<p>Otro tema de vital importancia es la atenci\u00f3n a la salud cardiovascular y la prevenci\u00f3n de afecciones del tipo. Todav\u00eda en Jalisco \u00a0 tenemos \u00a0 una \u00a0 mortalidad \u00a0 muy \u00a0 elevada \u00a0 por \u00a0 enfermedades isqu\u00e9micas del coraz\u00f3n y tenemos que implementar estrategias para reducirla dr\u00e1sticamente.<\/p>\n<p><br \/><b><\/b><\/p>\n<p><b>Rehabilitaci\u00f3n<\/b><\/p>\n<p>Hay algunas enfermedades que obligan a las personas que las padecen a recibir cuidados una vez despu\u00e9s de curarse. Para garantizarlo, buscaremos que se generen los centros de rehabilitaci\u00f3n necesarios para ayudar a las personas a volver a tener una vida funcional despu\u00e9s de estos padecimientos.<\/p>\n<p><br \/><b><\/b><\/p>\n<p><b>Control de epidemias<\/b><\/p>\n<p>Jalisco\u00a0 ha\u00a0 sufrido\u00a0 por\u00a0 el\u00a0 torpe\u00a0 manejo\u00a0 de\u00a0 epidemias.\u00a0 La\u00a0 reciente crisis de dengue ha sido una demostraci\u00f3n de lo que puede ocurrir cuando las autoridades no cumplen eficazmente con sus responsabilidades en la materia. Buscaremos la asignaci\u00f3n presupuestal suficiente y procuraremos el manejo adecuado del mismo para que podamos prevenir epidemias y frenarlas cuando todav\u00eda est\u00e1n en sus inicios.<\/p>\n<p>\u00a0<\/p>\n<h5>Cultura<\/h5>\n<p>Las sociedades y comunidades est\u00e1n circunscritas en modos de entender y relacionarse con el mundo, en patrones de comportamiento y manifestaciones del lenguaje. La cultura es esa dimensi\u00f3n humana que se desprende de la interacci\u00f3n con las y los dem\u00e1s. Diversas y din\u00e1micas, nuestras identidades, ideas y comportamientos constituyen nuestra cultura. Es imprescindible, por lo tanto, que en nuestro posicionamiento pol\u00edtico dediquemos un espacio para la cultura. Estamos convencidos de que la vitalidad e importancia de las expresiones art\u00edsticas y culturales, que nos modelan colectivamente y nos permiten construir y reimaginar lo que somos. Apostamos por el reconocimiento de este papel que juega la cultura\u00a0 en\u00a0 las\u00a0 sociedades\u00a0 de\u00a0 Jalisco.\u00a0 Debemos\u00a0 asegurar\u00a0 el\u00a0 acceso\u00a0 a\u00a0 las manifestaciones culturales, en tanto que son un derecho para todas las personas. Necesitamos m\u00e1s espacios y m\u00e1s oportunidades para que las personas y colectivos se expresen.<b><\/b><\/p>\n<p><b>Arte<\/b><\/p>\n<p>El arte es una de las formas m\u00e1s concretas en las que se manifiesta la cultura. Un com\u00fan denominador en la historia de la humanidad y en todo grupo de personas. Valioso en s\u00ed mismo, debemos procurar que pueda ser ejercido y accesible para todos y todas. Debemos combatir a la desigualdad que impera en la producci\u00f3n, difusi\u00f3n y consumo del arte, ya que el arte pertenece a todas las personas, y sin embargo, existe una enorme brecha directamente relacionada con la desigualdad que impera en nuestro sistema de distribuci\u00f3n de recursos. Democratizar al arte significa democratizar nuestras identidades, y la capacidad de tomar espacios en el discurso de lo que somos.<\/p>\n<p><br \/><b><\/b><\/p>\n<p><b>Proteger y ampliar espacios culturales municipales<\/b><\/p>\n<p>Vamos por la creaci\u00f3n de m\u00e1s espacios municipales \u2013museos, teatros, casas de la cultura\u2013 que promuevan la cultura y que impulsen a los artistas locales. Creemos que este es un mecanismo \u00fatil para hacer frente a la desintegraci\u00f3n social y la inseguridad.<\/p>\n<p>Buscamos:<\/p>\n<ul>\n<li aria-level=\"1\">Fortalecer los espacios culturales de nuestro estado con presupuesto, en d\u00f3nde existen y deben de crearse en donde todav\u00eda no existen.\u00a0<\/li>\n<li aria-level=\"1\">Vigilancia seria y constante de la pol\u00edtica cultural.<\/li>\n<\/ul>\n<p><br \/><b><\/b><\/p>\n<p><b>Arte y artesan\u00eda<\/b><\/p>\n<p>El impulso al arte requiere necesariamente apoyar a las personas que dedican su vida a \u00e9l, ya sean artistas o artesanas y artesanos. Se debe legislar y gobernar asumiendo al arte como lo que es: una prioridad para el desarrollo de las comunidades y las personas que en ellas viven.<\/p>\n<p>Buscamos:<\/p>\n<ul>\n<li aria-level=\"1\">Revisar y exigir que se cumpla la normativa relativa al sector artesano, particularmente la Ley de Promoci\u00f3n y Desarrollo\u00a0 Artesanal\u00a0 del\u00a0 Estado\u00a0 de\u00a0 Jalisco.\u00a0<\/li>\n<li aria-level=\"1\">Extender la profesionalizaci\u00f3n del arte y la artesan\u00eda expresiones de la cultura, a trav\u00e9s de planteles estatales de ense\u00f1anza superior de disciplinas art\u00edsticas.\u00a0<\/li>\n<li aria-level=\"1\">Estimular la promoci\u00f3n de proyectos art\u00edsticos. Para ello, se puede generar una comisi\u00f3n de difusi\u00f3n cultural, dependiente de la Secretar\u00eda de Cultura.<\/li>\n<li aria-level=\"1\">Generar programas de apoyo, fomento a la creaci\u00f3n y difusi\u00f3n para las manifestaciones art\u00edsticas que nacen en los barrios.<\/li>\n<\/ul>\n<p><br \/><b><\/b><\/p>\n<p><b>Patrimonio cultural<\/b><\/p>\n<p>El legado hist\u00f3rico de nuestra cultura es imprescindible para entender de d\u00f3nde venimos y lo que fuimos. Reconocerlo nos permitir\u00e1 entrever los nuevos paradigmas que nos depare el futuro. Nuestro estado es rico en la diversidad de sus manifestaciones culturales, cada una de nuestras comunidades tiene expresiones \u00fanicas y es momento de darles el lugar que merecen. Parte del legado de nuestro estado son las y los innumerables artistas y l\u00edderes culturales que han modelado la imagen\u00a0 del\u00a0 Jalisco\u00a0 de\u00a0 hoy,\u00a0 con\u00a0 sus\u00a0 tintas,\u00a0 ingenios\u00a0 arquitectonicos, manifestaciones \u00a0 musicales, \u00a0 etc\u00e9tera. \u00a0 Jalisco \u00a0 es, \u00a0 hoy \u00a0 por \u00a0 hoy, \u00a0 un indiscutible coloso de la cultura a nivel global.<\/p>\n<p>Concebimos dos formas esenciales de patrimonio cultural: el material, palpable en los edificios y esculturas de nuestro estado, y el intangible, que se manifiesta en los modos de vida y expresiones literarias y musicales.<br \/><b><\/b><\/p>\n<p><b>Reconocimiento institucional<\/b><\/p>\n<p>El primer paso para valorar el patrimonio cultural de nuestro estado es dotarle del reconocimiento que merece, y que \u00e9ste no sea s\u00f3lo discursivo, sino que implique las medidas institucionales necesarias para promover y detonar el potencial de dichas expresiones en sus comunidades. Es importante generar una pol\u00edtica p\u00fablica de patrimonio que permita conjuntar esfuerzos entre instituciones y municipios.<\/p>\n<p>Buscamos:<\/p>\n<ul>\n<li aria-level=\"1\">Crear una legislaci\u00f3n clara y unificada en el sector de patrimonio material e inmaterial, para as\u00ed poder actuar y defenderlos ante la intromisi\u00f3n de intereses particulares que le ponen en riesgo.<\/li>\n<li aria-level=\"1\">Promover la difusi\u00f3n y reconocimiento del mariachi y otras tradiciones musicales populares.\u00a0<\/li>\n<li aria-level=\"1\">Proteger la denominaci\u00f3n de origen del tequila y promover el reconocimiento del valor de la industria tequilera y el paisaje agavero como elemento caracter\u00edstico fundamental de la cultura jalisciense.<\/li>\n<li aria-level=\"1\">Celebrar la riqueza gastron\u00f3mica de Jalisco a trav\u00e9s de eventos como ferias gastron\u00f3micas y de una difusi\u00f3n constante.<\/li>\n<li aria-level=\"1\">Impulsar la difusi\u00f3n y el cuidado de las <b>zonas arqueol\u00f3gicas <\/b>que hay en en el estado.<\/li>\n<\/ul>\n<p><br \/><b><\/b><\/p>\n<p><b>Rendici\u00f3n de cuentas<\/b><\/p>\n<p>Para que el patrimonio cultural se convierta en un verdadero motor del desarrollo y construcci\u00f3n de comunidad en nuestro estado es necesario que cada uno de los proyectos emprendidos sea claro, transparente y responda al inter\u00e9s colectivo. Debemos gestionar de manera m\u00e1s eficiente los recursos destinados a proyectos de patrimonio y cultura popular. El presupuesto destinado a patrimonio cultural es poco, por lo que es urgente que cada inversi\u00f3n sea aprovechada de la mejor manera, y sin corrupci\u00f3n de por medio.<\/p>\n<p><br \/><b><\/b><\/p>\n<ul>\n<li><b>Mercado<\/b><b> cultural<\/b><\/li>\n<\/ul>\n<p>Adem\u00e1s de la construcci\u00f3n de identidades, el capital cultural puede ser aprovechado para mejorar la calidad de vida de las personas, y convertirse en una fuente de empleo y subsistencia. Tenemos que catalizar el potencial que trae consigo nuestra diversidad cultural para brindar bienestar a las comunidades.<\/p>\n<p><br \/><b><\/b><\/p>\n<p><b>Vinculaci\u00f3n con el sector econ\u00f3mico<\/b><\/p>\n<p>Los proyectos culturales emprendidos deben de servirse del sector econ\u00f3mico para detonar sus posibilidades m\u00e1ximas. As\u00ed, la cultura se convertir\u00e1 en una oportunidad para las comunidades y podr\u00e1n mejorar su calidad de vida. Proponemos una <b>una visi\u00f3n interdisciplinar<\/b>, que vincule al sector econ\u00f3mico para aprovechar al m\u00e1ximo los proyectos y pol\u00edticas p\u00fablicas culturales.<\/p>\n<p><br \/><b><\/b><\/p>\n<p><b>Industrias creativas y culturales<\/b><\/p>\n<p>Las industrias creativas y culturales son una \u00e1rea estrat\u00e9gica para denotar crecimiento econ\u00f3mico y expandir la oferta cultural en nuestro estado. Debemos alentarlas y generar incentivos para su creaci\u00f3n y subsistencia. Con los esfuerzos bien dirigidos, podemos hacer\u00a0 de\u00a0 Jalisco\u00a0 un\u00a0 l\u00edder\u00a0 nacional\u00a0 e\u00a0 internacional\u00a0 de\u00a0 las\u00a0 industrias culturales creativas y culturales<\/p>\n<p>Buscamos:<\/p>\n<ul>\n<li aria-level=\"1\">Fortalecer estas industrias a trav\u00e9s de incentivos fiscales condicionados a capacitaciones profesionales.\u00a0<\/li>\n<\/ul>\n<p><br \/><b><\/b><\/p>\n<ul>\n<li><b>Desarrollo cultural comunitario<\/b><\/li>\n<\/ul>\n<p>Es en la interacci\u00f3n comunitaria en donde reside la esencia irrenunciable de la cultura. Los proyectos y programas que son construidos desde abajo ayudan a fortalecer las comunidades y sus sentidos de pertenencia, a la par de alentar la resiliencia y la deliberaci\u00f3n colectiva<\/p>\n<p><br \/><b><\/b><\/p>\n<p><b>Horizontalidad<\/b><\/p>\n<p>Creemos en la horizontalidad como el mejor m\u00e9todo para la construcci\u00f3n e implementaci\u00f3n de ideas, y en el desarrollo cultural comunitario debe de ser implementada como la t\u00e9cnica predilecta.<\/p>\n<p>Buscamos:<\/p>\n<ul>\n<li aria-level=\"1\">La creaci\u00f3n de una red para la construcci\u00f3n de programas, pol\u00edticas y proyectos culturales, a nivel estatal, municipal o incluso barrialmente.\u00a0<\/li>\n<li>La creaci\u00f3n de espacios deliberativos vinculados a la designaci\u00f3n de presupuesto para el dise\u00f1o e implementaci\u00f3n de dichos proyectos.<\/li>\n<\/ul>\n<p>\u00a0<\/p>\n\t\t\t\t\t\t\t\t\t\t\t\t<a href=\"\">\u2022 Finanzas y Obra P\u00fablica<\/a>\n\t\t\t\t\t<h5>Impuestos<\/h5>\n<p>Los impuestos son una herramienta indispensable del Estado para cumplir sus funciones en la garant\u00eda de derechos y la creaci\u00f3n de condiciones de desarrollo. Adem\u00e1s, son un mecanismo \u00fatil para revertir la desigualdad y construir una sociedad m\u00e1s justa. Existe el problema de que los niveles de recaudaci\u00f3n son muy bajos, por lo que debemos dise\u00f1ar estrategias para aumentar los ingresos del Estado.<\/p>\n<p>M\u00e9xico es un pa\u00eds tremendamente centralista en t\u00e9rminos fiscales, por lo que existen limitaciones fuertes a las capacidades de recaudaci\u00f3n de los estados. As\u00ed, las arcas de los estados y los municipios son muy menores y se depende en gran medida de los recursos provenientes de la Federaci\u00f3n para cumplir con las responsabilidades del estado. Es importante que estados y municipios puedan tener m\u00e1s ingresos propios y esa es una batalla que hay que librar a nivel federal y en la que Futuro participar\u00e1 en la medida de sus posibilidades.<\/p>\n<p><br \/><b><\/b><\/p>\n<h5>Reforma<b> fiscal<\/b><\/h5>\n<p>Teniendo lo anterior en mente, es fundamental que apoyemos una reforma fiscal que tenga como objetivos primordiales combatir la desigualdad y mejorar las finanzas del aparato estatal. Hay un esfuerzo que debe darse en la esfera federal, en la cual Futuro buscar\u00e1 incidir activamente, pero hay pasos que pueden tomarse en lo estatal en los que queremos ser decididas y decididos.<\/p>\n<p>Buscamos:<\/p>\n<p>Que los impuestos deban ser preeminentemente progresivos, es decir, que afecten menos a quienes menos tienen.\u00a0<\/p>\n<p>Impulsar el debate sobre el esquema actual de recaudaci\u00f3n, para que estados y municipios tengan mayor autonom\u00eda en el ejercicio de sus recursos<\/p>\n<p>Que el pago de impuestos sea lo m\u00e1s sencillo posible, as\u00ed como mejorar la eficacia en la recaudaci\u00f3n de impuestos locales.\u00a0<\/p>\n<p>Que las multas y sanciones tengan un enfoque preventivo y correctivo, no recaudatorio.<\/p>\n<p>Limitar las condonaciones fiscales y procurar que los sectores m\u00e1s poderosos econ\u00f3micos proporcionen lo justo de acuerdo a sus posibilidades.<\/p>\n<p>Asegurar que los impuestos estatales sean cubiertos en su totalidad\u00a0 por\u00a0 los\u00a0 sujetos obligados al pago de sus contribuciones.<\/p>\n<p>Mejorar la recaudaci\u00f3n fiscal mediante esquemas de pago en cuotas para que pagar impuestos sea accesible.<\/p>\n<p>Impulsar un programa de educaci\u00f3n c\u00edvica-tributaria para que todas y todos entendamos la importancia de cumplir con el pago de nuestras obligaciones fiscales, as\u00ed como la forma de cumplir con esta responsabilidad.<\/p>\n<p>\u00a0<\/p>\n<p>Claridad en el destino de los impuestos, es decir, que haya certidumbre sobre la direcci\u00f3n a la que se destinan los impuestos, una forma es etiquet\u00e1ndolos.<\/p>\n\t\t\t\t\t\t\t\t\t\t\t\t<a href=\"\">\u2022 Transparencia, Rendici\u00f3n de Cuentas y Combate a la Corrupci\u00f3n<\/a>\n\t\t\t\t\t<h5>Estado abierto<\/h5>\n<p>Queremos abrir ampliamente las puertas del Estado para que las personas comunes puedan entrar a \u00e9l. Para esto es indispensable que instrumentemos mecanismos de comunicaci\u00f3n entre las personas y los poderes. Debemos garantizar que la informaci\u00f3n y las herramientas de participaci\u00f3n sean verdaderamente accesibles para todos y todas, generando a la vez esfuerzos de pedagog\u00eda pol\u00edtica que permitan a la poblaci\u00f3n tomar partido en las cuestiones que le competen a todo Jalisco.<b><\/b><\/p>\n<ul>\n<li aria-level=\"4\"><b>Ejercicios de interacci\u00f3n con las personas<\/b><\/li>\n<\/ul>\n<p>Buscamos crear mayor interacci\u00f3n de correlaci\u00f3n entre los y las tomadoras de decisiones y las personas. Para ello es necesario implementar medidas y mecanismos que acorten la distancia que se cierne entre tales, como espacios de interacci\u00f3n y claridad en los perfiles pol\u00edticos.<\/p>\n<p>Buscamos:<\/p>\n<ul>\n<li aria-level=\"1\">Generar espacios para que existan encuentros con y entre las personas en los que se difunda informaci\u00f3n p\u00fablica y se debata al respecto.\u00a0<\/li>\n<li aria-level=\"1\">Fomentar que las personas conozcan el patrimonio de las y los candidatos a cargos de elecci\u00f3n popular mediante su declaraci\u00f3n 3 de 3 \u2013patrimonial, fiscal y de intereses\u2013 de forma p\u00fablica y accesible para poder ser consultado por las personas.\u00a0<\/li>\n<li aria-level=\"1\">Abrir el Presupuesto de Egresos para conocer el razonamiento de la distribuci\u00f3n del gasto y que las modificaciones al mismo sean transparentes y no manejadas en opacidad desde los intereses de la clase pol\u00edtica.<\/li>\n<\/ul>\n<ul>\n<li aria-level=\"4\"><b>Informaci\u00f3n y comunicaci\u00f3n<\/b><\/li>\n<\/ul>\n<p>Para que la sociedad participe y vigile la actuaci\u00f3n de quienes ejercen la administraci\u00f3n p\u00fablica es necesario reforzar la informaci\u00f3n acerca de sus actividades, y hacerla accesible para las personas comunes.<\/p>\n<p>Buscamos:<\/p>\n<ul>\n<li aria-level=\"1\">Garantizar la autonom\u00eda del Instituto de Transparencia e Informaci\u00f3n P\u00fablica de Jalisco (ITEI) y fortalecerlo.<\/li>\n<li aria-level=\"1\">Facilitar el acceso a la informaci\u00f3n de transparencia, bajo la modalidad de datos abiertos.<\/li>\n<li aria-level=\"1\">Impulsar en los medios de comunicaci\u00f3n p\u00fablicos y del estado, consejos consultivos de audiencias con ciudadanos que hagan recomendaciones.\u00a0<\/li>\n<li aria-level=\"1\">Cortar de tajo el chayote, queremos que la relaci\u00f3n medios-pol\u00edtica \u2013incluyendo en la medida de lo posible las redes sociales\u2013 deje de estar influida por el dinero.\u00a0<\/li>\n<li aria-level=\"1\">Proteger y reconocer a las y los periodistas que generan informaci\u00f3n para las personas de Jalisco.\u00a0<\/li>\n<li aria-level=\"1\">Que la educaci\u00f3n est\u00e9 orientada hacia el ejercicio del derecho a la informaci\u00f3n y la distinci\u00f3n entre noticias, opini\u00f3n y propaganda.<\/li>\n<li aria-level=\"1\">Diversificar los medios de contacto entre gobernantes y gobernados. Acercar el gobierno a la gente de acuerdo a los usos y costumbres de cada comunidad.<\/li>\n<\/ul>\n<p><br \/><b><\/b><\/p>\n<ul>\n<li><b>Gobierno digital<\/b><\/li>\n<\/ul>\n<p>Queremos hacer uso de la tecnolog\u00eda para habilitar la participaci\u00f3n de las personas y hacer accesible la informaci\u00f3n p\u00fablica. A pesar de que ya existen esfuerzos por hacerlo, creemos que no han ido lo suficientemente lejos y que todav\u00eda queda mucho campo para la innovaci\u00f3n. Buscaremos vincularnos con comunidades, academia y empresas dedicadas al desarrollo tecnol\u00f3gico para dise\u00f1ar e implementar infraestructura p\u00fablica digital que permita mejorar la administraci\u00f3n gubernamental y la participaci\u00f3n ciudadana sobre los recursos e intereses p\u00fablicos.\u00a0<\/p>\n<p>Buscamos:<\/p>\n<ul>\n<li style=\"list-style-type: none;\">\n<ul>\n<li style=\"list-style-type: none;\">\n<ul>\n<li aria-level=\"1\">Impulsar pol\u00edticas p\u00fablicas e iniciativas de ley que fortalezcan la agenda de gobierno abierto en Jalisco, para as\u00ed profundizar el impacto de ejercicios y plataformas de transparencia, participaci\u00f3n y colaboraci\u00f3n que pongan el involucramiento de las personas al centro.<\/li>\n<li aria-level=\"1\">Fomentar la adopci\u00f3n de herramientas de software libre al interior de la administraci\u00f3n p\u00fablica y en los servicios gubernamentales ofrecidos en l\u00ednea, que defiendan la soberan\u00eda digital de las instituciones, as\u00ed como la privacidad y los derechos digitales de la ciudadan\u00eda.<\/li>\n<li aria-level=\"1\">Fortalecer la pol\u00edtica de datos abiertos del estado de Jalisco, que pueda servir como un motor para el desarrollo cient\u00edfico, el dise\u00f1o de pol\u00edticas p\u00fablicas, la educaci\u00f3n y el impulso de nuevos modelos de negocio.<\/li>\n<\/ul>\n<\/li>\n<\/ul>\n<\/li>\n<\/ul>\n<p>\u00a0<\/p>\n<ul>\n<li><b>Plataformas amigables<\/b><\/li>\n<\/ul>\n<p>Queremos formalizar e institucionalizar la creaci\u00f3n de plataformas digitales amigables, \u00fatiles e incluyentes, que puedan acercar los servicios gubernamentales a las personas y proveerles nuevas v\u00edas para participar en los asuntos p\u00fablicos en su vida cotidiana.<\/p>\n<p>Buscamos:<\/p>\n<ul>\n<li aria-level=\"1\">Dise\u00f1ar, implementar y socializar servicios digitales eficientes y plataformas de participaci\u00f3n ciudadana que faciliten su acceso e involucren a la ciudadan\u00eda en el quehacer gubernamental diario bajo modelos de co-creaci\u00f3n, colaboraci\u00f3n e innovaci\u00f3n abierta, desde una perspectiva que ponga la usabilidad e inclusi\u00f3n al centro.<\/li>\n<li aria-level=\"3\"><b>Combate a la corrupci\u00f3n<\/b><br \/>La corrupci\u00f3n nos cobra gran parte de nuestros recursos y compromete la posibilidad de tener una sociedad justa, libre y segura. Debemos reconocer que la corrupci\u00f3n es es un problema sist\u00e9mico ya que no s\u00f3lo involucra el desv\u00edo de recursos, tambi\u00e9n influye en c\u00f3mo se invierte el dinero de las personas y las pol\u00edticas que se siguen en el estado. Asumimos el reto de transformar la l\u00f3gica del servicio p\u00fablico y emplear mecanismos innovadores y que desaf\u00eden la l\u00f3gica de la corrupci\u00f3n como parte de la pol\u00edtica.<\/li>\n<\/ul>\n<p><br \/><b><\/b><\/p>\n<ul>\n<li><b>Sistema estatal anticorrupci\u00f3n<\/b><\/li>\n<\/ul>\n<p>Uno de los esfuerzos m\u00e1s importantes en la materia es el Sistema Estatal Anticorrupci\u00f3n, dise\u00f1ado para hacer frente a la depredaci\u00f3n de lo p\u00fablico. Creemos que este esfuerzo es valioso y que debe ser fortalecido para lograr su correcto funcionamiento. Empujaremos para que se convierta en la instancia que tanto necesitamos para revertir la corrupci\u00f3n que corroe nuestro sistema pol\u00edtico.<\/p>\n<p>Buscamos:<\/p>\n<ul>\n<li style=\"list-style-type: none;\">\n<ul>\n<li style=\"list-style-type: none;\">\n<ul>\n<li aria-level=\"1\">Que el Sistema Estatal Anticorrupci\u00f3n rinda cuentas de forma recurrente y clara para poder evaluar su funcionamiento.<\/li>\n<li aria-level=\"1\">Vigilar que se garantice el presupuesto suficiente al Sistema Estatal Anticorrupci\u00f3n, poniendo especial atenci\u00f3n en la Fiscal\u00eda Especializada en Combate a la Corrupci\u00f3n y el Comit\u00e9 de Participaci\u00f3n Social.<\/li>\n<li aria-level=\"1\">Que se atiendan todos y cada uno de los <b>se\u00f1alamientos <\/b>que hace el Observatorio Permanente del Sistema Estatal Anticorrupci\u00f3n.<\/li>\n<\/ul>\n<\/li>\n<\/ul>\n<\/li>\n<\/ul>\n<p><br \/><b><\/b><\/p>\n<ul>\n<li><b>Designaciones<\/b><\/li>\n<\/ul>\n<p>Actualmente, las designaciones se dan bajo la l\u00f3gica de los compadrazgos y no con base en la idoneidad de los perfiles. Esto desemboca en nombramientos poco deseables y que ponen en riesgo el cumplimiento de las responsabilidades del Estado. Queremos que los nombramientos p\u00fablicos se lleven a cabo con base en el m\u00e9rito personal y la capacidad profesional, y se conduzcan de acuerdo con los principios de gobierno y parlamento abierto.<\/p>\n<p>Buscamos:<\/p>\n<ul>\n<li style=\"list-style-type: none;\">\n<ul>\n<li style=\"list-style-type: none;\">\n<ul>\n<li aria-level=\"1\">Transparentar las designaciones de\u00a0 los\u00a0 funcionarios con una Ley de designaciones p\u00fablicas que contemple un proceso de convocatorias, concursos, foros y transparencia en el proceso de selecci\u00f3n.\u00a0<\/li>\n<li aria-level=\"1\">Implementar el servicio profesional de carrera en las dependencias gubernamentales y organismos p\u00fablicos descentralizados de nuestro estado.<\/li>\n<li aria-level=\"1\">Fiscalizar los procesos de designaci\u00f3n.<\/li>\n<li aria-level=\"1\">Modificar\u00a0 la\u00a0 Ley\u00a0 Org\u00e1nica\u00a0 del\u00a0 Poder\u00a0 Legislativo\u00a0 de\u00a0 Jalisco\u00a0 para asegurar que las designaciones que se realicen sean abiertas, con metodolog\u00eda y criterios claros y con razonamiento p\u00fablico de las designaciones.<\/li>\n<\/ul>\n<\/li>\n<\/ul>\n<\/li>\n<\/ul>\n<p><br \/><b><\/b><\/p>\n<ul>\n<li><b>Adquisiciones<\/b><\/li>\n<\/ul>\n<p>Las formas m\u00e1s comunes de corrupci\u00f3n y de tr\u00e1fico de influencias suceden durante los procesos de adquisici\u00f3n de materiales e insumos necesarios para brindar bienes y servicios p\u00fablicos. Queremos fortalecer el marco legal que regula el sistema de compras y contrataciones p\u00fablicas para que las adjudicaciones directas, licitaciones, contrataciones y dem\u00e1s no sean figuras discrecionales que otorgan dinero p\u00fablico a los \u201cproveedores cuates\u201d de la clase pol\u00edtica. Buscaremos que las micro, peque\u00f1as y medianas empresas puedan acercarse a las licitaciones gubernamentales para promover el fortalecimiento de la econom\u00eda local.<\/p>\n<p>Buscamos:<\/p>\n<ul>\n<li style=\"list-style-type: none;\">\n<ul>\n<li style=\"list-style-type: none;\">\n<ul>\n<li aria-level=\"1\">Regular y limitar el uso de adjudicaciones directas para que se realicen solo en casos de emergencias o donde no exista otra alternativa.<\/li>\n<li aria-level=\"1\">Transparentar en tiempo real los procesos de contrataciones, licitaciones, pasivos y adquisiciones del gobierno local para llevar un control m\u00e1s eficaz.<\/li>\n<li aria-level=\"1\">Democratizar los procesos de adquisiciones, lo que incluye una revisi\u00f3n profunda de la Nueva Ley de Compras Gubernamentales, Enajenaciones y Contrataci\u00f3n de Servicios.<\/li>\n<\/ul>\n<\/li>\n<\/ul>\n<\/li>\n<\/ul>\n<p><br \/><b><\/b><\/p>\n<ul>\n<li><b>\u00d3rganos internos de control<\/b><\/li>\n<\/ul>\n<p>Los \u00f3rganos internos de control son instancias de gran importancia para mantener vigilancia sobre el correcto uso de los recursos p\u00fablicos. Lamentablemente, muchas veces estos \u00f3rganos est\u00e1n olvidados o intencionalmente son debilitados por la clase pol\u00edtica. Buscaremos otorgarles el presupuesto suficiente y las capacidades para cumplir con su cometido. Tambi\u00e9n, queremos promover que sean ocupados por perfiles con m\u00e9ritos, que presenten constantemente resultados medibles y que procuren la permanencia de quienes los integran.<\/p>\n<p>\u00a0<\/p>\n\t\t\t\t\t\t\t\t\t\t\t\t<a href=\"\">\u2022 Infraestructura y Gasto P\u00fablico<\/a>\n\t\t\t\t\t<h5><b>Desarrollo urbano<\/b><\/h5>\n<p>Ante las l\u00f3gicas del desplazamiento, marginaci\u00f3n sistematizada y desigualdad es necesario repensar nuestro modelo de desarrollo urbano. Concebimos fundamental un modelo que priorice ante todo la sustentabilidad, la compacidad, la diversidad y la conectividad. So\u00f1amos con ciudades y pueblos m\u00e1s seguros, sanos y justos. El dise\u00f1o de nuestros pueblos y ciudades debe de estar orientado a la disminuci\u00f3n de las desigualdades sociales y a la producci\u00f3n de bienes y servicios comunitarios m\u00e1s funcionales y accesibles para todas las personas.<br \/><b><\/b><\/p>\n<ul>\n<li aria-level=\"4\">\n<p><b>Desarrollo urbano territorial<\/b><\/p>\n<\/li>\n<\/ul>\n<p>Un punto crucial para todo esfuerzo de desarrollo urbano es pensar en la mancha urbana relacionada con el territorio en el cual est\u00e1 inserto. El modelo de crecimiento urbano desordenado imperante hasta la fecha ha depredado irresponsablemente a la naturaleza, adem\u00e1s de que ha propiciado la continuaci\u00f3n de la desigualdad social a trav\u00e9s de la segregaci\u00f3n espacial. Esto puede ser evitado con una visi\u00f3n t\u00e9cnica comprometida con la producci\u00f3n de centros de poblaci\u00f3n m\u00e1s justos y sustentables.<\/p>\n<p>Buscamos:<\/p>\n<ul>\n<li aria-level=\"1\">La elaboraci\u00f3n de planes de desarrollo urbano municipales orientados a la realizaci\u00f3n de la nueva agenda urbana en todos los centros poblacionales del estado.\u00a0<\/li>\n<\/ul>\n<ul>\n<li aria-level=\"1\">En el caso del \u00c1rea Metropolitana de Guadalajara, se debe generar un Plan metropolitano de desarrollo urbano distinto a los esfuerzos existentes\u00a0 actuales, que evidentemente no han rendido frutos.\u00a0<\/li>\n<\/ul>\n<ul>\n<li aria-level=\"1\">Para su correcto funcionamiento, \u200bel IMEPLAN (Instituto Metropolitano de Planeacio\u0301n) \u200bdebe de ser ajeno a intereses partidistas y multisectorial, con perfiles t\u00e9cnicos y profesionales, que trasciendan a las administraciones cambiantes, sus l\u00edmites temporales y territoriales.\u00a0<\/li>\n<\/ul>\n<ul>\n<li style=\"list-style-type: none;\">\n<ul>\n<li aria-level=\"1\">Promover colaboraciones intermunicipales y simplificar el camino burocr\u00e1tico.\u00a0<\/li>\n<li aria-level=\"1\">Cuidar que el desarrollo y el disen\u0303o urbano cumplan con criterios de perspectiva de ge\u0301nero.<\/li>\n<\/ul>\n<\/li>\n<\/ul>\n<ul>\n<li aria-level=\"1\">\n<p><b>Revisi\u00f3n del gasto p\u00fablico<\/b><\/p>\n<\/li>\n<\/ul>\n<p>Sumado a lo anterior, iniciaremos procesos de revisi\u00f3n y auditor\u00eda del uso de los recursos de las personas de Jalisco, enfoc\u00e1ndonos en que estos sean utilizados con transparencia y eficiencia, dando prioridad a proyectos y programas que promuevan proyectos locales, de garant\u00eda de derechos humanos y de integraci\u00f3n de nuestra comunidad.<\/p>\n<h5>\u00d3rganos internos de control<\/h5>\n<p>Los \u00f3rganos internos de control son instancias de gran importancia para mantener vigilancia sobre el correcto uso de los recursos p\u00fablicos. Lamentablemente, muchas veces estos \u00f3rganos est\u00e1n olvidados o intencionalmente son debilitados por la clase pol\u00edtica. Buscaremos otorgarles el presupuesto suficiente y las capacidades para cumplir con su cometido. Tambi\u00e9n, queremos promover que sean ocupados por perfiles con m\u00e9ritos, que presenten constantemente resultados medibles y que procuren la permanencia de quienes los integran.<\/p>\n<p>*P\u00e1ginas 9 a la 10, 65, 70<\/p>\n\t\t\t\t\t\t\t\t\t\t\t\t<a href=\"\">\u2022 Derechos Humanos<\/a>\n\t\t\t\t\t<h5><b>Respeto y protecci\u00f3n de Derechos Humanos<\/b><\/h5>\n<p>La perspectiva de derechos humanos es un elemento irrenunciable del Partido, presente en la totalidad de este programa. El medio ambiente, la participaci\u00f3n pol\u00edtica, el acceso a servicios de salud, todo tiene una relaci\u00f3n directa e indisoluble con los derechos humanos. Sin embargo, es pertinente dedicar un apartado a tocar el tema por s\u00ed mismo, puesto que hay una serie de tareas pendientes en la materia que deben ser atendidas.<b><\/b><\/p>\n<ul>\n<li style=\"list-style-type: none;\">\n<ul>\n<li><b>Armonizaci\u00f3n en materia de Derechos Humanos<\/b><\/li>\n<\/ul>\n<\/li>\n<\/ul>\n<p>La reforma de junio de 2011 en materia de Derechos Humanos tiene una serie de implicaciones positivas para la totalidad del marco normativo mexicano. Esta reforma debi\u00f3 desencadenar una serie de armonizaciones en cascada que no han ocurrido, o por lo menos no todas las necesarias. Abanderar la perspectiva de Derechos Humanos implica asumir el compromiso de llevarla a todas las partes que integran el derecho jalisciense. Buscaremos que todas las leyes y reglamentos sean armonizados con dicha reforma y con el PIDESC.<\/p>\n<ul>\n<li style=\"list-style-type: none;\">\n<ul>\n<li><b>Fortalecer la Comisi\u00f3n Estatal de los Derechos Humanos<\/b><\/li>\n<\/ul>\n<\/li>\n<\/ul>\n<p>La Comisi\u00f3n Estatal de los Derechos Humanos es el m\u00e1ximo \u00f3rgano encargado de velar por la protecci\u00f3n de los derechos humanos en Jalisco. Es una instancia crucial para la vida p\u00fablica del estado, pero que ha sido relegada sistem\u00e1ticamente, volvi\u00e9ndola poco eficaz. Queremos cambiar eso.<\/p>\n<p>Buscamos:<\/p>\n<ul>\n<li style=\"list-style-type: none;\">\n<ul>\n<li style=\"list-style-type: none;\">\n<ul>\n<li>Dotar a la Comisi\u00f3n Estatal de los Derechos Humanos la facultad de sancionar administrativamente a instituciones y emitir recomendaciones vinculantes.<\/li>\n<li>Poner atenci\u00f3n en el nombramiento de la o\u00a0 el\u00a0 <i>ombudsperson<\/i>,<\/li>\n<li>Dar seguimiento a las instancias referidas por la CEDHJ, para verificar que est\u00e9n acatando las recomendaciones, y ejerceremos presi\u00f3n para que as\u00ed sea.<\/li>\n<li>Todo lo anterior deber\u00e1 estar acompa\u00f1ado de la asignaci\u00f3n de <b>presupuesto \u00a0suficiente <\/b>para que la CEDHJ cumpla con sus responsabilidades.<\/li>\n<\/ul>\n<\/li>\n<\/ul>\n<\/li>\n<\/ul>\n<p>\u00a0<\/p>\n<ul>\n<li style=\"list-style-type: none;\">\n<ul>\n<li><b>Combate a la discriminaci\u00f3n<\/b><\/li>\n<\/ul>\n<\/li>\n<\/ul>\n<p>En\u00a0 Jalisco\u00a0 sigue\u00a0 siendo\u00a0 frecuente\u00a0 la discriminaci\u00f3n por una serie de motivos, todos igualmente inadmisibles. Si, como afirmamos, todos los derechos son para todas las personas, tenemos que hacer un esfuerzo grande para hacer de esa afirmaci\u00f3n una realidad.<\/p>\n<p>Buscamos:<\/p>\n<ul>\n<li style=\"list-style-type: none;\">\n<ul>\n<li>Asegurar que el Consejo para Prevenir y Eliminar la Discriminaci\u00f3n en el Estado de Jalisco tenga las capacidades suficientes para disminuir los casos de discriminaci\u00f3n.\u00a0<\/li>\n<li aria-level=\"1\">Impulsar a que haya esfuerzos de capacitaci\u00f3n y sensibilizaci\u00f3n en perspectiva de g\u00e9nero y derechos humanos constante al funcionariado de todos los niveles y poderes.\u00a0<\/li>\n<\/ul>\n<\/li>\n<\/ul>\n<p>\u00a0<\/p>\n<h5>Grupos vulnerables<\/h5>\n<p>Todos los derechos son para todas las personas, y hay poblaciones que hist\u00f3ricamente han sufrido de distintas formas de violencia que las ponen en una situaci\u00f3n de vulnerabilidad particular. No existe justicia posible sin responder a dichas poblaciones, y requerimos implementar medidas espec\u00edficas de atenci\u00f3n para combatir las injusticias hist\u00f3ricas y contextuales de las que son blanco. Desde Futuro asumimos el compromiso de acompa\u00f1ar y sumar esfuerzos con las luchas, que con firmeza y responsabilidad nos han demostrado que un futuro distinto es posible. Llegaremos hasta la \u00faltima de las instancias posibles en las que podamos\u00a0 incidir\u00a0 para\u00a0 hacer\u00a0 de\u00a0 Jalisco\u00a0 un\u00a0 estado\u00a0 justo\u00a0 con\u00a0 todas\u00a0 las personas y grupos. Concebimos a la vulnerabilidad como la dificultad de respuesta social e institucional con la que se encuentra una persona en el desarrollo de su vida plena y libre.<\/p>\n<p>\u00a0<\/p>\n<ul>\n<li style=\"list-style-type: none;\">\n<ul>\n<li aria-level=\"3\"><b>Personas de la tercera edad<\/b><\/li>\n<\/ul>\n<\/li>\n<\/ul>\n<p>El presente es el legado del trabajo y esfuerzo de todas las personas que hoy se encuentran en la tercera edad. Sin embargo, estamos inmersos en un modelo que desconoce la dignidad de las personas que hoy se encuentran en esa etapa de sus vidas. El abandono y olvido pone a las personas de la tercera edad en una situaci\u00f3n de vulnerabilidad espec\u00edfica que requiere ser atendida.<b><\/b><\/p>\n<ul>\n<li><b>Dignidad<\/b><\/li>\n<\/ul>\n<p>Todas las personas merecemos vivir en condiciones de dignidad en todas las etapas de nuestra vida, y debemos asegurar que as\u00ed sea para aquellas que transitan la vejez. Esto nos compromete a modificar nuestras instituciones y sus procesos, as\u00ed como ampliar los programas focalizados a esa poblaci\u00f3n.<\/p>\n<p>Buscamos:<\/p>\n<ul>\n<li style=\"list-style-type: none;\">\n<ul>\n<li style=\"list-style-type: none;\">\n<ol>\n<li aria-level=\"1\">Mediante una campa\u00f1a de sensibilizaci\u00f3n, fortalecer el sentimiento de responsabilidad que le debemos a las personas de la tercera edad.<\/li>\n<li aria-level=\"1\">Programas de ayuda focalizados, que pueden ser cruciales para mantener en condiciones dignas a todos los miembros del hogar.<\/li>\n<li aria-level=\"1\">Asilos p\u00fablicos y verdaderamente dignos, para que ninguna persona se quede sola y sin ayuda.<\/li>\n<li aria-level=\"1\">Una burocracia sensible a las condiciones de vida de las personas de la tercera edad.<\/li>\n<\/ol>\n<\/li>\n<\/ul>\n<\/li>\n<\/ul>\n<p><br \/><b><\/b><\/p>\n<ul>\n<li><b>Personas en situaci\u00f3n de calle<\/b><\/li>\n<\/ul>\n<p>Uno de los grupos m\u00e1s vulnerables de nuestras sociedades son aquellas personas que, por una raz\u00f3n u otra, se encuentran desprovistos de una vivienda. Dicha condici\u00f3n se asocia con otros factores de vulnerabilidad que atraviesa a los derechos humanos m\u00e1s b\u00e1sicos. Ninguna persona debe quedarse atr\u00e1s, y por ello debemos trabajar para mejorar las condiciones de vida de las personas en situaci\u00f3n de calle.<\/p>\n<p><br \/><b><\/b><\/p>\n<ul>\n<li style=\"list-style-type: none;\">\n<ul>\n<li style=\"list-style-type: none;\">\n<ul>\n<li aria-level=\"4\"><b>Derechos b\u00e1sicos<\/b><\/li>\n<\/ul>\n<\/li>\n<\/ul>\n<\/li>\n<\/ul>\n<p>Los derechos humanos no son condicionales, por eso debemos asegurar que sean una realidad para todos, sin importar su condici\u00f3n de vida. Esto nos encomienda a tomar medidas diferenciadas y sensibles a la situaci\u00f3n de las personas que no cuentan con vivienda.<\/p>\n<p>\u00a0<\/p>\n<p>Buscamos:<\/p>\n<ul>\n<li style=\"list-style-type: none;\">\n<ul>\n<li style=\"list-style-type: none;\">\n<ul>\n<li aria-level=\"1\">Para aquellos que llevan muchos a\u00f1os sin vivienda, identificar a la poblaci\u00f3n desprovista de su derecho a la identidad, para la posterior implementaci\u00f3n de un protocolo de atenci\u00f3n.\u00a0<\/li>\n<li aria-level=\"1\">Apoyar a que los albergues p\u00fablicos y de la sociedad civil organizada cuenten con presupuesto suficiente y las condiciones para que sean espacios seguros y dignos para las personas que los requieran.\u00a0<\/li>\n<li aria-level=\"1\">Atender a las personas en situaci\u00f3n de calle, para que sus derechos de salud y educaci\u00f3n no sean negados.<\/li>\n<\/ul>\n<\/li>\n<\/ul>\n<\/li>\n<\/ul>\n<p><br \/><b><\/b><\/p>\n<ul>\n<li style=\"list-style-type: none;\">\n<ul>\n<li style=\"list-style-type: none;\">\n<ul>\n<li aria-level=\"4\"><b>Respeto y descriminalizaci\u00f3n<\/b><\/li>\n<\/ul>\n<\/li>\n<\/ul>\n<\/li>\n<\/ul>\n<p>Todas las personas, ante todo, merecen respeto y ser tratadas con plena dignidad por las dem\u00e1s personas y el entorno en el que se desarrollan. Entendiendo que las razones que llevan a una persona a la situaci\u00f3n de calle son diversas y complejas, debemos apostar porque sin importar su condici\u00f3n sean tratadas con respeto, y combatir el estigma que les rodea.<\/p>\n<p>\u00a0<\/p>\n<p>Buscamos:<\/p>\n<ul>\n<li style=\"list-style-type: none;\">\n<ul>\n<li style=\"list-style-type: none;\">\n<ul>\n<li aria-level=\"1\">Prohibir la arquitectura hostil hacia las personas en situaci\u00f3n de calle en nuestros pueblos y ciudades.<\/li>\n<li aria-level=\"1\">Apostar por modelos de reinserci\u00f3n libre e integral, que respeten el derecho de decisi\u00f3n de las personas y que no generen din\u00e1micas de revictimizaci\u00f3n.<\/li>\n<\/ul>\n<\/li>\n<\/ul>\n<\/li>\n<\/ul>\n<p><br \/><b><\/b><\/p>\n<ul>\n<li><b>Poblaci\u00f3n LGBTTTIQ+<\/b><\/li>\n<\/ul>\n<p>Las personas que pertenecen a la poblaci\u00f3n LGBTTTIQ+ \u2013y todas aquellas que no se identifican como heteresoxuales o cisg\u00e9nero\u2013 han sufrido de la discriminaci\u00f3n y el odio sistem\u00e1tico durante gran parte de la historia de nuestras sociedades. Concebimos a Futuro como un partido comprometido con la defensa de los derechos de toda la diversidad sexual. Como sociedad, es nuestro deber erradicar todas las formas de violencia dirigidas a quienes pertenecen a estos grupos. Queremos transversalizar la perspectiva plural de g\u00e9nero y diversidad sexoafectiva en temas de justicia, trabajo, seguridad, salud, entre otros. Decimos nunca m\u00e1s a la violencia, y no m\u00e1s al miedo de ninguna persona a ser quien es.<\/p>\n<p>\u00a0<\/p>\n<p>Buscamos:<\/p>\n<ul>\n<li style=\"list-style-type: none;\">\n<ul>\n<li style=\"list-style-type: none;\">\n<ul>\n<li aria-level=\"1\">Combatir los cr\u00edmenes de odio, reconoci\u00e9ndolos, tipific\u00e1ndolos e impulsando la elaboraci\u00f3n de reglamentos contra la discriminaci\u00f3n.<\/li>\n<li aria-level=\"1\">Constituir un sistema de procuraci\u00f3n de justicia competente en la materia.<\/li>\n<li aria-level=\"1\">Acompa\u00f1ar lo anterior promoviendo la constante y apropiada capacitaci\u00f3n y sensibilizaci\u00f3n de los funcionarios de las instituciones p\u00fablicas.\u00a0<\/li>\n<li aria-level=\"1\">Garantizar el acceso a todas las personas a integrar un n\u00facleo social y llevar una vida familiar, si as\u00ed lo desean. Esto resulta de la aplicaci\u00f3n del inter\u00e9s superior de la ni\u00f1ez, como de la garant\u00eda de cumplimiento, respeto y supremac\u00eda al principio de igualdad y no discriminaci\u00f3n. La Suprema Corte de Justicia de la Naci\u00f3n ha establecido ya los criterios relativos a la idoneidad, caracter\u00edsticas y virtudes que cualquier pareja debe garantizar para ser adoptante. Se debe velar siempre por el inter\u00e9s superior de la infancia, sin discriminar a ninguna persona por su orientaci\u00f3n sexual u otros elementos identitarios o condiciones sociales.<\/li>\n<li aria-level=\"1\">Impulsar\u00a0 la\u00a0 iniciativa\u00a0 de\u00a0 Ley\u00a0 de identidad de g\u00e9nero y armonizar el resto de la legislaci\u00f3n para que la identidad de g\u00e9nero no sea el m\u00f3vil para formas de exclusi\u00f3n o violencia a ninguna persona.<\/li>\n<li aria-level=\"1\">Prohibir categ\u00f3ricamente las llamadas \u2018terapias de conversi\u00f3n\u2019 (ECOSIG).<\/li>\n<li aria-level=\"1\">Prevenir y erradicar las violencias contra la comunidad LGBTTTIQ+ en todos los niveles educativos.\u00a0<\/li>\n<li aria-level=\"1\">Trabajar constantemente con organizaciones y personas especializadas en la agenda. Queremos servir como puente entre estos actores y el Estado para acercar su experiencia a la agenda p\u00fablica.<\/li>\n<\/ul>\n<\/li>\n<\/ul>\n<\/li>\n<\/ul>\n<p><br \/><b><\/b><\/p>\n<ul>\n<li><b>Ni\u00f1ez<\/b><\/li>\n<\/ul>\n<p>El desarrollo de las personas requiere un cuidado especial en sus primeras etapas de vida. Es de gran importancia poner atenci\u00f3n en las condiciones en las que se desenvuelven los ni\u00f1os y ni\u00f1as, en la posibilidad de sus padres de participar en su crecimiento y en el cumplimiento de sus derechos fundamentales. Empujaremos por que ning\u00fan ni\u00f1o o ni\u00f1a en el estado carezca de los cuidados elementales en sus primeros a\u00f1os de vida.<\/p>\n<p><br \/><b><\/b><\/p>\n<ul>\n<li><b>Cuidados<\/b><\/li>\n<\/ul>\n<p>La vulnerabilidad particular en la que se encuentran las ni\u00f1as y los ni\u00f1os nos llama a generar esfuerzos espec\u00edficos para cuidarles. Debemos garantizar sus cuidados y que las personas encargadas de su tutela puedan participar activamente en su crianza.<\/p>\n<p>Buscamos:<\/p>\n<ul>\n<li style=\"list-style-type: none;\">\n<ul>\n<li style=\"list-style-type: none;\">\n<ul>\n<li aria-level=\"1\">Establecer, en distintos espacios como restaurantes, establecimientos comerciales y dem\u00e1s, \u201cSalas de apoyo a la lactancia\u201d y en donde las madres puedan amamantar a sus beb\u00e9s, o bien, poderse extraer la leche materna para llevarla a casa.\u00a0<\/li>\n<li aria-level=\"1\">Queremos buscar y conseguir apoyos estrat\u00e9gicos para coadyuvar en la multiplicaci\u00f3n y equipamiento de las estancias infantiles con las que cuente Jalisco. Adem\u00e1s, queremos que todas las estancias cumplan con est\u00e1ndares de seguridad de cualquier situaci\u00f3n que pudiera presentarse.<\/li>\n<\/ul>\n<\/li>\n<\/ul>\n<\/li>\n<\/ul>\n<p><br \/><b><\/b><\/p>\n<ul>\n<li><b>Protecci\u00f3n de ni\u00f1ez vulnerable<\/b><\/li>\n<\/ul>\n<p>Hay ni\u00f1os y ni\u00f1as que, por sus circunstancias propias, se encuentran en una situaci\u00f3n de vulnerabilidad m\u00e1s delicada. Estos segmentos deben ser atendidos con medidas espec\u00edficas que consideren los contextos en los que viven las personas y las formas en las que sufren de violencia o est\u00e1n expuestos a ella.<\/p>\n<p>Buscamos:<\/p>\n<ul>\n<li style=\"list-style-type: none;\">\n<ul>\n<li style=\"list-style-type: none;\">\n<ul>\n<li aria-level=\"1\">Apoyar a la ni\u00f1ez en situaci\u00f3n de calle, poniendo \u00e9nfasis en aquellas ni\u00f1as y ni\u00f1os que son v\u00edctimas de mafias que lucran con su condici\u00f3n de vulnerabilidad. [<i>Ver 3.5.2 personas en situaci\u00f3n de calle<\/i>]<\/li>\n<li aria-level=\"1\">Mantener presente la interseccionalidad de los factores de vulnerabilidad, por eso vamos por la creaci\u00f3n de instancias de apoyo a la ni\u00f1ez en situaci\u00f3n de migraci\u00f3n, a donde los ni\u00f1os, ni\u00f1as y adolescentes pudieran ser canalizados y recibir atenci\u00f3n.<\/li>\n<li aria-level=\"1\">Fortalecer a la Procuradur\u00eda de Protecci\u00f3n de ni\u00f1as, ni\u00f1os y adolescentes y a los DIF para mejorar la atenci\u00f3n a menores que sufren de violencia.\u00a0<\/li>\n<\/ul>\n<\/li>\n<\/ul>\n<\/li>\n<\/ul>\n<p><br \/><b><\/b><\/p>\n<ul>\n<li><b>Derecho a la familia<\/b><\/li>\n<\/ul>\n<p>Las ni\u00f1as y los ni\u00f1os necesitan de una familia que les d\u00e9 cari\u00f1o y les d\u00e9 soporte durante su desarrollo personal. Desde Futuro queremos crear las condiciones para que este derecho sea garantizado. Actualmente en Jalisco hay muchas ni\u00f1as y ni\u00f1os que no tienen una familia que les acoja y proteja, por lo que tenemos que explorar estrategias para revertir esa situaci\u00f3n.<\/p>\n<p>Buscamos:<\/p>\n<ul>\n<li style=\"list-style-type: none;\">\n<ul>\n<li style=\"list-style-type: none;\">\n<ul>\n<li aria-level=\"1\">Simplificar los procesos de adopci\u00f3n, para que los ni\u00f1os en situaci\u00f3n de orfandad puedan tener el cari\u00f1o que necesitan para desarrollarse plenamente.<\/li>\n<li aria-level=\"1\">Que el inter\u00e9s superior de la ni\u00f1ez est\u00e9 por encima de dogmas morales, abogamos para que en todo\u00a0 marco normativo de la materia y en la discusi\u00f3n\u00a0 p\u00fablica\u00a0 del tema se parta del reconocimiento a todos los tipos de familias.<\/li>\n<li aria-level=\"1\">Implementar la figura legal de familias de acogida, para darle a las y los menores la posibilidad de gozar de una familia que les cuide y acompa\u00f1e durante procesos delicados.<\/li>\n<\/ul>\n<\/li>\n<\/ul>\n<\/li>\n<\/ul>\n<p><br \/><b><\/b><\/p>\n<ul>\n<li><b>Migraci\u00f3n<\/b><\/li>\n<\/ul>\n<p>La migraci\u00f3n es un fen\u00f3meno presente en toda la historia de la humanidad. La migraci\u00f3n permite el intercambio de ideas, la proliferaci\u00f3n de la diversidad y el enriquecimiento cultural. Nos encontramos en un contexto global en el que los fundamentalismos xen\u00f3fobos niegan la realidad irrenunciable de la contemporaneidad marcada por la viveza de los flujos migratorios. Sin importar las razones, o lugares de origen, los derechos son para todas las personas. Un Jalisco para todos y todas es un Jalisco hospitalario. Al observar nuestro contexto, encontramos que nuestro estado experimenta principalmente dos fen\u00f3menos migratorios: emisi\u00f3n y tr\u00e1nsito.<\/p>\n<p><br \/><b><\/b><\/p>\n<ul>\n<li style=\"list-style-type: none;\">\n<ul>\n<li style=\"list-style-type: none;\">\n<ul>\n<li aria-level=\"4\"><b>Emisi\u00f3n<\/b><\/li>\n<\/ul>\n<\/li>\n<\/ul>\n<\/li>\n<\/ul>\n<p>Las y los Jaliscienses residentes en el extranjero han ayudado a construir el futuro de sus familias y municipios en Jalisco, y siempre defenderemos sus derechos.<\/p>\n<p>Buscamos:<\/p>\n<ul>\n<li style=\"list-style-type: none;\">\n<ul>\n<li style=\"list-style-type: none;\">\n<ul>\n<li aria-level=\"1\">Mejorar las condiciones de vida de todos y todas\u00a0 en\u00a0 Jalisco,\u00a0 para\u00a0 que\u00a0 quien\u00a0 emigre\u00a0 de\u00a0 Jalisco\u00a0 lo haga ejerciendo sus plenos derechos y por la desolaci\u00f3n.<\/li>\n<li aria-level=\"1\">Ya sea por la libre decisi\u00f3n o por repatriaci\u00f3n, <b>facilitar los procesos de retorno<\/b>, con sensibilidad institucional y oficinas de atenci\u00f3n especializada.<\/li>\n<\/ul>\n<\/li>\n<\/ul>\n<\/li>\n<\/ul>\n<p><br \/><b><\/b><\/p>\n<ul>\n<li style=\"list-style-type: none;\">\n<ul>\n<li style=\"list-style-type: none;\">\n<ul>\n<li aria-level=\"4\"><b>Tr\u00e1nsito y recepci\u00f3n<\/b><\/li>\n<\/ul>\n<\/li>\n<\/ul>\n<\/li>\n<\/ul>\n<p>Ante la creciente crisis econ\u00f3mica y pol\u00edtica de los pa\u00edses del tri\u00e1ngulo centroamericano, provocadas en gran medida por los sistemas de despojo y corrupci\u00f3n, cada vez m\u00e1s personas se han visto motivadas a buscar un mejor futuro. En su b\u00fasqueda por llegar a nuestro pa\u00eds vecino del norte, miles de personas migrantes se enfrentan a un Estado mexicano que les\u00a0 criminaliza,\u00a0 al\u00a0 mismo\u00a0 tiempo que los grupos de crimen organizado les vuelve objetivo de distintos tipos de violencia. Nuestro estado, y en especial el \u00c1rea Metropolitana de Guadalajara se ha vuelto un punto de tr\u00e1nsito cada vez m\u00e1s recurrente. As\u00ed como luchamos por los derechos de todas\u00a0 las personas, debemos ser sensibles y atender a las necesidades de aquellos quienes llegan a nuestro estado en la b\u00fasqueda de un futuro mejor.<\/p>\n<p>Buscamos:<\/p>\n<ul>\n<li style=\"list-style-type: none;\">\n<ul>\n<li style=\"list-style-type: none;\">\n<ul>\n<li aria-level=\"1\">Mejorar el marco normativo, para dotarlo de un enfoque de asilo, derechos y protecci\u00f3n al migrante.<\/li>\n<li aria-level=\"1\">Promover el cumplimiento de la <i>Convenci\u00f3n de Marrakech<\/i>, a la que nuestro pa\u00eds est\u00e1 suscrito. De acuerdo a ella, la migraci\u00f3n debe ser <b>ordenada y libre <\/b>para garantizar los derechos humanos de las y los migrantes.<\/li>\n<li aria-level=\"1\">La creaci\u00f3n de instancias municipales que vuelvan m\u00e1s accesible la atenci\u00f3n al migrante.<\/li>\n<li aria-level=\"1\">Garantizar la correcta atenci\u00f3n a las y los migrantes.\u00a0<\/li>\n<li aria-level=\"1\">Que ning\u00fan servicio sea negado en raz\u00f3n de nacionalidad o situaci\u00f3n migratoria<\/li>\n<\/ul>\n<\/li>\n<\/ul>\n<\/li>\n<\/ul>\n<p><br \/><b><\/b><\/p>\n<ul>\n<li style=\"list-style-type: none;\">\n<ul>\n<li style=\"list-style-type: none;\">\n<ul>\n<li aria-level=\"4\"><b>Interna<\/b><\/li>\n<\/ul>\n<\/li>\n<\/ul>\n<\/li>\n<\/ul>\n<p>La migraci\u00f3n interna es -por lo general- poco observada, pero en sus din\u00e1micas y matices podemos encontrar signos importantes de lo que sucede en la vida de las personas que habitan Jalisco. Debemos procurar m\u00e1s atenci\u00f3n al respecto.<\/p>\n<p>Buscamos:<\/p>\n<ul>\n<li style=\"list-style-type: none;\">\n<ul>\n<li style=\"list-style-type: none;\">\n<ul>\n<li aria-level=\"1\">Procesos de recepci\u00f3n y adaptaci\u00f3n sensibles, que faciliten la integraci\u00f3n de cualquier persona a los municipios, como oficinas de informaci\u00f3n b\u00e1sica para nuevos residentes.<\/li>\n<li aria-level=\"1\">Descentralizar la econom\u00eda y servicios en nuestro Estado; poner al frente a los peque\u00f1os productores.\u00a0<\/li>\n<li aria-level=\"1\">Impulsar procesos de integraci\u00f3n de las personas migrantes provenientes de poblaciones rurales para garantizar el cumplimiento de sus derechos a la vivienda y a la ciudad.<\/li>\n<\/ul>\n<\/li>\n<\/ul>\n<\/li>\n<\/ul>\n<p><br \/><b><\/b><\/p>\n<ul>\n<li><b>Poblaciones ind\u00edgenas<\/b><\/li>\n<\/ul>\n<p>Partimos de reconocer la exclusi\u00f3n sistem\u00e1tica de las comunidades ind\u00edgenas alrededor del mundo y en nuestro pa\u00eds. Ante la homogeneizaci\u00f3n cultural que obedece a los patrones del mercado y la colonizaci\u00f3n, las identidades no-hegem\u00f3nicas son desarticuladas y orilladas a su extinci\u00f3n. Ya sea trav\u00e9s del desplazamiento de los territorios cultural e hist\u00f3ricamente ocupados por ellos, por que los servicios b\u00e1sicos -como de salud y educaci\u00f3n- no son sensibles a su lengua materna, o por la discriminaci\u00f3n estructural, las poblaciones ind\u00edgenas son vulneradas una y otra vez en nuestro estado. Debemos terminar con dicha situaci\u00f3n y asegurar que el respeto, el reconocimiento y la autodeterminaci\u00f3n rija en nuestra interacci\u00f3n con las comunidades ind\u00edgenas<\/p>\n<p>Entendemos a las categor\u00edas \u201cind\u00edgena\u201d y \u201cpueblos originarios\u201d como categor\u00edas pol\u00edticas. Dada la inmensa diversidad de identidades all\u00ed condensadas, lo que comparten es una exclusi\u00f3n hist\u00f3rica. Se\u00f1alamos tambi\u00e9n la utilidad de dichos t\u00e9rminos para referirnos a poblaciones que han padecido la injusticia en raz\u00f3n de su identidad, y como reivindicaci\u00f3n de algunas y algunos l\u00edderes y comunidades que est\u00e1n al pie de lucha.<\/p>\n<p><br \/><b><\/b><\/p>\n<ul>\n<li style=\"list-style-type: none;\">\n<ul>\n<li style=\"list-style-type: none;\">\n<ul>\n<li aria-level=\"4\"><b>Reconocimiento institucional<\/b><\/li>\n<\/ul>\n<\/li>\n<\/ul>\n<\/li>\n<\/ul>\n<p>Si\u00a0 imaginamos\u00a0 un\u00a0 Jalisco\u00a0 para\u00a0 todas\u00a0 las\u00a0 personas,\u00a0 esto\u00a0 debe\u00a0 de quedar claro en nuestros documentos fundamentales. Nuestra realidad ya es diversa, y hacer un reconocimiento institucional de ello es imperante. Adem\u00e1s, dichos documentos fundamentales deben de estar disponibles en las lenguas maternas habladas en nuestro estado, as\u00ed como los servicios de salud, administrativos y de educaci\u00f3n.<\/p>\n<p>Buscamos:<\/p>\n<ul>\n<li style=\"list-style-type: none;\">\n<ul>\n<li style=\"list-style-type: none;\">\n<ul>\n<li aria-level=\"1\">Que todas las instituciones p\u00fablicas ofrezcan atenci\u00f3n en las lenguas maternas\u00a0 de\u00a0 las\u00a0 comunidades\u00a0 ind\u00edgenas<b>\u00a0 <\/b>que\u00a0 habitan\u00a0 en\u00a0 Jalisco. Debemos tambi\u00e9n avanzar en la disponibilidad de int\u00e9rpretes y traductores en las instancias del Estado.<\/li>\n<\/ul>\n<\/li>\n<\/ul>\n<\/li>\n<\/ul>\n<p><br \/><b><\/b><\/p>\n<ul>\n<li style=\"list-style-type: none;\">\n<ul>\n<li style=\"list-style-type: none;\">\n<ul>\n<li aria-level=\"4\"><b>Autodeterminaci\u00f3n de los pueblos<\/b><\/li>\n<\/ul>\n<\/li>\n<\/ul>\n<\/li>\n<\/ul>\n<p>Reconocemos a los pueblos originarios como parte elemental de la riqueza cultural y de identidad que habita en nuestro estado, por lo que el respeto de sus Derechos Humanos debe observarse en todo momento y no concebimos mecanismos de desarrollo que les segregan y les excluyen.<\/p>\n<p>Queremos innovar en la forma en la cual el Estado se relaciona con las comunidades ind\u00edgenas para que sus esquemas de participaci\u00f3n pol\u00edtica sean reconocidos por las instituciones de Jalisco. Adem\u00e1s, buscaremos que se\u00a0 \u00a0 reconozca y aplique ampliamente el derecho a la consulta previa, libre, informada, de buena fe y culturalmente apropiada en nuestro estado. Le decimos no m\u00e1s a la creaci\u00f3n de megaproyectos que atentan contra la vida comunitaria de los pueblos originarios.<\/p>\n<p>Buscamos:<\/p>\n<ul>\n<li style=\"list-style-type: none;\">\n<ul>\n<li style=\"list-style-type: none;\">\n<ul>\n<li aria-level=\"1\">Que en nuestro estado se garantice que los Pueblos Ind\u00edgenas sean consultados de manera previa, libre e informada sobre la toma de decisiones susceptibles de afectarles sustantivamente.<\/li>\n<li aria-level=\"1\">Que Jalisco adopte los principios de multiculturalidad e interculturalidad, porque son clave en los procesos para terminar con la injusticia hist\u00f3rica que aqueja a las poblaciones ind\u00edgenas.<\/li>\n<\/ul>\n<\/li>\n<\/ul>\n<\/li>\n<\/ul>\n<p>\u00a0<\/p>\n\t\t\t\t\t\t\t\t\t\t\t\t<a href=\"\">\u2022 Violencia pol\u00edtica en raz\u00f3n de G\u00e9nero <\/a>\n\t\t\t\t\t<h5>Masculinidades hegem\u00f3nicas<\/h5>\n<p>La violencia de g\u00e9nero no puede ser atendida exclusivamente con programas dedicados a mujeres. Creemos que la pol\u00edtica p\u00fablica tiene que atender necesariamente a los hombres, que son quienes generalmente perpet\u00faan este tipo espec\u00edfico de agresiones y que tambi\u00e9n sufren las consecuencias del sistema patriarcal. Combatir la violencia machista es responsabilidad de todos y todas y queremos asumirlo como tal.<\/p>\n<p>Buscamos:<\/p>\n<ul>\n<li>Fortalecer los institutos de las mujeres que existen en el estado, para hacer trabajo pedag\u00f3gico e intervenciones para combatir la violencia de g\u00e9nero.<\/li>\n<li>Promover capacitaciones en materia de perspectiva de g\u00e9nero en todas las instancias del Estado con el objetivo de eliminar la violencia machista.<\/li>\n<li>Impulsar la vinculaci\u00f3n con organizaciones de la sociedad civil que tengan experiencia en el combate a la violencia de g\u00e9nero.<\/li>\n<\/ul>\n<p>\u00a0<\/p>\n<h5>Protecci\u00f3n de v\u00edctimas de violencia de g\u00e9nero<\/h5>\n<p>Lamentablemente existen situaciones en las cuales es indispensable activar mecanismos de protecci\u00f3n para personas que sufren violencia por raz\u00f3n de g\u00e9nero. Es importante mejorar los procedimientos con los cuales operan estos mecanismos y dotar de capacidades y presupuesto suficiente a los refugios para las v\u00edctimas.<\/p>\n<p>\u00a0<\/p>\n<p>*P\u00e1gina 31 <br \/><\/p>\n\t\t\t\t\t\t\t\t\t\t\t\t<a href=\"\">\u2022 Participaci\u00f3n ciudadana<\/a>\n\t\t\t\t\t<h5>Construir una democracia viva y profunda para Jalisco<\/h5>\n<p>El ejercicio del poder en nuestro pa\u00eds y de nuestro estado enfrenta enormes retos. Hist\u00f3ricamente ha sido empleado para el aprovechamiento individual de los depredadores, y no para el beneficio de todos y todas. Debemos repensar a profundidad la forma en la que concebimos el ejercicio de los espacios de toma de decisiones, romper con la l\u00f3gica de dominaci\u00f3n, clientelismo y abuso que impera en la administraci\u00f3n p\u00fablica. Concebimos a la pol\u00edtica como una dimensi\u00f3n central en la vida de todas las personas. La pol\u00edtica se desprende de la interacci\u00f3n con las dem\u00e1s personas, en las diferencias y acuerdos, es la forma en la que los individuos y comunidades conciben su realidad y apuestan por soluciones a los problemas de su vida. Sin embargo, el poder se ha estructurado en sistemas desiguales, en donde -a trav\u00e9s de las violencias estructurales y culturales- se ha excluido de manera direccionada e intencional a la mayor\u00eda de las personas, desarticulando e impidiendo su participaci\u00f3n de cualquier actividad pol\u00edtica. Entendemos que la apat\u00eda y el desinter\u00e9s pol\u00edtico, as\u00ed como el desencanto con la democracia son producto de la internalizaci\u00f3n de dicha segregaci\u00f3n.<\/p>\n<p>Apostamos a construir un nuevo paradigma, uno que parta de la pol\u00edtica de lo com\u00fan, en donde caben todas las personas y colectividades, que nazca de la deliberaci\u00f3n y procesos horizontales. Para ello es necesario dispersar el poder, emprender cambios graduales y estrat\u00e9gicos en la organizaci\u00f3n de nuestras instituciones formales, as\u00ed como ampliar el horizonte de formas de participaci\u00f3n informales y populares.<\/p>\n<p>Creemos fuertemente en la democracia como el m\u00e9todo ideal para construir la pol\u00edtica del futuro, que adem\u00e1s es valiosa en s\u00ed misma por los procesos que involucra. Sin embargo, para que la democracia siga transformando la vida de las personas requiere ser entendida a profundidad. Esto implica mantener una perspectiva cr\u00edtica, radical y deliberativa: entender la forma en la que el poder genera desigualdades y apostar por resarcirlas.<\/p>\n<p>&nbsp;<\/p>\n<h6>Vida democr\u00e1tica<\/h6>\n<p>Entendemos a la democracia no s\u00f3lo como un sistema de organizaci\u00f3n y distribuci\u00f3n del poder, sino como una forma de entender al mundo. La mejora de la democracia involucra, por un lado, el correcto funcionamiento de nuestras instituciones, y por el otro, reavivar las pr\u00e1cticas colectivas democr\u00e1ticas y la interacci\u00f3n c\u00edvica entre las personas.<\/p>\n<p>Competencia por los espacios de toma de decisiones<\/p>\n<p>Las contiendas electorales son la v\u00eda para llegar a cargos de representaci\u00f3n popular. Ocupar esos cargos tambi\u00e9n es una v\u00eda para llevar a la pr\u00e1ctica\u00a0 nuestro gobierno ideal. Ganar nunca debe ser el fin, ni buscamos \u201cganar por ganar\u201d.<\/p>\n<ul>\n<li><strong>Partidos<\/strong><\/li>\n<\/ul>\n<p>Los partidos pol\u00edticos son la estructura b\u00e1sica para la competencia del poder en las democracias modernas, sin embargo, en nuestro estado han servido m\u00e1s como agencias personales para la depredaci\u00f3n de lo p\u00fablico. Sin negar la centralidad de su papel para la competencia pol\u00edtica, debemos modificar las l\u00f3gicas con las que han operado para constituirlos como las plataformas de construcci\u00f3n colectiva que merecemos.<\/p>\n<p>Buscamos:<\/p>\n<ol>\n<li style=\"list-style-type: none;\">\n<ol>\n<li style=\"list-style-type: none;\">\n<ul>\n<li>Continuar con el combate a los privilegios de la clase pol\u00edtica, vinculando el presupuesto que se da a los partidos con su responsabilidad con\u00a0 la vida democr\u00e1tica del estado.<\/li>\n<li>Retomar la misi\u00f3n de los partidos como instrumentos de pedagog\u00eda pol\u00edtica y de promoci\u00f3n de la participaci\u00f3n.\u00a0<\/li>\n<li>Que los partidos transparenten proactivamente no s\u00f3lo el ejercicio de sus recursos sino tambi\u00e9n sus procesos internos para abrirlos al escrutinio de su militancia y el p\u00fablico.\u00a0<\/li>\n<\/ul>\n<\/li>\n<\/ol>\n<\/li>\n<\/ol>\n<ul>\n<li><strong>Municipalismo<\/strong><\/li>\n<\/ul>\n<p>Creemos fuertemente en el localismo como la perspectiva m\u00e1s eficiente para resolver los problemas. Cada localidad y municipio tiene sus propias formas de interacci\u00f3n, y las personas que les habitan son quienes mejor pueden identificarlos y proponer resoluciones. Buscaremos el fortalecimiento de nuestros municipios, para dotarlos de mayores capacidades.<\/p>\n<p>&nbsp;<\/p>\n<ol>\n<li style=\"list-style-type: none;\">\n<ol>\n<li>Nuevo modelo municipal<\/li>\n<\/ol>\n<\/li>\n<\/ol>\n<p>Para transformar la pol\u00edtica de nuestros municipios es necesario repensarlos, y construir un nuevo de administraci\u00f3n municipal. El reto requerir\u00e1 sumar esfuerzos en los distintos niveles y esferas de gobierno, pero estamos seguros de que ser\u00e1 capaz de transformar las vidas de las personas que habitan en Jalisco.<\/p>\n<p>Buscamos:<\/p>\n<ol>\n<li style=\"list-style-type: none;\">\n<ol>\n<li style=\"list-style-type: none;\">\n<ul>\n<li>Abrir un debate serio y amplio que lleve a una reforma al cabildo para hacerlo m\u00e1s eficiente y cercano a las personas.<\/li>\n<li>Fortalecer las facultades de los pueblos, las comunidades, los barrios, y las colonias para decidir sobre su rumbo.\u00a0<\/li>\n<li>Promover las reformas necesarias para fortalecer la autonom\u00eda pol\u00edtica y financiera de los municipios, a partir de su democratizaci\u00f3n, profesionalizaci\u00f3n, transparencia y rendici\u00f3n de cuentas.<\/li>\n<li>Instituir y reglamentar Consejos Ciudadanos de Sindicatura, para que funcionen como \u00f3rganos de control de los Ayuntamientos.<\/li>\n<li>Conformar Consejos Ciudadanos que den seguimiento a los Planes Municipales de Desarrollo.<\/li>\n<li>Mejorar los reglamentos municipales para hacer que la participaci\u00f3n ciudadana sea m\u00e1s sencilla y efectiva.\u00a0<\/li>\n<li>Promover la realizaci\u00f3n de comparecencias p\u00fablicas recurrentes en las que la presidencia municipal y el ayuntamiento dialoguen y debatan con las personas de todos los rincones de los municipios.<\/li>\n<\/ul>\n<\/li>\n<\/ol>\n<\/li>\n<p>&nbsp;<\/p>\n<li>Colaboraci\u00f3n regional<\/li>\n<p>Buscaremos promover la cooperaci\u00f3n entre los municipios para que as\u00ed los municipios puedan planear en conjunto y encontrar \u00e1reas de acuerdo. Es necesario que dichas colaboraciones trasciendan la temporalidad de las administraciones. Somos conscientes de que cada municipio debe conservar su autonom\u00eda, sin embargo, creemos que existe un potencial enorme de colaboraci\u00f3n entre municipios vecinos para mejorar la gobernanza y la calidad de vida de las personas.<\/p>\n<\/ol>\n<p>&nbsp;<\/p>\n<ul>\n<li><strong>Cultura c\u00edvica participativa<\/strong><\/li>\n<\/ul>\n<p>Para transformar las pr\u00e1cticas pol\u00edticas de nuestro estado es necesario la participaci\u00f3n y el involucramiento. Necesitamos que todas las personas del estado ocupen la pol\u00edtica y se apropien de ella para terminar con su depredaci\u00f3n. Buscaremos incansablemente promover una transformaci\u00f3n en la forma en la que las personas se relacionan entre s\u00ed, y con las instituciones de gobierno.<\/p>\n<p>&nbsp;<\/p>\n<ol>\n<li style=\"list-style-type: none;\">\n<ol>\n<li style=\"list-style-type: none;\">\n<ol>\n<li style=\"list-style-type: none;\">\n<ol>\n<li style=\"list-style-type: none;\">\n<ul>\n<li><strong>Participaci\u00f3n ciudadana<\/strong><\/li>\n<\/ul>\n<\/li>\n<\/ol>\n<\/li>\n<\/ol>\n<\/li>\n<\/ol>\n<\/li>\n<\/ol>\n<p>En nuestro pa\u00eds, la participaci\u00f3n pol\u00edtica de las personas suele verse reducida al ejercicio del voto. Queremos facilitar y activar v\u00edas de participaci\u00f3n ciudadana, para que as\u00ed las personas comunes nos organicemos y busquemos recuperar el bienestar de nuestra sociedad, de tal manera que cualquiera pueda exponer propuestas y abonar al ejercicio del poder pol\u00edtico de nuestro pa\u00eds. Queremos que las personas comunes puedan presenciar y opinar durante procesos legislativos, asistir a sesiones del Ayuntamiento en Cabildo Abierto, y tener voz y voto en decisiones vinculantes y asignaci\u00f3n de presupuestos para su localidad, municipio y estado. Es importante tambi\u00e9n buscar estrategias para evitar que estos espacios no reproduzcan los vicios de la participaci\u00f3n, como que no sean lo suficientemente inclusivos o que se presten para simulaciones sin un impacto real; para esto se pueden crear figuras que reconozcan modos de organizaci\u00f3n ya existentes, pero actualmente consideradas informales.<\/p>\n<p>&nbsp;<\/p>\n<p>Buscamos:<\/p>\n<ol>\n<li style=\"list-style-type: none;\">\n<ol>\n<li style=\"list-style-type: none;\">\n<ol>\n<li style=\"list-style-type: none;\">\n<ol>\n<li style=\"list-style-type: none;\">\n<ul>\n<li>Terminar con la simulaci\u00f3n y manipulaci\u00f3n en la participaci\u00f3n ciudadana y las contralor\u00edas sociales.\u00a0<\/li>\n<li>Impulsar el uso de mecanismos de democracia directa y mejorar los procesos para acceder a ellos, virtuales y presenciales, que fomenten la apertura, la deliberaci\u00f3n y la pedagog\u00eda.\u00a0<\/li>\n<li>M\u00e1s sesiones de cabildo abierto e invitar a organizaciones y personas expertas a ser parte de \u00e9stas. Las vamos a llevar a espacios m\u00e1s lejanos y que tradicionalmente han estado apartadas de la toma de decisiones.<\/li>\n<li>Reducir a\u00fan m\u00e1s los requerimientos a las personas que solicitan alg\u00fan instrumento de participaci\u00f3n.<\/li>\n<li>Instrumentar correctamente la revocaci\u00f3n de mandato y fortalecer su esp\u00edritu democr\u00e1tico.<\/li>\n<li>Impulsar la figura de Consejos Ciudadanos de Control, con la facultad vinculante de llamar a comparecer a las autoridades que vulneren el derecho a la participaci\u00f3n.<\/li>\n<li>Establecer nuevos instrumentos de participaci\u00f3n social que permitan vigilar el ejercicio p\u00fablico y promover\u00a0 el\u00a0 involucramiento de personas que representen contextos muy distintos que se viven en el estado, como ejercicios de diagn\u00f3stico participativo y asambleas ciudadanas conformadas por sorteo.<\/li>\n<li>Realizar armonizaciones pendientes en los reglamentos de Participaci\u00f3n Social en todos los municipios del Estado.\u00a0<\/li>\n<\/ul>\n<\/li>\n<\/ol>\n<\/li>\n<\/ol>\n<\/li>\n<\/ol>\n<\/li>\n<\/ol>\n<p>&nbsp;<\/p>\n<ul>\n<li><strong>Pluralismo<\/strong><\/li>\n<\/ul>\n<p>La pol\u00edtica nace de la diversidad, y creemos que debe hacerse en todos los espacios, con gente proveniente de todas las realidades. Por eso, tenemos un compromiso fuerte con incentivar la participaci\u00f3n de personas distintas y eliminar la discriminaci\u00f3n dentro de la pol\u00edtica por cualquier motivo.<\/p>\n<p>&nbsp;<\/p>\n<p>Buscamos:<\/p>\n<ol>\n<li style=\"list-style-type: none;\">\n<ol>\n<li style=\"list-style-type: none;\">\n<ol>\n<li style=\"list-style-type: none;\">\n<ol>\n<li style=\"list-style-type: none;\">\n<ul>\n<li>Fortalecer las Unidades de G\u00e9nero. Se les debe otorgar autonom\u00eda presupuestal, personal sensibilizado y mecanismos adecuados de monitoreo y evaluaci\u00f3n de impacto.<\/li>\n<li>Promover la inclusi\u00f3n a los espacios de toma de decisiones a las personas provenientes de distintos grupos vulnerables, hist\u00f3ricamente ignorados por el Estado.\u00a0<\/li>\n<\/ul>\n<\/li>\n<\/ol>\n<\/li>\n<\/ol>\n<\/li>\n<\/ol>\n<\/li>\n<\/ol>\n<p>&nbsp;<\/p>\n<ul>\n<li><strong>Defensa del federalismo<\/strong><\/li>\n<\/ul>\n<p>El federalismo no es s\u00f3lo una herramienta \u00fatil para organizar las responsabilidades del Estado, sino que es tambi\u00e9n un mecanismo que descentraliza el poder, fungiendo como un control democr\u00e1tico de vital importancia ante el autoritarismo. Desde Futuro protegeremos el federalismo y buscaremos profundizarlo, porque reconocemos su valor e importancia en la construcci\u00f3n de un M\u00e9xico verdaderamente democr\u00e1tico y plural<\/p>\n<p>Buscamos:<\/p>\n<ol>\n<li style=\"list-style-type: none;\">\n<ol>\n<li style=\"list-style-type: none;\">\n<ol>\n<li style=\"list-style-type: none;\">\n<ol>\n<li style=\"list-style-type: none;\">\n<ul>\n<li>Ser un &#8220;dique de contenci\u00f3n&#8221; para las inercias centralistas y desde el Congreso del estado revisaremos cr\u00edticamente las reformas constitucionales provenientes del Congreso de la Uni\u00f3n.<\/li>\n<li>Hacer un uso m\u00e1s intensivo de la posibilidad de comenzar iniciativas de ley originado de las c\u00e1maras locales poniendo el ejemplo en Jalisco y trabajando en conjunto con aliados y aliadas de otras partes del pa\u00eds.<\/li>\n<\/ul>\n<\/li>\n<\/ol>\n<\/li>\n<\/ol>\n<\/li>\n<\/ol>\n<\/li>\n<\/ol>\n<p>&nbsp;<\/p>\n<ul>\n<li><strong>Poder Legislativo<\/strong><\/li>\n<\/ul>\n<p>El Poder Legislativo de nuestro estado es un espacio de vital importancia para hacer realidad las grandes transformaciones que buscamos para las personas. Es necesario fortalecer su autonom\u00eda y su capacidad de acci\u00f3n, porque es all\u00ed en donde se reglamentan la gran mayor\u00eda de las dimensiones de la vida de las personas. Hacemos un llamamiento firme a reavivar la observancia y discusi\u00f3n p\u00fablica de las actividades legislativas en nuestro estado.<\/p>\n<p>&nbsp;<\/p>\n<ul>\n<li><strong>Eficacia<\/strong><\/li>\n<\/ul>\n<p>Para que el Poder Legislativo pueda fungir como una instituci\u00f3n al servicio del bienestar de todas las personas, es necesario dotarlo de mayor eficacia y autonom\u00eda.<\/p>\n<p>Buscamos:<\/p>\n<ol>\n<li style=\"list-style-type: none;\">\n<ol>\n<li style=\"list-style-type: none;\">\n<ol>\n<li style=\"list-style-type: none;\">\n<ol>\n<li style=\"list-style-type: none;\">\n<ul>\n<li>Ser un verdadero contrapeso al ejercicio del Poder Ejecutivo, revisando constantemente el actuar de las y los secretarios y la estructura del Estado.<\/li>\n<li>Que el o la gobernadora comparezca ante el Congreso del Estado, al presentar su informe de gobierno.<\/li>\n<\/ul>\n<\/li>\n<\/ol>\n<\/li>\n<\/ol>\n<\/li>\n<\/ol>\n<\/li>\n<\/ol>\n<p>&nbsp;<\/p>\n<ul>\n<li><strong>Buen gobierno<\/strong><\/li>\n<\/ul>\n<p>Para que el Estado pueda cumplir con sus responsabilidades y as\u00ed garantizar los derechos de todas las personas, es fundamental contar con un gobierno eficiente y funcional. El gobierno es el encargado de administrar los recursos p\u00fablicos y formular pol\u00edticas para resolver los problemas a los que nuestras sociedades se enfrentan. Por esto, necesitamos un gobierno responsable, sensible, abierto y que rechace categ\u00f3ricamente la corrupci\u00f3n.<\/p>\n<p>&nbsp;<\/p>\n\t\t\t\t\t\t\t\t\t\t\t\t<a href=\"\">\u2022 Juventudes<\/a>\n\t\t\t\t\t<p>Las y los j\u00f3venes no s\u00f3lo son el futuro de Jalisco: son ya el presente. Estas poblaciones se enfrentan a retos particulares que deben ser atendidos con seriedad y comprensividad. Queremos encontrar formas de integrar a la juventud en la econom\u00eda con condiciones justas y dignas.<\/p>\n<p>Buscamos:<\/p>\n<ul>\n<li>Implementar pol\u00edticas p\u00fablicas que faciliten a los j\u00f3venes el ingreso al empleo formal, independientemente de su grado acad\u00e9mico.<\/li>\n<li>Otorgar subsidios temporales a j\u00f3venes en situaci\u00f3n de vulnerabilidad para rubros estrat\u00e9gicos como la renta y el transporte.<\/li>\n<\/ul>\n<p>\u00a0<\/p>\n\t\t\t\t\t\t\t\t\t\t\t\t<a href=\"\">\u2022 Otro tema no enmarcado en las categorias<\/a>\n\t\t\t\t\t\t\t\t\t\t<img width=\"300\" height=\"300\" src=\"https:\/\/www2.iepcjalisco.org.mx\/tablero-electoral-2021\/wp-content\/uploads\/2021\/03\/12-RSP.png\" alt=\"\" loading=\"lazy\" \/>\t\t\t\t\t\t\t\t\t\t\t\n\t\t\t\t\t\t\t\t\t\t\t\t<a href=\"\">REDES SOCIALES PROGRESISTAS<\/a>\n\t\t\t\t\t<p><a href=\"https:\/\/www2.iepcjalisco.org.mx\/tablero-electoral-2021\/wp-content\/uploads\/2021\/03\/2021-RSP-PLATAFORMA-BUENA-2.docx\">Descagar Plataforma Electoral<\/a><\/p>\n<p>Dirigente estatal del partido: Juan Manuel Hermosillo Covarrubias<\/p>\n<p><br \/>Redes sociales oficiales del Partido:<\/p>\n\t\t\t\t\t\t\t\t\t\t\t\t<a href=\"\">\u2022 Gobernabilidad y Seguridad<\/a>\n\t\t\t\t\t<h4><b>Gobernabilidad<\/b><\/h4>\n<p>La gobernabilidad democr\u00e1tica se fortalece con la eficacia del gobierno en la atenci\u00f3n a las demandas sociales, aprovechando las herramientas de las nuevas tecnolog\u00edas para informar, transparentar, colaborar y tomar decisiones que beneficien al colectivo en forma m\u00e1s pronta y expedita.<\/p>\n<p>Retomar la gobernanza como modelo de concertaci\u00f3n social que nos permita mejorar los resultados e incidencia de las pol\u00edticas p\u00fablicas. Impulsando la participaci\u00f3n de actores no gubernamentales como las organizaciones de la sociedad civil, expertos sociales, comunidades cient\u00edficas, t\u00e9cnicas y la ciudadan\u00eda en general para lograr una\u00a0 mejor informaci\u00f3n y soluciones alternativas a los problemas sociales.\u00a0<\/p>\n<p><i>(P\u00e1gina 7)<\/i><\/p>\n<h4><b><i>Seguridad<\/i><\/b><\/h4>\n<p><i>-Fortalecer la pol\u00edtica criminal desde un enfoque integral y sist\u00e9mico de seguridad y justicia<\/i><\/p>\n<p><i>-Fortalecer las capacidades institucionales de Jalisco para garantizar la aplicaci\u00f3n de la ley sin ning\u00fan inter\u00e9s econ\u00f3mico, pol\u00edtico o ideol\u00f3gico.<\/i><\/p>\n<p>-Crear un modelo de seguridad p\u00fablica con mando civil<i> que desarrolle y fortalezca las estrategias de disuasi\u00f3n del delito, inteligencia criminal y participaci\u00f3n ciudadana en el marco del respeto a los derechos humanos y perspectiva de g\u00e9nero.<\/i><\/p>\n<p><i>-Otorgar financiamiento p\u00fablico de las corporaciones policiales estatales y municipales.<\/i><\/p>\n<p><b><i>&#8211;<\/i><\/b><i>Reformar a las corporaciones policiales a trav\u00e9s de incentivos para mejorar su desempe\u00f1o y erradicar la corrupci\u00f3n.<\/i><\/p>\n<p><i>-Redise\u00f1ar el modelo de la polic\u00eda estatal y municipal a trav\u00e9s de cambios estructurales que mejoren la atenci\u00f3n a la comunidad.<\/i><\/p>\n<p><i>-institucionalizar las capacidades y acciones de inteligencia civil<\/i><\/p>\n<p><i>(P\u00e1ginas 7 y 8).<\/i><\/p>\n\t\t\t\t\t\t\t\t\t\t\t\t<a href=\"\">\u2022 Movilidad<\/a>\n\t\t\t\t\t<p>-Impulsar un Modelo Estatal de Movilidad\u00a0 Urbana limpia, sostenible y productiva que considere nuevo modelos normativos, institucionales, econ\u00f3micos y financieros que conlleve a la electrificaci\u00f3n total del transporte privado y p\u00fablico que contribuya a reducir las emisiones de carbono negro y gases de efecto invernadero, con un enfoque que considere los gastos de capital y operaci\u00f3n a mediano y largo plazo.<\/p>\n<p>-Aumentar las alternativas y calidad de transporte p\u00fablico a trav\u00e9s de sistemas de transporte r\u00e1pido por autob\u00fas, telef\u00e9rico, escaleras el\u00e9ctricas en las zonas de barrancas, expansi\u00f3n de la redes de trenes subterr\u00e1neos, trolebuses; as\u00ed como la provisi\u00f3n del servicio p\u00fablico de bicicletas, motocicletas el\u00e9ctricas y patines.\u00a0<\/p>\n<p>(P\u00e1gina 30)<\/p>\n<p>\u00a0<\/p>\n\t\t\t\t\t\t\t\t\t\t\t\t<a href=\"\">\u2022 Desarrollo Econ\u00f3mico, Empleo y Salario<\/a>\n\t\t\t\t\t<p>-Impulsaremos pol\u00edticas p\u00fablicas que fortalezcan y faciliten el acceso a los grupos\u00a0 de jaliscienses vulnerables y sectores medios a proyectos que mejoren su econom\u00eda.<\/p>\n<p><i>-Apoyos directos y fiscales para las micro, peque\u00f1as y medianas empresas con el fin de preservar el empleo formal, cubrir las cuotas obrero-patronales por 3 meses; y diferir el pago de impuestos en pagos parciales.<\/i><\/p>\n<p><i>-Implementar un programa de subsidios temporales para el pago de servicios b\u00e1sicos en las viviendas de los hogares de ingresos bajos, medio-bajos y medios.<\/i><\/p>\n<p><i>-Programa temporal de apoyo para el pago de hipotecas vencidas, cuyos montos podr\u00e1n variar de acuerdo al tipo de vivienda siendo la social, popular y media, las que reciban el mayor porcentaje de apoyo.<\/i><\/p>\n<p><i>-Implementar el Seguro de Desempleo, por tres meses prorrogable a otros tres, que sean justificados.<\/i><\/p>\n<p>(<i>P\u00e1gina 11)<\/i><\/p>\n<p><i>-Incorporar a las personas j\u00f3venes al mercado laboral con salarios dignos y protecci\u00f3n social. Con oportunidades para mejorar sus habilidades y competencias t\u00e9cnicas y profesionales, que les permita afrontar los retos de la automatizaci\u00f3n y robotizaci\u00f3n de los procesos productivos.<\/i><\/p>\n<p>(P\u00e1gina 22)<\/p>\n<p>\u00a0<\/p>\n\t\t\t\t\t\t\t\t\t\t\t\t<a href=\"\">\u2022 Medio Ambiente<\/a>\n\t\t\t\t\t<p>Frenar el cambio clim\u00e1tico, evitar la p\u00e9rdida de la biodiversidad, lograr los objetivos sostenibles, garantizar el bienestar animal y alcanzar una gesti\u00f3n integral de los recursos h\u00eddricos.<\/p>\n<p>Cambio Clim\u00e1tico<\/p>\n<p><i>-Reorientar los patrones de producci\u00f3n y consumo hacia actividades econ\u00f3micas necesarias para la mitigaci\u00f3n y adaptaci\u00f3n al calentamiento global.<\/i><\/p>\n<p>\u00a0<\/p>\n<p><i>-Invertir en tecnolog\u00edas que impulsen la disminuci\u00f3n de las emisiones de carbono, promuevan una mayor eficiencia energ\u00e9tica, se prescinda del uso de combustibles f\u00f3siles y se aumente la captura de carbono en los ecosistemas.<\/i><\/p>\n<p>\u00a0<\/p>\n<p><i>-Establecer instrumentos normativos y econ\u00f3micos que establezcan los costos que deber\u00e1n pagar los agentes econ\u00f3micos por el da\u00f1o que generan las emisiones de carbono.<\/i><\/p>\n<p><i>-Consolidar la regulaci\u00f3n y operaci\u00f3n del Sistema de Comercio de Emisiones con apego a las pr\u00e1cticas internacionales adaptadas al contexto local.<\/i><\/p>\n<p><i>-Impulsar una aut\u00e9ntica Reforma Fiscal Verde cuyo objetivo central sea ambiental.<\/i><\/p>\n<p><i>-Realizar una reingenier\u00eda presupuestal del gasto ambiental que considera una nueva estructura program\u00e1tica alineada a los objetivos y metas comprometidas en el marco del Acuerdo de Par\u00eds.<\/i><\/p>\n<p><i>-Incentivar la inversi\u00f3n p\u00fablica y privada en las energ\u00edas renovables.<\/i><\/p>\n<p><i>-Impulsar un Modelo Estatal de Movilidad\u00a0 Urbana limpia, sostenible y productiva.<\/i><\/p>\n<p>\u00a0<\/p>\n<p><i>-Aumentar las alternativas y calidad de transporte p\u00fablico a trav\u00e9s de sistemas de transporte r\u00e1pido por autob\u00fas, telef\u00e9rico, escaleras el\u00e9ctricas en las zonas de barrancas, expansi\u00f3n de la redes de trenes subterr\u00e1neos, trolebuses; as\u00ed como la provisi\u00f3n del servicio p\u00fablico de bicicletas, motocicletas el\u00e9ctricas y patines.\u00a0<\/i><\/p>\n<p>\u00a0<\/p>\n<p><i>-Generar nuevas pol\u00edticas e incentivos para la ganader\u00eda de bajas emisiones de carbono.<\/i><\/p>\n<p><i>-Impulsar un nuevo modelo de econom\u00eda circular en la gesti\u00f3n de las aguas residuales que permitan su reutilizaci\u00f3n como agua potable.<\/i><\/p>\n<p><i>(P\u00e1ginas 28,29 y 30)<\/i><\/p>\n<p>\u00a0<\/p>\n<p>Biodiversidad<\/p>\n<p>\u00a0<\/p>\n<p><i>-Reconocer, conservar, proteger y restaurar nuestra megadiversidad con pol\u00edticas orientadas a frenar y revertir el deterioro de los ecosistemas y recursos naturales de nuestro estado a partir de un nuevo modelo de producci\u00f3n, desarrollo regional y bienestar social (particularmente de los pueblos ind\u00edgenas) que fortalezca la agrobiodiversidad y los servicios ambientales como la alimentaci\u00f3n, el sector agropecuario y pesca.<\/i><\/p>\n<p>\u00a0<\/p>\n<p><i>-Consolidar el marco jur\u00eddico e institucional vigente y los instrumentos de pol\u00edtica como la Estrategia Estatal y\u00a0 Nacional sobre la Biodiversidad de M\u00e9xico, la Estrategia Nacional de a reducci\u00f3n de Emisiones por Deforestaci\u00f3n y Degradaci\u00f3n de Bosques, el Plan de Acci\u00f3n 2016-2030 y el Centro Nacional de Recursos Gen\u00e9ticos.<\/i><\/p>\n<p>\u00a0<\/p>\n<p><i>-Fortalecer la protecci\u00f3n y conservaci\u00f3n de las \u00c1reas Naturales Protegidas (ANP) aumentando el presupuesto a la Comisi\u00f3n Nacional de \u00c1reas Naturales Protegidas<\/i><\/p>\n<p>\u00a0<\/p>\n<p><i>-Reforzar las acciones y pol\u00edticas p\u00fablicas que eviten la p\u00e9rdida de la biodiversidad<\/i><\/p>\n<p>\u00a0<\/p>\n<p><i>-Regular con mayor transparencia el uso de suelo en las \u00c1reas Naturales Protegidas con reglas claras para conservar su biodiversidad, particularmente en los proyectos de desarrollo urbano, infraestructura y turismo.<\/i><\/p>\n<p>\u00a0<\/p>\n<p><i>-Garantizar los recursos p\u00fablicos necesarios para fortalecer y regularizar el pago por servicios ambientales a las comunidades que se encargan de la conservaci\u00f3n de las \u00c1reas Naturales Protegidas a partir de actividades productivas sustentables.<\/i><\/p>\n<p>\u00a0<\/p>\n<p><i>-Disminuir los da\u00f1os ambientales producidos por las actividades agr\u00edcolas, impulsando programas de desarrollo rural sustentable en \u00e1reas de alta biodiversidad.<\/i><\/p>\n<p>\u00a0<\/p>\n<p><i>-Aplicar con rigor la justicia ambiental para la reparaci\u00f3n de los da\u00f1os al medio ambiente, fortaleciendo a la Procuradur\u00eda Estatal de Protecci\u00f3n al Ambiente as\u00ed como tribunales de justicia especializados en materia ambiental.<\/i><\/p>\n<p>\u00a0<\/p>\n<p><i>(P\u00e1gina 31). <\/i><\/p>\n\t\t\t\t\t\t\t\t\t\t\t\t<a href=\"\">\u2022 Desarrollo Humano<\/a>\n\t\t\t\t\t\t\t\t\t\t\t\t<a href=\"\">\u2022 Educaci\u00f3n e Innovaci\u00f3n<\/a>\n\t\t\t\t\t<h5>Educaci\u00f3n<\/h5>\n<p>Impulsar\u00e1 un Sistema Educativo Estatal que garantice la igualdad, inclusi\u00f3n y el logro de los aprendizajes fundamentales, para acceder a un nuevo paradigma educativo, que permita a ni\u00f1as, ni\u00f1os y juventudes, contar con las herramientas pedag\u00f3gicas, metodol\u00f3gicas y tecnol\u00f3gicas acordes con las competencias de una cultura digital, para generar creatividad,\u00a0 innovaci\u00f3n y adaptaci\u00f3n a los constantes cambios en la vida de las personas y nuevas formas de desarrollo.<\/p>\n<p><i>-Garantizar el derecho humano al acceso, permanencia y egreso del sistema educativo.<\/i><\/p>\n<p><i>-Implementar un modelo pedag\u00f3gico y curricular para la educaci\u00f3n inicial que garantice el pleno desarrollo emocional, motriz y cognitivo de la primera infancia.<\/i><\/p>\n<p><i>-Fortalecer en la educaci\u00f3n b\u00e1sica un liderazgo institucional basado en la construcci\u00f3n de una comunidad educativa s\u00f3lida (autoridades, docentes, alumnado y padres de familia) y\u00a0 en el uso de las tecnolog\u00edas de la informaci\u00f3n y comunicaci\u00f3n.<\/i><\/p>\n<p><b><i>&#8211;<\/i><\/b><i>Trascender la adquisici\u00f3n y memorizaci\u00f3n de conocimientos<\/i> <i>por un<\/i> <i>proceso educativo basado en el conocimiento de los contenidos y en las herramientas tecnol\u00f3gicas.<\/i><\/p>\n<p><i>-Promover la creaci\u00f3n de fondos de apoyo econ\u00f3mico emergentes, dirigidos a padres de familia que tengan a sus hijos en escuelas privadas y que por razones generadas por desastres naturales, emergencias sanitarias, crisis econ\u00f3micas u otras causas de fuerza mayor, se encuentren imposibilitados para pagar las cuotas escolares.<\/i><\/p>\n<p><i>-Incrementar los montos m\u00e1ximos deducibles en el pago de colegiaturas (educaci\u00f3n b\u00e1sica y medio superior) e incorporar los estudios de educaci\u00f3n superior y posgrados (reconocidos en el padr\u00f3n de excelencia del conacyt).<\/i><\/p>\n<p><i>-Educaci\u00f3n para el Trabajo y Superaci\u00f3n de la Mujer.<\/i><\/p>\n<p><i>-Programas Productivos de Dise\u00f1o, Corte y Confecci\u00f3n<\/i><\/p>\n<p><i>-Programa para la Ense\u00f1anza de los Medios Digitales para la modernizaci\u00f3n y superaci\u00f3n educativa de la Mujer y otros sectores vulnerables.<\/i><\/p>\n<p><i>(P\u00e1ginas 12 y 13).<\/i><\/p>\n<p>\u00a0<\/p>\n<h5>Innovaci\u00f3n<\/h5>\n<p>Proponemos que cada entidad sume sus esfuerzos al Estado mexicano para que siente las bases para aprovechar las oportunidades de la irrupci\u00f3n tecnol\u00f3gica en la econom\u00eda para incrementar el crecimiento econ\u00f3mico traducido en el Producto Interno Bruto (PIB) nacional, la productividad, el empleo y nuevas oportunidades de negocio.<\/p>\n<p>\u00a0<\/p>\n<p>En el corto plazo se requiere de un modelo de transici\u00f3n estrat\u00e9gica de nuestra econom\u00eda basada en la manufactura de exportaci\u00f3n, explotaci\u00f3n de hidrocarburos y turismo a una sustentada en la investigaci\u00f3n, la ciencia, el conocimiento, el desarrollo y la innovaci\u00f3n tecnol\u00f3gica.<\/p>\n<p>Necesitamos consolidar un esquema eficiente y eficaz de las asociaciones p\u00fablico- privadas, en las cuales se comparta el riesgo de la inversi\u00f3n, pero tambi\u00e9n las utilidades de los proyectos de innovaci\u00f3n exitosos. Debemos socializar las p\u00e9rdidas, pero tambi\u00e9n las ganancias con una visi\u00f3n incluyente de la innovaci\u00f3n tecnol\u00f3gica, centrada en el bienestar de las personas y las comunidades.<\/p>\n<p>Establecer un acuerdo de Estado que comprometa a los poderes p\u00fablicos, gobiernos, empresariado, sociedad civil, sindicatos, centros de investigaci\u00f3n y academia, a impulsar la ciencia, tecnol\u00f3gica e innovaci\u00f3n como motores del crecimiento econ\u00f3mico, con perspectiva de g\u00e9nero y visi\u00f3n regional.<\/p>\n<p>(<i>P\u00e1ginas 35 y 36)<\/i><\/p>\n\t\t\t\t\t\t\t\t\t\t\t\t<a href=\"\">\u2022 Cultura, salud y deporte<\/a>\n\t\t\t\t\t<h5>Cultura<\/h5>\n<p>-Impulsar el derecho a la cultura como pol\u00edtica de estado, tanto a la creaci\u00f3n como al acceso a los bienes y servicios culturales, a trav\u00e9s de fondos p\u00fablicos y privados que promuevan e impulsen las diferentes expresiones art\u00edsticas como el teatro, el cine, la m\u00fasica, danza, pintura, escultura; as\u00ed como la lectura y la creaci\u00f3n literaria. Ampliar la difusi\u00f3n de las actividades culturales organizadas por las instituciones p\u00fablicas, colectivos de artistas y organizaciones de la sociedad civil.<\/p>\n<p>(P\u00e1gina 17)<\/p>\n<p>\u00a0<\/p>\n<h5>Salud<\/h5>\n<p>-Dise\u00f1ar un sistema universal con servicios esenciales de salud que considere los siguientes aspectos: atenci\u00f3n reproductiva, materna e infantil (planificaci\u00f3n familiar, reproductiva, control natal, vacunaci\u00f3n integral); enfermedades infecciosas (tuberculosis, VIH, paludismo y otras); y enfermedades cr\u00f3nicas transmisibles y no transmisibles (hipertensi\u00f3n, diabetes, c\u00e1ncer c\u00e9rvicouterino, de mama y pr\u00f3stata; tratamiento para la depresi\u00f3n; y otros).<\/p>\n<p>-transitar de un sistema fragmentado a uno con dos subsistemas: el b\u00e1sico, el cual ser\u00eda un derecho universal por ciudadan\u00eda; y otro m\u00e1s amplio a partir del pago de una prima.<\/p>\n<p>-Triplicar el gasto en materia de salud con respecto a la inversi\u00f3n actual del pib.<\/p>\n<p>-Incrementar la inversi\u00f3n en pol\u00edticas de prevenci\u00f3n de enfermedades a partir de la reducci\u00f3n de factores de riesgo (vacunas, suplementos alimenticios, informaci\u00f3n saludable).<\/p>\n<p>-Impulsar el desarrollo tecnol\u00f3gico en salud p\u00fablica en las \u00e1reas de generaci\u00f3n y procesamiento de informaci\u00f3n, transmisi\u00f3n y centralizaci\u00f3n de datos.<\/p>\n<p>&#8211; Promover la investigaci\u00f3n cient\u00edfica para evitar la propagaci\u00f3n de enfermedades derivadas de epidemias, pandemias y endemias.<\/p>\n<p>-Garantizar de forma permanente las vacunas para todas las enfermedades en particular para las epidemiol\u00f3gicas.<\/p>\n<p>\u00a0<\/p>\n<p>(P\u00e1ginas 13 y 14)<\/p>\n\t\t\t\t\t\t\t\t\t\t\t\t<a href=\"\">\u2022 Finanzas y Obra P\u00fablica<\/a>\n\t\t\t\t\t\t\t\t\t\t\t\t<a href=\"\">\u2022 Transparencia, Rendici\u00f3n de Cuentas y Combate a la Corrupci\u00f3n<\/a>\n\t\t\t\t\t\t\t\t\t\t\t\t<a href=\"\">\u2022 Infraestructura y Gasto P\u00fablico<\/a>\n\t\t\t\t\t<h5>CRECIMIENTO, DESARROLLO E INNOVACI\u00d3N.<\/h5>\n<p>Dentro de los aspectos a revisar que proponemos en RSP Jalisco, en cuanto a la\u00a0 productividad de las empresas y la seguridad laboral de los trabajadores, es la situaci\u00f3n en que laboran subcontratados bajo el esquema de outsourcing en Jalisco, los 357,165 trabajadores\u00a0 el 19%\u00a0 de 1,919,357\u00a0 trabajadores ocupados en formalidad. Es decir, uno de cada cinco trabajadores de Jalisco no tiene seguridad laboral y sus repercusiones convertidas en derechos. El respeto y la aplicaci\u00f3n de las normas es imperativo.<\/p>\n<p>Redes Sociales Progresistas Jalisco,\u00a0 considera de suma importancia prepararnos para los impactos de la innovaci\u00f3n tecnol\u00f3gica en el \u00e1mbito econ\u00f3mico. Proceso que tiene la capacidad de generar riquezas y producir a mayor velocidad en las diferentes econom\u00edas a nivel global. La innovaci\u00f3n tecnol\u00f3gica mejora la productividad de la econom\u00eda estatal y fortalece e incide en la econom\u00eda nacional\u00a0 para generar nuevas oportunidades de aumentar la riqueza, dando una eficaz respuesta a una mayor demanda de bienes y servicios basados en la econom\u00eda digital como el internet, el big data, las redes sociales, los servicios en la nube, innovaci\u00f3n abierta y la ciencia de datos.\u00a0<\/p>\n<p>Jalisco y nuestro pa\u00eds, no pueden ni deben quedarse rezagados en el proceso de la innovaci\u00f3n tecnol\u00f3gica, a pesar de las debilidades estructurales de nuestra econom\u00eda local y nacional. Por el contrario,\u00a0 proponemos que cada entidad sume sus esfuerzos al Estado mexicano para que siente las bases para aprovechar las oportunidades de la irrupci\u00f3n tecnol\u00f3gica en la econom\u00eda para incrementar el crecimiento econ\u00f3mico traducido en el Producto Interno Bruto (PIB) nacional, la productividad, el empleo y nuevas oportunidades de negocio.<\/p>\n<p>En el corto plazo se requiere de un modelo de transici\u00f3n estrat\u00e9gica de nuestra econom\u00eda basada en la manufactura de exportaci\u00f3n, explotaci\u00f3n de hidrocarburos y turismo a una sustentada en la investigaci\u00f3n, la ciencia, el\u00a0<\/p>\n<p>conocimiento, el desarrollo y la innovaci\u00f3n tecnol\u00f3gica. En esta transici\u00f3n el Estado juega un rol fundamental en la inversi\u00f3n p\u00fablica orientada a la educaci\u00f3n, investigaci\u00f3n b\u00e1sica y aplicada, y el desarrollo de nuevos mercados con reglas eficientes para que la intervenci\u00f3n estatal sirva para el desarrollo nacional.\u00a0<\/p>\n<p>Necesitamos consolidar un esquema eficiente y eficaz de las asociaciones p\u00fablico- privadas, en las cuales se comparta el riesgo de la inversi\u00f3n, pero tambi\u00e9n las utilidades de los proyectos de innovaci\u00f3n exitosos. Debemos socializar las p\u00e9rdidas, pero tambi\u00e9n las ganancias con una visi\u00f3n incluyente de la innovaci\u00f3n tecnol\u00f3gica, centrada en el bienestar de las personas y las comunidades.<\/p>\n<ul>\n<li aria-level=\"1\">Garantizar condiciones jur\u00eddicas e institucionales para dar certeza a las inversiones como la protecci\u00f3n de los derechos de propiedad, la seguridad p\u00fablica, erradicaci\u00f3n de la corrupci\u00f3n y de la extorsi\u00f3n.\u00a0<\/li>\n<li aria-level=\"1\">Apalancar el crecimiento econ\u00f3mico a partir de otorgar mayor acceso al cr\u00e9dito de la banca a la iniciativa privada y disminuir las restricciones para usar los ahorros de la pensiones de los trabajadores en infraestructura estrat\u00e9gica, garantizando la capitalizaci\u00f3n de los fondos invertidos en beneficios reales para los trabajadores.\u00a0<\/li>\n<li aria-level=\"1\">Aumentar la inversi\u00f3n p\u00fablica y privada en sectores estrat\u00e9gicos y clave de la econom\u00eda nacional como son infraestructura f\u00edsica, social y tecnol\u00f3gica; la formaci\u00f3n de capital humano altamente calificado; la generaci\u00f3n de capacidades para la ciencia, tecnolog\u00eda e innovaci\u00f3n; la adopci\u00f3n y uso de las tecnolog\u00edas digitales.\u00a0<\/li>\n<li aria-level=\"1\">Profundizar la inserci\u00f3n de la econom\u00eda estatal al mercado global de manera estrat\u00e9gica, buscando que los beneficios del comercio exterior, la econom\u00eda digital y del sector exportador se distribuya de una manera justa y equilibrada entre inversionistas, empresas, personas trabajadoras y regiones del estado, con perspectiva de g\u00e9nero.\u00a0<\/li>\n<li aria-level=\"1\">Fortalecer una pol\u00edtica industrial activa que promueva la competitividad, una articulaci\u00f3n eficaz de las cadenas productivas y distribuya la inversi\u00f3n as\u00ed como el empleo en las regiones del estado.\u00a0<\/li>\n<li aria-level=\"1\">Impulsar un modelo de desarrollo inclusivo basado en la coordinaci\u00f3n, coherencia y complementariedad entre las pol\u00edticas macroecon\u00f3micas, apertura comercial y econom\u00eda digital, con las de protecci\u00f3n social, salarios e ingresos, igualdad de g\u00e9nero y pol\u00edtica fiscal. As\u00ed como el uso eficiente de los recursos naturales, la preservaci\u00f3n del medio ambiente y una mejor calidad de vida.<\/li>\n<li aria-level=\"1\">Establecer un acuerdo de Estado que comprometa a los poderes p\u00fablicos, gobiernos, empresariado, sociedad civil, sindicatos, centros de investigaci\u00f3n y academia, a impulsar la ciencia, tecnol\u00f3gica e innovaci\u00f3n como motores del crecimiento econ\u00f3mico, con perspectiva de g\u00e9nero y visi\u00f3n regional. El acuerdo contemplar\u00e1:<\/li>\n<li aria-level=\"1\">Compromisos multianuales de inversi\u00f3n p\u00fablica y privada en Investigaci\u00f3n y Desarrollo (I+D) que llegue como una meta de todos los involucrados al 4% del PIB.<\/li>\n<li aria-level=\"1\">Incrementar la infraestructura tecnol\u00f3gica a partir de las asociaciones p\u00fablico- privadas, donde se comparta el riesgo pero tambi\u00e9n las ganancias entre el Estado y el sector privado.<\/li>\n<\/ul>\n<ul>\n<li aria-level=\"1\">Establecer programas de vinculaci\u00f3n de la academia y centros de investigaci\u00f3n con la industria.<\/li>\n<\/ul>\n<ul>\n<li aria-level=\"1\">Fortalecer los programas de formaci\u00f3n de capital humano altamente calificado.\u00a0<\/li>\n<\/ul>\n<ul>\n<li aria-level=\"1\">Dise\u00f1ar un modelo de transici\u00f3n en los sectores productivos con oportunidades de profundizar la innovaci\u00f3n tecnol\u00f3gica, con el fin de estimular el mercado y reconvertir la\u00a0 fuerza laboral sin afectar los derechos laborales de los trabajadores.<\/li>\n<\/ul>\n<p>* P\u00e1ginas 35 a la 37<\/p>\n<p>\u00a0<\/p>\n\t\t\t\t\t\t\t\t\t\t\t\t<a href=\"\">\u2022 Derechos Humanos<\/a>\n\t\t\t\t\t<h5>GARANTIZAR EL DERECHO A UNA ALIMENTACI\u00d3N NUTRITIVA Y OPORTUNA.<\/h5>\n<p><br \/>Para RSP Jalisco, la seguridad alimentaria es sin duda el derecho humano m\u00e1s<br \/>importante. Su relaci\u00f3n con la calidad y el tiempo de vida de las personas, determina el nivel<br \/>de bienestar de la poblaci\u00f3n.<br \/>Condicionantes de la seguridad alimentaria:<br \/>\u25cf La oferta como funci\u00f3n de la producci\u00f3n de alimentos, existencias y<br \/>comercializaci\u00f3n. Estabilidad<br \/>\u25cf Disponibilidad de ingresos. Acceso a la alimentaci\u00f3n<br \/>\u25cf Seguridad alimentaria. Acceso a los alimentos<br \/>\u25cf La calidad de la alimentaci\u00f3n en los hogares <br \/>\u25cf Inestabilidad pol\u00edtica y factores econ\u00f3micos: desempleo, aumento en el precio<br \/>de los alimentos-<br \/>Las entidades con mayores problemas de inseguridad alimentaria coinciden con los<br \/>\u00edndices m\u00e1s elevados de poblaci\u00f3n en pobreza extrema.<br \/>Mientras que las entidades con mejores condiciones de seguridad alimentaria son las que<br \/>presentan los porcentajes m\u00e1s bajos de pobreza y pobreza extrema.<br \/>En Jalisco, los problemas por acceso f\u00edsico a los alimentos en las zonas urbanas son menores que en las zonas rurales. Aun teni\u00e9ndose un \u00edndice aceptable de seguridad alimentaria, esta debe garantizarse en los segmentos y comunidades vulnerables que coincide con su desarrollo humano y desarrollo econ\u00f3mico.<br \/>La migraci\u00f3n obligada de estos segmentos los hace presentes invisibles en las mismas zonas con un buen nivel de desarrollo.<\/p>\n<p>\u25cf En el corto plazo y para enfrentar la actual crisis econ\u00f3mica en el estado, es<br \/>urgente distribuir despensas con alimentos agropecuarios y ganaderos de<br \/>productores locales a familias en situaci\u00f3n de pobreza o que perdieron sus<br \/>fuentes de ingresos. Particularmente a las familias cuyos menores de edad<br \/>reciben los desayunos escolares en las escuelas p\u00fablicas del pa\u00eds y que por<br \/>la pandemia este alimento no ha sido posible entregarlo.<br \/>\u25cf Impulsar una pol\u00edtica de estado que garantice la soberan\u00eda alimentaria con<br \/>base en la producci\u00f3n de alimentos a nivel local, donde las personas<br \/>campesinas, jornaleras agr\u00edcolas, avecindadas, as\u00ed como peque\u00f1os<br \/>productores, tengan acceso justo y equitativo al mercado con sus productos<br \/>diversificados basados en sistemas de producci\u00f3n agroecol\u00f3gicos.<br \/>\u25cf Garantizar la estabilidad en el abasto alimentario b\u00e1sico eliminando la<br \/>incertidumbre de los precios del mercado internacional, fomentando la<br \/>generaci\u00f3n dom\u00e9stica de alimentos.<br \/>\u25cf Asegurar una alimentaci\u00f3n con calidad nutricional de acuerdo con las<br \/>necesidades del mercado interno, el bienestar de las familias mexicanas y la<br \/>protecci\u00f3n del medio ambiente.<\/p>\n<h6>VIVIENDA DIGNA Y SUSTENTABLE.<\/h6>\n<p>Redes Sociales Progresistas Jalisco, trabaja para ser gobierno en todos los<br \/>niveles de representaci\u00f3n popular, para impulsar pol\u00edticas p\u00fablicas que Materialicen el derecho de los jaliscienses a tener una vivienda digna y sustentable, que no ponga en riesgo la satisfacci\u00f3n de otras necesidades b\u00e1sicas, construida con materiales y dise\u00f1os de calidad, que cuente con acceso a los servicios b\u00e1sicos y complementarios funcionales, eficientes, y se encuentren ubicadas en comunidades seguras y sustentables; con espacios comunes, \u00e1reas verdes y calidad comunitaria.<br \/>La armon\u00eda y convivencia social debe proyectarse desde la comodidad de las familias, habitando viviendas que en lo posible no sean parte de su multiplicaci\u00f3n en los mismos reducidos espacios.<\/p>\n<p>\u25cf Abatir el alto rezago de vivienda digna a la poblaci\u00f3n en situaci\u00f3n de<br \/>pobreza, juventudes, mujeres en situaci\u00f3n de vulnerabilidad y pueblos<br \/>ind\u00edgenas.<br \/>\u25cf Establecer esquemas de financiamiento flexible para la adquisici\u00f3n de vivienda nueva o usada a personas profesionistas, emprendedoras, micro y peque\u00f1as empresarias con ingresos irregulares y no constantes cercanos a sus centros de trabajo.<br \/>\u25cf Incentivar la construcci\u00f3n y acceso a una vivienda sustentable y asequible<br \/>basada en la conciencia ambiental y en el cuidado del entorno natural, con servicios integrados de uso racional y eficiente de energ\u00eda, conservaci\u00f3n, ahorro y utilizaci\u00f3n de agua, manejo de residuos s\u00f3lidos y creaci\u00f3n de un<br \/>ambiente saludable.<\/p>\n<h6>GARANTIZAR LOS DERECHOS SOCIALES DE LA POBLACI\u00d3N.<\/h6>\n<p><br \/>Redes Sociales Progresistas Jalisco, Impulsar\u00e1 el enfoque basado en derechos<br \/>como un criterio \u00e9tico en la legislaci\u00f3n y en la planeaci\u00f3n, dise\u00f1o, e implementaci\u00f3n de las<br \/>pol\u00edticas p\u00fablicas; en las estrategias, acciones, planes y programas del estado mexicano,<br \/>reconociendo como titulares de derechos a las ni\u00f1as, ni\u00f1os y adolescentes; personas<br \/>j\u00f3venes, mujeres, adultas mayores; de los pueblos y comunidades ind\u00edgenas y personas<br \/>con discapacidad; con la finalidad de materializar sus derechos con acciones, programas y<br \/>recursos p\u00fablicos.<br \/>\u25cf Reducir la brecha digital ampliando el acceso a las tecnolog\u00edas digitales e<br \/>impulsando la alfabetizaci\u00f3n de grupos en situaci\u00f3n de vulnerabilidad.<br \/>\u25cf Impulsar el derecho a la cultura como pol\u00edtica de estado, tanto a la creaci\u00f3n<br \/>como al acceso a los bienes y servicios culturales, a trav\u00e9s de fondos p\u00fablicos y<br \/>privados que promuevan e impulsen las diferentes expresiones art\u00edsticas como el<br \/>teatro, el cine, la m\u00fasica, danza, pintura, escultura; as\u00ed como la lectura y la<br \/>creaci\u00f3n literaria. Ampliar la difusi\u00f3n de las actividades culturales organizadas<br \/>por las instituciones p\u00fablicas, colectivos de artistas y organizaciones de la<br \/>sociedad civil.<br \/>\u25cf Garantizar la protecci\u00f3n, promoci\u00f3n y materializaci\u00f3n de los derechos a la<br \/>diversidad sexual e identidad de g\u00e9nero, el acceso a servicios p\u00fablicos de salud<br \/>gratuitos y de calidad sin discriminaci\u00f3n ni prejuicios; al reconocimiento pleno de<br \/>las uniones de las personas del mismo sexo; a vivir en un ambiente de armon\u00eda y<br \/>paz, sin poner en riesgo su vida o integridad f\u00edsica por su preferencia sexual o<br \/>identidad de g\u00e9nero; a la procuraci\u00f3n de justicia pronta y expedita; y no sufrir<br \/>actos de discriminaci\u00f3n o violencia.<\/p>\n<h6><br \/>VELAR POR EL INTER\u00c9S SUPERIOR DE LA NI\u00d1EZ Y ADOLESCENCIA.<\/h6>\n<p><br \/>Para RSP Jalisco, es impostergable comprender para atender de forma integral, que los<br \/>ni\u00f1os y los adolescentes son el colectivo m\u00e1s vulnerable y, por tanto, el que m\u00e1s sufre las<br \/>crisis y los problemas de cada entidad.<br \/>Debemos impulsar pol\u00edticas p\u00fablicas que siempre reconozcan y defiendan que todos los<br \/>ni\u00f1os y adolescentes tienen derecho a la salud, la educaci\u00f3n, la protecci\u00f3n y el bienestar.<br \/>Jalisco tiene en promedio 2,300,000 ni\u00f1as, ni\u00f1os y adolescentes de entre 0 y 14 a\u00f1os.<br \/>26.2% de la poblaci\u00f3n total.<br \/>De ellos:<br \/>37.7% con edades de 10 a 14 a\u00f1os<br \/>33.6% con edades de 5 a 9 a\u00f1os<br \/>32.7% con edades de 0 a 4 a\u00f1os.<br \/>Municipios del Jalisco con mayor cantidad de poblaci\u00f3n infantil de 0 a 14 a\u00f1os:<br \/>Mezquitic, Bola\u00f1os, Tlajomulco de Z\u00fa\u00f1iga, Poncitl\u00e1n, Atemajac de Brizuela, Ojuelos de<br \/>Jalisco y Chimaltit\u00e1n, con porcentajes superiores al 32% de su poblaci\u00f3n<br \/>Municipios con menor porcentaje de ni\u00f1os y ni\u00f1as de 0 a 14 a\u00f1os:<br \/>El Lim\u00f3n, Ejutla y Guadalajara, con menos del 21% de su poblaci\u00f3n, aproximadamente uno<br \/>de cada 5 personas en estos municipios.<br \/>Escolaridad de los ni\u00f1os, ni\u00f1as y adolescentes de 5 a 14 a\u00f1os.<\/p>\n<p>97.6% asisten a la escuela.<br \/>75.3% con primaria incompleta;<br \/>24.5% primaria terminada<br \/>0.3% secundaria completa.<\/p>\n<p>\u25cf Impulsar una aplicaci\u00f3n efectiva y homog\u00e9nea de los derechos e inter\u00e9s<br \/>superior de la ni\u00f1ez establecida en la Ley Estatal de los Derechos de las<br \/>Ni\u00f1as, Ni\u00f1os y Adolescentes; as\u00ed como aumentar las capacidades<br \/>institucionales y presupuestales del Sistema de Protecci\u00f3n de Ni\u00f1as, Ni\u00f1os y<br \/>Adolescentes a nivel estatal y municipal.<br \/>\u25cf Promover pol\u00edticas p\u00fablicas encaminadas a erradicar el reclutamiento por<br \/>grupos de la delincuencia organizada o las denominadas polic\u00edas<br \/>comunitarias de ni\u00f1as, ni\u00f1os y adolescentes.<br \/>\u25cf Atender las causas y efectos de la pobreza infantil con pol\u00edticas p\u00fablicas<br \/>progresivas como la alimentaci\u00f3n y la atenci\u00f3n a la salud.<br \/>\u25cf Castigar de forma severa la violencia, homicidio, secuestro, desaparici\u00f3n,<br \/>explotaci\u00f3n, abuso sexual y violaci\u00f3n contra los infantes y adolescentes,<br \/>particularmente los migrantes, con un mayor \u00e9nfasis cuando el perpetrador<br \/>sea un agente del estado.<br \/>\u25cf Garantizar los derechos humanos de la ni\u00f1ez y adolescentes migrantes no<br \/>acompa\u00f1ados en las estaciones migratorias, procurando siempre la<br \/>b\u00fasqueda inmediata de su bienestar y la unificaci\u00f3n familiar.<br \/>\u25cf Materializar el acceso, permanencia y egreso a un sistema educativo<br \/>equitativo e inclusivo con escuelas en buen estado, materiales educativos<br \/>accesibles, infraestructura educativa adecuada y de calidad, docentes<br \/>profesionalizados, alimentos calientes y nutritivos; as\u00ed como transporte a<br \/>todas las zonas del pa\u00eds.<\/p>\n<p>*P\u00e1ginas 14 a la 18 de<\/p>\n\t\t\t\t\t\t\t\t\t\t\t\t<a href=\"\">\u2022 Violencia pol\u00edtica en raz\u00f3n de G\u00e9nero <\/a>\n\t\t\t\t\t<h5>META JALISCO: POR UNA IGUALDAD SUSTANTIVA y erradicar LA DISCRIMINACI\u00d3N y violencia contra LAS MUJERES.<\/h5>\n<p>En Redes Sociales Progresistas Jalisco,\u00a0 tenemos una meta inmediata de justicia social, que\u00a0 es lograr\u00a0 la igualdad sustantiva entre hombres y mujeres, entendida como el acceso al mismo trato y oportunidades en el reconocimiento y goce de los derechos humanos y las libertades fundamentales.<\/p>\n<p>Para ello propondremos e impulsaremos pol\u00edticas p\u00fablicas para corregir las desigualdades que las mujeres padecen por razones de g\u00e9nero.<\/p>\n<p>Garantizando las mismas oportunidades en los diferentes \u00f3rganos directivos partidarios\u00a0 y de participaci\u00f3n en todos los niveles de representaci\u00f3n\u00a0 popular reconociendo los liderazgos y la participaci\u00f3n pol\u00edtica de las mujeres.<\/p>\n<p>Trabajaremos para lograr superar las desigualdades hist\u00f3ricas entre hombres y mujeres; desigualdades que se reflejan en la marginaci\u00f3n de las mujeres en el acceso a la salud, la educaci\u00f3n, la cultura, a una vida laboral y productiva digna, a espacios libres de violencia, a las actividades pol\u00edticas y al ejercicio pleno de sus derechos en nuestro pa\u00eds. Primordialmente abatir el rezago en la protecci\u00f3n de las mujeres y las limitantes en el acceso a la justicia.<\/p>\n<p>Jalisco a trav\u00e9s del Partido de Redes Sociales Progresistas debe impulsar y hacer realidad el empoderamiento pol\u00edtico, econ\u00f3mico y social de las mujeres; fortalecer la democracia paritaria, la igualdad sustantiva entre mujeres y hombres, las acciones afirmativas para la equidad en nuestros \u00f3rganos de direcci\u00f3n y en la postulaci\u00f3n a los cargos de elecci\u00f3n popular, y las medidas para evitar la discriminaci\u00f3n, el acoso y el abuso hacia las mujeres.<\/p>\n<p>Enfrentaremos las causas de la violencia de g\u00e9nero en todas sus dimensiones, impulsando\u00a0 pol\u00edticas p\u00fablicas que atiendan los rezagos sociales y estructurales que obstaculizan la igualdad sustantiva entre las mujeres \u00a0y los hombres.<\/p>\n<p>Hoy hablamos de Comunidades o Sociedades del Conocimiento.<\/p>\n<p>Sociedades de la informaci\u00f3n; Sociedad casi excluida e invisible para la superaci\u00f3n y el progreso, La Sociedad joven.<\/p>\n<p>Sociedad muy numerosa pero casi excluida y en un porcentaje alarmante violentada, La Sociedad de las Mujeres.<\/p>\n<p>La falta de oportunidades de desarrollo para las mujeres\u00a0 sobre todo en el sector rural de Jalisco exige la implementaci\u00f3n de\u00a0 Programas\u00a0 o Proyectos Productivos que promuevan e impulsen la econom\u00eda de este importante sector social de Jalisco, y les facilite el acceso laboral para mejorar sus condiciones de vida.<\/p>\n<p>Redes Sociales Progresistas, no solo invita a participar a estos importantes sectores sociales, sino que promueve su empoderamiento para resolver las causas de la\u00a0 desigualdad.<\/p>\n<p>El liderazgo de las mujeres es fundamental para enfrentar los desaf\u00edos que tenemos como\u00a0 entidad y como naci\u00f3n en el siglo XXI.<\/p>\n<p>El Siglo XXI, es sin duda el Siglo de las Mujeres.<\/p>\n<p>Nuestras Propuestas:<\/p>\n<ul>\n<li>Garantizar la prevenci\u00f3n, atenci\u00f3n y sanci\u00f3n de toda forma de discriminaci\u00f3n y violencia contra las ni\u00f1as y mujeres, promoviendo su desarrollo integral y participaci\u00f3n plena en todas las esferas de la vida.<\/li>\n<\/ul>\n<p>\u00a0<\/p>\n<ul>\n<li>Fortalecer las capacidades legales, institucionales y presupuestales de las dependencias y entidades de la administraci\u00f3n p\u00fablica estatal y municipal, para formular pol\u00edticas p\u00fablicas con perspectiva de g\u00e9nero que den soluci\u00f3n a las desigualdades, discriminaci\u00f3n y exclusi\u00f3n que puedan vivir las ni\u00f1as y mujeres, particularmente aquellas que se encuentran en una situaci\u00f3n de vulnerabilidad como son las mujeres ind\u00edgenas, adultas mayores, o con discapacidad.<\/li>\n<\/ul>\n<p><strong>\u00a0<\/strong><\/p>\n<ul>\n<li>Impulsar una cultura de valores, respeto y reconocimiento a las mujeres, la igualdad de g\u00e9nero y la igualdad sustantiva entre mujeres y hombre erradicando el patriarcado, el sexismo, los estereotipos y micromachismos en nuestra sociedad.<\/li>\n<\/ul>\n<p>\u00a0<\/p>\n<ul>\n<li>Erradicar los patrones de violencia generalizada contra las mujeres como el feminicidio, el acoso, abuso, violencia sexual, pol\u00edtica y dom\u00e9stica.<\/li>\n<\/ul>\n<p><strong>\u00a0<\/strong><\/p>\n<ul>\n<li>Garantizar el pleno ejercicio de los derechos sexuales y reproductivos de las mujeres que les permitan el acceso a servicios de salud y educativos de calidad con perspectiva de g\u00e9nero, como la inclusi\u00f3n de mujeres j\u00f3venes embarazadas y que son madres.<\/li>\n<\/ul>\n<p>\u00a0<\/p>\n<ul>\n<li>Impulsar pol\u00edticas p\u00fablicas que generen ingresos a las mujeres a trav\u00e9s del trabajo remunerado y decente; as\u00ed como acciones tanto programas de protecci\u00f3n social universal, que les permita una mayor igualdad en sus relaciones de pareja, fortalezca su poder de negociaci\u00f3n en las familias y abandonar relaciones de pareja perjudiciales.<\/li>\n<\/ul>\n<p>\u00a0<\/p>\n<ul>\n<li>Desmontar los factores estructurales en el \u00e1mbito laboral que evite el acoso, la discriminaci\u00f3n, la injusticia y la impunidad contra las mujeres, desde las remuneraciones equitativas para mujeres y hombres que realicen la misma actividad o en su caso asuman la misma responsabilidad, hasta las formas de contrataci\u00f3n igualitaria que comprenda mecanismos de c\u00f3mo se contrata; qui\u00e9n contrata; qui\u00e9n asciende; c\u00f3mo se asciende; y qui\u00e9n hace las evaluaciones.<\/li>\n<\/ul>\n<p>\u00a0<\/p>\n<ul>\n<li>Impulsar la Educaci\u00f3n para el Trabajo y Superaci\u00f3n de la Mujer. Aprovechamiento de la infraestructura de las Escuelas de Tiempo Completo para el desarrollo de Programas Productivos de: cocina tradicional; cocina nacional; cocina Internacional.<\/li>\n<\/ul>\n<p>\u00a0<\/p>\n<ul>\n<li>Programas Productivos de Dise\u00f1o, Corte y Confecci\u00f3n; Producci\u00f3n y Venta de Uniformes Escolares del municipio o regi\u00f3n.<\/li>\n<\/ul>\n<p>\u00a0<\/p>\n<ul>\n<li>Programa para la Ense\u00f1anza de los Medios Digitales para la modernizaci\u00f3n y superaci\u00f3n educativa de la Mujer y otros sectores vulnerables. Esta opci\u00f3n educativa promover\u00e1\u00a0 valor agregado en la producci\u00f3n\u00a0 de los\u00a0 sectores vulnerables o marginados facilitando su ingreso a la cadena productiva, y mejora econ\u00f3mica para una vida digna.\u00a0<\/li>\n<\/ul>\n<p>\u00a0<\/p>\n<ul>\n<li>Impulsar estos Proyectos para capacitar y dar accesibilidad a oportunidades laborales para otros segmentos sociales como lo son los j\u00f3venes, las personas con discapacidad y adultos mayores, los cuales carecen en muchos lugares de un programa enfocado a ellos que les apoye para mejorar su calidad de vida.<\/li>\n<\/ul>\n<p>*P\u00e1ginas 19 a la 21 <br \/><\/p>\n<p>\u00a0<\/p>\n\t\t\t\t\t\t\t\t\t\t\t\t<a href=\"\">\u2022 Participaci\u00f3n ciudadana<\/a>\n\t\t\t\t\t\t\t\t\t\t\t\t<a href=\"\">\u2022 Juventudes<\/a>\n\t\t\t\t\t<p>-Impulsaremos liderazgos juveniles disruptivos e innovadores tanto para ocupar cargos de direcci\u00f3n como a puestos de elecci\u00f3n popular.<\/p>\n<p>&#8211; Impulsar y fortalecer un marco jur\u00eddico general en el que se reconozca a las personas j\u00f3venes como sujetos de derechos, su derecho a participar de forma activa en la toma de decisiones del pa\u00eds, a un desarrollo integral en un contexto de libertades, no discriminaci\u00f3n y libre de violencia.<\/p>\n<p>-Impulsar pol\u00edticas p\u00fablicas con enfoque de g\u00e9nero, igualdad sustantiva, la no discriminaci\u00f3n, la transversalidad, y autonom\u00eda e independencia que contribuyan a potenciar sus capacidades, conocimientos, ideas, acciones e iniciativas para consolidar su desarrollo y del pa\u00eds.\u00a0<\/p>\n<p>-Asegurar los recursos presupuestales progresivos para el financiamiento del ejercicio de sus derechos como son la educaci\u00f3n, salud, vivienda, alimentaci\u00f3n y emprendimiento.\u00a0<\/p>\n<p>-Garantizar el acceso, permanencia y egreso de las personas j\u00f3venes a la educaci\u00f3n media superior y superior con igualdad, pertinencia y oportunidad;<\/p>\n<p>-Incorporar a las personas j\u00f3venes al mercado laboral con salarios dignos y protecci\u00f3n social.<\/p>\n<p>-Establecer modelos y esquemas de financiamiento p\u00fablico y privado a proyectos de emprendimiento de negocios.<\/p>\n<p>\u00a0<\/p>\n\t\t\t\t\t\t\t\t\t\t\t\t<a href=\"\">\u2022 Otro tema no enmarcado en las categorias<\/a>\n\t\t\t\t\t\t\t\t\t\t\t<a href=\"https:\/\/www2.iepcjalisco.org.mx\/tablero-electoral-2021\/wp-content\/uploads\/2021\/03\/Fuerza-por-MexicoPLATAFORMA-DIPUTACIONES.docx\" target=\"_blank\" rel=\"noopener\">\n\t\t\t\t\t\t\t<img width=\"300\" height=\"300\" src=\"https:\/\/www2.iepcjalisco.org.mx\/tablero-electoral-2021\/wp-content\/uploads\/2021\/03\/13-FUERZA-X-ME\u0301XICO.png\" alt=\"\" loading=\"lazy\" \/>\t\t\t\t\t\t\t\t<\/a>\n\t\t\t\t\t\t\t\t\t\t\t\t<a href=\"\">FUERZA POR MEXICO<\/a>\n\t\t\t\t\t<p><a href=\"https:\/\/www2.iepcjalisco.org.mx\/tablero-electoral-2021\/wp-content\/uploads\/2021\/03\/Fuerza-por-MexicoPLATAFORMA-DIPUTACIONES.docx\">Descagar Plataforma Electoral<\/a><\/p>\n<p>Dirigente estatal del partido: Rub\u00e9n V\u00e1zquez<\/p>\n<p><br \/>Redes sociales oficiales del Partido:<br \/><a href=\"http:\/\/www.fuerzapormexico.org.mx\/\" target=\"_blank\" rel=\"noopener\">www.fuerzapormexico.org.mx<\/a><br \/><a href=\"https:\/\/www.facebook.com\/FuerzaPorMexicoJalisco\/\" target=\"_blank\" rel=\"noopener\">Fuerza por M\u00e9xico Jalisco &#8211; Inicio | Facebook<\/a><br \/><a href=\"https:\/\/twitter.com\/fuerzaxmexico\" target=\"_blank\" rel=\"noopener\">Fuerza X M\u00e9xico Oficial (@fuerzaxmexico) \/ Twitter<\/a><br \/><a href=\"https:\/\/www.youtube.com\/channel\/UCOZz9gta45tecGbMGmVvrqQ\" target=\"_blank\" rel=\"noopener\">Fuerza X M\u00e9xico &#8211; YouTube<\/a><\/p>\n<p>\u00a0<\/p>\n\t\t\t\t\t\t\t\t\t\t\t\t<a href=\"\">\u2022 Gobernabilidad y Seguridad<\/a>\n\t\t\t\t\t<h4><b>Una Pol\u00edtica de Construcci\u00f3n Integral de Paz: Seguridad Ciudadana, Prevenci\u00f3n del Delito, Derechos Humanos y Procuraci\u00f3n de Justicia.\u00a0<\/b><\/h4>\n<p>Uno de los grandes reclamos sociales es la ausencia de una pol\u00edtica p\u00fablica de seguridad integral que permita la reconstrucci\u00f3n del propio entramado social, lo que ha conllevado a un incremento desmedido de la delincuencia en todos los niveles y \u00e1mbitos de la vida de cada uno de nuestros roles dentro de este gran Estado.<\/p>\n<p>As\u00ed, como parte de la sociedad mexicana hemos visto como d\u00eda con d\u00eda nuestro patrimonio se ha visto menoscabado por el ataque constante de quienes se encuentran fuera del marco del Derecho.<\/p>\n<p>De esta forma, en Fuerza por M\u00e9xico consideramos que los planes y proyectos presentados como parte de las pol\u00edticas p\u00fablicas en materia de seguridad, deben incidir en la recuperaci\u00f3n de la tranquilidad y la paz, destruidas por las estrategias de seguridad p\u00fablica y combate a la delincuencia que han sido puestas en pr\u00e1ctica durante las \u00faltimas d\u00e9cadas.\u00a0<\/p>\n<p>As\u00ed, hemos visto que hay un incremento de diversos il\u00edcitos entre los que destaca el aumento de homicidios, entre culposos y dolosos, el aumento de todos aquellos il\u00edcitos derivados de la violencia de g\u00e9nero y, aun m\u00e1s, las tasas elevadas de los actos contrarios a derecho que no se encuentran ligados a la delincuencia organizada.\u00a0<\/p>\n<p>As\u00ed, es un compromiso de parte de nuestro partido el motivar la inhibici\u00f3n de todo aquello que genere el estado actual de violencia en que estamos transitando y, por tanto, que las consecuencias que producen, en lo individual y en lo colectivo se vean eliminadas por completo.<\/p>\n<p>Lo anterior, debido a que es convicci\u00f3n de nuestra ideolog\u00eda que ninguna sociedad puede funcionar adecuadamente sin certeza jur\u00eddica y sin garant\u00edas para la seguridad f\u00edsica de sus integrantes.\u00a0<\/p>\n<p>De esta forma resulta trascendental devolver a la ciudadan\u00eda la paz total no s\u00f3lo en las calles sino tambi\u00e9n en todos aqu\u00e9llos ambitos de desenvolvimiento individual y colectivo, de esta forma se lograr\u00e1 recuperar el entramado al que se hizo menci\u00f3n inicialmente.<\/p>\n<p>Ahora bien, esto no solo se concretizar\u00e1 a trav\u00e9s de las acciones que busquen inhibir de forma directa la comici\u00f3n de los ilicitos, sino tambi\u00e9n mediante aquellas acciones que lo prevengan.<\/p>\n<p>Estas deben ser entendidas como parte de las pol\u00edticas p\u00fablicas en materia de educaci\u00f3n, deporte, salud, desarrollo familiar, bienestar econ\u00f3mico y reconstrucci\u00f3n social, es decir todo aquello que redunde en un bienestar social.<\/p>\n<p>Estamos convencidos de que la prevenci\u00f3n del delito debe ser m\u00e1s rentable que el combate a la delincuencia, es decir, para poder atacar el problema debemos atender la causa y solucionar el problema de fondo.<\/p>\n<p>Con una pol\u00edtica p\u00fablica que logre que los integrantes de la sociedad encuentren beneficios en lo individual conseguiremos que ese bien colectivo se alcance de forma plena y obtendremos la disminuci\u00f3n paulatina de los indices delictivos.<\/p>\n<p>En Fuerza por M\u00e9xico, estamos convencidos que debe existir un respeto irrestricto a los Derechos Fundamentales, a nuestra constitucionalidad y legalidad, como parte de la pol\u00edtica de seguridad que debe existir en nuestro Estado, de esta forma conseguiremos que esto permee en todos los \u00e1mbitos sociales, es decir el respeto de lo derechos m\u00ednimos de la poblaci\u00f3n debe darse no solo desde el \u00e1mbito del gobierno, sino tambi\u00e9n desde el punto de vista social, laboral y familiar.<\/p>\n<p>Con lo cual lograremos, adem\u00e1s, la reducci\u00f3n de aqu\u00e9llos actos que violentan a las mujeres de nuestra sociedad, es decir, respetando esos postulados individuales estaremos en aptitud de obtener una mejor sociedad para las integrantes de nuestra sociedad.<\/p>\n<p>As\u00ed, entendemos que los \u00f3rganos constitucionales aut\u00f3nomos en materia de Derechos Humanos deben gozar de mayores atribuciones que permitan incidir en lo que creemos debe ser el respeto total y absoluto de los mismos.<\/p>\n<p>Una Comisi\u00f3n de Derechos Humanos m\u00e1s fuerte coadyuva a un mejoramiento social.<\/p>\n<p>Finalmente, como ha quedado establecido en el cuerpo de la presente plataforma, el fortalecimiento de las instituciones del Estado implica un mejoramiento de las condiciones sociales del mismo, as\u00ed la procuraci\u00f3n de justicia como parte de las actividades exclusivas de gobierno debe estar coordinada con los ejes mencionados en el presente apartado.<\/p>\n<p>De esta forma al entender que la procuraci\u00f3n de justicia no s\u00f3lo es uno de los elementos del poder cohercitivo del Estado, sino tambi\u00e9n un medio de prevenci\u00f3n del delito, en el cual debe existir de forma inalterable un respeto total a los m\u00ednimos constitucionales a los que tiene derecho el ciudadano, como sujeto activo de las conductas contrarias a derecho, y como sujeto pasivo o v\u00edctima de la comisi\u00f3n de los delitos, se obtendr\u00e1 un beneficio social que implique un mejoramiento de la funci\u00f3n estatal en cuesti\u00f3n.\u00a0<\/p>\n<p>Por estas razones, Fuerza por M\u00e9xico considera que los ejes fundamentales rectores para la recuperaci\u00f3n de la paz social son: un mejoramiento de la calidad social de seguridad p\u00fablica, prevenci\u00f3n integral del delito atendiendo a sus causas, respeto a los derechos humanos y procuraci\u00f3n de justicia.<\/p>\n\t\t\t\t\t\t\t\t\t\t\t\t<a href=\"\">\u2022 Movilidad<\/a>\n\t\t\t\t\t\t\t\t\t\t\t\t<a href=\"\">\u2022 Desarrollo Econ\u00f3mico, Empleo y Salario<\/a>\n\t\t\t\t\t<h5><b>Fomento al Empleo, Empleo Digno, Democracia Sindical y Productividad laboral.\u00a0<\/b><\/h5>\n<p>La generaci\u00f3n de empleos en el Estado, enfrenta una grave crisis ante los comportamientos macroecon\u00f3micos que se reflejan directamente en los sectores productivos, principalmente en las peque\u00f1as y medianas empresas que son el pilar fundamental de la microeconom\u00eda y del beneficio de miles de Jaliscienses que buscan m\u00e1s y mejores fuentes de empleos.\u00a0<\/p>\n<p>El empleo digno y bien remunerado es una asignatura pendiente durante a\u00f1os en el pa\u00eds y en Jalisco, y que la ciudadan\u00eda ha reclamado durante d\u00e9cadas para enfrentar las crisis econ\u00f3micas, devaluaciones y abusos por parte de empleadores que buscan el beneficio personal antes que el bien com\u00fan.<\/p>\n<p>Por otra parte, el sindicalismo tradicional se ha convertido en un modo de vida en beneficio de unos cuantos y dejando al agremiado desprotegido, olvidando los principios fundamentales de una organizaci\u00f3n sindical y deteniendo los avances que, durante d\u00e9cadas, los trabajadores han luchado para hacer valer sus derechos\u00a0<\/p>\n<p>Es por ello, que en Fuerza por M\u00e9xico consciente de la nueva realidad del pa\u00eds en el \u00e1mbito laboral proponemos:<\/p>\n<p>Fomentar en la sociedad a realizar el emprendimiento en actuales y nuevas actividades comerciales, impulsando el fomento al empleo, con pleno respeto a los derechos laborales, para incorporarse a la actividad comercial del Estado.<\/p>\n<p>Impulsar un sindicalismo moderno, \u00e1gil y din\u00e1mico con beneficios directos al trabajador agremiado, impulsando el crecimiento en su actividad laboral mediante la capacitaci\u00f3n y programas de educaci\u00f3n continua conforme a las exigencias del sector econ\u00f3mico para su incorporaci\u00f3n a la vida productiva.<\/p>\n<p>Exigir a los sindicatos a tener una verdadera democracia sindical, en donde sus reglamentos internos sean acordes a la transformaci\u00f3n, crecimiento y la realidad, fortaleciendo y reconstruyendo el objetivo por el cual estos entes son la base fundamental para consolidar los derechos de los agremiados.<\/p>\n<p>Incorporar la innovaci\u00f3n y aplicaci\u00f3n de tecnolog\u00edas que se adapten a la realidad laboral y no con el objetivo de eliminar puestos de trabajo, sino como un fomento al desarrollo personal con programas de educaci\u00f3n y de actualizaci\u00f3n, as\u00ed como el incremento de la productividad con el fin de un crecimiento personal y profesional ante los nuevos retos que enfrentamos.<\/p>\n<p>La plataforma pol\u00edtica que Fuerza por M\u00e9xico acredita para la elecci\u00f3n de ayuntamientos en el Estado de Jalisco, con la que contendr\u00e1n en precampa\u00f1a y en campa\u00f1a nuestras y nuestros candidatos con la finalidad de fortalecer \u00e9sta acredita que es el punto de partida es el inicio y fuente de una nueva FUERZA que se enriquecer\u00e1 con su militancia, simpatizantes, afiliados, ciudadan\u00eda, sectores de la poblaci\u00f3n.<\/p>\n<p>Transformaremos la forma de ver, hacer y entender la pol\u00edtica, exponenciaremos el uso de las nuevas tecnolog\u00edas de la informaci\u00f3n para enriquecer el presente documento.<\/p>\n<p>Creemos en la participaci\u00f3n ciudadana y a ella nos abocaremos y nos consagraremos, buscaremos la voz de las mujeres, de los j\u00f3venes, los hombres, adultos mayores y los grupos vulnerables; para alcanzar la mayor\u00eda legislativa y el triunfo.<\/p>\n<p>Al integrar los ayuntamientos seremos escrupulosos en la cuenta p\u00fablica, con una visi\u00f3n de coordinaci\u00f3n de los \u00f3rganos del Estado, con la participaci\u00f3n activa de los sectores de la poblaci\u00f3n.<\/p>\n<p>Este documento es nuestro punto de partida que enriqueceremos escuchando y entendiendo a todas y todos los Jaliscienses y sus circunstancias que les aqueja.<\/p>\n<p>\u00a1Que hable M\u00e9xico, esta es nuestra FUERZA y este es nuestro compromiso!<\/p>\n\t\t\t\t\t\t\t\t\t\t\t\t<a href=\"\">\u2022 Medio Ambiente<\/a>\n\t\t\t\t\t\t\t\t\t\t\t\t<a href=\"\">\u2022 Desarrollo Humano<\/a>\n\t\t\t\t\t<h5>Cuidar nuestro hogar com\u00fan<\/h5>\n<p>Cuando hablamos de nuestro \u2018hogar com\u00fan\u2019 nos referimos al espacio f\u00edsico y social en el cual convivimos las personas y nuestro entorno. Es el territorio que compartimos,\u00a0 pero que tambi\u00e9n permanece en continua disputa. Hay\u00a0 que reconocer que nuestro bienestar depende de la armon\u00eda de la ecoregi\u00f3n en la cual nuestra comunidad forma parte. Somos parte de nuestras circunstancias y dependemos irremediablemente de ellas, por lo que resulta fundamental mantener un compromiso con el cuidado de nuestro medio ambiente y los recursos naturales a los cuales est\u00e1n sujetas nuestras existencias. Adem\u00e1s, es imperante reconocer el derecho de existir del resto de las especies que cohabitan con nosotros. Debemos dejar de hacer evaluaciones utilitaristas al respecto de otros seres vivos, y\u00a0 respetar\u00a0 el\u00a0 legado milenario que encierra cada forma de vida y h\u00e1bitat de\u00a0 nuestro\u00a0 planeta.<\/p>\n<ol>\n<li style=\"list-style-type: none;\">\n<ol>\n<li><strong>H\u00e1bitat<\/strong><\/li>\n<\/ol>\n<\/li>\n<\/ol>\n<p>Nuestro h\u00e1bitat es el territorio que compartimos con nuestra comunidad m\u00e1s inmediata. Es el escenario de la mayor parte de nuestras vidas, donde se produce una multiplicidad de historias entrelazadas, \u00edntimamente vinculadas. Con nuestra ciudad o pueblo construimos una relaci\u00f3n importante en nuestras vidas, es en donde afirmamos nuestra identidad y nos desarrollamos. Cuando est\u00e1 en buenas condiciones, nuestro h\u00e1bitat es un espacio propicio para desarrollarnos plenamente y vivir en paz. Actualmente nuestras ciudades se han convertido en territorios fracturados y hostiles, por lo que buscamos una transformaci\u00f3n profunda para garantizar que sean lo que siempre deben ser: espacios de interacci\u00f3n y crecimiento para todas las personas. El cuidado de nuestro h\u00e1bitat y la garant\u00eda del derecho a la ciudad son elementos fundamentales en la agenda program\u00e1tica de Futuro.<\/p>\n<p>\u00a0<\/p>\n<ol>\n<li style=\"list-style-type: none;\">\n<ol>\n<li style=\"list-style-type: none;\">\n<ul>\n<li aria-level=\"1\"><b>Desarrollo urbano<\/b><\/li>\n<\/ul>\n<\/li>\n<\/ol>\n<\/li>\n<\/ol>\n<p>Ante las l\u00f3gicas del desplazamiento, marginaci\u00f3n sistematizada y desigualdad es necesario repensar nuestro modelo de desarrollo urbano. Concebimos fundamental un modelo que priorice ante todo la sustentabilidad, la compacidad, la diversidad y la conectividad. So\u00f1amos con ciudades y pueblos m\u00e1s seguros, sanos y justos. El dise\u00f1o de nuestros pueblos y ciudades debe de estar orientado a la disminuci\u00f3n de las desigualdades sociales y a la producci\u00f3n de bienes y servicios comunitarios m\u00e1s funcionales y accesibles para todas las personas.<\/p>\n<p>\u00a0<\/p>\n<ol>\n<li style=\"list-style-type: none;\">\n<ol>\n<li style=\"list-style-type: none;\">\n<ul>\n<li aria-level=\"1\"><b>Desarrollo urbano territorial<\/b><\/li>\n<\/ul>\n<\/li>\n<\/ol>\n<\/li>\n<\/ol>\n<p>Un punto crucial para todo esfuerzo de desarrollo urbano es pensar en la mancha urbana relacionada con el territorio en el cual est\u00e1 inserto. El modelo de crecimiento urbano desordenado imperante hasta la fecha ha depredado irresponsablemente a la naturaleza, adem\u00e1s de que ha propiciado la continuaci\u00f3n de la desigualdad social a trav\u00e9s de la segregaci\u00f3n espacial. Esto puede ser evitado con una visi\u00f3n t\u00e9cnica comprometida con la producci\u00f3n de centros de poblaci\u00f3n m\u00e1s justos y sustentables.<\/p>\n<p>Buscamos:<\/p>\n<ol>\n<li style=\"list-style-type: none;\">\n<ol>\n<li style=\"list-style-type: none;\">\n<ul>\n<li aria-level=\"1\">La elaboraci\u00f3n de planes de desarrollo urbano municipales orientados a la realizaci\u00f3n de la nueva agenda urbana en todos los centros poblacionales del estado.\u00a0<\/li>\n<\/ul>\n<\/li>\n<li style=\"list-style-type: none;\">\n<ul>\n<li aria-level=\"1\">En el caso del \u00c1rea Metropolitana de Guadalajara, se debe generar un Plan metropolitano de desarrollo urbano distinto a los esfuerzos existentes\u00a0 actuales, que evidentemente no han rendido frutos.\u00a0<\/li>\n<\/ul>\n<\/li>\n<li style=\"list-style-type: none;\">\n<ul>\n<li aria-level=\"1\">Para su correcto funcionamiento, \u200bel IMEPLAN (Instituto Metropolitano de Planeacio\u0301n) \u200bdebe de ser ajeno a intereses partidistas y multisectorial, con perfiles t\u00e9cnicos y profesionales, que trasciendan a las administraciones cambiantes, sus l\u00edmites temporales y territoriales.\u00a0<\/li>\n<\/ul>\n<\/li>\n<li style=\"list-style-type: none;\">\n<ul>\n<li aria-level=\"1\">Promover colaboraciones intermunicipales y simplificar el camino burocr\u00e1tico.\u00a0<\/li>\n<li aria-level=\"1\">Cuidar que el desarrollo y el disen\u0303o urbano cumplan con criterios de perspectiva de ge\u0301nero.<\/li>\n<\/ul>\n<\/li>\n<\/ol>\n<\/li>\n<\/ol>\n<p>\u00a0<\/p>\n<ol>\n<li style=\"list-style-type: none;\">\n<ol>\n<li style=\"list-style-type: none;\">\n<ul>\n<li aria-level=\"1\"><b>Vivienda<\/b><\/li>\n<\/ul>\n<\/li>\n<\/ol>\n<\/li>\n<\/ol>\n<p>Garantizar el derecho a la vivienda digna para todas las personas de Jalisco\u00a0 \u00a0 es\u00a0 \u00a0 una\u00a0 \u00a0 labor\u00a0 \u00a0 pendiente\u00a0 \u00a0 desde\u00a0 \u00a0 hace\u00a0 \u00a0 largo\u00a0 \u00a0 tiempo, especialmente para aquellos que no tienen la capacidad de acceder a ella\u00a0 por\u00a0 sus\u00a0 propios\u00a0 medios.\u00a0 Por\u00a0 a\u00f1os\u00a0 la\u00a0 vivienda en Jalisco ha sido deficiente, de poca calidad y en ubicaciones altamente inconvenientes, por lo que es fundamental reimaginar el sistema de vivienda social que impera en nuestro estado.<\/p>\n<p>Buscamos:<\/p>\n<ol>\n<li style=\"list-style-type: none;\">\n<ol>\n<li style=\"list-style-type: none;\">\n<ul>\n<li aria-level=\"1\">Generar una planeacio\u0301n de \u200bvivienda social orientada hacia la redensificacio\u0301n urbana y la promocio\u0301n de vida comunitaria, ubicada donde el costo de vida sea ma\u0301s accesible y el impacto ambiental sea ma\u0301s positivo.\u00a0\u00a0<\/li>\n<li aria-level=\"1\">Garantizar el acceso a los servicios p\u00fablicos b\u00e1sicos en todos los hogares, particularmente en aquellas zonas caracterizadas por el hacinamiento y la precariedad.\u00a0<\/li>\n<\/ul>\n<\/li>\n<\/ol>\n<\/li>\n<\/ol>\n<ol>\n<li style=\"list-style-type: none;\">\u00a0<\/li>\n<li>\n<p><b>Reconstrucci\u00f3n del tejido social<\/b><\/p>\n<p>Los procesos de descomposici\u00f3n de las comunidades han sido tan agudos que algunas partes de Jalisco se han vuelto irreconocibles, inh\u00f3spitas. Promoveremos los esfuerzos de reconstrucci\u00f3n del tejido social, conscientes de que entre m\u00e1s peque\u00f1o sea el espacio de intervenci\u00f3n hay m\u00e1s posibilidades de tener \u00e9xito creando burbujas de recomposici\u00f3n del tejido social. Queremos hacer trabajo situado de cerca con las v\u00edctimas y las comunidades, con actores locales para identificar proyectos locales que pudieran recomponer el tejido social y servir como facilitadores para el desarrollo comunitario.<\/p>\n<\/li>\n<\/ol>\n\t\t\t\t\t\t\t\t\t\t\t\t<a href=\"\">\u2022 Educaci\u00f3n e Innovaci\u00f3n<\/a>\n\t\t\t\t\t\t\t\t\t\t\t\t<a href=\"\">\u2022 Cultura, salud y deporte<\/a>\n\t\t\t\t\t<h5>Mejoramiento de las condiciones e instituciones de salud.\u00a0<\/h5>\n<p>El fortalecimiento de las instituciones que tienen bajo su responsabilidad el manejo y atenci\u00f3n de miles de Jaliscienses, es y deber\u00e1 de ser pieza clave en nuestro desarrollo y eje rector de la toma de decisiones para el futuro.<\/p>\n<p>Durante a\u00f1os, la administraci\u00f3n de las instituciones de salud en Jalisco siempre ha estado en deuda con la poblaci\u00f3n ante la falta de infraestructura, medicamentos, personal m\u00e9dico y problemas de atenci\u00f3n para los miles de ciudadanas y ciudadanos que, en su derecho constitucional, requieren de esta atenci\u00f3n de parte del Estado.\u00a0<\/p>\n<p>Gobierno que no contemple el incremento de recursos, esquemas de financiamiento, la correcta optimizaci\u00f3n del personal m\u00e9dico, la modernizaci\u00f3n de la infraestructura hospitalaria, el desabasto de medicamentos, la log\u00edstica y distribuci\u00f3n de los mismos, una clara estrategia de educaci\u00f3n y prevenci\u00f3n en salud y la integraci\u00f3n del desarrollo humano, bienestar social, programas de cultura f\u00edsica y el incremento de las necesidades poblacionales en esta materia, repetir\u00e1 los errores ante la falta de pol\u00edticas p\u00fablicas modernas y din\u00e1micas acorde con la problem\u00e1tica estatal.<\/p>\n<p>Para tener un sistema de salud universal, es necesario no solo modificar el sector salud, sino tambi\u00e9n otros sectores, como el gubernamental, ya que este es el que rige y toma las decisiones en este tema y en el cual se encuentran personas que no est\u00e1n preparadas para la toma de decisiones que se requieren y que favorezcan a los m\u00e1s desprotegidos que son los m\u00e1s afectados.\u00a0<\/p>\n<p>Lograr modificar el sistema de salud es sin duda una situaci\u00f3n dif\u00edcil, ya que en \u00e9ste se encuentran luchas de poder en donde el cambiarlo representa que las personas favorecidas con esta situaci\u00f3n dejen de recibir los beneficios tanto econ\u00f3micos como de control de masas.\u00a0<\/p>\n<p>Una de las problem\u00e1ticas que se encuentran en el sistema de Jalisco es que cuando una persona quiere recibir atenci\u00f3n m\u00e9dica, a\u00fan tiene que esperar varias horas para recibirla y cuando llega el momento en muchas ocasiones la calidad de la atenci\u00f3n no es buena debido a malos tratos e inclusive porque la atenci\u00f3n est\u00e1 muy sistematizada, siendo que cada persona requiere de atenci\u00f3n especializada, por lo que otro sector que se debe modificar es el poblacional en donde las personas hagan valer su derecho de recibir una atenci\u00f3n de calidad as\u00ed como el acceso a los servicios de salud requeridos, sin ning\u00fan costo extra.\u00a0<\/p>\n<p>En Jalisco a\u00fan falta mucho por hacer en los distintos niveles de atenci\u00f3n, pero sobre todo en la atenci\u00f3n primaria, ya que no se le da prioridad a este punto, siendo uno de los m\u00e1s importantes debido a que garantiza la cobertura y el acceso universal a los servicios, los cuales son aceptados para la poblaci\u00f3n y promueven la equidad; prestan atenci\u00f3n integral, integrada y apropiada a lo largo del tiempo y pone \u00e9nfasis en la prevenci\u00f3n y la promoci\u00f3n, dicho aspecto garantiza el primer contacto del usuario con el sistema, lo que permite tomar a las familias y comunidades como base para la planificaci\u00f3n y la acci\u00f3n.<\/p>\n<p>Las condiciones y las instituciones de salud, son muy precarias e insuficientes para dar la cobertura m\u00e9dica que se requiere.<\/p>\n<p>Aunado a lo anterior, la pandemia del Covid-19, nos ha colocado a todos ante el reto m\u00e1s importante y trascendente que como sociedad hayamos enfrentando.\u00a0<\/p>\n<p>Aproximadamente 2 mil 200 millones de personas en el mundo permanecen en sus hogares ante el crecimiento exponencial del virus. Un paro de esta magnitud no tiene precedente en la historia de la humanidad y sus consecuencias econ\u00f3micas, sociales, culturales y sanitarias, persistir\u00e1n durante los pr\u00f3ximos a\u00f1os.\u00a0<\/p>\n<p>Nos encontramos en una guerra ante esta pandemia y nuestra prioridad debe de ser la salud y bienestar de toda la Naci\u00f3n.<\/p>\n<p>\u00a0<\/p>\n\t\t\t\t\t\t\t\t\t\t\t\t<a href=\"\">\u2022 Finanzas y Obra P\u00fablica<\/a>\n\t\t\t\t\t\t\t\t\t\t\t\t<a href=\"\">\u2022 Transparencia, Rendici\u00f3n de Cuentas y Combate a la Corrupci\u00f3n<\/a>\n\t\t\t\t\t<h5>Combate contra la Corrupci\u00f3n y la Impunidad, \u00c9tica P\u00fablica, Gobiernos Transparentes y Rendici\u00f3n de Cuentas.\u00a0<b><\/b><\/h5>\n<p>El combate contra la corrupci\u00f3n en Jalisco ha sido durante d\u00e9cadas un discurso ret\u00f3rico y sin resultados concretos. El incremento de la corrupci\u00f3n ha sido notable y si bien se ha pretendido erradicar, el mismo se ha arraigado entre la poblaci\u00f3n en todas sus vertientes. La falta de aplicaci\u00f3n de justicia fomenta la impunidad y la violaci\u00f3n de la \u00e9tica p\u00fablica entre la poblaci\u00f3n que d\u00eda con d\u00eda se involucra en esta peligrosa cotidianeidad.<\/p>\n<p>Si bien el fortalecimiento de las instituciones que combaten este fen\u00f3meno se ha incrementado, a\u00fan es insuficiente para disminuir los casos de corrupci\u00f3n e impunidad en nuestro Estado.\u00a0<\/p>\n<p>La importancia de contar con pol\u00edticas p\u00fablicas claras y objetivas en donde se privilegie la transparencia y la rendici\u00f3n de cuentas de gobiernos, servidores p\u00fablicos, sindicatos y organismos p\u00fablicos aut\u00f3nomos, deber\u00e1 de ser una exigencia en donde las instituciones aut\u00f3nomas cumplan eficazmente y sin dar privilegios a los entes obligados para tal fin.<\/p>\n<p>Dado lo anterior, en Fuerza por M\u00e9xico integramos cinco vertientes principales a nuestra plataforma electoral:<\/p>\n<p>1) El desarrollo de un programa de educaci\u00f3n c\u00edvica, rescatando los valores intr\u00ednsecos de la familia que es la base de la sociedad, como un m\u00e9todo de prevenci\u00f3n en la poblaci\u00f3n.<\/p>\n<p>2) Difundir los derechos y obligaciones de los sujetos obligados a cumplir con la transparencia y la rendici\u00f3n de cuentas para que la sociedad civil conozca y exija en su leg\u00edtimo derecho, de los alcances que facultan la ley.<\/p>\n<p>3) Fortalecer a las instituciones de una independencia absoluta para la correcta aplicaci\u00f3n de la ley y sin distingos, con el fin de reducir los espacios de corrupci\u00f3n e impunidad, con castigos ejemplares y el respeto a los derechos humanos enmarcados en la constituci\u00f3n.<\/p>\n<p>4) Integraci\u00f3n de la sociedad civil en los organismos aut\u00f3nomos encargados de combatir la corrupci\u00f3n, transparencia y rendici\u00f3n de cuentas como representantes de la poblaci\u00f3n ante los actos que vulneren a la sociedad en su conjunto, permitiendo la integraci\u00f3n eficaz de todos los sectores.<\/p>\n<p>5) Impulso de una agenda estatal de prevenci\u00f3n, combate y erradicaci\u00f3n de la corrupci\u00f3n e impunidad integrado las bases conforme a la realidad actual y la planeaci\u00f3n a mediano y largo plazo acorde a la din\u00e1mica social y dejar bases para futuras generaciones, contemplando la representatividad de todos los actores de la sociedad de nuestro Estado.<\/p>\n<p>\u00a0<\/p>\n\t\t\t\t\t\t\t\t\t\t\t\t<a href=\"\">\u2022 Infraestructura y Gasto P\u00fablico<\/a>\n\t\t\t\t\t\t\t\t\t\t\t\t<a href=\"\">\u2022 Derechos Humanos<\/a>\n\t\t\t\t\t<h5>Prevenci\u00f3n del Delito, Derechos Humanos y Procuraci\u00f3n de Justicia.<\/h5>\n<p>Uno de los grandes reclamos sociales es la ausencia de una pol\u00edtica p\u00fablica de seguridad integral que permita la reconstrucci\u00f3n del propio entramado social, lo que ha conllevado a un incremento desmedido de la delincuencia en todos los niveles y \u00e1mbitos de la vida de cada uno de nuestros roles dentro de este gran Estado.<\/p>\n<p>As\u00ed, como parte de la sociedad mexicana hemos visto como d\u00eda con d\u00eda nuestro patrimonio se ha visto menoscabado por el ataque constante de quienes se encuentran fuera del marco del Derecho.<\/p>\n<p>De esta forma, en Fuerza por M\u00e9xico consideramos que los planes y proyectos presentados como parte de las pol\u00edticas p\u00fablicas en materia de seguridad, deben incidir en la recuperaci\u00f3n de la tranquilidad y la paz, destruidas por las estrategias de seguridad p\u00fablica y combate a la delincuencia que han sido puestas en pr\u00e1ctica durante las \u00faltimas d\u00e9cadas.<\/p>\n<p>As\u00ed, hemos visto que hay un incremento de diversos il\u00edcitos entre los que destaca el aumento de homicidios, entre culposos y dolosos, el aumento de todos aquellos il\u00edcitos derivados de la violencia de g\u00e9nero y, aun m\u00e1s, las tasas elevadas de los actos contrarios a derecho que no se encuentran ligados a la delincuencia organizada.<\/p>\n<p>As\u00ed, es un compromiso de parte de nuestro partido el motivar la inhibici\u00f3n de todo aquello que genere el estado actual de violencia en que estamos transitando y, por tanto, que las consecuencias que producen, en lo individual y en lo colectivo se vean eliminadas por completo.<\/p>\n<p>Lo anterior, debido a que es convicci\u00f3n de nuestra ideolog\u00eda que ninguna sociedad puede funcionar adecuadamente sin certeza jur\u00eddica y sin garant\u00edas para la seguridad f\u00edsica de sus integrantes.<\/p>\n<p>De esta forma resulta trascendental devolver a la ciudadan\u00eda la paz total no s\u00f3lo en las calles sino tambi\u00e9n en todos aqu\u00e9llos ambitos de desenvolvimiento individual y colectivo, de esta forma se lograr\u00e1 recuperar el entramado al que se hizo menci\u00f3n inicialmente.<\/p>\n<p>Ahora bien, esto no solo se concretizar\u00e1 a trav\u00e9s de las acciones que busquen inhibir de forma directa la comici\u00f3n de los ilicitos, sino tambi\u00e9n mediante aquellas acciones que lo prevengan.<\/p>\n<p>Estas deben ser entendidas como parte de las pol\u00edticas p\u00fablicas en materia de educaci\u00f3n, deporte, salud, desarrollo familiar, bienestar econ\u00f3mico y reconstrucci\u00f3n social, es decir todo aquello que redunde en un bienestar social.<\/p>\n<p>Estamos convencidos de que la prevenci\u00f3n del delito debe ser m\u00e1s rentable que el combate a la delincuencia, es decir, para poder atacar el problema debemos atender la causa y solucionar el problema de fondo.<\/p>\n<p>Con una pol\u00edtica p\u00fablica que logre que los integrantes de la sociedad encuentren beneficios en lo individual conseguiremos que ese bien colectivo se alcance de forma plena y obtendremos la disminuci\u00f3n paulatina de los indices delictivos.<\/p>\n<p>En Fuerza por M\u00e9xico estamos convencidos que debe existir un respeto irrestricto a los Derechos Fundamentales, a nuestra constitucionalidad y legalidad, como parte de la pol\u00edtica de seguridad que debe existir en nuestro Estado, de esta forma conseguiremos que esto permee en todos los \u00e1mbitos sociales, es decir el respeto de lo derechos m\u00ednimos de la poblaci\u00f3n debe darse no solo desde el \u00e1mbito del gobierno, sino tambi\u00e9n desde el punto de vista social, laboral y familiar.<\/p>\n<p>Con lo cual lograremos, adem\u00e1s, la reducci\u00f3n de aqu\u00e9llos actos que violentan a las mujeres de nuestra sociedad, es decir, respetando esos postulados individuales estaremos en aptitud de obtener una mejor sociedad para las integrantes de nuestra sociedad.<\/p>\n<p>As\u00ed, entendemos que los \u00f3rganos constitucionales aut\u00f3nomos en materia de Derechos Humanos deben gozar de mayores atribuciones que permitan incidir en lo que creemos debe ser el respeto total y absoluto de los mismos.<\/p>\n<p>Una Comisi\u00f3n de Derechos Humanos m\u00e1s fuerte coadyuva a un mejoramiento social.<\/p>\n<p>Finalmente, como ha quedado establecido en el cuerpo de la presente plataforma, el fortalecimiento de las instituciones del Estado implica un mejoramiento de las condiciones sociales del mismo, as\u00ed la procuraci\u00f3n de justicia como parte de las actividades exclusivas de gobierno debe estar coordinada con los ejes mencionados en el presente apartado.<\/p>\n<p>De esta forma al entender que la procuraci\u00f3n de justicia no s\u00f3lo es uno de los elementos del poder cohercitivo del Estado, sino tambi\u00e9n un medio de prevenci\u00f3n del delito, en el cual debe existir de forma inalterable un respeto total a los m\u00ednimos constitucionales a los que tiene derecho el ciudadano, como sujeto activo de las conductas contrarias a derecho, y como sujeto pasivo o v\u00edctima de la comisi\u00f3n de los delitos, se obtendr\u00e1 un beneficio social que implique un mejoramiento de la funci\u00f3n estatal en cuesti\u00f3n.<\/p>\n<p>Por estas razones, Fuerza por M\u00e9xico considera que los ejes fundamentales rectores para la recuperaci\u00f3n de la paz social son: un mejoramiento de la calidad social de seguridad p\u00fablica, prevenci\u00f3n integral del delito atendiendo a sus causas, respeto a los derechos humanos y procuraci\u00f3n de justicia.<\/p>\n<p>\u00a0<\/p>\n\t\t\t\t\t\t\t\t\t\t\t\t<a href=\"\">\u2022 Violencia pol\u00edtica en raz\u00f3n de G\u00e9nero <\/a>\n\t\t\t\t\t<h5>Erradicaci\u00f3n de los distintos tipos de violencia en contra de las Mujeres, Paridad en la toma de decisiones p\u00fablicas.\u00a0<\/h5>\n<p>Un grito, \u201c\u00a1ya basta!\u201d, ha retumbado en M\u00e9xico con m\u00e1s fuerza que nunca.<\/p>\n<p>Nuestra entidad ha ca\u00eddo en una din\u00e1mica de convivencia social en donde la violencia y los cr\u00edmenes en contra de las mujeres, se ven reflejados en nuestro andar cotidiano.<\/p>\n<p>Tan solo, en M\u00e9xico durante el primer cuatrimestre del 2019, murieron 1,199 v\u00edctimas de la violencia de g\u00e9nero. Es decir, cada dos horas y media en promedio, una mujer es asesinada por el hecho de ser mujer, una estad\u00edstica que no disminuye a pesar de la gran movilizaci\u00f3n social y menos a\u00fan en nuestro Estado.<\/p>\n<p>El Poder Constituyente de 1917 olvid\u00f3 los derechos de las mujeres, y estas tuvieron que esperar con injusta paciencia las reformas que les permitieran contar con una igualdad ante la ley.<\/p>\n<p>Fue hasta el 17 de octubre de 1953, cuando Adolfo Ruiz Cortines, ya como Presidente, promulg\u00f3 las reformas constitucionales que otorgaron el voto a las mujeres en el \u00e1mbito federal y que se public\u00f3 en el Diario Oficial de la Federaci\u00f3n el nuevo texto del Art\u00edculo 34 Constitucional, sin embargo \u00bfqu\u00e9 tanta igualdad hemos podido construir?<\/p>\n<p>Desde aquel entonces y hasta la fecha las mujeres no solo han sido victimas de profundas injusticias desde una perspectiva legal, sino que son victimas de una din\u00e1mica de convivencia que vislumbra con claridad el horror, el abandono y la cotidianeidad delictiva.<\/p>\n<p>En nuestro Estado las cifras de homicidios a las mujeres aumentan a\u00f1o con a\u00f1o, miles de cr\u00edmenes sexuales quedan en la impunidad, nuestras mujeres desaparecen todos los d\u00edas, al respecto existe una cultura repugnante que ejemplifica el tipo de sociedad que hoy somos y caben los siguientes datos:<\/p>\n<ul>\n<li>Un estudio reciente del INEGI sobre tendencias y patrones de homicidios en M\u00e9xico entre 1990 y 2017 detall\u00f3 que \u201cal analizar los casos en los que se conoce la relaci\u00f3n de la v\u00edctima con las personas que cometieron el homicidio, se encontr\u00f3 que alrededor de 40% de los homicidios de mujeres fueron cometidos por sus parejas\u201d.<\/li>\n<\/ul>\n<p>\u00a0<\/p>\n<ul>\n<li>De acuerdo con la m\u00e1s reciente encuesta Nacional de la Din\u00e1mica de las Relaciones en los Hogares (ENDIREH 2016), 1.3 millones de mujeres sufrieron una agresi\u00f3n f\u00edsica en el \u00e1mbito familiar en los doce meses previos al levantamiento de la encuesta. Casi 600 mi recibieron golpes y m\u00e1s de 100 mil fueron atacadas con arma blanca.<\/li>\n<\/ul>\n<p>\u00a0<\/p>\n<ul>\n<li>De acuerdo con la Encuesta Nacional de Victimizaci\u00f3n y Percepci\u00f3n de la Seguridad P\u00fablica (ENVIPE 2019), se contabiliza que, en el transcurso de 2018, las mujeres fueron v\u00edctimas de 1.3 millones de delitos sexuales. De ese universo, 64,000 fueron violaciones, es decir, una violaci\u00f3n cada ocho minutos en promedio.<\/li>\n<\/ul>\n<p>\u00a0<\/p>\n<ul>\n<li>De acuerdo a la ENDIREH, 66.1% de las mujeres mayores de 15 a\u00f1os han sufrido incidentes de violencia emocional, econ\u00f3mica, f\u00edsica, sexual o discriminaci\u00f3n a lo largo de su vida.<\/li>\n<\/ul>\n<p><em>\u00a0<\/em><\/p>\n<p>Esta grave crisis ha llegado a su punto de inflexi\u00f3n m\u00e1s alto, M\u00e9xico y en particular Jalisco exigen justicia con un cambio profundo.<\/p>\n<p>Las mujeres lo entendieron bien y por ello han decidido salir a caminar, por que han ganado las calles, han ganado el reconocimiento de que esta sociedad requiere de una transformaci\u00f3n profunda en su din\u00e1mica de convivencia cotidiana.<\/p>\n<p>Para lograrlo no hay atajos ni recetas m\u00e1gicas, debemos realizar una reflexi\u00f3n profunda sobre el tipo de sociedad que hoy queremos ser, y realizar cada quien desde su radio de acci\u00f3n las acciones que llevaran a nuestra entidad a transformarse.<\/p>\n<p>Si algo hemos aprendido de la historia mexicana, es que nuestra FUERZA viene de nuestra uni\u00f3n y de nuestra capacidad de organizarnos, hoy hacemos un llamado para unirnos, para compartir responsabilidad, para evitar que la violencia en raz\u00f3n de g\u00e9nero siga creciendo en nuestras calles y para hacer posible que m\u00e1s victimas tengan acceso a la justicia. Fuerza, Justicia, Verdad y No Repetici\u00f3n.<\/p>\n<p>Si bien las diferencias de opini\u00f3n y de posiciones pol\u00edticas son propias de toda democracia, erradicar la violencia en contra de las mujeres va m\u00e1s all\u00e1 de una orientaci\u00f3n pol\u00edtica, se trata de un reto hist\u00f3rico que tenemos todos como sociedad.<\/p>\n<p>En Jalisco, FUERZA POR LAS MUJERES.\u00a0<\/p>\n<p>*P\u00e1ginas 5 a la 7<br \/><\/p>\n<p>\u00a0<\/p>\n\t\t\t\t\t\t\t\t\t\t\t\t<a href=\"\">\u2022 Participaci\u00f3n ciudadana<\/a>\n\t\t\t\t\t\t\t\t\t\t\t\t<a href=\"\">\u2022 Juventudes<\/a>\n\t\t\t\t\t\t\t\t\t\t\t\t<a href=\"\">\u2022 Otro tema no enmarcado en las categorias<\/a>\n\t\t\t\t\t\t\t\t\t\t\t<a href=\"https:\/\/www2.iepcjalisco.org.mx\/tablero-electoral-2021\/wp-content\/uploads\/2021\/03\/Fuerza-por-MexicoPLATAFORMA-DIPUTACIONES.docx\" target=\"_blank\" rel=\"noopener\">\n\t\t\t\t\t\t\t<img width=\"295\" height=\"300\" src=\"https:\/\/www2.iepcjalisco.org.mx\/tablero-electoral-2021\/wp-content\/uploads\/2021\/04\/1200px-Gray-Candidatura_independiente.svg-295x300.png\" alt=\"\" loading=\"lazy\" srcset=\"https:\/\/www2.iepcjalisco.org.mx\/tablero-electoral-2021\/wp-content\/uploads\/2021\/04\/1200px-Gray-Candidatura_independiente.svg-295x300.png 295w, https:\/\/www2.iepcjalisco.org.mx\/tablero-electoral-2021\/wp-content\/uploads\/2021\/04\/1200px-Gray-Candidatura_independiente.svg-1008x1024.png 1008w, https:\/\/www2.iepcjalisco.org.mx\/tablero-electoral-2021\/wp-content\/uploads\/2021\/04\/1200px-Gray-Candidatura_independiente.svg-768x780.png 768w, https:\/\/www2.iepcjalisco.org.mx\/tablero-electoral-2021\/wp-content\/uploads\/2021\/04\/1200px-Gray-Candidatura_independiente.svg.png 1200w\" sizes=\"(max-width: 295px) 100vw, 295px\" \/>\t\t\t\t\t\t\t\t<\/a>\n\t\t\t\t\t\t\t\t\t\t\t\t<a href=\"\">Catarino V\u00e1zquez Jim\u00e9nez. San Juanito Escobedo<\/a>\n\t\t\t\t\t<p><a href=\"https:\/\/www2.iepcjalisco.org.mx\/tablero-electoral-2021\/wp-content\/uploads\/2021\/04\/Catarino-Vazquez-Jimenez.pdf\">Plataforma Electoral<\/a><\/p>\n\t\t\t\t\t\t\t\t\t\t\t\t<a href=\"\">C\u00e9sar Arturo Romero. Zapotitl\u00e1n de Vadillo<\/a>\n\t\t\t\t\t<p><a href=\"https:\/\/www2.iepcjalisco.org.mx\/tablero-electoral-2021\/wp-content\/uploads\/2021\/04\/Cesar-Arturo-Romero-Luna.pdf\">Plataforma Electoral<\/a><\/p>\n\t\t\t\t\t\t\t\t\t\t\t\t<a href=\"\">Francisco G\u00e1ndara. Colotl\u00e1n<\/a>\n\t\t\t\t\t<p><a href=\"https:\/\/www2.iepcjalisco.org.mx\/tablero-electoral-2021\/wp-content\/uploads\/2021\/04\/Francisco-Gandara-Cardenas.pdf\">Plataforma Electoral<\/a><\/p>\n\t\t\t\t\t\t\t\t\t\t\t\t<a href=\"\">Fredi Rayo Razo. Chapala<\/a>\n\t\t\t\t\t<h5><b><a href=\"https:\/\/www2.iepcjalisco.org.mx\/tablero-electoral-2021\/wp-content\/uploads\/2021\/04\/Fredi-Rayo-Razo.pdf\">Plataforma Electoral<\/a><\/b><\/h5>\n\t\t\t\t\t\t\t\t\t\t\t\t<a href=\"\">Alejandro V\u00e1zquez. Zapotl\u00e1n el Grande<\/a>\n\t\t\t\t\t<p><a href=\"https:\/\/www2.iepcjalisco.org.mx\/tablero-electoral-2021\/wp-content\/uploads\/2021\/04\/Alejandro-Vazquez-Gonzalez-1.pdf\">Plataforma Electoral<\/a><\/p>\n\t\t\t\t\t\t\t\t\t\t\t\t<a href=\"\">Carlos Alberto Romo. Atotonilco el Alto<\/a>\n\t\t\t\t\t<p><a href=\"https:\/\/www2.iepcjalisco.org.mx\/tablero-electoral-2021\/wp-content\/uploads\/2021\/04\/Carlos-Alberto-Romo-Hernandez-1.pdf\">Plataforma Electoral<\/a><\/p>\n\t\t\t\t\t\t\t\t\t\t\t\t<a href=\"\">Gustavo Casta\u00f1eda. Tequila<\/a>\n\t\t\t\t\t<p><a href=\"https:\/\/www2.iepcjalisco.org.mx\/tablero-electoral-2021\/wp-content\/uploads\/2021\/04\/Gustavo-Castaneda-Gonzalez.pdf\">Plataforma Electoral<\/a><\/p>\n\t\t\t\t\t\t\t\t\t\t\t\t<a href=\"\">H\u00e9ctor Efr\u00e9n P\u00e9rez. Ocotl\u00e1n<\/a>\n\t\t\t\t\t<p><a href=\"https:\/\/www2.iepcjalisco.org.mx\/tablero-electoral-2021\/wp-content\/uploads\/2021\/04\/Hector-Efren-Perez-Chavez.pdf\">Plataforma Electoral<\/a><\/p>\n\t\t\t\t\t\t\t\t\t\t\t\t<a href=\"\">Jes\u00fas Flores Barboza. Sayula<\/a>\n\t\t\t\t\t<p><a href=\"https:\/\/www2.iepcjalisco.org.mx\/tablero-electoral-2021\/wp-content\/uploads\/2021\/04\/Jesus-Flores-Barboza.pdf\">Plataforma Electoral<\/a><\/p>\n\t\t\t\t\t\t\t\t\t\t\t\t<a href=\"\">Jos\u00e9 Francisco Castillo. Guadalajara<\/a>\n\t\t\t\t\t<p><a href=\"https:\/\/www2.iepcjalisco.org.mx\/tablero-electoral-2021\/wp-content\/uploads\/2021\/04\/Jose-Francisco-Castillo-Navarro.pdf\">Plataforma Electoral<\/a><\/p>\n\t\t\t\t\t\t\t\t\t\t\t\t<a href=\"\">Juan Diego Castro. Chapala<\/a>\n\t\t\t\t\t<p><a href=\"https:\/\/www2.iepcjalisco.org.mx\/tablero-electoral-2021\/wp-content\/uploads\/2021\/04\/Juan-Diego-Castro-Morales.pdf\">Plataforma Electoral<\/a><\/p>\n\t\t\t\t\t\t\t\t\t\t\t\t<a href=\"\">Luis \u00c1ngel Morales. Tonal\u00e1<\/a>\n\t\t\t\t\t<p><a href=\"https:\/\/www2.iepcjalisco.org.mx\/tablero-electoral-2021\/wp-content\/uploads\/2021\/05\/01488.pdf\">Plataforma Electoral<\/a><\/p>\n\t\t\t\t\t\t\t\t\t\t\t\t<a href=\"\">Luis Armando Aldana. Cocula<\/a>\n\t\t\t\t\t<p><a href=\"https:\/\/www2.iepcjalisco.org.mx\/tablero-electoral-2021\/wp-content\/uploads\/2021\/04\/Luis-Armando-Aldana-Gonzalez.pdf\">Plataforma Electoral<\/a><\/p>\n\t\t\t\t\t\t\t\t\t\t\t\t<a href=\"\">Oscar Zepeda Qui\u00f1ones. Autl\u00e1n de Navarroo<\/a>\n\t\t\t\t\t<p><a href=\"https:\/\/www2.iepcjalisco.org.mx\/tablero-electoral-2021\/wp-content\/uploads\/2021\/04\/Oscar-Zepeda-Quinonez.pdf\">Plataforma Electoral<\/a><\/p>\n\t\t\t\t\t\t\t\t\t\t\t\t<a href=\"\">Primitivo Pimentel. Zapotl\u00e1n el Grande<\/a>\n\t\t\t\t\t<p><a href=\"https:\/\/www2.iepcjalisco.org.mx\/tablero-electoral-2021\/wp-content\/uploads\/2021\/04\/Primitivo-Pimentel-Reyes.pdf\">Plataforma Electoral<\/a><\/p>\n\t\t\t\t\t\t\t\t\t\t\t\t<a href=\"\">Ramiro P\u00e9rez Mart\u00ednez. Tequila<\/a>\n\t\t\t\t\t<p><a href=\"https:\/\/www2.iepcjalisco.org.mx\/tablero-electoral-2021\/wp-content\/uploads\/2021\/04\/Ramiro-Perez-Martinez.pdf\" target=\"_blank\" rel=\"noopener\">Plataforma Electoral<\/a><\/p>\n\t\t\t\t\t\t\t\t\t\t\t\t<a href=\"\">Ram\u00f3n Gonz\u00e1lez. Tepatiltl\u00e1n de Morelos<\/a>\n\t\t\t\t\t<p><a href=\"https:\/\/www2.iepcjalisco.org.mx\/tablero-electoral-2021\/wp-content\/uploads\/2021\/04\/Ramon-Gonzalez-Gonzalez.pdf\">Plataforma Electoral<\/a><\/p>\n\t\t\t\t\t\t\t\t\t\t\t\t<a href=\"\">Sergio Rafael Capacete. Autl\u00e1n de Navarro<\/a>\n\t\t\t\t\t<p><a href=\"https:\/\/www2.iepcjalisco.org.mx\/tablero-electoral-2021\/wp-content\/uploads\/2021\/04\/Sergio-Rafael-Capacete-Moran.pdf\">Plataforma Electoral<\/a><\/p>\n\t\t\t\t\t\t\t\t\t\t\t\t<a href=\"\">Maximiliano Ramos Castillo. Distrito 8<\/a>\n\t\t\t\t\t<p><a href=\"https:\/\/www2.iepcjalisco.org.mx\/tablero-electoral-2021\/wp-content\/uploads\/2021\/04\/Maximiliano-Ramos-Castillo.pdf\">Plataforma Electoral<\/a><\/p>\n\t\t\t\t\t\t\t\t\t\t\t\t<a href=\"\">Ricardo L\u00f3pez Garc\u00eda. Distrito 14<\/a>\n\t\t\t\t\t<p><a href=\"https:\/\/www2.iepcjalisco.org.mx\/tablero-electoral-2021\/wp-content\/uploads\/2021\/04\/Ricardo-Lopez-Garcia.pdf\">Plataforma Electoral<\/a><\/p>\n\t\t\t\t\t\t\t\t\t\t\t\t<a href=\"\">Yessicka Alejandra Castillo. Distrito 9<\/a>\n\t\t\t\t\t<p><a href=\"https:\/\/www2.iepcjalisco.org.mx\/tablero-electoral-2021\/wp-content\/uploads\/2021\/04\/Yessicka-Alejandra-Castillo-Madrigal.pdf\">Plataforma Electoral<\/a><\/p>\r\n","protected":false},"excerpt":{"rendered":"<p>[hurrytimer id=&#8221;98&#8243;] \u00bfQue est\u00e1n proponiendo los diversos actores pol\u00edticos? En esta secci\u00f3n te ayudaremos a conocer sus plataformas. El Consejo General del IEPC a trav\u00e9s del acuerdo\u00a0IEPC-ACG-016\/2021\u00a0aprueba el registro de las plataformas electorales. PARTIDO ACCION NACIONAL Descagar Plataforma Electoral Dirigente estatal del partido: Mar\u00eda del Pilar P\u00e9rez Chavira Redes sociales oficiales del Partido: https:\/\/www.facebook.com\/PANJalisco ; [&hellip;]<\/p>\n","protected":false},"author":1,"featured_media":0,"parent":0,"menu_order":0,"comment_status":"closed","ping_status":"closed","template":"templates\/template-page-full-width.php","meta":[],"_links":{"self":[{"href":"https:\/\/www2.iepcjalisco.org.mx\/tablero-electoral-2021\/index.php?rest_route=\/wp\/v2\/pages\/49"}],"collection":[{"href":"https:\/\/www2.iepcjalisco.org.mx\/tablero-electoral-2021\/index.php?rest_route=\/wp\/v2\/pages"}],"about":[{"href":"https:\/\/www2.iepcjalisco.org.mx\/tablero-electoral-2021\/index.php?rest_route=\/wp\/v2\/types\/page"}],"author":[{"embeddable":true,"href":"https:\/\/www2.iepcjalisco.org.mx\/tablero-electoral-2021\/index.php?rest_route=\/wp\/v2\/users\/1"}],"replies":[{"embeddable":true,"href":"https:\/\/www2.iepcjalisco.org.mx\/tablero-electoral-2021\/index.php?rest_route=%2Fwp%2Fv2%2Fcomments&post=49"}],"version-history":[{"count":172,"href":"https:\/\/www2.iepcjalisco.org.mx\/tablero-electoral-2021\/index.php?rest_route=\/wp\/v2\/pages\/49\/revisions"}],"predecessor-version":[{"id":3205,"href":"https:\/\/www2.iepcjalisco.org.mx\/tablero-electoral-2021\/index.php?rest_route=\/wp\/v2\/pages\/49\/revisions\/3205"}],"wp:attachment":[{"href":"https:\/\/www2.iepcjalisco.org.mx\/tablero-electoral-2021\/index.php?rest_route=%2Fwp%2Fv2%2Fmedia&parent=49"}],"curies":[{"name":"wp","href":"https:\/\/api.w.org\/{rel}","templated":true}]}}